{"id":2626,"date":"2025-12-30T11:00:25","date_gmt":"2025-12-30T11:00:25","guid":{"rendered":"https:\/\/eventkit.ch\/?post_type=resource&#038;p=2626"},"modified":"2026-03-23T17:52:11","modified_gmt":"2026-03-23T16:52:11","slug":"acheter-de-lelectricite-issue-denergies-renouvelables","status":"publish","type":"resource","link":"https:\/\/eventkit.ch\/?resource=acheter-de-lelectricite-issue-denergies-renouvelables&lang=fr","title":{"rendered":"Acheter de l&#8217;\u00e9lectricit\u00e9 issue d&#8217;\u00e9nergies renouvelables"},"content":{"rendered":"<p>L\u2019achat d\u2019\u00e9lectricit\u00e9 produite \u00e0 partir de sources d\u2019\u00e9nergie renouvelables contribue \u00e0&nbsp;<strong>r\u00e9duire l\u2019empreinte environnementale<\/strong>&nbsp;de la manifestation tout en&nbsp;<strong>soutenant le d\u00e9veloppement des fili\u00e8res durables.<\/strong><br><br>Cette d\u00e9marche permet \u00e9galement de valoriser l\u2019engagement environnemental de la manifestation aupr\u00e8s du public et des partenaires.<\/p><h2 class=\"wp-block-heading\">Avant la manifestation<\/h2><ul class=\"wp-block-list\"><li><strong>Contacter le fournisseur d\u2019\u00e9lectricit\u00e9 r\u00e9gional<\/strong>\u00a0pour conna\u00eetre les offres disponibles en mati\u00e8re d\u2019\u00e9nergie renouvelable.<\/li>\n\n<li><strong>Comparer les diff\u00e9rentes offres et tarifs<\/strong>\u00a0(par ex. \u00e9lectricit\u00e9 100 % hydraulique, solaire, \u00e9olienne).<\/li>\n\n<li><strong>\u00c9valuer l\u2019impact financier<\/strong>\u00a0de ces choix en projetant la diff\u00e9rence de co\u00fbt sur la facture finale estim\u00e9e.<\/li>\n\n<li><strong>V\u00e9rifier la faisabilit\u00e9<\/strong>\u00a0d\u2019un approvisionnement complet de la manifestation en \u00e9lectricit\u00e9 verte \u2013 ou, \u00e0 d\u00e9faut, partiel.<\/li>\n\n<li><strong>\u00c9tudier la possibilit\u00e9 de louer ou d\u2019installer temporairement des panneaux solaires,<\/strong>\u00a0en collaboration avec un fournisseur d\u2019\u00e9nergie ou un prestataire sp\u00e9cialis\u00e9.<\/li>\n\n<li><strong>Explorer les opportunit\u00e9s de partenariat ou de sponsoring<\/strong>\u00a0avec un fournisseur d\u2019\u00e9nergie renouvelable (par ex. visibilit\u00e9 sur les supports de communication en \u00e9change d\u2019un soutien financier ou mat\u00e9riel).<\/li><\/ul><h2 class=\"wp-block-heading\">Apr\u00e8s la manifestation&nbsp;<\/h2><ul class=\"wp-block-list\"><li><strong>\u00c9tablir un bilan<\/strong>\u00a0de l\u2019action men\u00e9e : part d\u2019\u00e9lectricit\u00e9 verte utilis\u00e9e, effets environnementaux et financiers, visibilit\u00e9 et perception du public.<\/li>\n\n<li><strong>Documenter les r\u00e9sultats<\/strong>\u00a0afin de disposer d\u2019une base pour les futures \u00e9ditions.<\/li><\/ul>","protected":false},"excerpt":{"rendered":"<p>L\u2019achat d\u2019\u00e9lectricit\u00e9 produite \u00e0 partir de sources d\u2019\u00e9nergie renouvelables contribue \u00e0&nbsp;r\u00e9duire l\u2019empreinte environnementale&nbsp;de la manifestation tout en&nbsp;soutenant le d\u00e9veloppement des fili\u00e8res durables. Cette d\u00e9marche permet \u00e9galement de valoriser l\u2019engagement environnemental de la manifestation aupr\u00e8s du public et des partenaires. Avant la manifestation Apr\u00e8s la manifestation&nbsp;<\/p>\n","protected":false},"featured_media":2615,"parent":0,"template":"","format":"standard","meta":{"_sitemap_exclude":false,"_sitemap_priority":"","_sitemap_frequency":"","_eventkit_link":"https:\/\/eventkit.ch\/wp-content\/uploads\/2025\/12\/4.10_Acheter_de_l_electricite_issue_d_energies_renouvelables_EVENTKIT_FINAL.pdf"},"resource_category":[204],"audience":[],"contenttype":[216],"class_list":["post-2626","resource","type-resource","status-publish","format-standard","has-post-thumbnail","hentry","resource_category-energie-infrastructures","contenttype-fiches-dinformation"],"yoast_head":"<!-- This site is optimized with the Yoast SEO plugin v27.3 - https:\/\/yoast.com\/product\/yoast-seo-wordpress\/ -->\n<title>Acheter de l&#039;\u00e9lectricit\u00e9 issue d&#039;\u00e9nergies renouvelables - EventKit<\/title>\n<meta name=\"robots\" content=\"index, follow, max-snippet:-1, max-image-preview:large, max-video-preview:-1\" \/>\n<link rel=\"canonical\" href=\"https:\/\/eventkit.ch\/?resource=acheter-de-lelectricite-issue-denergies-renouvelables&lang=fr\" \/>\n<meta property=\"og:locale\" content=\"de_DE\" \/>\n<meta property=\"og:type\" content=\"article\" \/>\n<meta property=\"og:title\" content=\"Acheter de l&#039;\u00e9lectricit\u00e9 issue d&#039;\u00e9nergies renouvelables - EventKit\" \/>\n<meta property=\"og:description\" content=\"L\u2019achat d\u2019\u00e9lectricit\u00e9 produite \u00e0 partir de sources d\u2019\u00e9nergie renouvelables contribue \u00e0&nbsp;r\u00e9duire l\u2019empreinte environnementale&nbsp;de la manifestation tout en&nbsp;soutenant le d\u00e9veloppement des fili\u00e8res durables. Cette d\u00e9marche permet \u00e9galement de valoriser l\u2019engagement environnemental de la manifestation aupr\u00e8s du public et des partenaires. Avant la manifestation Apr\u00e8s la manifestation&nbsp;\" \/>\n<meta property=\"og:url\" content=\"https:\/\/eventkit.ch\/?resource=acheter-de-lelectricite-issue-denergies-renouvelables&amp;lang=fr\" \/>\n<meta property=\"og:site_name\" content=\"EventKit\" \/>\n<meta property=\"article:modified_time\" content=\"2026-03-23T16:52:11+00:00\" \/>\n<meta property=\"og:image\" content=\"https:\/\/eventkit.ch\/wp-content\/uploads\/2025\/12\/windrad-haldenstein.jpg\" \/>\n\t<meta property=\"og:image:width\" content=\"480\" \/>\n\t<meta property=\"og:image:height\" content=\"300\" \/>\n\t<meta property=\"og:image:type\" content=\"image\/jpeg\" \/>\n<meta name=\"twitter:card\" content=\"summary_large_image\" \/>\n<meta name=\"twitter:label1\" content=\"Gesch\u00e4tzte Lesezeit\" \/>\n\t<meta name=\"twitter:data1\" content=\"2\u00a0Minuten\" \/>\n<script type=\"application\/ld+json\" class=\"yoast-schema-graph\">{\"@context\":\"https:\\\/\\\/schema.org\",\"@graph\":[{\"@type\":\"WebPage\",\"@id\":\"https:\\\/\\\/eventkit.ch\\\/?resource=acheter-de-lelectricite-issue-denergies-renouvelables&lang=fr\",\"url\":\"https:\\\/\\\/eventkit.ch\\\/?resource=acheter-de-lelectricite-issue-denergies-renouvelables&lang=fr\",\"name\":\"Acheter de l'\u00e9lectricit\u00e9 issue d'\u00e9nergies renouvelables - EventKit\",\"isPartOf\":{\"@id\":\"https:\\\/\\\/eventkit.ch\\\/#website\"},\"primaryImageOfPage\":{\"@id\":\"https:\\\/\\\/eventkit.ch\\\/?resource=acheter-de-lelectricite-issue-denergies-renouvelables&lang=fr#primaryimage\"},\"image\":{\"@id\":\"https:\\\/\\\/eventkit.ch\\\/?resource=acheter-de-lelectricite-issue-denergies-renouvelables&lang=fr#primaryimage\"},\"thumbnailUrl\":\"https:\\\/\\\/eventkit.ch\\\/wp-content\\\/uploads\\\/2025\\\/12\\\/windrad-haldenstein.jpg\",\"datePublished\":\"2025-12-30T11:00:25+00:00\",\"dateModified\":\"2026-03-23T16:52:11+00:00\",\"breadcrumb\":{\"@id\":\"https:\\\/\\\/eventkit.ch\\\/?resource=acheter-de-lelectricite-issue-denergies-renouvelables&lang=fr#breadcrumb\"},\"inLanguage\":\"de\",\"potentialAction\":[{\"@type\":\"ReadAction\",\"target\":[\"https:\\\/\\\/eventkit.ch\\\/?resource=acheter-de-lelectricite-issue-denergies-renouvelables&lang=fr\"]}]},{\"@type\":\"ImageObject\",\"inLanguage\":\"de\",\"@id\":\"https:\\\/\\\/eventkit.ch\\\/?resource=acheter-de-lelectricite-issue-denergies-renouvelables&lang=fr#primaryimage\",\"url\":\"https:\\\/\\\/eventkit.ch\\\/wp-content\\\/uploads\\\/2025\\\/12\\\/windrad-haldenstein.jpg\",\"contentUrl\":\"https:\\\/\\\/eventkit.ch\\\/wp-content\\\/uploads\\\/2025\\\/12\\\/windrad-haldenstein.jpg\",\"width\":480,\"height\":300},{\"@type\":\"BreadcrumbList\",\"@id\":\"https:\\\/\\\/eventkit.ch\\\/?resource=acheter-de-lelectricite-issue-denergies-renouvelables&lang=fr#breadcrumb\",\"itemListElement\":[{\"@type\":\"ListItem\",\"position\":1,\"name\":\"Home\",\"item\":\"https:\\\/\\\/eventkit.ch\\\/\"},{\"@type\":\"ListItem\",\"position\":2,\"name\":\"Merkbl\u00e4tter\",\"item\":\"https:\\\/\\\/eventkit.ch\\\/?post_type=resource&lang=fr\"},{\"@type\":\"ListItem\",\"position\":3,\"name\":\"Acheter de l&#8217;\u00e9lectricit\u00e9 issue d&#8217;\u00e9nergies renouvelables\"}]},{\"@type\":\"WebSite\",\"@id\":\"https:\\\/\\\/eventkit.ch\\\/#website\",\"url\":\"https:\\\/\\\/eventkit.ch\\\/\",\"name\":\"EventKit\",\"description\":\"Nachhaltigkeit, die wirkt: Dein Event im Check.\",\"publisher\":{\"@id\":\"https:\\\/\\\/eventkit.ch\\\/#organization\"},\"potentialAction\":[{\"@type\":\"SearchAction\",\"target\":{\"@type\":\"EntryPoint\",\"urlTemplate\":\"https:\\\/\\\/eventkit.ch\\\/?s={search_term_string}\"},\"query-input\":{\"@type\":\"PropertyValueSpecification\",\"valueRequired\":true,\"valueName\":\"search_term_string\"}}],\"inLanguage\":\"de\"},{\"@type\":\"Organization\",\"@id\":\"https:\\\/\\\/eventkit.ch\\\/#organization\",\"name\":\"EventKit\",\"url\":\"https:\\\/\\\/eventkit.ch\\\/\",\"logo\":{\"@type\":\"ImageObject\",\"inLanguage\":\"de\",\"@id\":\"https:\\\/\\\/eventkit.ch\\\/#\\\/schema\\\/logo\\\/image\\\/\",\"url\":\"https:\\\/\\\/eventkit.ch\\\/wp-content\\\/uploads\\\/2025\\\/11\\\/android-icon-144x144-1.png\",\"contentUrl\":\"https:\\\/\\\/eventkit.ch\\\/wp-content\\\/uploads\\\/2025\\\/11\\\/android-icon-144x144-1.png\",\"width\":144,\"height\":144,\"caption\":\"EventKit\"},\"image\":{\"@id\":\"https:\\\/\\\/eventkit.ch\\\/#\\\/schema\\\/logo\\\/image\\\/\"}}]}<\/script>\n<!-- \/ Yoast SEO plugin. -->","yoast_head_json":{"title":"Acheter de l'\u00e9lectricit\u00e9 issue d'\u00e9nergies renouvelables - EventKit","robots":{"index":"index","follow":"follow","max-snippet":"max-snippet:-1","max-image-preview":"max-image-preview:large","max-video-preview":"max-video-preview:-1"},"canonical":"https:\/\/eventkit.ch\/?resource=acheter-de-lelectricite-issue-denergies-renouvelables&lang=fr","og_locale":"de_DE","og_type":"article","og_title":"Acheter de l'\u00e9lectricit\u00e9 issue d'\u00e9nergies renouvelables - EventKit","og_description":"L\u2019achat d\u2019\u00e9lectricit\u00e9 produite \u00e0 partir de sources d\u2019\u00e9nergie renouvelables contribue \u00e0&nbsp;r\u00e9duire l\u2019empreinte environnementale&nbsp;de la manifestation tout en&nbsp;soutenant le d\u00e9veloppement des fili\u00e8res durables. Cette d\u00e9marche permet \u00e9galement de valoriser l\u2019engagement environnemental de la manifestation aupr\u00e8s du public et des partenaires. Avant la manifestation Apr\u00e8s la manifestation&nbsp;","og_url":"https:\/\/eventkit.ch\/?resource=acheter-de-lelectricite-issue-denergies-renouvelables&lang=fr","og_site_name":"EventKit","article_modified_time":"2026-03-23T16:52:11+00:00","og_image":[{"width":480,"height":300,"url":"https:\/\/eventkit.ch\/wp-content\/uploads\/2025\/12\/windrad-haldenstein.jpg","type":"image\/jpeg"}],"twitter_card":"summary_large_image","twitter_misc":{"Gesch\u00e4tzte Lesezeit":"2\u00a0Minuten"},"schema":{"@context":"https:\/\/schema.org","@graph":[{"@type":"WebPage","@id":"https:\/\/eventkit.ch\/?resource=acheter-de-lelectricite-issue-denergies-renouvelables&lang=fr","url":"https:\/\/eventkit.ch\/?resource=acheter-de-lelectricite-issue-denergies-renouvelables&lang=fr","name":"Acheter de l'\u00e9lectricit\u00e9 issue d'\u00e9nergies renouvelables - EventKit","isPartOf":{"@id":"https:\/\/eventkit.ch\/#website"},"primaryImageOfPage":{"@id":"https:\/\/eventkit.ch\/?resource=acheter-de-lelectricite-issue-denergies-renouvelables&lang=fr#primaryimage"},"image":{"@id":"https:\/\/eventkit.ch\/?resource=acheter-de-lelectricite-issue-denergies-renouvelables&lang=fr#primaryimage"},"thumbnailUrl":"https:\/\/eventkit.ch\/wp-content\/uploads\/2025\/12\/windrad-haldenstein.jpg","datePublished":"2025-12-30T11:00:25+00:00","dateModified":"2026-03-23T16:52:11+00:00","breadcrumb":{"@id":"https:\/\/eventkit.ch\/?resource=acheter-de-lelectricite-issue-denergies-renouvelables&lang=fr#breadcrumb"},"inLanguage":"de","potentialAction":[{"@type":"ReadAction","target":["https:\/\/eventkit.ch\/?resource=acheter-de-lelectricite-issue-denergies-renouvelables&lang=fr"]}]},{"@type":"ImageObject","inLanguage":"de","@id":"https:\/\/eventkit.ch\/?resource=acheter-de-lelectricite-issue-denergies-renouvelables&lang=fr#primaryimage","url":"https:\/\/eventkit.ch\/wp-content\/uploads\/2025\/12\/windrad-haldenstein.jpg","contentUrl":"https:\/\/eventkit.ch\/wp-content\/uploads\/2025\/12\/windrad-haldenstein.jpg","width":480,"height":300},{"@type":"BreadcrumbList","@id":"https:\/\/eventkit.ch\/?resource=acheter-de-lelectricite-issue-denergies-renouvelables&lang=fr#breadcrumb","itemListElement":[{"@type":"ListItem","position":1,"name":"Home","item":"https:\/\/eventkit.ch\/"},{"@type":"ListItem","position":2,"name":"Merkbl\u00e4tter","item":"https:\/\/eventkit.ch\/?post_type=resource&lang=fr"},{"@type":"ListItem","position":3,"name":"Acheter de l&#8217;\u00e9lectricit\u00e9 issue d&#8217;\u00e9nergies renouvelables"}]},{"@type":"WebSite","@id":"https:\/\/eventkit.ch\/#website","url":"https:\/\/eventkit.ch\/","name":"EventKit","description":"Nachhaltigkeit, die wirkt: Dein Event im Check.","publisher":{"@id":"https:\/\/eventkit.ch\/#organization"},"potentialAction":[{"@type":"SearchAction","target":{"@type":"EntryPoint","urlTemplate":"https:\/\/eventkit.ch\/?s={search_term_string}"},"query-input":{"@type":"PropertyValueSpecification","valueRequired":true,"valueName":"search_term_string"}}],"inLanguage":"de"},{"@type":"Organization","@id":"https:\/\/eventkit.ch\/#organization","name":"EventKit","url":"https:\/\/eventkit.ch\/","logo":{"@type":"ImageObject","inLanguage":"de","@id":"https:\/\/eventkit.ch\/#\/schema\/logo\/image\/","url":"https:\/\/eventkit.ch\/wp-content\/uploads\/2025\/11\/android-icon-144x144-1.png","contentUrl":"https:\/\/eventkit.ch\/wp-content\/uploads\/2025\/11\/android-icon-144x144-1.png","width":144,"height":144,"caption":"EventKit"},"image":{"@id":"https:\/\/eventkit.ch\/#\/schema\/logo\/image\/"}}]}},"_links":{"self":[{"href":"https:\/\/eventkit.ch\/index.php?rest_route=\/wp\/v2\/resource\/2626","targetHints":{"allow":["GET"]}}],"collection":[{"href":"https:\/\/eventkit.ch\/index.php?rest_route=\/wp\/v2\/resource"}],"about":[{"href":"https:\/\/eventkit.ch\/index.php?rest_route=\/wp\/v2\/types\/resource"}],"wp:featuredmedia":[{"embeddable":true,"href":"https:\/\/eventkit.ch\/index.php?rest_route=\/wp\/v2\/media\/2615"}],"wp:attachment":[{"href":"https:\/\/eventkit.ch\/index.php?rest_route=%2Fwp%2Fv2%2Fmedia&parent=2626"}],"wp:term":[{"taxonomy":"resource_category","embeddable":true,"href":"https:\/\/eventkit.ch\/index.php?rest_route=%2Fwp%2Fv2%2Fresource_category&post=2626"},{"taxonomy":"audience","embeddable":true,"href":"https:\/\/eventkit.ch\/index.php?rest_route=%2Fwp%2Fv2%2Faudience&post=2626"},{"taxonomy":"contenttype","embeddable":true,"href":"https:\/\/eventkit.ch\/index.php?rest_route=%2Fwp%2Fv2%2Fcontenttype&post=2626"}],"curies":[{"name":"wp","href":"https:\/\/api.w.org\/{rel}","templated":true}]}}