{"id":2625,"date":"2025-12-30T10:48:28","date_gmt":"2025-12-30T10:48:28","guid":{"rendered":"https:\/\/eventkit.ch\/?post_type=resource&#038;p=2625"},"modified":"2026-03-23T18:03:52","modified_gmt":"2026-03-23T17:03:52","slug":"limiter-le-gaspillage-alimentaire","status":"publish","type":"resource","link":"https:\/\/eventkit.ch\/?resource=limiter-le-gaspillage-alimentaire&lang=fr","title":{"rendered":"Limiter le gaspillage alimentaire"},"content":{"rendered":"<p>Le gaspillage alimentaire lors des manifestations provient souvent des restes de repas laiss\u00e9s par le public ou d\u2019une planification excessive.<\/p><p>En adoptant quelques mesures simples, les personnes tenant un stand et partenaires de restauration peuvent non seulement r\u00e9duire les d\u00e9chets alimentaires, mais aussi am\u00e9liorer la satisfaction du public et optimiser leurs co\u00fbts.<\/p><h2 class=\"wp-block-heading\">Avant la manifestation<\/h2><ul class=\"wp-block-list\"><li><\/li>\n\n<li>Proposer des plats en diff\u00e9rentes portions afin de s\u2019adapter aux petits et grands app\u00e9tits ainsi qu\u2019aux diff\u00e9rents budgets.<\/li>\n\n<li>Se renseigner sur les possibilit\u00e9s de r\u00e9utilisation ou de don des surplus de nourriture et de boissons (en collaboration avec des organisations locales).<\/li>\n\n<li>Avant la fin de la manifestation, distribuer les denr\u00e9es restantes aux personnes encore pr\u00e9sentes sur le site ou aux b\u00e9n\u00e9voles.<\/li>\n\n<li>Communiquer de mani\u00e8re transparente sur les actions men\u00e9es et leurs objectifs, afin de favoriser l\u2019adh\u00e9sion du public.<\/li>\n\n<li>Installer, c\u00f4t\u00e9 visiteurs, des conteneurs destin\u00e9s \u00e0 collecter les restes alimentaires, afin d\u2019impliquer le public et de recueillir des donn\u00e9es sur les quantit\u00e9s de d\u00e9chets g\u00e9n\u00e9r\u00e9es.<\/li><\/ul><h2 class=\"wp-block-heading\">Pendant la manifestation<\/h2><ul class=\"wp-block-list\"><li>Assurer la propret\u00e9 et le bon entretien des conteneurs de collecte des restes alimentaires.<\/li>\n\n<li>Sensibiliser le personnel \u00e0 \u00e9viter le gaspillage lors de la pr\u00e9paration et du service<\/li><\/ul><h2 class=\"wp-block-heading\">Apr\u00e8s la manifestation&nbsp;<\/h2><ul class=\"wp-block-list\"><li>Organiser la r\u00e9cup\u00e9ration et la redistribution des aliments non consomm\u00e9s.<\/li>\n\n<li>\u00c9tablir un bilan des actions mises en \u0153uvre (quantit\u00e9s, partenaires, r\u00e9sultats obtenus, pistes d\u2019am\u00e9lioration).<\/li><\/ul>","protected":false},"excerpt":{"rendered":"<p>Le gaspillage alimentaire lors des manifestations provient souvent des restes de repas laiss\u00e9s par le public ou d\u2019une planification excessive. En adoptant quelques mesures simples, les personnes tenant un stand et partenaires de restauration peuvent non seulement r\u00e9duire les d\u00e9chets alimentaires, mais aussi am\u00e9liorer la satisfaction du public et optimiser leurs co\u00fbts. Avant la manifestation [&hellip;]<\/p>\n","protected":false},"featured_media":1888,"parent":0,"template":"","format":"standard","meta":{"_sitemap_exclude":false,"_sitemap_priority":"","_sitemap_frequency":"","_eventkit_link":"https:\/\/eventkit.ch\/wp-content\/uploads\/2025\/12\/6.3_Limiter-le-gaspillage-alimentaire_EVENTKIT_FINAL.pdf"},"resource_category":[178],"audience":[],"contenttype":[216],"class_list":["post-2625","resource","type-resource","status-publish","format-standard","has-post-thumbnail","hentry","resource_category-restauration","contenttype-fiches-dinformation"],"yoast_head":"<!-- This site is optimized with the Yoast SEO plugin v27.3 - https:\/\/yoast.com\/product\/yoast-seo-wordpress\/ -->\n<title>Limiter le gaspillage alimentaire - EventKit<\/title>\n<meta name=\"robots\" content=\"index, follow, max-snippet:-1, max-image-preview:large, max-video-preview:-1\" \/>\n<link rel=\"canonical\" href=\"https:\/\/eventkit.ch\/?resource=limiter-le-gaspillage-alimentaire&lang=fr\" \/>\n<meta property=\"og:locale\" content=\"de_DE\" \/>\n<meta property=\"og:type\" content=\"article\" \/>\n<meta property=\"og:title\" content=\"Limiter le gaspillage alimentaire - EventKit\" \/>\n<meta property=\"og:description\" content=\"Le gaspillage alimentaire lors des manifestations provient souvent des restes de repas laiss\u00e9s par le public ou d\u2019une planification excessive. En adoptant quelques mesures simples, les personnes tenant un stand et partenaires de restauration peuvent non seulement r\u00e9duire les d\u00e9chets alimentaires, mais aussi am\u00e9liorer la satisfaction du public et optimiser leurs co\u00fbts. Avant la manifestation [&hellip;]\" \/>\n<meta property=\"og:url\" content=\"https:\/\/eventkit.ch\/?resource=limiter-le-gaspillage-alimentaire&amp;lang=fr\" \/>\n<meta property=\"og:site_name\" content=\"EventKit\" \/>\n<meta property=\"article:modified_time\" content=\"2026-03-23T17:03:52+00:00\" \/>\n<meta property=\"og:image\" content=\"https:\/\/eventkit.ch\/wp-content\/uploads\/2025\/12\/20230523_105933-1.jpg\" \/>\n\t<meta property=\"og:image:width\" content=\"980\" \/>\n\t<meta property=\"og:image:height\" content=\"736\" \/>\n\t<meta property=\"og:image:type\" content=\"image\/jpeg\" \/>\n<meta name=\"twitter:card\" content=\"summary_large_image\" \/>\n<meta name=\"twitter:label1\" content=\"Gesch\u00e4tzte Lesezeit\" \/>\n\t<meta name=\"twitter:data1\" content=\"2\u00a0Minuten\" \/>\n<script type=\"application\/ld+json\" class=\"yoast-schema-graph\">{\"@context\":\"https:\\\/\\\/schema.org\",\"@graph\":[{\"@type\":\"WebPage\",\"@id\":\"https:\\\/\\\/eventkit.ch\\\/?resource=limiter-le-gaspillage-alimentaire&lang=fr\",\"url\":\"https:\\\/\\\/eventkit.ch\\\/?resource=limiter-le-gaspillage-alimentaire&lang=fr\",\"name\":\"Limiter le gaspillage alimentaire - EventKit\",\"isPartOf\":{\"@id\":\"https:\\\/\\\/eventkit.ch\\\/#website\"},\"primaryImageOfPage\":{\"@id\":\"https:\\\/\\\/eventkit.ch\\\/?resource=limiter-le-gaspillage-alimentaire&lang=fr#primaryimage\"},\"image\":{\"@id\":\"https:\\\/\\\/eventkit.ch\\\/?resource=limiter-le-gaspillage-alimentaire&lang=fr#primaryimage\"},\"thumbnailUrl\":\"https:\\\/\\\/eventkit.ch\\\/wp-content\\\/uploads\\\/2025\\\/12\\\/20230523_105933-1.jpg\",\"datePublished\":\"2025-12-30T10:48:28+00:00\",\"dateModified\":\"2026-03-23T17:03:52+00:00\",\"breadcrumb\":{\"@id\":\"https:\\\/\\\/eventkit.ch\\\/?resource=limiter-le-gaspillage-alimentaire&lang=fr#breadcrumb\"},\"inLanguage\":\"de\",\"potentialAction\":[{\"@type\":\"ReadAction\",\"target\":[\"https:\\\/\\\/eventkit.ch\\\/?resource=limiter-le-gaspillage-alimentaire&lang=fr\"]}]},{\"@type\":\"ImageObject\",\"inLanguage\":\"de\",\"@id\":\"https:\\\/\\\/eventkit.ch\\\/?resource=limiter-le-gaspillage-alimentaire&lang=fr#primaryimage\",\"url\":\"https:\\\/\\\/eventkit.ch\\\/wp-content\\\/uploads\\\/2025\\\/12\\\/20230523_105933-1.jpg\",\"contentUrl\":\"https:\\\/\\\/eventkit.ch\\\/wp-content\\\/uploads\\\/2025\\\/12\\\/20230523_105933-1.jpg\",\"width\":980,\"height\":736},{\"@type\":\"BreadcrumbList\",\"@id\":\"https:\\\/\\\/eventkit.ch\\\/?resource=limiter-le-gaspillage-alimentaire&lang=fr#breadcrumb\",\"itemListElement\":[{\"@type\":\"ListItem\",\"position\":1,\"name\":\"Home\",\"item\":\"https:\\\/\\\/eventkit.ch\\\/\"},{\"@type\":\"ListItem\",\"position\":2,\"name\":\"Merkbl\u00e4tter\",\"item\":\"https:\\\/\\\/eventkit.ch\\\/?post_type=resource&lang=fr\"},{\"@type\":\"ListItem\",\"position\":3,\"name\":\"Limiter le gaspillage alimentaire\"}]},{\"@type\":\"WebSite\",\"@id\":\"https:\\\/\\\/eventkit.ch\\\/#website\",\"url\":\"https:\\\/\\\/eventkit.ch\\\/\",\"name\":\"EventKit\",\"description\":\"Nachhaltigkeit, die wirkt: Dein Event im Check.\",\"publisher\":{\"@id\":\"https:\\\/\\\/eventkit.ch\\\/#organization\"},\"potentialAction\":[{\"@type\":\"SearchAction\",\"target\":{\"@type\":\"EntryPoint\",\"urlTemplate\":\"https:\\\/\\\/eventkit.ch\\\/?s={search_term_string}\"},\"query-input\":{\"@type\":\"PropertyValueSpecification\",\"valueRequired\":true,\"valueName\":\"search_term_string\"}}],\"inLanguage\":\"de\"},{\"@type\":\"Organization\",\"@id\":\"https:\\\/\\\/eventkit.ch\\\/#organization\",\"name\":\"EventKit\",\"url\":\"https:\\\/\\\/eventkit.ch\\\/\",\"logo\":{\"@type\":\"ImageObject\",\"inLanguage\":\"de\",\"@id\":\"https:\\\/\\\/eventkit.ch\\\/#\\\/schema\\\/logo\\\/image\\\/\",\"url\":\"https:\\\/\\\/eventkit.ch\\\/wp-content\\\/uploads\\\/2025\\\/11\\\/android-icon-144x144-1.png\",\"contentUrl\":\"https:\\\/\\\/eventkit.ch\\\/wp-content\\\/uploads\\\/2025\\\/11\\\/android-icon-144x144-1.png\",\"width\":144,\"height\":144,\"caption\":\"EventKit\"},\"image\":{\"@id\":\"https:\\\/\\\/eventkit.ch\\\/#\\\/schema\\\/logo\\\/image\\\/\"}}]}<\/script>\n<!-- \/ Yoast SEO plugin. -->","yoast_head_json":{"title":"Limiter le gaspillage alimentaire - EventKit","robots":{"index":"index","follow":"follow","max-snippet":"max-snippet:-1","max-image-preview":"max-image-preview:large","max-video-preview":"max-video-preview:-1"},"canonical":"https:\/\/eventkit.ch\/?resource=limiter-le-gaspillage-alimentaire&lang=fr","og_locale":"de_DE","og_type":"article","og_title":"Limiter le gaspillage alimentaire - EventKit","og_description":"Le gaspillage alimentaire lors des manifestations provient souvent des restes de repas laiss\u00e9s par le public ou d\u2019une planification excessive. En adoptant quelques mesures simples, les personnes tenant un stand et partenaires de restauration peuvent non seulement r\u00e9duire les d\u00e9chets alimentaires, mais aussi am\u00e9liorer la satisfaction du public et optimiser leurs co\u00fbts. Avant la manifestation [&hellip;]","og_url":"https:\/\/eventkit.ch\/?resource=limiter-le-gaspillage-alimentaire&lang=fr","og_site_name":"EventKit","article_modified_time":"2026-03-23T17:03:52+00:00","og_image":[{"width":980,"height":736,"url":"https:\/\/eventkit.ch\/wp-content\/uploads\/2025\/12\/20230523_105933-1.jpg","type":"image\/jpeg"}],"twitter_card":"summary_large_image","twitter_misc":{"Gesch\u00e4tzte Lesezeit":"2\u00a0Minuten"},"schema":{"@context":"https:\/\/schema.org","@graph":[{"@type":"WebPage","@id":"https:\/\/eventkit.ch\/?resource=limiter-le-gaspillage-alimentaire&lang=fr","url":"https:\/\/eventkit.ch\/?resource=limiter-le-gaspillage-alimentaire&lang=fr","name":"Limiter le gaspillage alimentaire - EventKit","isPartOf":{"@id":"https:\/\/eventkit.ch\/#website"},"primaryImageOfPage":{"@id":"https:\/\/eventkit.ch\/?resource=limiter-le-gaspillage-alimentaire&lang=fr#primaryimage"},"image":{"@id":"https:\/\/eventkit.ch\/?resource=limiter-le-gaspillage-alimentaire&lang=fr#primaryimage"},"thumbnailUrl":"https:\/\/eventkit.ch\/wp-content\/uploads\/2025\/12\/20230523_105933-1.jpg","datePublished":"2025-12-30T10:48:28+00:00","dateModified":"2026-03-23T17:03:52+00:00","breadcrumb":{"@id":"https:\/\/eventkit.ch\/?resource=limiter-le-gaspillage-alimentaire&lang=fr#breadcrumb"},"inLanguage":"de","potentialAction":[{"@type":"ReadAction","target":["https:\/\/eventkit.ch\/?resource=limiter-le-gaspillage-alimentaire&lang=fr"]}]},{"@type":"ImageObject","inLanguage":"de","@id":"https:\/\/eventkit.ch\/?resource=limiter-le-gaspillage-alimentaire&lang=fr#primaryimage","url":"https:\/\/eventkit.ch\/wp-content\/uploads\/2025\/12\/20230523_105933-1.jpg","contentUrl":"https:\/\/eventkit.ch\/wp-content\/uploads\/2025\/12\/20230523_105933-1.jpg","width":980,"height":736},{"@type":"BreadcrumbList","@id":"https:\/\/eventkit.ch\/?resource=limiter-le-gaspillage-alimentaire&lang=fr#breadcrumb","itemListElement":[{"@type":"ListItem","position":1,"name":"Home","item":"https:\/\/eventkit.ch\/"},{"@type":"ListItem","position":2,"name":"Merkbl\u00e4tter","item":"https:\/\/eventkit.ch\/?post_type=resource&lang=fr"},{"@type":"ListItem","position":3,"name":"Limiter le gaspillage alimentaire"}]},{"@type":"WebSite","@id":"https:\/\/eventkit.ch\/#website","url":"https:\/\/eventkit.ch\/","name":"EventKit","description":"Nachhaltigkeit, die wirkt: Dein Event im Check.","publisher":{"@id":"https:\/\/eventkit.ch\/#organization"},"potentialAction":[{"@type":"SearchAction","target":{"@type":"EntryPoint","urlTemplate":"https:\/\/eventkit.ch\/?s={search_term_string}"},"query-input":{"@type":"PropertyValueSpecification","valueRequired":true,"valueName":"search_term_string"}}],"inLanguage":"de"},{"@type":"Organization","@id":"https:\/\/eventkit.ch\/#organization","name":"EventKit","url":"https:\/\/eventkit.ch\/","logo":{"@type":"ImageObject","inLanguage":"de","@id":"https:\/\/eventkit.ch\/#\/schema\/logo\/image\/","url":"https:\/\/eventkit.ch\/wp-content\/uploads\/2025\/11\/android-icon-144x144-1.png","contentUrl":"https:\/\/eventkit.ch\/wp-content\/uploads\/2025\/11\/android-icon-144x144-1.png","width":144,"height":144,"caption":"EventKit"},"image":{"@id":"https:\/\/eventkit.ch\/#\/schema\/logo\/image\/"}}]}},"_links":{"self":[{"href":"https:\/\/eventkit.ch\/index.php?rest_route=\/wp\/v2\/resource\/2625","targetHints":{"allow":["GET"]}}],"collection":[{"href":"https:\/\/eventkit.ch\/index.php?rest_route=\/wp\/v2\/resource"}],"about":[{"href":"https:\/\/eventkit.ch\/index.php?rest_route=\/wp\/v2\/types\/resource"}],"wp:featuredmedia":[{"embeddable":true,"href":"https:\/\/eventkit.ch\/index.php?rest_route=\/wp\/v2\/media\/1888"}],"wp:attachment":[{"href":"https:\/\/eventkit.ch\/index.php?rest_route=%2Fwp%2Fv2%2Fmedia&parent=2625"}],"wp:term":[{"taxonomy":"resource_category","embeddable":true,"href":"https:\/\/eventkit.ch\/index.php?rest_route=%2Fwp%2Fv2%2Fresource_category&post=2625"},{"taxonomy":"audience","embeddable":true,"href":"https:\/\/eventkit.ch\/index.php?rest_route=%2Fwp%2Fv2%2Faudience&post=2625"},{"taxonomy":"contenttype","embeddable":true,"href":"https:\/\/eventkit.ch\/index.php?rest_route=%2Fwp%2Fv2%2Fcontenttype&post=2625"}],"curies":[{"name":"wp","href":"https:\/\/api.w.org\/{rel}","templated":true}]}}