{"id":2619,"date":"2025-12-30T10:31:22","date_gmt":"2025-12-30T10:31:22","guid":{"rendered":"https:\/\/eventkit.ch\/?post_type=resource&#038;p=2619"},"modified":"2026-03-23T18:01:50","modified_gmt":"2026-03-23T17:01:50","slug":"impliquer-les-exploitantes-et-exploitants-de-stands","status":"publish","type":"resource","link":"https:\/\/eventkit.ch\/?resource=impliquer-les-exploitantes-et-exploitants-de-stands&lang=fr","title":{"rendered":"Impliquer les exploitantes et exploitants de stands"},"content":{"rendered":"<p>Les personnes exploitant un stand g\u00e8rent leurs activit\u00e9s de mani\u00e8re ind\u00e9pendante, mais repr\u00e9sentent des partenaires essentiels de la manifestation.<\/p><p>Les impliquer d\u00e8s le d\u00e9part dans la d\u00e9marche de durabilit\u00e9 permet de les sensibiliser, de renforcer la coh\u00e9rence globale du projet et d\u2019amplifier le message p\u00e9dagogique transmis au public.<\/p><p>Les actions possibles vont de la simple information et sensibilisation \u00e0 la signature d\u2019une charte d\u2019engagement, en passant par l\u2019introduction de crit\u00e8res de durabilit\u00e9 dans la s\u00e9lection des stands..<\/p><h2 class=\"wp-block-heading\">Avant la manifestation<\/h2><ul class=\"wp-block-list\"><li>Int\u00e9grer les objectifs et principes de durabilit\u00e9 dans le processus de s\u00e9lection des exploitants de stands.<\/li>\n\n<li>\u00c9laborer un cahier des charges clair \u00e0 leur intention, contenant notamment :<ul class=\"wp-block-list\"><li>Aspects logistiques : alimentation \u00e9lectrique, acc\u00e8s \u00e0 l\u2019eau, r\u00e9frig\u00e9ration, vaisselle, \u00e9limination des d\u00e9chets, approvisionnement, etc.<ul class=\"wp-block-list\"><li>\u279c\u00a0S\u2019assurer que les c\u00e2bles \u00e9lectriques soient solidement fix\u00e9s au sol (avec ruban adh\u00e9sif ou passe-c\u00e2ble contrastant).<\/li><\/ul><\/li>\n\n<li>Recommandations sur la qualit\u00e9 des produits (fra\u00eecheur, origine, labels, etc.)<\/li>\n\n<li>Syst\u00e8me de redevance et politique tarifaire<\/li>\n\n<li>Calendrier pr\u00e9cis : plages horaires de montage, d\u2019ouverture et de d\u00e9montage<\/li>\n\n<li>Pr\u00e9voir des mesures pour valoriser ou redistribuer les produits non vendus (chaque jour et en fin de manifestation)<\/li><\/ul><\/li>\n\n<li>S\u00e9lectionner en priorit\u00e9 des personnes ou entreprises d\u00e9j\u00e0 engag\u00e9s dans des pratiques durables ou proposant des produits compatibles avec les objectifs de la manifestation.<\/li>\n\n<li>R\u00e9diger une synth\u00e8se br\u00e8ve et accessible des mesures principales du plan d\u2019action en mati\u00e8re de durabilit\u00e9, \u00e0 transmettre \u00e0 chaque exploitante ou exploitant.<\/li>\n\n<li>\u00c9tablir une charte ou convention d\u2019engagement int\u00e9grant les principes de durabilit\u00e9, par exemple :<ul class=\"wp-block-list\"><li>informer syst\u00e9matiquement toutes les personnes travaillant sur le stand de la d\u00e9marche de durabilit\u00e9 et des mesures \u00e0 appliquer<\/li>\n\n<li>privil\u00e9gier les produits v\u00e9g\u00e9taux, r\u00e9gionaux et biologiques. Les mati\u00e8res premi\u00e8res v\u00e9g\u00e9tales occupent ici la premi\u00e8re place.<\/li>\n\n<li>r\u00e9duire les emballages et privil\u00e9gier les achats en vrac (boissons, condiments, etc.)<\/li>\n\n<li>utiliser de la vaisselle r\u00e9utilisable (y compris les gobelets)<\/li>\n\n<li>trier les d\u00e9chets selon les consignes<\/li>\n\n<li>adopter des mesures de pr\u00e9vention des abus d\u2019alcool<\/li>\n\n<li>promouvoir une \u00e9coconception des stands : mat\u00e9riaux r\u00e9utilisables, \u00e9l\u00e9ments recycl\u00e9s, \u00e9clairage \u00e9conome, etc.<\/li><\/ul><\/li>\n\n<li>Valoriser l\u2019engagement des exploitants sur le site de la manifestation et sur les supports de communication (site web, programme, r\u00e9seaux sociaux).<\/li>\n\n<li>Veiller \u00e0 ce que toutes les informations soient accessibles aux personnes en situation de handicap.<\/li><\/ul><h2 class=\"wp-block-heading\">Pendant la manifestation<\/h2><ul class=\"wp-block-list\"><li>Contr\u00f4ler sur place le respect des engagements pris (observations, v\u00e9rification des factures, etc.).<\/li>\n\n<li>Assurer une visibilit\u00e9 m\u00e9diatique aux stands exemplaires.<\/li><\/ul><h2 class=\"wp-block-heading\">Apr\u00e8s la manifestation&nbsp;<\/h2><ul class=\"wp-block-list\"><li>R\u00e9aliser un bilan sur la mise en \u0153uvre de la charte ou de la convention (succ\u00e8s, difficult\u00e9s, pistes d\u2019am\u00e9lioration).<\/li>\n\n<li>Valoriser le r\u00f4le et la contribution des personnes engag\u00e9es.<\/li>\n\n<li>Communiquer sur le site Internet de la manifestation les r\u00e9sultats obtenus et les mesures correctives pr\u00e9vues.<\/li><\/ul>","protected":false},"excerpt":{"rendered":"<p>Les personnes exploitant un stand g\u00e8rent leurs activit\u00e9s de mani\u00e8re ind\u00e9pendante, mais repr\u00e9sentent des partenaires essentiels de la manifestation. Les impliquer d\u00e8s le d\u00e9part dans la d\u00e9marche de durabilit\u00e9 permet de les sensibiliser, de renforcer la coh\u00e9rence globale du projet et d\u2019amplifier le message p\u00e9dagogique transmis au public. Les actions possibles vont de la simple [&hellip;]<\/p>\n","protected":false},"featured_media":2027,"parent":0,"template":"","format":"standard","meta":{"_sitemap_exclude":false,"_sitemap_priority":"","_sitemap_frequency":"","_eventkit_link":"https:\/\/eventkit.ch\/wp-content\/uploads\/2025\/12\/6.1_Impliquer-les-exploitants-de-stands_EVENTKIT_FINAL.pdf"},"resource_category":[214,178],"audience":[],"contenttype":[216],"class_list":["post-2619","resource","type-resource","status-publish","format-standard","has-post-thumbnail","hentry","resource_category-economie","resource_category-restauration","contenttype-fiches-dinformation"],"yoast_head":"<!-- This site is optimized with the Yoast SEO plugin v27.3 - https:\/\/yoast.com\/product\/yoast-seo-wordpress\/ -->\n<title>Impliquer les exploitantes et exploitants de stands - EventKit<\/title>\n<meta name=\"robots\" content=\"index, follow, max-snippet:-1, max-image-preview:large, max-video-preview:-1\" \/>\n<link rel=\"canonical\" href=\"https:\/\/eventkit.ch\/?resource=impliquer-les-exploitantes-et-exploitants-de-stands&lang=fr\" \/>\n<meta property=\"og:locale\" content=\"de_DE\" \/>\n<meta property=\"og:type\" content=\"article\" \/>\n<meta property=\"og:title\" content=\"Impliquer les exploitantes et exploitants de stands - EventKit\" \/>\n<meta property=\"og:description\" content=\"Les personnes exploitant un stand g\u00e8rent leurs activit\u00e9s de mani\u00e8re ind\u00e9pendante, mais repr\u00e9sentent des partenaires essentiels de la manifestation. Les impliquer d\u00e8s le d\u00e9part dans la d\u00e9marche de durabilit\u00e9 permet de les sensibiliser, de renforcer la coh\u00e9rence globale du projet et d\u2019amplifier le message p\u00e9dagogique transmis au public. Les actions possibles vont de la simple [&hellip;]\" \/>\n<meta property=\"og:url\" content=\"https:\/\/eventkit.ch\/?resource=impliquer-les-exploitantes-et-exploitants-de-stands&amp;lang=fr\" \/>\n<meta property=\"og:site_name\" content=\"EventKit\" \/>\n<meta property=\"article:modified_time\" content=\"2026-03-23T17:01:50+00:00\" \/>\n<meta property=\"og:image\" content=\"https:\/\/eventkit.ch\/wp-content\/uploads\/2025\/12\/zurich-pride-festival-friday_54658107735_l.jpg\" \/>\n\t<meta property=\"og:image:width\" content=\"1024\" \/>\n\t<meta property=\"og:image:height\" content=\"683\" \/>\n\t<meta property=\"og:image:type\" content=\"image\/jpeg\" \/>\n<meta name=\"twitter:card\" content=\"summary_large_image\" \/>\n<meta name=\"twitter:label1\" content=\"Gesch\u00e4tzte Lesezeit\" \/>\n\t<meta name=\"twitter:data1\" content=\"3\u00a0Minuten\" \/>\n<script type=\"application\/ld+json\" class=\"yoast-schema-graph\">{\"@context\":\"https:\\\/\\\/schema.org\",\"@graph\":[{\"@type\":\"WebPage\",\"@id\":\"https:\\\/\\\/eventkit.ch\\\/?resource=impliquer-les-exploitantes-et-exploitants-de-stands&lang=fr\",\"url\":\"https:\\\/\\\/eventkit.ch\\\/?resource=impliquer-les-exploitantes-et-exploitants-de-stands&lang=fr\",\"name\":\"Impliquer les exploitantes et exploitants de stands - EventKit\",\"isPartOf\":{\"@id\":\"https:\\\/\\\/eventkit.ch\\\/#website\"},\"primaryImageOfPage\":{\"@id\":\"https:\\\/\\\/eventkit.ch\\\/?resource=impliquer-les-exploitantes-et-exploitants-de-stands&lang=fr#primaryimage\"},\"image\":{\"@id\":\"https:\\\/\\\/eventkit.ch\\\/?resource=impliquer-les-exploitantes-et-exploitants-de-stands&lang=fr#primaryimage\"},\"thumbnailUrl\":\"https:\\\/\\\/eventkit.ch\\\/wp-content\\\/uploads\\\/2025\\\/12\\\/zurich-pride-festival-friday_54658107735_l.jpg\",\"datePublished\":\"2025-12-30T10:31:22+00:00\",\"dateModified\":\"2026-03-23T17:01:50+00:00\",\"breadcrumb\":{\"@id\":\"https:\\\/\\\/eventkit.ch\\\/?resource=impliquer-les-exploitantes-et-exploitants-de-stands&lang=fr#breadcrumb\"},\"inLanguage\":\"de\",\"potentialAction\":[{\"@type\":\"ReadAction\",\"target\":[\"https:\\\/\\\/eventkit.ch\\\/?resource=impliquer-les-exploitantes-et-exploitants-de-stands&lang=fr\"]}]},{\"@type\":\"ImageObject\",\"inLanguage\":\"de\",\"@id\":\"https:\\\/\\\/eventkit.ch\\\/?resource=impliquer-les-exploitantes-et-exploitants-de-stands&lang=fr#primaryimage\",\"url\":\"https:\\\/\\\/eventkit.ch\\\/wp-content\\\/uploads\\\/2025\\\/12\\\/zurich-pride-festival-friday_54658107735_l.jpg\",\"contentUrl\":\"https:\\\/\\\/eventkit.ch\\\/wp-content\\\/uploads\\\/2025\\\/12\\\/zurich-pride-festival-friday_54658107735_l.jpg\",\"width\":1024,\"height\":683},{\"@type\":\"BreadcrumbList\",\"@id\":\"https:\\\/\\\/eventkit.ch\\\/?resource=impliquer-les-exploitantes-et-exploitants-de-stands&lang=fr#breadcrumb\",\"itemListElement\":[{\"@type\":\"ListItem\",\"position\":1,\"name\":\"Home\",\"item\":\"https:\\\/\\\/eventkit.ch\\\/\"},{\"@type\":\"ListItem\",\"position\":2,\"name\":\"Merkbl\u00e4tter\",\"item\":\"https:\\\/\\\/eventkit.ch\\\/?post_type=resource&lang=fr\"},{\"@type\":\"ListItem\",\"position\":3,\"name\":\"Impliquer les exploitantes et exploitants de stands\"}]},{\"@type\":\"WebSite\",\"@id\":\"https:\\\/\\\/eventkit.ch\\\/#website\",\"url\":\"https:\\\/\\\/eventkit.ch\\\/\",\"name\":\"EventKit\",\"description\":\"Nachhaltigkeit, die wirkt: Dein Event im Check.\",\"publisher\":{\"@id\":\"https:\\\/\\\/eventkit.ch\\\/#organization\"},\"potentialAction\":[{\"@type\":\"SearchAction\",\"target\":{\"@type\":\"EntryPoint\",\"urlTemplate\":\"https:\\\/\\\/eventkit.ch\\\/?s={search_term_string}\"},\"query-input\":{\"@type\":\"PropertyValueSpecification\",\"valueRequired\":true,\"valueName\":\"search_term_string\"}}],\"inLanguage\":\"de\"},{\"@type\":\"Organization\",\"@id\":\"https:\\\/\\\/eventkit.ch\\\/#organization\",\"name\":\"EventKit\",\"url\":\"https:\\\/\\\/eventkit.ch\\\/\",\"logo\":{\"@type\":\"ImageObject\",\"inLanguage\":\"de\",\"@id\":\"https:\\\/\\\/eventkit.ch\\\/#\\\/schema\\\/logo\\\/image\\\/\",\"url\":\"https:\\\/\\\/eventkit.ch\\\/wp-content\\\/uploads\\\/2025\\\/11\\\/android-icon-144x144-1.png\",\"contentUrl\":\"https:\\\/\\\/eventkit.ch\\\/wp-content\\\/uploads\\\/2025\\\/11\\\/android-icon-144x144-1.png\",\"width\":144,\"height\":144,\"caption\":\"EventKit\"},\"image\":{\"@id\":\"https:\\\/\\\/eventkit.ch\\\/#\\\/schema\\\/logo\\\/image\\\/\"}}]}<\/script>\n<!-- \/ Yoast SEO plugin. -->","yoast_head_json":{"title":"Impliquer les exploitantes et exploitants de stands - EventKit","robots":{"index":"index","follow":"follow","max-snippet":"max-snippet:-1","max-image-preview":"max-image-preview:large","max-video-preview":"max-video-preview:-1"},"canonical":"https:\/\/eventkit.ch\/?resource=impliquer-les-exploitantes-et-exploitants-de-stands&lang=fr","og_locale":"de_DE","og_type":"article","og_title":"Impliquer les exploitantes et exploitants de stands - EventKit","og_description":"Les personnes exploitant un stand g\u00e8rent leurs activit\u00e9s de mani\u00e8re ind\u00e9pendante, mais repr\u00e9sentent des partenaires essentiels de la manifestation. Les impliquer d\u00e8s le d\u00e9part dans la d\u00e9marche de durabilit\u00e9 permet de les sensibiliser, de renforcer la coh\u00e9rence globale du projet et d\u2019amplifier le message p\u00e9dagogique transmis au public. Les actions possibles vont de la simple [&hellip;]","og_url":"https:\/\/eventkit.ch\/?resource=impliquer-les-exploitantes-et-exploitants-de-stands&lang=fr","og_site_name":"EventKit","article_modified_time":"2026-03-23T17:01:50+00:00","og_image":[{"width":1024,"height":683,"url":"https:\/\/eventkit.ch\/wp-content\/uploads\/2025\/12\/zurich-pride-festival-friday_54658107735_l.jpg","type":"image\/jpeg"}],"twitter_card":"summary_large_image","twitter_misc":{"Gesch\u00e4tzte Lesezeit":"3\u00a0Minuten"},"schema":{"@context":"https:\/\/schema.org","@graph":[{"@type":"WebPage","@id":"https:\/\/eventkit.ch\/?resource=impliquer-les-exploitantes-et-exploitants-de-stands&lang=fr","url":"https:\/\/eventkit.ch\/?resource=impliquer-les-exploitantes-et-exploitants-de-stands&lang=fr","name":"Impliquer les exploitantes et exploitants de stands - EventKit","isPartOf":{"@id":"https:\/\/eventkit.ch\/#website"},"primaryImageOfPage":{"@id":"https:\/\/eventkit.ch\/?resource=impliquer-les-exploitantes-et-exploitants-de-stands&lang=fr#primaryimage"},"image":{"@id":"https:\/\/eventkit.ch\/?resource=impliquer-les-exploitantes-et-exploitants-de-stands&lang=fr#primaryimage"},"thumbnailUrl":"https:\/\/eventkit.ch\/wp-content\/uploads\/2025\/12\/zurich-pride-festival-friday_54658107735_l.jpg","datePublished":"2025-12-30T10:31:22+00:00","dateModified":"2026-03-23T17:01:50+00:00","breadcrumb":{"@id":"https:\/\/eventkit.ch\/?resource=impliquer-les-exploitantes-et-exploitants-de-stands&lang=fr#breadcrumb"},"inLanguage":"de","potentialAction":[{"@type":"ReadAction","target":["https:\/\/eventkit.ch\/?resource=impliquer-les-exploitantes-et-exploitants-de-stands&lang=fr"]}]},{"@type":"ImageObject","inLanguage":"de","@id":"https:\/\/eventkit.ch\/?resource=impliquer-les-exploitantes-et-exploitants-de-stands&lang=fr#primaryimage","url":"https:\/\/eventkit.ch\/wp-content\/uploads\/2025\/12\/zurich-pride-festival-friday_54658107735_l.jpg","contentUrl":"https:\/\/eventkit.ch\/wp-content\/uploads\/2025\/12\/zurich-pride-festival-friday_54658107735_l.jpg","width":1024,"height":683},{"@type":"BreadcrumbList","@id":"https:\/\/eventkit.ch\/?resource=impliquer-les-exploitantes-et-exploitants-de-stands&lang=fr#breadcrumb","itemListElement":[{"@type":"ListItem","position":1,"name":"Home","item":"https:\/\/eventkit.ch\/"},{"@type":"ListItem","position":2,"name":"Merkbl\u00e4tter","item":"https:\/\/eventkit.ch\/?post_type=resource&lang=fr"},{"@type":"ListItem","position":3,"name":"Impliquer les exploitantes et exploitants de stands"}]},{"@type":"WebSite","@id":"https:\/\/eventkit.ch\/#website","url":"https:\/\/eventkit.ch\/","name":"EventKit","description":"Nachhaltigkeit, die wirkt: Dein Event im Check.","publisher":{"@id":"https:\/\/eventkit.ch\/#organization"},"potentialAction":[{"@type":"SearchAction","target":{"@type":"EntryPoint","urlTemplate":"https:\/\/eventkit.ch\/?s={search_term_string}"},"query-input":{"@type":"PropertyValueSpecification","valueRequired":true,"valueName":"search_term_string"}}],"inLanguage":"de"},{"@type":"Organization","@id":"https:\/\/eventkit.ch\/#organization","name":"EventKit","url":"https:\/\/eventkit.ch\/","logo":{"@type":"ImageObject","inLanguage":"de","@id":"https:\/\/eventkit.ch\/#\/schema\/logo\/image\/","url":"https:\/\/eventkit.ch\/wp-content\/uploads\/2025\/11\/android-icon-144x144-1.png","contentUrl":"https:\/\/eventkit.ch\/wp-content\/uploads\/2025\/11\/android-icon-144x144-1.png","width":144,"height":144,"caption":"EventKit"},"image":{"@id":"https:\/\/eventkit.ch\/#\/schema\/logo\/image\/"}}]}},"_links":{"self":[{"href":"https:\/\/eventkit.ch\/index.php?rest_route=\/wp\/v2\/resource\/2619","targetHints":{"allow":["GET"]}}],"collection":[{"href":"https:\/\/eventkit.ch\/index.php?rest_route=\/wp\/v2\/resource"}],"about":[{"href":"https:\/\/eventkit.ch\/index.php?rest_route=\/wp\/v2\/types\/resource"}],"wp:featuredmedia":[{"embeddable":true,"href":"https:\/\/eventkit.ch\/index.php?rest_route=\/wp\/v2\/media\/2027"}],"wp:attachment":[{"href":"https:\/\/eventkit.ch\/index.php?rest_route=%2Fwp%2Fv2%2Fmedia&parent=2619"}],"wp:term":[{"taxonomy":"resource_category","embeddable":true,"href":"https:\/\/eventkit.ch\/index.php?rest_route=%2Fwp%2Fv2%2Fresource_category&post=2619"},{"taxonomy":"audience","embeddable":true,"href":"https:\/\/eventkit.ch\/index.php?rest_route=%2Fwp%2Fv2%2Faudience&post=2619"},{"taxonomy":"contenttype","embeddable":true,"href":"https:\/\/eventkit.ch\/index.php?rest_route=%2Fwp%2Fv2%2Fcontenttype&post=2619"}],"curies":[{"name":"wp","href":"https:\/\/api.w.org\/{rel}","templated":true}]}}