{"id":2613,"date":"2025-12-30T10:18:31","date_gmt":"2025-12-30T10:18:31","guid":{"rendered":"https:\/\/eventkit.ch\/?post_type=resource&#038;p=2613"},"modified":"2026-03-23T17:52:32","modified_gmt":"2026-03-23T16:52:32","slug":"amenagement-du-site-et-des-infrastructures","status":"publish","type":"resource","link":"https:\/\/eventkit.ch\/?resource=amenagement-du-site-et-des-infrastructures&lang=fr","title":{"rendered":"Am\u00e9nagement du site et des infrastructures"},"content":{"rendered":"<p>Une conception r\u00e9fl\u00e9chie et une organisation efficace du site permettent de&nbsp;<strong>r\u00e9duire les impacts environnementaux<\/strong>, de&nbsp;<strong>limiter les co\u00fbts<\/strong>&nbsp;et de&nbsp;<strong>mieux utiliser les ressources disponibles.<\/strong><br><br>Un am\u00e9nagement bien planifi\u00e9 pr\u00e9serve le lieu de la manifestation, diminue la consommation d\u2019\u00e9nergie et de mat\u00e9riaux, et facilite la logistique pendant toute la dur\u00e9e de l\u2019\u00e9v\u00e9nement.<\/p><h2 class=\"wp-block-heading\">Avant la manifestation<\/h2><ul class=\"wp-block-list\"><li>\u00c9laborer un\u00a0<strong>plan de situation<\/strong>\u00a0recensant tous les points cl\u00e9s (entr\u00e9es, points d\u2019information, poste de secours, objets trouv\u00e9s, stands et restauration, stationnements, terrains de comp\u00e9tition, zones d\u2019\u00e9chauffement, gradins, espaces VIP, WC, vestiaires, acc\u00e8s PMR, etc.) afin d\u2019optimiser leur implantation et les infrastructures n\u00e9cessaires.<\/li>\n\n<li>\u00c9tudier la possibilit\u00e9 de\u00a0<strong>louer<\/strong>\u00a0ou de\u00a0<strong>mutualise<\/strong>r les infrastructures avec d\u2019autres manifestations pour une meilleure efficacit\u00e9 \u00e9cologique et \u00e9conomique.<\/li>\n\n<li><strong>Privil\u00e9gier des structures r\u00e9utilisables et modulables,<\/strong>\u00a0faciles \u00e0 monter et d\u00e9monter, adaptables \u00e0 d\u2019autres \u00e9v\u00e9nements ou \u00e0 de futures \u00e9ditions.<\/li>\n\n<li>Utiliser de pr\u00e9f\u00e9rence des\u00a0<strong>mat\u00e9riaux r\u00e9utilisables et\/ou issus du recyclage.<\/strong><\/li>\n\n<li><strong>R\u00e9duire les transports de mat\u00e9riel<\/strong>\u00a0en favorisant les prestataires et les mat\u00e9riaux locaux.<\/li>\n\n<li>Opter pour des\u00a0<strong>mat\u00e9riaux de construction \u00e0 faible impact environnemental<\/strong>, renouvelables, recycl\u00e9s ou recyclables \u2014 par exemple le\u00a0<strong>bois suisse certifi\u00e9 FSC 100 %.<\/strong><\/li>\n\n<li>Favoriser les\u00a0<strong>mat\u00e9riaux non composites<\/strong>, afin de simplifier leur recyclage en fin de vie.<\/li>\n\n<li>Pr\u00e9voir les\u00a0<strong>postes de s\u00e9curit\u00e9 et de premiers<\/strong>\u00a0secours n\u00e9cessaires (ex. : Samaritains).<\/li><\/ul><h2 class=\"wp-block-heading\">Apr\u00e8s la manifestation&nbsp;<\/h2><ul class=\"wp-block-list\"><li>Effectuer un\u00a0<strong>bilan de la qualit\u00e9 et de l\u2019utilisation r\u00e9elle<\/strong>\u00a0du mat\u00e9riel lou\u00e9 ou acquis, en comparant avec les pr\u00e9visions initiales.<\/li>\n\n<li>\u00c9valuer sa<strong>\u00a0fonctionnalit\u00e9<\/strong>\u00a0(praticit\u00e9, facilit\u00e9 de montage\/d\u00e9montage, durabilit\u00e9, esth\u00e9tique) et identifier les pistes d\u2019am\u00e9lioration ou de r\u00e9utilisation pour les \u00e9ditions suivantes.<\/li><\/ul>","protected":false},"excerpt":{"rendered":"<p>Une conception r\u00e9fl\u00e9chie et une organisation efficace du site permettent de&nbsp;r\u00e9duire les impacts environnementaux, de&nbsp;limiter les co\u00fbts&nbsp;et de&nbsp;mieux utiliser les ressources disponibles. Un am\u00e9nagement bien planifi\u00e9 pr\u00e9serve le lieu de la manifestation, diminue la consommation d\u2019\u00e9nergie et de mat\u00e9riaux, et facilite la logistique pendant toute la dur\u00e9e de l\u2019\u00e9v\u00e9nement. Avant la manifestation Apr\u00e8s la manifestation&nbsp;<\/p>\n","protected":false},"featured_media":2151,"parent":0,"template":"","format":"standard","meta":{"_sitemap_exclude":false,"_sitemap_priority":"","_sitemap_frequency":"","_eventkit_link":"https:\/\/eventkit.ch\/wp-content\/uploads\/2025\/12\/4.9_Amenagement_du_site_et_des_infrastructures_EVENTKIT_FINAL.pdf"},"resource_category":[204,208],"audience":[],"contenttype":[216],"class_list":["post-2613","resource","type-resource","status-publish","format-standard","has-post-thumbnail","hentry","resource_category-energie-infrastructures","resource_category-nature-paysage","contenttype-fiches-dinformation"],"yoast_head":"<!-- This site is optimized with the Yoast SEO plugin v27.3 - https:\/\/yoast.com\/product\/yoast-seo-wordpress\/ -->\n<title>Am\u00e9nagement du site et des infrastructures - EventKit<\/title>\n<meta name=\"robots\" content=\"index, follow, max-snippet:-1, max-image-preview:large, max-video-preview:-1\" \/>\n<link rel=\"canonical\" href=\"https:\/\/eventkit.ch\/?resource=amenagement-du-site-et-des-infrastructures&lang=fr\" \/>\n<meta property=\"og:locale\" content=\"de_DE\" \/>\n<meta property=\"og:type\" content=\"article\" \/>\n<meta property=\"og:title\" content=\"Am\u00e9nagement du site et des infrastructures - EventKit\" \/>\n<meta property=\"og:description\" content=\"Une conception r\u00e9fl\u00e9chie et une organisation efficace du site permettent de&nbsp;r\u00e9duire les impacts environnementaux, de&nbsp;limiter les co\u00fbts&nbsp;et de&nbsp;mieux utiliser les ressources disponibles. Un am\u00e9nagement bien planifi\u00e9 pr\u00e9serve le lieu de la manifestation, diminue la consommation d\u2019\u00e9nergie et de mat\u00e9riaux, et facilite la logistique pendant toute la dur\u00e9e de l\u2019\u00e9v\u00e9nement. Avant la manifestation Apr\u00e8s la manifestation&nbsp;\" \/>\n<meta property=\"og:url\" content=\"https:\/\/eventkit.ch\/?resource=amenagement-du-site-et-des-infrastructures&amp;lang=fr\" \/>\n<meta property=\"og:site_name\" content=\"EventKit\" \/>\n<meta property=\"article:modified_time\" content=\"2026-03-23T16:52:32+00:00\" \/>\n<meta property=\"og:image\" content=\"https:\/\/eventkit.ch\/wp-content\/uploads\/2025\/12\/BEACH_GSTAAD_20220709_23862_kleiner.jpg\" \/>\n\t<meta property=\"og:image:width\" content=\"1102\" \/>\n\t<meta property=\"og:image:height\" content=\"735\" \/>\n\t<meta property=\"og:image:type\" content=\"image\/jpeg\" \/>\n<meta name=\"twitter:card\" content=\"summary_large_image\" \/>\n<meta name=\"twitter:label1\" content=\"Gesch\u00e4tzte Lesezeit\" \/>\n\t<meta name=\"twitter:data1\" content=\"2\u00a0Minuten\" \/>\n<script type=\"application\/ld+json\" class=\"yoast-schema-graph\">{\"@context\":\"https:\\\/\\\/schema.org\",\"@graph\":[{\"@type\":\"WebPage\",\"@id\":\"https:\\\/\\\/eventkit.ch\\\/?resource=amenagement-du-site-et-des-infrastructures&lang=fr\",\"url\":\"https:\\\/\\\/eventkit.ch\\\/?resource=amenagement-du-site-et-des-infrastructures&lang=fr\",\"name\":\"Am\u00e9nagement du site et des infrastructures - EventKit\",\"isPartOf\":{\"@id\":\"https:\\\/\\\/eventkit.ch\\\/#website\"},\"primaryImageOfPage\":{\"@id\":\"https:\\\/\\\/eventkit.ch\\\/?resource=amenagement-du-site-et-des-infrastructures&lang=fr#primaryimage\"},\"image\":{\"@id\":\"https:\\\/\\\/eventkit.ch\\\/?resource=amenagement-du-site-et-des-infrastructures&lang=fr#primaryimage\"},\"thumbnailUrl\":\"https:\\\/\\\/eventkit.ch\\\/wp-content\\\/uploads\\\/2025\\\/12\\\/BEACH_GSTAAD_20220709_23862_kleiner.jpg\",\"datePublished\":\"2025-12-30T10:18:31+00:00\",\"dateModified\":\"2026-03-23T16:52:32+00:00\",\"breadcrumb\":{\"@id\":\"https:\\\/\\\/eventkit.ch\\\/?resource=amenagement-du-site-et-des-infrastructures&lang=fr#breadcrumb\"},\"inLanguage\":\"de\",\"potentialAction\":[{\"@type\":\"ReadAction\",\"target\":[\"https:\\\/\\\/eventkit.ch\\\/?resource=amenagement-du-site-et-des-infrastructures&lang=fr\"]}]},{\"@type\":\"ImageObject\",\"inLanguage\":\"de\",\"@id\":\"https:\\\/\\\/eventkit.ch\\\/?resource=amenagement-du-site-et-des-infrastructures&lang=fr#primaryimage\",\"url\":\"https:\\\/\\\/eventkit.ch\\\/wp-content\\\/uploads\\\/2025\\\/12\\\/BEACH_GSTAAD_20220709_23862_kleiner.jpg\",\"contentUrl\":\"https:\\\/\\\/eventkit.ch\\\/wp-content\\\/uploads\\\/2025\\\/12\\\/BEACH_GSTAAD_20220709_23862_kleiner.jpg\",\"width\":1102,\"height\":735,\"caption\":\"Beachvolley Pro Tour Gstaad 2022, am Samstag, 09. Juli 2022, in Gstaad. (Melanie Duchene) DIE BILDER DUERFEN NUR DEN VEREINBARTEN ZWECK GEBRAUCHT WERDEN, WEITERE NUTZUNGEN SIND MIT DER FOTOGRAFIN, MELANIE DUCHENE ABZUKLAEREN.\"},{\"@type\":\"BreadcrumbList\",\"@id\":\"https:\\\/\\\/eventkit.ch\\\/?resource=amenagement-du-site-et-des-infrastructures&lang=fr#breadcrumb\",\"itemListElement\":[{\"@type\":\"ListItem\",\"position\":1,\"name\":\"Home\",\"item\":\"https:\\\/\\\/eventkit.ch\\\/\"},{\"@type\":\"ListItem\",\"position\":2,\"name\":\"Merkbl\u00e4tter\",\"item\":\"https:\\\/\\\/eventkit.ch\\\/?post_type=resource&lang=fr\"},{\"@type\":\"ListItem\",\"position\":3,\"name\":\"Am\u00e9nagement du site et des infrastructures\"}]},{\"@type\":\"WebSite\",\"@id\":\"https:\\\/\\\/eventkit.ch\\\/#website\",\"url\":\"https:\\\/\\\/eventkit.ch\\\/\",\"name\":\"EventKit\",\"description\":\"Nachhaltigkeit, die wirkt: Dein Event im Check.\",\"publisher\":{\"@id\":\"https:\\\/\\\/eventkit.ch\\\/#organization\"},\"potentialAction\":[{\"@type\":\"SearchAction\",\"target\":{\"@type\":\"EntryPoint\",\"urlTemplate\":\"https:\\\/\\\/eventkit.ch\\\/?s={search_term_string}\"},\"query-input\":{\"@type\":\"PropertyValueSpecification\",\"valueRequired\":true,\"valueName\":\"search_term_string\"}}],\"inLanguage\":\"de\"},{\"@type\":\"Organization\",\"@id\":\"https:\\\/\\\/eventkit.ch\\\/#organization\",\"name\":\"EventKit\",\"url\":\"https:\\\/\\\/eventkit.ch\\\/\",\"logo\":{\"@type\":\"ImageObject\",\"inLanguage\":\"de\",\"@id\":\"https:\\\/\\\/eventkit.ch\\\/#\\\/schema\\\/logo\\\/image\\\/\",\"url\":\"https:\\\/\\\/eventkit.ch\\\/wp-content\\\/uploads\\\/2025\\\/11\\\/android-icon-144x144-1.png\",\"contentUrl\":\"https:\\\/\\\/eventkit.ch\\\/wp-content\\\/uploads\\\/2025\\\/11\\\/android-icon-144x144-1.png\",\"width\":144,\"height\":144,\"caption\":\"EventKit\"},\"image\":{\"@id\":\"https:\\\/\\\/eventkit.ch\\\/#\\\/schema\\\/logo\\\/image\\\/\"}}]}<\/script>\n<!-- \/ Yoast SEO plugin. -->","yoast_head_json":{"title":"Am\u00e9nagement du site et des infrastructures - EventKit","robots":{"index":"index","follow":"follow","max-snippet":"max-snippet:-1","max-image-preview":"max-image-preview:large","max-video-preview":"max-video-preview:-1"},"canonical":"https:\/\/eventkit.ch\/?resource=amenagement-du-site-et-des-infrastructures&lang=fr","og_locale":"de_DE","og_type":"article","og_title":"Am\u00e9nagement du site et des infrastructures - EventKit","og_description":"Une conception r\u00e9fl\u00e9chie et une organisation efficace du site permettent de&nbsp;r\u00e9duire les impacts environnementaux, de&nbsp;limiter les co\u00fbts&nbsp;et de&nbsp;mieux utiliser les ressources disponibles. Un am\u00e9nagement bien planifi\u00e9 pr\u00e9serve le lieu de la manifestation, diminue la consommation d\u2019\u00e9nergie et de mat\u00e9riaux, et facilite la logistique pendant toute la dur\u00e9e de l\u2019\u00e9v\u00e9nement. Avant la manifestation Apr\u00e8s la manifestation&nbsp;","og_url":"https:\/\/eventkit.ch\/?resource=amenagement-du-site-et-des-infrastructures&lang=fr","og_site_name":"EventKit","article_modified_time":"2026-03-23T16:52:32+00:00","og_image":[{"width":1102,"height":735,"url":"https:\/\/eventkit.ch\/wp-content\/uploads\/2025\/12\/BEACH_GSTAAD_20220709_23862_kleiner.jpg","type":"image\/jpeg"}],"twitter_card":"summary_large_image","twitter_misc":{"Gesch\u00e4tzte Lesezeit":"2\u00a0Minuten"},"schema":{"@context":"https:\/\/schema.org","@graph":[{"@type":"WebPage","@id":"https:\/\/eventkit.ch\/?resource=amenagement-du-site-et-des-infrastructures&lang=fr","url":"https:\/\/eventkit.ch\/?resource=amenagement-du-site-et-des-infrastructures&lang=fr","name":"Am\u00e9nagement du site et des infrastructures - EventKit","isPartOf":{"@id":"https:\/\/eventkit.ch\/#website"},"primaryImageOfPage":{"@id":"https:\/\/eventkit.ch\/?resource=amenagement-du-site-et-des-infrastructures&lang=fr#primaryimage"},"image":{"@id":"https:\/\/eventkit.ch\/?resource=amenagement-du-site-et-des-infrastructures&lang=fr#primaryimage"},"thumbnailUrl":"https:\/\/eventkit.ch\/wp-content\/uploads\/2025\/12\/BEACH_GSTAAD_20220709_23862_kleiner.jpg","datePublished":"2025-12-30T10:18:31+00:00","dateModified":"2026-03-23T16:52:32+00:00","breadcrumb":{"@id":"https:\/\/eventkit.ch\/?resource=amenagement-du-site-et-des-infrastructures&lang=fr#breadcrumb"},"inLanguage":"de","potentialAction":[{"@type":"ReadAction","target":["https:\/\/eventkit.ch\/?resource=amenagement-du-site-et-des-infrastructures&lang=fr"]}]},{"@type":"ImageObject","inLanguage":"de","@id":"https:\/\/eventkit.ch\/?resource=amenagement-du-site-et-des-infrastructures&lang=fr#primaryimage","url":"https:\/\/eventkit.ch\/wp-content\/uploads\/2025\/12\/BEACH_GSTAAD_20220709_23862_kleiner.jpg","contentUrl":"https:\/\/eventkit.ch\/wp-content\/uploads\/2025\/12\/BEACH_GSTAAD_20220709_23862_kleiner.jpg","width":1102,"height":735,"caption":"Beachvolley Pro Tour Gstaad 2022, am Samstag, 09. Juli 2022, in Gstaad. (Melanie Duchene) DIE BILDER DUERFEN NUR DEN VEREINBARTEN ZWECK GEBRAUCHT WERDEN, WEITERE NUTZUNGEN SIND MIT DER FOTOGRAFIN, MELANIE DUCHENE ABZUKLAEREN."},{"@type":"BreadcrumbList","@id":"https:\/\/eventkit.ch\/?resource=amenagement-du-site-et-des-infrastructures&lang=fr#breadcrumb","itemListElement":[{"@type":"ListItem","position":1,"name":"Home","item":"https:\/\/eventkit.ch\/"},{"@type":"ListItem","position":2,"name":"Merkbl\u00e4tter","item":"https:\/\/eventkit.ch\/?post_type=resource&lang=fr"},{"@type":"ListItem","position":3,"name":"Am\u00e9nagement du site et des infrastructures"}]},{"@type":"WebSite","@id":"https:\/\/eventkit.ch\/#website","url":"https:\/\/eventkit.ch\/","name":"EventKit","description":"Nachhaltigkeit, die wirkt: Dein Event im Check.","publisher":{"@id":"https:\/\/eventkit.ch\/#organization"},"potentialAction":[{"@type":"SearchAction","target":{"@type":"EntryPoint","urlTemplate":"https:\/\/eventkit.ch\/?s={search_term_string}"},"query-input":{"@type":"PropertyValueSpecification","valueRequired":true,"valueName":"search_term_string"}}],"inLanguage":"de"},{"@type":"Organization","@id":"https:\/\/eventkit.ch\/#organization","name":"EventKit","url":"https:\/\/eventkit.ch\/","logo":{"@type":"ImageObject","inLanguage":"de","@id":"https:\/\/eventkit.ch\/#\/schema\/logo\/image\/","url":"https:\/\/eventkit.ch\/wp-content\/uploads\/2025\/11\/android-icon-144x144-1.png","contentUrl":"https:\/\/eventkit.ch\/wp-content\/uploads\/2025\/11\/android-icon-144x144-1.png","width":144,"height":144,"caption":"EventKit"},"image":{"@id":"https:\/\/eventkit.ch\/#\/schema\/logo\/image\/"}}]}},"_links":{"self":[{"href":"https:\/\/eventkit.ch\/index.php?rest_route=\/wp\/v2\/resource\/2613","targetHints":{"allow":["GET"]}}],"collection":[{"href":"https:\/\/eventkit.ch\/index.php?rest_route=\/wp\/v2\/resource"}],"about":[{"href":"https:\/\/eventkit.ch\/index.php?rest_route=\/wp\/v2\/types\/resource"}],"wp:featuredmedia":[{"embeddable":true,"href":"https:\/\/eventkit.ch\/index.php?rest_route=\/wp\/v2\/media\/2151"}],"wp:attachment":[{"href":"https:\/\/eventkit.ch\/index.php?rest_route=%2Fwp%2Fv2%2Fmedia&parent=2613"}],"wp:term":[{"taxonomy":"resource_category","embeddable":true,"href":"https:\/\/eventkit.ch\/index.php?rest_route=%2Fwp%2Fv2%2Fresource_category&post=2613"},{"taxonomy":"audience","embeddable":true,"href":"https:\/\/eventkit.ch\/index.php?rest_route=%2Fwp%2Fv2%2Faudience&post=2613"},{"taxonomy":"contenttype","embeddable":true,"href":"https:\/\/eventkit.ch\/index.php?rest_route=%2Fwp%2Fv2%2Fcontenttype&post=2613"}],"curies":[{"name":"wp","href":"https:\/\/api.w.org\/{rel}","templated":true}]}}