{"id":2612,"date":"2025-12-30T10:18:31","date_gmt":"2025-12-30T10:18:31","guid":{"rendered":"https:\/\/eventkit.ch\/?post_type=resource&#038;p=2612"},"modified":"2026-03-23T16:52:30","modified_gmt":"2026-03-23T15:52:30","slug":"gestaltung-des-standorts-und-der-infrastruktur","status":"publish","type":"resource","link":"https:\/\/eventkit.ch\/?resource=gestaltung-des-standorts-und-der-infrastruktur","title":{"rendered":"Gestaltung des Standorts und der Infrastruktur\u00a0"},"content":{"rendered":"<p>Eine durchdachte Gestaltung und Organisation des Veranstaltungsortes tr\u00e4gt wesentlich dazu bei, die Umweltbelastung zu reduzieren, Kosten zu senken und Ressourcen effizient zu nutzen.<br>Gut geplante Infrastrukturen minimieren Sch\u00e4den am Gel\u00e4nde, verringern Energie- und Materialaufwand und erleichtern die Logistik w\u00e4hrend der gesamten Veranstaltung.<\/p><h2 class=\"wp-block-heading\">Vor der Veranstaltung<\/h2><ul class=\"wp-block-list\"><li>Einen\u00a0<strong>Lageplan<\/strong>\u00a0mit allen zentralen Punkten erstellen (Eing\u00e4nge, Informationsstellen, Erste-Hilfe-Posten, Fundb\u00fcro, St\u00e4nde, Verpflegung, Parkpl\u00e4tze, Wettkampffl\u00e4chen, Aufw\u00e4rmzonen, Sitzpl\u00e4tze, VIP-Bereiche, WC, Umkleider\u00e4ume, barrierefreie Zug\u00e4nge usw.), um die Platzierung und Wege optimal zu planen.<\/li>\n\n<li>M\u00f6glichkeiten pr\u00fcfen, Infrastruktur\u00a0<strong>zu mieten statt zu kaufen<\/strong>\u00a0oder mit anderen Veranstaltungen\u00a0<strong>gemeinsam zu nutzen<\/strong>, um \u00f6kologische und wirtschaftliche Effizienz zu verbessern.<\/li>\n\n<li><strong>Wiederverwendbare modulare Strukturen<\/strong>\u00a0bevorzugen, die leicht auf- und abgebaut werden k\u00f6nnen und sich f\u00fcr zuk\u00fcnftige Veranstaltungen anpassen lassen.<\/li>\n\n<li>Materialien oder Objekte verwenden, die\u00a0<strong>wiederverwendbar und\/oder aus recycelten Stoffen<\/strong>\u00a0oder Bestandteilen bestehen.<\/li>\n\n<li>Den\u00a0<strong>Transportaufwand reduzieren<\/strong>, indem lokale Dienstleister und Materialien aus der Region genutzt werden.<\/li>\n\n<li><strong>Baumaterialien mit geringer Umweltbelastung<\/strong>\u00a0bevorzugen \u2013 erneuerbar, recycelt oder recycelbar, wie etwa Holz aus\u00a0<strong>100% FSC-zertifizierten Schweizer W\u00e4ldern<\/strong>.<\/li>\n\n<li>Wenn m\u00f6glich,\u00a0<strong>keine Verbundmaterialien<\/strong>\u00a0einsetzen oder Materialien getrennt und sortenrein sammeln, um das Recycling am Ende der Nutzung zu erleichtern.<\/li>\n\n<li><strong>Sicherheits- und Gesundheitseinrichtungen<\/strong>\u00a0einplanen (z. B. Sanit\u00e4tsposten, Erste-Hilfe-Stellen).\u00a0<\/li><\/ul><h2 class=\"wp-block-heading\">Nach der Veranstaltung<\/h2><ul class=\"wp-block-list\"><li>Eine\u00a0<strong>Bilanz<\/strong>\u00a0ziehen \u00fcber die verwendete Infrastruktur: Qualit\u00e4t, tats\u00e4chliche Nutzung, Funktionalit\u00e4t (praktisch, modular, \u00e4sthetisch) und M\u00f6glichkeiten der Wiederverwendung oder Optimierung.<\/li>\n\n<li>Erkenntnisse dokumentieren, um k\u00fcnftige Ausgaben effizienter und nachhaltiger zu gestalten.<\/li><\/ul><p><\/p>","protected":false},"excerpt":{"rendered":"<p>Eine durchdachte Gestaltung und Organisation des Veranstaltungsortes tr\u00e4gt wesentlich dazu bei, die Umweltbelastung zu reduzieren, Kosten zu senken und Ressourcen effizient zu nutzen.Gut geplante Infrastrukturen minimieren Sch\u00e4den am Gel\u00e4nde, verringern Energie- und Materialaufwand und erleichtern die Logistik w\u00e4hrend der gesamten Veranstaltung. Vor der Veranstaltung Nach der Veranstaltung<\/p>\n","protected":false},"featured_media":2151,"parent":0,"template":"","format":"standard","meta":{"_sitemap_exclude":false,"_sitemap_priority":"","_sitemap_frequency":"","_eventkit_link":"https:\/\/eventkit.ch\/wp-content\/uploads\/2025\/12\/4.9_Gestaltung_des_Standorts_und_der_Infrastruktur_EVENTKIT_FINAL.pdf"},"resource_category":[194],"audience":[],"contenttype":[104],"class_list":["post-2612","resource","type-resource","status-publish","format-standard","has-post-thumbnail","hentry","resource_category-energie-infrastruktur","contenttype-merkblatt"],"yoast_head":"<!-- This site is optimized with the Yoast SEO plugin v27.3 - https:\/\/yoast.com\/product\/yoast-seo-wordpress\/ -->\n<title>Gestaltung des Standorts und der Infrastruktur\u00a0 - EventKit<\/title>\n<meta name=\"robots\" content=\"index, follow, max-snippet:-1, max-image-preview:large, max-video-preview:-1\" \/>\n<link rel=\"canonical\" href=\"https:\/\/eventkit.ch\/?resource=gestaltung-des-standorts-und-der-infrastruktur\" \/>\n<meta property=\"og:locale\" content=\"de_DE\" \/>\n<meta property=\"og:type\" content=\"article\" \/>\n<meta property=\"og:title\" content=\"Gestaltung des Standorts und der Infrastruktur\u00a0 - EventKit\" \/>\n<meta property=\"og:description\" content=\"Eine durchdachte Gestaltung und Organisation des Veranstaltungsortes tr\u00e4gt wesentlich dazu bei, die Umweltbelastung zu reduzieren, Kosten zu senken und Ressourcen effizient zu nutzen.Gut geplante Infrastrukturen minimieren Sch\u00e4den am Gel\u00e4nde, verringern Energie- und Materialaufwand und erleichtern die Logistik w\u00e4hrend der gesamten Veranstaltung. Vor der Veranstaltung Nach der Veranstaltung\" \/>\n<meta property=\"og:url\" content=\"https:\/\/eventkit.ch\/?resource=gestaltung-des-standorts-und-der-infrastruktur\" \/>\n<meta property=\"og:site_name\" content=\"EventKit\" \/>\n<meta property=\"article:modified_time\" content=\"2026-03-23T15:52:30+00:00\" \/>\n<meta property=\"og:image\" content=\"https:\/\/eventkit.ch\/wp-content\/uploads\/2025\/12\/BEACH_GSTAAD_20220709_23862_kleiner.jpg\" \/>\n\t<meta property=\"og:image:width\" content=\"1102\" \/>\n\t<meta property=\"og:image:height\" content=\"735\" \/>\n\t<meta property=\"og:image:type\" content=\"image\/jpeg\" \/>\n<meta name=\"twitter:card\" content=\"summary_large_image\" \/>\n<meta name=\"twitter:label1\" content=\"Gesch\u00e4tzte Lesezeit\" \/>\n\t<meta name=\"twitter:data1\" content=\"2\u00a0Minuten\" \/>\n<script type=\"application\/ld+json\" class=\"yoast-schema-graph\">{\"@context\":\"https:\\\/\\\/schema.org\",\"@graph\":[{\"@type\":\"WebPage\",\"@id\":\"https:\\\/\\\/eventkit.ch\\\/?resource=gestaltung-des-standorts-und-der-infrastruktur\",\"url\":\"https:\\\/\\\/eventkit.ch\\\/?resource=gestaltung-des-standorts-und-der-infrastruktur\",\"name\":\"Gestaltung des Standorts und der Infrastruktur\u00a0 - EventKit\",\"isPartOf\":{\"@id\":\"https:\\\/\\\/eventkit.ch\\\/#website\"},\"primaryImageOfPage\":{\"@id\":\"https:\\\/\\\/eventkit.ch\\\/?resource=gestaltung-des-standorts-und-der-infrastruktur#primaryimage\"},\"image\":{\"@id\":\"https:\\\/\\\/eventkit.ch\\\/?resource=gestaltung-des-standorts-und-der-infrastruktur#primaryimage\"},\"thumbnailUrl\":\"https:\\\/\\\/eventkit.ch\\\/wp-content\\\/uploads\\\/2025\\\/12\\\/BEACH_GSTAAD_20220709_23862_kleiner.jpg\",\"datePublished\":\"2025-12-30T10:18:31+00:00\",\"dateModified\":\"2026-03-23T15:52:30+00:00\",\"breadcrumb\":{\"@id\":\"https:\\\/\\\/eventkit.ch\\\/?resource=gestaltung-des-standorts-und-der-infrastruktur#breadcrumb\"},\"inLanguage\":\"de\",\"potentialAction\":[{\"@type\":\"ReadAction\",\"target\":[\"https:\\\/\\\/eventkit.ch\\\/?resource=gestaltung-des-standorts-und-der-infrastruktur\"]}]},{\"@type\":\"ImageObject\",\"inLanguage\":\"de\",\"@id\":\"https:\\\/\\\/eventkit.ch\\\/?resource=gestaltung-des-standorts-und-der-infrastruktur#primaryimage\",\"url\":\"https:\\\/\\\/eventkit.ch\\\/wp-content\\\/uploads\\\/2025\\\/12\\\/BEACH_GSTAAD_20220709_23862_kleiner.jpg\",\"contentUrl\":\"https:\\\/\\\/eventkit.ch\\\/wp-content\\\/uploads\\\/2025\\\/12\\\/BEACH_GSTAAD_20220709_23862_kleiner.jpg\",\"width\":1102,\"height\":735,\"caption\":\"Beachvolley Pro Tour Gstaad 2022, am Samstag, 09. Juli 2022, in Gstaad. (Melanie Duchene) DIE BILDER DUERFEN NUR DEN VEREINBARTEN ZWECK GEBRAUCHT WERDEN, WEITERE NUTZUNGEN SIND MIT DER FOTOGRAFIN, MELANIE DUCHENE ABZUKLAEREN.\"},{\"@type\":\"BreadcrumbList\",\"@id\":\"https:\\\/\\\/eventkit.ch\\\/?resource=gestaltung-des-standorts-und-der-infrastruktur#breadcrumb\",\"itemListElement\":[{\"@type\":\"ListItem\",\"position\":1,\"name\":\"Home\",\"item\":\"https:\\\/\\\/eventkit.ch\\\/\"},{\"@type\":\"ListItem\",\"position\":2,\"name\":\"Merkbl\u00e4tter\",\"item\":\"https:\\\/\\\/eventkit.ch\\\/?post_type=resource&lang=fr\"},{\"@type\":\"ListItem\",\"position\":3,\"name\":\"Gestaltung des Standorts und der Infrastruktur\u00a0\"}]},{\"@type\":\"WebSite\",\"@id\":\"https:\\\/\\\/eventkit.ch\\\/#website\",\"url\":\"https:\\\/\\\/eventkit.ch\\\/\",\"name\":\"EventKit\",\"description\":\"Nachhaltigkeit, die wirkt: Dein Event im Check.\",\"publisher\":{\"@id\":\"https:\\\/\\\/eventkit.ch\\\/#organization\"},\"potentialAction\":[{\"@type\":\"SearchAction\",\"target\":{\"@type\":\"EntryPoint\",\"urlTemplate\":\"https:\\\/\\\/eventkit.ch\\\/?s={search_term_string}\"},\"query-input\":{\"@type\":\"PropertyValueSpecification\",\"valueRequired\":true,\"valueName\":\"search_term_string\"}}],\"inLanguage\":\"de\"},{\"@type\":\"Organization\",\"@id\":\"https:\\\/\\\/eventkit.ch\\\/#organization\",\"name\":\"EventKit\",\"url\":\"https:\\\/\\\/eventkit.ch\\\/\",\"logo\":{\"@type\":\"ImageObject\",\"inLanguage\":\"de\",\"@id\":\"https:\\\/\\\/eventkit.ch\\\/#\\\/schema\\\/logo\\\/image\\\/\",\"url\":\"https:\\\/\\\/eventkit.ch\\\/wp-content\\\/uploads\\\/2025\\\/11\\\/android-icon-144x144-1.png\",\"contentUrl\":\"https:\\\/\\\/eventkit.ch\\\/wp-content\\\/uploads\\\/2025\\\/11\\\/android-icon-144x144-1.png\",\"width\":144,\"height\":144,\"caption\":\"EventKit\"},\"image\":{\"@id\":\"https:\\\/\\\/eventkit.ch\\\/#\\\/schema\\\/logo\\\/image\\\/\"}}]}<\/script>\n<!-- \/ Yoast SEO plugin. -->","yoast_head_json":{"title":"Gestaltung des Standorts und der Infrastruktur\u00a0 - EventKit","robots":{"index":"index","follow":"follow","max-snippet":"max-snippet:-1","max-image-preview":"max-image-preview:large","max-video-preview":"max-video-preview:-1"},"canonical":"https:\/\/eventkit.ch\/?resource=gestaltung-des-standorts-und-der-infrastruktur","og_locale":"de_DE","og_type":"article","og_title":"Gestaltung des Standorts und der Infrastruktur\u00a0 - EventKit","og_description":"Eine durchdachte Gestaltung und Organisation des Veranstaltungsortes tr\u00e4gt wesentlich dazu bei, die Umweltbelastung zu reduzieren, Kosten zu senken und Ressourcen effizient zu nutzen.Gut geplante Infrastrukturen minimieren Sch\u00e4den am Gel\u00e4nde, verringern Energie- und Materialaufwand und erleichtern die Logistik w\u00e4hrend der gesamten Veranstaltung. Vor der Veranstaltung Nach der Veranstaltung","og_url":"https:\/\/eventkit.ch\/?resource=gestaltung-des-standorts-und-der-infrastruktur","og_site_name":"EventKit","article_modified_time":"2026-03-23T15:52:30+00:00","og_image":[{"width":1102,"height":735,"url":"https:\/\/eventkit.ch\/wp-content\/uploads\/2025\/12\/BEACH_GSTAAD_20220709_23862_kleiner.jpg","type":"image\/jpeg"}],"twitter_card":"summary_large_image","twitter_misc":{"Gesch\u00e4tzte Lesezeit":"2\u00a0Minuten"},"schema":{"@context":"https:\/\/schema.org","@graph":[{"@type":"WebPage","@id":"https:\/\/eventkit.ch\/?resource=gestaltung-des-standorts-und-der-infrastruktur","url":"https:\/\/eventkit.ch\/?resource=gestaltung-des-standorts-und-der-infrastruktur","name":"Gestaltung des Standorts und der Infrastruktur\u00a0 - EventKit","isPartOf":{"@id":"https:\/\/eventkit.ch\/#website"},"primaryImageOfPage":{"@id":"https:\/\/eventkit.ch\/?resource=gestaltung-des-standorts-und-der-infrastruktur#primaryimage"},"image":{"@id":"https:\/\/eventkit.ch\/?resource=gestaltung-des-standorts-und-der-infrastruktur#primaryimage"},"thumbnailUrl":"https:\/\/eventkit.ch\/wp-content\/uploads\/2025\/12\/BEACH_GSTAAD_20220709_23862_kleiner.jpg","datePublished":"2025-12-30T10:18:31+00:00","dateModified":"2026-03-23T15:52:30+00:00","breadcrumb":{"@id":"https:\/\/eventkit.ch\/?resource=gestaltung-des-standorts-und-der-infrastruktur#breadcrumb"},"inLanguage":"de","potentialAction":[{"@type":"ReadAction","target":["https:\/\/eventkit.ch\/?resource=gestaltung-des-standorts-und-der-infrastruktur"]}]},{"@type":"ImageObject","inLanguage":"de","@id":"https:\/\/eventkit.ch\/?resource=gestaltung-des-standorts-und-der-infrastruktur#primaryimage","url":"https:\/\/eventkit.ch\/wp-content\/uploads\/2025\/12\/BEACH_GSTAAD_20220709_23862_kleiner.jpg","contentUrl":"https:\/\/eventkit.ch\/wp-content\/uploads\/2025\/12\/BEACH_GSTAAD_20220709_23862_kleiner.jpg","width":1102,"height":735,"caption":"Beachvolley Pro Tour Gstaad 2022, am Samstag, 09. Juli 2022, in Gstaad. (Melanie Duchene) DIE BILDER DUERFEN NUR DEN VEREINBARTEN ZWECK GEBRAUCHT WERDEN, WEITERE NUTZUNGEN SIND MIT DER FOTOGRAFIN, MELANIE DUCHENE ABZUKLAEREN."},{"@type":"BreadcrumbList","@id":"https:\/\/eventkit.ch\/?resource=gestaltung-des-standorts-und-der-infrastruktur#breadcrumb","itemListElement":[{"@type":"ListItem","position":1,"name":"Home","item":"https:\/\/eventkit.ch\/"},{"@type":"ListItem","position":2,"name":"Merkbl\u00e4tter","item":"https:\/\/eventkit.ch\/?post_type=resource&lang=fr"},{"@type":"ListItem","position":3,"name":"Gestaltung des Standorts und der Infrastruktur\u00a0"}]},{"@type":"WebSite","@id":"https:\/\/eventkit.ch\/#website","url":"https:\/\/eventkit.ch\/","name":"EventKit","description":"Nachhaltigkeit, die wirkt: Dein Event im Check.","publisher":{"@id":"https:\/\/eventkit.ch\/#organization"},"potentialAction":[{"@type":"SearchAction","target":{"@type":"EntryPoint","urlTemplate":"https:\/\/eventkit.ch\/?s={search_term_string}"},"query-input":{"@type":"PropertyValueSpecification","valueRequired":true,"valueName":"search_term_string"}}],"inLanguage":"de"},{"@type":"Organization","@id":"https:\/\/eventkit.ch\/#organization","name":"EventKit","url":"https:\/\/eventkit.ch\/","logo":{"@type":"ImageObject","inLanguage":"de","@id":"https:\/\/eventkit.ch\/#\/schema\/logo\/image\/","url":"https:\/\/eventkit.ch\/wp-content\/uploads\/2025\/11\/android-icon-144x144-1.png","contentUrl":"https:\/\/eventkit.ch\/wp-content\/uploads\/2025\/11\/android-icon-144x144-1.png","width":144,"height":144,"caption":"EventKit"},"image":{"@id":"https:\/\/eventkit.ch\/#\/schema\/logo\/image\/"}}]}},"_links":{"self":[{"href":"https:\/\/eventkit.ch\/index.php?rest_route=\/wp\/v2\/resource\/2612","targetHints":{"allow":["GET"]}}],"collection":[{"href":"https:\/\/eventkit.ch\/index.php?rest_route=\/wp\/v2\/resource"}],"about":[{"href":"https:\/\/eventkit.ch\/index.php?rest_route=\/wp\/v2\/types\/resource"}],"wp:featuredmedia":[{"embeddable":true,"href":"https:\/\/eventkit.ch\/index.php?rest_route=\/wp\/v2\/media\/2151"}],"wp:attachment":[{"href":"https:\/\/eventkit.ch\/index.php?rest_route=%2Fwp%2Fv2%2Fmedia&parent=2612"}],"wp:term":[{"taxonomy":"resource_category","embeddable":true,"href":"https:\/\/eventkit.ch\/index.php?rest_route=%2Fwp%2Fv2%2Fresource_category&post=2612"},{"taxonomy":"audience","embeddable":true,"href":"https:\/\/eventkit.ch\/index.php?rest_route=%2Fwp%2Fv2%2Faudience&post=2612"},{"taxonomy":"contenttype","embeddable":true,"href":"https:\/\/eventkit.ch\/index.php?rest_route=%2Fwp%2Fv2%2Fcontenttype&post=2612"}],"curies":[{"name":"wp","href":"https:\/\/api.w.org\/{rel}","templated":true}]}}