{"id":2611,"date":"2025-12-30T10:11:29","date_gmt":"2025-12-30T10:11:29","guid":{"rendered":"https:\/\/eventkit.ch\/?post_type=resource&#038;p=2611"},"modified":"2026-03-23T17:53:06","modified_gmt":"2026-03-23T16:53:06","slug":"choisir-le-site","status":"publish","type":"resource","link":"https:\/\/eventkit.ch\/?resource=choisir-le-site&lang=fr","title":{"rendered":"Choisir le site"},"content":{"rendered":"<p>Le choix du site est un \u00e9l\u00e9ment d\u00e9terminant pour la r\u00e9ussite et la durabilit\u00e9 d\u2019une manifestation. Un lieu bien choisi facilite non seulement l\u2019organisation, mais permet aussi de r\u00e9duire consid\u00e9rablement l\u2019empreinte \u00e9cologique \u2013 en limitant les besoins en \u00e9nergie et en eau, les d\u00e9placements motoris\u00e9s et les nuisances pour l\u2019environnement et les riverains.<\/p><h2 class=\"wp-block-heading\">Avant la manifestation<\/h2><ul class=\"wp-block-list\"><li>D\u00e9finir les principaux crit\u00e8res de s\u00e9lection : nature et taille de la manifestation, nombre de personnes attendues, type d\u2019espace (int\u00e9rieur ou ext\u00e9rieur), exigences techniques et logistiques, etc.<\/li>\n\n<li>Privil\u00e9gier les sites\u00a0<strong>d\u00e9j\u00e0 \u00e9quip\u00e9s d\u2019infrastructures existantes<\/strong>\u00a0(raccordements \u00e0 l\u2019\u00e9lectricit\u00e9, \u00e0 l\u2019eau, sanitaires, etc.) et\u00a0<strong>facilement accessibles en transports publics<\/strong>.<\/li>\n\n<li>En collaboration avec la commune ou les services industriels, \u00e9tudier la possibilit\u00e9 d\u2019un\u00a0<strong>raccordement aux r\u00e9seaux existants<\/strong>\u00a0(\u00e9lectricit\u00e9, eau, assainissement).<\/li>\n\n<li>Pour les manifestations en plein air, choisir un site\u00a0<strong>sans sensibilit\u00e9 \u00e9cologique particuli\u00e8re<\/strong>\u00a0(\u00e9viter les zones prot\u00e9g\u00e9es, humides ou \u00e0 sols fragiles).<\/li>\n\n<li>V\u00e9rifier le\u00a0<strong>degr\u00e9 d\u2019acceptation du voisinage<\/strong>\u00a0pour le type d\u2019\u00e9v\u00e9nement pr\u00e9vu et anticiper les \u00e9ventuelles nuisances (bruit, circulation, stationnement).<\/li>\n\n<li>Garantir une\u00a0<strong>accessibilit\u00e9 universelle<\/strong>\u00a0du site : rampes d\u2019acc\u00e8s, chemins plans, signal\u00e9tique adapt\u00e9e et alternatives pour les personnes \u00e0 mobilit\u00e9 r\u00e9duite.\u00a0<\/li><\/ul><h2 class=\"wp-block-heading\">Apr\u00e8s la manifestation&nbsp;<\/h2><ul class=\"wp-block-list\"><li>\u00c9valuer la pertinence du site choisi selon les crit\u00e8res initiaux\u00a0<strong>: mobilit\u00e9, infrastructures, impacts environnementaux et accueil du public.<\/strong><\/li>\n\n<li>Documenter les enseignements pour am\u00e9liorer la s\u00e9lection du site lors des prochaines \u00e9ditions.<\/li><\/ul>","protected":false},"excerpt":{"rendered":"<p>Le choix du site est un \u00e9l\u00e9ment d\u00e9terminant pour la r\u00e9ussite et la durabilit\u00e9 d\u2019une manifestation. Un lieu bien choisi facilite non seulement l\u2019organisation, mais permet aussi de r\u00e9duire consid\u00e9rablement l\u2019empreinte \u00e9cologique \u2013 en limitant les besoins en \u00e9nergie et en eau, les d\u00e9placements motoris\u00e9s et les nuisances pour l\u2019environnement et les riverains. Avant la [&hellip;]<\/p>\n","protected":false},"featured_media":2543,"parent":0,"template":"","format":"standard","meta":{"_sitemap_exclude":false,"_sitemap_priority":"","_sitemap_frequency":"","_eventkit_link":"https:\/\/eventkit.ch\/wp-content\/uploads\/2025\/12\/4.8_Choisir_le_site_EVENTKIT_FINAL.pdf"},"resource_category":[204,208],"audience":[],"contenttype":[216],"class_list":["post-2611","resource","type-resource","status-publish","format-standard","has-post-thumbnail","hentry","resource_category-energie-infrastructures","resource_category-nature-paysage","contenttype-fiches-dinformation"],"yoast_head":"<!-- This site is optimized with the Yoast SEO plugin v27.3 - https:\/\/yoast.com\/product\/yoast-seo-wordpress\/ -->\n<title>Choisir le site - EventKit<\/title>\n<meta name=\"robots\" content=\"index, follow, max-snippet:-1, max-image-preview:large, max-video-preview:-1\" \/>\n<link rel=\"canonical\" href=\"https:\/\/eventkit.ch\/?resource=choisir-le-site&lang=fr\" \/>\n<meta property=\"og:locale\" content=\"de_DE\" \/>\n<meta property=\"og:type\" content=\"article\" \/>\n<meta property=\"og:title\" content=\"Choisir le site - EventKit\" \/>\n<meta property=\"og:description\" content=\"Le choix du site est un \u00e9l\u00e9ment d\u00e9terminant pour la r\u00e9ussite et la durabilit\u00e9 d\u2019une manifestation. Un lieu bien choisi facilite non seulement l\u2019organisation, mais permet aussi de r\u00e9duire consid\u00e9rablement l\u2019empreinte \u00e9cologique \u2013 en limitant les besoins en \u00e9nergie et en eau, les d\u00e9placements motoris\u00e9s et les nuisances pour l\u2019environnement et les riverains. Avant la [&hellip;]\" \/>\n<meta property=\"og:url\" content=\"https:\/\/eventkit.ch\/?resource=choisir-le-site&amp;lang=fr\" \/>\n<meta property=\"og:site_name\" content=\"EventKit\" \/>\n<meta property=\"article:modified_time\" content=\"2026-03-23T16:53:06+00:00\" \/>\n<meta property=\"og:image\" content=\"https:\/\/eventkit.ch\/wp-content\/uploads\/2025\/12\/csm_ESAF_2025_Veloparkplatz_b.jpeg\" \/>\n\t<meta property=\"og:image:width\" content=\"1100\" \/>\n\t<meta property=\"og:image:height\" content=\"734\" \/>\n\t<meta property=\"og:image:type\" content=\"image\/jpeg\" \/>\n<meta name=\"twitter:card\" content=\"summary_large_image\" \/>\n<meta name=\"twitter:label1\" content=\"Gesch\u00e4tzte Lesezeit\" \/>\n\t<meta name=\"twitter:data1\" content=\"2\u00a0Minuten\" \/>\n<script type=\"application\/ld+json\" class=\"yoast-schema-graph\">{\"@context\":\"https:\\\/\\\/schema.org\",\"@graph\":[{\"@type\":\"WebPage\",\"@id\":\"https:\\\/\\\/eventkit.ch\\\/?resource=choisir-le-site&lang=fr\",\"url\":\"https:\\\/\\\/eventkit.ch\\\/?resource=choisir-le-site&lang=fr\",\"name\":\"Choisir le site - EventKit\",\"isPartOf\":{\"@id\":\"https:\\\/\\\/eventkit.ch\\\/#website\"},\"primaryImageOfPage\":{\"@id\":\"https:\\\/\\\/eventkit.ch\\\/?resource=choisir-le-site&lang=fr#primaryimage\"},\"image\":{\"@id\":\"https:\\\/\\\/eventkit.ch\\\/?resource=choisir-le-site&lang=fr#primaryimage\"},\"thumbnailUrl\":\"https:\\\/\\\/eventkit.ch\\\/wp-content\\\/uploads\\\/2025\\\/12\\\/csm_ESAF_2025_Veloparkplatz_b.jpeg\",\"datePublished\":\"2025-12-30T10:11:29+00:00\",\"dateModified\":\"2026-03-23T16:53:06+00:00\",\"breadcrumb\":{\"@id\":\"https:\\\/\\\/eventkit.ch\\\/?resource=choisir-le-site&lang=fr#breadcrumb\"},\"inLanguage\":\"de\",\"potentialAction\":[{\"@type\":\"ReadAction\",\"target\":[\"https:\\\/\\\/eventkit.ch\\\/?resource=choisir-le-site&lang=fr\"]}]},{\"@type\":\"ImageObject\",\"inLanguage\":\"de\",\"@id\":\"https:\\\/\\\/eventkit.ch\\\/?resource=choisir-le-site&lang=fr#primaryimage\",\"url\":\"https:\\\/\\\/eventkit.ch\\\/wp-content\\\/uploads\\\/2025\\\/12\\\/csm_ESAF_2025_Veloparkplatz_b.jpeg\",\"contentUrl\":\"https:\\\/\\\/eventkit.ch\\\/wp-content\\\/uploads\\\/2025\\\/12\\\/csm_ESAF_2025_Veloparkplatz_b.jpeg\",\"width\":1100,\"height\":734},{\"@type\":\"BreadcrumbList\",\"@id\":\"https:\\\/\\\/eventkit.ch\\\/?resource=choisir-le-site&lang=fr#breadcrumb\",\"itemListElement\":[{\"@type\":\"ListItem\",\"position\":1,\"name\":\"Home\",\"item\":\"https:\\\/\\\/eventkit.ch\\\/\"},{\"@type\":\"ListItem\",\"position\":2,\"name\":\"Merkbl\u00e4tter\",\"item\":\"https:\\\/\\\/eventkit.ch\\\/?post_type=resource&lang=fr\"},{\"@type\":\"ListItem\",\"position\":3,\"name\":\"Choisir le site\"}]},{\"@type\":\"WebSite\",\"@id\":\"https:\\\/\\\/eventkit.ch\\\/#website\",\"url\":\"https:\\\/\\\/eventkit.ch\\\/\",\"name\":\"EventKit\",\"description\":\"Nachhaltigkeit, die wirkt: Dein Event im Check.\",\"publisher\":{\"@id\":\"https:\\\/\\\/eventkit.ch\\\/#organization\"},\"potentialAction\":[{\"@type\":\"SearchAction\",\"target\":{\"@type\":\"EntryPoint\",\"urlTemplate\":\"https:\\\/\\\/eventkit.ch\\\/?s={search_term_string}\"},\"query-input\":{\"@type\":\"PropertyValueSpecification\",\"valueRequired\":true,\"valueName\":\"search_term_string\"}}],\"inLanguage\":\"de\"},{\"@type\":\"Organization\",\"@id\":\"https:\\\/\\\/eventkit.ch\\\/#organization\",\"name\":\"EventKit\",\"url\":\"https:\\\/\\\/eventkit.ch\\\/\",\"logo\":{\"@type\":\"ImageObject\",\"inLanguage\":\"de\",\"@id\":\"https:\\\/\\\/eventkit.ch\\\/#\\\/schema\\\/logo\\\/image\\\/\",\"url\":\"https:\\\/\\\/eventkit.ch\\\/wp-content\\\/uploads\\\/2025\\\/11\\\/android-icon-144x144-1.png\",\"contentUrl\":\"https:\\\/\\\/eventkit.ch\\\/wp-content\\\/uploads\\\/2025\\\/11\\\/android-icon-144x144-1.png\",\"width\":144,\"height\":144,\"caption\":\"EventKit\"},\"image\":{\"@id\":\"https:\\\/\\\/eventkit.ch\\\/#\\\/schema\\\/logo\\\/image\\\/\"}}]}<\/script>\n<!-- \/ Yoast SEO plugin. -->","yoast_head_json":{"title":"Choisir le site - EventKit","robots":{"index":"index","follow":"follow","max-snippet":"max-snippet:-1","max-image-preview":"max-image-preview:large","max-video-preview":"max-video-preview:-1"},"canonical":"https:\/\/eventkit.ch\/?resource=choisir-le-site&lang=fr","og_locale":"de_DE","og_type":"article","og_title":"Choisir le site - EventKit","og_description":"Le choix du site est un \u00e9l\u00e9ment d\u00e9terminant pour la r\u00e9ussite et la durabilit\u00e9 d\u2019une manifestation. Un lieu bien choisi facilite non seulement l\u2019organisation, mais permet aussi de r\u00e9duire consid\u00e9rablement l\u2019empreinte \u00e9cologique \u2013 en limitant les besoins en \u00e9nergie et en eau, les d\u00e9placements motoris\u00e9s et les nuisances pour l\u2019environnement et les riverains. Avant la [&hellip;]","og_url":"https:\/\/eventkit.ch\/?resource=choisir-le-site&lang=fr","og_site_name":"EventKit","article_modified_time":"2026-03-23T16:53:06+00:00","og_image":[{"width":1100,"height":734,"url":"https:\/\/eventkit.ch\/wp-content\/uploads\/2025\/12\/csm_ESAF_2025_Veloparkplatz_b.jpeg","type":"image\/jpeg"}],"twitter_card":"summary_large_image","twitter_misc":{"Gesch\u00e4tzte Lesezeit":"2\u00a0Minuten"},"schema":{"@context":"https:\/\/schema.org","@graph":[{"@type":"WebPage","@id":"https:\/\/eventkit.ch\/?resource=choisir-le-site&lang=fr","url":"https:\/\/eventkit.ch\/?resource=choisir-le-site&lang=fr","name":"Choisir le site - EventKit","isPartOf":{"@id":"https:\/\/eventkit.ch\/#website"},"primaryImageOfPage":{"@id":"https:\/\/eventkit.ch\/?resource=choisir-le-site&lang=fr#primaryimage"},"image":{"@id":"https:\/\/eventkit.ch\/?resource=choisir-le-site&lang=fr#primaryimage"},"thumbnailUrl":"https:\/\/eventkit.ch\/wp-content\/uploads\/2025\/12\/csm_ESAF_2025_Veloparkplatz_b.jpeg","datePublished":"2025-12-30T10:11:29+00:00","dateModified":"2026-03-23T16:53:06+00:00","breadcrumb":{"@id":"https:\/\/eventkit.ch\/?resource=choisir-le-site&lang=fr#breadcrumb"},"inLanguage":"de","potentialAction":[{"@type":"ReadAction","target":["https:\/\/eventkit.ch\/?resource=choisir-le-site&lang=fr"]}]},{"@type":"ImageObject","inLanguage":"de","@id":"https:\/\/eventkit.ch\/?resource=choisir-le-site&lang=fr#primaryimage","url":"https:\/\/eventkit.ch\/wp-content\/uploads\/2025\/12\/csm_ESAF_2025_Veloparkplatz_b.jpeg","contentUrl":"https:\/\/eventkit.ch\/wp-content\/uploads\/2025\/12\/csm_ESAF_2025_Veloparkplatz_b.jpeg","width":1100,"height":734},{"@type":"BreadcrumbList","@id":"https:\/\/eventkit.ch\/?resource=choisir-le-site&lang=fr#breadcrumb","itemListElement":[{"@type":"ListItem","position":1,"name":"Home","item":"https:\/\/eventkit.ch\/"},{"@type":"ListItem","position":2,"name":"Merkbl\u00e4tter","item":"https:\/\/eventkit.ch\/?post_type=resource&lang=fr"},{"@type":"ListItem","position":3,"name":"Choisir le site"}]},{"@type":"WebSite","@id":"https:\/\/eventkit.ch\/#website","url":"https:\/\/eventkit.ch\/","name":"EventKit","description":"Nachhaltigkeit, die wirkt: Dein Event im Check.","publisher":{"@id":"https:\/\/eventkit.ch\/#organization"},"potentialAction":[{"@type":"SearchAction","target":{"@type":"EntryPoint","urlTemplate":"https:\/\/eventkit.ch\/?s={search_term_string}"},"query-input":{"@type":"PropertyValueSpecification","valueRequired":true,"valueName":"search_term_string"}}],"inLanguage":"de"},{"@type":"Organization","@id":"https:\/\/eventkit.ch\/#organization","name":"EventKit","url":"https:\/\/eventkit.ch\/","logo":{"@type":"ImageObject","inLanguage":"de","@id":"https:\/\/eventkit.ch\/#\/schema\/logo\/image\/","url":"https:\/\/eventkit.ch\/wp-content\/uploads\/2025\/11\/android-icon-144x144-1.png","contentUrl":"https:\/\/eventkit.ch\/wp-content\/uploads\/2025\/11\/android-icon-144x144-1.png","width":144,"height":144,"caption":"EventKit"},"image":{"@id":"https:\/\/eventkit.ch\/#\/schema\/logo\/image\/"}}]}},"_links":{"self":[{"href":"https:\/\/eventkit.ch\/index.php?rest_route=\/wp\/v2\/resource\/2611","targetHints":{"allow":["GET"]}}],"collection":[{"href":"https:\/\/eventkit.ch\/index.php?rest_route=\/wp\/v2\/resource"}],"about":[{"href":"https:\/\/eventkit.ch\/index.php?rest_route=\/wp\/v2\/types\/resource"}],"wp:featuredmedia":[{"embeddable":true,"href":"https:\/\/eventkit.ch\/index.php?rest_route=\/wp\/v2\/media\/2543"}],"wp:attachment":[{"href":"https:\/\/eventkit.ch\/index.php?rest_route=%2Fwp%2Fv2%2Fmedia&parent=2611"}],"wp:term":[{"taxonomy":"resource_category","embeddable":true,"href":"https:\/\/eventkit.ch\/index.php?rest_route=%2Fwp%2Fv2%2Fresource_category&post=2611"},{"taxonomy":"audience","embeddable":true,"href":"https:\/\/eventkit.ch\/index.php?rest_route=%2Fwp%2Fv2%2Faudience&post=2611"},{"taxonomy":"contenttype","embeddable":true,"href":"https:\/\/eventkit.ch\/index.php?rest_route=%2Fwp%2Fv2%2Fcontenttype&post=2611"}],"curies":[{"name":"wp","href":"https:\/\/api.w.org\/{rel}","templated":true}]}}