{"id":2609,"date":"2025-12-30T10:11:29","date_gmt":"2025-12-30T10:11:29","guid":{"rendered":"https:\/\/eventkit.ch\/?post_type=resource&#038;p=2609"},"modified":"2026-03-23T17:43:30","modified_gmt":"2026-03-23T16:43:30","slug":"wahl-des-standorts","status":"publish","type":"resource","link":"https:\/\/eventkit.ch\/?resource=wahl-des-standorts","title":{"rendered":"Wahl des Standorts\u00a0"},"content":{"rendered":"<p>Die Wahl des Veranstaltungsortes ist ein zentraler Faktor f\u00fcr den Erfolg und die Nachhaltigkeit einer Veranstaltung.<br>Ein gut gew\u00e4hlter Standort tr\u00e4gt nicht nur zur reibungslosen Organisation bei, sondern reduziert auch den \u00f6kologischen Fussabdruck \u2013 insbesondere durch geringeren Energie- und Wasserverbrauch, weniger Verkehr und geringere L\u00e4rmbelastung.<\/p><h2 class=\"wp-block-heading\">Vor der Veranstaltung<\/h2><ul class=\"wp-block-list\"><li>Die wichtigsten Auswahlkriterien definieren: Art und Gr\u00f6sse der Veranstaltung, Anzahl der erwarteten Personen, Innen- oder Aussenbereich, technische Anforderungen, logistische Bed\u00fcrfnisse usw.<\/li>\n\n<li>Standorte bevorzugen, die\u00a0<strong>bereits \u00fcber bestehende Infrastrukturen<\/strong>\u00a0verf\u00fcgen (z. B. Strom- und Wasseranschl\u00fcsse, sanit\u00e4re Anlagen) und\u00a0<strong>gut an den \u00f6ffentlichen Verkehr angebunden<\/strong>\u00a0sind.<\/li>\n\n<li>In Zusammenarbeit mit der Gemeinde oder den Stadtwerken die M\u00f6glichkeit eines Anschlusses an das bestehende\u00a0<strong>Strom-, Wasser- und Abwassernetz<\/strong>\u00a0pr\u00fcfen.<\/li>\n\n<li>Bei\u00a0<strong>Freiluftveranstaltungen\u00a0<\/strong>Fl\u00e4chen w\u00e4hlen, die\u00a0<strong>keine besondere \u00f6kologische Empfindlichkeit aufweisen<\/strong>\u00a0(z. B. Schutzgebiete, Feuchtzonen oder sensible B\u00f6den vermeiden).<\/li>\n\n<li>Die\u00a0<strong>Akzeptanz der Anwohnerinnen und Anwohner<\/strong>\u00a0f\u00fcr die geplante Veranstaltung fr\u00fchzeitig abkl\u00e4ren und m\u00f6gliche L\u00e4rm- oder Verkehrsbelastungen ber\u00fccksichtigen.<\/li>\n\n<li>Darauf achten, dass der Standort\u00a0<strong>barrierefrei\u00a0<\/strong>zug\u00e4nglich ist: Rampen, ebene Zugangswege und geeignete Infrastrukturen f\u00fcr Personen mit eingeschr\u00e4nkter Mobilit\u00e4t bereitstellen.<\/li><\/ul><h2 class=\"wp-block-heading\">Nach der Veranstaltung<\/h2><ul class=\"wp-block-list\"><li>Die Standortwahl evaluieren: War der Ort in Bezug auf\u00a0<strong>Mobilit\u00e4t, Infrastruktur,<\/strong>\u00a0<strong>Umweltvertr\u00e4glichkeit und Akzeptanz<\/strong>\u00a0geeignet?<\/li>\n\n<li>Erkenntnisse dokumentieren, um sie bei der Planung zuk\u00fcnftiger Veranstaltungen zu ber\u00fccksichtigen.<\/li><\/ul><p><\/p>","protected":false},"excerpt":{"rendered":"<p>Die Wahl des Veranstaltungsortes ist ein zentraler Faktor f\u00fcr den Erfolg und die Nachhaltigkeit einer Veranstaltung.Ein gut gew\u00e4hlter Standort tr\u00e4gt nicht nur zur reibungslosen Organisation bei, sondern reduziert auch den \u00f6kologischen Fussabdruck \u2013 insbesondere durch geringeren Energie- und Wasserverbrauch, weniger Verkehr und geringere L\u00e4rmbelastung. Vor der Veranstaltung Nach der Veranstaltung<\/p>\n","protected":false},"featured_media":2543,"parent":0,"template":"","format":"standard","meta":{"_sitemap_exclude":false,"_sitemap_priority":"","_sitemap_frequency":"","_eventkit_link":"https:\/\/eventkit.ch\/wp-content\/uploads\/2025\/12\/4.8_Wahl_des_Standorts_EVENTKIT_FINAL.pdf"},"resource_category":[194,196],"audience":[],"contenttype":[104],"class_list":["post-2609","resource","type-resource","status-publish","format-standard","has-post-thumbnail","hentry","resource_category-energie-infrastruktur","resource_category-natur-landschaft","contenttype-merkblatt"],"yoast_head":"<!-- This site is optimized with the Yoast SEO plugin v27.3 - https:\/\/yoast.com\/product\/yoast-seo-wordpress\/ -->\n<title>Wahl des Standorts\u00a0 - EventKit<\/title>\n<meta name=\"robots\" content=\"index, follow, max-snippet:-1, max-image-preview:large, max-video-preview:-1\" \/>\n<link rel=\"canonical\" href=\"https:\/\/eventkit.ch\/?resource=wahl-des-standorts\" \/>\n<meta property=\"og:locale\" content=\"de_DE\" \/>\n<meta property=\"og:type\" content=\"article\" \/>\n<meta property=\"og:title\" content=\"Wahl des Standorts\u00a0 - EventKit\" \/>\n<meta property=\"og:description\" content=\"Die Wahl des Veranstaltungsortes ist ein zentraler Faktor f\u00fcr den Erfolg und die Nachhaltigkeit einer Veranstaltung.Ein gut gew\u00e4hlter Standort tr\u00e4gt nicht nur zur reibungslosen Organisation bei, sondern reduziert auch den \u00f6kologischen Fussabdruck \u2013 insbesondere durch geringeren Energie- und Wasserverbrauch, weniger Verkehr und geringere L\u00e4rmbelastung. Vor der Veranstaltung Nach der Veranstaltung\" \/>\n<meta property=\"og:url\" content=\"https:\/\/eventkit.ch\/?resource=wahl-des-standorts\" \/>\n<meta property=\"og:site_name\" content=\"EventKit\" \/>\n<meta property=\"article:modified_time\" content=\"2026-03-23T16:43:30+00:00\" \/>\n<meta property=\"og:image\" content=\"https:\/\/eventkit.ch\/wp-content\/uploads\/2025\/12\/csm_ESAF_2025_Veloparkplatz_b.jpeg\" \/>\n\t<meta property=\"og:image:width\" content=\"1100\" \/>\n\t<meta property=\"og:image:height\" content=\"734\" \/>\n\t<meta property=\"og:image:type\" content=\"image\/jpeg\" \/>\n<meta name=\"twitter:card\" content=\"summary_large_image\" \/>\n<meta name=\"twitter:label1\" content=\"Gesch\u00e4tzte Lesezeit\" \/>\n\t<meta name=\"twitter:data1\" content=\"2\u00a0Minuten\" \/>\n<script type=\"application\/ld+json\" class=\"yoast-schema-graph\">{\"@context\":\"https:\\\/\\\/schema.org\",\"@graph\":[{\"@type\":\"WebPage\",\"@id\":\"https:\\\/\\\/eventkit.ch\\\/?resource=wahl-des-standorts\",\"url\":\"https:\\\/\\\/eventkit.ch\\\/?resource=wahl-des-standorts\",\"name\":\"Wahl des Standorts\u00a0 - EventKit\",\"isPartOf\":{\"@id\":\"https:\\\/\\\/eventkit.ch\\\/#website\"},\"primaryImageOfPage\":{\"@id\":\"https:\\\/\\\/eventkit.ch\\\/?resource=wahl-des-standorts#primaryimage\"},\"image\":{\"@id\":\"https:\\\/\\\/eventkit.ch\\\/?resource=wahl-des-standorts#primaryimage\"},\"thumbnailUrl\":\"https:\\\/\\\/eventkit.ch\\\/wp-content\\\/uploads\\\/2025\\\/12\\\/csm_ESAF_2025_Veloparkplatz_b.jpeg\",\"datePublished\":\"2025-12-30T10:11:29+00:00\",\"dateModified\":\"2026-03-23T16:43:30+00:00\",\"breadcrumb\":{\"@id\":\"https:\\\/\\\/eventkit.ch\\\/?resource=wahl-des-standorts#breadcrumb\"},\"inLanguage\":\"de\",\"potentialAction\":[{\"@type\":\"ReadAction\",\"target\":[\"https:\\\/\\\/eventkit.ch\\\/?resource=wahl-des-standorts\"]}]},{\"@type\":\"ImageObject\",\"inLanguage\":\"de\",\"@id\":\"https:\\\/\\\/eventkit.ch\\\/?resource=wahl-des-standorts#primaryimage\",\"url\":\"https:\\\/\\\/eventkit.ch\\\/wp-content\\\/uploads\\\/2025\\\/12\\\/csm_ESAF_2025_Veloparkplatz_b.jpeg\",\"contentUrl\":\"https:\\\/\\\/eventkit.ch\\\/wp-content\\\/uploads\\\/2025\\\/12\\\/csm_ESAF_2025_Veloparkplatz_b.jpeg\",\"width\":1100,\"height\":734},{\"@type\":\"BreadcrumbList\",\"@id\":\"https:\\\/\\\/eventkit.ch\\\/?resource=wahl-des-standorts#breadcrumb\",\"itemListElement\":[{\"@type\":\"ListItem\",\"position\":1,\"name\":\"Home\",\"item\":\"https:\\\/\\\/eventkit.ch\\\/\"},{\"@type\":\"ListItem\",\"position\":2,\"name\":\"Merkbl\u00e4tter\",\"item\":\"https:\\\/\\\/eventkit.ch\\\/?post_type=resource&lang=fr\"},{\"@type\":\"ListItem\",\"position\":3,\"name\":\"Wahl des Standorts\u00a0\"}]},{\"@type\":\"WebSite\",\"@id\":\"https:\\\/\\\/eventkit.ch\\\/#website\",\"url\":\"https:\\\/\\\/eventkit.ch\\\/\",\"name\":\"EventKit\",\"description\":\"Nachhaltigkeit, die wirkt: Dein Event im Check.\",\"publisher\":{\"@id\":\"https:\\\/\\\/eventkit.ch\\\/#organization\"},\"potentialAction\":[{\"@type\":\"SearchAction\",\"target\":{\"@type\":\"EntryPoint\",\"urlTemplate\":\"https:\\\/\\\/eventkit.ch\\\/?s={search_term_string}\"},\"query-input\":{\"@type\":\"PropertyValueSpecification\",\"valueRequired\":true,\"valueName\":\"search_term_string\"}}],\"inLanguage\":\"de\"},{\"@type\":\"Organization\",\"@id\":\"https:\\\/\\\/eventkit.ch\\\/#organization\",\"name\":\"EventKit\",\"url\":\"https:\\\/\\\/eventkit.ch\\\/\",\"logo\":{\"@type\":\"ImageObject\",\"inLanguage\":\"de\",\"@id\":\"https:\\\/\\\/eventkit.ch\\\/#\\\/schema\\\/logo\\\/image\\\/\",\"url\":\"https:\\\/\\\/eventkit.ch\\\/wp-content\\\/uploads\\\/2025\\\/11\\\/android-icon-144x144-1.png\",\"contentUrl\":\"https:\\\/\\\/eventkit.ch\\\/wp-content\\\/uploads\\\/2025\\\/11\\\/android-icon-144x144-1.png\",\"width\":144,\"height\":144,\"caption\":\"EventKit\"},\"image\":{\"@id\":\"https:\\\/\\\/eventkit.ch\\\/#\\\/schema\\\/logo\\\/image\\\/\"}}]}<\/script>\n<!-- \/ Yoast SEO plugin. -->","yoast_head_json":{"title":"Wahl des Standorts\u00a0 - EventKit","robots":{"index":"index","follow":"follow","max-snippet":"max-snippet:-1","max-image-preview":"max-image-preview:large","max-video-preview":"max-video-preview:-1"},"canonical":"https:\/\/eventkit.ch\/?resource=wahl-des-standorts","og_locale":"de_DE","og_type":"article","og_title":"Wahl des Standorts\u00a0 - EventKit","og_description":"Die Wahl des Veranstaltungsortes ist ein zentraler Faktor f\u00fcr den Erfolg und die Nachhaltigkeit einer Veranstaltung.Ein gut gew\u00e4hlter Standort tr\u00e4gt nicht nur zur reibungslosen Organisation bei, sondern reduziert auch den \u00f6kologischen Fussabdruck \u2013 insbesondere durch geringeren Energie- und Wasserverbrauch, weniger Verkehr und geringere L\u00e4rmbelastung. Vor der Veranstaltung Nach der Veranstaltung","og_url":"https:\/\/eventkit.ch\/?resource=wahl-des-standorts","og_site_name":"EventKit","article_modified_time":"2026-03-23T16:43:30+00:00","og_image":[{"width":1100,"height":734,"url":"https:\/\/eventkit.ch\/wp-content\/uploads\/2025\/12\/csm_ESAF_2025_Veloparkplatz_b.jpeg","type":"image\/jpeg"}],"twitter_card":"summary_large_image","twitter_misc":{"Gesch\u00e4tzte Lesezeit":"2\u00a0Minuten"},"schema":{"@context":"https:\/\/schema.org","@graph":[{"@type":"WebPage","@id":"https:\/\/eventkit.ch\/?resource=wahl-des-standorts","url":"https:\/\/eventkit.ch\/?resource=wahl-des-standorts","name":"Wahl des Standorts\u00a0 - EventKit","isPartOf":{"@id":"https:\/\/eventkit.ch\/#website"},"primaryImageOfPage":{"@id":"https:\/\/eventkit.ch\/?resource=wahl-des-standorts#primaryimage"},"image":{"@id":"https:\/\/eventkit.ch\/?resource=wahl-des-standorts#primaryimage"},"thumbnailUrl":"https:\/\/eventkit.ch\/wp-content\/uploads\/2025\/12\/csm_ESAF_2025_Veloparkplatz_b.jpeg","datePublished":"2025-12-30T10:11:29+00:00","dateModified":"2026-03-23T16:43:30+00:00","breadcrumb":{"@id":"https:\/\/eventkit.ch\/?resource=wahl-des-standorts#breadcrumb"},"inLanguage":"de","potentialAction":[{"@type":"ReadAction","target":["https:\/\/eventkit.ch\/?resource=wahl-des-standorts"]}]},{"@type":"ImageObject","inLanguage":"de","@id":"https:\/\/eventkit.ch\/?resource=wahl-des-standorts#primaryimage","url":"https:\/\/eventkit.ch\/wp-content\/uploads\/2025\/12\/csm_ESAF_2025_Veloparkplatz_b.jpeg","contentUrl":"https:\/\/eventkit.ch\/wp-content\/uploads\/2025\/12\/csm_ESAF_2025_Veloparkplatz_b.jpeg","width":1100,"height":734},{"@type":"BreadcrumbList","@id":"https:\/\/eventkit.ch\/?resource=wahl-des-standorts#breadcrumb","itemListElement":[{"@type":"ListItem","position":1,"name":"Home","item":"https:\/\/eventkit.ch\/"},{"@type":"ListItem","position":2,"name":"Merkbl\u00e4tter","item":"https:\/\/eventkit.ch\/?post_type=resource&lang=fr"},{"@type":"ListItem","position":3,"name":"Wahl des Standorts\u00a0"}]},{"@type":"WebSite","@id":"https:\/\/eventkit.ch\/#website","url":"https:\/\/eventkit.ch\/","name":"EventKit","description":"Nachhaltigkeit, die wirkt: Dein Event im Check.","publisher":{"@id":"https:\/\/eventkit.ch\/#organization"},"potentialAction":[{"@type":"SearchAction","target":{"@type":"EntryPoint","urlTemplate":"https:\/\/eventkit.ch\/?s={search_term_string}"},"query-input":{"@type":"PropertyValueSpecification","valueRequired":true,"valueName":"search_term_string"}}],"inLanguage":"de"},{"@type":"Organization","@id":"https:\/\/eventkit.ch\/#organization","name":"EventKit","url":"https:\/\/eventkit.ch\/","logo":{"@type":"ImageObject","inLanguage":"de","@id":"https:\/\/eventkit.ch\/#\/schema\/logo\/image\/","url":"https:\/\/eventkit.ch\/wp-content\/uploads\/2025\/11\/android-icon-144x144-1.png","contentUrl":"https:\/\/eventkit.ch\/wp-content\/uploads\/2025\/11\/android-icon-144x144-1.png","width":144,"height":144,"caption":"EventKit"},"image":{"@id":"https:\/\/eventkit.ch\/#\/schema\/logo\/image\/"}}]}},"_links":{"self":[{"href":"https:\/\/eventkit.ch\/index.php?rest_route=\/wp\/v2\/resource\/2609","targetHints":{"allow":["GET"]}}],"collection":[{"href":"https:\/\/eventkit.ch\/index.php?rest_route=\/wp\/v2\/resource"}],"about":[{"href":"https:\/\/eventkit.ch\/index.php?rest_route=\/wp\/v2\/types\/resource"}],"wp:featuredmedia":[{"embeddable":true,"href":"https:\/\/eventkit.ch\/index.php?rest_route=\/wp\/v2\/media\/2543"}],"wp:attachment":[{"href":"https:\/\/eventkit.ch\/index.php?rest_route=%2Fwp%2Fv2%2Fmedia&parent=2609"}],"wp:term":[{"taxonomy":"resource_category","embeddable":true,"href":"https:\/\/eventkit.ch\/index.php?rest_route=%2Fwp%2Fv2%2Fresource_category&post=2609"},{"taxonomy":"audience","embeddable":true,"href":"https:\/\/eventkit.ch\/index.php?rest_route=%2Fwp%2Fv2%2Faudience&post=2609"},{"taxonomy":"contenttype","embeddable":true,"href":"https:\/\/eventkit.ch\/index.php?rest_route=%2Fwp%2Fv2%2Fcontenttype&post=2609"}],"curies":[{"name":"wp","href":"https:\/\/api.w.org\/{rel}","templated":true}]}}