{"id":2605,"date":"2025-12-30T09:39:42","date_gmt":"2025-12-30T09:39:42","guid":{"rendered":"https:\/\/eventkit.ch\/?post_type=resource&#038;p=2605"},"modified":"2026-03-23T18:03:06","modified_gmt":"2026-03-23T17:03:06","slug":"limiter-la-consommation-des-appareils-electriques","status":"publish","type":"resource","link":"https:\/\/eventkit.ch\/?resource=limiter-la-consommation-des-appareils-electriques&lang=fr","title":{"rendered":"Limiter la consommation des appareils \u00e9lectriques"},"content":{"rendered":"<p>Le choix et l\u2019utilisation des appareils \u00e9lectriques ont un impact significatif sur la consommation d\u2019\u00e9nergie et les co\u00fbts d\u2019une manifestation. Avant tout achat ou location, il convient de se demander si l\u2019appareil est r\u00e9ellement indispensable. L\u2019\u00e9tiquette-\u00e9nergie facilite l\u2019\u00e9valuation de l\u2019efficacit\u00e9 \u00e9nerg\u00e9tique : les appareils de classe\u00a0<strong>A\u00a0<\/strong>sont les plus performants, tandis que ceux de classe\u00a0<strong>G<\/strong>\u00a0sont les plus \u00e9nergivores. Un r\u00e9frig\u00e9rateur de classe\u00a0<strong>A<\/strong>\u00a0consomme environ 40 % d\u2019\u00e9nergie en moins qu\u2019un mod\u00e8le de classe\u00a0<strong>C<\/strong>. Outre la performance \u00e9nerg\u00e9tique, d\u2019autres crit\u00e8res de durabilit\u00e9 sont \u00e0 consid\u00e9rer : la provenance des mat\u00e9riaux, la dur\u00e9e de vie, la r\u00e9parabilit\u00e9 et les conditions d\u2019\u00e9limination.<\/p><h2 class=\"wp-block-heading\">Avant la manifestation\u00a0<\/h2><ul class=\"wp-block-list\"><li>Analyser pr\u00e9cis\u00e9ment les besoins en appareils \u00e9lectriques et limiter leur nombre au strict n\u00e9cessaire.<\/li>\n\n<li>Choisir des appareils adapt\u00e9s aux besoins r\u00e9els afin d\u2019\u00e9viter toute surconsommation.<\/li>\n\n<li>Privil\u00e9gier la location plut\u00f4t que l\u2019achat lorsque cela est possible.<\/li>\n\n<li>\u00c9viter les appareils fonctionnant avec des piles jetables.<\/li>\n\n<li>S\u00e9lectionner des appareils \u00e9conomes sur la base de l\u2019\u00e9tiquette-\u00e9nergie (classes\u00a0<strong>A \u00e0 C<\/strong>).<\/li>\n\n<li>Favoriser les appareils durables, r\u00e9parables ou \u00e9volutifs (par ajout de composants ou mise \u00e0 jour logicielle).<\/li>\n\n<li>Sensibiliser les collaborateurse personnel et mettre en place des consignes pour \u00e9teindre syst\u00e9matiquement les appareils inutilis\u00e9s.<\/li>\n\n<li>Privil\u00e9gier les appareils fabriqu\u00e9s \u00e0 partir de plastique recycl\u00e9 ou de mat\u00e9riaux recyclables.<\/li>\n\n<li>Choisir des fournisseurs engag\u00e9s dans des d\u00e9marches responsables, tels que le\u00a0<strong>Code de conduite de l\u2019Electronic Industry Citizenship Coalition (EICC) ou l\u2019Extractive Industries Transparency Initiative (EITI).<\/strong><\/li><\/ul><h2 class=\"wp-block-heading\">Pendant la manifestation<\/h2><ul class=\"wp-block-list\"><li>\u00c9teindre ou d\u00e9brancher les appareils \u00e9lectriques non utilis\u00e9s.<\/li><\/ul><h2 class=\"wp-block-heading\">Apr\u00e8s la manifestation&nbsp;<\/h2><ul class=\"wp-block-list\"><li>\u00c9liminer correctement les appareils en fin de vie via le fournisseur ou les points de collecte officiels.<\/li>\n\n<li>Recycler les piles et batteries via les fili\u00e8res agr\u00e9\u00e9es.<\/li>\n\n<li>Analyser la consommation \u00e9lectrique en comparant les donn\u00e9es ou factures d\u2019une \u00e9dition \u00e0 l\u2019autre, afin d\u2019identifier les \u00e9conomies r\u00e9alis\u00e9es et les pistes d\u2019am\u00e9lioration (en tenant compte des conditions particuli\u00e8res : m\u00e9t\u00e9o, infrastructures, etc.).\u00a0<\/li><\/ul>","protected":false},"excerpt":{"rendered":"<p>Le choix et l\u2019utilisation des appareils \u00e9lectriques ont un impact significatif sur la consommation d\u2019\u00e9nergie et les co\u00fbts d\u2019une manifestation. Avant tout achat ou location, il convient de se demander si l\u2019appareil est r\u00e9ellement indispensable. L\u2019\u00e9tiquette-\u00e9nergie facilite l\u2019\u00e9valuation de l\u2019efficacit\u00e9 \u00e9nerg\u00e9tique : les appareils de classe\u00a0A\u00a0sont les plus performants, tandis que ceux de classe\u00a0G\u00a0sont les [&hellip;]<\/p>\n","protected":false},"featured_media":1773,"parent":0,"template":"","format":"standard","meta":{"_sitemap_exclude":false,"_sitemap_priority":"","_sitemap_frequency":"","_eventkit_link":"https:\/\/eventkit.ch\/wp-content\/uploads\/2025\/12\/4.6_Limiter_la_consommation_des_appareils_electriques_EVENTKIT_FINAL.pdf"},"resource_category":[204],"audience":[],"contenttype":[216],"class_list":["post-2605","resource","type-resource","status-publish","format-standard","has-post-thumbnail","hentry","resource_category-energie-infrastructures","contenttype-fiches-dinformation"],"yoast_head":"<!-- This site is optimized with the Yoast SEO plugin v27.3 - https:\/\/yoast.com\/product\/yoast-seo-wordpress\/ -->\n<title>Limiter la consommation des appareils \u00e9lectriques - EventKit<\/title>\n<meta name=\"robots\" content=\"index, follow, max-snippet:-1, max-image-preview:large, max-video-preview:-1\" \/>\n<link rel=\"canonical\" href=\"https:\/\/eventkit.ch\/?resource=limiter-la-consommation-des-appareils-electriques&lang=fr\" \/>\n<meta property=\"og:locale\" content=\"de_DE\" \/>\n<meta property=\"og:type\" content=\"article\" \/>\n<meta property=\"og:title\" content=\"Limiter la consommation des appareils \u00e9lectriques - EventKit\" \/>\n<meta property=\"og:description\" content=\"Le choix et l\u2019utilisation des appareils \u00e9lectriques ont un impact significatif sur la consommation d\u2019\u00e9nergie et les co\u00fbts d\u2019une manifestation. Avant tout achat ou location, il convient de se demander si l\u2019appareil est r\u00e9ellement indispensable. L\u2019\u00e9tiquette-\u00e9nergie facilite l\u2019\u00e9valuation de l\u2019efficacit\u00e9 \u00e9nerg\u00e9tique : les appareils de classe\u00a0A\u00a0sont les plus performants, tandis que ceux de classe\u00a0G\u00a0sont les [&hellip;]\" \/>\n<meta property=\"og:url\" content=\"https:\/\/eventkit.ch\/?resource=limiter-la-consommation-des-appareils-electriques&amp;lang=fr\" \/>\n<meta property=\"og:site_name\" content=\"EventKit\" \/>\n<meta property=\"article:modified_time\" content=\"2026-03-23T17:03:06+00:00\" \/>\n<meta property=\"og:image\" content=\"https:\/\/eventkit.ch\/wp-content\/uploads\/2025\/12\/Jazz-sur-la-Plage-08-09-aout-2024-@anatholie-29-_DSC2208.jpg\" \/>\n\t<meta property=\"og:image:width\" content=\"2048\" \/>\n\t<meta property=\"og:image:height\" content=\"1365\" \/>\n\t<meta property=\"og:image:type\" content=\"image\/jpeg\" \/>\n<meta name=\"twitter:card\" content=\"summary_large_image\" \/>\n<meta name=\"twitter:label1\" content=\"Gesch\u00e4tzte Lesezeit\" \/>\n\t<meta name=\"twitter:data1\" content=\"2\u00a0Minuten\" \/>\n<script type=\"application\/ld+json\" class=\"yoast-schema-graph\">{\"@context\":\"https:\\\/\\\/schema.org\",\"@graph\":[{\"@type\":\"WebPage\",\"@id\":\"https:\\\/\\\/eventkit.ch\\\/?resource=limiter-la-consommation-des-appareils-electriques&lang=fr\",\"url\":\"https:\\\/\\\/eventkit.ch\\\/?resource=limiter-la-consommation-des-appareils-electriques&lang=fr\",\"name\":\"Limiter la consommation des appareils \u00e9lectriques - EventKit\",\"isPartOf\":{\"@id\":\"https:\\\/\\\/eventkit.ch\\\/#website\"},\"primaryImageOfPage\":{\"@id\":\"https:\\\/\\\/eventkit.ch\\\/?resource=limiter-la-consommation-des-appareils-electriques&lang=fr#primaryimage\"},\"image\":{\"@id\":\"https:\\\/\\\/eventkit.ch\\\/?resource=limiter-la-consommation-des-appareils-electriques&lang=fr#primaryimage\"},\"thumbnailUrl\":\"https:\\\/\\\/eventkit.ch\\\/wp-content\\\/uploads\\\/2025\\\/12\\\/Jazz-sur-la-Plage-08-09-aout-2024-@anatholie-29-_DSC2208.jpg\",\"datePublished\":\"2025-12-30T09:39:42+00:00\",\"dateModified\":\"2026-03-23T17:03:06+00:00\",\"breadcrumb\":{\"@id\":\"https:\\\/\\\/eventkit.ch\\\/?resource=limiter-la-consommation-des-appareils-electriques&lang=fr#breadcrumb\"},\"inLanguage\":\"de\",\"potentialAction\":[{\"@type\":\"ReadAction\",\"target\":[\"https:\\\/\\\/eventkit.ch\\\/?resource=limiter-la-consommation-des-appareils-electriques&lang=fr\"]}]},{\"@type\":\"ImageObject\",\"inLanguage\":\"de\",\"@id\":\"https:\\\/\\\/eventkit.ch\\\/?resource=limiter-la-consommation-des-appareils-electriques&lang=fr#primaryimage\",\"url\":\"https:\\\/\\\/eventkit.ch\\\/wp-content\\\/uploads\\\/2025\\\/12\\\/Jazz-sur-la-Plage-08-09-aout-2024-@anatholie-29-_DSC2208.jpg\",\"contentUrl\":\"https:\\\/\\\/eventkit.ch\\\/wp-content\\\/uploads\\\/2025\\\/12\\\/Jazz-sur-la-Plage-08-09-aout-2024-@anatholie-29-_DSC2208.jpg\",\"width\":2048,\"height\":1365},{\"@type\":\"BreadcrumbList\",\"@id\":\"https:\\\/\\\/eventkit.ch\\\/?resource=limiter-la-consommation-des-appareils-electriques&lang=fr#breadcrumb\",\"itemListElement\":[{\"@type\":\"ListItem\",\"position\":1,\"name\":\"Home\",\"item\":\"https:\\\/\\\/eventkit.ch\\\/\"},{\"@type\":\"ListItem\",\"position\":2,\"name\":\"Merkbl\u00e4tter\",\"item\":\"https:\\\/\\\/eventkit.ch\\\/?post_type=resource&lang=fr\"},{\"@type\":\"ListItem\",\"position\":3,\"name\":\"Limiter la consommation des appareils \u00e9lectriques\"}]},{\"@type\":\"WebSite\",\"@id\":\"https:\\\/\\\/eventkit.ch\\\/#website\",\"url\":\"https:\\\/\\\/eventkit.ch\\\/\",\"name\":\"EventKit\",\"description\":\"Nachhaltigkeit, die wirkt: Dein Event im Check.\",\"publisher\":{\"@id\":\"https:\\\/\\\/eventkit.ch\\\/#organization\"},\"potentialAction\":[{\"@type\":\"SearchAction\",\"target\":{\"@type\":\"EntryPoint\",\"urlTemplate\":\"https:\\\/\\\/eventkit.ch\\\/?s={search_term_string}\"},\"query-input\":{\"@type\":\"PropertyValueSpecification\",\"valueRequired\":true,\"valueName\":\"search_term_string\"}}],\"inLanguage\":\"de\"},{\"@type\":\"Organization\",\"@id\":\"https:\\\/\\\/eventkit.ch\\\/#organization\",\"name\":\"EventKit\",\"url\":\"https:\\\/\\\/eventkit.ch\\\/\",\"logo\":{\"@type\":\"ImageObject\",\"inLanguage\":\"de\",\"@id\":\"https:\\\/\\\/eventkit.ch\\\/#\\\/schema\\\/logo\\\/image\\\/\",\"url\":\"https:\\\/\\\/eventkit.ch\\\/wp-content\\\/uploads\\\/2025\\\/11\\\/android-icon-144x144-1.png\",\"contentUrl\":\"https:\\\/\\\/eventkit.ch\\\/wp-content\\\/uploads\\\/2025\\\/11\\\/android-icon-144x144-1.png\",\"width\":144,\"height\":144,\"caption\":\"EventKit\"},\"image\":{\"@id\":\"https:\\\/\\\/eventkit.ch\\\/#\\\/schema\\\/logo\\\/image\\\/\"}}]}<\/script>\n<!-- \/ Yoast SEO plugin. -->","yoast_head_json":{"title":"Limiter la consommation des appareils \u00e9lectriques - EventKit","robots":{"index":"index","follow":"follow","max-snippet":"max-snippet:-1","max-image-preview":"max-image-preview:large","max-video-preview":"max-video-preview:-1"},"canonical":"https:\/\/eventkit.ch\/?resource=limiter-la-consommation-des-appareils-electriques&lang=fr","og_locale":"de_DE","og_type":"article","og_title":"Limiter la consommation des appareils \u00e9lectriques - EventKit","og_description":"Le choix et l\u2019utilisation des appareils \u00e9lectriques ont un impact significatif sur la consommation d\u2019\u00e9nergie et les co\u00fbts d\u2019une manifestation. Avant tout achat ou location, il convient de se demander si l\u2019appareil est r\u00e9ellement indispensable. L\u2019\u00e9tiquette-\u00e9nergie facilite l\u2019\u00e9valuation de l\u2019efficacit\u00e9 \u00e9nerg\u00e9tique : les appareils de classe\u00a0A\u00a0sont les plus performants, tandis que ceux de classe\u00a0G\u00a0sont les [&hellip;]","og_url":"https:\/\/eventkit.ch\/?resource=limiter-la-consommation-des-appareils-electriques&lang=fr","og_site_name":"EventKit","article_modified_time":"2026-03-23T17:03:06+00:00","og_image":[{"width":2048,"height":1365,"url":"https:\/\/eventkit.ch\/wp-content\/uploads\/2025\/12\/Jazz-sur-la-Plage-08-09-aout-2024-@anatholie-29-_DSC2208.jpg","type":"image\/jpeg"}],"twitter_card":"summary_large_image","twitter_misc":{"Gesch\u00e4tzte Lesezeit":"2\u00a0Minuten"},"schema":{"@context":"https:\/\/schema.org","@graph":[{"@type":"WebPage","@id":"https:\/\/eventkit.ch\/?resource=limiter-la-consommation-des-appareils-electriques&lang=fr","url":"https:\/\/eventkit.ch\/?resource=limiter-la-consommation-des-appareils-electriques&lang=fr","name":"Limiter la consommation des appareils \u00e9lectriques - EventKit","isPartOf":{"@id":"https:\/\/eventkit.ch\/#website"},"primaryImageOfPage":{"@id":"https:\/\/eventkit.ch\/?resource=limiter-la-consommation-des-appareils-electriques&lang=fr#primaryimage"},"image":{"@id":"https:\/\/eventkit.ch\/?resource=limiter-la-consommation-des-appareils-electriques&lang=fr#primaryimage"},"thumbnailUrl":"https:\/\/eventkit.ch\/wp-content\/uploads\/2025\/12\/Jazz-sur-la-Plage-08-09-aout-2024-@anatholie-29-_DSC2208.jpg","datePublished":"2025-12-30T09:39:42+00:00","dateModified":"2026-03-23T17:03:06+00:00","breadcrumb":{"@id":"https:\/\/eventkit.ch\/?resource=limiter-la-consommation-des-appareils-electriques&lang=fr#breadcrumb"},"inLanguage":"de","potentialAction":[{"@type":"ReadAction","target":["https:\/\/eventkit.ch\/?resource=limiter-la-consommation-des-appareils-electriques&lang=fr"]}]},{"@type":"ImageObject","inLanguage":"de","@id":"https:\/\/eventkit.ch\/?resource=limiter-la-consommation-des-appareils-electriques&lang=fr#primaryimage","url":"https:\/\/eventkit.ch\/wp-content\/uploads\/2025\/12\/Jazz-sur-la-Plage-08-09-aout-2024-@anatholie-29-_DSC2208.jpg","contentUrl":"https:\/\/eventkit.ch\/wp-content\/uploads\/2025\/12\/Jazz-sur-la-Plage-08-09-aout-2024-@anatholie-29-_DSC2208.jpg","width":2048,"height":1365},{"@type":"BreadcrumbList","@id":"https:\/\/eventkit.ch\/?resource=limiter-la-consommation-des-appareils-electriques&lang=fr#breadcrumb","itemListElement":[{"@type":"ListItem","position":1,"name":"Home","item":"https:\/\/eventkit.ch\/"},{"@type":"ListItem","position":2,"name":"Merkbl\u00e4tter","item":"https:\/\/eventkit.ch\/?post_type=resource&lang=fr"},{"@type":"ListItem","position":3,"name":"Limiter la consommation des appareils \u00e9lectriques"}]},{"@type":"WebSite","@id":"https:\/\/eventkit.ch\/#website","url":"https:\/\/eventkit.ch\/","name":"EventKit","description":"Nachhaltigkeit, die wirkt: Dein Event im Check.","publisher":{"@id":"https:\/\/eventkit.ch\/#organization"},"potentialAction":[{"@type":"SearchAction","target":{"@type":"EntryPoint","urlTemplate":"https:\/\/eventkit.ch\/?s={search_term_string}"},"query-input":{"@type":"PropertyValueSpecification","valueRequired":true,"valueName":"search_term_string"}}],"inLanguage":"de"},{"@type":"Organization","@id":"https:\/\/eventkit.ch\/#organization","name":"EventKit","url":"https:\/\/eventkit.ch\/","logo":{"@type":"ImageObject","inLanguage":"de","@id":"https:\/\/eventkit.ch\/#\/schema\/logo\/image\/","url":"https:\/\/eventkit.ch\/wp-content\/uploads\/2025\/11\/android-icon-144x144-1.png","contentUrl":"https:\/\/eventkit.ch\/wp-content\/uploads\/2025\/11\/android-icon-144x144-1.png","width":144,"height":144,"caption":"EventKit"},"image":{"@id":"https:\/\/eventkit.ch\/#\/schema\/logo\/image\/"}}]}},"_links":{"self":[{"href":"https:\/\/eventkit.ch\/index.php?rest_route=\/wp\/v2\/resource\/2605","targetHints":{"allow":["GET"]}}],"collection":[{"href":"https:\/\/eventkit.ch\/index.php?rest_route=\/wp\/v2\/resource"}],"about":[{"href":"https:\/\/eventkit.ch\/index.php?rest_route=\/wp\/v2\/types\/resource"}],"wp:featuredmedia":[{"embeddable":true,"href":"https:\/\/eventkit.ch\/index.php?rest_route=\/wp\/v2\/media\/1773"}],"wp:attachment":[{"href":"https:\/\/eventkit.ch\/index.php?rest_route=%2Fwp%2Fv2%2Fmedia&parent=2605"}],"wp:term":[{"taxonomy":"resource_category","embeddable":true,"href":"https:\/\/eventkit.ch\/index.php?rest_route=%2Fwp%2Fv2%2Fresource_category&post=2605"},{"taxonomy":"audience","embeddable":true,"href":"https:\/\/eventkit.ch\/index.php?rest_route=%2Fwp%2Fv2%2Faudience&post=2605"},{"taxonomy":"contenttype","embeddable":true,"href":"https:\/\/eventkit.ch\/index.php?rest_route=%2Fwp%2Fv2%2Fcontenttype&post=2605"}],"curies":[{"name":"wp","href":"https:\/\/api.w.org\/{rel}","templated":true}]}}