{"id":2604,"date":"2025-12-30T09:39:42","date_gmt":"2025-12-30T09:39:42","guid":{"rendered":"https:\/\/eventkit.ch\/?post_type=resource&#038;p=2604"},"modified":"2026-03-23T16:49:24","modified_gmt":"2026-03-23T15:49:24","slug":"energieeinsparung-bei-elektrogeraeten","status":"publish","type":"resource","link":"https:\/\/eventkit.ch\/?resource=energieeinsparung-bei-elektrogeraeten","title":{"rendered":"Energieeinsparung bei Elektroger\u00e4ten\u00a0"},"content":{"rendered":"<p>Die Auswahl und der Einsatz elektrischer Ger\u00e4te haben einen erheblichen Einfluss auf den Energieverbrauch und die Gesamtkosten einer Veranstaltung. Bevor neue Ger\u00e4te angeschafft oder gemietet werden, sollte gepr\u00fcft werden, ob sie tats\u00e4chlich notwendig sind.<br><br>Die Energieeffizienzklasse erleichtert die Bewertung der Energieeffizienz: Ger\u00e4te der Klasse A sind am energieeffizientesten, w\u00e4hrend Ger\u00e4te der Klasse G den h\u00f6chsten Energieverbrauch aufweisen. Ein K\u00fchlschrank der Klasse A verbraucht etwa 40% weniger Energie als ein Modell der Klasse C.<br><br>W\u00e4hlen Sie energieeffiziente Ger\u00e4te anhand der Energieeffizienzklasse (Klassen A bis C) aus. Neben der Energieeffizienz sollten auch \u00f6kologische Kriterien wie Materialherkunft, Lebensdauer und Entsorgung ber\u00fccksichtigt werden.<\/p><h2 class=\"wp-block-heading\">Vor der Veranstaltung<\/h2><ul class=\"wp-block-list\"><li>Den Bedarf an Elektroger\u00e4ten genau analysieren \u2013 nur das N\u00f6tigste einsetzen.<\/li>\n\n<li>Ger\u00e4te w\u00e4hlen, die dem tats\u00e4chlichen Bedarf entsprechen, um unn\u00f6tigen Energieverbrauch zu vermeiden.<\/li>\n\n<li>Pr\u00fcfen, ob Ger\u00e4te gemietet statt gekauft werden k\u00f6nnen.<\/li>\n\n<li>Nach M\u00f6glichkeit Ger\u00e4te ohne Einwegbatterien bevorzugen.<\/li>\n\n<li>Energieeffiziente Ger\u00e4te anhand der Energieetikette ausw\u00e4hlen (Klasse A bis C).<\/li>\n\n<li>Langlebige Ger\u00e4te bevorzugen, die bei Bedarf aufger\u00fcstet oder repariert werden k\u00f6nnen (z. B. durch Speicheraustausch oder Softwareupdates).<\/li>\n\n<li>Mitarbeitende sensibilisieren und klare Richtlinien zum Ausschalten nicht genutzter Ger\u00e4te einf\u00fchren.<\/li>\n\n<li>Ger\u00e4te aus recyceltem oder wiederverwertbarem Material bevorzugen.<\/li>\n\n<li>Lieferanten ausw\u00e4hlen, die Nachhaltigkeitsstandards erf\u00fcllen (z. B.\u00a0<strong>EICC<\/strong>\u00a0\u2013 Electronic Industry Citizenship Coalition oder\u00a0<strong>EITI<\/strong>\u00a0\u2013 Extractive Industries Transparency Initiative).<\/li><\/ul><h2 class=\"wp-block-heading\">W\u00e4hrend der Veranstaltung<\/h2><ul class=\"wp-block-list\"><li>ben\u00f6tigte Ger\u00e4te konsequent ausschalten oder vom Stromnetz trennen.<\/li><\/ul><h2 class=\"wp-block-heading\">Nach der Veranstaltung<\/h2><ul class=\"wp-block-list\"><li>Altger\u00e4te \u00fcber den Lieferanten oder an eine offizielle Sammelstelle zur\u00fcckgeben.<\/li>\n\n<li>Batterien und Akkus \u00fcber geeignete Recyclingkan\u00e4le entsorgen.<\/li>\n\n<li>Den Stromverbrauch analysieren und mit den Vorjahreswerten oder Prognosen vergleichen, um Einsparpotenziale zu identifizieren (unter Ber\u00fccksichtigung besonderer Bedingungen wie Wetter oder Infrastruktur).<\/li><\/ul><p><\/p>","protected":false},"excerpt":{"rendered":"<p>Die Auswahl und der Einsatz elektrischer Ger\u00e4te haben einen erheblichen Einfluss auf den Energieverbrauch und die Gesamtkosten einer Veranstaltung. Bevor neue Ger\u00e4te angeschafft oder gemietet werden, sollte gepr\u00fcft werden, ob sie tats\u00e4chlich notwendig sind. Die Energieeffizienzklasse erleichtert die Bewertung der Energieeffizienz: Ger\u00e4te der Klasse A sind am energieeffizientesten, w\u00e4hrend Ger\u00e4te der Klasse G den h\u00f6chsten [&hellip;]<\/p>\n","protected":false},"featured_media":1773,"parent":0,"template":"","format":"standard","meta":{"_sitemap_exclude":false,"_sitemap_priority":"","_sitemap_frequency":"","_eventkit_link":"https:\/\/eventkit.ch\/wp-content\/uploads\/2025\/12\/4.6_Energieeinsparung_bei_Elektrogeraeten_EVENTKIT_FINAL.pdf"},"resource_category":[194],"audience":[],"contenttype":[104],"class_list":["post-2604","resource","type-resource","status-publish","format-standard","has-post-thumbnail","hentry","resource_category-energie-infrastruktur","contenttype-merkblatt"],"yoast_head":"<!-- This site is optimized with the Yoast SEO plugin v27.3 - https:\/\/yoast.com\/product\/yoast-seo-wordpress\/ -->\n<title>Energieeinsparung bei Elektroger\u00e4ten\u00a0 - EventKit<\/title>\n<meta name=\"robots\" content=\"index, follow, max-snippet:-1, max-image-preview:large, max-video-preview:-1\" \/>\n<link rel=\"canonical\" href=\"https:\/\/eventkit.ch\/?resource=energieeinsparung-bei-elektrogeraeten\" \/>\n<meta property=\"og:locale\" content=\"de_DE\" \/>\n<meta property=\"og:type\" content=\"article\" \/>\n<meta property=\"og:title\" content=\"Energieeinsparung bei Elektroger\u00e4ten\u00a0 - EventKit\" \/>\n<meta property=\"og:description\" content=\"Die Auswahl und der Einsatz elektrischer Ger\u00e4te haben einen erheblichen Einfluss auf den Energieverbrauch und die Gesamtkosten einer Veranstaltung. Bevor neue Ger\u00e4te angeschafft oder gemietet werden, sollte gepr\u00fcft werden, ob sie tats\u00e4chlich notwendig sind. Die Energieeffizienzklasse erleichtert die Bewertung der Energieeffizienz: Ger\u00e4te der Klasse A sind am energieeffizientesten, w\u00e4hrend Ger\u00e4te der Klasse G den h\u00f6chsten [&hellip;]\" \/>\n<meta property=\"og:url\" content=\"https:\/\/eventkit.ch\/?resource=energieeinsparung-bei-elektrogeraeten\" \/>\n<meta property=\"og:site_name\" content=\"EventKit\" \/>\n<meta property=\"article:modified_time\" content=\"2026-03-23T15:49:24+00:00\" \/>\n<meta property=\"og:image\" content=\"https:\/\/eventkit.ch\/wp-content\/uploads\/2025\/12\/Jazz-sur-la-Plage-08-09-aout-2024-@anatholie-29-_DSC2208.jpg\" \/>\n\t<meta property=\"og:image:width\" content=\"2048\" \/>\n\t<meta property=\"og:image:height\" content=\"1365\" \/>\n\t<meta property=\"og:image:type\" content=\"image\/jpeg\" \/>\n<meta name=\"twitter:card\" content=\"summary_large_image\" \/>\n<meta name=\"twitter:label1\" content=\"Gesch\u00e4tzte Lesezeit\" \/>\n\t<meta name=\"twitter:data1\" content=\"2\u00a0Minuten\" \/>\n<script type=\"application\/ld+json\" class=\"yoast-schema-graph\">{\"@context\":\"https:\\\/\\\/schema.org\",\"@graph\":[{\"@type\":\"WebPage\",\"@id\":\"https:\\\/\\\/eventkit.ch\\\/?resource=energieeinsparung-bei-elektrogeraeten\",\"url\":\"https:\\\/\\\/eventkit.ch\\\/?resource=energieeinsparung-bei-elektrogeraeten\",\"name\":\"Energieeinsparung bei Elektroger\u00e4ten\u00a0 - EventKit\",\"isPartOf\":{\"@id\":\"https:\\\/\\\/eventkit.ch\\\/#website\"},\"primaryImageOfPage\":{\"@id\":\"https:\\\/\\\/eventkit.ch\\\/?resource=energieeinsparung-bei-elektrogeraeten#primaryimage\"},\"image\":{\"@id\":\"https:\\\/\\\/eventkit.ch\\\/?resource=energieeinsparung-bei-elektrogeraeten#primaryimage\"},\"thumbnailUrl\":\"https:\\\/\\\/eventkit.ch\\\/wp-content\\\/uploads\\\/2025\\\/12\\\/Jazz-sur-la-Plage-08-09-aout-2024-@anatholie-29-_DSC2208.jpg\",\"datePublished\":\"2025-12-30T09:39:42+00:00\",\"dateModified\":\"2026-03-23T15:49:24+00:00\",\"breadcrumb\":{\"@id\":\"https:\\\/\\\/eventkit.ch\\\/?resource=energieeinsparung-bei-elektrogeraeten#breadcrumb\"},\"inLanguage\":\"de\",\"potentialAction\":[{\"@type\":\"ReadAction\",\"target\":[\"https:\\\/\\\/eventkit.ch\\\/?resource=energieeinsparung-bei-elektrogeraeten\"]}]},{\"@type\":\"ImageObject\",\"inLanguage\":\"de\",\"@id\":\"https:\\\/\\\/eventkit.ch\\\/?resource=energieeinsparung-bei-elektrogeraeten#primaryimage\",\"url\":\"https:\\\/\\\/eventkit.ch\\\/wp-content\\\/uploads\\\/2025\\\/12\\\/Jazz-sur-la-Plage-08-09-aout-2024-@anatholie-29-_DSC2208.jpg\",\"contentUrl\":\"https:\\\/\\\/eventkit.ch\\\/wp-content\\\/uploads\\\/2025\\\/12\\\/Jazz-sur-la-Plage-08-09-aout-2024-@anatholie-29-_DSC2208.jpg\",\"width\":2048,\"height\":1365},{\"@type\":\"BreadcrumbList\",\"@id\":\"https:\\\/\\\/eventkit.ch\\\/?resource=energieeinsparung-bei-elektrogeraeten#breadcrumb\",\"itemListElement\":[{\"@type\":\"ListItem\",\"position\":1,\"name\":\"Home\",\"item\":\"https:\\\/\\\/eventkit.ch\\\/\"},{\"@type\":\"ListItem\",\"position\":2,\"name\":\"Merkbl\u00e4tter\",\"item\":\"https:\\\/\\\/eventkit.ch\\\/?post_type=resource&lang=fr\"},{\"@type\":\"ListItem\",\"position\":3,\"name\":\"Energieeinsparung bei Elektroger\u00e4ten\u00a0\"}]},{\"@type\":\"WebSite\",\"@id\":\"https:\\\/\\\/eventkit.ch\\\/#website\",\"url\":\"https:\\\/\\\/eventkit.ch\\\/\",\"name\":\"EventKit\",\"description\":\"Nachhaltigkeit, die wirkt: Dein Event im Check.\",\"publisher\":{\"@id\":\"https:\\\/\\\/eventkit.ch\\\/#organization\"},\"potentialAction\":[{\"@type\":\"SearchAction\",\"target\":{\"@type\":\"EntryPoint\",\"urlTemplate\":\"https:\\\/\\\/eventkit.ch\\\/?s={search_term_string}\"},\"query-input\":{\"@type\":\"PropertyValueSpecification\",\"valueRequired\":true,\"valueName\":\"search_term_string\"}}],\"inLanguage\":\"de\"},{\"@type\":\"Organization\",\"@id\":\"https:\\\/\\\/eventkit.ch\\\/#organization\",\"name\":\"EventKit\",\"url\":\"https:\\\/\\\/eventkit.ch\\\/\",\"logo\":{\"@type\":\"ImageObject\",\"inLanguage\":\"de\",\"@id\":\"https:\\\/\\\/eventkit.ch\\\/#\\\/schema\\\/logo\\\/image\\\/\",\"url\":\"https:\\\/\\\/eventkit.ch\\\/wp-content\\\/uploads\\\/2025\\\/11\\\/android-icon-144x144-1.png\",\"contentUrl\":\"https:\\\/\\\/eventkit.ch\\\/wp-content\\\/uploads\\\/2025\\\/11\\\/android-icon-144x144-1.png\",\"width\":144,\"height\":144,\"caption\":\"EventKit\"},\"image\":{\"@id\":\"https:\\\/\\\/eventkit.ch\\\/#\\\/schema\\\/logo\\\/image\\\/\"}}]}<\/script>\n<!-- \/ Yoast SEO plugin. -->","yoast_head_json":{"title":"Energieeinsparung bei Elektroger\u00e4ten\u00a0 - EventKit","robots":{"index":"index","follow":"follow","max-snippet":"max-snippet:-1","max-image-preview":"max-image-preview:large","max-video-preview":"max-video-preview:-1"},"canonical":"https:\/\/eventkit.ch\/?resource=energieeinsparung-bei-elektrogeraeten","og_locale":"de_DE","og_type":"article","og_title":"Energieeinsparung bei Elektroger\u00e4ten\u00a0 - EventKit","og_description":"Die Auswahl und der Einsatz elektrischer Ger\u00e4te haben einen erheblichen Einfluss auf den Energieverbrauch und die Gesamtkosten einer Veranstaltung. Bevor neue Ger\u00e4te angeschafft oder gemietet werden, sollte gepr\u00fcft werden, ob sie tats\u00e4chlich notwendig sind. Die Energieeffizienzklasse erleichtert die Bewertung der Energieeffizienz: Ger\u00e4te der Klasse A sind am energieeffizientesten, w\u00e4hrend Ger\u00e4te der Klasse G den h\u00f6chsten [&hellip;]","og_url":"https:\/\/eventkit.ch\/?resource=energieeinsparung-bei-elektrogeraeten","og_site_name":"EventKit","article_modified_time":"2026-03-23T15:49:24+00:00","og_image":[{"width":2048,"height":1365,"url":"https:\/\/eventkit.ch\/wp-content\/uploads\/2025\/12\/Jazz-sur-la-Plage-08-09-aout-2024-@anatholie-29-_DSC2208.jpg","type":"image\/jpeg"}],"twitter_card":"summary_large_image","twitter_misc":{"Gesch\u00e4tzte Lesezeit":"2\u00a0Minuten"},"schema":{"@context":"https:\/\/schema.org","@graph":[{"@type":"WebPage","@id":"https:\/\/eventkit.ch\/?resource=energieeinsparung-bei-elektrogeraeten","url":"https:\/\/eventkit.ch\/?resource=energieeinsparung-bei-elektrogeraeten","name":"Energieeinsparung bei Elektroger\u00e4ten\u00a0 - EventKit","isPartOf":{"@id":"https:\/\/eventkit.ch\/#website"},"primaryImageOfPage":{"@id":"https:\/\/eventkit.ch\/?resource=energieeinsparung-bei-elektrogeraeten#primaryimage"},"image":{"@id":"https:\/\/eventkit.ch\/?resource=energieeinsparung-bei-elektrogeraeten#primaryimage"},"thumbnailUrl":"https:\/\/eventkit.ch\/wp-content\/uploads\/2025\/12\/Jazz-sur-la-Plage-08-09-aout-2024-@anatholie-29-_DSC2208.jpg","datePublished":"2025-12-30T09:39:42+00:00","dateModified":"2026-03-23T15:49:24+00:00","breadcrumb":{"@id":"https:\/\/eventkit.ch\/?resource=energieeinsparung-bei-elektrogeraeten#breadcrumb"},"inLanguage":"de","potentialAction":[{"@type":"ReadAction","target":["https:\/\/eventkit.ch\/?resource=energieeinsparung-bei-elektrogeraeten"]}]},{"@type":"ImageObject","inLanguage":"de","@id":"https:\/\/eventkit.ch\/?resource=energieeinsparung-bei-elektrogeraeten#primaryimage","url":"https:\/\/eventkit.ch\/wp-content\/uploads\/2025\/12\/Jazz-sur-la-Plage-08-09-aout-2024-@anatholie-29-_DSC2208.jpg","contentUrl":"https:\/\/eventkit.ch\/wp-content\/uploads\/2025\/12\/Jazz-sur-la-Plage-08-09-aout-2024-@anatholie-29-_DSC2208.jpg","width":2048,"height":1365},{"@type":"BreadcrumbList","@id":"https:\/\/eventkit.ch\/?resource=energieeinsparung-bei-elektrogeraeten#breadcrumb","itemListElement":[{"@type":"ListItem","position":1,"name":"Home","item":"https:\/\/eventkit.ch\/"},{"@type":"ListItem","position":2,"name":"Merkbl\u00e4tter","item":"https:\/\/eventkit.ch\/?post_type=resource&lang=fr"},{"@type":"ListItem","position":3,"name":"Energieeinsparung bei Elektroger\u00e4ten\u00a0"}]},{"@type":"WebSite","@id":"https:\/\/eventkit.ch\/#website","url":"https:\/\/eventkit.ch\/","name":"EventKit","description":"Nachhaltigkeit, die wirkt: Dein Event im Check.","publisher":{"@id":"https:\/\/eventkit.ch\/#organization"},"potentialAction":[{"@type":"SearchAction","target":{"@type":"EntryPoint","urlTemplate":"https:\/\/eventkit.ch\/?s={search_term_string}"},"query-input":{"@type":"PropertyValueSpecification","valueRequired":true,"valueName":"search_term_string"}}],"inLanguage":"de"},{"@type":"Organization","@id":"https:\/\/eventkit.ch\/#organization","name":"EventKit","url":"https:\/\/eventkit.ch\/","logo":{"@type":"ImageObject","inLanguage":"de","@id":"https:\/\/eventkit.ch\/#\/schema\/logo\/image\/","url":"https:\/\/eventkit.ch\/wp-content\/uploads\/2025\/11\/android-icon-144x144-1.png","contentUrl":"https:\/\/eventkit.ch\/wp-content\/uploads\/2025\/11\/android-icon-144x144-1.png","width":144,"height":144,"caption":"EventKit"},"image":{"@id":"https:\/\/eventkit.ch\/#\/schema\/logo\/image\/"}}]}},"_links":{"self":[{"href":"https:\/\/eventkit.ch\/index.php?rest_route=\/wp\/v2\/resource\/2604","targetHints":{"allow":["GET"]}}],"collection":[{"href":"https:\/\/eventkit.ch\/index.php?rest_route=\/wp\/v2\/resource"}],"about":[{"href":"https:\/\/eventkit.ch\/index.php?rest_route=\/wp\/v2\/types\/resource"}],"wp:featuredmedia":[{"embeddable":true,"href":"https:\/\/eventkit.ch\/index.php?rest_route=\/wp\/v2\/media\/1773"}],"wp:attachment":[{"href":"https:\/\/eventkit.ch\/index.php?rest_route=%2Fwp%2Fv2%2Fmedia&parent=2604"}],"wp:term":[{"taxonomy":"resource_category","embeddable":true,"href":"https:\/\/eventkit.ch\/index.php?rest_route=%2Fwp%2Fv2%2Fresource_category&post=2604"},{"taxonomy":"audience","embeddable":true,"href":"https:\/\/eventkit.ch\/index.php?rest_route=%2Fwp%2Fv2%2Faudience&post=2604"},{"taxonomy":"contenttype","embeddable":true,"href":"https:\/\/eventkit.ch\/index.php?rest_route=%2Fwp%2Fv2%2Fcontenttype&post=2604"}],"curies":[{"name":"wp","href":"https:\/\/api.w.org\/{rel}","templated":true}]}}