{"id":2603,"date":"2025-12-30T09:23:42","date_gmt":"2025-12-30T09:23:42","guid":{"rendered":"https:\/\/eventkit.ch\/?post_type=resource&#038;p=2603"},"modified":"2026-03-23T18:03:24","modified_gmt":"2026-03-23T17:03:24","slug":"limiter-la-consommation-liee-a-leclairage","status":"publish","type":"resource","link":"https:\/\/eventkit.ch\/?resource=limiter-la-consommation-liee-a-leclairage&lang=fr","title":{"rendered":"Limiter la consommation li\u00e9e \u00e0 l&#8217;\u00e9clairage"},"content":{"rendered":"<p>Lors des manifestations organis\u00e9es en int\u00e9rieur ou de nuit, l\u2019\u00e9clairage repr\u00e9sente souvent une part importante de la consommation d\u2019\u00e9nergie \u2013 qu\u2019il s\u2019agisse d\u2019un \u00e9clairage fonctionnel ou d\u2019ambiance.<br>Une planification soign\u00e9e, un choix raisonn\u00e9 des points lumineux et l\u2019utilisation de sources d\u2019\u00e9clairage efficaces permettent de r\u00e9duire significativement la consommation et les co\u00fbts, sans compromettre le confort visuel ni l\u2019esth\u00e9tique.<\/p><h2 class=\"wp-block-heading\">Avant la manifestation<\/h2><ul class=\"wp-block-list\"><li>Am\u00e9nager les espaces pour tirer pleinement parti de la lumi\u00e8re naturelle et \u00e9viter de l\u2019obstruer par des \u00e9l\u00e9ments de d\u00e9cor ou d\u2019infrastructure.<\/li>\n\n<li>Identifier pr\u00e9cis\u00e9ment les points d\u2019\u00e9clairage n\u00e9cessaires et \u00e9viter tout \u00e9clairage superflu.<\/li>\n\n<li>Adapter la puissance lumineuse au besoin r\u00e9el, sans exc\u00e8s.<\/li>\n\n<li>Sensibiliser les collaborateurs et d\u00e9finir des consignes claires pour \u00e9teindre syst\u00e9matiquement les \u00e9clairages inutilis\u00e9s.<\/li>\n\n<li>Choisir des luminaires \u00e9conomes, peu \u00e9blouissants et durables (p. ex<em>.\u00a0<\/em><em>Minergie Modul Luminaire<\/em>).<\/li>\n\n<li>\u00c9tudier la possibilit\u00e9 de louer ou d\u2019acheter le mat\u00e9riel en commun avec d\u2019autres manifestations aux besoins similaires.<\/li>\n\n<li>Privil\u00e9gier les sources lumineuses de classe \u00e9nerg\u00e9tique\u00a0<strong>A \u00e0 C<\/strong>.<\/li>\n\n<li>\u00c9viter l\u2019usage des ampoules halog\u00e8nes, sauf si aucune alternative LED ou fluorescente n\u2019est possible.<\/li>\n\n<li>Respecter les pr\u00e9cautions sanitaires suivantes :<ul class=\"wp-block-list\"><li>Utiliser uniquement des lampes halog\u00e8nes dot\u00e9es d\u2019un verre filtrant les UV.<\/li>\n\n<li>\u00c9viter les LED si des personnes travaillent \u00e0 moins de 20 cm de la source lumineuse.<\/li>\n\n<li>\u00c9viter les lampes fluorescentes \u00e0 simple enveloppe de verre si des personnes se trouvent \u00e0 moins de 30 cm (ampoules sph\u00e9riques) ou 1 m\u00e8tre (tubes n\u00e9on) de la source pendant une p\u00e9riode prolong\u00e9e.<\/li><\/ul><\/li><\/ul><h2 class=\"wp-block-heading\">Pendant la manifestation<\/h2><ul class=\"wp-block-list\"><li>\u00c9teindre syst\u00e9matiquement les \u00e9clairages non n\u00e9cessaires ou installer des d\u00e9tecteurs de mouvement.<\/li><\/ul><h2 class=\"wp-block-heading\">Apr\u00e8s la manifestation&nbsp;<\/h2><ul class=\"wp-block-list\"><li>\u00c9liminer correctement les luminaires hors d\u2019usage via le fournisseur ou une d\u00e9ch\u00e8terie agr\u00e9\u00e9e.<\/li>\n\n<li>Recycler les ampoules via les fili\u00e8res de valorisation appropri\u00e9es.<\/li>\n\n<li>Analyser les \u00e9conomies r\u00e9alis\u00e9es en comparant les factures d\u2019\u00e9lectricit\u00e9 entre diff\u00e9rentes \u00e9ditions ou avec les pr\u00e9visions, tout en tenant compte des particularit\u00e9s de l\u2019\u00e9dition (infrastructures, conditions m\u00e9t\u00e9orologiques, etc.).<\/li>\n\n<li><\/li><\/ul>","protected":false},"excerpt":{"rendered":"<p>Lors des manifestations organis\u00e9es en int\u00e9rieur ou de nuit, l\u2019\u00e9clairage repr\u00e9sente souvent une part importante de la consommation d\u2019\u00e9nergie \u2013 qu\u2019il s\u2019agisse d\u2019un \u00e9clairage fonctionnel ou d\u2019ambiance.Une planification soign\u00e9e, un choix raisonn\u00e9 des points lumineux et l\u2019utilisation de sources d\u2019\u00e9clairage efficaces permettent de r\u00e9duire significativement la consommation et les co\u00fbts, sans compromettre le confort visuel [&hellip;]<\/p>\n","protected":false},"featured_media":1784,"parent":0,"template":"","format":"standard","meta":{"_sitemap_exclude":false,"_sitemap_priority":"","_sitemap_frequency":"","_eventkit_link":"https:\/\/eventkit.ch\/wp-content\/uploads\/2025\/12\/4.5_Limiter_la_consommation_liee_a_l_eclairage_EVENTKIT_FINAL.pdf"},"resource_category":[204],"audience":[],"contenttype":[216],"class_list":["post-2603","resource","type-resource","status-publish","format-standard","has-post-thumbnail","hentry","resource_category-energie-infrastructures","contenttype-fiches-dinformation"],"yoast_head":"<!-- This site is optimized with the Yoast SEO plugin v27.3 - https:\/\/yoast.com\/product\/yoast-seo-wordpress\/ -->\n<title>Limiter la consommation li\u00e9e \u00e0 l&#039;\u00e9clairage - EventKit<\/title>\n<meta name=\"robots\" content=\"index, follow, max-snippet:-1, max-image-preview:large, max-video-preview:-1\" \/>\n<link rel=\"canonical\" href=\"https:\/\/eventkit.ch\/?resource=limiter-la-consommation-liee-a-leclairage&lang=fr\" \/>\n<meta property=\"og:locale\" content=\"de_DE\" \/>\n<meta property=\"og:type\" content=\"article\" \/>\n<meta property=\"og:title\" content=\"Limiter la consommation li\u00e9e \u00e0 l&#039;\u00e9clairage - EventKit\" \/>\n<meta property=\"og:description\" content=\"Lors des manifestations organis\u00e9es en int\u00e9rieur ou de nuit, l\u2019\u00e9clairage repr\u00e9sente souvent une part importante de la consommation d\u2019\u00e9nergie \u2013 qu\u2019il s\u2019agisse d\u2019un \u00e9clairage fonctionnel ou d\u2019ambiance.Une planification soign\u00e9e, un choix raisonn\u00e9 des points lumineux et l\u2019utilisation de sources d\u2019\u00e9clairage efficaces permettent de r\u00e9duire significativement la consommation et les co\u00fbts, sans compromettre le confort visuel [&hellip;]\" \/>\n<meta property=\"og:url\" content=\"https:\/\/eventkit.ch\/?resource=limiter-la-consommation-liee-a-leclairage&amp;lang=fr\" \/>\n<meta property=\"og:site_name\" content=\"EventKit\" \/>\n<meta property=\"article:modified_time\" content=\"2026-03-23T17:03:24+00:00\" \/>\n<meta property=\"og:image\" content=\"https:\/\/eventkit.ch\/wp-content\/uploads\/2025\/12\/i-ztCfHj9-X2.jpg\" \/>\n\t<meta property=\"og:image:width\" content=\"1280\" \/>\n\t<meta property=\"og:image:height\" content=\"852\" \/>\n\t<meta property=\"og:image:type\" content=\"image\/jpeg\" \/>\n<meta name=\"twitter:card\" content=\"summary_large_image\" \/>\n<meta name=\"twitter:label1\" content=\"Gesch\u00e4tzte Lesezeit\" \/>\n\t<meta name=\"twitter:data1\" content=\"2\u00a0Minuten\" \/>\n<script type=\"application\/ld+json\" class=\"yoast-schema-graph\">{\"@context\":\"https:\\\/\\\/schema.org\",\"@graph\":[{\"@type\":\"WebPage\",\"@id\":\"https:\\\/\\\/eventkit.ch\\\/?resource=limiter-la-consommation-liee-a-leclairage&lang=fr\",\"url\":\"https:\\\/\\\/eventkit.ch\\\/?resource=limiter-la-consommation-liee-a-leclairage&lang=fr\",\"name\":\"Limiter la consommation li\u00e9e \u00e0 l'\u00e9clairage - EventKit\",\"isPartOf\":{\"@id\":\"https:\\\/\\\/eventkit.ch\\\/#website\"},\"primaryImageOfPage\":{\"@id\":\"https:\\\/\\\/eventkit.ch\\\/?resource=limiter-la-consommation-liee-a-leclairage&lang=fr#primaryimage\"},\"image\":{\"@id\":\"https:\\\/\\\/eventkit.ch\\\/?resource=limiter-la-consommation-liee-a-leclairage&lang=fr#primaryimage\"},\"thumbnailUrl\":\"https:\\\/\\\/eventkit.ch\\\/wp-content\\\/uploads\\\/2025\\\/12\\\/i-ztCfHj9-X2.jpg\",\"datePublished\":\"2025-12-30T09:23:42+00:00\",\"dateModified\":\"2026-03-23T17:03:24+00:00\",\"breadcrumb\":{\"@id\":\"https:\\\/\\\/eventkit.ch\\\/?resource=limiter-la-consommation-liee-a-leclairage&lang=fr#breadcrumb\"},\"inLanguage\":\"de\",\"potentialAction\":[{\"@type\":\"ReadAction\",\"target\":[\"https:\\\/\\\/eventkit.ch\\\/?resource=limiter-la-consommation-liee-a-leclairage&lang=fr\"]}]},{\"@type\":\"ImageObject\",\"inLanguage\":\"de\",\"@id\":\"https:\\\/\\\/eventkit.ch\\\/?resource=limiter-la-consommation-liee-a-leclairage&lang=fr#primaryimage\",\"url\":\"https:\\\/\\\/eventkit.ch\\\/wp-content\\\/uploads\\\/2025\\\/12\\\/i-ztCfHj9-X2.jpg\",\"contentUrl\":\"https:\\\/\\\/eventkit.ch\\\/wp-content\\\/uploads\\\/2025\\\/12\\\/i-ztCfHj9-X2.jpg\",\"width\":1280,\"height\":852},{\"@type\":\"BreadcrumbList\",\"@id\":\"https:\\\/\\\/eventkit.ch\\\/?resource=limiter-la-consommation-liee-a-leclairage&lang=fr#breadcrumb\",\"itemListElement\":[{\"@type\":\"ListItem\",\"position\":1,\"name\":\"Home\",\"item\":\"https:\\\/\\\/eventkit.ch\\\/\"},{\"@type\":\"ListItem\",\"position\":2,\"name\":\"Merkbl\u00e4tter\",\"item\":\"https:\\\/\\\/eventkit.ch\\\/?post_type=resource&lang=fr\"},{\"@type\":\"ListItem\",\"position\":3,\"name\":\"Limiter la consommation li\u00e9e \u00e0 l&#8217;\u00e9clairage\"}]},{\"@type\":\"WebSite\",\"@id\":\"https:\\\/\\\/eventkit.ch\\\/#website\",\"url\":\"https:\\\/\\\/eventkit.ch\\\/\",\"name\":\"EventKit\",\"description\":\"Nachhaltigkeit, die wirkt: Dein Event im Check.\",\"publisher\":{\"@id\":\"https:\\\/\\\/eventkit.ch\\\/#organization\"},\"potentialAction\":[{\"@type\":\"SearchAction\",\"target\":{\"@type\":\"EntryPoint\",\"urlTemplate\":\"https:\\\/\\\/eventkit.ch\\\/?s={search_term_string}\"},\"query-input\":{\"@type\":\"PropertyValueSpecification\",\"valueRequired\":true,\"valueName\":\"search_term_string\"}}],\"inLanguage\":\"de\"},{\"@type\":\"Organization\",\"@id\":\"https:\\\/\\\/eventkit.ch\\\/#organization\",\"name\":\"EventKit\",\"url\":\"https:\\\/\\\/eventkit.ch\\\/\",\"logo\":{\"@type\":\"ImageObject\",\"inLanguage\":\"de\",\"@id\":\"https:\\\/\\\/eventkit.ch\\\/#\\\/schema\\\/logo\\\/image\\\/\",\"url\":\"https:\\\/\\\/eventkit.ch\\\/wp-content\\\/uploads\\\/2025\\\/11\\\/android-icon-144x144-1.png\",\"contentUrl\":\"https:\\\/\\\/eventkit.ch\\\/wp-content\\\/uploads\\\/2025\\\/11\\\/android-icon-144x144-1.png\",\"width\":144,\"height\":144,\"caption\":\"EventKit\"},\"image\":{\"@id\":\"https:\\\/\\\/eventkit.ch\\\/#\\\/schema\\\/logo\\\/image\\\/\"}}]}<\/script>\n<!-- \/ Yoast SEO plugin. -->","yoast_head_json":{"title":"Limiter la consommation li\u00e9e \u00e0 l'\u00e9clairage - EventKit","robots":{"index":"index","follow":"follow","max-snippet":"max-snippet:-1","max-image-preview":"max-image-preview:large","max-video-preview":"max-video-preview:-1"},"canonical":"https:\/\/eventkit.ch\/?resource=limiter-la-consommation-liee-a-leclairage&lang=fr","og_locale":"de_DE","og_type":"article","og_title":"Limiter la consommation li\u00e9e \u00e0 l'\u00e9clairage - EventKit","og_description":"Lors des manifestations organis\u00e9es en int\u00e9rieur ou de nuit, l\u2019\u00e9clairage repr\u00e9sente souvent une part importante de la consommation d\u2019\u00e9nergie \u2013 qu\u2019il s\u2019agisse d\u2019un \u00e9clairage fonctionnel ou d\u2019ambiance.Une planification soign\u00e9e, un choix raisonn\u00e9 des points lumineux et l\u2019utilisation de sources d\u2019\u00e9clairage efficaces permettent de r\u00e9duire significativement la consommation et les co\u00fbts, sans compromettre le confort visuel [&hellip;]","og_url":"https:\/\/eventkit.ch\/?resource=limiter-la-consommation-liee-a-leclairage&lang=fr","og_site_name":"EventKit","article_modified_time":"2026-03-23T17:03:24+00:00","og_image":[{"width":1280,"height":852,"url":"https:\/\/eventkit.ch\/wp-content\/uploads\/2025\/12\/i-ztCfHj9-X2.jpg","type":"image\/jpeg"}],"twitter_card":"summary_large_image","twitter_misc":{"Gesch\u00e4tzte Lesezeit":"2\u00a0Minuten"},"schema":{"@context":"https:\/\/schema.org","@graph":[{"@type":"WebPage","@id":"https:\/\/eventkit.ch\/?resource=limiter-la-consommation-liee-a-leclairage&lang=fr","url":"https:\/\/eventkit.ch\/?resource=limiter-la-consommation-liee-a-leclairage&lang=fr","name":"Limiter la consommation li\u00e9e \u00e0 l'\u00e9clairage - EventKit","isPartOf":{"@id":"https:\/\/eventkit.ch\/#website"},"primaryImageOfPage":{"@id":"https:\/\/eventkit.ch\/?resource=limiter-la-consommation-liee-a-leclairage&lang=fr#primaryimage"},"image":{"@id":"https:\/\/eventkit.ch\/?resource=limiter-la-consommation-liee-a-leclairage&lang=fr#primaryimage"},"thumbnailUrl":"https:\/\/eventkit.ch\/wp-content\/uploads\/2025\/12\/i-ztCfHj9-X2.jpg","datePublished":"2025-12-30T09:23:42+00:00","dateModified":"2026-03-23T17:03:24+00:00","breadcrumb":{"@id":"https:\/\/eventkit.ch\/?resource=limiter-la-consommation-liee-a-leclairage&lang=fr#breadcrumb"},"inLanguage":"de","potentialAction":[{"@type":"ReadAction","target":["https:\/\/eventkit.ch\/?resource=limiter-la-consommation-liee-a-leclairage&lang=fr"]}]},{"@type":"ImageObject","inLanguage":"de","@id":"https:\/\/eventkit.ch\/?resource=limiter-la-consommation-liee-a-leclairage&lang=fr#primaryimage","url":"https:\/\/eventkit.ch\/wp-content\/uploads\/2025\/12\/i-ztCfHj9-X2.jpg","contentUrl":"https:\/\/eventkit.ch\/wp-content\/uploads\/2025\/12\/i-ztCfHj9-X2.jpg","width":1280,"height":852},{"@type":"BreadcrumbList","@id":"https:\/\/eventkit.ch\/?resource=limiter-la-consommation-liee-a-leclairage&lang=fr#breadcrumb","itemListElement":[{"@type":"ListItem","position":1,"name":"Home","item":"https:\/\/eventkit.ch\/"},{"@type":"ListItem","position":2,"name":"Merkbl\u00e4tter","item":"https:\/\/eventkit.ch\/?post_type=resource&lang=fr"},{"@type":"ListItem","position":3,"name":"Limiter la consommation li\u00e9e \u00e0 l&#8217;\u00e9clairage"}]},{"@type":"WebSite","@id":"https:\/\/eventkit.ch\/#website","url":"https:\/\/eventkit.ch\/","name":"EventKit","description":"Nachhaltigkeit, die wirkt: Dein Event im Check.","publisher":{"@id":"https:\/\/eventkit.ch\/#organization"},"potentialAction":[{"@type":"SearchAction","target":{"@type":"EntryPoint","urlTemplate":"https:\/\/eventkit.ch\/?s={search_term_string}"},"query-input":{"@type":"PropertyValueSpecification","valueRequired":true,"valueName":"search_term_string"}}],"inLanguage":"de"},{"@type":"Organization","@id":"https:\/\/eventkit.ch\/#organization","name":"EventKit","url":"https:\/\/eventkit.ch\/","logo":{"@type":"ImageObject","inLanguage":"de","@id":"https:\/\/eventkit.ch\/#\/schema\/logo\/image\/","url":"https:\/\/eventkit.ch\/wp-content\/uploads\/2025\/11\/android-icon-144x144-1.png","contentUrl":"https:\/\/eventkit.ch\/wp-content\/uploads\/2025\/11\/android-icon-144x144-1.png","width":144,"height":144,"caption":"EventKit"},"image":{"@id":"https:\/\/eventkit.ch\/#\/schema\/logo\/image\/"}}]}},"_links":{"self":[{"href":"https:\/\/eventkit.ch\/index.php?rest_route=\/wp\/v2\/resource\/2603","targetHints":{"allow":["GET"]}}],"collection":[{"href":"https:\/\/eventkit.ch\/index.php?rest_route=\/wp\/v2\/resource"}],"about":[{"href":"https:\/\/eventkit.ch\/index.php?rest_route=\/wp\/v2\/types\/resource"}],"wp:featuredmedia":[{"embeddable":true,"href":"https:\/\/eventkit.ch\/index.php?rest_route=\/wp\/v2\/media\/1784"}],"wp:attachment":[{"href":"https:\/\/eventkit.ch\/index.php?rest_route=%2Fwp%2Fv2%2Fmedia&parent=2603"}],"wp:term":[{"taxonomy":"resource_category","embeddable":true,"href":"https:\/\/eventkit.ch\/index.php?rest_route=%2Fwp%2Fv2%2Fresource_category&post=2603"},{"taxonomy":"audience","embeddable":true,"href":"https:\/\/eventkit.ch\/index.php?rest_route=%2Fwp%2Fv2%2Faudience&post=2603"},{"taxonomy":"contenttype","embeddable":true,"href":"https:\/\/eventkit.ch\/index.php?rest_route=%2Fwp%2Fv2%2Fcontenttype&post=2603"}],"curies":[{"name":"wp","href":"https:\/\/api.w.org\/{rel}","templated":true}]}}