{"id":2601,"date":"2025-12-30T09:15:31","date_gmt":"2025-12-30T09:15:31","guid":{"rendered":"https:\/\/eventkit.ch\/?post_type=resource&#038;p=2601"},"modified":"2026-03-23T18:03:43","modified_gmt":"2026-03-23T17:03:43","slug":"limiter-la-pollution-engendree-par-les-groupes-electrogenes","status":"publish","type":"resource","link":"https:\/\/eventkit.ch\/?resource=limiter-la-pollution-engendree-par-les-groupes-electrogenes&lang=fr","title":{"rendered":"Limiter la pollution engendr\u00e9e par les groupes \u00e9lectrog\u00e8nes"},"content":{"rendered":"<p>Les groupes \u00e9lectrog\u00e8nes sont parfois indispensables pour alimenter une manifestation organis\u00e9e sur un site non raccord\u00e9 au r\u00e9seau \u00e9lectrique.<br><br>Cependant, ils g\u00e9n\u00e8rent de la pollution atmosph\u00e9rique, du bruit et des pertes d\u2019\u00e9nergie. Leur utilisation doit donc \u00eatre soigneusement planifi\u00e9e et limit\u00e9e au strict n\u00e9cessaire. Le choix d\u2019un mod\u00e8le performant et peu polluant est essentiel pour r\u00e9duire leur impact environnemental.<\/p><p>\u00a0<\/p><h2 class=\"wp-block-heading\">Avant la manifestation<\/h2><p><strong>Sur les sites non raccord\u00e9s au r\u00e9seau :<\/strong><\/p><ul class=\"wp-block-list\"><li>Pr\u00e9voir une alimentation provisoire, m\u00eame de faible puissance, pour l\u2019\u00e9clairage de service ou ext\u00e9rieur.<\/li>\n\n<li>Pour les sites r\u00e9currents, faire installer au minimum une ligne \u00e9lectrique provisoire.<\/li>\n\n<li>\u00c9tudier la possibilit\u00e9 d\u2019installer des panneaux solaires photovolta\u00efques ou d\u2019autres sources d\u2019\u00e9nergie renouvelable afin de couvrir une partie des besoins.<\/li>\n\n<li>Pr\u00e9voir des groupes \u00e9lectrog\u00e8nes uniquement en dernier recours, apr\u00e8s examen des alternatives.<\/li><\/ul><p><strong><strong>Lors du choix des appareils :<\/strong><\/strong><\/p><ul class=\"wp-block-list\"><li>Privil\u00e9gier les groupes \u00e9lectrog\u00e8nes \u00e9quip\u00e9s d\u2019un pot catalytique et d\u2019une bonne insonorisation.<\/li>\n\n<li>Choisir des moteurs r\u00e9pondant autant que possible \u00e0 la norme EURO 4 ou \u00e0 une norme \u00e9quivalente.<\/li>\n\n<li>Opter pour des groupes \u00e0 onduleur (Inverter) qui ne s\u2019allument qu\u2019en cas de besoin.<\/li>\n\n<li>\u00c9viter les mod\u00e8les fonctionnant en continu avec un inverseur automatique consommant de l\u2019\u00e9nergie \u00e0 vide.<\/li>\n\n<li>\u00c9viter les g\u00e9n\u00e9rateurs diesel, ou les \u00e9quiper de filtres \u00e0 particules.<\/li>\n\n<li>Proscrire les syst\u00e8mes synchronis\u00e9s (\u00ab Twin Pack \u00bb) fonctionnant en permanence en double.<\/li><\/ul><h2 class=\"wp-block-heading\">Pendant la manifestation<\/h2><ul class=\"wp-block-list\"><li>\u00c9teindre les groupes \u00e9lectrog\u00e8nes d\u00e8s qu\u2019ils ne sont plus n\u00e9cessaires (par exemple la nuit ou \u00e0 la fin de la manifestation).<\/li>\n\n<li>Surveiller leur fonctionnement pour \u00e9viter toute consommation ou nuisance inutile.<\/li><\/ul><h2 class=\"wp-block-heading\">Apr\u00e8s la manifestation&nbsp;<\/h2><ul class=\"wp-block-list\"><li>R\u00e9aliser un bilan qualitatif des mod\u00e8les utilis\u00e9s, notamment en termes de bruit, de fiabilit\u00e9 et de facilit\u00e9 d\u2019emploi.<\/li>\n\n<li>\u00c9valuer les co\u00fbts r\u00e9els li\u00e9s \u00e0 leur utilisation et consigner les r\u00e9sultats pour les \u00e9ditions futures.<\/li><\/ul>","protected":false},"excerpt":{"rendered":"<p>Les groupes \u00e9lectrog\u00e8nes sont parfois indispensables pour alimenter une manifestation organis\u00e9e sur un site non raccord\u00e9 au r\u00e9seau \u00e9lectrique. Cependant, ils g\u00e9n\u00e8rent de la pollution atmosph\u00e9rique, du bruit et des pertes d\u2019\u00e9nergie. Leur utilisation doit donc \u00eatre soigneusement planifi\u00e9e et limit\u00e9e au strict n\u00e9cessaire. Le choix d\u2019un mod\u00e8le performant et peu polluant est essentiel pour [&hellip;]<\/p>\n","protected":false},"featured_media":2600,"parent":0,"template":"","format":"standard","meta":{"_sitemap_exclude":false,"_sitemap_priority":"","_sitemap_frequency":"","_eventkit_link":"https:\/\/eventkit.ch\/wp-content\/uploads\/2025\/12\/4.4_Limiter_la_pollution_groupes_electrogenes_EVENTKIT_FINAL.pdf"},"resource_category":[204],"audience":[],"contenttype":[216],"class_list":["post-2601","resource","type-resource","status-publish","format-standard","has-post-thumbnail","hentry","resource_category-energie-infrastructures","contenttype-fiches-dinformation"],"yoast_head":"<!-- This site is optimized with the Yoast SEO plugin v27.3 - https:\/\/yoast.com\/product\/yoast-seo-wordpress\/ -->\n<title>Limiter la pollution engendr\u00e9e par les groupes \u00e9lectrog\u00e8nes - EventKit<\/title>\n<meta name=\"robots\" content=\"index, follow, max-snippet:-1, max-image-preview:large, max-video-preview:-1\" \/>\n<link rel=\"canonical\" href=\"https:\/\/eventkit.ch\/?resource=limiter-la-pollution-engendree-par-les-groupes-electrogenes&lang=fr\" \/>\n<meta property=\"og:locale\" content=\"de_DE\" \/>\n<meta property=\"og:type\" content=\"article\" \/>\n<meta property=\"og:title\" content=\"Limiter la pollution engendr\u00e9e par les groupes \u00e9lectrog\u00e8nes - EventKit\" \/>\n<meta property=\"og:description\" content=\"Les groupes \u00e9lectrog\u00e8nes sont parfois indispensables pour alimenter une manifestation organis\u00e9e sur un site non raccord\u00e9 au r\u00e9seau \u00e9lectrique. Cependant, ils g\u00e9n\u00e8rent de la pollution atmosph\u00e9rique, du bruit et des pertes d\u2019\u00e9nergie. Leur utilisation doit donc \u00eatre soigneusement planifi\u00e9e et limit\u00e9e au strict n\u00e9cessaire. Le choix d\u2019un mod\u00e8le performant et peu polluant est essentiel pour [&hellip;]\" \/>\n<meta property=\"og:url\" content=\"https:\/\/eventkit.ch\/?resource=limiter-la-pollution-engendree-par-les-groupes-electrogenes&amp;lang=fr\" \/>\n<meta property=\"og:site_name\" content=\"EventKit\" \/>\n<meta property=\"article:modified_time\" content=\"2026-03-23T17:03:43+00:00\" \/>\n<meta property=\"og:image\" content=\"https:\/\/eventkit.ch\/wp-content\/uploads\/2025\/12\/646b751fe6d4485ba0f79e01_IMG-1662-scaled.jpg\" \/>\n\t<meta property=\"og:image:width\" content=\"2560\" \/>\n\t<meta property=\"og:image:height\" content=\"1920\" \/>\n\t<meta property=\"og:image:type\" content=\"image\/jpeg\" \/>\n<meta name=\"twitter:card\" content=\"summary_large_image\" \/>\n<meta name=\"twitter:label1\" content=\"Gesch\u00e4tzte Lesezeit\" \/>\n\t<meta name=\"twitter:data1\" content=\"2\u00a0Minuten\" \/>\n<script type=\"application\/ld+json\" class=\"yoast-schema-graph\">{\"@context\":\"https:\\\/\\\/schema.org\",\"@graph\":[{\"@type\":\"WebPage\",\"@id\":\"https:\\\/\\\/eventkit.ch\\\/?resource=limiter-la-pollution-engendree-par-les-groupes-electrogenes&lang=fr\",\"url\":\"https:\\\/\\\/eventkit.ch\\\/?resource=limiter-la-pollution-engendree-par-les-groupes-electrogenes&lang=fr\",\"name\":\"Limiter la pollution engendr\u00e9e par les groupes \u00e9lectrog\u00e8nes - EventKit\",\"isPartOf\":{\"@id\":\"https:\\\/\\\/eventkit.ch\\\/#website\"},\"primaryImageOfPage\":{\"@id\":\"https:\\\/\\\/eventkit.ch\\\/?resource=limiter-la-pollution-engendree-par-les-groupes-electrogenes&lang=fr#primaryimage\"},\"image\":{\"@id\":\"https:\\\/\\\/eventkit.ch\\\/?resource=limiter-la-pollution-engendree-par-les-groupes-electrogenes&lang=fr#primaryimage\"},\"thumbnailUrl\":\"https:\\\/\\\/eventkit.ch\\\/wp-content\\\/uploads\\\/2025\\\/12\\\/646b751fe6d4485ba0f79e01_IMG-1662-scaled.jpg\",\"datePublished\":\"2025-12-30T09:15:31+00:00\",\"dateModified\":\"2026-03-23T17:03:43+00:00\",\"breadcrumb\":{\"@id\":\"https:\\\/\\\/eventkit.ch\\\/?resource=limiter-la-pollution-engendree-par-les-groupes-electrogenes&lang=fr#breadcrumb\"},\"inLanguage\":\"de\",\"potentialAction\":[{\"@type\":\"ReadAction\",\"target\":[\"https:\\\/\\\/eventkit.ch\\\/?resource=limiter-la-pollution-engendree-par-les-groupes-electrogenes&lang=fr\"]}]},{\"@type\":\"ImageObject\",\"inLanguage\":\"de\",\"@id\":\"https:\\\/\\\/eventkit.ch\\\/?resource=limiter-la-pollution-engendree-par-les-groupes-electrogenes&lang=fr#primaryimage\",\"url\":\"https:\\\/\\\/eventkit.ch\\\/wp-content\\\/uploads\\\/2025\\\/12\\\/646b751fe6d4485ba0f79e01_IMG-1662-scaled.jpg\",\"contentUrl\":\"https:\\\/\\\/eventkit.ch\\\/wp-content\\\/uploads\\\/2025\\\/12\\\/646b751fe6d4485ba0f79e01_IMG-1662-scaled.jpg\",\"width\":2560,\"height\":1920},{\"@type\":\"BreadcrumbList\",\"@id\":\"https:\\\/\\\/eventkit.ch\\\/?resource=limiter-la-pollution-engendree-par-les-groupes-electrogenes&lang=fr#breadcrumb\",\"itemListElement\":[{\"@type\":\"ListItem\",\"position\":1,\"name\":\"Home\",\"item\":\"https:\\\/\\\/eventkit.ch\\\/\"},{\"@type\":\"ListItem\",\"position\":2,\"name\":\"Merkbl\u00e4tter\",\"item\":\"https:\\\/\\\/eventkit.ch\\\/?post_type=resource&lang=fr\"},{\"@type\":\"ListItem\",\"position\":3,\"name\":\"Limiter la pollution engendr\u00e9e par les groupes \u00e9lectrog\u00e8nes\"}]},{\"@type\":\"WebSite\",\"@id\":\"https:\\\/\\\/eventkit.ch\\\/#website\",\"url\":\"https:\\\/\\\/eventkit.ch\\\/\",\"name\":\"EventKit\",\"description\":\"Nachhaltigkeit, die wirkt: Dein Event im Check.\",\"publisher\":{\"@id\":\"https:\\\/\\\/eventkit.ch\\\/#organization\"},\"potentialAction\":[{\"@type\":\"SearchAction\",\"target\":{\"@type\":\"EntryPoint\",\"urlTemplate\":\"https:\\\/\\\/eventkit.ch\\\/?s={search_term_string}\"},\"query-input\":{\"@type\":\"PropertyValueSpecification\",\"valueRequired\":true,\"valueName\":\"search_term_string\"}}],\"inLanguage\":\"de\"},{\"@type\":\"Organization\",\"@id\":\"https:\\\/\\\/eventkit.ch\\\/#organization\",\"name\":\"EventKit\",\"url\":\"https:\\\/\\\/eventkit.ch\\\/\",\"logo\":{\"@type\":\"ImageObject\",\"inLanguage\":\"de\",\"@id\":\"https:\\\/\\\/eventkit.ch\\\/#\\\/schema\\\/logo\\\/image\\\/\",\"url\":\"https:\\\/\\\/eventkit.ch\\\/wp-content\\\/uploads\\\/2025\\\/11\\\/android-icon-144x144-1.png\",\"contentUrl\":\"https:\\\/\\\/eventkit.ch\\\/wp-content\\\/uploads\\\/2025\\\/11\\\/android-icon-144x144-1.png\",\"width\":144,\"height\":144,\"caption\":\"EventKit\"},\"image\":{\"@id\":\"https:\\\/\\\/eventkit.ch\\\/#\\\/schema\\\/logo\\\/image\\\/\"}}]}<\/script>\n<!-- \/ Yoast SEO plugin. -->","yoast_head_json":{"title":"Limiter la pollution engendr\u00e9e par les groupes \u00e9lectrog\u00e8nes - EventKit","robots":{"index":"index","follow":"follow","max-snippet":"max-snippet:-1","max-image-preview":"max-image-preview:large","max-video-preview":"max-video-preview:-1"},"canonical":"https:\/\/eventkit.ch\/?resource=limiter-la-pollution-engendree-par-les-groupes-electrogenes&lang=fr","og_locale":"de_DE","og_type":"article","og_title":"Limiter la pollution engendr\u00e9e par les groupes \u00e9lectrog\u00e8nes - EventKit","og_description":"Les groupes \u00e9lectrog\u00e8nes sont parfois indispensables pour alimenter une manifestation organis\u00e9e sur un site non raccord\u00e9 au r\u00e9seau \u00e9lectrique. Cependant, ils g\u00e9n\u00e8rent de la pollution atmosph\u00e9rique, du bruit et des pertes d\u2019\u00e9nergie. Leur utilisation doit donc \u00eatre soigneusement planifi\u00e9e et limit\u00e9e au strict n\u00e9cessaire. Le choix d\u2019un mod\u00e8le performant et peu polluant est essentiel pour [&hellip;]","og_url":"https:\/\/eventkit.ch\/?resource=limiter-la-pollution-engendree-par-les-groupes-electrogenes&lang=fr","og_site_name":"EventKit","article_modified_time":"2026-03-23T17:03:43+00:00","og_image":[{"width":2560,"height":1920,"url":"https:\/\/eventkit.ch\/wp-content\/uploads\/2025\/12\/646b751fe6d4485ba0f79e01_IMG-1662-scaled.jpg","type":"image\/jpeg"}],"twitter_card":"summary_large_image","twitter_misc":{"Gesch\u00e4tzte Lesezeit":"2\u00a0Minuten"},"schema":{"@context":"https:\/\/schema.org","@graph":[{"@type":"WebPage","@id":"https:\/\/eventkit.ch\/?resource=limiter-la-pollution-engendree-par-les-groupes-electrogenes&lang=fr","url":"https:\/\/eventkit.ch\/?resource=limiter-la-pollution-engendree-par-les-groupes-electrogenes&lang=fr","name":"Limiter la pollution engendr\u00e9e par les groupes \u00e9lectrog\u00e8nes - EventKit","isPartOf":{"@id":"https:\/\/eventkit.ch\/#website"},"primaryImageOfPage":{"@id":"https:\/\/eventkit.ch\/?resource=limiter-la-pollution-engendree-par-les-groupes-electrogenes&lang=fr#primaryimage"},"image":{"@id":"https:\/\/eventkit.ch\/?resource=limiter-la-pollution-engendree-par-les-groupes-electrogenes&lang=fr#primaryimage"},"thumbnailUrl":"https:\/\/eventkit.ch\/wp-content\/uploads\/2025\/12\/646b751fe6d4485ba0f79e01_IMG-1662-scaled.jpg","datePublished":"2025-12-30T09:15:31+00:00","dateModified":"2026-03-23T17:03:43+00:00","breadcrumb":{"@id":"https:\/\/eventkit.ch\/?resource=limiter-la-pollution-engendree-par-les-groupes-electrogenes&lang=fr#breadcrumb"},"inLanguage":"de","potentialAction":[{"@type":"ReadAction","target":["https:\/\/eventkit.ch\/?resource=limiter-la-pollution-engendree-par-les-groupes-electrogenes&lang=fr"]}]},{"@type":"ImageObject","inLanguage":"de","@id":"https:\/\/eventkit.ch\/?resource=limiter-la-pollution-engendree-par-les-groupes-electrogenes&lang=fr#primaryimage","url":"https:\/\/eventkit.ch\/wp-content\/uploads\/2025\/12\/646b751fe6d4485ba0f79e01_IMG-1662-scaled.jpg","contentUrl":"https:\/\/eventkit.ch\/wp-content\/uploads\/2025\/12\/646b751fe6d4485ba0f79e01_IMG-1662-scaled.jpg","width":2560,"height":1920},{"@type":"BreadcrumbList","@id":"https:\/\/eventkit.ch\/?resource=limiter-la-pollution-engendree-par-les-groupes-electrogenes&lang=fr#breadcrumb","itemListElement":[{"@type":"ListItem","position":1,"name":"Home","item":"https:\/\/eventkit.ch\/"},{"@type":"ListItem","position":2,"name":"Merkbl\u00e4tter","item":"https:\/\/eventkit.ch\/?post_type=resource&lang=fr"},{"@type":"ListItem","position":3,"name":"Limiter la pollution engendr\u00e9e par les groupes \u00e9lectrog\u00e8nes"}]},{"@type":"WebSite","@id":"https:\/\/eventkit.ch\/#website","url":"https:\/\/eventkit.ch\/","name":"EventKit","description":"Nachhaltigkeit, die wirkt: Dein Event im Check.","publisher":{"@id":"https:\/\/eventkit.ch\/#organization"},"potentialAction":[{"@type":"SearchAction","target":{"@type":"EntryPoint","urlTemplate":"https:\/\/eventkit.ch\/?s={search_term_string}"},"query-input":{"@type":"PropertyValueSpecification","valueRequired":true,"valueName":"search_term_string"}}],"inLanguage":"de"},{"@type":"Organization","@id":"https:\/\/eventkit.ch\/#organization","name":"EventKit","url":"https:\/\/eventkit.ch\/","logo":{"@type":"ImageObject","inLanguage":"de","@id":"https:\/\/eventkit.ch\/#\/schema\/logo\/image\/","url":"https:\/\/eventkit.ch\/wp-content\/uploads\/2025\/11\/android-icon-144x144-1.png","contentUrl":"https:\/\/eventkit.ch\/wp-content\/uploads\/2025\/11\/android-icon-144x144-1.png","width":144,"height":144,"caption":"EventKit"},"image":{"@id":"https:\/\/eventkit.ch\/#\/schema\/logo\/image\/"}}]}},"_links":{"self":[{"href":"https:\/\/eventkit.ch\/index.php?rest_route=\/wp\/v2\/resource\/2601","targetHints":{"allow":["GET"]}}],"collection":[{"href":"https:\/\/eventkit.ch\/index.php?rest_route=\/wp\/v2\/resource"}],"about":[{"href":"https:\/\/eventkit.ch\/index.php?rest_route=\/wp\/v2\/types\/resource"}],"wp:featuredmedia":[{"embeddable":true,"href":"https:\/\/eventkit.ch\/index.php?rest_route=\/wp\/v2\/media\/2600"}],"wp:attachment":[{"href":"https:\/\/eventkit.ch\/index.php?rest_route=%2Fwp%2Fv2%2Fmedia&parent=2601"}],"wp:term":[{"taxonomy":"resource_category","embeddable":true,"href":"https:\/\/eventkit.ch\/index.php?rest_route=%2Fwp%2Fv2%2Fresource_category&post=2601"},{"taxonomy":"audience","embeddable":true,"href":"https:\/\/eventkit.ch\/index.php?rest_route=%2Fwp%2Fv2%2Faudience&post=2601"},{"taxonomy":"contenttype","embeddable":true,"href":"https:\/\/eventkit.ch\/index.php?rest_route=%2Fwp%2Fv2%2Fcontenttype&post=2601"}],"curies":[{"name":"wp","href":"https:\/\/api.w.org\/{rel}","templated":true}]}}