{"id":2599,"date":"2025-12-30T09:15:31","date_gmt":"2025-12-30T09:15:31","guid":{"rendered":"https:\/\/eventkit.ch\/?post_type=resource&#038;p=2599"},"modified":"2026-03-23T17:34:53","modified_gmt":"2026-03-23T16:34:53","slug":"reduzierung-der-durch-stromaggregate-verursachten-umweltbelastung","status":"publish","type":"resource","link":"https:\/\/eventkit.ch\/?resource=reduzierung-der-durch-stromaggregate-verursachten-umweltbelastung","title":{"rendered":"Reduzierung der durch Stromaggregate verursachten Umweltbelastung\u00a0"},"content":{"rendered":"<p>Stromaggregate sind oft unvermeidbar, wenn eine Veranstaltung an einem Ort ohne festen Stromanschluss stattfindet. Da sie jedoch Luftverschmutzung, L\u00e4rmemissionen und Energieverluste verursachen, sollte ihr Einsatz sorgf\u00e4ltig geplant und auf das absolute Minimum reduziert werden. Die Wahl eines geeigneten, m\u00f6glichst emissionsarmen Aggregats ist entscheidend, um die Umweltbelastung zu begrenzen.<\/p><h2 class=\"wp-block-heading\">Vor der Veranstaltung<\/h2><ul class=\"wp-block-list\"><li>An Standorten ohne direkten Netzanschluss:<ul class=\"wp-block-list\"><li>Eine provisorische, auch kleine Stromversorgung f\u00fcr Betriebs- oder Aussenbeleuchtung vorsehen.<\/li>\n\n<li>Bei wiederkehrenden Standorten ohne Anschluss eine dauerhafte provisorische Leitung installieren lassen.<\/li>\n\n<li>Die M\u00f6glichkeit pr\u00fcfen, eine Photovoltaikanlage oder andere erneuerbare Energiequellen zu nutzen, um einen Teil des Strombedarfs zu decken.<\/li>\n\n<li>Gegebenenfalls Stromaggregate einplanen \u2013 jedoch erst nach Pr\u00fcfung aller Alternativen.<\/li><\/ul><\/li>\n\n<li>Bei der Auswahl der Ger\u00e4te :<ul class=\"wp-block-list\"><li>Aggregate mit Katalysator und guter Schalld\u00e4mmung bevorzugen.<\/li>\n\n<li>Motoren w\u00e4hlen, die m\u00f6glichst der EURO-4-Norm entsprechen oder diese \u00fcbertreffen.<\/li>\n\n<li>Aggregate mit Inverter-Technologie bevorzugen, die sich nur bei Bedarf einschalten.<\/li>\n\n<li>Generatoren vermeiden, die durch automatische Umschaltung dauerhaft im Leerlauf Energie verbrauchen.<\/li>\n\n<li>Dieselaggregate vermeiden oder mit Partikelfiltern ausr\u00fcsten.<\/li>\n\n<li>Synchronisierte Doppelaggregate (\u201eTwin Packs\u201c), die permanent gleichzeitig laufen, grunds\u00e4tzlich ausschliessen.<\/li><\/ul><\/li><\/ul><h2 class=\"wp-block-heading\">W\u00e4hrend der Veranstaltung<\/h2><ul class=\"wp-block-list\"><li>Stromaggregate ausschalten, sobald sie nicht mehr ben\u00f6tigt werden (z. B. nachts oder nach Veranstaltungsende).<\/li>\n\n<li>Den Betrieb regelm\u00e4ssig kontrollieren, um unn\u00f6tigen Energieverbrauch und L\u00e4rm zu vermeiden.<\/li><\/ul><h2 class=\"wp-block-heading\">Nach der Veranstaltung<\/h2><ul class=\"wp-block-list\"><li>Eine qualitative Bilanz erstellen: L\u00e4rmemissionen, Benutzerfreundlichkeit, Energieeffizienz.<\/li>\n\n<li>Die tats\u00e4chlichen Betriebskosten und den Treibstoffverbrauch erfassen und dokumentieren.<\/li>\n\n<li>Erkenntnisse f\u00fcr die Wahl k\u00fcnftiger Modelle oder alternativer L\u00f6sungen festhalten.<\/li><\/ul><p><\/p>","protected":false},"excerpt":{"rendered":"<p>Stromaggregate sind oft unvermeidbar, wenn eine Veranstaltung an einem Ort ohne festen Stromanschluss stattfindet. Da sie jedoch Luftverschmutzung, L\u00e4rmemissionen und Energieverluste verursachen, sollte ihr Einsatz sorgf\u00e4ltig geplant und auf das absolute Minimum reduziert werden. Die Wahl eines geeigneten, m\u00f6glichst emissionsarmen Aggregats ist entscheidend, um die Umweltbelastung zu begrenzen. Vor der Veranstaltung W\u00e4hrend der Veranstaltung Nach [&hellip;]<\/p>\n","protected":false},"featured_media":2600,"parent":0,"template":"","format":"standard","meta":{"_sitemap_exclude":false,"_sitemap_priority":"","_sitemap_frequency":"","_eventkit_link":"https:\/\/eventkit.ch\/wp-content\/uploads\/2025\/12\/4.4_Reduzierung_der_durch_Stromaggregate_verursachten_Umweltbelastung_EVENTKIT_FINAL.pdf"},"resource_category":[194],"audience":[],"contenttype":[104],"class_list":["post-2599","resource","type-resource","status-publish","format-standard","has-post-thumbnail","hentry","resource_category-energie-infrastruktur","contenttype-merkblatt"],"yoast_head":"<!-- This site is optimized with the Yoast SEO plugin v27.3 - https:\/\/yoast.com\/product\/yoast-seo-wordpress\/ -->\n<title>Reduzierung der durch Stromaggregate verursachten Umweltbelastung\u00a0 - EventKit<\/title>\n<meta name=\"robots\" content=\"index, follow, max-snippet:-1, max-image-preview:large, max-video-preview:-1\" \/>\n<link rel=\"canonical\" href=\"https:\/\/eventkit.ch\/?resource=reduzierung-der-durch-stromaggregate-verursachten-umweltbelastung\" \/>\n<meta property=\"og:locale\" content=\"de_DE\" \/>\n<meta property=\"og:type\" content=\"article\" \/>\n<meta property=\"og:title\" content=\"Reduzierung der durch Stromaggregate verursachten Umweltbelastung\u00a0 - EventKit\" \/>\n<meta property=\"og:description\" content=\"Stromaggregate sind oft unvermeidbar, wenn eine Veranstaltung an einem Ort ohne festen Stromanschluss stattfindet. Da sie jedoch Luftverschmutzung, L\u00e4rmemissionen und Energieverluste verursachen, sollte ihr Einsatz sorgf\u00e4ltig geplant und auf das absolute Minimum reduziert werden. Die Wahl eines geeigneten, m\u00f6glichst emissionsarmen Aggregats ist entscheidend, um die Umweltbelastung zu begrenzen. Vor der Veranstaltung W\u00e4hrend der Veranstaltung Nach [&hellip;]\" \/>\n<meta property=\"og:url\" content=\"https:\/\/eventkit.ch\/?resource=reduzierung-der-durch-stromaggregate-verursachten-umweltbelastung\" \/>\n<meta property=\"og:site_name\" content=\"EventKit\" \/>\n<meta property=\"article:modified_time\" content=\"2026-03-23T16:34:53+00:00\" \/>\n<meta property=\"og:image\" content=\"https:\/\/eventkit.ch\/wp-content\/uploads\/2025\/12\/646b751fe6d4485ba0f79e01_IMG-1662-scaled.jpg\" \/>\n\t<meta property=\"og:image:width\" content=\"2560\" \/>\n\t<meta property=\"og:image:height\" content=\"1920\" \/>\n\t<meta property=\"og:image:type\" content=\"image\/jpeg\" \/>\n<meta name=\"twitter:card\" content=\"summary_large_image\" \/>\n<meta name=\"twitter:label1\" content=\"Gesch\u00e4tzte Lesezeit\" \/>\n\t<meta name=\"twitter:data1\" content=\"2\u00a0Minuten\" \/>\n<script type=\"application\/ld+json\" class=\"yoast-schema-graph\">{\"@context\":\"https:\\\/\\\/schema.org\",\"@graph\":[{\"@type\":\"WebPage\",\"@id\":\"https:\\\/\\\/eventkit.ch\\\/?resource=reduzierung-der-durch-stromaggregate-verursachten-umweltbelastung\",\"url\":\"https:\\\/\\\/eventkit.ch\\\/?resource=reduzierung-der-durch-stromaggregate-verursachten-umweltbelastung\",\"name\":\"Reduzierung der durch Stromaggregate verursachten Umweltbelastung\u00a0 - EventKit\",\"isPartOf\":{\"@id\":\"https:\\\/\\\/eventkit.ch\\\/#website\"},\"primaryImageOfPage\":{\"@id\":\"https:\\\/\\\/eventkit.ch\\\/?resource=reduzierung-der-durch-stromaggregate-verursachten-umweltbelastung#primaryimage\"},\"image\":{\"@id\":\"https:\\\/\\\/eventkit.ch\\\/?resource=reduzierung-der-durch-stromaggregate-verursachten-umweltbelastung#primaryimage\"},\"thumbnailUrl\":\"https:\\\/\\\/eventkit.ch\\\/wp-content\\\/uploads\\\/2025\\\/12\\\/646b751fe6d4485ba0f79e01_IMG-1662-scaled.jpg\",\"datePublished\":\"2025-12-30T09:15:31+00:00\",\"dateModified\":\"2026-03-23T16:34:53+00:00\",\"breadcrumb\":{\"@id\":\"https:\\\/\\\/eventkit.ch\\\/?resource=reduzierung-der-durch-stromaggregate-verursachten-umweltbelastung#breadcrumb\"},\"inLanguage\":\"de\",\"potentialAction\":[{\"@type\":\"ReadAction\",\"target\":[\"https:\\\/\\\/eventkit.ch\\\/?resource=reduzierung-der-durch-stromaggregate-verursachten-umweltbelastung\"]}]},{\"@type\":\"ImageObject\",\"inLanguage\":\"de\",\"@id\":\"https:\\\/\\\/eventkit.ch\\\/?resource=reduzierung-der-durch-stromaggregate-verursachten-umweltbelastung#primaryimage\",\"url\":\"https:\\\/\\\/eventkit.ch\\\/wp-content\\\/uploads\\\/2025\\\/12\\\/646b751fe6d4485ba0f79e01_IMG-1662-scaled.jpg\",\"contentUrl\":\"https:\\\/\\\/eventkit.ch\\\/wp-content\\\/uploads\\\/2025\\\/12\\\/646b751fe6d4485ba0f79e01_IMG-1662-scaled.jpg\",\"width\":2560,\"height\":1920},{\"@type\":\"BreadcrumbList\",\"@id\":\"https:\\\/\\\/eventkit.ch\\\/?resource=reduzierung-der-durch-stromaggregate-verursachten-umweltbelastung#breadcrumb\",\"itemListElement\":[{\"@type\":\"ListItem\",\"position\":1,\"name\":\"Home\",\"item\":\"https:\\\/\\\/eventkit.ch\\\/\"},{\"@type\":\"ListItem\",\"position\":2,\"name\":\"Merkbl\u00e4tter\",\"item\":\"https:\\\/\\\/eventkit.ch\\\/?post_type=resource&lang=fr\"},{\"@type\":\"ListItem\",\"position\":3,\"name\":\"Reduzierung der durch Stromaggregate verursachten Umweltbelastung\u00a0\"}]},{\"@type\":\"WebSite\",\"@id\":\"https:\\\/\\\/eventkit.ch\\\/#website\",\"url\":\"https:\\\/\\\/eventkit.ch\\\/\",\"name\":\"EventKit\",\"description\":\"Nachhaltigkeit, die wirkt: Dein Event im Check.\",\"publisher\":{\"@id\":\"https:\\\/\\\/eventkit.ch\\\/#organization\"},\"potentialAction\":[{\"@type\":\"SearchAction\",\"target\":{\"@type\":\"EntryPoint\",\"urlTemplate\":\"https:\\\/\\\/eventkit.ch\\\/?s={search_term_string}\"},\"query-input\":{\"@type\":\"PropertyValueSpecification\",\"valueRequired\":true,\"valueName\":\"search_term_string\"}}],\"inLanguage\":\"de\"},{\"@type\":\"Organization\",\"@id\":\"https:\\\/\\\/eventkit.ch\\\/#organization\",\"name\":\"EventKit\",\"url\":\"https:\\\/\\\/eventkit.ch\\\/\",\"logo\":{\"@type\":\"ImageObject\",\"inLanguage\":\"de\",\"@id\":\"https:\\\/\\\/eventkit.ch\\\/#\\\/schema\\\/logo\\\/image\\\/\",\"url\":\"https:\\\/\\\/eventkit.ch\\\/wp-content\\\/uploads\\\/2025\\\/11\\\/android-icon-144x144-1.png\",\"contentUrl\":\"https:\\\/\\\/eventkit.ch\\\/wp-content\\\/uploads\\\/2025\\\/11\\\/android-icon-144x144-1.png\",\"width\":144,\"height\":144,\"caption\":\"EventKit\"},\"image\":{\"@id\":\"https:\\\/\\\/eventkit.ch\\\/#\\\/schema\\\/logo\\\/image\\\/\"}}]}<\/script>\n<!-- \/ Yoast SEO plugin. -->","yoast_head_json":{"title":"Reduzierung der durch Stromaggregate verursachten Umweltbelastung\u00a0 - EventKit","robots":{"index":"index","follow":"follow","max-snippet":"max-snippet:-1","max-image-preview":"max-image-preview:large","max-video-preview":"max-video-preview:-1"},"canonical":"https:\/\/eventkit.ch\/?resource=reduzierung-der-durch-stromaggregate-verursachten-umweltbelastung","og_locale":"de_DE","og_type":"article","og_title":"Reduzierung der durch Stromaggregate verursachten Umweltbelastung\u00a0 - EventKit","og_description":"Stromaggregate sind oft unvermeidbar, wenn eine Veranstaltung an einem Ort ohne festen Stromanschluss stattfindet. Da sie jedoch Luftverschmutzung, L\u00e4rmemissionen und Energieverluste verursachen, sollte ihr Einsatz sorgf\u00e4ltig geplant und auf das absolute Minimum reduziert werden. Die Wahl eines geeigneten, m\u00f6glichst emissionsarmen Aggregats ist entscheidend, um die Umweltbelastung zu begrenzen. Vor der Veranstaltung W\u00e4hrend der Veranstaltung Nach [&hellip;]","og_url":"https:\/\/eventkit.ch\/?resource=reduzierung-der-durch-stromaggregate-verursachten-umweltbelastung","og_site_name":"EventKit","article_modified_time":"2026-03-23T16:34:53+00:00","og_image":[{"width":2560,"height":1920,"url":"https:\/\/eventkit.ch\/wp-content\/uploads\/2025\/12\/646b751fe6d4485ba0f79e01_IMG-1662-scaled.jpg","type":"image\/jpeg"}],"twitter_card":"summary_large_image","twitter_misc":{"Gesch\u00e4tzte Lesezeit":"2\u00a0Minuten"},"schema":{"@context":"https:\/\/schema.org","@graph":[{"@type":"WebPage","@id":"https:\/\/eventkit.ch\/?resource=reduzierung-der-durch-stromaggregate-verursachten-umweltbelastung","url":"https:\/\/eventkit.ch\/?resource=reduzierung-der-durch-stromaggregate-verursachten-umweltbelastung","name":"Reduzierung der durch Stromaggregate verursachten Umweltbelastung\u00a0 - EventKit","isPartOf":{"@id":"https:\/\/eventkit.ch\/#website"},"primaryImageOfPage":{"@id":"https:\/\/eventkit.ch\/?resource=reduzierung-der-durch-stromaggregate-verursachten-umweltbelastung#primaryimage"},"image":{"@id":"https:\/\/eventkit.ch\/?resource=reduzierung-der-durch-stromaggregate-verursachten-umweltbelastung#primaryimage"},"thumbnailUrl":"https:\/\/eventkit.ch\/wp-content\/uploads\/2025\/12\/646b751fe6d4485ba0f79e01_IMG-1662-scaled.jpg","datePublished":"2025-12-30T09:15:31+00:00","dateModified":"2026-03-23T16:34:53+00:00","breadcrumb":{"@id":"https:\/\/eventkit.ch\/?resource=reduzierung-der-durch-stromaggregate-verursachten-umweltbelastung#breadcrumb"},"inLanguage":"de","potentialAction":[{"@type":"ReadAction","target":["https:\/\/eventkit.ch\/?resource=reduzierung-der-durch-stromaggregate-verursachten-umweltbelastung"]}]},{"@type":"ImageObject","inLanguage":"de","@id":"https:\/\/eventkit.ch\/?resource=reduzierung-der-durch-stromaggregate-verursachten-umweltbelastung#primaryimage","url":"https:\/\/eventkit.ch\/wp-content\/uploads\/2025\/12\/646b751fe6d4485ba0f79e01_IMG-1662-scaled.jpg","contentUrl":"https:\/\/eventkit.ch\/wp-content\/uploads\/2025\/12\/646b751fe6d4485ba0f79e01_IMG-1662-scaled.jpg","width":2560,"height":1920},{"@type":"BreadcrumbList","@id":"https:\/\/eventkit.ch\/?resource=reduzierung-der-durch-stromaggregate-verursachten-umweltbelastung#breadcrumb","itemListElement":[{"@type":"ListItem","position":1,"name":"Home","item":"https:\/\/eventkit.ch\/"},{"@type":"ListItem","position":2,"name":"Merkbl\u00e4tter","item":"https:\/\/eventkit.ch\/?post_type=resource&lang=fr"},{"@type":"ListItem","position":3,"name":"Reduzierung der durch Stromaggregate verursachten Umweltbelastung\u00a0"}]},{"@type":"WebSite","@id":"https:\/\/eventkit.ch\/#website","url":"https:\/\/eventkit.ch\/","name":"EventKit","description":"Nachhaltigkeit, die wirkt: Dein Event im Check.","publisher":{"@id":"https:\/\/eventkit.ch\/#organization"},"potentialAction":[{"@type":"SearchAction","target":{"@type":"EntryPoint","urlTemplate":"https:\/\/eventkit.ch\/?s={search_term_string}"},"query-input":{"@type":"PropertyValueSpecification","valueRequired":true,"valueName":"search_term_string"}}],"inLanguage":"de"},{"@type":"Organization","@id":"https:\/\/eventkit.ch\/#organization","name":"EventKit","url":"https:\/\/eventkit.ch\/","logo":{"@type":"ImageObject","inLanguage":"de","@id":"https:\/\/eventkit.ch\/#\/schema\/logo\/image\/","url":"https:\/\/eventkit.ch\/wp-content\/uploads\/2025\/11\/android-icon-144x144-1.png","contentUrl":"https:\/\/eventkit.ch\/wp-content\/uploads\/2025\/11\/android-icon-144x144-1.png","width":144,"height":144,"caption":"EventKit"},"image":{"@id":"https:\/\/eventkit.ch\/#\/schema\/logo\/image\/"}}]}},"_links":{"self":[{"href":"https:\/\/eventkit.ch\/index.php?rest_route=\/wp\/v2\/resource\/2599","targetHints":{"allow":["GET"]}}],"collection":[{"href":"https:\/\/eventkit.ch\/index.php?rest_route=\/wp\/v2\/resource"}],"about":[{"href":"https:\/\/eventkit.ch\/index.php?rest_route=\/wp\/v2\/types\/resource"}],"wp:featuredmedia":[{"embeddable":true,"href":"https:\/\/eventkit.ch\/index.php?rest_route=\/wp\/v2\/media\/2600"}],"wp:attachment":[{"href":"https:\/\/eventkit.ch\/index.php?rest_route=%2Fwp%2Fv2%2Fmedia&parent=2599"}],"wp:term":[{"taxonomy":"resource_category","embeddable":true,"href":"https:\/\/eventkit.ch\/index.php?rest_route=%2Fwp%2Fv2%2Fresource_category&post=2599"},{"taxonomy":"audience","embeddable":true,"href":"https:\/\/eventkit.ch\/index.php?rest_route=%2Fwp%2Fv2%2Faudience&post=2599"},{"taxonomy":"contenttype","embeddable":true,"href":"https:\/\/eventkit.ch\/index.php?rest_route=%2Fwp%2Fv2%2Fcontenttype&post=2599"}],"curies":[{"name":"wp","href":"https:\/\/api.w.org\/{rel}","templated":true}]}}