{"id":2598,"date":"2025-12-30T08:59:45","date_gmt":"2025-12-30T08:59:45","guid":{"rendered":"https:\/\/eventkit.ch\/?post_type=resource&#038;p=2598"},"modified":"2026-03-23T18:07:07","modified_gmt":"2026-03-23T17:07:07","slug":"minimiser-la-consommation-energetique","status":"publish","type":"resource","link":"https:\/\/eventkit.ch\/?resource=minimiser-la-consommation-energetique&lang=fr","title":{"rendered":"Minimiser la consommation \u00e9nerg\u00e9tique"},"content":{"rendered":"<p>Une planification rigoureuse des installations \u00e9lectriques permet de r\u00e9duire significativement la consommation d\u2019\u00e9nergie et les co\u00fbts associ\u00e9s.<br><br>L\u2019objectif est d\u2019\u00e9valuer pr\u00e9cis\u00e9ment les besoins r\u00e9els en \u00e9lectricit\u00e9, d\u2019adapter la puissance install\u00e9e et de privil\u00e9gier les solutions les plus efficaces et respectueuses de l\u2019environnement.<br>Pour les manifestations r\u00e9currentes, les bilans des \u00e9ditions pr\u00e9c\u00e9dentes constituent une base pr\u00e9cieuse pour estimer les besoins et identifier des pistes d\u2019am\u00e9lioration. Pour une premi\u00e8re \u00e9dition, il est conseill\u00e9 de s\u2019inspirer d\u2019exp\u00e9riences men\u00e9es lors d\u2019\u00e9v\u00e9nements similaires.<\/p><h2 class=\"wp-block-heading\">Avant la manifestation<\/h2><ul class=\"wp-block-list\"><li>\u00c9valuer la consommation \u00e9lectrique pr\u00e9visionnelle de la manifestation (\u00e9clairage, sonorisation, restauration, infrastructures, etc.).<\/li>\n\n<li>D\u00e9terminer la puissance requise, le nombre de raccordements et leur emplacement.<\/li>\n\n<li>\u00c9tudier les alternatives permettant de r\u00e9duire la consommation et les \u00e9missions :<ul class=\"wp-block-list\"><li>Limiter l\u2019utilisation de groupes \u00e9lectrog\u00e8nes \u2013 \u00e9nergivores, bruyants et polluants \u2013 en privil\u00e9giant un site d\u00e9j\u00e0 \u00e9quip\u00e9 en \u00e9lectricit\u00e9.<\/li>\n\n<li>En cas de besoin, opter pour des groupes \u00e9lectrog\u00e8nes \u00e0 haut rendement ou en cog\u00e9n\u00e9ration.<\/li>\n\n<li>\u00c9viter les g\u00e9n\u00e9rateurs diesel ou les \u00e9quiper de filtres \u00e0 particules.<\/li>\n\n<li>Utiliser au maximum la lumi\u00e8re naturelle en privil\u00e9giant des espaces ouverts et lumineux.<\/li>\n\n<li>Adapter la puissance et la quantit\u00e9 des sources d\u2019\u00e9clairage aux besoins r\u00e9els.\u00a0Utiliser si possible des luminaires \u00e0 intensit\u00e9 variable.<\/li>\n\n<li>Lors du choix des ampoules et des luminaires, tenir compte de l&#8217;\u00e9tiquette \u00e9nerg\u00e9tique ; classe d&#8217;efficacit\u00e9 minimale C. (Outil :\u00a0<a href=\"applewebdata:\/\/965048E9-EEBF-45B2-88FF-27465381B75E\/www.topten.ch\">www.topten.ch<\/a>, cat\u00e9gorie de produits\u00a0\u00ab \u00c9clairage \u00bb).<\/li><\/ul><\/li>\n\n<li>Contacter le fournisseur d\u2019\u00e9lectricit\u00e9 pour d\u00e9finir les modalit\u00e9s techniques et contractuelles, si cette \u00e9tape n\u2019est pas d\u00e9j\u00e0 pr\u00e9vue dans les proc\u00e9dures communales.<\/li><\/ul><h2 class=\"wp-block-heading\">Pendant la manifestation<\/h2><ul class=\"wp-block-list\"><li>Contr\u00f4ler r\u00e9guli\u00e8rement le bon fonctionnement des installations \u00e9lectriques.<\/li>\n\n<li>D\u00e9signer une personne responsable du suivi \u00e9nerg\u00e9tique et de la gestion des raccordements.<\/li><\/ul><h2 class=\"wp-block-heading\">Apr\u00e8s la manifestation&nbsp;<\/h2><ul class=\"wp-block-list\"><li>Collecter et analyser les donn\u00e9es relatives \u00e0 la consommation d\u2019\u00e9lectricit\u00e9.<\/li>\n\n<li>R\u00e9aliser un bilan complet : utilisation r\u00e9elle, efficacit\u00e9 des installations, potentiel d\u2019optimisation.<\/li>\n\n<li>Documenter les r\u00e9sultats afin d\u2019am\u00e9liorer la planification \u00e9nerg\u00e9tique des \u00e9ditions futures.<\/li><\/ul>","protected":false},"excerpt":{"rendered":"<p>Une planification rigoureuse des installations \u00e9lectriques permet de r\u00e9duire significativement la consommation d\u2019\u00e9nergie et les co\u00fbts associ\u00e9s. L\u2019objectif est d\u2019\u00e9valuer pr\u00e9cis\u00e9ment les besoins r\u00e9els en \u00e9lectricit\u00e9, d\u2019adapter la puissance install\u00e9e et de privil\u00e9gier les solutions les plus efficaces et respectueuses de l\u2019environnement.Pour les manifestations r\u00e9currentes, les bilans des \u00e9ditions pr\u00e9c\u00e9dentes constituent une base pr\u00e9cieuse pour [&hellip;]<\/p>\n","protected":false},"featured_media":1775,"parent":0,"template":"","format":"standard","meta":{"_sitemap_exclude":false,"_sitemap_priority":"","_sitemap_frequency":"","_eventkit_link":"https:\/\/eventkit.ch\/wp-content\/uploads\/2025\/12\/4.3_Minimiser_la_consommation_energetique_EVENTKIT_FINAL.pdf"},"resource_category":[204],"audience":[],"contenttype":[216],"class_list":["post-2598","resource","type-resource","status-publish","format-standard","has-post-thumbnail","hentry","resource_category-energie-infrastructures","contenttype-fiches-dinformation"],"yoast_head":"<!-- This site is optimized with the Yoast SEO plugin v27.3 - https:\/\/yoast.com\/product\/yoast-seo-wordpress\/ -->\n<title>Minimiser la consommation \u00e9nerg\u00e9tique - EventKit<\/title>\n<meta name=\"robots\" content=\"index, follow, max-snippet:-1, max-image-preview:large, max-video-preview:-1\" \/>\n<link rel=\"canonical\" href=\"https:\/\/eventkit.ch\/?resource=minimiser-la-consommation-energetique&lang=fr\" \/>\n<meta property=\"og:locale\" content=\"de_DE\" \/>\n<meta property=\"og:type\" content=\"article\" \/>\n<meta property=\"og:title\" content=\"Minimiser la consommation \u00e9nerg\u00e9tique - EventKit\" \/>\n<meta property=\"og:description\" content=\"Une planification rigoureuse des installations \u00e9lectriques permet de r\u00e9duire significativement la consommation d\u2019\u00e9nergie et les co\u00fbts associ\u00e9s. L\u2019objectif est d\u2019\u00e9valuer pr\u00e9cis\u00e9ment les besoins r\u00e9els en \u00e9lectricit\u00e9, d\u2019adapter la puissance install\u00e9e et de privil\u00e9gier les solutions les plus efficaces et respectueuses de l\u2019environnement.Pour les manifestations r\u00e9currentes, les bilans des \u00e9ditions pr\u00e9c\u00e9dentes constituent une base pr\u00e9cieuse pour [&hellip;]\" \/>\n<meta property=\"og:url\" content=\"https:\/\/eventkit.ch\/?resource=minimiser-la-consommation-energetique&amp;lang=fr\" \/>\n<meta property=\"og:site_name\" content=\"EventKit\" \/>\n<meta property=\"article:modified_time\" content=\"2026-03-23T17:07:07+00:00\" \/>\n<meta property=\"og:image\" content=\"https:\/\/eventkit.ch\/wp-content\/uploads\/2025\/12\/Chnopf_uf-BS_034-scaled.webp\" \/>\n\t<meta property=\"og:image:width\" content=\"2560\" \/>\n\t<meta property=\"og:image:height\" content=\"1707\" \/>\n\t<meta property=\"og:image:type\" content=\"image\/webp\" \/>\n<meta name=\"twitter:card\" content=\"summary_large_image\" \/>\n<meta name=\"twitter:label1\" content=\"Gesch\u00e4tzte Lesezeit\" \/>\n\t<meta name=\"twitter:data1\" content=\"2\u00a0Minuten\" \/>\n<script type=\"application\/ld+json\" class=\"yoast-schema-graph\">{\"@context\":\"https:\\\/\\\/schema.org\",\"@graph\":[{\"@type\":\"WebPage\",\"@id\":\"https:\\\/\\\/eventkit.ch\\\/?resource=minimiser-la-consommation-energetique&lang=fr\",\"url\":\"https:\\\/\\\/eventkit.ch\\\/?resource=minimiser-la-consommation-energetique&lang=fr\",\"name\":\"Minimiser la consommation \u00e9nerg\u00e9tique - EventKit\",\"isPartOf\":{\"@id\":\"https:\\\/\\\/eventkit.ch\\\/#website\"},\"primaryImageOfPage\":{\"@id\":\"https:\\\/\\\/eventkit.ch\\\/?resource=minimiser-la-consommation-energetique&lang=fr#primaryimage\"},\"image\":{\"@id\":\"https:\\\/\\\/eventkit.ch\\\/?resource=minimiser-la-consommation-energetique&lang=fr#primaryimage\"},\"thumbnailUrl\":\"https:\\\/\\\/eventkit.ch\\\/wp-content\\\/uploads\\\/2025\\\/12\\\/Chnopf_uf-BS_034-scaled.webp\",\"datePublished\":\"2025-12-30T08:59:45+00:00\",\"dateModified\":\"2026-03-23T17:07:07+00:00\",\"breadcrumb\":{\"@id\":\"https:\\\/\\\/eventkit.ch\\\/?resource=minimiser-la-consommation-energetique&lang=fr#breadcrumb\"},\"inLanguage\":\"de\",\"potentialAction\":[{\"@type\":\"ReadAction\",\"target\":[\"https:\\\/\\\/eventkit.ch\\\/?resource=minimiser-la-consommation-energetique&lang=fr\"]}]},{\"@type\":\"ImageObject\",\"inLanguage\":\"de\",\"@id\":\"https:\\\/\\\/eventkit.ch\\\/?resource=minimiser-la-consommation-energetique&lang=fr#primaryimage\",\"url\":\"https:\\\/\\\/eventkit.ch\\\/wp-content\\\/uploads\\\/2025\\\/12\\\/Chnopf_uf-BS_034-scaled.webp\",\"contentUrl\":\"https:\\\/\\\/eventkit.ch\\\/wp-content\\\/uploads\\\/2025\\\/12\\\/Chnopf_uf-BS_034-scaled.webp\",\"width\":2560,\"height\":1707},{\"@type\":\"BreadcrumbList\",\"@id\":\"https:\\\/\\\/eventkit.ch\\\/?resource=minimiser-la-consommation-energetique&lang=fr#breadcrumb\",\"itemListElement\":[{\"@type\":\"ListItem\",\"position\":1,\"name\":\"Home\",\"item\":\"https:\\\/\\\/eventkit.ch\\\/\"},{\"@type\":\"ListItem\",\"position\":2,\"name\":\"Merkbl\u00e4tter\",\"item\":\"https:\\\/\\\/eventkit.ch\\\/?post_type=resource&lang=fr\"},{\"@type\":\"ListItem\",\"position\":3,\"name\":\"Minimiser la consommation \u00e9nerg\u00e9tique\"}]},{\"@type\":\"WebSite\",\"@id\":\"https:\\\/\\\/eventkit.ch\\\/#website\",\"url\":\"https:\\\/\\\/eventkit.ch\\\/\",\"name\":\"EventKit\",\"description\":\"Nachhaltigkeit, die wirkt: Dein Event im Check.\",\"publisher\":{\"@id\":\"https:\\\/\\\/eventkit.ch\\\/#organization\"},\"potentialAction\":[{\"@type\":\"SearchAction\",\"target\":{\"@type\":\"EntryPoint\",\"urlTemplate\":\"https:\\\/\\\/eventkit.ch\\\/?s={search_term_string}\"},\"query-input\":{\"@type\":\"PropertyValueSpecification\",\"valueRequired\":true,\"valueName\":\"search_term_string\"}}],\"inLanguage\":\"de\"},{\"@type\":\"Organization\",\"@id\":\"https:\\\/\\\/eventkit.ch\\\/#organization\",\"name\":\"EventKit\",\"url\":\"https:\\\/\\\/eventkit.ch\\\/\",\"logo\":{\"@type\":\"ImageObject\",\"inLanguage\":\"de\",\"@id\":\"https:\\\/\\\/eventkit.ch\\\/#\\\/schema\\\/logo\\\/image\\\/\",\"url\":\"https:\\\/\\\/eventkit.ch\\\/wp-content\\\/uploads\\\/2025\\\/11\\\/android-icon-144x144-1.png\",\"contentUrl\":\"https:\\\/\\\/eventkit.ch\\\/wp-content\\\/uploads\\\/2025\\\/11\\\/android-icon-144x144-1.png\",\"width\":144,\"height\":144,\"caption\":\"EventKit\"},\"image\":{\"@id\":\"https:\\\/\\\/eventkit.ch\\\/#\\\/schema\\\/logo\\\/image\\\/\"}}]}<\/script>\n<!-- \/ Yoast SEO plugin. -->","yoast_head_json":{"title":"Minimiser la consommation \u00e9nerg\u00e9tique - EventKit","robots":{"index":"index","follow":"follow","max-snippet":"max-snippet:-1","max-image-preview":"max-image-preview:large","max-video-preview":"max-video-preview:-1"},"canonical":"https:\/\/eventkit.ch\/?resource=minimiser-la-consommation-energetique&lang=fr","og_locale":"de_DE","og_type":"article","og_title":"Minimiser la consommation \u00e9nerg\u00e9tique - EventKit","og_description":"Une planification rigoureuse des installations \u00e9lectriques permet de r\u00e9duire significativement la consommation d\u2019\u00e9nergie et les co\u00fbts associ\u00e9s. L\u2019objectif est d\u2019\u00e9valuer pr\u00e9cis\u00e9ment les besoins r\u00e9els en \u00e9lectricit\u00e9, d\u2019adapter la puissance install\u00e9e et de privil\u00e9gier les solutions les plus efficaces et respectueuses de l\u2019environnement.Pour les manifestations r\u00e9currentes, les bilans des \u00e9ditions pr\u00e9c\u00e9dentes constituent une base pr\u00e9cieuse pour [&hellip;]","og_url":"https:\/\/eventkit.ch\/?resource=minimiser-la-consommation-energetique&lang=fr","og_site_name":"EventKit","article_modified_time":"2026-03-23T17:07:07+00:00","og_image":[{"width":2560,"height":1707,"url":"https:\/\/eventkit.ch\/wp-content\/uploads\/2025\/12\/Chnopf_uf-BS_034-scaled.webp","type":"image\/webp"}],"twitter_card":"summary_large_image","twitter_misc":{"Gesch\u00e4tzte Lesezeit":"2\u00a0Minuten"},"schema":{"@context":"https:\/\/schema.org","@graph":[{"@type":"WebPage","@id":"https:\/\/eventkit.ch\/?resource=minimiser-la-consommation-energetique&lang=fr","url":"https:\/\/eventkit.ch\/?resource=minimiser-la-consommation-energetique&lang=fr","name":"Minimiser la consommation \u00e9nerg\u00e9tique - EventKit","isPartOf":{"@id":"https:\/\/eventkit.ch\/#website"},"primaryImageOfPage":{"@id":"https:\/\/eventkit.ch\/?resource=minimiser-la-consommation-energetique&lang=fr#primaryimage"},"image":{"@id":"https:\/\/eventkit.ch\/?resource=minimiser-la-consommation-energetique&lang=fr#primaryimage"},"thumbnailUrl":"https:\/\/eventkit.ch\/wp-content\/uploads\/2025\/12\/Chnopf_uf-BS_034-scaled.webp","datePublished":"2025-12-30T08:59:45+00:00","dateModified":"2026-03-23T17:07:07+00:00","breadcrumb":{"@id":"https:\/\/eventkit.ch\/?resource=minimiser-la-consommation-energetique&lang=fr#breadcrumb"},"inLanguage":"de","potentialAction":[{"@type":"ReadAction","target":["https:\/\/eventkit.ch\/?resource=minimiser-la-consommation-energetique&lang=fr"]}]},{"@type":"ImageObject","inLanguage":"de","@id":"https:\/\/eventkit.ch\/?resource=minimiser-la-consommation-energetique&lang=fr#primaryimage","url":"https:\/\/eventkit.ch\/wp-content\/uploads\/2025\/12\/Chnopf_uf-BS_034-scaled.webp","contentUrl":"https:\/\/eventkit.ch\/wp-content\/uploads\/2025\/12\/Chnopf_uf-BS_034-scaled.webp","width":2560,"height":1707},{"@type":"BreadcrumbList","@id":"https:\/\/eventkit.ch\/?resource=minimiser-la-consommation-energetique&lang=fr#breadcrumb","itemListElement":[{"@type":"ListItem","position":1,"name":"Home","item":"https:\/\/eventkit.ch\/"},{"@type":"ListItem","position":2,"name":"Merkbl\u00e4tter","item":"https:\/\/eventkit.ch\/?post_type=resource&lang=fr"},{"@type":"ListItem","position":3,"name":"Minimiser la consommation \u00e9nerg\u00e9tique"}]},{"@type":"WebSite","@id":"https:\/\/eventkit.ch\/#website","url":"https:\/\/eventkit.ch\/","name":"EventKit","description":"Nachhaltigkeit, die wirkt: Dein Event im Check.","publisher":{"@id":"https:\/\/eventkit.ch\/#organization"},"potentialAction":[{"@type":"SearchAction","target":{"@type":"EntryPoint","urlTemplate":"https:\/\/eventkit.ch\/?s={search_term_string}"},"query-input":{"@type":"PropertyValueSpecification","valueRequired":true,"valueName":"search_term_string"}}],"inLanguage":"de"},{"@type":"Organization","@id":"https:\/\/eventkit.ch\/#organization","name":"EventKit","url":"https:\/\/eventkit.ch\/","logo":{"@type":"ImageObject","inLanguage":"de","@id":"https:\/\/eventkit.ch\/#\/schema\/logo\/image\/","url":"https:\/\/eventkit.ch\/wp-content\/uploads\/2025\/11\/android-icon-144x144-1.png","contentUrl":"https:\/\/eventkit.ch\/wp-content\/uploads\/2025\/11\/android-icon-144x144-1.png","width":144,"height":144,"caption":"EventKit"},"image":{"@id":"https:\/\/eventkit.ch\/#\/schema\/logo\/image\/"}}]}},"_links":{"self":[{"href":"https:\/\/eventkit.ch\/index.php?rest_route=\/wp\/v2\/resource\/2598","targetHints":{"allow":["GET"]}}],"collection":[{"href":"https:\/\/eventkit.ch\/index.php?rest_route=\/wp\/v2\/resource"}],"about":[{"href":"https:\/\/eventkit.ch\/index.php?rest_route=\/wp\/v2\/types\/resource"}],"wp:featuredmedia":[{"embeddable":true,"href":"https:\/\/eventkit.ch\/index.php?rest_route=\/wp\/v2\/media\/1775"}],"wp:attachment":[{"href":"https:\/\/eventkit.ch\/index.php?rest_route=%2Fwp%2Fv2%2Fmedia&parent=2598"}],"wp:term":[{"taxonomy":"resource_category","embeddable":true,"href":"https:\/\/eventkit.ch\/index.php?rest_route=%2Fwp%2Fv2%2Fresource_category&post=2598"},{"taxonomy":"audience","embeddable":true,"href":"https:\/\/eventkit.ch\/index.php?rest_route=%2Fwp%2Fv2%2Faudience&post=2598"},{"taxonomy":"contenttype","embeddable":true,"href":"https:\/\/eventkit.ch\/index.php?rest_route=%2Fwp%2Fv2%2Fcontenttype&post=2598"}],"curies":[{"name":"wp","href":"https:\/\/api.w.org\/{rel}","templated":true}]}}