{"id":2591,"date":"2025-12-30T08:36:11","date_gmt":"2025-12-30T08:36:11","guid":{"rendered":"https:\/\/eventkit.ch\/?post_type=resource&#038;p=2591"},"modified":"2026-03-23T18:10:46","modified_gmt":"2026-03-23T17:10:46","slug":"optimiser-lutilisation-du-chauffage","status":"publish","type":"resource","link":"https:\/\/eventkit.ch\/?resource=optimiser-lutilisation-du-chauffage&lang=fr","title":{"rendered":"Optimiser l&#8217;utilisation du chauffage"},"content":{"rendered":"<p>Une gestion efficace du chauffage permet de r\u00e9duire significativement la consommation d\u2019\u00e9nergie et les \u00e9missions de CO\u2082, en particulier lorsque des sources fossiles sont utilis\u00e9es. Abaisser la temp\u00e9rature int\u00e9rieure d\u2019un seul degr\u00e9 peut r\u00e9duire la consommation \u00e9nerg\u00e9tique jusqu\u2019\u00e0 7 %, sans nuire au confort du public ou des participantes et participants.\u00a0<\/p><h2 class=\"wp-block-heading\">Avant la manifestation<\/h2><ul class=\"wp-block-list\"><li>\u00c9viter de chauffer les espaces ouverts ou mal isol\u00e9s. En cas de n\u00e9cessit\u00e9 absolue, privil\u00e9gier exclusivement des solutions fonctionnant avec des \u00e9nergies renouvelables (dans le respect des prescriptions en vigueur).<\/li>\n\n<li>Ne pas recouvrir les radiateurs ni placer de meubles ou de rideaux devant, afin de permettre une bonne diffusion de la chaleur dans la pi\u00e8ce.<\/li>\n\n<li>Renoncer aux chauffages \u00e9lectriques d\u2019appoint individuels (ils sont m\u00eame interdits dans certains cantons).<\/li>\n\n<li>Sensibiliser les membres de l\u2019organisation et b\u00e9n\u00e9voles \u00e0 une utilisation raisonn\u00e9e et efficace du chauffage.<\/li>\n\n<li>Ajuster la temp\u00e9rature des locaux selon l\u2019occupation et le type d\u2019activit\u00e9 :<ul class=\"wp-block-list\"><li>Plus le nombre de personnes est \u00e9lev\u00e9, plus la temp\u00e9rature augmente rapidement \u2013 r\u00e9duire le chauffage en cons\u00e9quence.<\/li>\n\n<li>Pour les activit\u00e9s statiques ou assises, pr\u00e9voir une temp\u00e9rature l\u00e9g\u00e8rement plus \u00e9lev\u00e9e afin de garantir le confort.\u00a0<\/li><\/ul><\/li><\/ul><h2 class=\"wp-block-heading\">Pendant la manifestation<\/h2><ul class=\"wp-block-list\"><li>Ne pas surchauffer les espaces : une temp\u00e9rature comprise entre\u00a0<strong>19 \u00b0C et 21 \u00b0C<\/strong>\u00a0est g\u00e9n\u00e9ralement suffisante.<\/li>\n\n<li>En cas de chaleur excessive, r\u00e9duire d\u2019abord le chauffage avant d\u2019ouvrir les fen\u00eatres.<\/li>\n\n<li>A\u00e9rer bri\u00e8vement et intens\u00e9ment (a\u00e9ration par \u00e0-coups), sans laisser les fen\u00eatres ouvertes ou en imposte lorsque les radiateurs fonctionnent.<\/li>\n\n<li>Contr\u00f4ler r\u00e9guli\u00e8rement la temp\u00e9rature ambiante et consigner les relev\u00e9s pour v\u00e9rifier l\u2019efficacit\u00e9 des mesures.<\/li><\/ul><h2 class=\"wp-block-heading\">Apr\u00e8s la manifestation&nbsp;<\/h2><ul class=\"wp-block-list\"><li>R\u00e9aliser un bilan de l\u2019utilisation du chauffage :<ul class=\"wp-block-list\"><li>\u00c9valuer le confort thermique ressenti par le public et les participantes et participants.<\/li>\n\n<li>Analyser la consommation d\u2019\u00e9nergie effective et la comparer aux valeurs cibles.<\/li><\/ul><\/li>\n\n<li>Documenter les r\u00e9sultats pour am\u00e9liorer la strat\u00e9gie de chauffage lors des prochaines \u00e9ditions.<\/li><\/ul>","protected":false},"excerpt":{"rendered":"<p>Une gestion efficace du chauffage permet de r\u00e9duire significativement la consommation d\u2019\u00e9nergie et les \u00e9missions de CO\u2082, en particulier lorsque des sources fossiles sont utilis\u00e9es. Abaisser la temp\u00e9rature int\u00e9rieure d\u2019un seul degr\u00e9 peut r\u00e9duire la consommation \u00e9nerg\u00e9tique jusqu\u2019\u00e0 7 %, sans nuire au confort du public ou des participantes et participants.\u00a0 Avant la manifestation Pendant [&hellip;]<\/p>\n","protected":false},"featured_media":1775,"parent":0,"template":"","format":"standard","meta":{"_sitemap_exclude":false,"_sitemap_priority":"","_sitemap_frequency":"","_eventkit_link":"https:\/\/eventkit.ch\/wp-content\/uploads\/2025\/12\/4.1_Optimiser_l_utilisation_du_chauffage_EVENTKIT_FINAL.pdf"},"resource_category":[204],"audience":[],"contenttype":[216],"class_list":["post-2591","resource","type-resource","status-publish","format-standard","has-post-thumbnail","hentry","resource_category-energie-infrastructures","contenttype-fiches-dinformation"],"yoast_head":"<!-- This site is optimized with the Yoast SEO plugin v27.3 - https:\/\/yoast.com\/product\/yoast-seo-wordpress\/ -->\n<title>Optimiser l&#039;utilisation du chauffage - EventKit<\/title>\n<meta name=\"robots\" content=\"index, follow, max-snippet:-1, max-image-preview:large, max-video-preview:-1\" \/>\n<link rel=\"canonical\" href=\"https:\/\/eventkit.ch\/?resource=optimiser-lutilisation-du-chauffage&lang=fr\" \/>\n<meta property=\"og:locale\" content=\"de_DE\" \/>\n<meta property=\"og:type\" content=\"article\" \/>\n<meta property=\"og:title\" content=\"Optimiser l&#039;utilisation du chauffage - EventKit\" \/>\n<meta property=\"og:description\" content=\"Une gestion efficace du chauffage permet de r\u00e9duire significativement la consommation d\u2019\u00e9nergie et les \u00e9missions de CO\u2082, en particulier lorsque des sources fossiles sont utilis\u00e9es. Abaisser la temp\u00e9rature int\u00e9rieure d\u2019un seul degr\u00e9 peut r\u00e9duire la consommation \u00e9nerg\u00e9tique jusqu\u2019\u00e0 7 %, sans nuire au confort du public ou des participantes et participants.\u00a0 Avant la manifestation Pendant [&hellip;]\" \/>\n<meta property=\"og:url\" content=\"https:\/\/eventkit.ch\/?resource=optimiser-lutilisation-du-chauffage&amp;lang=fr\" \/>\n<meta property=\"og:site_name\" content=\"EventKit\" \/>\n<meta property=\"article:modified_time\" content=\"2026-03-23T17:10:46+00:00\" \/>\n<meta property=\"og:image\" content=\"https:\/\/eventkit.ch\/wp-content\/uploads\/2025\/12\/Chnopf_uf-BS_034-scaled.webp\" \/>\n\t<meta property=\"og:image:width\" content=\"2560\" \/>\n\t<meta property=\"og:image:height\" content=\"1707\" \/>\n\t<meta property=\"og:image:type\" content=\"image\/webp\" \/>\n<meta name=\"twitter:card\" content=\"summary_large_image\" \/>\n<meta name=\"twitter:label1\" content=\"Gesch\u00e4tzte Lesezeit\" \/>\n\t<meta name=\"twitter:data1\" content=\"2\u00a0Minuten\" \/>\n<script type=\"application\/ld+json\" class=\"yoast-schema-graph\">{\"@context\":\"https:\\\/\\\/schema.org\",\"@graph\":[{\"@type\":\"WebPage\",\"@id\":\"https:\\\/\\\/eventkit.ch\\\/?resource=optimiser-lutilisation-du-chauffage&lang=fr\",\"url\":\"https:\\\/\\\/eventkit.ch\\\/?resource=optimiser-lutilisation-du-chauffage&lang=fr\",\"name\":\"Optimiser l'utilisation du chauffage - EventKit\",\"isPartOf\":{\"@id\":\"https:\\\/\\\/eventkit.ch\\\/#website\"},\"primaryImageOfPage\":{\"@id\":\"https:\\\/\\\/eventkit.ch\\\/?resource=optimiser-lutilisation-du-chauffage&lang=fr#primaryimage\"},\"image\":{\"@id\":\"https:\\\/\\\/eventkit.ch\\\/?resource=optimiser-lutilisation-du-chauffage&lang=fr#primaryimage\"},\"thumbnailUrl\":\"https:\\\/\\\/eventkit.ch\\\/wp-content\\\/uploads\\\/2025\\\/12\\\/Chnopf_uf-BS_034-scaled.webp\",\"datePublished\":\"2025-12-30T08:36:11+00:00\",\"dateModified\":\"2026-03-23T17:10:46+00:00\",\"breadcrumb\":{\"@id\":\"https:\\\/\\\/eventkit.ch\\\/?resource=optimiser-lutilisation-du-chauffage&lang=fr#breadcrumb\"},\"inLanguage\":\"de\",\"potentialAction\":[{\"@type\":\"ReadAction\",\"target\":[\"https:\\\/\\\/eventkit.ch\\\/?resource=optimiser-lutilisation-du-chauffage&lang=fr\"]}]},{\"@type\":\"ImageObject\",\"inLanguage\":\"de\",\"@id\":\"https:\\\/\\\/eventkit.ch\\\/?resource=optimiser-lutilisation-du-chauffage&lang=fr#primaryimage\",\"url\":\"https:\\\/\\\/eventkit.ch\\\/wp-content\\\/uploads\\\/2025\\\/12\\\/Chnopf_uf-BS_034-scaled.webp\",\"contentUrl\":\"https:\\\/\\\/eventkit.ch\\\/wp-content\\\/uploads\\\/2025\\\/12\\\/Chnopf_uf-BS_034-scaled.webp\",\"width\":2560,\"height\":1707},{\"@type\":\"BreadcrumbList\",\"@id\":\"https:\\\/\\\/eventkit.ch\\\/?resource=optimiser-lutilisation-du-chauffage&lang=fr#breadcrumb\",\"itemListElement\":[{\"@type\":\"ListItem\",\"position\":1,\"name\":\"Home\",\"item\":\"https:\\\/\\\/eventkit.ch\\\/\"},{\"@type\":\"ListItem\",\"position\":2,\"name\":\"Merkbl\u00e4tter\",\"item\":\"https:\\\/\\\/eventkit.ch\\\/?post_type=resource&lang=fr\"},{\"@type\":\"ListItem\",\"position\":3,\"name\":\"Optimiser l&#8217;utilisation du chauffage\"}]},{\"@type\":\"WebSite\",\"@id\":\"https:\\\/\\\/eventkit.ch\\\/#website\",\"url\":\"https:\\\/\\\/eventkit.ch\\\/\",\"name\":\"EventKit\",\"description\":\"Nachhaltigkeit, die wirkt: Dein Event im Check.\",\"publisher\":{\"@id\":\"https:\\\/\\\/eventkit.ch\\\/#organization\"},\"potentialAction\":[{\"@type\":\"SearchAction\",\"target\":{\"@type\":\"EntryPoint\",\"urlTemplate\":\"https:\\\/\\\/eventkit.ch\\\/?s={search_term_string}\"},\"query-input\":{\"@type\":\"PropertyValueSpecification\",\"valueRequired\":true,\"valueName\":\"search_term_string\"}}],\"inLanguage\":\"de\"},{\"@type\":\"Organization\",\"@id\":\"https:\\\/\\\/eventkit.ch\\\/#organization\",\"name\":\"EventKit\",\"url\":\"https:\\\/\\\/eventkit.ch\\\/\",\"logo\":{\"@type\":\"ImageObject\",\"inLanguage\":\"de\",\"@id\":\"https:\\\/\\\/eventkit.ch\\\/#\\\/schema\\\/logo\\\/image\\\/\",\"url\":\"https:\\\/\\\/eventkit.ch\\\/wp-content\\\/uploads\\\/2025\\\/11\\\/android-icon-144x144-1.png\",\"contentUrl\":\"https:\\\/\\\/eventkit.ch\\\/wp-content\\\/uploads\\\/2025\\\/11\\\/android-icon-144x144-1.png\",\"width\":144,\"height\":144,\"caption\":\"EventKit\"},\"image\":{\"@id\":\"https:\\\/\\\/eventkit.ch\\\/#\\\/schema\\\/logo\\\/image\\\/\"}}]}<\/script>\n<!-- \/ Yoast SEO plugin. -->","yoast_head_json":{"title":"Optimiser l'utilisation du chauffage - EventKit","robots":{"index":"index","follow":"follow","max-snippet":"max-snippet:-1","max-image-preview":"max-image-preview:large","max-video-preview":"max-video-preview:-1"},"canonical":"https:\/\/eventkit.ch\/?resource=optimiser-lutilisation-du-chauffage&lang=fr","og_locale":"de_DE","og_type":"article","og_title":"Optimiser l'utilisation du chauffage - EventKit","og_description":"Une gestion efficace du chauffage permet de r\u00e9duire significativement la consommation d\u2019\u00e9nergie et les \u00e9missions de CO\u2082, en particulier lorsque des sources fossiles sont utilis\u00e9es. Abaisser la temp\u00e9rature int\u00e9rieure d\u2019un seul degr\u00e9 peut r\u00e9duire la consommation \u00e9nerg\u00e9tique jusqu\u2019\u00e0 7 %, sans nuire au confort du public ou des participantes et participants.\u00a0 Avant la manifestation Pendant [&hellip;]","og_url":"https:\/\/eventkit.ch\/?resource=optimiser-lutilisation-du-chauffage&lang=fr","og_site_name":"EventKit","article_modified_time":"2026-03-23T17:10:46+00:00","og_image":[{"width":2560,"height":1707,"url":"https:\/\/eventkit.ch\/wp-content\/uploads\/2025\/12\/Chnopf_uf-BS_034-scaled.webp","type":"image\/webp"}],"twitter_card":"summary_large_image","twitter_misc":{"Gesch\u00e4tzte Lesezeit":"2\u00a0Minuten"},"schema":{"@context":"https:\/\/schema.org","@graph":[{"@type":"WebPage","@id":"https:\/\/eventkit.ch\/?resource=optimiser-lutilisation-du-chauffage&lang=fr","url":"https:\/\/eventkit.ch\/?resource=optimiser-lutilisation-du-chauffage&lang=fr","name":"Optimiser l'utilisation du chauffage - EventKit","isPartOf":{"@id":"https:\/\/eventkit.ch\/#website"},"primaryImageOfPage":{"@id":"https:\/\/eventkit.ch\/?resource=optimiser-lutilisation-du-chauffage&lang=fr#primaryimage"},"image":{"@id":"https:\/\/eventkit.ch\/?resource=optimiser-lutilisation-du-chauffage&lang=fr#primaryimage"},"thumbnailUrl":"https:\/\/eventkit.ch\/wp-content\/uploads\/2025\/12\/Chnopf_uf-BS_034-scaled.webp","datePublished":"2025-12-30T08:36:11+00:00","dateModified":"2026-03-23T17:10:46+00:00","breadcrumb":{"@id":"https:\/\/eventkit.ch\/?resource=optimiser-lutilisation-du-chauffage&lang=fr#breadcrumb"},"inLanguage":"de","potentialAction":[{"@type":"ReadAction","target":["https:\/\/eventkit.ch\/?resource=optimiser-lutilisation-du-chauffage&lang=fr"]}]},{"@type":"ImageObject","inLanguage":"de","@id":"https:\/\/eventkit.ch\/?resource=optimiser-lutilisation-du-chauffage&lang=fr#primaryimage","url":"https:\/\/eventkit.ch\/wp-content\/uploads\/2025\/12\/Chnopf_uf-BS_034-scaled.webp","contentUrl":"https:\/\/eventkit.ch\/wp-content\/uploads\/2025\/12\/Chnopf_uf-BS_034-scaled.webp","width":2560,"height":1707},{"@type":"BreadcrumbList","@id":"https:\/\/eventkit.ch\/?resource=optimiser-lutilisation-du-chauffage&lang=fr#breadcrumb","itemListElement":[{"@type":"ListItem","position":1,"name":"Home","item":"https:\/\/eventkit.ch\/"},{"@type":"ListItem","position":2,"name":"Merkbl\u00e4tter","item":"https:\/\/eventkit.ch\/?post_type=resource&lang=fr"},{"@type":"ListItem","position":3,"name":"Optimiser l&#8217;utilisation du chauffage"}]},{"@type":"WebSite","@id":"https:\/\/eventkit.ch\/#website","url":"https:\/\/eventkit.ch\/","name":"EventKit","description":"Nachhaltigkeit, die wirkt: Dein Event im Check.","publisher":{"@id":"https:\/\/eventkit.ch\/#organization"},"potentialAction":[{"@type":"SearchAction","target":{"@type":"EntryPoint","urlTemplate":"https:\/\/eventkit.ch\/?s={search_term_string}"},"query-input":{"@type":"PropertyValueSpecification","valueRequired":true,"valueName":"search_term_string"}}],"inLanguage":"de"},{"@type":"Organization","@id":"https:\/\/eventkit.ch\/#organization","name":"EventKit","url":"https:\/\/eventkit.ch\/","logo":{"@type":"ImageObject","inLanguage":"de","@id":"https:\/\/eventkit.ch\/#\/schema\/logo\/image\/","url":"https:\/\/eventkit.ch\/wp-content\/uploads\/2025\/11\/android-icon-144x144-1.png","contentUrl":"https:\/\/eventkit.ch\/wp-content\/uploads\/2025\/11\/android-icon-144x144-1.png","width":144,"height":144,"caption":"EventKit"},"image":{"@id":"https:\/\/eventkit.ch\/#\/schema\/logo\/image\/"}}]}},"_links":{"self":[{"href":"https:\/\/eventkit.ch\/index.php?rest_route=\/wp\/v2\/resource\/2591","targetHints":{"allow":["GET"]}}],"collection":[{"href":"https:\/\/eventkit.ch\/index.php?rest_route=\/wp\/v2\/resource"}],"about":[{"href":"https:\/\/eventkit.ch\/index.php?rest_route=\/wp\/v2\/types\/resource"}],"wp:featuredmedia":[{"embeddable":true,"href":"https:\/\/eventkit.ch\/index.php?rest_route=\/wp\/v2\/media\/1775"}],"wp:attachment":[{"href":"https:\/\/eventkit.ch\/index.php?rest_route=%2Fwp%2Fv2%2Fmedia&parent=2591"}],"wp:term":[{"taxonomy":"resource_category","embeddable":true,"href":"https:\/\/eventkit.ch\/index.php?rest_route=%2Fwp%2Fv2%2Fresource_category&post=2591"},{"taxonomy":"audience","embeddable":true,"href":"https:\/\/eventkit.ch\/index.php?rest_route=%2Fwp%2Fv2%2Faudience&post=2591"},{"taxonomy":"contenttype","embeddable":true,"href":"https:\/\/eventkit.ch\/index.php?rest_route=%2Fwp%2Fv2%2Fcontenttype&post=2591"}],"curies":[{"name":"wp","href":"https:\/\/api.w.org\/{rel}","templated":true}]}}