{"id":2343,"date":"2025-12-23T12:56:35","date_gmt":"2025-12-23T12:56:35","guid":{"rendered":"https:\/\/eventkit.ch\/?post_type=resource&#038;p=2343"},"modified":"2026-03-23T17:35:10","modified_gmt":"2026-03-23T16:35:10","slug":"reduzierung-der-fahrten-von-teilnehmenden-und-organisatorinnen-mit-motorisierten-individualfahrzeugen","status":"publish","type":"resource","link":"https:\/\/eventkit.ch\/?resource=reduzierung-der-fahrten-von-teilnehmenden-und-organisatorinnen-mit-motorisierten-individualfahrzeugen","title":{"rendered":"Reduzierung der Fahrten von Teilnehmenden und Organisator:innen mit motorisierten Individualfahrzeugen"},"content":{"rendered":"<p>Die Mobilit\u00e4t der Organisatorinnen und Organisatoren sowie die durch die Veranstaltung selbst verursachten Fahrten (z. B. Lieferung, Transport von Akteurinnen und Akteuren, Material oder Kunstschaffenden) sollen Vorbildcharakter haben.<br><br>Sie unterliegen denselben Zielen wie die Mobilit\u00e4t der Teilnehmenden: Verkehrsreduktion, F\u00f6rderung nachhaltiger Transportmittel und Minimierung der Umweltbelastung. Ein konsequent vorbildliches Verhalten st\u00e4rkt die Glaub-w\u00fcrdigkeit und das nachhaltige Image der Veranstaltung.<\/p><h2 class=\"wp-block-heading\">Vor der Veranstaltung<\/h2><ul class=\"wp-block-list\"><li>F\u00fcr die Teilnehmenden gezielte Verkehrs- und Zugangsstrategien festlegen:<ul class=\"wp-block-list\"><li>Verkehrslenkung (Einbahnstrassenregelungen, tempor\u00e4re Sperrungen, Schutz von Anwohnenden und Gesch\u00e4ften).<\/li>\n\n<li>Parkplatzpolitik definieren (spezifische Bereiche f\u00fcr Besuchende, Akteure:innen, Logistik, motorisierte Zweir\u00e4der, Velos oder Busse).<\/li>\n\n<li>Zug\u00e4nglichkeit gezielt einschr\u00e4nken, um das Veranstaltungsgel\u00e4nde zu sch\u00fctzen und Rettungswege freizuhalten.<\/li>\n\n<li>Spezielle Zufahrten und Parkpl\u00e4tze f\u00fcr Personen mit eingeschr\u00e4nkter Mobilit\u00e4t, Sponsoren:innen und VIPs vorsehen.<\/li><\/ul><\/li>\n\n<li>F\u00fcr die Organisation der Veranstaltung klare interne Mobilit\u00e4tsrichtlinien erarbeiten:<ul class=\"wp-block-list\"><li>Grunds\u00e4tze und Priorit\u00e4ten f\u00fcr den Einsatz der Verkehrsmittel je nach Entfernung, Transportbedarf und Dringlichkeit definieren.<\/li>\n\n<li>Eine \u00dcbersicht der logistischen Fahrten erstellen, Schnittstellen identifizieren und deren Planung koordinieren.<\/li>\n\n<li>Interne Wege reduzieren, insbesondere f\u00fcr Freiwillige und Mitglieder des Organisationskomitees.<\/li>\n\n<li>Fahrzeugpools bilden, um die Anzahl der eingesetzten Fahrzeuge zu verringern und Fahrten effizient zu b\u00fcndeln.<\/li>\n\n<li>Wenn m\u00f6glich, lokale Dienstleisterinnen und Dienstleister bevorzugen, um Transportwege zu verk\u00fcrzen.<\/li>\n\n<li>Lieferungen, Bestellungen und Materialtransporte zusammenlegen.<\/li>\n\n<li>Fahrradkuriere einsetzen, sofern das Transportgut dies erlaubt.<\/li><\/ul><\/li><\/ul><h2 class=\"wp-block-heading\">W\u00e4hrend der Veranstaltung<\/h2><ul class=\"wp-block-list\"><li>Das Organisationskomitee regelm\u00e4ssig an die festgelegten Mobilit\u00e4tsgrunds\u00e4tze erinnern und deren Einhaltung f\u00f6rdern.<\/li><\/ul><h2 class=\"wp-block-heading\">Nach der Veranstaltung<\/h2><ul class=\"wp-block-list\"><li>Eine Bilanz der durch die Organisation verursachten Fahrten erstellen und deren Auswirkungen bewerten.<\/li>\n\n<li>Verbesserungspotenziale f\u00fcr k\u00fcnftige Ausgaben identifizieren.<\/li><\/ul><p><\/p>","protected":false},"excerpt":{"rendered":"<p>Die Mobilit\u00e4t der Organisatorinnen und Organisatoren sowie die durch die Veranstaltung selbst verursachten Fahrten (z. B. Lieferung, Transport von Akteurinnen und Akteuren, Material oder Kunstschaffenden) sollen Vorbildcharakter haben. Sie unterliegen denselben Zielen wie die Mobilit\u00e4t der Teilnehmenden: Verkehrsreduktion, F\u00f6rderung nachhaltiger Transportmittel und Minimierung der Umweltbelastung. Ein konsequent vorbildliches Verhalten st\u00e4rkt die Glaub-w\u00fcrdigkeit und das nachhaltige [&hellip;]<\/p>\n","protected":false},"featured_media":0,"parent":0,"template":"","format":"standard","meta":{"_sitemap_exclude":false,"_sitemap_priority":"","_sitemap_frequency":"","_eventkit_link":"https:\/\/eventkit.ch\/wp-content\/uploads\/2025\/12\/3.11_Reduzierung_Fahrten_von_Teilnehmenden_und_Organisatoren-mit-motorisierten-Fahrzeugen_EVENTKIT_FINAL.pdf"},"resource_category":[102],"audience":[],"contenttype":[104],"class_list":["post-2343","resource","type-resource","status-publish","format-standard","hentry","resource_category-verkehr-transport","contenttype-merkblatt"],"yoast_head":"<!-- This site is optimized with the Yoast SEO plugin v27.3 - https:\/\/yoast.com\/product\/yoast-seo-wordpress\/ -->\n<title>Reduzierung der Fahrten von Teilnehmenden und Organisator:innen mit motorisierten Individualfahrzeugen - EventKit<\/title>\n<meta name=\"robots\" content=\"index, follow, max-snippet:-1, max-image-preview:large, max-video-preview:-1\" \/>\n<link rel=\"canonical\" href=\"https:\/\/eventkit.ch\/?resource=reduzierung-der-fahrten-von-teilnehmenden-und-organisatorinnen-mit-motorisierten-individualfahrzeugen\" \/>\n<meta property=\"og:locale\" content=\"de_DE\" \/>\n<meta property=\"og:type\" content=\"article\" \/>\n<meta property=\"og:title\" content=\"Reduzierung der Fahrten von Teilnehmenden und Organisator:innen mit motorisierten Individualfahrzeugen - EventKit\" \/>\n<meta property=\"og:description\" content=\"Die Mobilit\u00e4t der Organisatorinnen und Organisatoren sowie die durch die Veranstaltung selbst verursachten Fahrten (z. B. Lieferung, Transport von Akteurinnen und Akteuren, Material oder Kunstschaffenden) sollen Vorbildcharakter haben. Sie unterliegen denselben Zielen wie die Mobilit\u00e4t der Teilnehmenden: Verkehrsreduktion, F\u00f6rderung nachhaltiger Transportmittel und Minimierung der Umweltbelastung. Ein konsequent vorbildliches Verhalten st\u00e4rkt die Glaub-w\u00fcrdigkeit und das nachhaltige [&hellip;]\" \/>\n<meta property=\"og:url\" content=\"https:\/\/eventkit.ch\/?resource=reduzierung-der-fahrten-von-teilnehmenden-und-organisatorinnen-mit-motorisierten-individualfahrzeugen\" \/>\n<meta property=\"og:site_name\" content=\"EventKit\" \/>\n<meta property=\"article:modified_time\" content=\"2026-03-23T16:35:10+00:00\" \/>\n<meta property=\"og:image\" content=\"https:\/\/eventkit.ch\/wp-content\/uploads\/2025\/11\/3FrauenSVNE_ASMD-1-scaled.jpg\" \/>\n\t<meta property=\"og:image:width\" content=\"2560\" \/>\n\t<meta property=\"og:image:height\" content=\"1710\" \/>\n\t<meta property=\"og:image:type\" content=\"image\/jpeg\" \/>\n<meta name=\"twitter:card\" content=\"summary_large_image\" \/>\n<meta name=\"twitter:label1\" content=\"Gesch\u00e4tzte Lesezeit\" \/>\n\t<meta name=\"twitter:data1\" content=\"2\u00a0Minuten\" \/>\n<script type=\"application\/ld+json\" class=\"yoast-schema-graph\">{\"@context\":\"https:\\\/\\\/schema.org\",\"@graph\":[{\"@type\":\"WebPage\",\"@id\":\"https:\\\/\\\/eventkit.ch\\\/?resource=reduzierung-der-fahrten-von-teilnehmenden-und-organisatorinnen-mit-motorisierten-individualfahrzeugen\",\"url\":\"https:\\\/\\\/eventkit.ch\\\/?resource=reduzierung-der-fahrten-von-teilnehmenden-und-organisatorinnen-mit-motorisierten-individualfahrzeugen\",\"name\":\"Reduzierung der Fahrten von Teilnehmenden und Organisator:innen mit motorisierten Individualfahrzeugen - EventKit\",\"isPartOf\":{\"@id\":\"https:\\\/\\\/eventkit.ch\\\/#website\"},\"datePublished\":\"2025-12-23T12:56:35+00:00\",\"dateModified\":\"2026-03-23T16:35:10+00:00\",\"breadcrumb\":{\"@id\":\"https:\\\/\\\/eventkit.ch\\\/?resource=reduzierung-der-fahrten-von-teilnehmenden-und-organisatorinnen-mit-motorisierten-individualfahrzeugen#breadcrumb\"},\"inLanguage\":\"de\",\"potentialAction\":[{\"@type\":\"ReadAction\",\"target\":[\"https:\\\/\\\/eventkit.ch\\\/?resource=reduzierung-der-fahrten-von-teilnehmenden-und-organisatorinnen-mit-motorisierten-individualfahrzeugen\"]}]},{\"@type\":\"BreadcrumbList\",\"@id\":\"https:\\\/\\\/eventkit.ch\\\/?resource=reduzierung-der-fahrten-von-teilnehmenden-und-organisatorinnen-mit-motorisierten-individualfahrzeugen#breadcrumb\",\"itemListElement\":[{\"@type\":\"ListItem\",\"position\":1,\"name\":\"Home\",\"item\":\"https:\\\/\\\/eventkit.ch\\\/\"},{\"@type\":\"ListItem\",\"position\":2,\"name\":\"Merkbl\u00e4tter\",\"item\":\"https:\\\/\\\/eventkit.ch\\\/?post_type=resource&lang=fr\"},{\"@type\":\"ListItem\",\"position\":3,\"name\":\"Reduzierung der Fahrten von Teilnehmenden und Organisator:innen mit motorisierten Individualfahrzeugen\"}]},{\"@type\":\"WebSite\",\"@id\":\"https:\\\/\\\/eventkit.ch\\\/#website\",\"url\":\"https:\\\/\\\/eventkit.ch\\\/\",\"name\":\"EventKit\",\"description\":\"Nachhaltigkeit, die wirkt: Dein Event im Check.\",\"publisher\":{\"@id\":\"https:\\\/\\\/eventkit.ch\\\/#organization\"},\"potentialAction\":[{\"@type\":\"SearchAction\",\"target\":{\"@type\":\"EntryPoint\",\"urlTemplate\":\"https:\\\/\\\/eventkit.ch\\\/?s={search_term_string}\"},\"query-input\":{\"@type\":\"PropertyValueSpecification\",\"valueRequired\":true,\"valueName\":\"search_term_string\"}}],\"inLanguage\":\"de\"},{\"@type\":\"Organization\",\"@id\":\"https:\\\/\\\/eventkit.ch\\\/#organization\",\"name\":\"EventKit\",\"url\":\"https:\\\/\\\/eventkit.ch\\\/\",\"logo\":{\"@type\":\"ImageObject\",\"inLanguage\":\"de\",\"@id\":\"https:\\\/\\\/eventkit.ch\\\/#\\\/schema\\\/logo\\\/image\\\/\",\"url\":\"https:\\\/\\\/eventkit.ch\\\/wp-content\\\/uploads\\\/2025\\\/11\\\/android-icon-144x144-1.png\",\"contentUrl\":\"https:\\\/\\\/eventkit.ch\\\/wp-content\\\/uploads\\\/2025\\\/11\\\/android-icon-144x144-1.png\",\"width\":144,\"height\":144,\"caption\":\"EventKit\"},\"image\":{\"@id\":\"https:\\\/\\\/eventkit.ch\\\/#\\\/schema\\\/logo\\\/image\\\/\"}}]}<\/script>\n<!-- \/ Yoast SEO plugin. -->","yoast_head_json":{"title":"Reduzierung der Fahrten von Teilnehmenden und Organisator:innen mit motorisierten Individualfahrzeugen - EventKit","robots":{"index":"index","follow":"follow","max-snippet":"max-snippet:-1","max-image-preview":"max-image-preview:large","max-video-preview":"max-video-preview:-1"},"canonical":"https:\/\/eventkit.ch\/?resource=reduzierung-der-fahrten-von-teilnehmenden-und-organisatorinnen-mit-motorisierten-individualfahrzeugen","og_locale":"de_DE","og_type":"article","og_title":"Reduzierung der Fahrten von Teilnehmenden und Organisator:innen mit motorisierten Individualfahrzeugen - EventKit","og_description":"Die Mobilit\u00e4t der Organisatorinnen und Organisatoren sowie die durch die Veranstaltung selbst verursachten Fahrten (z. B. Lieferung, Transport von Akteurinnen und Akteuren, Material oder Kunstschaffenden) sollen Vorbildcharakter haben. Sie unterliegen denselben Zielen wie die Mobilit\u00e4t der Teilnehmenden: Verkehrsreduktion, F\u00f6rderung nachhaltiger Transportmittel und Minimierung der Umweltbelastung. Ein konsequent vorbildliches Verhalten st\u00e4rkt die Glaub-w\u00fcrdigkeit und das nachhaltige [&hellip;]","og_url":"https:\/\/eventkit.ch\/?resource=reduzierung-der-fahrten-von-teilnehmenden-und-organisatorinnen-mit-motorisierten-individualfahrzeugen","og_site_name":"EventKit","article_modified_time":"2026-03-23T16:35:10+00:00","og_image":[{"width":2560,"height":1710,"url":"https:\/\/eventkit.ch\/wp-content\/uploads\/2025\/11\/3FrauenSVNE_ASMD-1-scaled.jpg","type":"image\/jpeg"}],"twitter_card":"summary_large_image","twitter_misc":{"Gesch\u00e4tzte Lesezeit":"2\u00a0Minuten"},"schema":{"@context":"https:\/\/schema.org","@graph":[{"@type":"WebPage","@id":"https:\/\/eventkit.ch\/?resource=reduzierung-der-fahrten-von-teilnehmenden-und-organisatorinnen-mit-motorisierten-individualfahrzeugen","url":"https:\/\/eventkit.ch\/?resource=reduzierung-der-fahrten-von-teilnehmenden-und-organisatorinnen-mit-motorisierten-individualfahrzeugen","name":"Reduzierung der Fahrten von Teilnehmenden und Organisator:innen mit motorisierten Individualfahrzeugen - EventKit","isPartOf":{"@id":"https:\/\/eventkit.ch\/#website"},"datePublished":"2025-12-23T12:56:35+00:00","dateModified":"2026-03-23T16:35:10+00:00","breadcrumb":{"@id":"https:\/\/eventkit.ch\/?resource=reduzierung-der-fahrten-von-teilnehmenden-und-organisatorinnen-mit-motorisierten-individualfahrzeugen#breadcrumb"},"inLanguage":"de","potentialAction":[{"@type":"ReadAction","target":["https:\/\/eventkit.ch\/?resource=reduzierung-der-fahrten-von-teilnehmenden-und-organisatorinnen-mit-motorisierten-individualfahrzeugen"]}]},{"@type":"BreadcrumbList","@id":"https:\/\/eventkit.ch\/?resource=reduzierung-der-fahrten-von-teilnehmenden-und-organisatorinnen-mit-motorisierten-individualfahrzeugen#breadcrumb","itemListElement":[{"@type":"ListItem","position":1,"name":"Home","item":"https:\/\/eventkit.ch\/"},{"@type":"ListItem","position":2,"name":"Merkbl\u00e4tter","item":"https:\/\/eventkit.ch\/?post_type=resource&lang=fr"},{"@type":"ListItem","position":3,"name":"Reduzierung der Fahrten von Teilnehmenden und Organisator:innen mit motorisierten Individualfahrzeugen"}]},{"@type":"WebSite","@id":"https:\/\/eventkit.ch\/#website","url":"https:\/\/eventkit.ch\/","name":"EventKit","description":"Nachhaltigkeit, die wirkt: Dein Event im Check.","publisher":{"@id":"https:\/\/eventkit.ch\/#organization"},"potentialAction":[{"@type":"SearchAction","target":{"@type":"EntryPoint","urlTemplate":"https:\/\/eventkit.ch\/?s={search_term_string}"},"query-input":{"@type":"PropertyValueSpecification","valueRequired":true,"valueName":"search_term_string"}}],"inLanguage":"de"},{"@type":"Organization","@id":"https:\/\/eventkit.ch\/#organization","name":"EventKit","url":"https:\/\/eventkit.ch\/","logo":{"@type":"ImageObject","inLanguage":"de","@id":"https:\/\/eventkit.ch\/#\/schema\/logo\/image\/","url":"https:\/\/eventkit.ch\/wp-content\/uploads\/2025\/11\/android-icon-144x144-1.png","contentUrl":"https:\/\/eventkit.ch\/wp-content\/uploads\/2025\/11\/android-icon-144x144-1.png","width":144,"height":144,"caption":"EventKit"},"image":{"@id":"https:\/\/eventkit.ch\/#\/schema\/logo\/image\/"}}]}},"_links":{"self":[{"href":"https:\/\/eventkit.ch\/index.php?rest_route=\/wp\/v2\/resource\/2343","targetHints":{"allow":["GET"]}}],"collection":[{"href":"https:\/\/eventkit.ch\/index.php?rest_route=\/wp\/v2\/resource"}],"about":[{"href":"https:\/\/eventkit.ch\/index.php?rest_route=\/wp\/v2\/types\/resource"}],"wp:attachment":[{"href":"https:\/\/eventkit.ch\/index.php?rest_route=%2Fwp%2Fv2%2Fmedia&parent=2343"}],"wp:term":[{"taxonomy":"resource_category","embeddable":true,"href":"https:\/\/eventkit.ch\/index.php?rest_route=%2Fwp%2Fv2%2Fresource_category&post=2343"},{"taxonomy":"audience","embeddable":true,"href":"https:\/\/eventkit.ch\/index.php?rest_route=%2Fwp%2Fv2%2Faudience&post=2343"},{"taxonomy":"contenttype","embeddable":true,"href":"https:\/\/eventkit.ch\/index.php?rest_route=%2Fwp%2Fv2%2Fcontenttype&post=2343"}],"curies":[{"name":"wp","href":"https:\/\/api.w.org\/{rel}","templated":true}]}}