{"id":2335,"date":"2025-12-23T12:38:48","date_gmt":"2025-12-23T12:38:48","guid":{"rendered":"https:\/\/eventkit.ch\/?post_type=resource&#038;p=2335"},"modified":"2026-03-23T18:16:01","modified_gmt":"2026-03-23T17:16:01","slug":"organiser-un-parking","status":"publish","type":"resource","link":"https:\/\/eventkit.ch\/?resource=organiser-un-parking&lang=fr","title":{"rendered":"Organiser un parking"},"content":{"rendered":"<p>Une planification rigoureuse et une bonne dimension des aires de stationnement dans le cadre d&#8217;un concept de mobilit\u00e9 contribuent \u00e0 r\u00e9duire le trafic motoris\u00e9, \u00e0 promouvoir des formes de mobilit\u00e9 alternatives et \u00e0 garantir le bon d\u00e9roulement de l&#8217;\u00e9v\u00e9nement.<br><br>L\u2019objectif est d\u2019utiliser les surfaces de stationnement de mani\u00e8re efficiente, d\u2019en ma\u00eetriser les co\u00fbts et de cr\u00e9er des incitations en faveur d\u2019une mobilit\u00e9 durable.\u00a0<\/p><h2 class=\"wp-block-heading\">Avant la manifestation<\/h2><ul class=\"wp-block-list\"><li>Planifier l\u2019organisation des parkings en \u00e9troite collaboration avec les autorit\u00e9s communales comp\u00e9tentes.<\/li>\n\n<li>\u00c9valuer le besoin r\u00e9el en places de stationnement sur la base du nombre attendu de participantes et participants, des diff\u00e9rents types de trafic et de l\u2019envergure de la manifestation. Inclure \u00e9galement les places n\u00e9cessaires pour le personnel et les b\u00e9n\u00e9voles.<\/li>\n\n<li>V\u00e9rifier si les parkings existants permettent de r\u00e9pondre \u00e0 ce besoin.<\/li>\n\n<li>Si des surfaces suppl\u00e9mentaires sont n\u00e9cessaires, identifier les emplacements les plus adapt\u00e9s :<ul class=\"wp-block-list\"><li>Privil\u00e9gier les surfaces dures et stables (cours, chemins existants, aires d\u00e9j\u00e0 am\u00e9nag\u00e9es).<\/li>\n\n<li>Opter, si possible, pour des zones \u00e9clair\u00e9es, notamment en cas de manifestation en soir\u00e9e.<\/li>\n\n<li>\u00c9viter les zones proches de plans d\u2019eau ou de milieux naturels prot\u00e9g\u00e9s.<\/li><\/ul><\/li>\n\n<li>Pour d\u00e9courager l\u2019usage de la voiture, placer les parkings plus loin que les arr\u00eats des transports publics.<\/li>\n\n<li>R\u00e9server des places \u00e0 proximit\u00e9 imm\u00e9diate pour les personnes \u00e0 mobilit\u00e9 r\u00e9duite, les VIP, les deux-roues (motoris\u00e9s ou non) et les covoitureurs (en d\u00e9finissant le taux d\u2019occupation donnant droit \u00e0 ces avantages).<\/li>\n\n<li>En cas de stationnement sur un sol non stabilis\u00e9, pr\u00e9voir des mesures de protection du sol contre la pollution et le tassement. Se r\u00e9f\u00e9rer \u00e0 la <a href=\"https:\/\/www.bafu.admin.ch\/dam\/fr\/sd-web\/kKPiFyPmxy43\/freizeitveranstaltungenaufdergruenenwieseschutzderboedenundgewae.pdf\">publication de la conf\u00e9d\u00e9ration<\/a> ou aux aide-m\u00e9moires cantonaux.<\/li>\n\n<li>\u00c9laborer un plan de gestion en cas d\u2019intemp\u00e9ries (\u00ab plan pluie \u00bb) pour les parkings sur sol perm\u00e9able, en pr\u00e9cisant que ces surfaces peuvent devenir inutilisables apr\u00e8s de fortes pluies.<\/li>\n\n<li>D\u00e9terminer les besoins en mati\u00e8re de s\u00e9curit\u00e9 et de logistique avec la police et les services de secours : signal\u00e9tique, gestion du trafic, contr\u00f4le des acc\u00e8s, protection des sols, \u00e9clairage, nettoyage, gestion des d\u00e9chets, etc.<\/li>\n\n<li>D\u00e9finir la politique tarifaire (paiement \u00e0 l\u2019heure, \u00e0 la journ\u00e9e ou forfaitaire) et fixer les montants. \u00c9viter autant que possible la gratuit\u00e9, afin de ne pas encourager l\u2019usage de la voiture et, dans la mesure du possible, afin d\u2019utiliser les recettes pour aider \u00e0 financer la logistique du parking ou les mesures en faveur des transports publics.<\/li>\n\n<li>Pr\u00e9voir des parkings de r\u00e9serve ou des solutions alternatives en cas de saturation (par exemple parkings de d\u00e9lestage avec service de navettes).<\/li>\n\n<li>Communiquer la localisation et les tarifs des parkings \u2013 y compris les P+R et les parkings souterrains \u00e0 proximit\u00e9 \u2013 sur le site internet de la manifestation et dans tous les supports de communication.<\/li>\n\n<li>Informer le public sur les plateformes de covoiturage et de partage de v\u00e9hicules (Mobility).<\/li>\n\n<li>Mettre en avant, dans la communication, les inconv\u00e9nients de la voiture (embouteillages, co\u00fbts, risques li\u00e9s \u00e0 l\u2019alcool, capacit\u00e9 limit\u00e9e des stationnements) et les avantages des autres moyens de transport.\u00a0\u00a0<\/li><\/ul><h2 class=\"wp-block-heading\">Pendant la manifestation<\/h2><ul class=\"wp-block-list\"><li>Garantir le bon fonctionnement du stationnement et assurer la r\u00e9gulation du trafic sur les parkings.<\/li>\n\n<li>Adapter la signal\u00e9tique et informer le public par tous les canaux disponibles en cas de perturbation (parkings complets, activation du plan pluie, etc.).<\/li>\n\n<li>Pour les parkings payants, informer les participantes et participants sur la politique tarifaire lors du paiement et les encourager \u00e0 privil\u00e9gier les transports publics.<\/li><\/ul><h2 class=\"wp-block-heading\">Apr\u00e8s la manifestation&nbsp;<\/h2><ul class=\"wp-block-list\"><li>D\u00e9monter les installations temporaires, nettoyer les lieux et restituer le site dans son \u00e9tat initial.<\/li>\n\n<li>R\u00e9aliser un bilan de l\u2019op\u00e9ration (finances, nombre d\u2019utilisatrices et d\u2019utilisateurs, difficult\u00e9s rencontr\u00e9es, points d\u2019am\u00e9lioration).<\/li><\/ul><p><\/p>","protected":false},"excerpt":{"rendered":"<p>Une planification rigoureuse et une bonne dimension des aires de stationnement dans le cadre d&#8217;un concept de mobilit\u00e9 contribuent \u00e0 r\u00e9duire le trafic motoris\u00e9, \u00e0 promouvoir des formes de mobilit\u00e9 alternatives et \u00e0 garantir le bon d\u00e9roulement de l&#8217;\u00e9v\u00e9nement. L\u2019objectif est d\u2019utiliser les surfaces de stationnement de mani\u00e8re efficiente, d\u2019en ma\u00eetriser les co\u00fbts et de [&hellip;]<\/p>\n","protected":false},"featured_media":2512,"parent":0,"template":"","format":"standard","meta":{"_sitemap_exclude":false,"_sitemap_priority":"","_sitemap_frequency":"","_eventkit_link":"https:\/\/eventkit.ch\/wp-content\/uploads\/2025\/12\/3.10_Organiser_un_parking_EVENTKIT_FINAL.pdf"},"resource_category":[185],"audience":[],"contenttype":[216],"class_list":["post-2335","resource","type-resource","status-publish","format-standard","has-post-thumbnail","hentry","resource_category-circulation-transports","contenttype-fiches-dinformation"],"yoast_head":"<!-- This site is optimized with the Yoast SEO plugin v27.3 - https:\/\/yoast.com\/product\/yoast-seo-wordpress\/ -->\n<title>Organiser un parking - EventKit<\/title>\n<meta name=\"robots\" content=\"index, follow, max-snippet:-1, max-image-preview:large, max-video-preview:-1\" \/>\n<link rel=\"canonical\" href=\"https:\/\/eventkit.ch\/?resource=organiser-un-parking&lang=fr\" \/>\n<meta property=\"og:locale\" content=\"de_DE\" \/>\n<meta property=\"og:type\" content=\"article\" \/>\n<meta property=\"og:title\" content=\"Organiser un parking - EventKit\" \/>\n<meta property=\"og:description\" content=\"Une planification rigoureuse et une bonne dimension des aires de stationnement dans le cadre d&#8217;un concept de mobilit\u00e9 contribuent \u00e0 r\u00e9duire le trafic motoris\u00e9, \u00e0 promouvoir des formes de mobilit\u00e9 alternatives et \u00e0 garantir le bon d\u00e9roulement de l&#8217;\u00e9v\u00e9nement. L\u2019objectif est d\u2019utiliser les surfaces de stationnement de mani\u00e8re efficiente, d\u2019en ma\u00eetriser les co\u00fbts et de [&hellip;]\" \/>\n<meta property=\"og:url\" content=\"https:\/\/eventkit.ch\/?resource=organiser-un-parking&amp;lang=fr\" \/>\n<meta property=\"og:site_name\" content=\"EventKit\" \/>\n<meta property=\"article:modified_time\" content=\"2026-03-23T17:16:01+00:00\" \/>\n<meta property=\"og:image\" content=\"https:\/\/eventkit.ch\/wp-content\/uploads\/2025\/12\/esafprattelnmrhdsc6577.webp\" \/>\n\t<meta property=\"og:image:width\" content=\"1500\" \/>\n\t<meta property=\"og:image:height\" content=\"1000\" \/>\n\t<meta property=\"og:image:type\" content=\"image\/webp\" \/>\n<meta name=\"twitter:card\" content=\"summary_large_image\" \/>\n<meta name=\"twitter:label1\" content=\"Gesch\u00e4tzte Lesezeit\" \/>\n\t<meta name=\"twitter:data1\" content=\"4\u00a0Minuten\" \/>\n<script type=\"application\/ld+json\" class=\"yoast-schema-graph\">{\"@context\":\"https:\\\/\\\/schema.org\",\"@graph\":[{\"@type\":\"WebPage\",\"@id\":\"https:\\\/\\\/eventkit.ch\\\/?resource=organiser-un-parking&lang=fr\",\"url\":\"https:\\\/\\\/eventkit.ch\\\/?resource=organiser-un-parking&lang=fr\",\"name\":\"Organiser un parking - EventKit\",\"isPartOf\":{\"@id\":\"https:\\\/\\\/eventkit.ch\\\/#website\"},\"primaryImageOfPage\":{\"@id\":\"https:\\\/\\\/eventkit.ch\\\/?resource=organiser-un-parking&lang=fr#primaryimage\"},\"image\":{\"@id\":\"https:\\\/\\\/eventkit.ch\\\/?resource=organiser-un-parking&lang=fr#primaryimage\"},\"thumbnailUrl\":\"https:\\\/\\\/eventkit.ch\\\/wp-content\\\/uploads\\\/2025\\\/12\\\/esafprattelnmrhdsc6577.webp\",\"datePublished\":\"2025-12-23T12:38:48+00:00\",\"dateModified\":\"2026-03-23T17:16:01+00:00\",\"breadcrumb\":{\"@id\":\"https:\\\/\\\/eventkit.ch\\\/?resource=organiser-un-parking&lang=fr#breadcrumb\"},\"inLanguage\":\"de\",\"potentialAction\":[{\"@type\":\"ReadAction\",\"target\":[\"https:\\\/\\\/eventkit.ch\\\/?resource=organiser-un-parking&lang=fr\"]}]},{\"@type\":\"ImageObject\",\"inLanguage\":\"de\",\"@id\":\"https:\\\/\\\/eventkit.ch\\\/?resource=organiser-un-parking&lang=fr#primaryimage\",\"url\":\"https:\\\/\\\/eventkit.ch\\\/wp-content\\\/uploads\\\/2025\\\/12\\\/esafprattelnmrhdsc6577.webp\",\"contentUrl\":\"https:\\\/\\\/eventkit.ch\\\/wp-content\\\/uploads\\\/2025\\\/12\\\/esafprattelnmrhdsc6577.webp\",\"width\":1500,\"height\":1000},{\"@type\":\"BreadcrumbList\",\"@id\":\"https:\\\/\\\/eventkit.ch\\\/?resource=organiser-un-parking&lang=fr#breadcrumb\",\"itemListElement\":[{\"@type\":\"ListItem\",\"position\":1,\"name\":\"Home\",\"item\":\"https:\\\/\\\/eventkit.ch\\\/\"},{\"@type\":\"ListItem\",\"position\":2,\"name\":\"Merkbl\u00e4tter\",\"item\":\"https:\\\/\\\/eventkit.ch\\\/?post_type=resource&lang=fr\"},{\"@type\":\"ListItem\",\"position\":3,\"name\":\"Organiser un parking\"}]},{\"@type\":\"WebSite\",\"@id\":\"https:\\\/\\\/eventkit.ch\\\/#website\",\"url\":\"https:\\\/\\\/eventkit.ch\\\/\",\"name\":\"EventKit\",\"description\":\"Nachhaltigkeit, die wirkt: Dein Event im Check.\",\"publisher\":{\"@id\":\"https:\\\/\\\/eventkit.ch\\\/#organization\"},\"potentialAction\":[{\"@type\":\"SearchAction\",\"target\":{\"@type\":\"EntryPoint\",\"urlTemplate\":\"https:\\\/\\\/eventkit.ch\\\/?s={search_term_string}\"},\"query-input\":{\"@type\":\"PropertyValueSpecification\",\"valueRequired\":true,\"valueName\":\"search_term_string\"}}],\"inLanguage\":\"de\"},{\"@type\":\"Organization\",\"@id\":\"https:\\\/\\\/eventkit.ch\\\/#organization\",\"name\":\"EventKit\",\"url\":\"https:\\\/\\\/eventkit.ch\\\/\",\"logo\":{\"@type\":\"ImageObject\",\"inLanguage\":\"de\",\"@id\":\"https:\\\/\\\/eventkit.ch\\\/#\\\/schema\\\/logo\\\/image\\\/\",\"url\":\"https:\\\/\\\/eventkit.ch\\\/wp-content\\\/uploads\\\/2025\\\/11\\\/android-icon-144x144-1.png\",\"contentUrl\":\"https:\\\/\\\/eventkit.ch\\\/wp-content\\\/uploads\\\/2025\\\/11\\\/android-icon-144x144-1.png\",\"width\":144,\"height\":144,\"caption\":\"EventKit\"},\"image\":{\"@id\":\"https:\\\/\\\/eventkit.ch\\\/#\\\/schema\\\/logo\\\/image\\\/\"}}]}<\/script>\n<!-- \/ Yoast SEO plugin. -->","yoast_head_json":{"title":"Organiser un parking - EventKit","robots":{"index":"index","follow":"follow","max-snippet":"max-snippet:-1","max-image-preview":"max-image-preview:large","max-video-preview":"max-video-preview:-1"},"canonical":"https:\/\/eventkit.ch\/?resource=organiser-un-parking&lang=fr","og_locale":"de_DE","og_type":"article","og_title":"Organiser un parking - EventKit","og_description":"Une planification rigoureuse et une bonne dimension des aires de stationnement dans le cadre d&#8217;un concept de mobilit\u00e9 contribuent \u00e0 r\u00e9duire le trafic motoris\u00e9, \u00e0 promouvoir des formes de mobilit\u00e9 alternatives et \u00e0 garantir le bon d\u00e9roulement de l&#8217;\u00e9v\u00e9nement. L\u2019objectif est d\u2019utiliser les surfaces de stationnement de mani\u00e8re efficiente, d\u2019en ma\u00eetriser les co\u00fbts et de [&hellip;]","og_url":"https:\/\/eventkit.ch\/?resource=organiser-un-parking&lang=fr","og_site_name":"EventKit","article_modified_time":"2026-03-23T17:16:01+00:00","og_image":[{"width":1500,"height":1000,"url":"https:\/\/eventkit.ch\/wp-content\/uploads\/2025\/12\/esafprattelnmrhdsc6577.webp","type":"image\/webp"}],"twitter_card":"summary_large_image","twitter_misc":{"Gesch\u00e4tzte Lesezeit":"4\u00a0Minuten"},"schema":{"@context":"https:\/\/schema.org","@graph":[{"@type":"WebPage","@id":"https:\/\/eventkit.ch\/?resource=organiser-un-parking&lang=fr","url":"https:\/\/eventkit.ch\/?resource=organiser-un-parking&lang=fr","name":"Organiser un parking - EventKit","isPartOf":{"@id":"https:\/\/eventkit.ch\/#website"},"primaryImageOfPage":{"@id":"https:\/\/eventkit.ch\/?resource=organiser-un-parking&lang=fr#primaryimage"},"image":{"@id":"https:\/\/eventkit.ch\/?resource=organiser-un-parking&lang=fr#primaryimage"},"thumbnailUrl":"https:\/\/eventkit.ch\/wp-content\/uploads\/2025\/12\/esafprattelnmrhdsc6577.webp","datePublished":"2025-12-23T12:38:48+00:00","dateModified":"2026-03-23T17:16:01+00:00","breadcrumb":{"@id":"https:\/\/eventkit.ch\/?resource=organiser-un-parking&lang=fr#breadcrumb"},"inLanguage":"de","potentialAction":[{"@type":"ReadAction","target":["https:\/\/eventkit.ch\/?resource=organiser-un-parking&lang=fr"]}]},{"@type":"ImageObject","inLanguage":"de","@id":"https:\/\/eventkit.ch\/?resource=organiser-un-parking&lang=fr#primaryimage","url":"https:\/\/eventkit.ch\/wp-content\/uploads\/2025\/12\/esafprattelnmrhdsc6577.webp","contentUrl":"https:\/\/eventkit.ch\/wp-content\/uploads\/2025\/12\/esafprattelnmrhdsc6577.webp","width":1500,"height":1000},{"@type":"BreadcrumbList","@id":"https:\/\/eventkit.ch\/?resource=organiser-un-parking&lang=fr#breadcrumb","itemListElement":[{"@type":"ListItem","position":1,"name":"Home","item":"https:\/\/eventkit.ch\/"},{"@type":"ListItem","position":2,"name":"Merkbl\u00e4tter","item":"https:\/\/eventkit.ch\/?post_type=resource&lang=fr"},{"@type":"ListItem","position":3,"name":"Organiser un parking"}]},{"@type":"WebSite","@id":"https:\/\/eventkit.ch\/#website","url":"https:\/\/eventkit.ch\/","name":"EventKit","description":"Nachhaltigkeit, die wirkt: Dein Event im Check.","publisher":{"@id":"https:\/\/eventkit.ch\/#organization"},"potentialAction":[{"@type":"SearchAction","target":{"@type":"EntryPoint","urlTemplate":"https:\/\/eventkit.ch\/?s={search_term_string}"},"query-input":{"@type":"PropertyValueSpecification","valueRequired":true,"valueName":"search_term_string"}}],"inLanguage":"de"},{"@type":"Organization","@id":"https:\/\/eventkit.ch\/#organization","name":"EventKit","url":"https:\/\/eventkit.ch\/","logo":{"@type":"ImageObject","inLanguage":"de","@id":"https:\/\/eventkit.ch\/#\/schema\/logo\/image\/","url":"https:\/\/eventkit.ch\/wp-content\/uploads\/2025\/11\/android-icon-144x144-1.png","contentUrl":"https:\/\/eventkit.ch\/wp-content\/uploads\/2025\/11\/android-icon-144x144-1.png","width":144,"height":144,"caption":"EventKit"},"image":{"@id":"https:\/\/eventkit.ch\/#\/schema\/logo\/image\/"}}]}},"_links":{"self":[{"href":"https:\/\/eventkit.ch\/index.php?rest_route=\/wp\/v2\/resource\/2335","targetHints":{"allow":["GET"]}}],"collection":[{"href":"https:\/\/eventkit.ch\/index.php?rest_route=\/wp\/v2\/resource"}],"about":[{"href":"https:\/\/eventkit.ch\/index.php?rest_route=\/wp\/v2\/types\/resource"}],"wp:featuredmedia":[{"embeddable":true,"href":"https:\/\/eventkit.ch\/index.php?rest_route=\/wp\/v2\/media\/2512"}],"wp:attachment":[{"href":"https:\/\/eventkit.ch\/index.php?rest_route=%2Fwp%2Fv2%2Fmedia&parent=2335"}],"wp:term":[{"taxonomy":"resource_category","embeddable":true,"href":"https:\/\/eventkit.ch\/index.php?rest_route=%2Fwp%2Fv2%2Fresource_category&post=2335"},{"taxonomy":"audience","embeddable":true,"href":"https:\/\/eventkit.ch\/index.php?rest_route=%2Fwp%2Fv2%2Faudience&post=2335"},{"taxonomy":"contenttype","embeddable":true,"href":"https:\/\/eventkit.ch\/index.php?rest_route=%2Fwp%2Fv2%2Fcontenttype&post=2335"}],"curies":[{"name":"wp","href":"https:\/\/api.w.org\/{rel}","templated":true}]}}