{"id":2316,"date":"2025-12-23T12:04:34","date_gmt":"2025-12-23T12:04:34","guid":{"rendered":"https:\/\/eventkit.ch\/?post_type=resource&#038;p=2316"},"modified":"2026-03-23T18:15:30","modified_gmt":"2026-03-23T17:15:30","slug":"organiser-des-lignes-de-bus-temporaires","status":"publish","type":"resource","link":"https:\/\/eventkit.ch\/?resource=organiser-des-lignes-de-bus-temporaires&lang=fr","title":{"rendered":"Organiser des lignes de bus temporaires"},"content":{"rendered":"<p>Lorsque le site de la manifestation est difficilement accessible en transports publics, le public est souvent d\u00e9courag\u00e9 d\u2019utiliser ce mode de d\u00e9placement. La mise en place de <strong>lignes de bus temporaires<\/strong> constitue alors une solution efficace pour <strong>faciliter l\u2019acc\u00e8s, r\u00e9duire l\u2019utilisation de la voiture individuelle et encourager la mobilit\u00e9 durable<\/strong>.<br><br>En r\u00e8gle g\u00e9n\u00e9rale, une <strong>distance maximale de 500 m<\/strong> entre l\u2019arr\u00eat et le site de la manifestation est consid\u00e9r\u00e9e comme acceptable. Cette distance peut \u00eatre exceptionnellement doubl\u00e9e ou tripl\u00e9e lorsqu\u2019il s\u2019agit de g\u00e9rer les flux de visiteuses et visiteurs \u00e0 l\u2019arriv\u00e9e ou d\u2019\u00e9viter la surcharge des transports publics. Des correspondances efficaces, une fr\u00e9quence adapt\u00e9e et des horaires coordonn\u00e9s avec la manifestation sont des conditions essentielles \u00e0 la r\u00e9ussite du dispositif.<\/p><p>\u00a0<\/p><h2 class=\"wp-block-heading\">Avant la manifestation<\/h2><p><strong>Analyse des besoins et planification :<\/strong><\/p><ul class=\"wp-block-list\"><li>\u00c9valuer la n\u00e9cessit\u00e9 de mettre en place des lignes de bus temporaires selon les flux de circulation identifi\u00e9s et la configuration du site, en tenant compte notamment :<ul class=\"wp-block-list\"><li>de la distance entre l\u2019arr\u00eat le plus proche et le site de la manifestation,<\/li>\n\n<li>des horaires et de la fr\u00e9quence des transports publics existants,<\/li>\n\n<li>des volumes de participantes et participants attendus.<\/li><\/ul><\/li>\n\n<li>Sur la base des estimations, d\u00e9terminer :<ul class=\"wp-block-list\"><li>le nombre de v\u00e9hicules n\u00e9cessaires,<\/li>\n\n<li>la capacit\u00e9 et la fr\u00e9quence de rotation,<\/li>\n\n<li>l\u2019itin\u00e9raire pr\u00e9cis et les arr\u00eats planifi\u00e9s.<\/li><\/ul><\/li>\n\n<li>D\u00e9finir les emplacements exacts des arr\u00eats sur le site et dans ses environs.<\/li>\n\n<li>Privil\u00e9gier des v\u00e9hicules accessibles aux personnes \u00e0 mobilit\u00e9 r\u00e9duite.<\/li><\/ul><p><strong>Organisation et communication :<\/strong><\/p><ul class=\"wp-block-list\"><li>Contacter une entreprise de transport pour d\u00e9finir les modalit\u00e9s du partenariat (co\u00fbts, horaires, responsabilit\u00e9, communication, etc.).<\/li>\n\n<li>Explorer des collaborations originales avec des acteurs locaux (agriculteurs, garagistes, commerces, associations de cyclistes, etc.).<\/li>\n\n<li>Privil\u00e9gier des v\u00e9hicules \u00e0 faibles \u00e9missions (\u00e9lectriques, biogaz, hybrides, etc.).<\/li>\n\n<li>Pr\u00e9voir les infrastructures n\u00e9cessaires au fonctionnement des navettes : arr\u00eats, signal\u00e9tique, zones d\u2019attente, zones d\u2019embarquement et de d\u00e9barquement.<\/li>\n\n<li>Am\u00e9nager des espaces provisoires pour le stationnement des bus.<\/li>\n\n<li>Publier les horaires des lignes temporaires sur le site Internet de la manifestation et diffuser largement l\u2019information (site, r\u00e9seaux sociaux, flyers, communiqu\u00e9s de presse, etc.).<\/li>\n\n<li>Afficher les horaires aux arr\u00eats et au point d\u2019information de la manifestation.\u00a0<\/li><\/ul><h2 class=\"wp-block-heading\">Pendant la manifestation<\/h2><ul class=\"wp-block-list\"><li>Ajuster le nombre de bus en fonction de la fr\u00e9quentation r\u00e9elle.<\/li>\n\n<li>\u00c9valuer le taux de remplissage des v\u00e9hicules (via le personnel de conduite ou l\u2019\u00e9quipe logistique).<\/li>\n\n<li>Encourager les conducteurs \u00e0 adopter une conduite \u00e9conome (ecoDrive) afin de limiter la consommation de carburant et les \u00e9missions.<\/li>\n\n<li>V\u00e9rifier r\u00e9guli\u00e8rement la signal\u00e9tique et le bon fonctionnement des arr\u00eats temporaires.<\/li><\/ul><h2 class=\"wp-block-heading\">Apr\u00e8s la manifestation&nbsp;<\/h2><ul class=\"wp-block-list\"><li><strong>R\u00e9aliser un bilan de l\u2019op\u00e9ration :<\/strong><ul class=\"wp-block-list\"><li>nombre total de personnes transport\u00e9es,<\/li>\n\n<li>nombre de trajets effectu\u00e9s,<\/li>\n\n<li>quantit\u00e9 estim\u00e9e de carburant utilis\u00e9e.<\/li><\/ul><\/li>\n\n<li>Comparer le bilan carbone du dispositif de bus temporaires \u00e0 celui du trafic automobile individuel \u00e9vit\u00e9.<\/li>\n\n<li>Documenter les r\u00e9sultats et les pistes d\u2019am\u00e9lioration pour les \u00e9ditions futures.<\/li><\/ul><p><\/p>","protected":false},"excerpt":{"rendered":"<p>Lorsque le site de la manifestation est difficilement accessible en transports publics, le public est souvent d\u00e9courag\u00e9 d\u2019utiliser ce mode de d\u00e9placement. La mise en place de lignes de bus temporaires constitue alors une solution efficace pour faciliter l\u2019acc\u00e8s, r\u00e9duire l\u2019utilisation de la voiture individuelle et encourager la mobilit\u00e9 durable. En r\u00e8gle g\u00e9n\u00e9rale, une distance [&hellip;]<\/p>\n","protected":false},"featured_media":2537,"parent":0,"template":"","format":"standard","meta":{"_sitemap_exclude":false,"_sitemap_priority":"","_sitemap_frequency":"","_eventkit_link":"https:\/\/eventkit.ch\/wp-content\/uploads\/2025\/12\/3.8_Organiser_des_lignes_de_bus_temporaires_EVENTKIT_FINAL.pdf"},"resource_category":[185],"audience":[],"contenttype":[216],"class_list":["post-2316","resource","type-resource","status-publish","format-standard","has-post-thumbnail","hentry","resource_category-circulation-transports","contenttype-fiches-dinformation"],"yoast_head":"<!-- This site is optimized with the Yoast SEO plugin v27.3 - https:\/\/yoast.com\/product\/yoast-seo-wordpress\/ -->\n<title>Organiser des lignes de bus temporaires - EventKit<\/title>\n<meta name=\"robots\" content=\"index, follow, max-snippet:-1, max-image-preview:large, max-video-preview:-1\" \/>\n<link rel=\"canonical\" href=\"https:\/\/eventkit.ch\/?resource=organiser-des-lignes-de-bus-temporaires&lang=fr\" \/>\n<meta property=\"og:locale\" content=\"de_DE\" \/>\n<meta property=\"og:type\" content=\"article\" \/>\n<meta property=\"og:title\" content=\"Organiser des lignes de bus temporaires - EventKit\" \/>\n<meta property=\"og:description\" content=\"Lorsque le site de la manifestation est difficilement accessible en transports publics, le public est souvent d\u00e9courag\u00e9 d\u2019utiliser ce mode de d\u00e9placement. La mise en place de lignes de bus temporaires constitue alors une solution efficace pour faciliter l\u2019acc\u00e8s, r\u00e9duire l\u2019utilisation de la voiture individuelle et encourager la mobilit\u00e9 durable. En r\u00e8gle g\u00e9n\u00e9rale, une distance [&hellip;]\" \/>\n<meta property=\"og:url\" content=\"https:\/\/eventkit.ch\/?resource=organiser-des-lignes-de-bus-temporaires&amp;lang=fr\" \/>\n<meta property=\"og:site_name\" content=\"EventKit\" \/>\n<meta property=\"article:modified_time\" content=\"2026-03-23T17:15:30+00:00\" \/>\n<meta property=\"og:image\" content=\"https:\/\/eventkit.ch\/wp-content\/uploads\/2025\/12\/Bus-Gempen.jpg\" \/>\n\t<meta property=\"og:image:width\" content=\"1152\" \/>\n\t<meta property=\"og:image:height\" content=\"864\" \/>\n\t<meta property=\"og:image:type\" content=\"image\/jpeg\" \/>\n<meta name=\"twitter:card\" content=\"summary_large_image\" \/>\n<meta name=\"twitter:label1\" content=\"Gesch\u00e4tzte Lesezeit\" \/>\n\t<meta name=\"twitter:data1\" content=\"3\u00a0Minuten\" \/>\n<script type=\"application\/ld+json\" class=\"yoast-schema-graph\">{\"@context\":\"https:\\\/\\\/schema.org\",\"@graph\":[{\"@type\":\"WebPage\",\"@id\":\"https:\\\/\\\/eventkit.ch\\\/?resource=organiser-des-lignes-de-bus-temporaires&lang=fr\",\"url\":\"https:\\\/\\\/eventkit.ch\\\/?resource=organiser-des-lignes-de-bus-temporaires&lang=fr\",\"name\":\"Organiser des lignes de bus temporaires - EventKit\",\"isPartOf\":{\"@id\":\"https:\\\/\\\/eventkit.ch\\\/#website\"},\"primaryImageOfPage\":{\"@id\":\"https:\\\/\\\/eventkit.ch\\\/?resource=organiser-des-lignes-de-bus-temporaires&lang=fr#primaryimage\"},\"image\":{\"@id\":\"https:\\\/\\\/eventkit.ch\\\/?resource=organiser-des-lignes-de-bus-temporaires&lang=fr#primaryimage\"},\"thumbnailUrl\":\"https:\\\/\\\/eventkit.ch\\\/wp-content\\\/uploads\\\/2025\\\/12\\\/Bus-Gempen.jpg\",\"datePublished\":\"2025-12-23T12:04:34+00:00\",\"dateModified\":\"2026-03-23T17:15:30+00:00\",\"breadcrumb\":{\"@id\":\"https:\\\/\\\/eventkit.ch\\\/?resource=organiser-des-lignes-de-bus-temporaires&lang=fr#breadcrumb\"},\"inLanguage\":\"de\",\"potentialAction\":[{\"@type\":\"ReadAction\",\"target\":[\"https:\\\/\\\/eventkit.ch\\\/?resource=organiser-des-lignes-de-bus-temporaires&lang=fr\"]}]},{\"@type\":\"ImageObject\",\"inLanguage\":\"de\",\"@id\":\"https:\\\/\\\/eventkit.ch\\\/?resource=organiser-des-lignes-de-bus-temporaires&lang=fr#primaryimage\",\"url\":\"https:\\\/\\\/eventkit.ch\\\/wp-content\\\/uploads\\\/2025\\\/12\\\/Bus-Gempen.jpg\",\"contentUrl\":\"https:\\\/\\\/eventkit.ch\\\/wp-content\\\/uploads\\\/2025\\\/12\\\/Bus-Gempen.jpg\",\"width\":1152,\"height\":864},{\"@type\":\"BreadcrumbList\",\"@id\":\"https:\\\/\\\/eventkit.ch\\\/?resource=organiser-des-lignes-de-bus-temporaires&lang=fr#breadcrumb\",\"itemListElement\":[{\"@type\":\"ListItem\",\"position\":1,\"name\":\"Home\",\"item\":\"https:\\\/\\\/eventkit.ch\\\/\"},{\"@type\":\"ListItem\",\"position\":2,\"name\":\"Merkbl\u00e4tter\",\"item\":\"https:\\\/\\\/eventkit.ch\\\/?post_type=resource&lang=fr\"},{\"@type\":\"ListItem\",\"position\":3,\"name\":\"Organiser des lignes de bus temporaires\"}]},{\"@type\":\"WebSite\",\"@id\":\"https:\\\/\\\/eventkit.ch\\\/#website\",\"url\":\"https:\\\/\\\/eventkit.ch\\\/\",\"name\":\"EventKit\",\"description\":\"Nachhaltigkeit, die wirkt: Dein Event im Check.\",\"publisher\":{\"@id\":\"https:\\\/\\\/eventkit.ch\\\/#organization\"},\"potentialAction\":[{\"@type\":\"SearchAction\",\"target\":{\"@type\":\"EntryPoint\",\"urlTemplate\":\"https:\\\/\\\/eventkit.ch\\\/?s={search_term_string}\"},\"query-input\":{\"@type\":\"PropertyValueSpecification\",\"valueRequired\":true,\"valueName\":\"search_term_string\"}}],\"inLanguage\":\"de\"},{\"@type\":\"Organization\",\"@id\":\"https:\\\/\\\/eventkit.ch\\\/#organization\",\"name\":\"EventKit\",\"url\":\"https:\\\/\\\/eventkit.ch\\\/\",\"logo\":{\"@type\":\"ImageObject\",\"inLanguage\":\"de\",\"@id\":\"https:\\\/\\\/eventkit.ch\\\/#\\\/schema\\\/logo\\\/image\\\/\",\"url\":\"https:\\\/\\\/eventkit.ch\\\/wp-content\\\/uploads\\\/2025\\\/11\\\/android-icon-144x144-1.png\",\"contentUrl\":\"https:\\\/\\\/eventkit.ch\\\/wp-content\\\/uploads\\\/2025\\\/11\\\/android-icon-144x144-1.png\",\"width\":144,\"height\":144,\"caption\":\"EventKit\"},\"image\":{\"@id\":\"https:\\\/\\\/eventkit.ch\\\/#\\\/schema\\\/logo\\\/image\\\/\"}}]}<\/script>\n<!-- \/ Yoast SEO plugin. -->","yoast_head_json":{"title":"Organiser des lignes de bus temporaires - EventKit","robots":{"index":"index","follow":"follow","max-snippet":"max-snippet:-1","max-image-preview":"max-image-preview:large","max-video-preview":"max-video-preview:-1"},"canonical":"https:\/\/eventkit.ch\/?resource=organiser-des-lignes-de-bus-temporaires&lang=fr","og_locale":"de_DE","og_type":"article","og_title":"Organiser des lignes de bus temporaires - EventKit","og_description":"Lorsque le site de la manifestation est difficilement accessible en transports publics, le public est souvent d\u00e9courag\u00e9 d\u2019utiliser ce mode de d\u00e9placement. La mise en place de lignes de bus temporaires constitue alors une solution efficace pour faciliter l\u2019acc\u00e8s, r\u00e9duire l\u2019utilisation de la voiture individuelle et encourager la mobilit\u00e9 durable. En r\u00e8gle g\u00e9n\u00e9rale, une distance [&hellip;]","og_url":"https:\/\/eventkit.ch\/?resource=organiser-des-lignes-de-bus-temporaires&lang=fr","og_site_name":"EventKit","article_modified_time":"2026-03-23T17:15:30+00:00","og_image":[{"width":1152,"height":864,"url":"https:\/\/eventkit.ch\/wp-content\/uploads\/2025\/12\/Bus-Gempen.jpg","type":"image\/jpeg"}],"twitter_card":"summary_large_image","twitter_misc":{"Gesch\u00e4tzte Lesezeit":"3\u00a0Minuten"},"schema":{"@context":"https:\/\/schema.org","@graph":[{"@type":"WebPage","@id":"https:\/\/eventkit.ch\/?resource=organiser-des-lignes-de-bus-temporaires&lang=fr","url":"https:\/\/eventkit.ch\/?resource=organiser-des-lignes-de-bus-temporaires&lang=fr","name":"Organiser des lignes de bus temporaires - EventKit","isPartOf":{"@id":"https:\/\/eventkit.ch\/#website"},"primaryImageOfPage":{"@id":"https:\/\/eventkit.ch\/?resource=organiser-des-lignes-de-bus-temporaires&lang=fr#primaryimage"},"image":{"@id":"https:\/\/eventkit.ch\/?resource=organiser-des-lignes-de-bus-temporaires&lang=fr#primaryimage"},"thumbnailUrl":"https:\/\/eventkit.ch\/wp-content\/uploads\/2025\/12\/Bus-Gempen.jpg","datePublished":"2025-12-23T12:04:34+00:00","dateModified":"2026-03-23T17:15:30+00:00","breadcrumb":{"@id":"https:\/\/eventkit.ch\/?resource=organiser-des-lignes-de-bus-temporaires&lang=fr#breadcrumb"},"inLanguage":"de","potentialAction":[{"@type":"ReadAction","target":["https:\/\/eventkit.ch\/?resource=organiser-des-lignes-de-bus-temporaires&lang=fr"]}]},{"@type":"ImageObject","inLanguage":"de","@id":"https:\/\/eventkit.ch\/?resource=organiser-des-lignes-de-bus-temporaires&lang=fr#primaryimage","url":"https:\/\/eventkit.ch\/wp-content\/uploads\/2025\/12\/Bus-Gempen.jpg","contentUrl":"https:\/\/eventkit.ch\/wp-content\/uploads\/2025\/12\/Bus-Gempen.jpg","width":1152,"height":864},{"@type":"BreadcrumbList","@id":"https:\/\/eventkit.ch\/?resource=organiser-des-lignes-de-bus-temporaires&lang=fr#breadcrumb","itemListElement":[{"@type":"ListItem","position":1,"name":"Home","item":"https:\/\/eventkit.ch\/"},{"@type":"ListItem","position":2,"name":"Merkbl\u00e4tter","item":"https:\/\/eventkit.ch\/?post_type=resource&lang=fr"},{"@type":"ListItem","position":3,"name":"Organiser des lignes de bus temporaires"}]},{"@type":"WebSite","@id":"https:\/\/eventkit.ch\/#website","url":"https:\/\/eventkit.ch\/","name":"EventKit","description":"Nachhaltigkeit, die wirkt: Dein Event im Check.","publisher":{"@id":"https:\/\/eventkit.ch\/#organization"},"potentialAction":[{"@type":"SearchAction","target":{"@type":"EntryPoint","urlTemplate":"https:\/\/eventkit.ch\/?s={search_term_string}"},"query-input":{"@type":"PropertyValueSpecification","valueRequired":true,"valueName":"search_term_string"}}],"inLanguage":"de"},{"@type":"Organization","@id":"https:\/\/eventkit.ch\/#organization","name":"EventKit","url":"https:\/\/eventkit.ch\/","logo":{"@type":"ImageObject","inLanguage":"de","@id":"https:\/\/eventkit.ch\/#\/schema\/logo\/image\/","url":"https:\/\/eventkit.ch\/wp-content\/uploads\/2025\/11\/android-icon-144x144-1.png","contentUrl":"https:\/\/eventkit.ch\/wp-content\/uploads\/2025\/11\/android-icon-144x144-1.png","width":144,"height":144,"caption":"EventKit"},"image":{"@id":"https:\/\/eventkit.ch\/#\/schema\/logo\/image\/"}}]}},"_links":{"self":[{"href":"https:\/\/eventkit.ch\/index.php?rest_route=\/wp\/v2\/resource\/2316","targetHints":{"allow":["GET"]}}],"collection":[{"href":"https:\/\/eventkit.ch\/index.php?rest_route=\/wp\/v2\/resource"}],"about":[{"href":"https:\/\/eventkit.ch\/index.php?rest_route=\/wp\/v2\/types\/resource"}],"wp:featuredmedia":[{"embeddable":true,"href":"https:\/\/eventkit.ch\/index.php?rest_route=\/wp\/v2\/media\/2537"}],"wp:attachment":[{"href":"https:\/\/eventkit.ch\/index.php?rest_route=%2Fwp%2Fv2%2Fmedia&parent=2316"}],"wp:term":[{"taxonomy":"resource_category","embeddable":true,"href":"https:\/\/eventkit.ch\/index.php?rest_route=%2Fwp%2Fv2%2Fresource_category&post=2316"},{"taxonomy":"audience","embeddable":true,"href":"https:\/\/eventkit.ch\/index.php?rest_route=%2Fwp%2Fv2%2Faudience&post=2316"},{"taxonomy":"contenttype","embeddable":true,"href":"https:\/\/eventkit.ch\/index.php?rest_route=%2Fwp%2Fv2%2Fcontenttype&post=2316"}],"curies":[{"name":"wp","href":"https:\/\/api.w.org\/{rel}","templated":true}]}}