{"id":2302,"date":"2025-12-23T11:35:38","date_gmt":"2025-12-23T11:35:38","guid":{"rendered":"https:\/\/eventkit.ch\/?post_type=resource&#038;p=2302"},"modified":"2026-03-23T18:06:20","modified_gmt":"2026-03-23T17:06:20","slug":"mettre-des-velos-a-disposition","status":"publish","type":"resource","link":"https:\/\/eventkit.ch\/?resource=mettre-des-velos-a-disposition&lang=fr","title":{"rendered":"Mettre des v\u00e9los \u00e0 disposition"},"content":{"rendered":"<p>Identifier en amont les volumes de d\u00e9chets g\u00e9n\u00e9r\u00e9s par une manifestation permet d\u2019anticiper les besoins en personnel, de dimensionner correctement les points de collecte et d\u2019assurer une gestion propre et efficace des d\u00e9chets.&nbsp;<br>&nbsp;<br>Cette d\u00e9marche constitue \u00e9galement une base essentielle pour pr\u00e9venir ou r\u00e9duire la production de d\u00e9chets \u2014 par exemple en privil\u00e9giant la vaisselle r\u00e9utilisable, en supprimant les emballages ou en prolongeant la dur\u00e9e de vie des produits (r\u00e9utilisation, dons, etc.).&nbsp;<\/p><h2 class=\"wp-block-heading\">Avant la manifestation<\/h2><ul class=\"wp-block-list\"><li>\u00c9valuer les diff\u00e9rentes options possibles selon les besoins : utilisation d\u2019un r\u00e9seau de v\u00e9los en libre-service, location ou achat de v\u00e9los.<\/li>\n\n<li>Choisir la solution la plus adapt\u00e9e en fonction du nombre de v\u00e9los n\u00e9cessaires, des infrastructures existantes (stations ou r\u00e9seaux de v\u00e9los partag\u00e9s) et des moyens financiers disponibles.<\/li>\n\n<li>Pr\u00e9voir des v\u00e9los non seulement pour le public, mais aussi pour les membres du comit\u00e9 d\u2019organisation, les b\u00e9n\u00e9voles et les partenaires amen\u00e9s \u00e0 se d\u00e9placer fr\u00e9quemment pendant la manifestation.<\/li>\n\n<li>Si des stations de v\u00e9los en libre-service existent \u00e0 proximit\u00e9, contacter le prestataire pour envisager une collaboration.<\/li>\n\n<li>En cas de location ou d\u2019achat, envisager des partenariats ou un sponsoring \u2013 notamment avec des commerces de v\u00e9los locaux.<\/li>\n\n<li>D\u00e9finir clairement les conditions d\u2019utilisation (tarifs, modalit\u00e9s de retour, responsabilit\u00e9s) et organiser la logistique n\u00e9cessaire\u00a0:<ul class=\"wp-block-list\"><li>redistribution des v\u00e9los entre les stations,<\/li>\n\n<li>stockage et entretien,<\/li>\n\n<li>pr\u00e9sence de b\u00e9n\u00e9voles pour la gestion op\u00e9rationnelle<\/li><\/ul><\/li>\n\n<li>Informer le public sur le site Internet de la manifestation, dans les points strat\u00e9giques (magasins de v\u00e9los, stations, points d\u2019information) et via les supports de communication imprim\u00e9s.<\/li>\n\n<li>Proposer une option de pr\u00e9-r\u00e9servation en ligne pour estimer la demande et anticiper le nombre de v\u00e9los n\u00e9cessaires.<\/li><\/ul><h2 class=\"wp-block-heading\">Pendant la manifestation<\/h2><ul class=\"wp-block-list\"><li>Mettre les v\u00e9los \u00e0 disposition conform\u00e9ment aux conditions \u00e9tablies et communiquer activement sur le dispositif (site Internet, affichage, signal\u00e9tique, points d\u2019accueil).<\/li>\n\n<li>Suivre la gestion des retraits et retours conform\u00e9ment aux contrats ou modalit\u00e9s convenues.<\/li>\n\n<li>Pr\u00e9voir la pr\u00e9sence r\u00e9guli\u00e8re de b\u00e9n\u00e9voles sur les points de retrait et de d\u00e9pose pour garantir un fonctionnement fluide et s\u00e9curitaire.<\/li><\/ul><h2 class=\"wp-block-heading\">Apr\u00e8s la manifestation&nbsp;<\/h2><ul class=\"wp-block-list\"><li>\u00c9valuer l\u2019utilisation du dispositif : nombre de v\u00e9los emprunt\u00e9s, taux de retour, satisfaction des utilisatrices et utilisateurs.<\/li>\n\n<li>Identifier les v\u00e9los manquants ou endommag\u00e9s, contacter les personnes concern\u00e9es et assurer le suivi n\u00e9cessaire.<\/li>\n\n<li>R\u00e9cup\u00e9rer les v\u00e9los \u00e9ventuellement abandonn\u00e9s dans les environs.<\/li>\n\n<li>R\u00e9parer ou entretenir les v\u00e9los si n\u00e9cessaire et dresser un bilan de l\u2019op\u00e9ration afin d\u2019am\u00e9liorer le dispositif pour les prochaines \u00e9ditions.<\/li><\/ul><p><\/p>","protected":false},"excerpt":{"rendered":"<p>Identifier en amont les volumes de d\u00e9chets g\u00e9n\u00e9r\u00e9s par une manifestation permet d\u2019anticiper les besoins en personnel, de dimensionner correctement les points de collecte et d\u2019assurer une gestion propre et efficace des d\u00e9chets.&nbsp;&nbsp;Cette d\u00e9marche constitue \u00e9galement une base essentielle pour pr\u00e9venir ou r\u00e9duire la production de d\u00e9chets \u2014 par exemple en privil\u00e9giant la vaisselle r\u00e9utilisable, [&hellip;]<\/p>\n","protected":false},"featured_media":2030,"parent":0,"template":"","format":"standard","meta":{"_sitemap_exclude":false,"_sitemap_priority":"","_sitemap_frequency":"","_eventkit_link":"https:\/\/eventkit.ch\/wp-content\/uploads\/2025\/12\/3.5_Mettre_des_velos_a_disposition_EVENTKIT_FINAL.pdf"},"resource_category":[185],"audience":[],"contenttype":[216],"class_list":["post-2302","resource","type-resource","status-publish","format-standard","has-post-thumbnail","hentry","resource_category-circulation-transports","contenttype-fiches-dinformation"],"yoast_head":"<!-- This site is optimized with the Yoast SEO plugin v27.3 - https:\/\/yoast.com\/product\/yoast-seo-wordpress\/ -->\n<title>Mettre des v\u00e9los \u00e0 disposition - EventKit<\/title>\n<meta name=\"robots\" content=\"index, follow, max-snippet:-1, max-image-preview:large, max-video-preview:-1\" \/>\n<link rel=\"canonical\" href=\"https:\/\/eventkit.ch\/?resource=mettre-des-velos-a-disposition&lang=fr\" \/>\n<meta property=\"og:locale\" content=\"de_DE\" \/>\n<meta property=\"og:type\" content=\"article\" \/>\n<meta property=\"og:title\" content=\"Mettre des v\u00e9los \u00e0 disposition - EventKit\" \/>\n<meta property=\"og:description\" content=\"Identifier en amont les volumes de d\u00e9chets g\u00e9n\u00e9r\u00e9s par une manifestation permet d\u2019anticiper les besoins en personnel, de dimensionner correctement les points de collecte et d\u2019assurer une gestion propre et efficace des d\u00e9chets.&nbsp;&nbsp;Cette d\u00e9marche constitue \u00e9galement une base essentielle pour pr\u00e9venir ou r\u00e9duire la production de d\u00e9chets \u2014 par exemple en privil\u00e9giant la vaisselle r\u00e9utilisable, [&hellip;]\" \/>\n<meta property=\"og:url\" content=\"https:\/\/eventkit.ch\/?resource=mettre-des-velos-a-disposition&amp;lang=fr\" \/>\n<meta property=\"og:site_name\" content=\"EventKit\" \/>\n<meta property=\"article:modified_time\" content=\"2026-03-23T17:06:20+00:00\" \/>\n<meta property=\"og:image\" content=\"https:\/\/eventkit.ch\/wp-content\/uploads\/2025\/12\/Rawkingphoto.ch__DSC4015-scaled.jpg\" \/>\n\t<meta property=\"og:image:width\" content=\"2560\" \/>\n\t<meta property=\"og:image:height\" content=\"1707\" \/>\n\t<meta property=\"og:image:type\" content=\"image\/jpeg\" \/>\n<meta name=\"twitter:card\" content=\"summary_large_image\" \/>\n<meta name=\"twitter:label1\" content=\"Gesch\u00e4tzte Lesezeit\" \/>\n\t<meta name=\"twitter:data1\" content=\"3\u00a0Minuten\" \/>\n<script type=\"application\/ld+json\" class=\"yoast-schema-graph\">{\"@context\":\"https:\\\/\\\/schema.org\",\"@graph\":[{\"@type\":\"WebPage\",\"@id\":\"https:\\\/\\\/eventkit.ch\\\/?resource=mettre-des-velos-a-disposition&lang=fr\",\"url\":\"https:\\\/\\\/eventkit.ch\\\/?resource=mettre-des-velos-a-disposition&lang=fr\",\"name\":\"Mettre des v\u00e9los \u00e0 disposition - EventKit\",\"isPartOf\":{\"@id\":\"https:\\\/\\\/eventkit.ch\\\/#website\"},\"primaryImageOfPage\":{\"@id\":\"https:\\\/\\\/eventkit.ch\\\/?resource=mettre-des-velos-a-disposition&lang=fr#primaryimage\"},\"image\":{\"@id\":\"https:\\\/\\\/eventkit.ch\\\/?resource=mettre-des-velos-a-disposition&lang=fr#primaryimage\"},\"thumbnailUrl\":\"https:\\\/\\\/eventkit.ch\\\/wp-content\\\/uploads\\\/2025\\\/12\\\/Rawkingphoto.ch__DSC4015-scaled.jpg\",\"datePublished\":\"2025-12-23T11:35:38+00:00\",\"dateModified\":\"2026-03-23T17:06:20+00:00\",\"breadcrumb\":{\"@id\":\"https:\\\/\\\/eventkit.ch\\\/?resource=mettre-des-velos-a-disposition&lang=fr#breadcrumb\"},\"inLanguage\":\"de\",\"potentialAction\":[{\"@type\":\"ReadAction\",\"target\":[\"https:\\\/\\\/eventkit.ch\\\/?resource=mettre-des-velos-a-disposition&lang=fr\"]}]},{\"@type\":\"ImageObject\",\"inLanguage\":\"de\",\"@id\":\"https:\\\/\\\/eventkit.ch\\\/?resource=mettre-des-velos-a-disposition&lang=fr#primaryimage\",\"url\":\"https:\\\/\\\/eventkit.ch\\\/wp-content\\\/uploads\\\/2025\\\/12\\\/Rawkingphoto.ch__DSC4015-scaled.jpg\",\"contentUrl\":\"https:\\\/\\\/eventkit.ch\\\/wp-content\\\/uploads\\\/2025\\\/12\\\/Rawkingphoto.ch__DSC4015-scaled.jpg\",\"width\":2560,\"height\":1707},{\"@type\":\"BreadcrumbList\",\"@id\":\"https:\\\/\\\/eventkit.ch\\\/?resource=mettre-des-velos-a-disposition&lang=fr#breadcrumb\",\"itemListElement\":[{\"@type\":\"ListItem\",\"position\":1,\"name\":\"Home\",\"item\":\"https:\\\/\\\/eventkit.ch\\\/\"},{\"@type\":\"ListItem\",\"position\":2,\"name\":\"Merkbl\u00e4tter\",\"item\":\"https:\\\/\\\/eventkit.ch\\\/?post_type=resource&lang=fr\"},{\"@type\":\"ListItem\",\"position\":3,\"name\":\"Mettre des v\u00e9los \u00e0 disposition\"}]},{\"@type\":\"WebSite\",\"@id\":\"https:\\\/\\\/eventkit.ch\\\/#website\",\"url\":\"https:\\\/\\\/eventkit.ch\\\/\",\"name\":\"EventKit\",\"description\":\"Nachhaltigkeit, die wirkt: Dein Event im Check.\",\"publisher\":{\"@id\":\"https:\\\/\\\/eventkit.ch\\\/#organization\"},\"potentialAction\":[{\"@type\":\"SearchAction\",\"target\":{\"@type\":\"EntryPoint\",\"urlTemplate\":\"https:\\\/\\\/eventkit.ch\\\/?s={search_term_string}\"},\"query-input\":{\"@type\":\"PropertyValueSpecification\",\"valueRequired\":true,\"valueName\":\"search_term_string\"}}],\"inLanguage\":\"de\"},{\"@type\":\"Organization\",\"@id\":\"https:\\\/\\\/eventkit.ch\\\/#organization\",\"name\":\"EventKit\",\"url\":\"https:\\\/\\\/eventkit.ch\\\/\",\"logo\":{\"@type\":\"ImageObject\",\"inLanguage\":\"de\",\"@id\":\"https:\\\/\\\/eventkit.ch\\\/#\\\/schema\\\/logo\\\/image\\\/\",\"url\":\"https:\\\/\\\/eventkit.ch\\\/wp-content\\\/uploads\\\/2025\\\/11\\\/android-icon-144x144-1.png\",\"contentUrl\":\"https:\\\/\\\/eventkit.ch\\\/wp-content\\\/uploads\\\/2025\\\/11\\\/android-icon-144x144-1.png\",\"width\":144,\"height\":144,\"caption\":\"EventKit\"},\"image\":{\"@id\":\"https:\\\/\\\/eventkit.ch\\\/#\\\/schema\\\/logo\\\/image\\\/\"}}]}<\/script>\n<!-- \/ Yoast SEO plugin. -->","yoast_head_json":{"title":"Mettre des v\u00e9los \u00e0 disposition - EventKit","robots":{"index":"index","follow":"follow","max-snippet":"max-snippet:-1","max-image-preview":"max-image-preview:large","max-video-preview":"max-video-preview:-1"},"canonical":"https:\/\/eventkit.ch\/?resource=mettre-des-velos-a-disposition&lang=fr","og_locale":"de_DE","og_type":"article","og_title":"Mettre des v\u00e9los \u00e0 disposition - EventKit","og_description":"Identifier en amont les volumes de d\u00e9chets g\u00e9n\u00e9r\u00e9s par une manifestation permet d\u2019anticiper les besoins en personnel, de dimensionner correctement les points de collecte et d\u2019assurer une gestion propre et efficace des d\u00e9chets.&nbsp;&nbsp;Cette d\u00e9marche constitue \u00e9galement une base essentielle pour pr\u00e9venir ou r\u00e9duire la production de d\u00e9chets \u2014 par exemple en privil\u00e9giant la vaisselle r\u00e9utilisable, [&hellip;]","og_url":"https:\/\/eventkit.ch\/?resource=mettre-des-velos-a-disposition&lang=fr","og_site_name":"EventKit","article_modified_time":"2026-03-23T17:06:20+00:00","og_image":[{"width":2560,"height":1707,"url":"https:\/\/eventkit.ch\/wp-content\/uploads\/2025\/12\/Rawkingphoto.ch__DSC4015-scaled.jpg","type":"image\/jpeg"}],"twitter_card":"summary_large_image","twitter_misc":{"Gesch\u00e4tzte Lesezeit":"3\u00a0Minuten"},"schema":{"@context":"https:\/\/schema.org","@graph":[{"@type":"WebPage","@id":"https:\/\/eventkit.ch\/?resource=mettre-des-velos-a-disposition&lang=fr","url":"https:\/\/eventkit.ch\/?resource=mettre-des-velos-a-disposition&lang=fr","name":"Mettre des v\u00e9los \u00e0 disposition - EventKit","isPartOf":{"@id":"https:\/\/eventkit.ch\/#website"},"primaryImageOfPage":{"@id":"https:\/\/eventkit.ch\/?resource=mettre-des-velos-a-disposition&lang=fr#primaryimage"},"image":{"@id":"https:\/\/eventkit.ch\/?resource=mettre-des-velos-a-disposition&lang=fr#primaryimage"},"thumbnailUrl":"https:\/\/eventkit.ch\/wp-content\/uploads\/2025\/12\/Rawkingphoto.ch__DSC4015-scaled.jpg","datePublished":"2025-12-23T11:35:38+00:00","dateModified":"2026-03-23T17:06:20+00:00","breadcrumb":{"@id":"https:\/\/eventkit.ch\/?resource=mettre-des-velos-a-disposition&lang=fr#breadcrumb"},"inLanguage":"de","potentialAction":[{"@type":"ReadAction","target":["https:\/\/eventkit.ch\/?resource=mettre-des-velos-a-disposition&lang=fr"]}]},{"@type":"ImageObject","inLanguage":"de","@id":"https:\/\/eventkit.ch\/?resource=mettre-des-velos-a-disposition&lang=fr#primaryimage","url":"https:\/\/eventkit.ch\/wp-content\/uploads\/2025\/12\/Rawkingphoto.ch__DSC4015-scaled.jpg","contentUrl":"https:\/\/eventkit.ch\/wp-content\/uploads\/2025\/12\/Rawkingphoto.ch__DSC4015-scaled.jpg","width":2560,"height":1707},{"@type":"BreadcrumbList","@id":"https:\/\/eventkit.ch\/?resource=mettre-des-velos-a-disposition&lang=fr#breadcrumb","itemListElement":[{"@type":"ListItem","position":1,"name":"Home","item":"https:\/\/eventkit.ch\/"},{"@type":"ListItem","position":2,"name":"Merkbl\u00e4tter","item":"https:\/\/eventkit.ch\/?post_type=resource&lang=fr"},{"@type":"ListItem","position":3,"name":"Mettre des v\u00e9los \u00e0 disposition"}]},{"@type":"WebSite","@id":"https:\/\/eventkit.ch\/#website","url":"https:\/\/eventkit.ch\/","name":"EventKit","description":"Nachhaltigkeit, die wirkt: Dein Event im Check.","publisher":{"@id":"https:\/\/eventkit.ch\/#organization"},"potentialAction":[{"@type":"SearchAction","target":{"@type":"EntryPoint","urlTemplate":"https:\/\/eventkit.ch\/?s={search_term_string}"},"query-input":{"@type":"PropertyValueSpecification","valueRequired":true,"valueName":"search_term_string"}}],"inLanguage":"de"},{"@type":"Organization","@id":"https:\/\/eventkit.ch\/#organization","name":"EventKit","url":"https:\/\/eventkit.ch\/","logo":{"@type":"ImageObject","inLanguage":"de","@id":"https:\/\/eventkit.ch\/#\/schema\/logo\/image\/","url":"https:\/\/eventkit.ch\/wp-content\/uploads\/2025\/11\/android-icon-144x144-1.png","contentUrl":"https:\/\/eventkit.ch\/wp-content\/uploads\/2025\/11\/android-icon-144x144-1.png","width":144,"height":144,"caption":"EventKit"},"image":{"@id":"https:\/\/eventkit.ch\/#\/schema\/logo\/image\/"}}]}},"_links":{"self":[{"href":"https:\/\/eventkit.ch\/index.php?rest_route=\/wp\/v2\/resource\/2302","targetHints":{"allow":["GET"]}}],"collection":[{"href":"https:\/\/eventkit.ch\/index.php?rest_route=\/wp\/v2\/resource"}],"about":[{"href":"https:\/\/eventkit.ch\/index.php?rest_route=\/wp\/v2\/types\/resource"}],"wp:featuredmedia":[{"embeddable":true,"href":"https:\/\/eventkit.ch\/index.php?rest_route=\/wp\/v2\/media\/2030"}],"wp:attachment":[{"href":"https:\/\/eventkit.ch\/index.php?rest_route=%2Fwp%2Fv2%2Fmedia&parent=2302"}],"wp:term":[{"taxonomy":"resource_category","embeddable":true,"href":"https:\/\/eventkit.ch\/index.php?rest_route=%2Fwp%2Fv2%2Fresource_category&post=2302"},{"taxonomy":"audience","embeddable":true,"href":"https:\/\/eventkit.ch\/index.php?rest_route=%2Fwp%2Fv2%2Faudience&post=2302"},{"taxonomy":"contenttype","embeddable":true,"href":"https:\/\/eventkit.ch\/index.php?rest_route=%2Fwp%2Fv2%2Fcontenttype&post=2302"}],"curies":[{"name":"wp","href":"https:\/\/api.w.org\/{rel}","templated":true}]}}