{"id":2298,"date":"2025-12-23T11:35:38","date_gmt":"2025-12-23T11:35:38","guid":{"rendered":"https:\/\/eventkit.ch\/?post_type=resource&#038;p=2298"},"modified":"2026-03-23T16:47:37","modified_gmt":"2026-03-23T15:47:37","slug":"bereitstellung-von-velos","status":"publish","type":"resource","link":"https:\/\/eventkit.ch\/?resource=bereitstellung-von-velos","title":{"rendered":"Bereitstellung von Velos"},"content":{"rendered":"<p>Das Velo ist ein praktisches, sparsames und schnelles Fortbewegungsmittel f\u00fcr kurze Strecken \u2013 sowohl f\u00fcr Teilnehmende als auch f\u00fcr Mitarbeitende einer Veranstaltung.<br><br>Durch die Bereitstellung von Velos k\u00f6nnen motorisierte Fahrten reduziert, Wege erleichtert und gleichzeitig das nachhaltige Image der Veranstaltung gest\u00e4rkt werden.<\/p><h2 class=\"wp-block-heading\">Vor der Veranstaltung<\/h2><ul class=\"wp-block-list\"><li>Je nach Bedarf verschiedene Optionen pr\u00fcfen: Nutzung bestehender Bikesharing-Systeme, Miete oder Kauf von Velos.<\/li>\n\n<li>Die passende L\u00f6sung anhand der Anzahl ben\u00f6tigter Velos, der bestehenden Infrastruktur (z. B. Bikesharing-Netzwerke) und der verf\u00fcgbaren finanziellen Mittel ausw\u00e4hlen.<\/li>\n\n<li>Velos (oder auch Cargobikes) nicht nur f\u00fcr das Publikum, sondern auch f\u00fcr Mitglieder des Organisationskomitees, Freiwillige und Partner:innen einplanen, die w\u00e4hrend der Veranstaltung h\u00e4ufig unterwegs sind.<\/li>\n\n<li>Bei bestehenden Bikesharing-Stationen in der Umgebung den Anbieter fr\u00fchzeitig kontaktieren, um m\u00f6gliche Kooperationen zu pr\u00fcfen.<\/li>\n\n<li>Bei Miete oder Kauf potenzielle Partnerschaften oder Sponsorings in Betracht ziehen \u2013 insbesondere mit lokalen Velogesch\u00e4ften (z. B. Verleih oder Spenden von Fahrr\u00e4dern im Austausch gegen Sichtbarkeit oder Kommunikationsmassnahmen).<\/li>\n\n<li>Nutzungsbedingungen klar festlegen (z. B. Tarife, R\u00fcckgabe, Verantwortlichkeiten) und die erforderliche Logistik planen:<ul class=\"wp-block-list\"><li>Neuverteilung der Velos auf verschiedene Stationen,<\/li>\n\n<li>Transport- und Lagerungsm\u00f6glichkeiten,<\/li>\n\n<li>Betreuung durch Freiwillige.<\/li><\/ul><\/li>\n\n<li>Auf der Website der Veranstaltung sowie an strategischen Orten (Velogesch\u00e4fte, Haltestellen, Informationspunkte) \u00fcber das Angebot informieren.<\/li>\n\n<li>Eine Online-Reservierungsm\u00f6glichkeit anbieten, um die Nachfrage besser einsch\u00e4tzen zu k\u00f6nnen.<\/li><\/ul><h2 class=\"wp-block-heading\">W\u00e4hrend der Veranstaltung<\/h2><ul class=\"wp-block-list\"><li>Velos gem\u00e4ss den definierten Nutzungsbedingungen bereitstellen und aktiv auf das Angebot hinweisen (Website, Infopunkte, Plakate).<\/li>\n\n<li>Die Ausleihe und R\u00fcckgabe gem\u00e4ss Mietvereinbarungen \u00fcberwachen.<\/li>\n\n<li>Freiwillige einsetzen, die regelm\u00e4ssig Kontrollrunden durchf\u00fchren und sicherstellen, dass an allen Ausleih- und R\u00fcckgabepunkten ein reibungsloser Ablauf gew\u00e4hrleistet ist.<\/li><\/ul><h2 class=\"wp-block-heading\">Nach der Veranstaltung<\/h2><ul class=\"wp-block-list\"><li>Die Nutzung des Angebots auswerten: Anzahl ausgeliehener Velos, R\u00fcckgabequote, Feedback der Nutzerinnen und Nutzer.<\/li>\n\n<li>Nicht zur\u00fcckgebrachte oder besch\u00e4digte Velos identifizieren, Nutzende kontaktieren und die Nachbearbeitung sicherstellen.<\/li>\n\n<li>Liegengelassene Velos im Veranstaltungsumfeld einsammeln.<\/li>\n\n<li>Bei Bedarf Wartung oder Reparaturen durchf\u00fchren und Bilanz ziehen, um das System f\u00fcr k\u00fcnftige Ausgaben zu optimieren.<\/li><\/ul><p><\/p>","protected":false},"excerpt":{"rendered":"<p>Das Velo ist ein praktisches, sparsames und schnelles Fortbewegungsmittel f\u00fcr kurze Strecken \u2013 sowohl f\u00fcr Teilnehmende als auch f\u00fcr Mitarbeitende einer Veranstaltung. Durch die Bereitstellung von Velos k\u00f6nnen motorisierte Fahrten reduziert, Wege erleichtert und gleichzeitig das nachhaltige Image der Veranstaltung gest\u00e4rkt werden. Vor der Veranstaltung W\u00e4hrend der Veranstaltung Nach der Veranstaltung<\/p>\n","protected":false},"featured_media":2030,"parent":0,"template":"","format":"standard","meta":{"_sitemap_exclude":false,"_sitemap_priority":"","_sitemap_frequency":"","_eventkit_link":"https:\/\/eventkit.ch\/wp-content\/uploads\/2025\/12\/3.5_Velos-zur-Verfuegung-stellen_EVENTKIT_FINAL.pdf"},"resource_category":[102],"audience":[],"contenttype":[104],"class_list":["post-2298","resource","type-resource","status-publish","format-standard","has-post-thumbnail","hentry","resource_category-verkehr-transport","contenttype-merkblatt"],"yoast_head":"<!-- This site is optimized with the Yoast SEO plugin v27.3 - https:\/\/yoast.com\/product\/yoast-seo-wordpress\/ -->\n<title>Bereitstellung von Velos - EventKit<\/title>\n<meta name=\"robots\" content=\"index, follow, max-snippet:-1, max-image-preview:large, max-video-preview:-1\" \/>\n<link rel=\"canonical\" href=\"https:\/\/eventkit.ch\/?resource=bereitstellung-von-velos\" \/>\n<meta property=\"og:locale\" content=\"de_DE\" \/>\n<meta property=\"og:type\" content=\"article\" \/>\n<meta property=\"og:title\" content=\"Bereitstellung von Velos - EventKit\" \/>\n<meta property=\"og:description\" content=\"Das Velo ist ein praktisches, sparsames und schnelles Fortbewegungsmittel f\u00fcr kurze Strecken \u2013 sowohl f\u00fcr Teilnehmende als auch f\u00fcr Mitarbeitende einer Veranstaltung. Durch die Bereitstellung von Velos k\u00f6nnen motorisierte Fahrten reduziert, Wege erleichtert und gleichzeitig das nachhaltige Image der Veranstaltung gest\u00e4rkt werden. Vor der Veranstaltung W\u00e4hrend der Veranstaltung Nach der Veranstaltung\" \/>\n<meta property=\"og:url\" content=\"https:\/\/eventkit.ch\/?resource=bereitstellung-von-velos\" \/>\n<meta property=\"og:site_name\" content=\"EventKit\" \/>\n<meta property=\"article:modified_time\" content=\"2026-03-23T15:47:37+00:00\" \/>\n<meta property=\"og:image\" content=\"https:\/\/eventkit.ch\/wp-content\/uploads\/2025\/12\/Rawkingphoto.ch__DSC4015-scaled.jpg\" \/>\n\t<meta property=\"og:image:width\" content=\"2560\" \/>\n\t<meta property=\"og:image:height\" content=\"1707\" \/>\n\t<meta property=\"og:image:type\" content=\"image\/jpeg\" \/>\n<meta name=\"twitter:card\" content=\"summary_large_image\" \/>\n<meta name=\"twitter:label1\" content=\"Gesch\u00e4tzte Lesezeit\" \/>\n\t<meta name=\"twitter:data1\" content=\"2\u00a0Minuten\" \/>\n<script type=\"application\/ld+json\" class=\"yoast-schema-graph\">{\"@context\":\"https:\\\/\\\/schema.org\",\"@graph\":[{\"@type\":\"WebPage\",\"@id\":\"https:\\\/\\\/eventkit.ch\\\/?resource=bereitstellung-von-velos\",\"url\":\"https:\\\/\\\/eventkit.ch\\\/?resource=bereitstellung-von-velos\",\"name\":\"Bereitstellung von Velos - EventKit\",\"isPartOf\":{\"@id\":\"https:\\\/\\\/eventkit.ch\\\/#website\"},\"primaryImageOfPage\":{\"@id\":\"https:\\\/\\\/eventkit.ch\\\/?resource=bereitstellung-von-velos#primaryimage\"},\"image\":{\"@id\":\"https:\\\/\\\/eventkit.ch\\\/?resource=bereitstellung-von-velos#primaryimage\"},\"thumbnailUrl\":\"https:\\\/\\\/eventkit.ch\\\/wp-content\\\/uploads\\\/2025\\\/12\\\/Rawkingphoto.ch__DSC4015-scaled.jpg\",\"datePublished\":\"2025-12-23T11:35:38+00:00\",\"dateModified\":\"2026-03-23T15:47:37+00:00\",\"breadcrumb\":{\"@id\":\"https:\\\/\\\/eventkit.ch\\\/?resource=bereitstellung-von-velos#breadcrumb\"},\"inLanguage\":\"de\",\"potentialAction\":[{\"@type\":\"ReadAction\",\"target\":[\"https:\\\/\\\/eventkit.ch\\\/?resource=bereitstellung-von-velos\"]}]},{\"@type\":\"ImageObject\",\"inLanguage\":\"de\",\"@id\":\"https:\\\/\\\/eventkit.ch\\\/?resource=bereitstellung-von-velos#primaryimage\",\"url\":\"https:\\\/\\\/eventkit.ch\\\/wp-content\\\/uploads\\\/2025\\\/12\\\/Rawkingphoto.ch__DSC4015-scaled.jpg\",\"contentUrl\":\"https:\\\/\\\/eventkit.ch\\\/wp-content\\\/uploads\\\/2025\\\/12\\\/Rawkingphoto.ch__DSC4015-scaled.jpg\",\"width\":2560,\"height\":1707},{\"@type\":\"BreadcrumbList\",\"@id\":\"https:\\\/\\\/eventkit.ch\\\/?resource=bereitstellung-von-velos#breadcrumb\",\"itemListElement\":[{\"@type\":\"ListItem\",\"position\":1,\"name\":\"Home\",\"item\":\"https:\\\/\\\/eventkit.ch\\\/\"},{\"@type\":\"ListItem\",\"position\":2,\"name\":\"Merkbl\u00e4tter\",\"item\":\"https:\\\/\\\/eventkit.ch\\\/?post_type=resource&lang=fr\"},{\"@type\":\"ListItem\",\"position\":3,\"name\":\"Bereitstellung von Velos\"}]},{\"@type\":\"WebSite\",\"@id\":\"https:\\\/\\\/eventkit.ch\\\/#website\",\"url\":\"https:\\\/\\\/eventkit.ch\\\/\",\"name\":\"EventKit\",\"description\":\"Nachhaltigkeit, die wirkt: Dein Event im Check.\",\"publisher\":{\"@id\":\"https:\\\/\\\/eventkit.ch\\\/#organization\"},\"potentialAction\":[{\"@type\":\"SearchAction\",\"target\":{\"@type\":\"EntryPoint\",\"urlTemplate\":\"https:\\\/\\\/eventkit.ch\\\/?s={search_term_string}\"},\"query-input\":{\"@type\":\"PropertyValueSpecification\",\"valueRequired\":true,\"valueName\":\"search_term_string\"}}],\"inLanguage\":\"de\"},{\"@type\":\"Organization\",\"@id\":\"https:\\\/\\\/eventkit.ch\\\/#organization\",\"name\":\"EventKit\",\"url\":\"https:\\\/\\\/eventkit.ch\\\/\",\"logo\":{\"@type\":\"ImageObject\",\"inLanguage\":\"de\",\"@id\":\"https:\\\/\\\/eventkit.ch\\\/#\\\/schema\\\/logo\\\/image\\\/\",\"url\":\"https:\\\/\\\/eventkit.ch\\\/wp-content\\\/uploads\\\/2025\\\/11\\\/android-icon-144x144-1.png\",\"contentUrl\":\"https:\\\/\\\/eventkit.ch\\\/wp-content\\\/uploads\\\/2025\\\/11\\\/android-icon-144x144-1.png\",\"width\":144,\"height\":144,\"caption\":\"EventKit\"},\"image\":{\"@id\":\"https:\\\/\\\/eventkit.ch\\\/#\\\/schema\\\/logo\\\/image\\\/\"}}]}<\/script>\n<!-- \/ Yoast SEO plugin. -->","yoast_head_json":{"title":"Bereitstellung von Velos - EventKit","robots":{"index":"index","follow":"follow","max-snippet":"max-snippet:-1","max-image-preview":"max-image-preview:large","max-video-preview":"max-video-preview:-1"},"canonical":"https:\/\/eventkit.ch\/?resource=bereitstellung-von-velos","og_locale":"de_DE","og_type":"article","og_title":"Bereitstellung von Velos - EventKit","og_description":"Das Velo ist ein praktisches, sparsames und schnelles Fortbewegungsmittel f\u00fcr kurze Strecken \u2013 sowohl f\u00fcr Teilnehmende als auch f\u00fcr Mitarbeitende einer Veranstaltung. Durch die Bereitstellung von Velos k\u00f6nnen motorisierte Fahrten reduziert, Wege erleichtert und gleichzeitig das nachhaltige Image der Veranstaltung gest\u00e4rkt werden. Vor der Veranstaltung W\u00e4hrend der Veranstaltung Nach der Veranstaltung","og_url":"https:\/\/eventkit.ch\/?resource=bereitstellung-von-velos","og_site_name":"EventKit","article_modified_time":"2026-03-23T15:47:37+00:00","og_image":[{"width":2560,"height":1707,"url":"https:\/\/eventkit.ch\/wp-content\/uploads\/2025\/12\/Rawkingphoto.ch__DSC4015-scaled.jpg","type":"image\/jpeg"}],"twitter_card":"summary_large_image","twitter_misc":{"Gesch\u00e4tzte Lesezeit":"2\u00a0Minuten"},"schema":{"@context":"https:\/\/schema.org","@graph":[{"@type":"WebPage","@id":"https:\/\/eventkit.ch\/?resource=bereitstellung-von-velos","url":"https:\/\/eventkit.ch\/?resource=bereitstellung-von-velos","name":"Bereitstellung von Velos - EventKit","isPartOf":{"@id":"https:\/\/eventkit.ch\/#website"},"primaryImageOfPage":{"@id":"https:\/\/eventkit.ch\/?resource=bereitstellung-von-velos#primaryimage"},"image":{"@id":"https:\/\/eventkit.ch\/?resource=bereitstellung-von-velos#primaryimage"},"thumbnailUrl":"https:\/\/eventkit.ch\/wp-content\/uploads\/2025\/12\/Rawkingphoto.ch__DSC4015-scaled.jpg","datePublished":"2025-12-23T11:35:38+00:00","dateModified":"2026-03-23T15:47:37+00:00","breadcrumb":{"@id":"https:\/\/eventkit.ch\/?resource=bereitstellung-von-velos#breadcrumb"},"inLanguage":"de","potentialAction":[{"@type":"ReadAction","target":["https:\/\/eventkit.ch\/?resource=bereitstellung-von-velos"]}]},{"@type":"ImageObject","inLanguage":"de","@id":"https:\/\/eventkit.ch\/?resource=bereitstellung-von-velos#primaryimage","url":"https:\/\/eventkit.ch\/wp-content\/uploads\/2025\/12\/Rawkingphoto.ch__DSC4015-scaled.jpg","contentUrl":"https:\/\/eventkit.ch\/wp-content\/uploads\/2025\/12\/Rawkingphoto.ch__DSC4015-scaled.jpg","width":2560,"height":1707},{"@type":"BreadcrumbList","@id":"https:\/\/eventkit.ch\/?resource=bereitstellung-von-velos#breadcrumb","itemListElement":[{"@type":"ListItem","position":1,"name":"Home","item":"https:\/\/eventkit.ch\/"},{"@type":"ListItem","position":2,"name":"Merkbl\u00e4tter","item":"https:\/\/eventkit.ch\/?post_type=resource&lang=fr"},{"@type":"ListItem","position":3,"name":"Bereitstellung von Velos"}]},{"@type":"WebSite","@id":"https:\/\/eventkit.ch\/#website","url":"https:\/\/eventkit.ch\/","name":"EventKit","description":"Nachhaltigkeit, die wirkt: Dein Event im Check.","publisher":{"@id":"https:\/\/eventkit.ch\/#organization"},"potentialAction":[{"@type":"SearchAction","target":{"@type":"EntryPoint","urlTemplate":"https:\/\/eventkit.ch\/?s={search_term_string}"},"query-input":{"@type":"PropertyValueSpecification","valueRequired":true,"valueName":"search_term_string"}}],"inLanguage":"de"},{"@type":"Organization","@id":"https:\/\/eventkit.ch\/#organization","name":"EventKit","url":"https:\/\/eventkit.ch\/","logo":{"@type":"ImageObject","inLanguage":"de","@id":"https:\/\/eventkit.ch\/#\/schema\/logo\/image\/","url":"https:\/\/eventkit.ch\/wp-content\/uploads\/2025\/11\/android-icon-144x144-1.png","contentUrl":"https:\/\/eventkit.ch\/wp-content\/uploads\/2025\/11\/android-icon-144x144-1.png","width":144,"height":144,"caption":"EventKit"},"image":{"@id":"https:\/\/eventkit.ch\/#\/schema\/logo\/image\/"}}]}},"_links":{"self":[{"href":"https:\/\/eventkit.ch\/index.php?rest_route=\/wp\/v2\/resource\/2298","targetHints":{"allow":["GET"]}}],"collection":[{"href":"https:\/\/eventkit.ch\/index.php?rest_route=\/wp\/v2\/resource"}],"about":[{"href":"https:\/\/eventkit.ch\/index.php?rest_route=\/wp\/v2\/types\/resource"}],"wp:featuredmedia":[{"embeddable":true,"href":"https:\/\/eventkit.ch\/index.php?rest_route=\/wp\/v2\/media\/2030"}],"wp:attachment":[{"href":"https:\/\/eventkit.ch\/index.php?rest_route=%2Fwp%2Fv2%2Fmedia&parent=2298"}],"wp:term":[{"taxonomy":"resource_category","embeddable":true,"href":"https:\/\/eventkit.ch\/index.php?rest_route=%2Fwp%2Fv2%2Fresource_category&post=2298"},{"taxonomy":"audience","embeddable":true,"href":"https:\/\/eventkit.ch\/index.php?rest_route=%2Fwp%2Fv2%2Faudience&post=2298"},{"taxonomy":"contenttype","embeddable":true,"href":"https:\/\/eventkit.ch\/index.php?rest_route=%2Fwp%2Fv2%2Fcontenttype&post=2298"}],"curies":[{"name":"wp","href":"https:\/\/api.w.org\/{rel}","templated":true}]}}