{"id":2261,"date":"2025-12-23T11:10:11","date_gmt":"2025-12-23T11:10:11","guid":{"rendered":"https:\/\/eventkit.ch\/?post_type=resource&#038;p=2261"},"modified":"2026-03-23T16:51:33","modified_gmt":"2026-03-23T15:51:33","slug":"foerderung-des-fussverkehrs","status":"publish","type":"resource","link":"https:\/\/eventkit.ch\/?resource=foerderung-des-fussverkehrs","title":{"rendered":"F\u00f6rderung des Fussverkehrs"},"content":{"rendered":"<p>Wenn der Veranstaltungsort gut an den \u00f6ffentlichen Verkehr angebunden ist, k\u00f6nnen viele Teilnehmende bequem zu Fuss anreisen \u2013 ganz oder in Kombination mit Bahn oder Bus. Eine <strong>sichere, gut ausgeschilderte und barrierefreie Wegef\u00fchrung<\/strong> f\u00f6rdert die aktive Mobilit\u00e4t und tr\u00e4gt gleichzeitig zur Entlastung des motorisierten Verkehrs und zur Reduktion von Emissionen bei. <\/p><h2 class=\"wp-block-heading\">Vor der Veranstaltung<\/h2><ul class=\"wp-block-list\"><li><strong>Fusswege zu Bahnh\u00f6fen und Bushaltestellen<\/strong> identifizieren und in Kartenmaterial einzeichnen.<\/li>\n\n<li>Pr\u00fcfen, ob die Wege<strong> barrierefrei<\/strong> und f\u00fcr Personen mit eingeschr\u00e4nkter Mobilit\u00e4t oder Kinderwagen geeignet sind. Hindernisse sichtbar markieren oder Alternativrouten kommunizieren.<\/li>\n\n<li>Deutlich sichtbare, grossformatige und farbkontrastreiche Beschilderung mit klaren Piktogrammen einsetzen.<\/li>\n\n<li>Durchschnittliche Gehzeiten (bei ca. 4 km\/h) berechnen und in Pl\u00e4nen oder Hinweisschildern angeben.<\/li>\n\n<li>Falls erforderlich, mit Polizei oder Gemeinde abkl\u00e4ren, ob bestimmte Strassen vor\u00fcbergehend f\u00fcr den motorisierten Verkehr gesperrt werden sollten.<\/li>\n\n<li>Eine entsprechende Beschilderung auch auf dem Veranstaltungsgel\u00e4nde anbringen.<\/li>\n\n<li>Fusswege im Vorfeld \u00fcber alle Kommunikationskan\u00e4le (Website, Programm, Social Media, Anreisepl\u00e4ne) kommunizieren.\u00a0<\/li><\/ul><h2 class=\"wp-block-heading\">W\u00e4hrend der Veranstaltung<\/h2><ul class=\"wp-block-list\"><li>Geschulte Freiwillige an Kreuzungen oder Zebrastreifen stationieren, um den Fussg\u00e4ngerfluss zu sichern.<\/li>\n\n<li>Beschilderung regelm\u00e4ssig kontrollieren und bei Bedarf reparieren oder neu anbringen (z. B. nach Regen oder Vandalismus).<\/li><\/ul><h2 class=\"wp-block-heading\">Nach der Veranstaltung<\/h2><ul class=\"wp-block-list\"><li>Die angebrachte Beschilderung vollst\u00e4ndig entfernen und, wenn m\u00f6glich, f\u00fcr eine sp\u00e4tere Ausgabe wiederverwenden.<\/li>\n\n<li>Erfahrungen und R\u00fcckmeldungen zur Wegf\u00fchrung dokumentieren, um Verbesserungen f\u00fcr zuk\u00fcnftige Veranstaltungen umzusetzen.<\/li><\/ul><p><\/p>","protected":false},"excerpt":{"rendered":"<p>Wenn der Veranstaltungsort gut an den \u00f6ffentlichen Verkehr angebunden ist, k\u00f6nnen viele Teilnehmende bequem zu Fuss anreisen \u2013 ganz oder in Kombination mit Bahn oder Bus. Eine sichere, gut ausgeschilderte und barrierefreie Wegef\u00fchrung f\u00f6rdert die aktive Mobilit\u00e4t und tr\u00e4gt gleichzeitig zur Entlastung des motorisierten Verkehrs und zur Reduktion von Emissionen bei. Vor der Veranstaltung W\u00e4hrend [&hellip;]<\/p>\n","protected":false},"featured_media":2541,"parent":0,"template":"","format":"standard","meta":{"_sitemap_exclude":false,"_sitemap_priority":"","_sitemap_frequency":"","_eventkit_link":"https:\/\/eventkit.ch\/wp-content\/uploads\/2025\/12\/3.2_Foerderung_des_Fussverkehrs_EVENTKIT_FINAL.pdf"},"resource_category":[102],"audience":[],"contenttype":[104],"class_list":["post-2261","resource","type-resource","status-publish","format-standard","has-post-thumbnail","hentry","resource_category-verkehr-transport","contenttype-merkblatt"],"yoast_head":"<!-- This site is optimized with the Yoast SEO plugin v27.3 - https:\/\/yoast.com\/product\/yoast-seo-wordpress\/ -->\n<title>F\u00f6rderung des Fussverkehrs - EventKit<\/title>\n<meta name=\"robots\" content=\"index, follow, max-snippet:-1, max-image-preview:large, max-video-preview:-1\" \/>\n<link rel=\"canonical\" href=\"https:\/\/eventkit.ch\/?resource=foerderung-des-fussverkehrs\" \/>\n<meta property=\"og:locale\" content=\"de_DE\" \/>\n<meta property=\"og:type\" content=\"article\" \/>\n<meta property=\"og:title\" content=\"F\u00f6rderung des Fussverkehrs - EventKit\" \/>\n<meta property=\"og:description\" content=\"Wenn der Veranstaltungsort gut an den \u00f6ffentlichen Verkehr angebunden ist, k\u00f6nnen viele Teilnehmende bequem zu Fuss anreisen \u2013 ganz oder in Kombination mit Bahn oder Bus. Eine sichere, gut ausgeschilderte und barrierefreie Wegef\u00fchrung f\u00f6rdert die aktive Mobilit\u00e4t und tr\u00e4gt gleichzeitig zur Entlastung des motorisierten Verkehrs und zur Reduktion von Emissionen bei. Vor der Veranstaltung W\u00e4hrend [&hellip;]\" \/>\n<meta property=\"og:url\" content=\"https:\/\/eventkit.ch\/?resource=foerderung-des-fussverkehrs\" \/>\n<meta property=\"og:site_name\" content=\"EventKit\" \/>\n<meta property=\"article:modified_time\" content=\"2026-03-23T15:51:33+00:00\" \/>\n<meta property=\"og:image\" content=\"https:\/\/eventkit.ch\/wp-content\/uploads\/2025\/12\/Superblock_Spaziergang_HERO_8.webp\" \/>\n\t<meta property=\"og:image:width\" content=\"2048\" \/>\n\t<meta property=\"og:image:height\" content=\"1385\" \/>\n\t<meta property=\"og:image:type\" content=\"image\/webp\" \/>\n<meta name=\"twitter:card\" content=\"summary_large_image\" \/>\n<meta name=\"twitter:label1\" content=\"Gesch\u00e4tzte Lesezeit\" \/>\n\t<meta name=\"twitter:data1\" content=\"2\u00a0Minuten\" \/>\n<script type=\"application\/ld+json\" class=\"yoast-schema-graph\">{\"@context\":\"https:\\\/\\\/schema.org\",\"@graph\":[{\"@type\":\"WebPage\",\"@id\":\"https:\\\/\\\/eventkit.ch\\\/?resource=foerderung-des-fussverkehrs\",\"url\":\"https:\\\/\\\/eventkit.ch\\\/?resource=foerderung-des-fussverkehrs\",\"name\":\"F\u00f6rderung des Fussverkehrs - EventKit\",\"isPartOf\":{\"@id\":\"https:\\\/\\\/eventkit.ch\\\/#website\"},\"primaryImageOfPage\":{\"@id\":\"https:\\\/\\\/eventkit.ch\\\/?resource=foerderung-des-fussverkehrs#primaryimage\"},\"image\":{\"@id\":\"https:\\\/\\\/eventkit.ch\\\/?resource=foerderung-des-fussverkehrs#primaryimage\"},\"thumbnailUrl\":\"https:\\\/\\\/eventkit.ch\\\/wp-content\\\/uploads\\\/2025\\\/12\\\/Superblock_Spaziergang_HERO_8.webp\",\"datePublished\":\"2025-12-23T11:10:11+00:00\",\"dateModified\":\"2026-03-23T15:51:33+00:00\",\"breadcrumb\":{\"@id\":\"https:\\\/\\\/eventkit.ch\\\/?resource=foerderung-des-fussverkehrs#breadcrumb\"},\"inLanguage\":\"de\",\"potentialAction\":[{\"@type\":\"ReadAction\",\"target\":[\"https:\\\/\\\/eventkit.ch\\\/?resource=foerderung-des-fussverkehrs\"]}]},{\"@type\":\"ImageObject\",\"inLanguage\":\"de\",\"@id\":\"https:\\\/\\\/eventkit.ch\\\/?resource=foerderung-des-fussverkehrs#primaryimage\",\"url\":\"https:\\\/\\\/eventkit.ch\\\/wp-content\\\/uploads\\\/2025\\\/12\\\/Superblock_Spaziergang_HERO_8.webp\",\"contentUrl\":\"https:\\\/\\\/eventkit.ch\\\/wp-content\\\/uploads\\\/2025\\\/12\\\/Superblock_Spaziergang_HERO_8.webp\",\"width\":2048,\"height\":1385},{\"@type\":\"BreadcrumbList\",\"@id\":\"https:\\\/\\\/eventkit.ch\\\/?resource=foerderung-des-fussverkehrs#breadcrumb\",\"itemListElement\":[{\"@type\":\"ListItem\",\"position\":1,\"name\":\"Home\",\"item\":\"https:\\\/\\\/eventkit.ch\\\/\"},{\"@type\":\"ListItem\",\"position\":2,\"name\":\"Merkbl\u00e4tter\",\"item\":\"https:\\\/\\\/eventkit.ch\\\/?post_type=resource&lang=fr\"},{\"@type\":\"ListItem\",\"position\":3,\"name\":\"F\u00f6rderung des Fussverkehrs\"}]},{\"@type\":\"WebSite\",\"@id\":\"https:\\\/\\\/eventkit.ch\\\/#website\",\"url\":\"https:\\\/\\\/eventkit.ch\\\/\",\"name\":\"EventKit\",\"description\":\"Nachhaltigkeit, die wirkt: Dein Event im Check.\",\"publisher\":{\"@id\":\"https:\\\/\\\/eventkit.ch\\\/#organization\"},\"potentialAction\":[{\"@type\":\"SearchAction\",\"target\":{\"@type\":\"EntryPoint\",\"urlTemplate\":\"https:\\\/\\\/eventkit.ch\\\/?s={search_term_string}\"},\"query-input\":{\"@type\":\"PropertyValueSpecification\",\"valueRequired\":true,\"valueName\":\"search_term_string\"}}],\"inLanguage\":\"de\"},{\"@type\":\"Organization\",\"@id\":\"https:\\\/\\\/eventkit.ch\\\/#organization\",\"name\":\"EventKit\",\"url\":\"https:\\\/\\\/eventkit.ch\\\/\",\"logo\":{\"@type\":\"ImageObject\",\"inLanguage\":\"de\",\"@id\":\"https:\\\/\\\/eventkit.ch\\\/#\\\/schema\\\/logo\\\/image\\\/\",\"url\":\"https:\\\/\\\/eventkit.ch\\\/wp-content\\\/uploads\\\/2025\\\/11\\\/android-icon-144x144-1.png\",\"contentUrl\":\"https:\\\/\\\/eventkit.ch\\\/wp-content\\\/uploads\\\/2025\\\/11\\\/android-icon-144x144-1.png\",\"width\":144,\"height\":144,\"caption\":\"EventKit\"},\"image\":{\"@id\":\"https:\\\/\\\/eventkit.ch\\\/#\\\/schema\\\/logo\\\/image\\\/\"}}]}<\/script>\n<!-- \/ Yoast SEO plugin. -->","yoast_head_json":{"title":"F\u00f6rderung des Fussverkehrs - EventKit","robots":{"index":"index","follow":"follow","max-snippet":"max-snippet:-1","max-image-preview":"max-image-preview:large","max-video-preview":"max-video-preview:-1"},"canonical":"https:\/\/eventkit.ch\/?resource=foerderung-des-fussverkehrs","og_locale":"de_DE","og_type":"article","og_title":"F\u00f6rderung des Fussverkehrs - EventKit","og_description":"Wenn der Veranstaltungsort gut an den \u00f6ffentlichen Verkehr angebunden ist, k\u00f6nnen viele Teilnehmende bequem zu Fuss anreisen \u2013 ganz oder in Kombination mit Bahn oder Bus. Eine sichere, gut ausgeschilderte und barrierefreie Wegef\u00fchrung f\u00f6rdert die aktive Mobilit\u00e4t und tr\u00e4gt gleichzeitig zur Entlastung des motorisierten Verkehrs und zur Reduktion von Emissionen bei. Vor der Veranstaltung W\u00e4hrend [&hellip;]","og_url":"https:\/\/eventkit.ch\/?resource=foerderung-des-fussverkehrs","og_site_name":"EventKit","article_modified_time":"2026-03-23T15:51:33+00:00","og_image":[{"width":2048,"height":1385,"url":"https:\/\/eventkit.ch\/wp-content\/uploads\/2025\/12\/Superblock_Spaziergang_HERO_8.webp","type":"image\/webp"}],"twitter_card":"summary_large_image","twitter_misc":{"Gesch\u00e4tzte Lesezeit":"2\u00a0Minuten"},"schema":{"@context":"https:\/\/schema.org","@graph":[{"@type":"WebPage","@id":"https:\/\/eventkit.ch\/?resource=foerderung-des-fussverkehrs","url":"https:\/\/eventkit.ch\/?resource=foerderung-des-fussverkehrs","name":"F\u00f6rderung des Fussverkehrs - EventKit","isPartOf":{"@id":"https:\/\/eventkit.ch\/#website"},"primaryImageOfPage":{"@id":"https:\/\/eventkit.ch\/?resource=foerderung-des-fussverkehrs#primaryimage"},"image":{"@id":"https:\/\/eventkit.ch\/?resource=foerderung-des-fussverkehrs#primaryimage"},"thumbnailUrl":"https:\/\/eventkit.ch\/wp-content\/uploads\/2025\/12\/Superblock_Spaziergang_HERO_8.webp","datePublished":"2025-12-23T11:10:11+00:00","dateModified":"2026-03-23T15:51:33+00:00","breadcrumb":{"@id":"https:\/\/eventkit.ch\/?resource=foerderung-des-fussverkehrs#breadcrumb"},"inLanguage":"de","potentialAction":[{"@type":"ReadAction","target":["https:\/\/eventkit.ch\/?resource=foerderung-des-fussverkehrs"]}]},{"@type":"ImageObject","inLanguage":"de","@id":"https:\/\/eventkit.ch\/?resource=foerderung-des-fussverkehrs#primaryimage","url":"https:\/\/eventkit.ch\/wp-content\/uploads\/2025\/12\/Superblock_Spaziergang_HERO_8.webp","contentUrl":"https:\/\/eventkit.ch\/wp-content\/uploads\/2025\/12\/Superblock_Spaziergang_HERO_8.webp","width":2048,"height":1385},{"@type":"BreadcrumbList","@id":"https:\/\/eventkit.ch\/?resource=foerderung-des-fussverkehrs#breadcrumb","itemListElement":[{"@type":"ListItem","position":1,"name":"Home","item":"https:\/\/eventkit.ch\/"},{"@type":"ListItem","position":2,"name":"Merkbl\u00e4tter","item":"https:\/\/eventkit.ch\/?post_type=resource&lang=fr"},{"@type":"ListItem","position":3,"name":"F\u00f6rderung des Fussverkehrs"}]},{"@type":"WebSite","@id":"https:\/\/eventkit.ch\/#website","url":"https:\/\/eventkit.ch\/","name":"EventKit","description":"Nachhaltigkeit, die wirkt: Dein Event im Check.","publisher":{"@id":"https:\/\/eventkit.ch\/#organization"},"potentialAction":[{"@type":"SearchAction","target":{"@type":"EntryPoint","urlTemplate":"https:\/\/eventkit.ch\/?s={search_term_string}"},"query-input":{"@type":"PropertyValueSpecification","valueRequired":true,"valueName":"search_term_string"}}],"inLanguage":"de"},{"@type":"Organization","@id":"https:\/\/eventkit.ch\/#organization","name":"EventKit","url":"https:\/\/eventkit.ch\/","logo":{"@type":"ImageObject","inLanguage":"de","@id":"https:\/\/eventkit.ch\/#\/schema\/logo\/image\/","url":"https:\/\/eventkit.ch\/wp-content\/uploads\/2025\/11\/android-icon-144x144-1.png","contentUrl":"https:\/\/eventkit.ch\/wp-content\/uploads\/2025\/11\/android-icon-144x144-1.png","width":144,"height":144,"caption":"EventKit"},"image":{"@id":"https:\/\/eventkit.ch\/#\/schema\/logo\/image\/"}}]}},"_links":{"self":[{"href":"https:\/\/eventkit.ch\/index.php?rest_route=\/wp\/v2\/resource\/2261","targetHints":{"allow":["GET"]}}],"collection":[{"href":"https:\/\/eventkit.ch\/index.php?rest_route=\/wp\/v2\/resource"}],"about":[{"href":"https:\/\/eventkit.ch\/index.php?rest_route=\/wp\/v2\/types\/resource"}],"wp:featuredmedia":[{"embeddable":true,"href":"https:\/\/eventkit.ch\/index.php?rest_route=\/wp\/v2\/media\/2541"}],"wp:attachment":[{"href":"https:\/\/eventkit.ch\/index.php?rest_route=%2Fwp%2Fv2%2Fmedia&parent=2261"}],"wp:term":[{"taxonomy":"resource_category","embeddable":true,"href":"https:\/\/eventkit.ch\/index.php?rest_route=%2Fwp%2Fv2%2Fresource_category&post=2261"},{"taxonomy":"audience","embeddable":true,"href":"https:\/\/eventkit.ch\/index.php?rest_route=%2Fwp%2Fv2%2Faudience&post=2261"},{"taxonomy":"contenttype","embeddable":true,"href":"https:\/\/eventkit.ch\/index.php?rest_route=%2Fwp%2Fv2%2Fcontenttype&post=2261"}],"curies":[{"name":"wp","href":"https:\/\/api.w.org\/{rel}","templated":true}]}}