{"id":2183,"date":"2025-12-23T06:45:11","date_gmt":"2025-12-23T06:45:11","guid":{"rendered":"https:\/\/eventkit.ch\/?post_type=resource&#038;p=2183"},"modified":"2026-03-23T18:07:37","modified_gmt":"2026-03-23T17:07:37","slug":"objectif-zero-sexisme","status":"publish","type":"resource","link":"https:\/\/eventkit.ch\/?resource=objectif-zero-sexisme&lang=fr","title":{"rendered":"Objectif z\u00e9ro sexisme"},"content":{"rendered":"<p>Le sexisme d\u00e9signe un ensemble d\u2019id\u00e9es, de croyances, d\u2019attitudes ou de comportements fond\u00e9s sur des st\u00e9r\u00e9otypes de genre, impliquant la sup\u00e9riorit\u00e9 d\u2019un sexe sur l\u2019autre \u2013 g\u00e9n\u00e9ralement du masculin sur le f\u00e9minin.&nbsp;<\/p><p>Il refl\u00e8te un rapport de pouvoir et constitue une cause majeure de violences envers les femmes et les personnes LGBTIQ+. Le sexisme est une discrimination interdite par la loi (Constitution f\u00e9d\u00e9rale, art. 8).&nbsp;<\/p><p>Le harc\u00e8lement sexuel est l\u2019une des expressions du sexisme. Il peut prendre des formes tr\u00e8s diverses, allant du sexisme dit \u00ab ordinaire \u00bb jusqu\u2019aux violences sexuelles : regards insistants, blagues ou remarques d\u00e9plac\u00e9es, insultes, menaces, attouchements, agressions sexuelles ou viols.&nbsp;<\/p><p>Certains de ces comportements sont banalis\u00e9s, tandis que d\u2019autres sont p\u00e9nalement r\u00e9pr\u00e9hensibles. Ces actes peuvent survenir aussi bien dans la sph\u00e8re priv\u00e9e que dans l\u2019espace public, notamment lors de manifestations.&nbsp;<\/p><p>En Suisse romande, plusieurs enqu\u00eates ont r\u00e9v\u00e9l\u00e9 qu\u2019environ 70 % des femmes \u00e2g\u00e9es de 15 \u00e0 34 ans ont \u00e9t\u00e9 victimes de harc\u00e8lement dans l\u2019espace public au cours des cinq derni\u00e8res ann\u00e9es. Les personnes LGBTIQ+ sont, elles aussi, r\u00e9guli\u00e8rement vis\u00e9es.&nbsp;<\/p><p>Les cons\u00e9quences du sexisme et du harc\u00e8lement sexuel sont multiples : elles affectent la sant\u00e9 physique et psychique des personnes concern\u00e9es et peuvent les amener \u00e0 ne plus se sentir en s\u00e9curit\u00e9 ni bienvenues sur le lieu de la manifestation.&nbsp;<\/p><p>Les organisateurs et organisatrices ont donc la responsabilit\u00e9 de garantir que chaque personne, quel que soit son sexe, son orientation affective ou sexuelle, son identit\u00e9 ou son expression de genre, puisse se sentir respect\u00e9e et en s\u00e9curit\u00e9 durant la manifestation.&nbsp;<\/p><p>Pr\u00e9venir le sexisme et le harc\u00e8lement sexuel dans les manifestations, c\u2019est cr\u00e9er les conditions d\u2019un environnement accueillant, s\u00fbr et festif pour toutes et tous \u2013 qu\u2019il s\u2019agisse du public, du personnel, des b\u00e9n\u00e9voles ou des artistes.&nbsp;<\/p><p><em>Les recommandations ci-dessous (non exhaustives) s\u2019appuient notamment sur le plan d\u2019action de la Ville de Gen\u00e8ve \u00ab <a href=\"https:\/\/www.geneve.ch\/actualites\/dossiers-information\/objectif-zero-sexisme-ville\">Objectif z\u00e9ro sexisme dans ma ville<\/a> \u00bb.\u00a0\u00a0\u00a0<\/em><\/p><h2 class=\"wp-block-heading\">Avant la manifestation<\/h2><p><strong>Planification\u202f:<\/strong>&nbsp;<\/p><ul class=\"wp-block-list\"><li>Int\u00e9grer les enjeux d\u2019\u00e9galit\u00e9 et de pr\u00e9vention du sexisme d\u00e8s la conception et \u00e0 toutes les \u00e9tapes de l\u2019organisation.&nbsp;<\/li><\/ul><p><strong>Ressources humaines\u202f:<\/strong>&nbsp;<\/p><ul class=\"wp-block-list\"><li>Garantir l\u2019\u00e9galit\u00e9 salariale entre les personnes employ\u00e9es, les artistes, etc. \u2013 par exemple au moyen d\u2019une grille de salaires transparente ou d\u2019une charte.&nbsp;<\/li>\n\n<li>Favoriser la mixit\u00e9, la diversit\u00e9 et l\u2019\u00e9galit\u00e9 au sein des \u00e9quipes (b\u00e9n\u00e9voles, prestataires, etc.) en veillant \u00e0 une r\u00e9partition \u00e9quitable et non genr\u00e9e des r\u00f4les et des t\u00e2ches.&nbsp;<\/li>\n\n<li>Sensibiliser et former les \u00e9quipes (s\u00e9curit\u00e9, bar, programmation, nettoyage, logistique, etc.) aux enjeux de pr\u00e9vention du sexisme et du harc\u00e8lement sexuel.&nbsp;<\/li><\/ul><p><strong>Programmation\u202f:<\/strong>&nbsp;<\/p><ul class=\"wp-block-list\"><li>Assurer une repr\u00e9sentation \u00e9quilibr\u00e9e des genres dans la programmation et les diff\u00e9rents \u00e9v\u00e9nements li\u00e9s \u00e0 la manifestation.&nbsp;<\/li><\/ul><p><strong>S\u00e9curit\u00e9 et pr\u00e9vention\u202f:<\/strong>&nbsp;<\/p><ul class=\"wp-block-list\"><li>\u00c9laborer un plan de pr\u00e9vention des violences sexistes incluant :&nbsp;<ul class=\"wp-block-list\"><li>une communication claire et proactive,&nbsp;<\/li>\n\n<li>des objectifs pr\u00e9cis,&nbsp;<\/li>\n\n<li>des formations sp\u00e9cifiques pour le personnel,&nbsp;<\/li>\n\n<li>une proc\u00e9dure d\u00e9taill\u00e9e en cas de harc\u00e8lement, de comportement discriminatoire ou d\u2019agression.&nbsp;<\/li><\/ul><\/li>\n\n<li>Collaborer avec la police, les services de s\u00e9curit\u00e9 de la manifestation et les associations sp\u00e9cialis\u00e9es dans la pr\u00e9vention du sexisme et du harc\u00e8lement sexuel.&nbsp;<\/li><\/ul><p><strong>Am\u00e9nagement\u202f:<\/strong>&nbsp;<\/p><ul class=\"wp-block-list\"><li>Concevoir les espaces de mani\u00e8re \u00e0 renforcer le sentiment de s\u00e9curit\u00e9 :&nbsp;<ul class=\"wp-block-list\"><li>\u00e9clairage suffisant,&nbsp;<\/li>\n\n<li>positionnement r\u00e9fl\u00e9chi des toilettes,&nbsp;<\/li>\n\n<li>acc\u00e8s s\u00fbrs vers les transports publics,&nbsp;<\/li>\n\n<li>zones de repos et signal\u00e9tique claire.&nbsp;<\/li><\/ul><\/li><\/ul><p><strong>Communication\u202f:<\/strong>&nbsp;<\/p><ul class=\"wp-block-list\"><li>Communiquer de mani\u00e8re inclusive:&nbsp;<ul class=\"wp-block-list\"><li><strong>\u00c9crit :<\/strong> utiliser un langage \u00e9pic\u00e8ne (formulations neutres, double d\u00e9signation, point m\u00e9dian, etc.),&nbsp;<\/li>\n\n<li><strong>Visuel :<\/strong> repr\u00e9senter la diversit\u00e9 (genre, \u00e2ge, origine, morphologie, etc.), \u00e9viter toute hi\u00e9rarchisation ou sexualisation des personnes,&nbsp;<\/li>\n\n<li><strong>Design :<\/strong> bannir les codes de couleur ou r\u00f4les genr\u00e9s, ne pas l\u00e9gitimer les st\u00e9r\u00e9otypes sexistes sous couvert d\u2019humour ou de caricature,&nbsp;<\/li>\n\n<li><strong>Signal\u00e9tique :<\/strong> adopter des pictogrammes inclusifs et non st\u00e9r\u00e9otyp\u00e9s (p. ex. pour les toilettes).&nbsp;<\/li><\/ul><\/li>\n\n<li>Pr\u00e9parer des messages cl\u00e9s de pr\u00e9vention et de sensibilisation pour le jour de la manifestation (affiches, visuels, messages dans les toilettes ou aux bars, banni\u00e8res, etc.).&nbsp;&nbsp;<\/li><\/ul><h2 class=\"wp-block-heading\">Pendant la manifestation<\/h2><p><strong>Sensibilisation\u202f:<\/strong>&nbsp;<\/p><ul class=\"wp-block-list\"><li>Mettre en place un dispositif de sensibilisation visible pour le public (stand, personnes de r\u00e9f\u00e9rence, interventions, etc.).&nbsp;<\/li>\n\n<li>Informer sur les ressources disponibles en cas de probl\u00e8me : num\u00e9ros d\u2019urgence, personnes de contact, proc\u00e9dures de signalement, etc.&nbsp;<\/li><\/ul><p><strong>S\u00e9curit\u00e9\/ pr\u00e9vention :<\/strong>&nbsp;<\/p><ul class=\"wp-block-list\"><li>Garantir une vigilance active de la part du personnel de s\u00e9curit\u00e9 et de toutes les personnes travaillant sur la manifestation.&nbsp;<\/li>\n\n<li>Intervenir de mani\u00e8re appropri\u00e9e et respectueuse selon les proc\u00e9dures \u00e9tablies.&nbsp;<\/li>\n\n<li>Informer les personnes concern\u00e9es sur les dispositifs de signalement disponibles (applications, d\u00e9p\u00f4t de plainte, accompagnement, etc.), y compris pour les cas ne relevant pas du p\u00e9nal.&nbsp;&nbsp;<\/li><\/ul><h2 class=\"wp-block-heading\">Apr\u00e8s la manifestation&nbsp;<\/h2><ul class=\"wp-block-list\"><li>\u00c9tablir et documenter un bilan des mesures de pr\u00e9vention mises en \u0153uvre.&nbsp;<\/li>\n\n<li>Recenser le nombre et le type de situations signal\u00e9es ou de retours d&#8217;information (remarque : absence de signalement \u2260 absence de probl\u00e8me).&nbsp;<\/li>\n\n<li>Interroger les \u00e9quipes de s\u00e9curit\u00e9 et les b\u00e9n\u00e9voles afin de recenser les comportements et les r\u00e9actions observ\u00e9s.&nbsp;<\/li>\n\n<li>Identifier les mesures efficaces et les conserver pour les \u00e9v\u00e9nements futurs&nbsp;&nbsp;<\/li>\n\n<li>Adapter les approches perfectibles.&nbsp;<\/li><\/ul>","protected":false},"excerpt":{"rendered":"<p>Le sexisme d\u00e9signe un ensemble d\u2019id\u00e9es, de croyances, d\u2019attitudes ou de comportements fond\u00e9s sur des st\u00e9r\u00e9otypes de genre, impliquant la sup\u00e9riorit\u00e9 d\u2019un sexe sur l\u2019autre \u2013 g\u00e9n\u00e9ralement du masculin sur le f\u00e9minin.&nbsp; Il refl\u00e8te un rapport de pouvoir et constitue une cause majeure de violences envers les femmes et les personnes LGBTIQ+. Le sexisme est [&hellip;]<\/p>\n","protected":false},"featured_media":1838,"parent":0,"template":"","format":"standard","meta":{"_sitemap_exclude":false,"_sitemap_priority":"","_sitemap_frequency":"","_eventkit_link":"https:\/\/eventkit.ch\/wp-content\/uploads\/2025\/12\/8.5_Objectif-zero-sexisme_EVENTKIT_FINAL.pdf"},"resource_category":[210,212],"audience":[],"contenttype":[216],"class_list":["post-2183","resource","type-resource","status-publish","format-standard","has-post-thumbnail","hentry","resource_category-inclusion-accessibilite","resource_category-sante-prevention","contenttype-fiches-dinformation"],"yoast_head":"<!-- This site is optimized with the Yoast SEO plugin v27.3 - https:\/\/yoast.com\/product\/yoast-seo-wordpress\/ -->\n<title>Objectif z\u00e9ro sexisme - EventKit<\/title>\n<meta name=\"robots\" content=\"index, follow, max-snippet:-1, max-image-preview:large, max-video-preview:-1\" \/>\n<link rel=\"canonical\" href=\"https:\/\/eventkit.ch\/?resource=objectif-zero-sexisme&lang=fr\" \/>\n<meta property=\"og:locale\" content=\"de_DE\" \/>\n<meta property=\"og:type\" content=\"article\" \/>\n<meta property=\"og:title\" content=\"Objectif z\u00e9ro sexisme - EventKit\" \/>\n<meta property=\"og:description\" content=\"Le sexisme d\u00e9signe un ensemble d\u2019id\u00e9es, de croyances, d\u2019attitudes ou de comportements fond\u00e9s sur des st\u00e9r\u00e9otypes de genre, impliquant la sup\u00e9riorit\u00e9 d\u2019un sexe sur l\u2019autre \u2013 g\u00e9n\u00e9ralement du masculin sur le f\u00e9minin.&nbsp; Il refl\u00e8te un rapport de pouvoir et constitue une cause majeure de violences envers les femmes et les personnes LGBTIQ+. Le sexisme est [&hellip;]\" \/>\n<meta property=\"og:url\" content=\"https:\/\/eventkit.ch\/?resource=objectif-zero-sexisme&amp;lang=fr\" \/>\n<meta property=\"og:site_name\" content=\"EventKit\" \/>\n<meta property=\"article:modified_time\" content=\"2026-03-23T17:07:37+00:00\" \/>\n<meta property=\"og:image\" content=\"https:\/\/eventkit.ch\/wp-content\/uploads\/2025\/12\/Nachfragen-swissvolley-2022-09-18_094049_00_Piste_Adrian-Knecht-2022-2560x1024-1-edited.jpg\" \/>\n\t<meta property=\"og:image:width\" content=\"690\" \/>\n\t<meta property=\"og:image:height\" content=\"460\" \/>\n\t<meta property=\"og:image:type\" content=\"image\/jpeg\" \/>\n<meta name=\"twitter:card\" content=\"summary_large_image\" \/>\n<meta name=\"twitter:label1\" content=\"Gesch\u00e4tzte Lesezeit\" \/>\n\t<meta name=\"twitter:data1\" content=\"5\u00a0Minuten\" \/>\n<script type=\"application\/ld+json\" class=\"yoast-schema-graph\">{\"@context\":\"https:\\\/\\\/schema.org\",\"@graph\":[{\"@type\":\"WebPage\",\"@id\":\"https:\\\/\\\/eventkit.ch\\\/?resource=objectif-zero-sexisme&lang=fr\",\"url\":\"https:\\\/\\\/eventkit.ch\\\/?resource=objectif-zero-sexisme&lang=fr\",\"name\":\"Objectif z\u00e9ro sexisme - EventKit\",\"isPartOf\":{\"@id\":\"https:\\\/\\\/eventkit.ch\\\/#website\"},\"primaryImageOfPage\":{\"@id\":\"https:\\\/\\\/eventkit.ch\\\/?resource=objectif-zero-sexisme&lang=fr#primaryimage\"},\"image\":{\"@id\":\"https:\\\/\\\/eventkit.ch\\\/?resource=objectif-zero-sexisme&lang=fr#primaryimage\"},\"thumbnailUrl\":\"https:\\\/\\\/eventkit.ch\\\/wp-content\\\/uploads\\\/2025\\\/12\\\/Nachfragen-swissvolley-2022-09-18_094049_00_Piste_Adrian-Knecht-2022-2560x1024-1-edited.jpg\",\"datePublished\":\"2025-12-23T06:45:11+00:00\",\"dateModified\":\"2026-03-23T17:07:37+00:00\",\"breadcrumb\":{\"@id\":\"https:\\\/\\\/eventkit.ch\\\/?resource=objectif-zero-sexisme&lang=fr#breadcrumb\"},\"inLanguage\":\"de\",\"potentialAction\":[{\"@type\":\"ReadAction\",\"target\":[\"https:\\\/\\\/eventkit.ch\\\/?resource=objectif-zero-sexisme&lang=fr\"]}]},{\"@type\":\"ImageObject\",\"inLanguage\":\"de\",\"@id\":\"https:\\\/\\\/eventkit.ch\\\/?resource=objectif-zero-sexisme&lang=fr#primaryimage\",\"url\":\"https:\\\/\\\/eventkit.ch\\\/wp-content\\\/uploads\\\/2025\\\/12\\\/Nachfragen-swissvolley-2022-09-18_094049_00_Piste_Adrian-Knecht-2022-2560x1024-1-edited.jpg\",\"contentUrl\":\"https:\\\/\\\/eventkit.ch\\\/wp-content\\\/uploads\\\/2025\\\/12\\\/Nachfragen-swissvolley-2022-09-18_094049_00_Piste_Adrian-Knecht-2022-2560x1024-1-edited.jpg\",\"width\":690,\"height\":460,\"caption\":\"\u00a9 Swiss Volley Talentf\u00f6rderung Foto: Adrian Knecht\"},{\"@type\":\"BreadcrumbList\",\"@id\":\"https:\\\/\\\/eventkit.ch\\\/?resource=objectif-zero-sexisme&lang=fr#breadcrumb\",\"itemListElement\":[{\"@type\":\"ListItem\",\"position\":1,\"name\":\"Home\",\"item\":\"https:\\\/\\\/eventkit.ch\\\/\"},{\"@type\":\"ListItem\",\"position\":2,\"name\":\"Merkbl\u00e4tter\",\"item\":\"https:\\\/\\\/eventkit.ch\\\/?post_type=resource&lang=fr\"},{\"@type\":\"ListItem\",\"position\":3,\"name\":\"Objectif z\u00e9ro sexisme\"}]},{\"@type\":\"WebSite\",\"@id\":\"https:\\\/\\\/eventkit.ch\\\/#website\",\"url\":\"https:\\\/\\\/eventkit.ch\\\/\",\"name\":\"EventKit\",\"description\":\"Nachhaltigkeit, die wirkt: Dein Event im Check.\",\"publisher\":{\"@id\":\"https:\\\/\\\/eventkit.ch\\\/#organization\"},\"potentialAction\":[{\"@type\":\"SearchAction\",\"target\":{\"@type\":\"EntryPoint\",\"urlTemplate\":\"https:\\\/\\\/eventkit.ch\\\/?s={search_term_string}\"},\"query-input\":{\"@type\":\"PropertyValueSpecification\",\"valueRequired\":true,\"valueName\":\"search_term_string\"}}],\"inLanguage\":\"de\"},{\"@type\":\"Organization\",\"@id\":\"https:\\\/\\\/eventkit.ch\\\/#organization\",\"name\":\"EventKit\",\"url\":\"https:\\\/\\\/eventkit.ch\\\/\",\"logo\":{\"@type\":\"ImageObject\",\"inLanguage\":\"de\",\"@id\":\"https:\\\/\\\/eventkit.ch\\\/#\\\/schema\\\/logo\\\/image\\\/\",\"url\":\"https:\\\/\\\/eventkit.ch\\\/wp-content\\\/uploads\\\/2025\\\/11\\\/android-icon-144x144-1.png\",\"contentUrl\":\"https:\\\/\\\/eventkit.ch\\\/wp-content\\\/uploads\\\/2025\\\/11\\\/android-icon-144x144-1.png\",\"width\":144,\"height\":144,\"caption\":\"EventKit\"},\"image\":{\"@id\":\"https:\\\/\\\/eventkit.ch\\\/#\\\/schema\\\/logo\\\/image\\\/\"}}]}<\/script>\n<!-- \/ Yoast SEO plugin. -->","yoast_head_json":{"title":"Objectif z\u00e9ro sexisme - EventKit","robots":{"index":"index","follow":"follow","max-snippet":"max-snippet:-1","max-image-preview":"max-image-preview:large","max-video-preview":"max-video-preview:-1"},"canonical":"https:\/\/eventkit.ch\/?resource=objectif-zero-sexisme&lang=fr","og_locale":"de_DE","og_type":"article","og_title":"Objectif z\u00e9ro sexisme - EventKit","og_description":"Le sexisme d\u00e9signe un ensemble d\u2019id\u00e9es, de croyances, d\u2019attitudes ou de comportements fond\u00e9s sur des st\u00e9r\u00e9otypes de genre, impliquant la sup\u00e9riorit\u00e9 d\u2019un sexe sur l\u2019autre \u2013 g\u00e9n\u00e9ralement du masculin sur le f\u00e9minin.&nbsp; Il refl\u00e8te un rapport de pouvoir et constitue une cause majeure de violences envers les femmes et les personnes LGBTIQ+. Le sexisme est [&hellip;]","og_url":"https:\/\/eventkit.ch\/?resource=objectif-zero-sexisme&lang=fr","og_site_name":"EventKit","article_modified_time":"2026-03-23T17:07:37+00:00","og_image":[{"width":690,"height":460,"url":"https:\/\/eventkit.ch\/wp-content\/uploads\/2025\/12\/Nachfragen-swissvolley-2022-09-18_094049_00_Piste_Adrian-Knecht-2022-2560x1024-1-edited.jpg","type":"image\/jpeg"}],"twitter_card":"summary_large_image","twitter_misc":{"Gesch\u00e4tzte Lesezeit":"5\u00a0Minuten"},"schema":{"@context":"https:\/\/schema.org","@graph":[{"@type":"WebPage","@id":"https:\/\/eventkit.ch\/?resource=objectif-zero-sexisme&lang=fr","url":"https:\/\/eventkit.ch\/?resource=objectif-zero-sexisme&lang=fr","name":"Objectif z\u00e9ro sexisme - EventKit","isPartOf":{"@id":"https:\/\/eventkit.ch\/#website"},"primaryImageOfPage":{"@id":"https:\/\/eventkit.ch\/?resource=objectif-zero-sexisme&lang=fr#primaryimage"},"image":{"@id":"https:\/\/eventkit.ch\/?resource=objectif-zero-sexisme&lang=fr#primaryimage"},"thumbnailUrl":"https:\/\/eventkit.ch\/wp-content\/uploads\/2025\/12\/Nachfragen-swissvolley-2022-09-18_094049_00_Piste_Adrian-Knecht-2022-2560x1024-1-edited.jpg","datePublished":"2025-12-23T06:45:11+00:00","dateModified":"2026-03-23T17:07:37+00:00","breadcrumb":{"@id":"https:\/\/eventkit.ch\/?resource=objectif-zero-sexisme&lang=fr#breadcrumb"},"inLanguage":"de","potentialAction":[{"@type":"ReadAction","target":["https:\/\/eventkit.ch\/?resource=objectif-zero-sexisme&lang=fr"]}]},{"@type":"ImageObject","inLanguage":"de","@id":"https:\/\/eventkit.ch\/?resource=objectif-zero-sexisme&lang=fr#primaryimage","url":"https:\/\/eventkit.ch\/wp-content\/uploads\/2025\/12\/Nachfragen-swissvolley-2022-09-18_094049_00_Piste_Adrian-Knecht-2022-2560x1024-1-edited.jpg","contentUrl":"https:\/\/eventkit.ch\/wp-content\/uploads\/2025\/12\/Nachfragen-swissvolley-2022-09-18_094049_00_Piste_Adrian-Knecht-2022-2560x1024-1-edited.jpg","width":690,"height":460,"caption":"\u00a9 Swiss Volley Talentf\u00f6rderung Foto: Adrian Knecht"},{"@type":"BreadcrumbList","@id":"https:\/\/eventkit.ch\/?resource=objectif-zero-sexisme&lang=fr#breadcrumb","itemListElement":[{"@type":"ListItem","position":1,"name":"Home","item":"https:\/\/eventkit.ch\/"},{"@type":"ListItem","position":2,"name":"Merkbl\u00e4tter","item":"https:\/\/eventkit.ch\/?post_type=resource&lang=fr"},{"@type":"ListItem","position":3,"name":"Objectif z\u00e9ro sexisme"}]},{"@type":"WebSite","@id":"https:\/\/eventkit.ch\/#website","url":"https:\/\/eventkit.ch\/","name":"EventKit","description":"Nachhaltigkeit, die wirkt: Dein Event im Check.","publisher":{"@id":"https:\/\/eventkit.ch\/#organization"},"potentialAction":[{"@type":"SearchAction","target":{"@type":"EntryPoint","urlTemplate":"https:\/\/eventkit.ch\/?s={search_term_string}"},"query-input":{"@type":"PropertyValueSpecification","valueRequired":true,"valueName":"search_term_string"}}],"inLanguage":"de"},{"@type":"Organization","@id":"https:\/\/eventkit.ch\/#organization","name":"EventKit","url":"https:\/\/eventkit.ch\/","logo":{"@type":"ImageObject","inLanguage":"de","@id":"https:\/\/eventkit.ch\/#\/schema\/logo\/image\/","url":"https:\/\/eventkit.ch\/wp-content\/uploads\/2025\/11\/android-icon-144x144-1.png","contentUrl":"https:\/\/eventkit.ch\/wp-content\/uploads\/2025\/11\/android-icon-144x144-1.png","width":144,"height":144,"caption":"EventKit"},"image":{"@id":"https:\/\/eventkit.ch\/#\/schema\/logo\/image\/"}}]}},"_links":{"self":[{"href":"https:\/\/eventkit.ch\/index.php?rest_route=\/wp\/v2\/resource\/2183","targetHints":{"allow":["GET"]}}],"collection":[{"href":"https:\/\/eventkit.ch\/index.php?rest_route=\/wp\/v2\/resource"}],"about":[{"href":"https:\/\/eventkit.ch\/index.php?rest_route=\/wp\/v2\/types\/resource"}],"wp:featuredmedia":[{"embeddable":true,"href":"https:\/\/eventkit.ch\/index.php?rest_route=\/wp\/v2\/media\/1838"}],"wp:attachment":[{"href":"https:\/\/eventkit.ch\/index.php?rest_route=%2Fwp%2Fv2%2Fmedia&parent=2183"}],"wp:term":[{"taxonomy":"resource_category","embeddable":true,"href":"https:\/\/eventkit.ch\/index.php?rest_route=%2Fwp%2Fv2%2Fresource_category&post=2183"},{"taxonomy":"audience","embeddable":true,"href":"https:\/\/eventkit.ch\/index.php?rest_route=%2Fwp%2Fv2%2Faudience&post=2183"},{"taxonomy":"contenttype","embeddable":true,"href":"https:\/\/eventkit.ch\/index.php?rest_route=%2Fwp%2Fv2%2Fcontenttype&post=2183"}],"curies":[{"name":"wp","href":"https:\/\/api.w.org\/{rel}","templated":true}]}}