{"id":2182,"date":"2025-12-23T06:36:02","date_gmt":"2025-12-23T06:36:02","guid":{"rendered":"https:\/\/eventkit.ch\/?post_type=resource&#038;p=2182"},"modified":"2026-03-23T16:53:05","modified_gmt":"2026-03-23T15:53:05","slug":"gewaehrleistung-von-allgemeiner-zugaenglichkeit","status":"publish","type":"resource","link":"https:\/\/eventkit.ch\/?resource=gewaehrleistung-von-allgemeiner-zugaenglichkeit","title":{"rendered":"Gew\u00e4hrleistung von allgemeiner Zug\u00e4nglichkeit\u00a0"},"content":{"rendered":"<p>Allgemeine Zug\u00e4nglichkeit bedeutet, dass alle Menschen \u2013 mit oder ohne Beeintr\u00e4chtigung \u2013 gleichberechtigt und selbstst\u00e4ndig an einer Veranstaltung teilnehmen k\u00f6nnen. Sie ist ein zentraler Bestandteil eines fairen und inklusiven Ansatzes und umfasst nicht nur bauliche Massnahmen, sondern auch Kommunikationsstrategien, Beschilderung und organisatorische Vorkehrungen.&nbsp;<br>&nbsp;<br>Von Massnahmen zur allgemeinen Zug\u00e4nglichkeit profitieren insbesondere Menschen mit Seh-, H\u00f6r-, Mobilit\u00e4ts- oder kognitiven Beeintr\u00e4chtigungen, aber auch fremdsprachige Personen, Seniorinnen und Senioren, Eltern mit Kleinkindern sowie Kinder selbst.&nbsp;<\/p><h2 class=\"wp-block-heading\">Vor der Veranstaltung<\/h2><p><strong>Begleitmassnahmen:<\/strong>\u00a0<\/p><ul class=\"wp-block-list\"><li>Lokale Vereine als Informationsvermittler oder beratende Partner einbeziehen.\u00a0<\/li>\n\n<li>Freiwillige und Zielgruppen \u00fcber die Massnahmen zur Begleitung von Menschen mit Beeintr\u00e4chtigungen informieren.\u00a0<\/li>\n\n<li>Die Einbindung von Menschen mit Beeintr\u00e4chtigungen unter den Freiwilligen f\u00f6rdern.\u00a0<\/li>\n\n<li>Begleitpersonen einen erm\u00e4ssigten oder kostenlosen Eintritt gew\u00e4hren.\u00a0<\/li>\n\n<li>Spezielle Pl\u00e4tze f\u00fcr Menschen mit eingeschr\u00e4nkter Mobilit\u00e4t und ihre Begleitpersonen vorsehen (z. B. vor der B\u00fchne, in Umkleiden oder Ruher\u00e4umen).\u00a0<\/li><\/ul><p><strong>Fortbewegung und Zugang:<\/strong>\u00a0<\/p><ul class=\"wp-block-list\"><li>Den Gel\u00e4ndeplan mit klaren Piktogrammen erg\u00e4nzen, die barrierefreie Bereiche und Services kennzeichnen.\u00a0<\/li>\n\n<li>Barrierefreie Zug\u00e4nge zu Haupteing\u00e4ngen und Empfangsbereichen sicherstellen; falls n\u00f6tig, alternative, deutlich beschilderte Eing\u00e4nge vorsehen.\u00a0<\/li>\n\n<li>Theken, Kassen, Ausstellungs- oder Essbereiche anpassen:\u00a0<ul class=\"wp-block-list\"><li>auf Sitzh\u00f6he zug\u00e4nglich\u00a0<\/li>\n\n<li>Tische mit Freiraum f\u00fcr Rollst\u00fchle\u00a0<\/li>\n\n<li>Induktionsanlage f\u00fcr h\u00f6rbeeintr\u00e4chtigte Personen\u00a0<\/li><\/ul><\/li>\n\n<li>Wege barrierefrei gestalten, um maximale Selbstst\u00e4ndigkeit zu erm\u00f6glichen:\u00a0<ul class=\"wp-block-list\"><li>harte, ebene, rutschfeste und spaltfreie Oberfl\u00e4chen\u00a0<\/li>\n\n<li>Stufen, Schwellen oder Podeste vermeiden oder kennzeichnen\u00a0<\/li>\n\n<li>T\u00fcren leicht zug\u00e4nglich gestalten (automatisch, offen oder mit Hilfspersonen)\u00a0<\/li>\n\n<li>regelm\u00e4ssige Sitzgelegenheiten anbieten\u00a0<\/li>\n\n<li>bei mehrst\u00f6ckigen Anlagen: Rampen oder Aufz\u00fcge vorsehen oder alternative Informationen bereitstellen\u00a0<\/li><\/ul><\/li>\n\n<li>Visuelle Orientierungshilfen und kontrastreiche Abgrenzungen anbringen; f\u00fcr sehbehinderte Personen ggf. taktile Leitstreifen installieren.\u00a0<\/li>\n\n<li>Barrierefreie Rettungswege sicherstellen; optische und akustische Alarmsysteme vorsehen.\u00a0<\/li><\/ul><p><strong>Kommunikation, Beschilderung und Information:<\/strong>\u00a0<\/p><ul class=\"wp-block-list\"><li>Alle Informationsmittel (online und gedruckt) barrierearm gestalten:\u00a0<ul class=\"wp-block-list\"><li>hoher Farbkontrast (mind. 70 %)\u00a0<\/li>\n\n<li>klare, serifenlose Schrift (z. B. Arial)\u00a0<\/li>\n\n<li>ausreichender Zeilenabstand und linksb\u00fcndiger Text\u00a0<\/li>\n\n<li>einfache Struktur und verst\u00e4ndliche Sprache\u00a0<\/li>\n\n<li>Bilder mit erkl\u00e4render Legende versehen\u00a0<\/li><\/ul><\/li>\n\n<li>Pr\u00e4zise Informationen bereitstellen: barrierefreie Anreise, Kontaktperson, \u00d6ffnungszeiten, Notfallnummern, spezielle Wege oder Zug\u00e4nge.\u00a0<\/li>\n\n<li>Online-Programme im editierbaren Format (z. B. Word) anbieten, damit sie mit Screenreadern gelesen werden k\u00f6nnen.\u00a0<\/li>\n\n<li>Barrierefreie Infrastrukturen (Toiletten, Parkpl\u00e4tze, Eing\u00e4nge, Rampen, Aufz\u00fcge usw.) deutlich kennzeichnen.\u00a0<\/li>\n\n<li>Bei Voranmeldungen die M\u00f6glichkeit bieten, besondere Bed\u00fcrfnisse im Bereich Zug\u00e4nglichkeit anzugeben.\u00a0<\/li><\/ul><p><strong>Besondere Einrichtungen:<\/strong>\u00a0<\/p><ul class=\"wp-block-list\"><li>Auf ausreichende Beleuchtung achten, um Stolperstellen und Hindernisse zu vermeiden.\u00a0<\/li>\n\n<li>In jedem Sanit\u00e4rbereich mindestens eine barrierefreie Toilette bereitstellen (Mindestgr\u00f6sse 1,65 \u00d7 1,80 m), mit taktiler Beschriftung und ausreichender Privatsph\u00e4re.\u00a0<\/li><\/ul><p><strong>An- und Abreise:<\/strong>\u00a0<\/p><ul class=\"wp-block-list\"><li>Spezielle Parkpl\u00e4tze so nah wie m\u00f6glich am Haupteingang einplanen und gut sichtbar kennzeichnen.\u00a0<\/li>\n\n<li>Barrierefreie Transportl\u00f6sungen anbieten (z. B. Shuttle-Service, Behindertentaxi, Fahrdienste).\u00a0<\/li><\/ul><h2 class=\"wp-block-heading\">W\u00e4hrend der Veranstaltung<\/h2><ul class=\"wp-block-list\"><li>Eine Kontaktperson f\u00fcr Fragen der Zug\u00e4nglichkeit ernennen und deren Kontaktdaten sichtbar kommunizieren.\u00a0<\/li>\n\n<li>Sicherstellen, dass die vorgesehenen Pl\u00e4tze ausschliesslich von den berechtigten Personen genutzt werden.\u00a0<\/li><\/ul><h2 class=\"wp-block-heading\">Nach der Veranstaltung<\/h2><ul class=\"wp-block-list\"><li>Eine Bilanz der umgesetzten Massnahmen erstellen und m\u00f6gliche Verbesserungen dokumentieren, um k\u00fcnftige Veranstaltungen weiter zu optimieren.\u00a0<\/li><\/ul>","protected":false},"excerpt":{"rendered":"<p>Allgemeine Zug\u00e4nglichkeit bedeutet, dass alle Menschen \u2013 mit oder ohne Beeintr\u00e4chtigung \u2013 gleichberechtigt und selbstst\u00e4ndig an einer Veranstaltung teilnehmen k\u00f6nnen. Sie ist ein zentraler Bestandteil eines fairen und inklusiven Ansatzes und umfasst nicht nur bauliche Massnahmen, sondern auch Kommunikationsstrategien, Beschilderung und organisatorische Vorkehrungen.&nbsp;&nbsp;Von Massnahmen zur allgemeinen Zug\u00e4nglichkeit profitieren insbesondere Menschen mit Seh-, H\u00f6r-, Mobilit\u00e4ts- oder [&hellip;]<\/p>\n","protected":false},"featured_media":2499,"parent":0,"template":"","format":"standard","meta":{"_sitemap_exclude":false,"_sitemap_priority":"","_sitemap_frequency":"","_eventkit_link":"https:\/\/eventkit.ch\/wp-content\/uploads\/2025\/12\/8.4_Gewaehrleistung_allgemeine_Zugaenglichkeit_EVENTKIT_FINAL.pdf"},"resource_category":[198],"audience":[],"contenttype":[104],"class_list":["post-2182","resource","type-resource","status-publish","format-standard","has-post-thumbnail","hentry","resource_category-inklusion-chancengleichheit","contenttype-merkblatt"],"yoast_head":"<!-- This site is optimized with the Yoast SEO plugin v27.3 - https:\/\/yoast.com\/product\/yoast-seo-wordpress\/ -->\n<title>Gew\u00e4hrleistung von allgemeiner Zug\u00e4nglichkeit\u00a0 - EventKit<\/title>\n<meta name=\"robots\" content=\"index, follow, max-snippet:-1, max-image-preview:large, max-video-preview:-1\" \/>\n<link rel=\"canonical\" href=\"https:\/\/eventkit.ch\/?resource=gewaehrleistung-von-allgemeiner-zugaenglichkeit\" \/>\n<meta property=\"og:locale\" content=\"de_DE\" \/>\n<meta property=\"og:type\" content=\"article\" \/>\n<meta property=\"og:title\" content=\"Gew\u00e4hrleistung von allgemeiner Zug\u00e4nglichkeit\u00a0 - EventKit\" \/>\n<meta property=\"og:description\" content=\"Allgemeine Zug\u00e4nglichkeit bedeutet, dass alle Menschen \u2013 mit oder ohne Beeintr\u00e4chtigung \u2013 gleichberechtigt und selbstst\u00e4ndig an einer Veranstaltung teilnehmen k\u00f6nnen. Sie ist ein zentraler Bestandteil eines fairen und inklusiven Ansatzes und umfasst nicht nur bauliche Massnahmen, sondern auch Kommunikationsstrategien, Beschilderung und organisatorische Vorkehrungen.&nbsp;&nbsp;Von Massnahmen zur allgemeinen Zug\u00e4nglichkeit profitieren insbesondere Menschen mit Seh-, H\u00f6r-, Mobilit\u00e4ts- oder [&hellip;]\" \/>\n<meta property=\"og:url\" content=\"https:\/\/eventkit.ch\/?resource=gewaehrleistung-von-allgemeiner-zugaenglichkeit\" \/>\n<meta property=\"og:site_name\" content=\"EventKit\" \/>\n<meta property=\"article:modified_time\" content=\"2026-03-23T15:53:05+00:00\" \/>\n<meta property=\"og:image\" content=\"https:\/\/eventkit.ch\/wp-content\/uploads\/2025\/11\/3FrauenSVNE_ASMD-1-scaled.jpg\" \/>\n\t<meta property=\"og:image:width\" content=\"2560\" \/>\n\t<meta property=\"og:image:height\" content=\"1710\" \/>\n\t<meta property=\"og:image:type\" content=\"image\/jpeg\" \/>\n<meta name=\"twitter:card\" content=\"summary_large_image\" \/>\n<meta name=\"twitter:label1\" content=\"Gesch\u00e4tzte Lesezeit\" \/>\n\t<meta name=\"twitter:data1\" content=\"3\u00a0Minuten\" \/>\n<script type=\"application\/ld+json\" class=\"yoast-schema-graph\">{\"@context\":\"https:\\\/\\\/schema.org\",\"@graph\":[{\"@type\":\"WebPage\",\"@id\":\"https:\\\/\\\/eventkit.ch\\\/?resource=gewaehrleistung-von-allgemeiner-zugaenglichkeit\",\"url\":\"https:\\\/\\\/eventkit.ch\\\/?resource=gewaehrleistung-von-allgemeiner-zugaenglichkeit\",\"name\":\"Gew\u00e4hrleistung von allgemeiner Zug\u00e4nglichkeit\u00a0 - EventKit\",\"isPartOf\":{\"@id\":\"https:\\\/\\\/eventkit.ch\\\/#website\"},\"primaryImageOfPage\":{\"@id\":\"https:\\\/\\\/eventkit.ch\\\/?resource=gewaehrleistung-von-allgemeiner-zugaenglichkeit#primaryimage\"},\"image\":{\"@id\":\"https:\\\/\\\/eventkit.ch\\\/?resource=gewaehrleistung-von-allgemeiner-zugaenglichkeit#primaryimage\"},\"thumbnailUrl\":\"https:\\\/\\\/eventkit.ch\\\/wp-content\\\/uploads\\\/2025\\\/12\\\/ok_go_fam.avif\",\"datePublished\":\"2025-12-23T06:36:02+00:00\",\"dateModified\":\"2026-03-23T15:53:05+00:00\",\"breadcrumb\":{\"@id\":\"https:\\\/\\\/eventkit.ch\\\/?resource=gewaehrleistung-von-allgemeiner-zugaenglichkeit#breadcrumb\"},\"inLanguage\":\"de\",\"potentialAction\":[{\"@type\":\"ReadAction\",\"target\":[\"https:\\\/\\\/eventkit.ch\\\/?resource=gewaehrleistung-von-allgemeiner-zugaenglichkeit\"]}]},{\"@type\":\"ImageObject\",\"inLanguage\":\"de\",\"@id\":\"https:\\\/\\\/eventkit.ch\\\/?resource=gewaehrleistung-von-allgemeiner-zugaenglichkeit#primaryimage\",\"url\":\"https:\\\/\\\/eventkit.ch\\\/wp-content\\\/uploads\\\/2025\\\/12\\\/ok_go_fam.avif\",\"contentUrl\":\"https:\\\/\\\/eventkit.ch\\\/wp-content\\\/uploads\\\/2025\\\/12\\\/ok_go_fam.avif\",\"width\":640,\"height\":524},{\"@type\":\"BreadcrumbList\",\"@id\":\"https:\\\/\\\/eventkit.ch\\\/?resource=gewaehrleistung-von-allgemeiner-zugaenglichkeit#breadcrumb\",\"itemListElement\":[{\"@type\":\"ListItem\",\"position\":1,\"name\":\"Home\",\"item\":\"https:\\\/\\\/eventkit.ch\\\/\"},{\"@type\":\"ListItem\",\"position\":2,\"name\":\"Merkbl\u00e4tter\",\"item\":\"https:\\\/\\\/eventkit.ch\\\/?post_type=resource&lang=fr\"},{\"@type\":\"ListItem\",\"position\":3,\"name\":\"Gew\u00e4hrleistung von allgemeiner Zug\u00e4nglichkeit\u00a0\"}]},{\"@type\":\"WebSite\",\"@id\":\"https:\\\/\\\/eventkit.ch\\\/#website\",\"url\":\"https:\\\/\\\/eventkit.ch\\\/\",\"name\":\"EventKit\",\"description\":\"Nachhaltigkeit, die wirkt: Dein Event im Check.\",\"publisher\":{\"@id\":\"https:\\\/\\\/eventkit.ch\\\/#organization\"},\"potentialAction\":[{\"@type\":\"SearchAction\",\"target\":{\"@type\":\"EntryPoint\",\"urlTemplate\":\"https:\\\/\\\/eventkit.ch\\\/?s={search_term_string}\"},\"query-input\":{\"@type\":\"PropertyValueSpecification\",\"valueRequired\":true,\"valueName\":\"search_term_string\"}}],\"inLanguage\":\"de\"},{\"@type\":\"Organization\",\"@id\":\"https:\\\/\\\/eventkit.ch\\\/#organization\",\"name\":\"EventKit\",\"url\":\"https:\\\/\\\/eventkit.ch\\\/\",\"logo\":{\"@type\":\"ImageObject\",\"inLanguage\":\"de\",\"@id\":\"https:\\\/\\\/eventkit.ch\\\/#\\\/schema\\\/logo\\\/image\\\/\",\"url\":\"https:\\\/\\\/eventkit.ch\\\/wp-content\\\/uploads\\\/2025\\\/11\\\/android-icon-144x144-1.png\",\"contentUrl\":\"https:\\\/\\\/eventkit.ch\\\/wp-content\\\/uploads\\\/2025\\\/11\\\/android-icon-144x144-1.png\",\"width\":144,\"height\":144,\"caption\":\"EventKit\"},\"image\":{\"@id\":\"https:\\\/\\\/eventkit.ch\\\/#\\\/schema\\\/logo\\\/image\\\/\"}}]}<\/script>\n<!-- \/ Yoast SEO plugin. -->","yoast_head_json":{"title":"Gew\u00e4hrleistung von allgemeiner Zug\u00e4nglichkeit\u00a0 - EventKit","robots":{"index":"index","follow":"follow","max-snippet":"max-snippet:-1","max-image-preview":"max-image-preview:large","max-video-preview":"max-video-preview:-1"},"canonical":"https:\/\/eventkit.ch\/?resource=gewaehrleistung-von-allgemeiner-zugaenglichkeit","og_locale":"de_DE","og_type":"article","og_title":"Gew\u00e4hrleistung von allgemeiner Zug\u00e4nglichkeit\u00a0 - EventKit","og_description":"Allgemeine Zug\u00e4nglichkeit bedeutet, dass alle Menschen \u2013 mit oder ohne Beeintr\u00e4chtigung \u2013 gleichberechtigt und selbstst\u00e4ndig an einer Veranstaltung teilnehmen k\u00f6nnen. Sie ist ein zentraler Bestandteil eines fairen und inklusiven Ansatzes und umfasst nicht nur bauliche Massnahmen, sondern auch Kommunikationsstrategien, Beschilderung und organisatorische Vorkehrungen.&nbsp;&nbsp;Von Massnahmen zur allgemeinen Zug\u00e4nglichkeit profitieren insbesondere Menschen mit Seh-, H\u00f6r-, Mobilit\u00e4ts- oder [&hellip;]","og_url":"https:\/\/eventkit.ch\/?resource=gewaehrleistung-von-allgemeiner-zugaenglichkeit","og_site_name":"EventKit","article_modified_time":"2026-03-23T15:53:05+00:00","og_image":[{"width":2560,"height":1710,"url":"https:\/\/eventkit.ch\/wp-content\/uploads\/2025\/11\/3FrauenSVNE_ASMD-1-scaled.jpg","type":"image\/jpeg"}],"twitter_card":"summary_large_image","twitter_misc":{"Gesch\u00e4tzte Lesezeit":"3\u00a0Minuten"},"schema":{"@context":"https:\/\/schema.org","@graph":[{"@type":"WebPage","@id":"https:\/\/eventkit.ch\/?resource=gewaehrleistung-von-allgemeiner-zugaenglichkeit","url":"https:\/\/eventkit.ch\/?resource=gewaehrleistung-von-allgemeiner-zugaenglichkeit","name":"Gew\u00e4hrleistung von allgemeiner Zug\u00e4nglichkeit\u00a0 - EventKit","isPartOf":{"@id":"https:\/\/eventkit.ch\/#website"},"primaryImageOfPage":{"@id":"https:\/\/eventkit.ch\/?resource=gewaehrleistung-von-allgemeiner-zugaenglichkeit#primaryimage"},"image":{"@id":"https:\/\/eventkit.ch\/?resource=gewaehrleistung-von-allgemeiner-zugaenglichkeit#primaryimage"},"thumbnailUrl":"https:\/\/eventkit.ch\/wp-content\/uploads\/2025\/12\/ok_go_fam.avif","datePublished":"2025-12-23T06:36:02+00:00","dateModified":"2026-03-23T15:53:05+00:00","breadcrumb":{"@id":"https:\/\/eventkit.ch\/?resource=gewaehrleistung-von-allgemeiner-zugaenglichkeit#breadcrumb"},"inLanguage":"de","potentialAction":[{"@type":"ReadAction","target":["https:\/\/eventkit.ch\/?resource=gewaehrleistung-von-allgemeiner-zugaenglichkeit"]}]},{"@type":"ImageObject","inLanguage":"de","@id":"https:\/\/eventkit.ch\/?resource=gewaehrleistung-von-allgemeiner-zugaenglichkeit#primaryimage","url":"https:\/\/eventkit.ch\/wp-content\/uploads\/2025\/12\/ok_go_fam.avif","contentUrl":"https:\/\/eventkit.ch\/wp-content\/uploads\/2025\/12\/ok_go_fam.avif","width":640,"height":524},{"@type":"BreadcrumbList","@id":"https:\/\/eventkit.ch\/?resource=gewaehrleistung-von-allgemeiner-zugaenglichkeit#breadcrumb","itemListElement":[{"@type":"ListItem","position":1,"name":"Home","item":"https:\/\/eventkit.ch\/"},{"@type":"ListItem","position":2,"name":"Merkbl\u00e4tter","item":"https:\/\/eventkit.ch\/?post_type=resource&lang=fr"},{"@type":"ListItem","position":3,"name":"Gew\u00e4hrleistung von allgemeiner Zug\u00e4nglichkeit\u00a0"}]},{"@type":"WebSite","@id":"https:\/\/eventkit.ch\/#website","url":"https:\/\/eventkit.ch\/","name":"EventKit","description":"Nachhaltigkeit, die wirkt: Dein Event im Check.","publisher":{"@id":"https:\/\/eventkit.ch\/#organization"},"potentialAction":[{"@type":"SearchAction","target":{"@type":"EntryPoint","urlTemplate":"https:\/\/eventkit.ch\/?s={search_term_string}"},"query-input":{"@type":"PropertyValueSpecification","valueRequired":true,"valueName":"search_term_string"}}],"inLanguage":"de"},{"@type":"Organization","@id":"https:\/\/eventkit.ch\/#organization","name":"EventKit","url":"https:\/\/eventkit.ch\/","logo":{"@type":"ImageObject","inLanguage":"de","@id":"https:\/\/eventkit.ch\/#\/schema\/logo\/image\/","url":"https:\/\/eventkit.ch\/wp-content\/uploads\/2025\/11\/android-icon-144x144-1.png","contentUrl":"https:\/\/eventkit.ch\/wp-content\/uploads\/2025\/11\/android-icon-144x144-1.png","width":144,"height":144,"caption":"EventKit"},"image":{"@id":"https:\/\/eventkit.ch\/#\/schema\/logo\/image\/"}}]}},"_links":{"self":[{"href":"https:\/\/eventkit.ch\/index.php?rest_route=\/wp\/v2\/resource\/2182","targetHints":{"allow":["GET"]}}],"collection":[{"href":"https:\/\/eventkit.ch\/index.php?rest_route=\/wp\/v2\/resource"}],"about":[{"href":"https:\/\/eventkit.ch\/index.php?rest_route=\/wp\/v2\/types\/resource"}],"wp:featuredmedia":[{"embeddable":true,"href":"https:\/\/eventkit.ch\/index.php?rest_route=\/wp\/v2\/media\/2499"}],"wp:attachment":[{"href":"https:\/\/eventkit.ch\/index.php?rest_route=%2Fwp%2Fv2%2Fmedia&parent=2182"}],"wp:term":[{"taxonomy":"resource_category","embeddable":true,"href":"https:\/\/eventkit.ch\/index.php?rest_route=%2Fwp%2Fv2%2Fresource_category&post=2182"},{"taxonomy":"audience","embeddable":true,"href":"https:\/\/eventkit.ch\/index.php?rest_route=%2Fwp%2Fv2%2Faudience&post=2182"},{"taxonomy":"contenttype","embeddable":true,"href":"https:\/\/eventkit.ch\/index.php?rest_route=%2Fwp%2Fv2%2Fcontenttype&post=2182"}],"curies":[{"name":"wp","href":"https:\/\/api.w.org\/{rel}","templated":true}]}}