{"id":2180,"date":"2025-12-23T06:23:38","date_gmt":"2025-12-23T06:23:38","guid":{"rendered":"https:\/\/eventkit.ch\/?post_type=resource&#038;p=2180"},"modified":"2026-03-23T16:51:44","modified_gmt":"2026-03-23T15:51:44","slug":"foerderung-einer-diversifizierten-teilnahme","status":"publish","type":"resource","link":"https:\/\/eventkit.ch\/?resource=foerderung-einer-diversifizierten-teilnahme","title":{"rendered":"F\u00f6rderung einer diversifizierten Teilnahme"},"content":{"rendered":"<p>Die Teilnahme an einer Veranstaltung h\u00e4ngt nicht nur von den finanziellen Mitteln ab, sondern oft auch von kulturellen, sprachlichen oder sozialen Gewohnheiten.\u00a0<br>\u00a0<br>Um neue Zielgruppen zu erreichen und Barrieren abzubauen, k\u00f6nnen verschiedene Massnahmen ergriffen werden, damit lokale Veranstaltungen einem m\u00f6glichst breiten Publikum zug\u00e4nglich werden.<\/p><h2 class=\"wp-block-heading\">Vor der Veranstaltung<\/h2><ul class=\"wp-block-list\"><li>Kostenlose Zonen schaffen, die allen offenstehen und Animationen oder Aktivit\u00e4ten anbieten.\u00a0<\/li>\n\n<li>F\u00fchrungen hinter die Kulissen (Backstage-Touren) oder Begegnungen mit K\u00fcnstlerinnen, K\u00fcnstlern oder Sportler: innen organisieren.\u00a0<\/li>\n\n<li>Lokale Vereine und Organisationen aktiv einbeziehen \u2013 z. B. als Informationsvermittler oder bei der Durchf\u00fchrung einzelner Programmpunkte.\u00a0<\/li>\n\n<li>F\u00fchrungen oder Veranstaltungen in mehreren Sprachen anbieten.\u00a0<\/li>\n\n<li>Informationsmaterialien (Flyer, Plakate, Website) in verschiedene Sprachen \u00fcbersetzen.\u00a0<\/li>\n\n<li>Eine Preispolitik verfolgen, die f\u00fcr m\u00f6glichst viele Menschen zug\u00e4nglich ist.\u00a0<\/li>\n\n<li>Entdeckungsangebote (kostenlos oder verg\u00fcnstigt) in Zusammenarbeit mit Schulen, Vereinen oder \u00f6ffentlichen Einrichtungen anbieten \u2013 insbesondere f\u00fcr Kinder, Jugendliche oder Interessengruppen.\u00a0<ul class=\"wp-block-list\"><li>kostenloser Eintritt f\u00fcr Kinder in Begleitung\u00a0<\/li>\n\n<li>spezielle Familientarife\u00a0<\/li>\n\n<li>erm\u00e4ssigte Tarife f\u00fcr Kinder in Begleitung von Grosseltern\u00a0<\/li>\n\n<li>kostenloser Eintritt f\u00fcr Begleitpersonen von Menschen mit Behinderung\u00a0<\/li><\/ul><\/li>\n\n<li>Differenzierte Tarife festlegen, z. B. f\u00fcr:\u00a0<ul class=\"wp-block-list\"><li>Jugendliche bis 18 Jahre\u00a0<\/li>\n\n<li>Studierende bis 25 Jahre\u00a0<\/li>\n\n<li>Personen mit AHV\/IV\u00a0<\/li><\/ul><\/li>\n\n<li>Ruhezonen f\u00fcr Familien und einen Kinderhort einrichten. Erkundigen Sie sich gem\u00e4\u00df den kantonalen Gesetzen, ob f\u00fcr diese Art der Betreuung eine Genehmigung erforderlich ist.\u00a0<\/li>\n\n<li>Einen Informationsstand f\u00fcr Eltern zu Gesundheits- und Sicherheitsfragen ihrer Kinder einrichten.\u00a0<\/li>\n\n<li>Bei kulturellen oder k\u00fcnstlerischen Programmen auf ein ausgewogenes Verh\u00e4ltnis von Frauen und M\u00e4nnern achten.\u00a0<\/li>\n\n<li>Die Sichtbarkeit von Minderheiten f\u00f6rdern (Menschen mit Behinderung, sexuelle Minderheiten, kulturelle Diversit\u00e4t usw.).\u00a0<\/li>\n\n<li>Wenn m\u00f6glich, den Ansatz durch eine Teilnahme an der Keychange-Initiative oder eine \u00e4hnliche Verpflichtung hervorheben.\u00a0<\/li><\/ul><h2 class=\"wp-block-heading\">W\u00e4hrend der Veranstaltung<\/h2><ul class=\"wp-block-list\"><li>Freiwillige einsetzen, die Eltern f\u00fcr Themen wie Sicherheit und Betreuung sensibilisieren und bei Bedarf Kinder in den entsprechenden Bereichen begleiten oder unterst\u00fctzen.\u00a0<\/li><\/ul><h2 class=\"wp-block-heading\">Nach der Veranstaltung<\/h2><ul class=\"wp-block-list\"><li>In der Gesamtauswertung (Bilanz) auch das Geschlechterverh\u00e4ltnis im k\u00fcnstlerischen Programm, bei Mitarbeitenden und Freiwilligen ber\u00fccksichtigen.\u00a0<\/li>\n\n<li>Erfolgreiche Massnahmen dokumentieren und Verbesserungsans\u00e4tze festhalten.\u00a0<\/li>\n\n<li><\/li><\/ul>","protected":false},"excerpt":{"rendered":"<p>Die Teilnahme an einer Veranstaltung h\u00e4ngt nicht nur von den finanziellen Mitteln ab, sondern oft auch von kulturellen, sprachlichen oder sozialen Gewohnheiten.\u00a0\u00a0Um neue Zielgruppen zu erreichen und Barrieren abzubauen, k\u00f6nnen verschiedene Massnahmen ergriffen werden, damit lokale Veranstaltungen einem m\u00f6glichst breiten Publikum zug\u00e4nglich werden. Vor der Veranstaltung W\u00e4hrend der Veranstaltung Nach der Veranstaltung<\/p>\n","protected":false},"featured_media":2030,"parent":0,"template":"","format":"standard","meta":{"_sitemap_exclude":false,"_sitemap_priority":"","_sitemap_frequency":"","_eventkit_link":"https:\/\/eventkit.ch\/wp-content\/uploads\/2025\/12\/8.3_Foerderung_einer_diversifizierten_Teilnahme_EVENTKIT_FINAL.pdf"},"resource_category":[198],"audience":[],"contenttype":[104],"class_list":["post-2180","resource","type-resource","status-publish","format-standard","has-post-thumbnail","hentry","resource_category-inklusion-chancengleichheit","contenttype-merkblatt"],"yoast_head":"<!-- This site is optimized with the Yoast SEO plugin v27.3 - https:\/\/yoast.com\/product\/yoast-seo-wordpress\/ -->\n<title>F\u00f6rderung einer diversifizierten Teilnahme - EventKit<\/title>\n<meta name=\"robots\" content=\"index, follow, max-snippet:-1, max-image-preview:large, max-video-preview:-1\" \/>\n<link rel=\"canonical\" href=\"https:\/\/eventkit.ch\/?resource=foerderung-einer-diversifizierten-teilnahme\" \/>\n<meta property=\"og:locale\" content=\"de_DE\" \/>\n<meta property=\"og:type\" content=\"article\" \/>\n<meta property=\"og:title\" content=\"F\u00f6rderung einer diversifizierten Teilnahme - EventKit\" \/>\n<meta property=\"og:description\" content=\"Die Teilnahme an einer Veranstaltung h\u00e4ngt nicht nur von den finanziellen Mitteln ab, sondern oft auch von kulturellen, sprachlichen oder sozialen Gewohnheiten.\u00a0\u00a0Um neue Zielgruppen zu erreichen und Barrieren abzubauen, k\u00f6nnen verschiedene Massnahmen ergriffen werden, damit lokale Veranstaltungen einem m\u00f6glichst breiten Publikum zug\u00e4nglich werden. Vor der Veranstaltung W\u00e4hrend der Veranstaltung Nach der Veranstaltung\" \/>\n<meta property=\"og:url\" content=\"https:\/\/eventkit.ch\/?resource=foerderung-einer-diversifizierten-teilnahme\" \/>\n<meta property=\"og:site_name\" content=\"EventKit\" \/>\n<meta property=\"article:modified_time\" content=\"2026-03-23T15:51:44+00:00\" \/>\n<meta property=\"og:image\" content=\"https:\/\/eventkit.ch\/wp-content\/uploads\/2025\/12\/Rawkingphoto.ch__DSC4015-scaled.jpg\" \/>\n\t<meta property=\"og:image:width\" content=\"2560\" \/>\n\t<meta property=\"og:image:height\" content=\"1707\" \/>\n\t<meta property=\"og:image:type\" content=\"image\/jpeg\" \/>\n<meta name=\"twitter:card\" content=\"summary_large_image\" \/>\n<meta name=\"twitter:label1\" content=\"Gesch\u00e4tzte Lesezeit\" \/>\n\t<meta name=\"twitter:data1\" content=\"2\u00a0Minuten\" \/>\n<script type=\"application\/ld+json\" class=\"yoast-schema-graph\">{\"@context\":\"https:\\\/\\\/schema.org\",\"@graph\":[{\"@type\":\"WebPage\",\"@id\":\"https:\\\/\\\/eventkit.ch\\\/?resource=foerderung-einer-diversifizierten-teilnahme\",\"url\":\"https:\\\/\\\/eventkit.ch\\\/?resource=foerderung-einer-diversifizierten-teilnahme\",\"name\":\"F\u00f6rderung einer diversifizierten Teilnahme - EventKit\",\"isPartOf\":{\"@id\":\"https:\\\/\\\/eventkit.ch\\\/#website\"},\"primaryImageOfPage\":{\"@id\":\"https:\\\/\\\/eventkit.ch\\\/?resource=foerderung-einer-diversifizierten-teilnahme#primaryimage\"},\"image\":{\"@id\":\"https:\\\/\\\/eventkit.ch\\\/?resource=foerderung-einer-diversifizierten-teilnahme#primaryimage\"},\"thumbnailUrl\":\"https:\\\/\\\/eventkit.ch\\\/wp-content\\\/uploads\\\/2025\\\/12\\\/Rawkingphoto.ch__DSC4015-scaled.jpg\",\"datePublished\":\"2025-12-23T06:23:38+00:00\",\"dateModified\":\"2026-03-23T15:51:44+00:00\",\"breadcrumb\":{\"@id\":\"https:\\\/\\\/eventkit.ch\\\/?resource=foerderung-einer-diversifizierten-teilnahme#breadcrumb\"},\"inLanguage\":\"de\",\"potentialAction\":[{\"@type\":\"ReadAction\",\"target\":[\"https:\\\/\\\/eventkit.ch\\\/?resource=foerderung-einer-diversifizierten-teilnahme\"]}]},{\"@type\":\"ImageObject\",\"inLanguage\":\"de\",\"@id\":\"https:\\\/\\\/eventkit.ch\\\/?resource=foerderung-einer-diversifizierten-teilnahme#primaryimage\",\"url\":\"https:\\\/\\\/eventkit.ch\\\/wp-content\\\/uploads\\\/2025\\\/12\\\/Rawkingphoto.ch__DSC4015-scaled.jpg\",\"contentUrl\":\"https:\\\/\\\/eventkit.ch\\\/wp-content\\\/uploads\\\/2025\\\/12\\\/Rawkingphoto.ch__DSC4015-scaled.jpg\",\"width\":2560,\"height\":1707},{\"@type\":\"BreadcrumbList\",\"@id\":\"https:\\\/\\\/eventkit.ch\\\/?resource=foerderung-einer-diversifizierten-teilnahme#breadcrumb\",\"itemListElement\":[{\"@type\":\"ListItem\",\"position\":1,\"name\":\"Home\",\"item\":\"https:\\\/\\\/eventkit.ch\\\/\"},{\"@type\":\"ListItem\",\"position\":2,\"name\":\"Merkbl\u00e4tter\",\"item\":\"https:\\\/\\\/eventkit.ch\\\/?post_type=resource&lang=fr\"},{\"@type\":\"ListItem\",\"position\":3,\"name\":\"F\u00f6rderung einer diversifizierten Teilnahme\"}]},{\"@type\":\"WebSite\",\"@id\":\"https:\\\/\\\/eventkit.ch\\\/#website\",\"url\":\"https:\\\/\\\/eventkit.ch\\\/\",\"name\":\"EventKit\",\"description\":\"Nachhaltigkeit, die wirkt: Dein Event im Check.\",\"publisher\":{\"@id\":\"https:\\\/\\\/eventkit.ch\\\/#organization\"},\"potentialAction\":[{\"@type\":\"SearchAction\",\"target\":{\"@type\":\"EntryPoint\",\"urlTemplate\":\"https:\\\/\\\/eventkit.ch\\\/?s={search_term_string}\"},\"query-input\":{\"@type\":\"PropertyValueSpecification\",\"valueRequired\":true,\"valueName\":\"search_term_string\"}}],\"inLanguage\":\"de\"},{\"@type\":\"Organization\",\"@id\":\"https:\\\/\\\/eventkit.ch\\\/#organization\",\"name\":\"EventKit\",\"url\":\"https:\\\/\\\/eventkit.ch\\\/\",\"logo\":{\"@type\":\"ImageObject\",\"inLanguage\":\"de\",\"@id\":\"https:\\\/\\\/eventkit.ch\\\/#\\\/schema\\\/logo\\\/image\\\/\",\"url\":\"https:\\\/\\\/eventkit.ch\\\/wp-content\\\/uploads\\\/2025\\\/11\\\/android-icon-144x144-1.png\",\"contentUrl\":\"https:\\\/\\\/eventkit.ch\\\/wp-content\\\/uploads\\\/2025\\\/11\\\/android-icon-144x144-1.png\",\"width\":144,\"height\":144,\"caption\":\"EventKit\"},\"image\":{\"@id\":\"https:\\\/\\\/eventkit.ch\\\/#\\\/schema\\\/logo\\\/image\\\/\"}}]}<\/script>\n<!-- \/ Yoast SEO plugin. -->","yoast_head_json":{"title":"F\u00f6rderung einer diversifizierten Teilnahme - EventKit","robots":{"index":"index","follow":"follow","max-snippet":"max-snippet:-1","max-image-preview":"max-image-preview:large","max-video-preview":"max-video-preview:-1"},"canonical":"https:\/\/eventkit.ch\/?resource=foerderung-einer-diversifizierten-teilnahme","og_locale":"de_DE","og_type":"article","og_title":"F\u00f6rderung einer diversifizierten Teilnahme - EventKit","og_description":"Die Teilnahme an einer Veranstaltung h\u00e4ngt nicht nur von den finanziellen Mitteln ab, sondern oft auch von kulturellen, sprachlichen oder sozialen Gewohnheiten.\u00a0\u00a0Um neue Zielgruppen zu erreichen und Barrieren abzubauen, k\u00f6nnen verschiedene Massnahmen ergriffen werden, damit lokale Veranstaltungen einem m\u00f6glichst breiten Publikum zug\u00e4nglich werden. Vor der Veranstaltung W\u00e4hrend der Veranstaltung Nach der Veranstaltung","og_url":"https:\/\/eventkit.ch\/?resource=foerderung-einer-diversifizierten-teilnahme","og_site_name":"EventKit","article_modified_time":"2026-03-23T15:51:44+00:00","og_image":[{"width":2560,"height":1707,"url":"https:\/\/eventkit.ch\/wp-content\/uploads\/2025\/12\/Rawkingphoto.ch__DSC4015-scaled.jpg","type":"image\/jpeg"}],"twitter_card":"summary_large_image","twitter_misc":{"Gesch\u00e4tzte Lesezeit":"2\u00a0Minuten"},"schema":{"@context":"https:\/\/schema.org","@graph":[{"@type":"WebPage","@id":"https:\/\/eventkit.ch\/?resource=foerderung-einer-diversifizierten-teilnahme","url":"https:\/\/eventkit.ch\/?resource=foerderung-einer-diversifizierten-teilnahme","name":"F\u00f6rderung einer diversifizierten Teilnahme - EventKit","isPartOf":{"@id":"https:\/\/eventkit.ch\/#website"},"primaryImageOfPage":{"@id":"https:\/\/eventkit.ch\/?resource=foerderung-einer-diversifizierten-teilnahme#primaryimage"},"image":{"@id":"https:\/\/eventkit.ch\/?resource=foerderung-einer-diversifizierten-teilnahme#primaryimage"},"thumbnailUrl":"https:\/\/eventkit.ch\/wp-content\/uploads\/2025\/12\/Rawkingphoto.ch__DSC4015-scaled.jpg","datePublished":"2025-12-23T06:23:38+00:00","dateModified":"2026-03-23T15:51:44+00:00","breadcrumb":{"@id":"https:\/\/eventkit.ch\/?resource=foerderung-einer-diversifizierten-teilnahme#breadcrumb"},"inLanguage":"de","potentialAction":[{"@type":"ReadAction","target":["https:\/\/eventkit.ch\/?resource=foerderung-einer-diversifizierten-teilnahme"]}]},{"@type":"ImageObject","inLanguage":"de","@id":"https:\/\/eventkit.ch\/?resource=foerderung-einer-diversifizierten-teilnahme#primaryimage","url":"https:\/\/eventkit.ch\/wp-content\/uploads\/2025\/12\/Rawkingphoto.ch__DSC4015-scaled.jpg","contentUrl":"https:\/\/eventkit.ch\/wp-content\/uploads\/2025\/12\/Rawkingphoto.ch__DSC4015-scaled.jpg","width":2560,"height":1707},{"@type":"BreadcrumbList","@id":"https:\/\/eventkit.ch\/?resource=foerderung-einer-diversifizierten-teilnahme#breadcrumb","itemListElement":[{"@type":"ListItem","position":1,"name":"Home","item":"https:\/\/eventkit.ch\/"},{"@type":"ListItem","position":2,"name":"Merkbl\u00e4tter","item":"https:\/\/eventkit.ch\/?post_type=resource&lang=fr"},{"@type":"ListItem","position":3,"name":"F\u00f6rderung einer diversifizierten Teilnahme"}]},{"@type":"WebSite","@id":"https:\/\/eventkit.ch\/#website","url":"https:\/\/eventkit.ch\/","name":"EventKit","description":"Nachhaltigkeit, die wirkt: Dein Event im Check.","publisher":{"@id":"https:\/\/eventkit.ch\/#organization"},"potentialAction":[{"@type":"SearchAction","target":{"@type":"EntryPoint","urlTemplate":"https:\/\/eventkit.ch\/?s={search_term_string}"},"query-input":{"@type":"PropertyValueSpecification","valueRequired":true,"valueName":"search_term_string"}}],"inLanguage":"de"},{"@type":"Organization","@id":"https:\/\/eventkit.ch\/#organization","name":"EventKit","url":"https:\/\/eventkit.ch\/","logo":{"@type":"ImageObject","inLanguage":"de","@id":"https:\/\/eventkit.ch\/#\/schema\/logo\/image\/","url":"https:\/\/eventkit.ch\/wp-content\/uploads\/2025\/11\/android-icon-144x144-1.png","contentUrl":"https:\/\/eventkit.ch\/wp-content\/uploads\/2025\/11\/android-icon-144x144-1.png","width":144,"height":144,"caption":"EventKit"},"image":{"@id":"https:\/\/eventkit.ch\/#\/schema\/logo\/image\/"}}]}},"_links":{"self":[{"href":"https:\/\/eventkit.ch\/index.php?rest_route=\/wp\/v2\/resource\/2180","targetHints":{"allow":["GET"]}}],"collection":[{"href":"https:\/\/eventkit.ch\/index.php?rest_route=\/wp\/v2\/resource"}],"about":[{"href":"https:\/\/eventkit.ch\/index.php?rest_route=\/wp\/v2\/types\/resource"}],"wp:featuredmedia":[{"embeddable":true,"href":"https:\/\/eventkit.ch\/index.php?rest_route=\/wp\/v2\/media\/2030"}],"wp:attachment":[{"href":"https:\/\/eventkit.ch\/index.php?rest_route=%2Fwp%2Fv2%2Fmedia&parent=2180"}],"wp:term":[{"taxonomy":"resource_category","embeddable":true,"href":"https:\/\/eventkit.ch\/index.php?rest_route=%2Fwp%2Fv2%2Fresource_category&post=2180"},{"taxonomy":"audience","embeddable":true,"href":"https:\/\/eventkit.ch\/index.php?rest_route=%2Fwp%2Fv2%2Faudience&post=2180"},{"taxonomy":"contenttype","embeddable":true,"href":"https:\/\/eventkit.ch\/index.php?rest_route=%2Fwp%2Fv2%2Fcontenttype&post=2180"}],"curies":[{"name":"wp","href":"https:\/\/api.w.org\/{rel}","templated":true}]}}