{"id":2179,"date":"2025-12-23T06:23:38","date_gmt":"2025-12-23T06:23:38","guid":{"rendered":"https:\/\/eventkit.ch\/?post_type=resource&#038;p=2179"},"modified":"2026-03-23T17:58:53","modified_gmt":"2026-03-23T16:58:53","slug":"favoriser-une-participation-diversifiee","status":"publish","type":"resource","link":"https:\/\/eventkit.ch\/?resource=favoriser-une-participation-diversifiee&lang=fr","title":{"rendered":"Favoriser une participation diversifi\u00e9e\u00a0"},"content":{"rendered":"<p>La participation \u00e0 une manifestation ne d\u00e9pend pas uniquement des moyens financiers, mais aussi des habitudes culturelles, sociales ou linguistiques.&nbsp;<br>&nbsp;<br>Pour attirer un public plus large et r\u00e9duire les barri\u00e8res, plusieurs mesures peuvent \u00eatre mises en place afin de rendre les manifestations locales accessibles et accueillantes pour toutes et tous.&nbsp;<\/p><h2 class=\"wp-block-heading\">Avant la manifestation<\/h2><ul class=\"wp-block-list\"><li>Mettre en place des zones gratuites, ouvertes \u00e0 tous, proposant des animations et activit\u00e9s.\u00a0<\/li>\n\n<li>Organiser des visites \u00ab backstage \u00bb ou des rencontres avec les artistes, athl\u00e8tes ou intervenantes et intervenants.\u00a0<\/li>\n\n<li>Impliquer les associations locales comme relais d\u2019information ou partenaires op\u00e9rationnelles.\u00a0<\/li>\n\n<li>Proposer des visites guid\u00e9es ou des \u00e9v\u00e9nements dans plusieurs langues.\u00a0<\/li>\n\n<li>Traduire les supports de communication (flyers, affiches, site web, etc.) dans diff\u00e9rentes langues.\u00a0<\/li>\n\n<li>Adopter une politique de prix accessible au plus grand nombre.\u00a0<\/li>\n\n<li>Proposer des offres \u00ab d\u00e9couverte \u00bb (gratuites ou \u00e0 tarif r\u00e9duit) en partenariat avec des associations, \u00e9coles ou institutions publiques.\u00a0<\/li>\n\n<li>Pr\u00e9voir des mesures sp\u00e9cifiques :\u00a0<ul class=\"wp-block-list\"><li>gratuit\u00e9 pour les enfants accompagn\u00e9s ;\u00a0<\/li>\n\n<li>tarifs familiaux avantageux ;\u00a0<\/li>\n\n<li>tarifs sp\u00e9ciaux pour les enfants accompagn\u00e9s de leurs grands-parents ;\u00a0<\/li>\n\n<li>gratuit\u00e9 pour la personne accompagnante d\u2019une personne en situation de handicap.\u00a0<\/li><\/ul><\/li>\n\n<li>Mettre en place des tarifs diff\u00e9renci\u00e9s pour :\u00a0\u00a0<ul class=\"wp-block-list\"><li>les jeunes de moins de 18 ans ;\u00a0\u00a0<\/li>\n\n<li>les \u00e9tudiants de moins de 25 ans ;\u00a0\u00a0<\/li>\n\n<li>les b\u00e9n\u00e9ficiaires AVS\/AI.\u00a0<\/li><\/ul><\/li>\n\n<li>Pr\u00e9voir des zones de tranquillit\u00e9 pour les familles et un espace garderie (se renseigner selon les lois cantonales si une autorisation est n\u00e9cessaire pour ce type d\u2019accueil). <\/li>\n\n<li>Mettre en place un stand d\u2019information pour les parents concernant la sant\u00e9 et la s\u00e9curit\u00e9 de leurs enfants.\u00a0<\/li>\n\n<li>Pour les manifestations artistiques ou culturelles, viser un \u00e9quilibre entre les femmes et les hommes dans la programmation.\u00a0<\/li>\n\n<li>Promouvoir la repr\u00e9sentation des minorit\u00e9s (personnes en situation de handicap, minorit\u00e9s sexuelles, diversit\u00e9 culturelle, etc.).\u00a0<\/li>\n\n<li>Valoriser la d\u00e9marche \u00e0 travers le label Keychange ou une initiative \u00e9quivalente favorisant l\u2019\u00e9galit\u00e9 et l\u2019inclusion.\u00a0\u00a0<\/li><\/ul><h2 class=\"wp-block-heading\">Pendant la manifestation<\/h2><ul class=\"wp-block-list\"><li>Engager des b\u00e9n\u00e9voles charg\u00e9s de sensibiliser les parents \u00e0 la s\u00e9curit\u00e9 et d\u2019accompagner ou d\u2019aider les enfants dans les espaces pr\u00e9vus \u00e0 cet effet.\u00a0\u00a0<\/li><\/ul><h2 class=\"wp-block-heading\">Apr\u00e8s la manifestation&nbsp;<\/h2><ul class=\"wp-block-list\"><li>Int\u00e9grer dans le bilan un suivi du <strong>rapport femmes-hommes<\/strong> dans la programmation artistique, le personnel et les b\u00e9n\u00e9voles.\u00a0<\/li>\n\n<li>Documenter les actions men\u00e9es et identifier les pistes d\u2019am\u00e9lioration pour les prochaines \u00e9ditions.\u00a0<\/li><\/ul>","protected":false},"excerpt":{"rendered":"<p>La participation \u00e0 une manifestation ne d\u00e9pend pas uniquement des moyens financiers, mais aussi des habitudes culturelles, sociales ou linguistiques.&nbsp;&nbsp;Pour attirer un public plus large et r\u00e9duire les barri\u00e8res, plusieurs mesures peuvent \u00eatre mises en place afin de rendre les manifestations locales accessibles et accueillantes pour toutes et tous.&nbsp; Avant la manifestation Pendant la manifestation [&hellip;]<\/p>\n","protected":false},"featured_media":2030,"parent":0,"template":"","format":"standard","meta":{"_sitemap_exclude":false,"_sitemap_priority":"","_sitemap_frequency":"","_eventkit_link":"https:\/\/eventkit.ch\/wp-content\/uploads\/2025\/12\/8.3_Favoriser-une-participation-diversifiee_EVENTKIT_FINAL.pdf"},"resource_category":[210],"audience":[],"contenttype":[216],"class_list":["post-2179","resource","type-resource","status-publish","format-standard","has-post-thumbnail","hentry","resource_category-inclusion-accessibilite","contenttype-fiches-dinformation"],"yoast_head":"<!-- This site is optimized with the Yoast SEO plugin v27.3 - https:\/\/yoast.com\/product\/yoast-seo-wordpress\/ -->\n<title>Favoriser une participation diversifi\u00e9e\u00a0 - EventKit<\/title>\n<meta name=\"robots\" content=\"index, follow, max-snippet:-1, max-image-preview:large, max-video-preview:-1\" \/>\n<link rel=\"canonical\" href=\"https:\/\/eventkit.ch\/?resource=favoriser-une-participation-diversifiee&lang=fr\" \/>\n<meta property=\"og:locale\" content=\"de_DE\" \/>\n<meta property=\"og:type\" content=\"article\" \/>\n<meta property=\"og:title\" content=\"Favoriser une participation diversifi\u00e9e\u00a0 - EventKit\" \/>\n<meta property=\"og:description\" content=\"La participation \u00e0 une manifestation ne d\u00e9pend pas uniquement des moyens financiers, mais aussi des habitudes culturelles, sociales ou linguistiques.&nbsp;&nbsp;Pour attirer un public plus large et r\u00e9duire les barri\u00e8res, plusieurs mesures peuvent \u00eatre mises en place afin de rendre les manifestations locales accessibles et accueillantes pour toutes et tous.&nbsp; Avant la manifestation Pendant la manifestation [&hellip;]\" \/>\n<meta property=\"og:url\" content=\"https:\/\/eventkit.ch\/?resource=favoriser-une-participation-diversifiee&amp;lang=fr\" \/>\n<meta property=\"og:site_name\" content=\"EventKit\" \/>\n<meta property=\"article:modified_time\" content=\"2026-03-23T16:58:53+00:00\" \/>\n<meta property=\"og:image\" content=\"https:\/\/eventkit.ch\/wp-content\/uploads\/2025\/12\/Rawkingphoto.ch__DSC4015-scaled.jpg\" \/>\n\t<meta property=\"og:image:width\" content=\"2560\" \/>\n\t<meta property=\"og:image:height\" content=\"1707\" \/>\n\t<meta property=\"og:image:type\" content=\"image\/jpeg\" \/>\n<meta name=\"twitter:card\" content=\"summary_large_image\" \/>\n<meta name=\"twitter:label1\" content=\"Gesch\u00e4tzte Lesezeit\" \/>\n\t<meta name=\"twitter:data1\" content=\"3\u00a0Minuten\" \/>\n<script type=\"application\/ld+json\" class=\"yoast-schema-graph\">{\"@context\":\"https:\\\/\\\/schema.org\",\"@graph\":[{\"@type\":\"WebPage\",\"@id\":\"https:\\\/\\\/eventkit.ch\\\/?resource=favoriser-une-participation-diversifiee&lang=fr\",\"url\":\"https:\\\/\\\/eventkit.ch\\\/?resource=favoriser-une-participation-diversifiee&lang=fr\",\"name\":\"Favoriser une participation diversifi\u00e9e\u00a0 - EventKit\",\"isPartOf\":{\"@id\":\"https:\\\/\\\/eventkit.ch\\\/#website\"},\"primaryImageOfPage\":{\"@id\":\"https:\\\/\\\/eventkit.ch\\\/?resource=favoriser-une-participation-diversifiee&lang=fr#primaryimage\"},\"image\":{\"@id\":\"https:\\\/\\\/eventkit.ch\\\/?resource=favoriser-une-participation-diversifiee&lang=fr#primaryimage\"},\"thumbnailUrl\":\"https:\\\/\\\/eventkit.ch\\\/wp-content\\\/uploads\\\/2025\\\/12\\\/Rawkingphoto.ch__DSC4015-scaled.jpg\",\"datePublished\":\"2025-12-23T06:23:38+00:00\",\"dateModified\":\"2026-03-23T16:58:53+00:00\",\"breadcrumb\":{\"@id\":\"https:\\\/\\\/eventkit.ch\\\/?resource=favoriser-une-participation-diversifiee&lang=fr#breadcrumb\"},\"inLanguage\":\"de\",\"potentialAction\":[{\"@type\":\"ReadAction\",\"target\":[\"https:\\\/\\\/eventkit.ch\\\/?resource=favoriser-une-participation-diversifiee&lang=fr\"]}]},{\"@type\":\"ImageObject\",\"inLanguage\":\"de\",\"@id\":\"https:\\\/\\\/eventkit.ch\\\/?resource=favoriser-une-participation-diversifiee&lang=fr#primaryimage\",\"url\":\"https:\\\/\\\/eventkit.ch\\\/wp-content\\\/uploads\\\/2025\\\/12\\\/Rawkingphoto.ch__DSC4015-scaled.jpg\",\"contentUrl\":\"https:\\\/\\\/eventkit.ch\\\/wp-content\\\/uploads\\\/2025\\\/12\\\/Rawkingphoto.ch__DSC4015-scaled.jpg\",\"width\":2560,\"height\":1707},{\"@type\":\"BreadcrumbList\",\"@id\":\"https:\\\/\\\/eventkit.ch\\\/?resource=favoriser-une-participation-diversifiee&lang=fr#breadcrumb\",\"itemListElement\":[{\"@type\":\"ListItem\",\"position\":1,\"name\":\"Home\",\"item\":\"https:\\\/\\\/eventkit.ch\\\/\"},{\"@type\":\"ListItem\",\"position\":2,\"name\":\"Merkbl\u00e4tter\",\"item\":\"https:\\\/\\\/eventkit.ch\\\/?post_type=resource&lang=fr\"},{\"@type\":\"ListItem\",\"position\":3,\"name\":\"Favoriser une participation diversifi\u00e9e\u00a0\"}]},{\"@type\":\"WebSite\",\"@id\":\"https:\\\/\\\/eventkit.ch\\\/#website\",\"url\":\"https:\\\/\\\/eventkit.ch\\\/\",\"name\":\"EventKit\",\"description\":\"Nachhaltigkeit, die wirkt: Dein Event im Check.\",\"publisher\":{\"@id\":\"https:\\\/\\\/eventkit.ch\\\/#organization\"},\"potentialAction\":[{\"@type\":\"SearchAction\",\"target\":{\"@type\":\"EntryPoint\",\"urlTemplate\":\"https:\\\/\\\/eventkit.ch\\\/?s={search_term_string}\"},\"query-input\":{\"@type\":\"PropertyValueSpecification\",\"valueRequired\":true,\"valueName\":\"search_term_string\"}}],\"inLanguage\":\"de\"},{\"@type\":\"Organization\",\"@id\":\"https:\\\/\\\/eventkit.ch\\\/#organization\",\"name\":\"EventKit\",\"url\":\"https:\\\/\\\/eventkit.ch\\\/\",\"logo\":{\"@type\":\"ImageObject\",\"inLanguage\":\"de\",\"@id\":\"https:\\\/\\\/eventkit.ch\\\/#\\\/schema\\\/logo\\\/image\\\/\",\"url\":\"https:\\\/\\\/eventkit.ch\\\/wp-content\\\/uploads\\\/2025\\\/11\\\/android-icon-144x144-1.png\",\"contentUrl\":\"https:\\\/\\\/eventkit.ch\\\/wp-content\\\/uploads\\\/2025\\\/11\\\/android-icon-144x144-1.png\",\"width\":144,\"height\":144,\"caption\":\"EventKit\"},\"image\":{\"@id\":\"https:\\\/\\\/eventkit.ch\\\/#\\\/schema\\\/logo\\\/image\\\/\"}}]}<\/script>\n<!-- \/ Yoast SEO plugin. -->","yoast_head_json":{"title":"Favoriser une participation diversifi\u00e9e\u00a0 - EventKit","robots":{"index":"index","follow":"follow","max-snippet":"max-snippet:-1","max-image-preview":"max-image-preview:large","max-video-preview":"max-video-preview:-1"},"canonical":"https:\/\/eventkit.ch\/?resource=favoriser-une-participation-diversifiee&lang=fr","og_locale":"de_DE","og_type":"article","og_title":"Favoriser une participation diversifi\u00e9e\u00a0 - EventKit","og_description":"La participation \u00e0 une manifestation ne d\u00e9pend pas uniquement des moyens financiers, mais aussi des habitudes culturelles, sociales ou linguistiques.&nbsp;&nbsp;Pour attirer un public plus large et r\u00e9duire les barri\u00e8res, plusieurs mesures peuvent \u00eatre mises en place afin de rendre les manifestations locales accessibles et accueillantes pour toutes et tous.&nbsp; Avant la manifestation Pendant la manifestation [&hellip;]","og_url":"https:\/\/eventkit.ch\/?resource=favoriser-une-participation-diversifiee&lang=fr","og_site_name":"EventKit","article_modified_time":"2026-03-23T16:58:53+00:00","og_image":[{"width":2560,"height":1707,"url":"https:\/\/eventkit.ch\/wp-content\/uploads\/2025\/12\/Rawkingphoto.ch__DSC4015-scaled.jpg","type":"image\/jpeg"}],"twitter_card":"summary_large_image","twitter_misc":{"Gesch\u00e4tzte Lesezeit":"3\u00a0Minuten"},"schema":{"@context":"https:\/\/schema.org","@graph":[{"@type":"WebPage","@id":"https:\/\/eventkit.ch\/?resource=favoriser-une-participation-diversifiee&lang=fr","url":"https:\/\/eventkit.ch\/?resource=favoriser-une-participation-diversifiee&lang=fr","name":"Favoriser une participation diversifi\u00e9e\u00a0 - EventKit","isPartOf":{"@id":"https:\/\/eventkit.ch\/#website"},"primaryImageOfPage":{"@id":"https:\/\/eventkit.ch\/?resource=favoriser-une-participation-diversifiee&lang=fr#primaryimage"},"image":{"@id":"https:\/\/eventkit.ch\/?resource=favoriser-une-participation-diversifiee&lang=fr#primaryimage"},"thumbnailUrl":"https:\/\/eventkit.ch\/wp-content\/uploads\/2025\/12\/Rawkingphoto.ch__DSC4015-scaled.jpg","datePublished":"2025-12-23T06:23:38+00:00","dateModified":"2026-03-23T16:58:53+00:00","breadcrumb":{"@id":"https:\/\/eventkit.ch\/?resource=favoriser-une-participation-diversifiee&lang=fr#breadcrumb"},"inLanguage":"de","potentialAction":[{"@type":"ReadAction","target":["https:\/\/eventkit.ch\/?resource=favoriser-une-participation-diversifiee&lang=fr"]}]},{"@type":"ImageObject","inLanguage":"de","@id":"https:\/\/eventkit.ch\/?resource=favoriser-une-participation-diversifiee&lang=fr#primaryimage","url":"https:\/\/eventkit.ch\/wp-content\/uploads\/2025\/12\/Rawkingphoto.ch__DSC4015-scaled.jpg","contentUrl":"https:\/\/eventkit.ch\/wp-content\/uploads\/2025\/12\/Rawkingphoto.ch__DSC4015-scaled.jpg","width":2560,"height":1707},{"@type":"BreadcrumbList","@id":"https:\/\/eventkit.ch\/?resource=favoriser-une-participation-diversifiee&lang=fr#breadcrumb","itemListElement":[{"@type":"ListItem","position":1,"name":"Home","item":"https:\/\/eventkit.ch\/"},{"@type":"ListItem","position":2,"name":"Merkbl\u00e4tter","item":"https:\/\/eventkit.ch\/?post_type=resource&lang=fr"},{"@type":"ListItem","position":3,"name":"Favoriser une participation diversifi\u00e9e\u00a0"}]},{"@type":"WebSite","@id":"https:\/\/eventkit.ch\/#website","url":"https:\/\/eventkit.ch\/","name":"EventKit","description":"Nachhaltigkeit, die wirkt: Dein Event im Check.","publisher":{"@id":"https:\/\/eventkit.ch\/#organization"},"potentialAction":[{"@type":"SearchAction","target":{"@type":"EntryPoint","urlTemplate":"https:\/\/eventkit.ch\/?s={search_term_string}"},"query-input":{"@type":"PropertyValueSpecification","valueRequired":true,"valueName":"search_term_string"}}],"inLanguage":"de"},{"@type":"Organization","@id":"https:\/\/eventkit.ch\/#organization","name":"EventKit","url":"https:\/\/eventkit.ch\/","logo":{"@type":"ImageObject","inLanguage":"de","@id":"https:\/\/eventkit.ch\/#\/schema\/logo\/image\/","url":"https:\/\/eventkit.ch\/wp-content\/uploads\/2025\/11\/android-icon-144x144-1.png","contentUrl":"https:\/\/eventkit.ch\/wp-content\/uploads\/2025\/11\/android-icon-144x144-1.png","width":144,"height":144,"caption":"EventKit"},"image":{"@id":"https:\/\/eventkit.ch\/#\/schema\/logo\/image\/"}}]}},"_links":{"self":[{"href":"https:\/\/eventkit.ch\/index.php?rest_route=\/wp\/v2\/resource\/2179","targetHints":{"allow":["GET"]}}],"collection":[{"href":"https:\/\/eventkit.ch\/index.php?rest_route=\/wp\/v2\/resource"}],"about":[{"href":"https:\/\/eventkit.ch\/index.php?rest_route=\/wp\/v2\/types\/resource"}],"wp:featuredmedia":[{"embeddable":true,"href":"https:\/\/eventkit.ch\/index.php?rest_route=\/wp\/v2\/media\/2030"}],"wp:attachment":[{"href":"https:\/\/eventkit.ch\/index.php?rest_route=%2Fwp%2Fv2%2Fmedia&parent=2179"}],"wp:term":[{"taxonomy":"resource_category","embeddable":true,"href":"https:\/\/eventkit.ch\/index.php?rest_route=%2Fwp%2Fv2%2Fresource_category&post=2179"},{"taxonomy":"audience","embeddable":true,"href":"https:\/\/eventkit.ch\/index.php?rest_route=%2Fwp%2Fv2%2Faudience&post=2179"},{"taxonomy":"contenttype","embeddable":true,"href":"https:\/\/eventkit.ch\/index.php?rest_route=%2Fwp%2Fv2%2Fcontenttype&post=2179"}],"curies":[{"name":"wp","href":"https:\/\/api.w.org\/{rel}","templated":true}]}}