{"id":2178,"date":"2025-12-23T06:16:07","date_gmt":"2025-12-23T06:16:07","guid":{"rendered":"https:\/\/eventkit.ch\/?post_type=resource&#038;p=2178"},"modified":"2026-03-23T16:49:38","modified_gmt":"2026-03-23T15:49:38","slug":"erleichterung-des-zugangs-fuer-menschen-mit-eingeschraenkter-mobilitaet","status":"publish","type":"resource","link":"https:\/\/eventkit.ch\/?resource=erleichterung-des-zugangs-fuer-menschen-mit-eingeschraenkter-mobilitaet","title":{"rendered":"Erleichterung des Zugangs f\u00fcr Menschen mit eingeschr\u00e4nkter Mobilit\u00e4t\u00a0"},"content":{"rendered":"<p>Ein barrierefreier Zugang erm\u00f6glicht allen Menschen, gleichberechtigt an der Veranstaltung teilzunehmen \u2013 insbesondere Personen mit eingeschr\u00e4nkter Mobilit\u00e4t, aber auch Eltern mit Kinderwagen, \u00e4ltere Menschen oder Personen mit tempor\u00e4ren Verletzungen.&nbsp;<br>&nbsp;<br>Barrierefreiheit bedeutet nicht nur bauliche Anpassungen: Auch mit durchdachten Wegf\u00fchrungen, geeigneten Beschilderungen und organisatorischen Massnahmen k\u00f6nnen Hindernisse reduziert und die Teilhabe erleichtert werden.&nbsp;<\/p><h2 class=\"wp-block-heading\">Vor der Veranstaltung<\/h2><p><strong>Planung und Konzept:<\/strong>\u00a0<\/p><ul class=\"wp-block-list\"><li>Sich an den bestehenden Leitf\u00e4den und Normen zur Barrierefreiheit orientieren (z. B. Empfehlungen von Pro Infirmis oder Fachorganisationen).\u00a0<\/li>\n\n<li>Das Konzept einer spezialisierten Organisation vorlegen, um die Barrierefreiheit pr\u00fcfen zu lassen.\u00a0<\/li><\/ul><p><strong>Zugang und Infrastruktur:<\/strong>\u00a0<\/p><ul class=\"wp-block-list\"><li>Spezielle Zuschauerpl\u00e4tze f\u00fcr Personen mit eingeschr\u00e4nkter Mobilit\u00e4t vorsehen.\u00a0<\/li>\n\n<li>Einen erm\u00e4ssigten oder kostenlosen Eintritt f\u00fcr Begleitpersonen anbieten.\u00a0<\/li>\n\n<li>Barrierefreie Parkpl\u00e4tze m\u00f6glichst nahe beim Haupteingang einplanen und gut sichtbar kennzeichnen.\u00a0<\/li>\n\n<li>Auf die technischen Anforderungen achten:\u00a0<ul class=\"wp-block-list\"><li>Schr\u00e4g- oder rechtwinkliges Parken mit einer Mindestbreite von 3,50 m, L\u00e4ngsparken mit einer Mindestl\u00e4nge von 8,00 m.\u00a0<\/li>\n\n<li>Maximale Steigung 2 %.\u00a0<\/li>\n\n<li>Mindestanzahl an Behindertenparkpl\u00e4tzen:\u00a0<ul class=\"wp-block-list\"><li>1 Platz je 50 regul\u00e4re Pl\u00e4tze (bis 200)\u00a0<\/li>\n\n<li>5 Pl\u00e4tze (201\u2013300)\u00a0<\/li>\n\n<li>6 Pl\u00e4tze (301\u2013500)\u00a0<\/li>\n\n<li>ab 501: 1 zus\u00e4tzlicher Platz je 250 weitere regul\u00e4re Pl\u00e4tze\u00a0<\/li><\/ul><\/li><\/ul><\/li><\/ul><p><strong>Bauliche Massnahmen:<\/strong>\u00a0<\/p><ul class=\"wp-block-list\"><li>Stufen und Schwellen vermeiden oder Rampen, Hebeb\u00fchnen oder Treppenlifte installieren (Steigung und Platzbedarf beachten).\u00a0<\/li>\n\n<li>Durchg\u00e4nge mit einer Mindestbreite von 1,00 m vorsehen (bei L\u00e4ngen zwischen 0,6 m und 2 m).\u00a0<\/li>\n\n<li>Treppen mit Handl\u00e4ufen versehen \u2013 m\u00f6glichst beidseitig \u2013, auf einer H\u00f6he von 85\u201390 cm, \u00fcberstehend um mindestens 30 cm.\u00a0<\/li>\n\n<li>Stufen optisch kontrastreich markieren und taktile Leitelemente installieren.\u00a0<\/li>\n\n<li>Hindernisse deutlich markieren oder mit Schutzbarrieren absichern.\u00a0<\/li>\n\n<li>Rutschfeste, feste und l\u00fcckenlose Bodenbel\u00e4ge verwenden.\u00a0<\/li>\n\n<li>Kassenbereiche mit einem niedrigeren, zug\u00e4nglichen Teil (max. H\u00f6he 0,90 m, min. Breite 1,00 m) ausstatten.\u00a0<\/li>\n\n<li>Essbereiche mit freien Tischen, beweglichen St\u00fchlen und Theken mit niedrigen Abschnitten einrichten.\u00a0<\/li>\n\n<li>Mindestens eine barrierefreie Toilette pro Sanit\u00e4ranlage einrichten (Mindestfl\u00e4che 1,65 \u00d7 1,80 m) und mit taktiler Beschriftung auf Augenh\u00f6he versehen.\u00a0<\/li>\n\n<li>Falls keine barrierefreie Toilette vorhanden ist: M\u00f6glichkeit pr\u00fcfen, eine mobile L\u00f6sung zu mieten (z. B. TOI Cap Cerebral).\u00a0<\/li><\/ul><p><strong>Information und Kommunikation:<\/strong>\u00a0<\/p><ul class=\"wp-block-list\"><li>Informationen (Beschreibungen, Preislisten etc.) in grosser, gut lesbarer Schrift und kontrastreichen Farben (z. B. Schwarz auf Weiss) darstellen.\u00a0<\/li>\n\n<li>Alle barrierefreien Einrichtungen (Toiletten, Parkpl\u00e4tze, Eing\u00e4nge, Kassen, Rampen, Aufz\u00fcge) klar und einheitlich kennzeichnen.\u00a0<\/li>\n\n<li>Den Gel\u00e4ndeplan mit Piktogrammen erg\u00e4nzen.\u00a0<\/li>\n\n<li>Angaben zur Barrierefreiheit auf allen Kommunikationskan\u00e4len (Plakate, Programme, Website usw.) hervorheben.\u00a0<\/li>\n\n<li>Freiwillige und betroffene Personen \u00fcber die vorhandenen Massnahmen informieren.\u00a0<\/li><\/ul><h2 class=\"wp-block-heading\">W\u00e4hrend der Veranstaltung<\/h2><ul class=\"wp-block-list\"><li>Freiwillige bereitstellen, die Personen mit Mobilit\u00e4tseinschr\u00e4nkungen aktiv unterst\u00fctzen (z. B. beim Zugang, bei Wegen oder bei Sitzplatzsuche).\u00a0<\/li>\n\n<li>Darauf achten, dass reservierte Pl\u00e4tze tats\u00e4chlich den Zielgruppen vorbehalten bleiben.\u00a0<\/li><\/ul><h2 class=\"wp-block-heading\">Nach der Veranstaltung<\/h2><ul class=\"wp-block-list\"><li>Erfahrungen und R\u00fcckmeldungen von betroffenen Personen und Helfenden einholen.\u00a0<\/li>\n\n<li>Eine Bilanz der umgesetzten Massnahmen ziehen und Verbesserungspotenziale f\u00fcr k\u00fcnftige Veranstaltungen festhalten.\u00a0<\/li><\/ul>","protected":false},"excerpt":{"rendered":"<p>Ein barrierefreier Zugang erm\u00f6glicht allen Menschen, gleichberechtigt an der Veranstaltung teilzunehmen \u2013 insbesondere Personen mit eingeschr\u00e4nkter Mobilit\u00e4t, aber auch Eltern mit Kinderwagen, \u00e4ltere Menschen oder Personen mit tempor\u00e4ren Verletzungen.&nbsp;&nbsp;Barrierefreiheit bedeutet nicht nur bauliche Anpassungen: Auch mit durchdachten Wegf\u00fchrungen, geeigneten Beschilderungen und organisatorischen Massnahmen k\u00f6nnen Hindernisse reduziert und die Teilhabe erleichtert werden.&nbsp; Vor der Veranstaltung Planung [&hellip;]<\/p>\n","protected":false},"featured_media":2498,"parent":0,"template":"","format":"standard","meta":{"_sitemap_exclude":false,"_sitemap_priority":"","_sitemap_frequency":"","_eventkit_link":"https:\/\/eventkit.ch\/wp-content\/uploads\/2025\/12\/8.2_Erleichterung_Zugang_Menschen_eingeschraenkte_Mobilitaet_EVENTKIT_FINALdocx.pdf"},"resource_category":[198],"audience":[],"contenttype":[104],"class_list":["post-2178","resource","type-resource","status-publish","format-standard","has-post-thumbnail","hentry","resource_category-inklusion-chancengleichheit","contenttype-merkblatt"],"yoast_head":"<!-- This site is optimized with the Yoast SEO plugin v27.3 - https:\/\/yoast.com\/product\/yoast-seo-wordpress\/ -->\n<title>Erleichterung des Zugangs f\u00fcr Menschen mit eingeschr\u00e4nkter Mobilit\u00e4t\u00a0 - EventKit<\/title>\n<meta name=\"robots\" content=\"index, follow, max-snippet:-1, max-image-preview:large, max-video-preview:-1\" \/>\n<link rel=\"canonical\" href=\"https:\/\/eventkit.ch\/?resource=erleichterung-des-zugangs-fuer-menschen-mit-eingeschraenkter-mobilitaet\" \/>\n<meta property=\"og:locale\" content=\"de_DE\" \/>\n<meta property=\"og:type\" content=\"article\" \/>\n<meta property=\"og:title\" content=\"Erleichterung des Zugangs f\u00fcr Menschen mit eingeschr\u00e4nkter Mobilit\u00e4t\u00a0 - EventKit\" \/>\n<meta property=\"og:description\" content=\"Ein barrierefreier Zugang erm\u00f6glicht allen Menschen, gleichberechtigt an der Veranstaltung teilzunehmen \u2013 insbesondere Personen mit eingeschr\u00e4nkter Mobilit\u00e4t, aber auch Eltern mit Kinderwagen, \u00e4ltere Menschen oder Personen mit tempor\u00e4ren Verletzungen.&nbsp;&nbsp;Barrierefreiheit bedeutet nicht nur bauliche Anpassungen: Auch mit durchdachten Wegf\u00fchrungen, geeigneten Beschilderungen und organisatorischen Massnahmen k\u00f6nnen Hindernisse reduziert und die Teilhabe erleichtert werden.&nbsp; Vor der Veranstaltung Planung [&hellip;]\" \/>\n<meta property=\"og:url\" content=\"https:\/\/eventkit.ch\/?resource=erleichterung-des-zugangs-fuer-menschen-mit-eingeschraenkter-mobilitaet\" \/>\n<meta property=\"og:site_name\" content=\"EventKit\" \/>\n<meta property=\"article:modified_time\" content=\"2026-03-23T15:49:38+00:00\" \/>\n<meta property=\"og:image\" content=\"https:\/\/eventkit.ch\/wp-content\/uploads\/2025\/11\/3FrauenSVNE_ASMD-1-scaled.jpg\" \/>\n\t<meta property=\"og:image:width\" content=\"2560\" \/>\n\t<meta property=\"og:image:height\" content=\"1710\" \/>\n\t<meta property=\"og:image:type\" content=\"image\/jpeg\" \/>\n<meta name=\"twitter:card\" content=\"summary_large_image\" \/>\n<meta name=\"twitter:label1\" content=\"Gesch\u00e4tzte Lesezeit\" \/>\n\t<meta name=\"twitter:data1\" content=\"3\u00a0Minuten\" \/>\n<script type=\"application\/ld+json\" class=\"yoast-schema-graph\">{\"@context\":\"https:\\\/\\\/schema.org\",\"@graph\":[{\"@type\":\"WebPage\",\"@id\":\"https:\\\/\\\/eventkit.ch\\\/?resource=erleichterung-des-zugangs-fuer-menschen-mit-eingeschraenkter-mobilitaet\",\"url\":\"https:\\\/\\\/eventkit.ch\\\/?resource=erleichterung-des-zugangs-fuer-menschen-mit-eingeschraenkter-mobilitaet\",\"name\":\"Erleichterung des Zugangs f\u00fcr Menschen mit eingeschr\u00e4nkter Mobilit\u00e4t\u00a0 - EventKit\",\"isPartOf\":{\"@id\":\"https:\\\/\\\/eventkit.ch\\\/#website\"},\"primaryImageOfPage\":{\"@id\":\"https:\\\/\\\/eventkit.ch\\\/?resource=erleichterung-des-zugangs-fuer-menschen-mit-eingeschraenkter-mobilitaet#primaryimage\"},\"image\":{\"@id\":\"https:\\\/\\\/eventkit.ch\\\/?resource=erleichterung-des-zugangs-fuer-menschen-mit-eingeschraenkter-mobilitaet#primaryimage\"},\"thumbnailUrl\":\"https:\\\/\\\/eventkit.ch\\\/wp-content\\\/uploads\\\/2025\\\/12\\\/ok_go_behinderung_2-min.avif\",\"datePublished\":\"2025-12-23T06:16:07+00:00\",\"dateModified\":\"2026-03-23T15:49:38+00:00\",\"breadcrumb\":{\"@id\":\"https:\\\/\\\/eventkit.ch\\\/?resource=erleichterung-des-zugangs-fuer-menschen-mit-eingeschraenkter-mobilitaet#breadcrumb\"},\"inLanguage\":\"de\",\"potentialAction\":[{\"@type\":\"ReadAction\",\"target\":[\"https:\\\/\\\/eventkit.ch\\\/?resource=erleichterung-des-zugangs-fuer-menschen-mit-eingeschraenkter-mobilitaet\"]}]},{\"@type\":\"ImageObject\",\"inLanguage\":\"de\",\"@id\":\"https:\\\/\\\/eventkit.ch\\\/?resource=erleichterung-des-zugangs-fuer-menschen-mit-eingeschraenkter-mobilitaet#primaryimage\",\"url\":\"https:\\\/\\\/eventkit.ch\\\/wp-content\\\/uploads\\\/2025\\\/12\\\/ok_go_behinderung_2-min.avif\",\"contentUrl\":\"https:\\\/\\\/eventkit.ch\\\/wp-content\\\/uploads\\\/2025\\\/12\\\/ok_go_behinderung_2-min.avif\",\"width\":1024,\"height\":736},{\"@type\":\"BreadcrumbList\",\"@id\":\"https:\\\/\\\/eventkit.ch\\\/?resource=erleichterung-des-zugangs-fuer-menschen-mit-eingeschraenkter-mobilitaet#breadcrumb\",\"itemListElement\":[{\"@type\":\"ListItem\",\"position\":1,\"name\":\"Home\",\"item\":\"https:\\\/\\\/eventkit.ch\\\/\"},{\"@type\":\"ListItem\",\"position\":2,\"name\":\"Merkbl\u00e4tter\",\"item\":\"https:\\\/\\\/eventkit.ch\\\/?post_type=resource&lang=fr\"},{\"@type\":\"ListItem\",\"position\":3,\"name\":\"Erleichterung des Zugangs f\u00fcr Menschen mit eingeschr\u00e4nkter Mobilit\u00e4t\u00a0\"}]},{\"@type\":\"WebSite\",\"@id\":\"https:\\\/\\\/eventkit.ch\\\/#website\",\"url\":\"https:\\\/\\\/eventkit.ch\\\/\",\"name\":\"EventKit\",\"description\":\"Nachhaltigkeit, die wirkt: Dein Event im Check.\",\"publisher\":{\"@id\":\"https:\\\/\\\/eventkit.ch\\\/#organization\"},\"potentialAction\":[{\"@type\":\"SearchAction\",\"target\":{\"@type\":\"EntryPoint\",\"urlTemplate\":\"https:\\\/\\\/eventkit.ch\\\/?s={search_term_string}\"},\"query-input\":{\"@type\":\"PropertyValueSpecification\",\"valueRequired\":true,\"valueName\":\"search_term_string\"}}],\"inLanguage\":\"de\"},{\"@type\":\"Organization\",\"@id\":\"https:\\\/\\\/eventkit.ch\\\/#organization\",\"name\":\"EventKit\",\"url\":\"https:\\\/\\\/eventkit.ch\\\/\",\"logo\":{\"@type\":\"ImageObject\",\"inLanguage\":\"de\",\"@id\":\"https:\\\/\\\/eventkit.ch\\\/#\\\/schema\\\/logo\\\/image\\\/\",\"url\":\"https:\\\/\\\/eventkit.ch\\\/wp-content\\\/uploads\\\/2025\\\/11\\\/android-icon-144x144-1.png\",\"contentUrl\":\"https:\\\/\\\/eventkit.ch\\\/wp-content\\\/uploads\\\/2025\\\/11\\\/android-icon-144x144-1.png\",\"width\":144,\"height\":144,\"caption\":\"EventKit\"},\"image\":{\"@id\":\"https:\\\/\\\/eventkit.ch\\\/#\\\/schema\\\/logo\\\/image\\\/\"}}]}<\/script>\n<!-- \/ Yoast SEO plugin. -->","yoast_head_json":{"title":"Erleichterung des Zugangs f\u00fcr Menschen mit eingeschr\u00e4nkter Mobilit\u00e4t\u00a0 - EventKit","robots":{"index":"index","follow":"follow","max-snippet":"max-snippet:-1","max-image-preview":"max-image-preview:large","max-video-preview":"max-video-preview:-1"},"canonical":"https:\/\/eventkit.ch\/?resource=erleichterung-des-zugangs-fuer-menschen-mit-eingeschraenkter-mobilitaet","og_locale":"de_DE","og_type":"article","og_title":"Erleichterung des Zugangs f\u00fcr Menschen mit eingeschr\u00e4nkter Mobilit\u00e4t\u00a0 - EventKit","og_description":"Ein barrierefreier Zugang erm\u00f6glicht allen Menschen, gleichberechtigt an der Veranstaltung teilzunehmen \u2013 insbesondere Personen mit eingeschr\u00e4nkter Mobilit\u00e4t, aber auch Eltern mit Kinderwagen, \u00e4ltere Menschen oder Personen mit tempor\u00e4ren Verletzungen.&nbsp;&nbsp;Barrierefreiheit bedeutet nicht nur bauliche Anpassungen: Auch mit durchdachten Wegf\u00fchrungen, geeigneten Beschilderungen und organisatorischen Massnahmen k\u00f6nnen Hindernisse reduziert und die Teilhabe erleichtert werden.&nbsp; Vor der Veranstaltung Planung [&hellip;]","og_url":"https:\/\/eventkit.ch\/?resource=erleichterung-des-zugangs-fuer-menschen-mit-eingeschraenkter-mobilitaet","og_site_name":"EventKit","article_modified_time":"2026-03-23T15:49:38+00:00","og_image":[{"width":2560,"height":1710,"url":"https:\/\/eventkit.ch\/wp-content\/uploads\/2025\/11\/3FrauenSVNE_ASMD-1-scaled.jpg","type":"image\/jpeg"}],"twitter_card":"summary_large_image","twitter_misc":{"Gesch\u00e4tzte Lesezeit":"3\u00a0Minuten"},"schema":{"@context":"https:\/\/schema.org","@graph":[{"@type":"WebPage","@id":"https:\/\/eventkit.ch\/?resource=erleichterung-des-zugangs-fuer-menschen-mit-eingeschraenkter-mobilitaet","url":"https:\/\/eventkit.ch\/?resource=erleichterung-des-zugangs-fuer-menschen-mit-eingeschraenkter-mobilitaet","name":"Erleichterung des Zugangs f\u00fcr Menschen mit eingeschr\u00e4nkter Mobilit\u00e4t\u00a0 - EventKit","isPartOf":{"@id":"https:\/\/eventkit.ch\/#website"},"primaryImageOfPage":{"@id":"https:\/\/eventkit.ch\/?resource=erleichterung-des-zugangs-fuer-menschen-mit-eingeschraenkter-mobilitaet#primaryimage"},"image":{"@id":"https:\/\/eventkit.ch\/?resource=erleichterung-des-zugangs-fuer-menschen-mit-eingeschraenkter-mobilitaet#primaryimage"},"thumbnailUrl":"https:\/\/eventkit.ch\/wp-content\/uploads\/2025\/12\/ok_go_behinderung_2-min.avif","datePublished":"2025-12-23T06:16:07+00:00","dateModified":"2026-03-23T15:49:38+00:00","breadcrumb":{"@id":"https:\/\/eventkit.ch\/?resource=erleichterung-des-zugangs-fuer-menschen-mit-eingeschraenkter-mobilitaet#breadcrumb"},"inLanguage":"de","potentialAction":[{"@type":"ReadAction","target":["https:\/\/eventkit.ch\/?resource=erleichterung-des-zugangs-fuer-menschen-mit-eingeschraenkter-mobilitaet"]}]},{"@type":"ImageObject","inLanguage":"de","@id":"https:\/\/eventkit.ch\/?resource=erleichterung-des-zugangs-fuer-menschen-mit-eingeschraenkter-mobilitaet#primaryimage","url":"https:\/\/eventkit.ch\/wp-content\/uploads\/2025\/12\/ok_go_behinderung_2-min.avif","contentUrl":"https:\/\/eventkit.ch\/wp-content\/uploads\/2025\/12\/ok_go_behinderung_2-min.avif","width":1024,"height":736},{"@type":"BreadcrumbList","@id":"https:\/\/eventkit.ch\/?resource=erleichterung-des-zugangs-fuer-menschen-mit-eingeschraenkter-mobilitaet#breadcrumb","itemListElement":[{"@type":"ListItem","position":1,"name":"Home","item":"https:\/\/eventkit.ch\/"},{"@type":"ListItem","position":2,"name":"Merkbl\u00e4tter","item":"https:\/\/eventkit.ch\/?post_type=resource&lang=fr"},{"@type":"ListItem","position":3,"name":"Erleichterung des Zugangs f\u00fcr Menschen mit eingeschr\u00e4nkter Mobilit\u00e4t\u00a0"}]},{"@type":"WebSite","@id":"https:\/\/eventkit.ch\/#website","url":"https:\/\/eventkit.ch\/","name":"EventKit","description":"Nachhaltigkeit, die wirkt: Dein Event im Check.","publisher":{"@id":"https:\/\/eventkit.ch\/#organization"},"potentialAction":[{"@type":"SearchAction","target":{"@type":"EntryPoint","urlTemplate":"https:\/\/eventkit.ch\/?s={search_term_string}"},"query-input":{"@type":"PropertyValueSpecification","valueRequired":true,"valueName":"search_term_string"}}],"inLanguage":"de"},{"@type":"Organization","@id":"https:\/\/eventkit.ch\/#organization","name":"EventKit","url":"https:\/\/eventkit.ch\/","logo":{"@type":"ImageObject","inLanguage":"de","@id":"https:\/\/eventkit.ch\/#\/schema\/logo\/image\/","url":"https:\/\/eventkit.ch\/wp-content\/uploads\/2025\/11\/android-icon-144x144-1.png","contentUrl":"https:\/\/eventkit.ch\/wp-content\/uploads\/2025\/11\/android-icon-144x144-1.png","width":144,"height":144,"caption":"EventKit"},"image":{"@id":"https:\/\/eventkit.ch\/#\/schema\/logo\/image\/"}}]}},"_links":{"self":[{"href":"https:\/\/eventkit.ch\/index.php?rest_route=\/wp\/v2\/resource\/2178","targetHints":{"allow":["GET"]}}],"collection":[{"href":"https:\/\/eventkit.ch\/index.php?rest_route=\/wp\/v2\/resource"}],"about":[{"href":"https:\/\/eventkit.ch\/index.php?rest_route=\/wp\/v2\/types\/resource"}],"wp:featuredmedia":[{"embeddable":true,"href":"https:\/\/eventkit.ch\/index.php?rest_route=\/wp\/v2\/media\/2498"}],"wp:attachment":[{"href":"https:\/\/eventkit.ch\/index.php?rest_route=%2Fwp%2Fv2%2Fmedia&parent=2178"}],"wp:term":[{"taxonomy":"resource_category","embeddable":true,"href":"https:\/\/eventkit.ch\/index.php?rest_route=%2Fwp%2Fv2%2Fresource_category&post=2178"},{"taxonomy":"audience","embeddable":true,"href":"https:\/\/eventkit.ch\/index.php?rest_route=%2Fwp%2Fv2%2Faudience&post=2178"},{"taxonomy":"contenttype","embeddable":true,"href":"https:\/\/eventkit.ch\/index.php?rest_route=%2Fwp%2Fv2%2Fcontenttype&post=2178"}],"curies":[{"name":"wp","href":"https:\/\/api.w.org\/{rel}","templated":true}]}}