{"id":2177,"date":"2025-12-23T06:16:07","date_gmt":"2025-12-23T06:16:07","guid":{"rendered":"https:\/\/eventkit.ch\/?post_type=resource&#038;p=2177"},"modified":"2026-03-23T17:57:22","modified_gmt":"2026-03-23T16:57:22","slug":"faciliter-lacces-aux-personnes-a-mobilite-reduite","status":"publish","type":"resource","link":"https:\/\/eventkit.ch\/?resource=faciliter-lacces-aux-personnes-a-mobilite-reduite&lang=fr","title":{"rendered":"Faciliter l\u2019acc\u00e8s aux personnes \u00e0 mobilit\u00e9 r\u00e9duite"},"content":{"rendered":"<p>Un acc\u00e8s sans obstacle permet \u00e0 toutes les personnes, quelles que soient leurs capacit\u00e9s physiques, de participer pleinement \u00e0 la manifestation.&nbsp;<br>&nbsp;<br>La mise en place d\u2019infrastructures accessibles ne b\u00e9n\u00e9ficie pas uniquement aux personnes en situation de handicap : elle facilite \u00e9galement la participation des parents avec poussettes, des personnes \u00e2g\u00e9es ou temporairement bless\u00e9es.&nbsp;<br>&nbsp;<br>L\u2019accessibilit\u00e9 ne se limite pas aux am\u00e9nagements architecturaux : il s\u2019agit aussi d\u2019adapter certaines structures, de repenser les cheminements, de faciliter les entr\u00e9es et de r\u00e9server des espaces adapt\u00e9s.&nbsp;<\/p><h2 class=\"wp-block-heading\">Avant la manifestation<\/h2><p><strong>Planification et conseil\u202f:<\/strong>\u00a0<\/p><ul class=\"wp-block-list\"><li>S\u2019appuyer sur des guides sp\u00e9cialis\u00e9s et complets en mati\u00e8re d\u2019accessibilit\u00e9 (p. ex. recommandations de Pro Infirmis ou d\u2019associations sp\u00e9cialis\u00e9es).\u00a0<\/li>\n\n<li>Soumettre le concept de la manifestation \u00e0 une organisation active dans le domaine pour validation ou avis.\u00a0<\/li><\/ul><p><strong>Accueil du public :<\/strong>\u00a0<\/p><ul class=\"wp-block-list\"><li>Pr\u00e9voir des emplacements r\u00e9serv\u00e9s pour les spectatrices et spectateurs \u00e0 mobilit\u00e9 r\u00e9duite.\u00a0<\/li>\n\n<li>Proposer un tarif pr\u00e9f\u00e9rentiel, voire la gratuit\u00e9, pour la personne accompagnante.\u00a0<\/li>\n\n<li>Am\u00e9nager des places de stationnement sp\u00e9cifiques \u00e0 proximit\u00e9 imm\u00e9diate de l\u2019entr\u00e9e principale, clairement signal\u00e9es.\u00a0<\/li>\n\n<li>Respecter les caract\u00e9ristiques techniques :\u00a0<ul class=\"wp-block-list\"><li>stationnement oblique ou perpendiculaire : largeur minimale 3,50 m ;\u00a0<\/li>\n\n<li>stationnement longitudinal : longueur minimale 8,00 m ;\u00a0<\/li>\n\n<li>pente maximale : 2 %.\u00a0<\/li>\n\n<li>Nombre minimal de places :\u00a0<ul class=\"wp-block-list\"><li>jusqu\u2019\u00e0 200 places ordinaires : 1 place r\u00e9serv\u00e9e pour 50 places ordinaires ;\u00a0\u00a0<\/li>\n\n<li>5 places r\u00e9serv\u00e9es pour 201\u2013300 places ;\u00a0\u00a0<\/li>\n\n<li>6 places r\u00e9serv\u00e9es pour 301\u2013500 places ;\u00a0\u00a0<\/li>\n\n<li>au-del\u00e0 de 501 : 1 place suppl\u00e9mentaire pour chaque tranche de 250 places ordinaires.\u00a0<\/li><\/ul><\/li><\/ul><\/li><\/ul><p><strong>Am\u00e9nagements techniques :<\/strong>\u00a0<\/p><ul class=\"wp-block-list\"><li>\u00c9viter les marches et les seuils ; installer des rampes, plateformes \u00e9l\u00e9vatrices ou monte-escaliers si n\u00e9cessaire.\u00a0<\/li>\n\n<li>Pr\u00e9voir des passages d\u2019au moins 1,00 m de largeur (pour une longueur de 0,60 \u00e0 2,00 m).\u00a0<\/li>\n\n<li>Munir les escaliers de mains courantes des deux c\u00f4t\u00e9s, \u00e0 une hauteur de 85\u201390 cm, d\u00e9passant les vol\u00e9es d\u2019au moins 30 cm.\u00a0<\/li>\n\n<li>Marquer les nez de marches de fa\u00e7on contrast\u00e9e et installer des bandes podotactiles.\u00a0<\/li>\n\n<li>Signaler les obstacles ou installer des barri\u00e8res de protection.\u00a0<\/li>\n\n<li>Utiliser des sols durs, antid\u00e9rapants et sans interstices.\u00a0<\/li>\n\n<li>Adapter les caisses avec un comptoir bas (hauteur max. 0,90 m, largeur min. 1,00 m).\u00a0<\/li>\n\n<li>Am\u00e9nager des espaces de restauration accessibles (tables d\u00e9gag\u00e9es, chaises mobiles, comptoirs \u00e0 deux hauteurs).\u00a0<\/li>\n\n<li>Pr\u00e9voir au moins une toilette adapt\u00e9e par bloc sanitaire (surface min. 1,65 \u00d7 1,80 m).\u00a0<\/li>\n\n<li>En cas d\u2019absence d\u2019installation adapt\u00e9e, envisager la location de toilettes mobiles accessibles.\u00a0<\/li><\/ul><p><strong>Communication et signal\u00e9tique :<\/strong>\u00a0<\/p><ul class=\"wp-block-list\"><li>Pr\u00e9senter les informations avec des caract\u00e8res lisibles, de grande taille et \u00e0 fort contraste.\u00a0<\/li>\n\n<li>Signaler clairement les infrastructures accessibles : toilettes, parkings, entr\u00e9es, caisses, rampes, ascenseurs.\u00a0<\/li>\n\n<li>Int\u00e9grer des pictogrammes universels sur le plan du site.\u00a0<\/li>\n\n<li>Inclure les informations relatives \u00e0 l\u2019accessibilit\u00e9 dans tous les supports de communication.\u00a0<\/li>\n\n<li>Informer les b\u00e9n\u00e9voles et le personnel sur les mesures mises en place.\u00a0.\u00a0<\/li><\/ul><h2 class=\"wp-block-heading\">Pendant la manifestation<\/h2><ul class=\"wp-block-list\"><li>Pr\u00e9voir des b\u00e9n\u00e9voles form\u00e9s et disponibles pour accompagner les personnes.\u00a0<\/li>\n\n<li>Veiller \u00e0 ce que les espaces et places r\u00e9serv\u00e9s soient effectivement accessibles.\u00a0<\/li><\/ul><h2 class=\"wp-block-heading\">Apr\u00e8s la manifestation&nbsp;<\/h2><ul class=\"wp-block-list\"><li>R\u00e9aliser un <strong>bilan de la d\u00e9marche<\/strong> et recueillir les retours des personnes concern\u00e9es.\u00a0<\/li>\n\n<li>Identifier les <strong>am\u00e9liorations possibles <\/strong>pour les prochaines \u00e9ditions.\u00a0<\/li><\/ul>","protected":false},"excerpt":{"rendered":"<p>Un acc\u00e8s sans obstacle permet \u00e0 toutes les personnes, quelles que soient leurs capacit\u00e9s physiques, de participer pleinement \u00e0 la manifestation.&nbsp;&nbsp;La mise en place d\u2019infrastructures accessibles ne b\u00e9n\u00e9ficie pas uniquement aux personnes en situation de handicap : elle facilite \u00e9galement la participation des parents avec poussettes, des personnes \u00e2g\u00e9es ou temporairement bless\u00e9es.&nbsp;&nbsp;L\u2019accessibilit\u00e9 ne se limite [&hellip;]<\/p>\n","protected":false},"featured_media":2498,"parent":0,"template":"","format":"standard","meta":{"_sitemap_exclude":false,"_sitemap_priority":"","_sitemap_frequency":"","_eventkit_link":"https:\/\/eventkit.ch\/wp-content\/uploads\/2025\/12\/8.2_Faciliter-l_acces-aux-personnes-a-mobilite-reduite_EVENTKIT_FINAL.pdf"},"resource_category":[210],"audience":[],"contenttype":[216],"class_list":["post-2177","resource","type-resource","status-publish","format-standard","has-post-thumbnail","hentry","resource_category-inclusion-accessibilite","contenttype-fiches-dinformation"],"yoast_head":"<!-- This site is optimized with the Yoast SEO plugin v27.3 - https:\/\/yoast.com\/product\/yoast-seo-wordpress\/ -->\n<title>Faciliter l\u2019acc\u00e8s aux personnes \u00e0 mobilit\u00e9 r\u00e9duite - EventKit<\/title>\n<meta name=\"robots\" content=\"index, follow, max-snippet:-1, max-image-preview:large, max-video-preview:-1\" \/>\n<link rel=\"canonical\" href=\"https:\/\/eventkit.ch\/?resource=faciliter-lacces-aux-personnes-a-mobilite-reduite&lang=fr\" \/>\n<meta property=\"og:locale\" content=\"de_DE\" \/>\n<meta property=\"og:type\" content=\"article\" \/>\n<meta property=\"og:title\" content=\"Faciliter l\u2019acc\u00e8s aux personnes \u00e0 mobilit\u00e9 r\u00e9duite - EventKit\" \/>\n<meta property=\"og:description\" content=\"Un acc\u00e8s sans obstacle permet \u00e0 toutes les personnes, quelles que soient leurs capacit\u00e9s physiques, de participer pleinement \u00e0 la manifestation.&nbsp;&nbsp;La mise en place d\u2019infrastructures accessibles ne b\u00e9n\u00e9ficie pas uniquement aux personnes en situation de handicap : elle facilite \u00e9galement la participation des parents avec poussettes, des personnes \u00e2g\u00e9es ou temporairement bless\u00e9es.&nbsp;&nbsp;L\u2019accessibilit\u00e9 ne se limite [&hellip;]\" \/>\n<meta property=\"og:url\" content=\"https:\/\/eventkit.ch\/?resource=faciliter-lacces-aux-personnes-a-mobilite-reduite&amp;lang=fr\" \/>\n<meta property=\"og:site_name\" content=\"EventKit\" \/>\n<meta property=\"article:modified_time\" content=\"2026-03-23T16:57:22+00:00\" \/>\n<meta property=\"og:image\" content=\"https:\/\/eventkit.ch\/wp-content\/uploads\/2025\/11\/3FrauenSVNE_ASMD-1-scaled.jpg\" \/>\n\t<meta property=\"og:image:width\" content=\"2560\" \/>\n\t<meta property=\"og:image:height\" content=\"1710\" \/>\n\t<meta property=\"og:image:type\" content=\"image\/jpeg\" \/>\n<meta name=\"twitter:card\" content=\"summary_large_image\" \/>\n<meta name=\"twitter:label1\" content=\"Gesch\u00e4tzte Lesezeit\" \/>\n\t<meta name=\"twitter:data1\" content=\"3\u00a0Minuten\" \/>\n<script type=\"application\/ld+json\" class=\"yoast-schema-graph\">{\"@context\":\"https:\\\/\\\/schema.org\",\"@graph\":[{\"@type\":\"WebPage\",\"@id\":\"https:\\\/\\\/eventkit.ch\\\/?resource=faciliter-lacces-aux-personnes-a-mobilite-reduite&lang=fr\",\"url\":\"https:\\\/\\\/eventkit.ch\\\/?resource=faciliter-lacces-aux-personnes-a-mobilite-reduite&lang=fr\",\"name\":\"Faciliter l\u2019acc\u00e8s aux personnes \u00e0 mobilit\u00e9 r\u00e9duite - EventKit\",\"isPartOf\":{\"@id\":\"https:\\\/\\\/eventkit.ch\\\/#website\"},\"primaryImageOfPage\":{\"@id\":\"https:\\\/\\\/eventkit.ch\\\/?resource=faciliter-lacces-aux-personnes-a-mobilite-reduite&lang=fr#primaryimage\"},\"image\":{\"@id\":\"https:\\\/\\\/eventkit.ch\\\/?resource=faciliter-lacces-aux-personnes-a-mobilite-reduite&lang=fr#primaryimage\"},\"thumbnailUrl\":\"https:\\\/\\\/eventkit.ch\\\/wp-content\\\/uploads\\\/2025\\\/12\\\/ok_go_behinderung_2-min.avif\",\"datePublished\":\"2025-12-23T06:16:07+00:00\",\"dateModified\":\"2026-03-23T16:57:22+00:00\",\"breadcrumb\":{\"@id\":\"https:\\\/\\\/eventkit.ch\\\/?resource=faciliter-lacces-aux-personnes-a-mobilite-reduite&lang=fr#breadcrumb\"},\"inLanguage\":\"de\",\"potentialAction\":[{\"@type\":\"ReadAction\",\"target\":[\"https:\\\/\\\/eventkit.ch\\\/?resource=faciliter-lacces-aux-personnes-a-mobilite-reduite&lang=fr\"]}]},{\"@type\":\"ImageObject\",\"inLanguage\":\"de\",\"@id\":\"https:\\\/\\\/eventkit.ch\\\/?resource=faciliter-lacces-aux-personnes-a-mobilite-reduite&lang=fr#primaryimage\",\"url\":\"https:\\\/\\\/eventkit.ch\\\/wp-content\\\/uploads\\\/2025\\\/12\\\/ok_go_behinderung_2-min.avif\",\"contentUrl\":\"https:\\\/\\\/eventkit.ch\\\/wp-content\\\/uploads\\\/2025\\\/12\\\/ok_go_behinderung_2-min.avif\",\"width\":1024,\"height\":736},{\"@type\":\"BreadcrumbList\",\"@id\":\"https:\\\/\\\/eventkit.ch\\\/?resource=faciliter-lacces-aux-personnes-a-mobilite-reduite&lang=fr#breadcrumb\",\"itemListElement\":[{\"@type\":\"ListItem\",\"position\":1,\"name\":\"Home\",\"item\":\"https:\\\/\\\/eventkit.ch\\\/\"},{\"@type\":\"ListItem\",\"position\":2,\"name\":\"Merkbl\u00e4tter\",\"item\":\"https:\\\/\\\/eventkit.ch\\\/?post_type=resource&lang=fr\"},{\"@type\":\"ListItem\",\"position\":3,\"name\":\"Faciliter l\u2019acc\u00e8s aux personnes \u00e0 mobilit\u00e9 r\u00e9duite\"}]},{\"@type\":\"WebSite\",\"@id\":\"https:\\\/\\\/eventkit.ch\\\/#website\",\"url\":\"https:\\\/\\\/eventkit.ch\\\/\",\"name\":\"EventKit\",\"description\":\"Nachhaltigkeit, die wirkt: Dein Event im Check.\",\"publisher\":{\"@id\":\"https:\\\/\\\/eventkit.ch\\\/#organization\"},\"potentialAction\":[{\"@type\":\"SearchAction\",\"target\":{\"@type\":\"EntryPoint\",\"urlTemplate\":\"https:\\\/\\\/eventkit.ch\\\/?s={search_term_string}\"},\"query-input\":{\"@type\":\"PropertyValueSpecification\",\"valueRequired\":true,\"valueName\":\"search_term_string\"}}],\"inLanguage\":\"de\"},{\"@type\":\"Organization\",\"@id\":\"https:\\\/\\\/eventkit.ch\\\/#organization\",\"name\":\"EventKit\",\"url\":\"https:\\\/\\\/eventkit.ch\\\/\",\"logo\":{\"@type\":\"ImageObject\",\"inLanguage\":\"de\",\"@id\":\"https:\\\/\\\/eventkit.ch\\\/#\\\/schema\\\/logo\\\/image\\\/\",\"url\":\"https:\\\/\\\/eventkit.ch\\\/wp-content\\\/uploads\\\/2025\\\/11\\\/android-icon-144x144-1.png\",\"contentUrl\":\"https:\\\/\\\/eventkit.ch\\\/wp-content\\\/uploads\\\/2025\\\/11\\\/android-icon-144x144-1.png\",\"width\":144,\"height\":144,\"caption\":\"EventKit\"},\"image\":{\"@id\":\"https:\\\/\\\/eventkit.ch\\\/#\\\/schema\\\/logo\\\/image\\\/\"}}]}<\/script>\n<!-- \/ Yoast SEO plugin. -->","yoast_head_json":{"title":"Faciliter l\u2019acc\u00e8s aux personnes \u00e0 mobilit\u00e9 r\u00e9duite - EventKit","robots":{"index":"index","follow":"follow","max-snippet":"max-snippet:-1","max-image-preview":"max-image-preview:large","max-video-preview":"max-video-preview:-1"},"canonical":"https:\/\/eventkit.ch\/?resource=faciliter-lacces-aux-personnes-a-mobilite-reduite&lang=fr","og_locale":"de_DE","og_type":"article","og_title":"Faciliter l\u2019acc\u00e8s aux personnes \u00e0 mobilit\u00e9 r\u00e9duite - EventKit","og_description":"Un acc\u00e8s sans obstacle permet \u00e0 toutes les personnes, quelles que soient leurs capacit\u00e9s physiques, de participer pleinement \u00e0 la manifestation.&nbsp;&nbsp;La mise en place d\u2019infrastructures accessibles ne b\u00e9n\u00e9ficie pas uniquement aux personnes en situation de handicap : elle facilite \u00e9galement la participation des parents avec poussettes, des personnes \u00e2g\u00e9es ou temporairement bless\u00e9es.&nbsp;&nbsp;L\u2019accessibilit\u00e9 ne se limite [&hellip;]","og_url":"https:\/\/eventkit.ch\/?resource=faciliter-lacces-aux-personnes-a-mobilite-reduite&lang=fr","og_site_name":"EventKit","article_modified_time":"2026-03-23T16:57:22+00:00","og_image":[{"width":2560,"height":1710,"url":"https:\/\/eventkit.ch\/wp-content\/uploads\/2025\/11\/3FrauenSVNE_ASMD-1-scaled.jpg","type":"image\/jpeg"}],"twitter_card":"summary_large_image","twitter_misc":{"Gesch\u00e4tzte Lesezeit":"3\u00a0Minuten"},"schema":{"@context":"https:\/\/schema.org","@graph":[{"@type":"WebPage","@id":"https:\/\/eventkit.ch\/?resource=faciliter-lacces-aux-personnes-a-mobilite-reduite&lang=fr","url":"https:\/\/eventkit.ch\/?resource=faciliter-lacces-aux-personnes-a-mobilite-reduite&lang=fr","name":"Faciliter l\u2019acc\u00e8s aux personnes \u00e0 mobilit\u00e9 r\u00e9duite - EventKit","isPartOf":{"@id":"https:\/\/eventkit.ch\/#website"},"primaryImageOfPage":{"@id":"https:\/\/eventkit.ch\/?resource=faciliter-lacces-aux-personnes-a-mobilite-reduite&lang=fr#primaryimage"},"image":{"@id":"https:\/\/eventkit.ch\/?resource=faciliter-lacces-aux-personnes-a-mobilite-reduite&lang=fr#primaryimage"},"thumbnailUrl":"https:\/\/eventkit.ch\/wp-content\/uploads\/2025\/12\/ok_go_behinderung_2-min.avif","datePublished":"2025-12-23T06:16:07+00:00","dateModified":"2026-03-23T16:57:22+00:00","breadcrumb":{"@id":"https:\/\/eventkit.ch\/?resource=faciliter-lacces-aux-personnes-a-mobilite-reduite&lang=fr#breadcrumb"},"inLanguage":"de","potentialAction":[{"@type":"ReadAction","target":["https:\/\/eventkit.ch\/?resource=faciliter-lacces-aux-personnes-a-mobilite-reduite&lang=fr"]}]},{"@type":"ImageObject","inLanguage":"de","@id":"https:\/\/eventkit.ch\/?resource=faciliter-lacces-aux-personnes-a-mobilite-reduite&lang=fr#primaryimage","url":"https:\/\/eventkit.ch\/wp-content\/uploads\/2025\/12\/ok_go_behinderung_2-min.avif","contentUrl":"https:\/\/eventkit.ch\/wp-content\/uploads\/2025\/12\/ok_go_behinderung_2-min.avif","width":1024,"height":736},{"@type":"BreadcrumbList","@id":"https:\/\/eventkit.ch\/?resource=faciliter-lacces-aux-personnes-a-mobilite-reduite&lang=fr#breadcrumb","itemListElement":[{"@type":"ListItem","position":1,"name":"Home","item":"https:\/\/eventkit.ch\/"},{"@type":"ListItem","position":2,"name":"Merkbl\u00e4tter","item":"https:\/\/eventkit.ch\/?post_type=resource&lang=fr"},{"@type":"ListItem","position":3,"name":"Faciliter l\u2019acc\u00e8s aux personnes \u00e0 mobilit\u00e9 r\u00e9duite"}]},{"@type":"WebSite","@id":"https:\/\/eventkit.ch\/#website","url":"https:\/\/eventkit.ch\/","name":"EventKit","description":"Nachhaltigkeit, die wirkt: Dein Event im Check.","publisher":{"@id":"https:\/\/eventkit.ch\/#organization"},"potentialAction":[{"@type":"SearchAction","target":{"@type":"EntryPoint","urlTemplate":"https:\/\/eventkit.ch\/?s={search_term_string}"},"query-input":{"@type":"PropertyValueSpecification","valueRequired":true,"valueName":"search_term_string"}}],"inLanguage":"de"},{"@type":"Organization","@id":"https:\/\/eventkit.ch\/#organization","name":"EventKit","url":"https:\/\/eventkit.ch\/","logo":{"@type":"ImageObject","inLanguage":"de","@id":"https:\/\/eventkit.ch\/#\/schema\/logo\/image\/","url":"https:\/\/eventkit.ch\/wp-content\/uploads\/2025\/11\/android-icon-144x144-1.png","contentUrl":"https:\/\/eventkit.ch\/wp-content\/uploads\/2025\/11\/android-icon-144x144-1.png","width":144,"height":144,"caption":"EventKit"},"image":{"@id":"https:\/\/eventkit.ch\/#\/schema\/logo\/image\/"}}]}},"_links":{"self":[{"href":"https:\/\/eventkit.ch\/index.php?rest_route=\/wp\/v2\/resource\/2177","targetHints":{"allow":["GET"]}}],"collection":[{"href":"https:\/\/eventkit.ch\/index.php?rest_route=\/wp\/v2\/resource"}],"about":[{"href":"https:\/\/eventkit.ch\/index.php?rest_route=\/wp\/v2\/types\/resource"}],"wp:featuredmedia":[{"embeddable":true,"href":"https:\/\/eventkit.ch\/index.php?rest_route=\/wp\/v2\/media\/2498"}],"wp:attachment":[{"href":"https:\/\/eventkit.ch\/index.php?rest_route=%2Fwp%2Fv2%2Fmedia&parent=2177"}],"wp:term":[{"taxonomy":"resource_category","embeddable":true,"href":"https:\/\/eventkit.ch\/index.php?rest_route=%2Fwp%2Fv2%2Fresource_category&post=2177"},{"taxonomy":"audience","embeddable":true,"href":"https:\/\/eventkit.ch\/index.php?rest_route=%2Fwp%2Fv2%2Faudience&post=2177"},{"taxonomy":"contenttype","embeddable":true,"href":"https:\/\/eventkit.ch\/index.php?rest_route=%2Fwp%2Fv2%2Fcontenttype&post=2177"}],"curies":[{"name":"wp","href":"https:\/\/api.w.org\/{rel}","templated":true}]}}