{"id":2176,"date":"2025-12-23T06:07:52","date_gmt":"2025-12-23T06:07:52","guid":{"rendered":"https:\/\/eventkit.ch\/?post_type=resource&#038;p=2176"},"modified":"2026-03-23T16:51:08","modified_gmt":"2026-03-23T15:51:08","slug":"festlegung-von-umwelt-und-sozialkriterien-bei-der-beschaffung","status":"publish","type":"resource","link":"https:\/\/eventkit.ch\/?resource=festlegung-von-umwelt-und-sozialkriterien-bei-der-beschaffung","title":{"rendered":"Festlegung von Umwelt- und Sozialkriterien bei der Beschaffung\u00a0"},"content":{"rendered":"<p>Die Ber\u00fccksichtigung von Umwelt- und Sozialkriterien bei der Beschaffung von Waren und Dienstleistungen erm\u00f6glicht es, die Veranstaltung konsequent im Einklang mit ihren Werten zu gestalten.&nbsp;<br>&nbsp;<br>Ein verantwortungsvoller Beschaffungsprozess beginnt mit einer <strong>Bedarfsanalyse <\/strong>(Art und Menge der G\u00fcter), ber\u00fccksichtigt die <strong>Eigenschaften der Produkte<\/strong> (Funktion, Materialien, Reparierf\u00e4higkeit, Lebensdauer), deren <strong>Produktions-bedingungen<\/strong> (Energie- und Wasserverbrauch, Einsatz von Chemikalien), <strong>Gesch\u00e4ftsmodelle <\/strong>(z.Bsp. Mieten statt kaufen) sowie die <strong>sozialen Aspekte<\/strong> der Herstellung (L\u00f6hne, Gleichstellung, Gewerkschaftsrechte, Verbot von Kinderarbeit).&nbsp;<br>&nbsp;<br>Durch dieses Vorgehen tr\u00e4gt die Veranstaltung dazu bei, dass Lieferant: innen und Unternehmen \u00f6kologische und sozialvertr\u00e4gliche Angebote entwickeln \u2013 und st\u00e4rkt gleichzeitig Produkte und Dienstleistungen, die diese Werte widerspiegeln.&nbsp;<\/p><p><strong>Allgemeine Beschaffungsprinzipien:<\/strong>&nbsp;<\/p><p>Diese Grunds\u00e4tze gelten unabh\u00e4ngig vom Produkt oder der Dienstleistung:&nbsp;<\/p><ul class=\"wp-block-list\"><li>Lieferanten bevorzugen, die sich aktiv f\u00fcr Nachhaltigkeit einsetzen\u00a0<\/li>\n\n<li>Die Umweltauswirkungen \u00fcber den gesamten Lebenszyklus des Produkts ber\u00fccksichtigen\u00a0<\/li>\n\n<li>Langlebige oder mehrfach nutzbare G\u00fcter bevorzugen \u2013 oder, wo sinnvoll, Nutzung statt Kauf (z. B. Miete, Sharing)\u00a0<\/li>\n\n<li>Transportwege minimieren und umweltfreundliche Transportmittel bevorzugen\u00a0<\/li>\n\n<li>Verpackungsvolumen reduzieren und recycelte und\/oder recycelbare Materialien verwenden\u00a0<\/li>\n\n<li>Produkte mit unabh\u00e4ngigen anerkannten Nachhaltigkeitslabels bevorzugen\u00a0<\/li><\/ul><p><strong>Besonders relevant<\/strong> ist dieser Ansatz bei Lebensmitteln, Kleidung, Merchandising-Artikeln und Kommunikationsmaterialien.\u00a0<\/p><h2 class=\"wp-block-heading\">Vor der Veranstaltung<\/h2><ul class=\"wp-block-list\"><li>Alle zu beschaffenden Produkte und Dienstleistungen auflisten und den tats\u00e4chlichen Bedarf kritisch pr\u00fcfen. Arbeitskleider k\u00f6nnen beispielsweise mit abnehmbaren Namensschildern personalisiert werden.\u00a0<\/li>\n\n<li>Produkte und Dienstleistungen priorisieren, die \u00f6kologische, soziale und\/oder finanzielle Vorteile haben.\u00a0<\/li>\n\n<li>Die ben\u00f6tigten Mengen m\u00f6glichst genau kalkulieren.\u00a0<\/li>\n\n<li>Mieten oder gemeinsame Nutzung bevorzugen (\u00f6kologisch und wirtschaftlich effizienter).\u00a0<\/li>\n\n<li>Sich \u00fcber Umweltauswirkungen der Produktion informieren \u2013 auch bei Subunternehmern \u2013 und Alternativen pr\u00fcfen.\u00a0<\/li>\n\n<li>Soziale Praktiken und Arbeitsbedingungen der Anbietenden recherchieren.\u00a0<\/li>\n\n<li>Lieferant: innen \u00fcber die Nachhaltigkeitsziele der Veranstaltung informieren, um passende Angebote zu erhalten.\u00a0<\/li>\n\n<li>Wiederverwendbare und modulare G\u00fcter bevorzugen, die sich an zuk\u00fcnftige Bed\u00fcrfnisse anpassen lassen.\u00a0<\/li>\n\n<li>Produkte aus recyceltem und\/oder recycelbarem Material w\u00e4hlen.\u00a0<\/li>\n\n<li>Materialien mit geringer Umweltbelastung bevorzugen, z. B. Holz aus Schweizer W\u00e4ldern mit 100 % FSC-Zertifizierung.\u00a0<\/li>\n\n<li>Unvermischte Materialien einsetzen, um Recycling zu erleichtern. Verbundstoffe vermeiden.\u00a0<\/li>\n\n<li>Fair-Trade-Produkte (z. B. Max Havelaar) bevorzugen, die faire L\u00f6hne und menschenw\u00fcrdige Arbeitsbedingungen garantieren.\u00a0<\/li>\n\n<li>Auf lokale Anbieter setzen, um Transportwege und Emissionen zu reduzieren\u00a0<\/li>\n\n<li>Auf Verpackungen achten \u2013 \u00fcberm\u00e4ssige Verpackung vermeiden oder R\u00fccknahme durch den Lieferanten verlangen.\u00a0<\/li>\n\n<li>Nach anerkannten Umweltlabels suchen (z. B. EU Ecolabel, Blauer Engel, FSC, Fairtrade).\u00a0<\/li>\n\n<li>Produktionsl\u00e4nder und Arbeitsbedingungen pr\u00fcfen, insbesondere im Hinblick auf die ILO-Kernarbeitsnormen.\u00a0<\/li>\n\n<li>Ein Bewertungsschema mit klaren Gewichtungen (\u00f6kologisch, sozial, finanziell, betrieblich) erstellen.\u00a0<\/li>\n\n<li>Den Nachhaltigkeitsansatz konsequent anwenden \u2013 auch bei kleineren oder weniger sichtbaren Anschaffungen\u00a0<\/li><\/ul><h2 class=\"wp-block-heading\">W\u00e4hrend der Veranstaltung<\/h2><ul class=\"wp-block-list\"><li>Den Nachhaltigkeitsansatz auch bei dringenden oder kurzfristigen Anschaffungen einhalten.\u00a0<\/li><\/ul><h2 class=\"wp-block-heading\">Nach der Veranstaltung<\/h2><ul class=\"wp-block-list\"><li>Eine Bilanz der Beschaffungsmassnahmen erstellen und Verbesserungsm\u00f6glichkeiten dokumentieren.\u00a0<\/li>\n\n<li>\u00dcbersch\u00fcssige oder nicht verwendete G\u00fcter weiterverwenden oder weitergeben (z. B. an Vereine, soziale Einrichtungen oder andere Veranstaltungen).\u00a0<\/li><\/ul>","protected":false},"excerpt":{"rendered":"<p>Die Ber\u00fccksichtigung von Umwelt- und Sozialkriterien bei der Beschaffung von Waren und Dienstleistungen erm\u00f6glicht es, die Veranstaltung konsequent im Einklang mit ihren Werten zu gestalten.&nbsp;&nbsp;Ein verantwortungsvoller Beschaffungsprozess beginnt mit einer Bedarfsanalyse (Art und Menge der G\u00fcter), ber\u00fccksichtigt die Eigenschaften der Produkte (Funktion, Materialien, Reparierf\u00e4higkeit, Lebensdauer), deren Produktions-bedingungen (Energie- und Wasserverbrauch, Einsatz von Chemikalien), Gesch\u00e4ftsmodelle (z.Bsp. [&hellip;]<\/p>\n","protected":false},"featured_media":2029,"parent":0,"template":"","format":"standard","meta":{"_sitemap_exclude":false,"_sitemap_priority":"","_sitemap_frequency":"","_eventkit_link":"https:\/\/eventkit.ch\/wp-content\/uploads\/2025\/12\/8.1_Festlegung_von_Umwelt-_und_Sozialkriterien_Beschaffung_EVENTKIT_FINAL.pdf"},"resource_category":[198,202],"audience":[],"contenttype":[104],"class_list":["post-2176","resource","type-resource","status-publish","format-standard","has-post-thumbnail","hentry","resource_category-inklusion-chancengleichheit","resource_category-wirtschaft","contenttype-merkblatt"],"yoast_head":"<!-- This site is optimized with the Yoast SEO plugin v27.3 - https:\/\/yoast.com\/product\/yoast-seo-wordpress\/ -->\n<title>Festlegung von Umwelt- und Sozialkriterien bei der Beschaffung\u00a0 - EventKit<\/title>\n<meta name=\"robots\" content=\"index, follow, max-snippet:-1, max-image-preview:large, max-video-preview:-1\" \/>\n<link rel=\"canonical\" href=\"https:\/\/eventkit.ch\/?resource=festlegung-von-umwelt-und-sozialkriterien-bei-der-beschaffung\" \/>\n<meta property=\"og:locale\" content=\"de_DE\" \/>\n<meta property=\"og:type\" content=\"article\" \/>\n<meta property=\"og:title\" content=\"Festlegung von Umwelt- und Sozialkriterien bei der Beschaffung\u00a0 - EventKit\" \/>\n<meta property=\"og:description\" content=\"Die Ber\u00fccksichtigung von Umwelt- und Sozialkriterien bei der Beschaffung von Waren und Dienstleistungen erm\u00f6glicht es, die Veranstaltung konsequent im Einklang mit ihren Werten zu gestalten.&nbsp;&nbsp;Ein verantwortungsvoller Beschaffungsprozess beginnt mit einer Bedarfsanalyse (Art und Menge der G\u00fcter), ber\u00fccksichtigt die Eigenschaften der Produkte (Funktion, Materialien, Reparierf\u00e4higkeit, Lebensdauer), deren Produktions-bedingungen (Energie- und Wasserverbrauch, Einsatz von Chemikalien), Gesch\u00e4ftsmodelle (z.Bsp. [&hellip;]\" \/>\n<meta property=\"og:url\" content=\"https:\/\/eventkit.ch\/?resource=festlegung-von-umwelt-und-sozialkriterien-bei-der-beschaffung\" \/>\n<meta property=\"og:site_name\" content=\"EventKit\" \/>\n<meta property=\"article:modified_time\" content=\"2026-03-23T15:51:08+00:00\" \/>\n<meta property=\"og:image\" content=\"https:\/\/eventkit.ch\/wp-content\/uploads\/2025\/12\/IMG_2857jazz_sur_plage-scaled.jpg\" \/>\n\t<meta property=\"og:image:width\" content=\"2560\" \/>\n\t<meta property=\"og:image:height\" content=\"1707\" \/>\n\t<meta property=\"og:image:type\" content=\"image\/jpeg\" \/>\n<meta name=\"twitter:card\" content=\"summary_large_image\" \/>\n<meta name=\"twitter:label1\" content=\"Gesch\u00e4tzte Lesezeit\" \/>\n\t<meta name=\"twitter:data1\" content=\"3\u00a0Minuten\" \/>\n<script type=\"application\/ld+json\" class=\"yoast-schema-graph\">{\"@context\":\"https:\\\/\\\/schema.org\",\"@graph\":[{\"@type\":\"WebPage\",\"@id\":\"https:\\\/\\\/eventkit.ch\\\/?resource=festlegung-von-umwelt-und-sozialkriterien-bei-der-beschaffung\",\"url\":\"https:\\\/\\\/eventkit.ch\\\/?resource=festlegung-von-umwelt-und-sozialkriterien-bei-der-beschaffung\",\"name\":\"Festlegung von Umwelt- und Sozialkriterien bei der Beschaffung\u00a0 - EventKit\",\"isPartOf\":{\"@id\":\"https:\\\/\\\/eventkit.ch\\\/#website\"},\"primaryImageOfPage\":{\"@id\":\"https:\\\/\\\/eventkit.ch\\\/?resource=festlegung-von-umwelt-und-sozialkriterien-bei-der-beschaffung#primaryimage\"},\"image\":{\"@id\":\"https:\\\/\\\/eventkit.ch\\\/?resource=festlegung-von-umwelt-und-sozialkriterien-bei-der-beschaffung#primaryimage\"},\"thumbnailUrl\":\"https:\\\/\\\/eventkit.ch\\\/wp-content\\\/uploads\\\/2025\\\/12\\\/IMG_2857jazz_sur_plage-scaled.jpg\",\"datePublished\":\"2025-12-23T06:07:52+00:00\",\"dateModified\":\"2026-03-23T15:51:08+00:00\",\"breadcrumb\":{\"@id\":\"https:\\\/\\\/eventkit.ch\\\/?resource=festlegung-von-umwelt-und-sozialkriterien-bei-der-beschaffung#breadcrumb\"},\"inLanguage\":\"de\",\"potentialAction\":[{\"@type\":\"ReadAction\",\"target\":[\"https:\\\/\\\/eventkit.ch\\\/?resource=festlegung-von-umwelt-und-sozialkriterien-bei-der-beschaffung\"]}]},{\"@type\":\"ImageObject\",\"inLanguage\":\"de\",\"@id\":\"https:\\\/\\\/eventkit.ch\\\/?resource=festlegung-von-umwelt-und-sozialkriterien-bei-der-beschaffung#primaryimage\",\"url\":\"https:\\\/\\\/eventkit.ch\\\/wp-content\\\/uploads\\\/2025\\\/12\\\/IMG_2857jazz_sur_plage-scaled.jpg\",\"contentUrl\":\"https:\\\/\\\/eventkit.ch\\\/wp-content\\\/uploads\\\/2025\\\/12\\\/IMG_2857jazz_sur_plage-scaled.jpg\",\"width\":2560,\"height\":1707},{\"@type\":\"BreadcrumbList\",\"@id\":\"https:\\\/\\\/eventkit.ch\\\/?resource=festlegung-von-umwelt-und-sozialkriterien-bei-der-beschaffung#breadcrumb\",\"itemListElement\":[{\"@type\":\"ListItem\",\"position\":1,\"name\":\"Home\",\"item\":\"https:\\\/\\\/eventkit.ch\\\/\"},{\"@type\":\"ListItem\",\"position\":2,\"name\":\"Merkbl\u00e4tter\",\"item\":\"https:\\\/\\\/eventkit.ch\\\/?post_type=resource&lang=fr\"},{\"@type\":\"ListItem\",\"position\":3,\"name\":\"Festlegung von Umwelt- und Sozialkriterien bei der Beschaffung\u00a0\"}]},{\"@type\":\"WebSite\",\"@id\":\"https:\\\/\\\/eventkit.ch\\\/#website\",\"url\":\"https:\\\/\\\/eventkit.ch\\\/\",\"name\":\"EventKit\",\"description\":\"Nachhaltigkeit, die wirkt: Dein Event im Check.\",\"publisher\":{\"@id\":\"https:\\\/\\\/eventkit.ch\\\/#organization\"},\"potentialAction\":[{\"@type\":\"SearchAction\",\"target\":{\"@type\":\"EntryPoint\",\"urlTemplate\":\"https:\\\/\\\/eventkit.ch\\\/?s={search_term_string}\"},\"query-input\":{\"@type\":\"PropertyValueSpecification\",\"valueRequired\":true,\"valueName\":\"search_term_string\"}}],\"inLanguage\":\"de\"},{\"@type\":\"Organization\",\"@id\":\"https:\\\/\\\/eventkit.ch\\\/#organization\",\"name\":\"EventKit\",\"url\":\"https:\\\/\\\/eventkit.ch\\\/\",\"logo\":{\"@type\":\"ImageObject\",\"inLanguage\":\"de\",\"@id\":\"https:\\\/\\\/eventkit.ch\\\/#\\\/schema\\\/logo\\\/image\\\/\",\"url\":\"https:\\\/\\\/eventkit.ch\\\/wp-content\\\/uploads\\\/2025\\\/11\\\/android-icon-144x144-1.png\",\"contentUrl\":\"https:\\\/\\\/eventkit.ch\\\/wp-content\\\/uploads\\\/2025\\\/11\\\/android-icon-144x144-1.png\",\"width\":144,\"height\":144,\"caption\":\"EventKit\"},\"image\":{\"@id\":\"https:\\\/\\\/eventkit.ch\\\/#\\\/schema\\\/logo\\\/image\\\/\"}}]}<\/script>\n<!-- \/ Yoast SEO plugin. -->","yoast_head_json":{"title":"Festlegung von Umwelt- und Sozialkriterien bei der Beschaffung\u00a0 - EventKit","robots":{"index":"index","follow":"follow","max-snippet":"max-snippet:-1","max-image-preview":"max-image-preview:large","max-video-preview":"max-video-preview:-1"},"canonical":"https:\/\/eventkit.ch\/?resource=festlegung-von-umwelt-und-sozialkriterien-bei-der-beschaffung","og_locale":"de_DE","og_type":"article","og_title":"Festlegung von Umwelt- und Sozialkriterien bei der Beschaffung\u00a0 - EventKit","og_description":"Die Ber\u00fccksichtigung von Umwelt- und Sozialkriterien bei der Beschaffung von Waren und Dienstleistungen erm\u00f6glicht es, die Veranstaltung konsequent im Einklang mit ihren Werten zu gestalten.&nbsp;&nbsp;Ein verantwortungsvoller Beschaffungsprozess beginnt mit einer Bedarfsanalyse (Art und Menge der G\u00fcter), ber\u00fccksichtigt die Eigenschaften der Produkte (Funktion, Materialien, Reparierf\u00e4higkeit, Lebensdauer), deren Produktions-bedingungen (Energie- und Wasserverbrauch, Einsatz von Chemikalien), Gesch\u00e4ftsmodelle (z.Bsp. [&hellip;]","og_url":"https:\/\/eventkit.ch\/?resource=festlegung-von-umwelt-und-sozialkriterien-bei-der-beschaffung","og_site_name":"EventKit","article_modified_time":"2026-03-23T15:51:08+00:00","og_image":[{"width":2560,"height":1707,"url":"https:\/\/eventkit.ch\/wp-content\/uploads\/2025\/12\/IMG_2857jazz_sur_plage-scaled.jpg","type":"image\/jpeg"}],"twitter_card":"summary_large_image","twitter_misc":{"Gesch\u00e4tzte Lesezeit":"3\u00a0Minuten"},"schema":{"@context":"https:\/\/schema.org","@graph":[{"@type":"WebPage","@id":"https:\/\/eventkit.ch\/?resource=festlegung-von-umwelt-und-sozialkriterien-bei-der-beschaffung","url":"https:\/\/eventkit.ch\/?resource=festlegung-von-umwelt-und-sozialkriterien-bei-der-beschaffung","name":"Festlegung von Umwelt- und Sozialkriterien bei der Beschaffung\u00a0 - EventKit","isPartOf":{"@id":"https:\/\/eventkit.ch\/#website"},"primaryImageOfPage":{"@id":"https:\/\/eventkit.ch\/?resource=festlegung-von-umwelt-und-sozialkriterien-bei-der-beschaffung#primaryimage"},"image":{"@id":"https:\/\/eventkit.ch\/?resource=festlegung-von-umwelt-und-sozialkriterien-bei-der-beschaffung#primaryimage"},"thumbnailUrl":"https:\/\/eventkit.ch\/wp-content\/uploads\/2025\/12\/IMG_2857jazz_sur_plage-scaled.jpg","datePublished":"2025-12-23T06:07:52+00:00","dateModified":"2026-03-23T15:51:08+00:00","breadcrumb":{"@id":"https:\/\/eventkit.ch\/?resource=festlegung-von-umwelt-und-sozialkriterien-bei-der-beschaffung#breadcrumb"},"inLanguage":"de","potentialAction":[{"@type":"ReadAction","target":["https:\/\/eventkit.ch\/?resource=festlegung-von-umwelt-und-sozialkriterien-bei-der-beschaffung"]}]},{"@type":"ImageObject","inLanguage":"de","@id":"https:\/\/eventkit.ch\/?resource=festlegung-von-umwelt-und-sozialkriterien-bei-der-beschaffung#primaryimage","url":"https:\/\/eventkit.ch\/wp-content\/uploads\/2025\/12\/IMG_2857jazz_sur_plage-scaled.jpg","contentUrl":"https:\/\/eventkit.ch\/wp-content\/uploads\/2025\/12\/IMG_2857jazz_sur_plage-scaled.jpg","width":2560,"height":1707},{"@type":"BreadcrumbList","@id":"https:\/\/eventkit.ch\/?resource=festlegung-von-umwelt-und-sozialkriterien-bei-der-beschaffung#breadcrumb","itemListElement":[{"@type":"ListItem","position":1,"name":"Home","item":"https:\/\/eventkit.ch\/"},{"@type":"ListItem","position":2,"name":"Merkbl\u00e4tter","item":"https:\/\/eventkit.ch\/?post_type=resource&lang=fr"},{"@type":"ListItem","position":3,"name":"Festlegung von Umwelt- und Sozialkriterien bei der Beschaffung\u00a0"}]},{"@type":"WebSite","@id":"https:\/\/eventkit.ch\/#website","url":"https:\/\/eventkit.ch\/","name":"EventKit","description":"Nachhaltigkeit, die wirkt: Dein Event im Check.","publisher":{"@id":"https:\/\/eventkit.ch\/#organization"},"potentialAction":[{"@type":"SearchAction","target":{"@type":"EntryPoint","urlTemplate":"https:\/\/eventkit.ch\/?s={search_term_string}"},"query-input":{"@type":"PropertyValueSpecification","valueRequired":true,"valueName":"search_term_string"}}],"inLanguage":"de"},{"@type":"Organization","@id":"https:\/\/eventkit.ch\/#organization","name":"EventKit","url":"https:\/\/eventkit.ch\/","logo":{"@type":"ImageObject","inLanguage":"de","@id":"https:\/\/eventkit.ch\/#\/schema\/logo\/image\/","url":"https:\/\/eventkit.ch\/wp-content\/uploads\/2025\/11\/android-icon-144x144-1.png","contentUrl":"https:\/\/eventkit.ch\/wp-content\/uploads\/2025\/11\/android-icon-144x144-1.png","width":144,"height":144,"caption":"EventKit"},"image":{"@id":"https:\/\/eventkit.ch\/#\/schema\/logo\/image\/"}}]}},"_links":{"self":[{"href":"https:\/\/eventkit.ch\/index.php?rest_route=\/wp\/v2\/resource\/2176","targetHints":{"allow":["GET"]}}],"collection":[{"href":"https:\/\/eventkit.ch\/index.php?rest_route=\/wp\/v2\/resource"}],"about":[{"href":"https:\/\/eventkit.ch\/index.php?rest_route=\/wp\/v2\/types\/resource"}],"wp:featuredmedia":[{"embeddable":true,"href":"https:\/\/eventkit.ch\/index.php?rest_route=\/wp\/v2\/media\/2029"}],"wp:attachment":[{"href":"https:\/\/eventkit.ch\/index.php?rest_route=%2Fwp%2Fv2%2Fmedia&parent=2176"}],"wp:term":[{"taxonomy":"resource_category","embeddable":true,"href":"https:\/\/eventkit.ch\/index.php?rest_route=%2Fwp%2Fv2%2Fresource_category&post=2176"},{"taxonomy":"audience","embeddable":true,"href":"https:\/\/eventkit.ch\/index.php?rest_route=%2Fwp%2Fv2%2Faudience&post=2176"},{"taxonomy":"contenttype","embeddable":true,"href":"https:\/\/eventkit.ch\/index.php?rest_route=%2Fwp%2Fv2%2Fcontenttype&post=2176"}],"curies":[{"name":"wp","href":"https:\/\/api.w.org\/{rel}","templated":true}]}}