{"id":2171,"date":"2025-12-22T19:51:04","date_gmt":"2025-12-22T19:51:04","guid":{"rendered":"https:\/\/eventkit.ch\/?post_type=resource&#038;p=2171"},"modified":"2026-03-23T18:17:45","modified_gmt":"2026-03-23T17:17:45","slug":"promouvoir-lactivite-physique","status":"publish","type":"resource","link":"https:\/\/eventkit.ch\/?resource=promouvoir-lactivite-physique&lang=fr","title":{"rendered":"Promouvoir l&#8217;activit\u00e9 physique"},"content":{"rendered":"<p>Le manque d\u2019activit\u00e9 physique, associ\u00e9 \u00e0 de mauvaises habitudes alimentaires, constitue aujourd\u2019hui l\u2019une des principales causes de la progression du surpoids et de certaines <strong>maladies non transmissibles<\/strong> telles que les maladies cardiovasculaires, l\u2019hypertension, le diab\u00e8te, certains cancers ou encore la d\u00e9pression.&nbsp;<br>&nbsp;<br>Les manifestations offrent une occasion privil\u00e9gi\u00e9e de <strong>sensibiliser la population \u00e0 l\u2019importance<\/strong> <strong>du mouvement<\/strong>, que ce soit par la <strong>participation directe<\/strong> \u00e0 des activit\u00e9s physiques ou par <strong>l\u2019inspiration<\/strong> transmise au public.&nbsp;<br>&nbsp;<br>M\u00eame lorsqu\u2019elles ne sont pas sportives, les manifestations peuvent contribuer \u00e0 promouvoir l\u2019activit\u00e9 physique, en proposant des actions ludiques ou des partenariats sp\u00e9cifiques.&nbsp;<\/p><p>\u00a0<\/p><h2 class=\"wp-block-heading\">Avant la manifestation<\/h2><p><strong>Pour les manifestations sportives :<\/strong>\u00a0<\/p><ul class=\"wp-block-list\"><li>D\u00e9finir le <strong>public cible<\/strong> participant aux \u00e9preuves sportives (\u00e2ge, genre, inscription individuelle ou en groupe, niveau, motivation, etc.)\u00a0<\/li>\n\n<li>Proposer des <strong>formules inclusives<\/strong> afin de toucher un public plus large (jeunes, familles, seniors, classes, entreprises, etc.)\u00a0<\/li>\n\n<li>Offrir des <strong>initiations sportives ludiques<\/strong> pour permettre \u00e0 toutes et tous de d\u00e9couvrir des disciplines vari\u00e9es\u00a0<\/li>\n\n<li>Organiser des <strong>d\u00e9monstrations<\/strong>, y compris avec des associations ou clubs de <strong>sport-handicap<\/strong>\u00a0<\/li>\n\n<li>Mettre en avant la notion de <strong>plaisir du mouvement<\/strong> comme message central\u00a0<\/li>\n\n<li>Communiquer sur les <strong>bienfaits physiques et psychiques<\/strong> d\u2019une activit\u00e9 r\u00e9guli\u00e8re\u00a0<\/li>\n\n<li><\/li><\/ul><p><strong>Pour les autres types de manifestations :<\/strong>\u00a0<\/p><ul class=\"wp-block-list\"><li>\u00c9tablir des <strong>partenariats avec des organismes sp\u00e9cialis\u00e9s<\/strong> (p. ex. clubs r\u00e9gionaux, offices de sant\u00e9, programmes de pr\u00e9vention) afin de promouvoir les bienfaits de l\u2019activit\u00e9 physique et d\u2019encourager la pratique au quotidien.\u00a0<\/li>\n\n<li>Sensibiliser \u00e0 la <strong>diff\u00e9rence entre activit\u00e9 physique et pratique sportive<\/strong>, la premi\u00e8re ne n\u00e9cessitant qu\u2019un mouvement r\u00e9gulier et accessible \u00e0 toutes et tous.\u00a0<\/li>\n\n<li>Proposer des <strong>activit\u00e9s ludiques et interactives<\/strong> pour le public, notamment les enfants et les familles (parcours, jeux, d\u00e9fis, danses, etc.)\u00a0<\/li><\/ul><h2 class=\"wp-block-heading\">Pendant la manifestation<\/h2><ul class=\"wp-block-list\"><li><strong>Impliquer le public activement<\/strong> \u00e0 travers des animations, jeux ou d\u00e9fis autour du mouvement\u00a0<\/li>\n\n<li><strong>Informer et encourager<\/strong> les participants \u00e0 int\u00e9grer davantage d\u2019activit\u00e9 physique dans leur vie quotidienne (flyers, QR codes, conseils, liens vers clubs ou programmes locaux)\u00a0<\/li><\/ul><h2 class=\"wp-block-heading\">Apr\u00e8s la manifestation&nbsp;<\/h2><ul class=\"wp-block-list\"><li>R\u00e9aliser un <strong>bilan des actions men\u00e9es<\/strong> : participation, retours du public et des partenaires, port\u00e9e du message\u00a0<\/li>\n\n<li>Documenter les <strong>r\u00e9sultats et pistes d\u2019am\u00e9lioration<\/strong> pour renforcer la promotion de l\u2019activit\u00e9 physique lors des prochaines \u00e9ditions\u00a0<\/li><\/ul>","protected":false},"excerpt":{"rendered":"<p>Le manque d\u2019activit\u00e9 physique, associ\u00e9 \u00e0 de mauvaises habitudes alimentaires, constitue aujourd\u2019hui l\u2019une des principales causes de la progression du surpoids et de certaines maladies non transmissibles telles que les maladies cardiovasculaires, l\u2019hypertension, le diab\u00e8te, certains cancers ou encore la d\u00e9pression.&nbsp;&nbsp;Les manifestations offrent une occasion privil\u00e9gi\u00e9e de sensibiliser la population \u00e0 l\u2019importance du mouvement, que [&hellip;]<\/p>\n","protected":false},"featured_media":2030,"parent":0,"template":"","format":"standard","meta":{"_sitemap_exclude":false,"_sitemap_priority":"","_sitemap_frequency":"","_eventkit_link":"https:\/\/eventkit.ch\/wp-content\/uploads\/2025\/12\/7.6_Promouvoir-l_activite-physique_EVENTKIT_FINAL.pdf"},"resource_category":[212],"audience":[],"contenttype":[216],"class_list":["post-2171","resource","type-resource","status-publish","format-standard","has-post-thumbnail","hentry","resource_category-sante-prevention","contenttype-fiches-dinformation"],"yoast_head":"<!-- This site is optimized with the Yoast SEO plugin v27.3 - https:\/\/yoast.com\/product\/yoast-seo-wordpress\/ -->\n<title>Promouvoir l&#039;activit\u00e9 physique - EventKit<\/title>\n<meta name=\"robots\" content=\"index, follow, max-snippet:-1, max-image-preview:large, max-video-preview:-1\" \/>\n<link rel=\"canonical\" href=\"https:\/\/eventkit.ch\/?resource=promouvoir-lactivite-physique&lang=fr\" \/>\n<meta property=\"og:locale\" content=\"de_DE\" \/>\n<meta property=\"og:type\" content=\"article\" \/>\n<meta property=\"og:title\" content=\"Promouvoir l&#039;activit\u00e9 physique - EventKit\" \/>\n<meta property=\"og:description\" content=\"Le manque d\u2019activit\u00e9 physique, associ\u00e9 \u00e0 de mauvaises habitudes alimentaires, constitue aujourd\u2019hui l\u2019une des principales causes de la progression du surpoids et de certaines maladies non transmissibles telles que les maladies cardiovasculaires, l\u2019hypertension, le diab\u00e8te, certains cancers ou encore la d\u00e9pression.&nbsp;&nbsp;Les manifestations offrent une occasion privil\u00e9gi\u00e9e de sensibiliser la population \u00e0 l\u2019importance du mouvement, que [&hellip;]\" \/>\n<meta property=\"og:url\" content=\"https:\/\/eventkit.ch\/?resource=promouvoir-lactivite-physique&amp;lang=fr\" \/>\n<meta property=\"og:site_name\" content=\"EventKit\" \/>\n<meta property=\"article:modified_time\" content=\"2026-03-23T17:17:45+00:00\" \/>\n<meta property=\"og:image\" content=\"https:\/\/eventkit.ch\/wp-content\/uploads\/2025\/12\/Rawkingphoto.ch__DSC4015-scaled.jpg\" \/>\n\t<meta property=\"og:image:width\" content=\"2560\" \/>\n\t<meta property=\"og:image:height\" content=\"1707\" \/>\n\t<meta property=\"og:image:type\" content=\"image\/jpeg\" \/>\n<meta name=\"twitter:card\" content=\"summary_large_image\" \/>\n<meta name=\"twitter:label1\" content=\"Gesch\u00e4tzte Lesezeit\" \/>\n\t<meta name=\"twitter:data1\" content=\"3\u00a0Minuten\" \/>\n<script type=\"application\/ld+json\" class=\"yoast-schema-graph\">{\"@context\":\"https:\\\/\\\/schema.org\",\"@graph\":[{\"@type\":\"WebPage\",\"@id\":\"https:\\\/\\\/eventkit.ch\\\/?resource=promouvoir-lactivite-physique&lang=fr\",\"url\":\"https:\\\/\\\/eventkit.ch\\\/?resource=promouvoir-lactivite-physique&lang=fr\",\"name\":\"Promouvoir l'activit\u00e9 physique - EventKit\",\"isPartOf\":{\"@id\":\"https:\\\/\\\/eventkit.ch\\\/#website\"},\"primaryImageOfPage\":{\"@id\":\"https:\\\/\\\/eventkit.ch\\\/?resource=promouvoir-lactivite-physique&lang=fr#primaryimage\"},\"image\":{\"@id\":\"https:\\\/\\\/eventkit.ch\\\/?resource=promouvoir-lactivite-physique&lang=fr#primaryimage\"},\"thumbnailUrl\":\"https:\\\/\\\/eventkit.ch\\\/wp-content\\\/uploads\\\/2025\\\/12\\\/Rawkingphoto.ch__DSC4015-scaled.jpg\",\"datePublished\":\"2025-12-22T19:51:04+00:00\",\"dateModified\":\"2026-03-23T17:17:45+00:00\",\"breadcrumb\":{\"@id\":\"https:\\\/\\\/eventkit.ch\\\/?resource=promouvoir-lactivite-physique&lang=fr#breadcrumb\"},\"inLanguage\":\"de\",\"potentialAction\":[{\"@type\":\"ReadAction\",\"target\":[\"https:\\\/\\\/eventkit.ch\\\/?resource=promouvoir-lactivite-physique&lang=fr\"]}]},{\"@type\":\"ImageObject\",\"inLanguage\":\"de\",\"@id\":\"https:\\\/\\\/eventkit.ch\\\/?resource=promouvoir-lactivite-physique&lang=fr#primaryimage\",\"url\":\"https:\\\/\\\/eventkit.ch\\\/wp-content\\\/uploads\\\/2025\\\/12\\\/Rawkingphoto.ch__DSC4015-scaled.jpg\",\"contentUrl\":\"https:\\\/\\\/eventkit.ch\\\/wp-content\\\/uploads\\\/2025\\\/12\\\/Rawkingphoto.ch__DSC4015-scaled.jpg\",\"width\":2560,\"height\":1707},{\"@type\":\"BreadcrumbList\",\"@id\":\"https:\\\/\\\/eventkit.ch\\\/?resource=promouvoir-lactivite-physique&lang=fr#breadcrumb\",\"itemListElement\":[{\"@type\":\"ListItem\",\"position\":1,\"name\":\"Home\",\"item\":\"https:\\\/\\\/eventkit.ch\\\/\"},{\"@type\":\"ListItem\",\"position\":2,\"name\":\"Merkbl\u00e4tter\",\"item\":\"https:\\\/\\\/eventkit.ch\\\/?post_type=resource&lang=fr\"},{\"@type\":\"ListItem\",\"position\":3,\"name\":\"Promouvoir l&#8217;activit\u00e9 physique\"}]},{\"@type\":\"WebSite\",\"@id\":\"https:\\\/\\\/eventkit.ch\\\/#website\",\"url\":\"https:\\\/\\\/eventkit.ch\\\/\",\"name\":\"EventKit\",\"description\":\"Nachhaltigkeit, die wirkt: Dein Event im Check.\",\"publisher\":{\"@id\":\"https:\\\/\\\/eventkit.ch\\\/#organization\"},\"potentialAction\":[{\"@type\":\"SearchAction\",\"target\":{\"@type\":\"EntryPoint\",\"urlTemplate\":\"https:\\\/\\\/eventkit.ch\\\/?s={search_term_string}\"},\"query-input\":{\"@type\":\"PropertyValueSpecification\",\"valueRequired\":true,\"valueName\":\"search_term_string\"}}],\"inLanguage\":\"de\"},{\"@type\":\"Organization\",\"@id\":\"https:\\\/\\\/eventkit.ch\\\/#organization\",\"name\":\"EventKit\",\"url\":\"https:\\\/\\\/eventkit.ch\\\/\",\"logo\":{\"@type\":\"ImageObject\",\"inLanguage\":\"de\",\"@id\":\"https:\\\/\\\/eventkit.ch\\\/#\\\/schema\\\/logo\\\/image\\\/\",\"url\":\"https:\\\/\\\/eventkit.ch\\\/wp-content\\\/uploads\\\/2025\\\/11\\\/android-icon-144x144-1.png\",\"contentUrl\":\"https:\\\/\\\/eventkit.ch\\\/wp-content\\\/uploads\\\/2025\\\/11\\\/android-icon-144x144-1.png\",\"width\":144,\"height\":144,\"caption\":\"EventKit\"},\"image\":{\"@id\":\"https:\\\/\\\/eventkit.ch\\\/#\\\/schema\\\/logo\\\/image\\\/\"}}]}<\/script>\n<!-- \/ Yoast SEO plugin. -->","yoast_head_json":{"title":"Promouvoir l'activit\u00e9 physique - EventKit","robots":{"index":"index","follow":"follow","max-snippet":"max-snippet:-1","max-image-preview":"max-image-preview:large","max-video-preview":"max-video-preview:-1"},"canonical":"https:\/\/eventkit.ch\/?resource=promouvoir-lactivite-physique&lang=fr","og_locale":"de_DE","og_type":"article","og_title":"Promouvoir l'activit\u00e9 physique - EventKit","og_description":"Le manque d\u2019activit\u00e9 physique, associ\u00e9 \u00e0 de mauvaises habitudes alimentaires, constitue aujourd\u2019hui l\u2019une des principales causes de la progression du surpoids et de certaines maladies non transmissibles telles que les maladies cardiovasculaires, l\u2019hypertension, le diab\u00e8te, certains cancers ou encore la d\u00e9pression.&nbsp;&nbsp;Les manifestations offrent une occasion privil\u00e9gi\u00e9e de sensibiliser la population \u00e0 l\u2019importance du mouvement, que [&hellip;]","og_url":"https:\/\/eventkit.ch\/?resource=promouvoir-lactivite-physique&lang=fr","og_site_name":"EventKit","article_modified_time":"2026-03-23T17:17:45+00:00","og_image":[{"width":2560,"height":1707,"url":"https:\/\/eventkit.ch\/wp-content\/uploads\/2025\/12\/Rawkingphoto.ch__DSC4015-scaled.jpg","type":"image\/jpeg"}],"twitter_card":"summary_large_image","twitter_misc":{"Gesch\u00e4tzte Lesezeit":"3\u00a0Minuten"},"schema":{"@context":"https:\/\/schema.org","@graph":[{"@type":"WebPage","@id":"https:\/\/eventkit.ch\/?resource=promouvoir-lactivite-physique&lang=fr","url":"https:\/\/eventkit.ch\/?resource=promouvoir-lactivite-physique&lang=fr","name":"Promouvoir l'activit\u00e9 physique - EventKit","isPartOf":{"@id":"https:\/\/eventkit.ch\/#website"},"primaryImageOfPage":{"@id":"https:\/\/eventkit.ch\/?resource=promouvoir-lactivite-physique&lang=fr#primaryimage"},"image":{"@id":"https:\/\/eventkit.ch\/?resource=promouvoir-lactivite-physique&lang=fr#primaryimage"},"thumbnailUrl":"https:\/\/eventkit.ch\/wp-content\/uploads\/2025\/12\/Rawkingphoto.ch__DSC4015-scaled.jpg","datePublished":"2025-12-22T19:51:04+00:00","dateModified":"2026-03-23T17:17:45+00:00","breadcrumb":{"@id":"https:\/\/eventkit.ch\/?resource=promouvoir-lactivite-physique&lang=fr#breadcrumb"},"inLanguage":"de","potentialAction":[{"@type":"ReadAction","target":["https:\/\/eventkit.ch\/?resource=promouvoir-lactivite-physique&lang=fr"]}]},{"@type":"ImageObject","inLanguage":"de","@id":"https:\/\/eventkit.ch\/?resource=promouvoir-lactivite-physique&lang=fr#primaryimage","url":"https:\/\/eventkit.ch\/wp-content\/uploads\/2025\/12\/Rawkingphoto.ch__DSC4015-scaled.jpg","contentUrl":"https:\/\/eventkit.ch\/wp-content\/uploads\/2025\/12\/Rawkingphoto.ch__DSC4015-scaled.jpg","width":2560,"height":1707},{"@type":"BreadcrumbList","@id":"https:\/\/eventkit.ch\/?resource=promouvoir-lactivite-physique&lang=fr#breadcrumb","itemListElement":[{"@type":"ListItem","position":1,"name":"Home","item":"https:\/\/eventkit.ch\/"},{"@type":"ListItem","position":2,"name":"Merkbl\u00e4tter","item":"https:\/\/eventkit.ch\/?post_type=resource&lang=fr"},{"@type":"ListItem","position":3,"name":"Promouvoir l&#8217;activit\u00e9 physique"}]},{"@type":"WebSite","@id":"https:\/\/eventkit.ch\/#website","url":"https:\/\/eventkit.ch\/","name":"EventKit","description":"Nachhaltigkeit, die wirkt: Dein Event im Check.","publisher":{"@id":"https:\/\/eventkit.ch\/#organization"},"potentialAction":[{"@type":"SearchAction","target":{"@type":"EntryPoint","urlTemplate":"https:\/\/eventkit.ch\/?s={search_term_string}"},"query-input":{"@type":"PropertyValueSpecification","valueRequired":true,"valueName":"search_term_string"}}],"inLanguage":"de"},{"@type":"Organization","@id":"https:\/\/eventkit.ch\/#organization","name":"EventKit","url":"https:\/\/eventkit.ch\/","logo":{"@type":"ImageObject","inLanguage":"de","@id":"https:\/\/eventkit.ch\/#\/schema\/logo\/image\/","url":"https:\/\/eventkit.ch\/wp-content\/uploads\/2025\/11\/android-icon-144x144-1.png","contentUrl":"https:\/\/eventkit.ch\/wp-content\/uploads\/2025\/11\/android-icon-144x144-1.png","width":144,"height":144,"caption":"EventKit"},"image":{"@id":"https:\/\/eventkit.ch\/#\/schema\/logo\/image\/"}}]}},"_links":{"self":[{"href":"https:\/\/eventkit.ch\/index.php?rest_route=\/wp\/v2\/resource\/2171","targetHints":{"allow":["GET"]}}],"collection":[{"href":"https:\/\/eventkit.ch\/index.php?rest_route=\/wp\/v2\/resource"}],"about":[{"href":"https:\/\/eventkit.ch\/index.php?rest_route=\/wp\/v2\/types\/resource"}],"wp:featuredmedia":[{"embeddable":true,"href":"https:\/\/eventkit.ch\/index.php?rest_route=\/wp\/v2\/media\/2030"}],"wp:attachment":[{"href":"https:\/\/eventkit.ch\/index.php?rest_route=%2Fwp%2Fv2%2Fmedia&parent=2171"}],"wp:term":[{"taxonomy":"resource_category","embeddable":true,"href":"https:\/\/eventkit.ch\/index.php?rest_route=%2Fwp%2Fv2%2Fresource_category&post=2171"},{"taxonomy":"audience","embeddable":true,"href":"https:\/\/eventkit.ch\/index.php?rest_route=%2Fwp%2Fv2%2Faudience&post=2171"},{"taxonomy":"contenttype","embeddable":true,"href":"https:\/\/eventkit.ch\/index.php?rest_route=%2Fwp%2Fv2%2Fcontenttype&post=2171"}],"curies":[{"name":"wp","href":"https:\/\/api.w.org\/{rel}","templated":true}]}}