{"id":2160,"date":"2025-12-22T15:36:03","date_gmt":"2025-12-22T15:36:03","guid":{"rendered":"https:\/\/eventkit.ch\/?post_type=resource&#038;p=2160"},"modified":"2026-03-23T17:59:39","modified_gmt":"2026-03-23T16:59:39","slug":"garantir-des-espaces-sans-fumee","status":"publish","type":"resource","link":"https:\/\/eventkit.ch\/?resource=garantir-des-espaces-sans-fumee&lang=fr","title":{"rendered":"Garantir des espaces sans fum\u00e9e\u00a0"},"content":{"rendered":"<p>Les mesures relatives au tabac rel\u00e8vent \u00e0 la fois d\u2019une obligation l\u00e9gale et d\u2019un engagement de sant\u00e9 publique.&nbsp;<br>&nbsp;<br>La consommation de tabac nuit non seulement \u00e0 la sant\u00e9 du fumeur, mais \u00e9galement \u00e0 celle des personnes expos\u00e9es \u00e0 la fum\u00e9e passive.&nbsp;<br>&nbsp;<br>Cr\u00e9er des espaces sans fum\u00e9e contribue \u00e0 un environnement plus sain et convivial pour l\u2019ensemble du public.&nbsp;<\/p><h2 class=\"wp-block-heading\">Avant la manifestation<\/h2><ul class=\"wp-block-list\"><li>Respecter les prescriptions l\u00e9gales, notamment :\u00a0<ul class=\"wp-block-list\"><li>interdiction de fumer \u00e0 l\u2019int\u00e9rieur des lieux publics\u00a0<\/li>\n\n<li>interdiction de vente de tabac aux mineurs\u00a0<\/li>\n\n<li>interdiction de toute publicit\u00e9 li\u00e9e au tabac\u00a0<\/li><\/ul><\/li>\n\n<li>Installer une signal\u00e9tique claire et visible rappelant l\u2019interdiction de fumer.\u00a0<\/li>\n\n<li>D\u00e9finir des zones suppl\u00e9mentaires sans fum\u00e9e \u00e0 l\u2019ext\u00e9rieur (ex. : cantines, terrasses couvertes, sc\u00e8nes abrit\u00e9es).\u00a0<\/li>\n\n<li>\u00c9valuer la possibilit\u00e9 et la volont\u00e9 d\u2019interdire la vente de tabac sur l\u2019ensemble du site de la manifestation.\u00a0<\/li>\n\n<li>Collaborer avec une association de pr\u00e9vention (par ex. Ligue pulmonaire, associations locales de sant\u00e9) pour mener des actions de sensibilisation.\u00a0\u00a0<\/li><\/ul><h2 class=\"wp-block-heading\">Pendant la manifestation<\/h2><ul class=\"wp-block-list\"><li>Faire respecter les zones sans fum\u00e9e \u00e0 l\u2019aide d\u2019une signal\u00e9tique claire et d\u2019un rappel bienveillant aupr\u00e8s du public.\u00a0<\/li>\n\n<li>Informer et sensibiliser le public aux enjeux de sant\u00e9 li\u00e9s au tabagisme passif.\u00a0<\/li><\/ul>","protected":false},"excerpt":{"rendered":"<p>Les mesures relatives au tabac rel\u00e8vent \u00e0 la fois d\u2019une obligation l\u00e9gale et d\u2019un engagement de sant\u00e9 publique.&nbsp;&nbsp;La consommation de tabac nuit non seulement \u00e0 la sant\u00e9 du fumeur, mais \u00e9galement \u00e0 celle des personnes expos\u00e9es \u00e0 la fum\u00e9e passive.&nbsp;&nbsp;Cr\u00e9er des espaces sans fum\u00e9e contribue \u00e0 un environnement plus sain et convivial pour l\u2019ensemble du [&hellip;]<\/p>\n","protected":false},"featured_media":2522,"parent":0,"template":"","format":"standard","meta":{"_sitemap_exclude":false,"_sitemap_priority":"","_sitemap_frequency":"","_eventkit_link":"https:\/\/eventkit.ch\/wp-content\/uploads\/2025\/12\/7.2_Garantir-des-espaces-sans-fumee_EVENTKIT_FINAL.pdf"},"resource_category":[212],"audience":[],"contenttype":[216],"class_list":["post-2160","resource","type-resource","status-publish","format-standard","has-post-thumbnail","hentry","resource_category-sante-prevention","contenttype-fiches-dinformation"],"yoast_head":"<!-- This site is optimized with the Yoast SEO plugin v27.3 - https:\/\/yoast.com\/product\/yoast-seo-wordpress\/ -->\n<title>Garantir des espaces sans fum\u00e9e\u00a0 - EventKit<\/title>\n<meta name=\"robots\" content=\"index, follow, max-snippet:-1, max-image-preview:large, max-video-preview:-1\" \/>\n<link rel=\"canonical\" href=\"https:\/\/eventkit.ch\/?resource=garantir-des-espaces-sans-fumee&lang=fr\" \/>\n<meta property=\"og:locale\" content=\"de_DE\" \/>\n<meta property=\"og:type\" content=\"article\" \/>\n<meta property=\"og:title\" content=\"Garantir des espaces sans fum\u00e9e\u00a0 - EventKit\" \/>\n<meta property=\"og:description\" content=\"Les mesures relatives au tabac rel\u00e8vent \u00e0 la fois d\u2019une obligation l\u00e9gale et d\u2019un engagement de sant\u00e9 publique.&nbsp;&nbsp;La consommation de tabac nuit non seulement \u00e0 la sant\u00e9 du fumeur, mais \u00e9galement \u00e0 celle des personnes expos\u00e9es \u00e0 la fum\u00e9e passive.&nbsp;&nbsp;Cr\u00e9er des espaces sans fum\u00e9e contribue \u00e0 un environnement plus sain et convivial pour l\u2019ensemble du [&hellip;]\" \/>\n<meta property=\"og:url\" content=\"https:\/\/eventkit.ch\/?resource=garantir-des-espaces-sans-fumee&amp;lang=fr\" \/>\n<meta property=\"og:site_name\" content=\"EventKit\" \/>\n<meta property=\"article:modified_time\" content=\"2026-03-23T16:59:39+00:00\" \/>\n<meta property=\"og:image\" content=\"https:\/\/eventkit.ch\/wp-content\/uploads\/2025\/12\/FCB_SoMe_Rauchfrei_3-2_1.webp\" \/>\n\t<meta property=\"og:image:width\" content=\"825\" \/>\n\t<meta property=\"og:image:height\" content=\"550\" \/>\n\t<meta property=\"og:image:type\" content=\"image\/webp\" \/>\n<meta name=\"twitter:card\" content=\"summary_large_image\" \/>\n<meta name=\"twitter:label1\" content=\"Gesch\u00e4tzte Lesezeit\" \/>\n\t<meta name=\"twitter:data1\" content=\"2\u00a0Minuten\" \/>\n<script type=\"application\/ld+json\" class=\"yoast-schema-graph\">{\"@context\":\"https:\\\/\\\/schema.org\",\"@graph\":[{\"@type\":\"WebPage\",\"@id\":\"https:\\\/\\\/eventkit.ch\\\/?resource=garantir-des-espaces-sans-fumee&lang=fr\",\"url\":\"https:\\\/\\\/eventkit.ch\\\/?resource=garantir-des-espaces-sans-fumee&lang=fr\",\"name\":\"Garantir des espaces sans fum\u00e9e\u00a0 - EventKit\",\"isPartOf\":{\"@id\":\"https:\\\/\\\/eventkit.ch\\\/#website\"},\"primaryImageOfPage\":{\"@id\":\"https:\\\/\\\/eventkit.ch\\\/?resource=garantir-des-espaces-sans-fumee&lang=fr#primaryimage\"},\"image\":{\"@id\":\"https:\\\/\\\/eventkit.ch\\\/?resource=garantir-des-espaces-sans-fumee&lang=fr#primaryimage\"},\"thumbnailUrl\":\"https:\\\/\\\/eventkit.ch\\\/wp-content\\\/uploads\\\/2025\\\/12\\\/FCB_SoMe_Rauchfrei_3-2_1.webp\",\"datePublished\":\"2025-12-22T15:36:03+00:00\",\"dateModified\":\"2026-03-23T16:59:39+00:00\",\"breadcrumb\":{\"@id\":\"https:\\\/\\\/eventkit.ch\\\/?resource=garantir-des-espaces-sans-fumee&lang=fr#breadcrumb\"},\"inLanguage\":\"de\",\"potentialAction\":[{\"@type\":\"ReadAction\",\"target\":[\"https:\\\/\\\/eventkit.ch\\\/?resource=garantir-des-espaces-sans-fumee&lang=fr\"]}]},{\"@type\":\"ImageObject\",\"inLanguage\":\"de\",\"@id\":\"https:\\\/\\\/eventkit.ch\\\/?resource=garantir-des-espaces-sans-fumee&lang=fr#primaryimage\",\"url\":\"https:\\\/\\\/eventkit.ch\\\/wp-content\\\/uploads\\\/2025\\\/12\\\/FCB_SoMe_Rauchfrei_3-2_1.webp\",\"contentUrl\":\"https:\\\/\\\/eventkit.ch\\\/wp-content\\\/uploads\\\/2025\\\/12\\\/FCB_SoMe_Rauchfrei_3-2_1.webp\",\"width\":825,\"height\":550},{\"@type\":\"BreadcrumbList\",\"@id\":\"https:\\\/\\\/eventkit.ch\\\/?resource=garantir-des-espaces-sans-fumee&lang=fr#breadcrumb\",\"itemListElement\":[{\"@type\":\"ListItem\",\"position\":1,\"name\":\"Home\",\"item\":\"https:\\\/\\\/eventkit.ch\\\/\"},{\"@type\":\"ListItem\",\"position\":2,\"name\":\"Merkbl\u00e4tter\",\"item\":\"https:\\\/\\\/eventkit.ch\\\/?post_type=resource&lang=fr\"},{\"@type\":\"ListItem\",\"position\":3,\"name\":\"Garantir des espaces sans fum\u00e9e\u00a0\"}]},{\"@type\":\"WebSite\",\"@id\":\"https:\\\/\\\/eventkit.ch\\\/#website\",\"url\":\"https:\\\/\\\/eventkit.ch\\\/\",\"name\":\"EventKit\",\"description\":\"Nachhaltigkeit, die wirkt: Dein Event im Check.\",\"publisher\":{\"@id\":\"https:\\\/\\\/eventkit.ch\\\/#organization\"},\"potentialAction\":[{\"@type\":\"SearchAction\",\"target\":{\"@type\":\"EntryPoint\",\"urlTemplate\":\"https:\\\/\\\/eventkit.ch\\\/?s={search_term_string}\"},\"query-input\":{\"@type\":\"PropertyValueSpecification\",\"valueRequired\":true,\"valueName\":\"search_term_string\"}}],\"inLanguage\":\"de\"},{\"@type\":\"Organization\",\"@id\":\"https:\\\/\\\/eventkit.ch\\\/#organization\",\"name\":\"EventKit\",\"url\":\"https:\\\/\\\/eventkit.ch\\\/\",\"logo\":{\"@type\":\"ImageObject\",\"inLanguage\":\"de\",\"@id\":\"https:\\\/\\\/eventkit.ch\\\/#\\\/schema\\\/logo\\\/image\\\/\",\"url\":\"https:\\\/\\\/eventkit.ch\\\/wp-content\\\/uploads\\\/2025\\\/11\\\/android-icon-144x144-1.png\",\"contentUrl\":\"https:\\\/\\\/eventkit.ch\\\/wp-content\\\/uploads\\\/2025\\\/11\\\/android-icon-144x144-1.png\",\"width\":144,\"height\":144,\"caption\":\"EventKit\"},\"image\":{\"@id\":\"https:\\\/\\\/eventkit.ch\\\/#\\\/schema\\\/logo\\\/image\\\/\"}}]}<\/script>\n<!-- \/ Yoast SEO plugin. -->","yoast_head_json":{"title":"Garantir des espaces sans fum\u00e9e\u00a0 - EventKit","robots":{"index":"index","follow":"follow","max-snippet":"max-snippet:-1","max-image-preview":"max-image-preview:large","max-video-preview":"max-video-preview:-1"},"canonical":"https:\/\/eventkit.ch\/?resource=garantir-des-espaces-sans-fumee&lang=fr","og_locale":"de_DE","og_type":"article","og_title":"Garantir des espaces sans fum\u00e9e\u00a0 - EventKit","og_description":"Les mesures relatives au tabac rel\u00e8vent \u00e0 la fois d\u2019une obligation l\u00e9gale et d\u2019un engagement de sant\u00e9 publique.&nbsp;&nbsp;La consommation de tabac nuit non seulement \u00e0 la sant\u00e9 du fumeur, mais \u00e9galement \u00e0 celle des personnes expos\u00e9es \u00e0 la fum\u00e9e passive.&nbsp;&nbsp;Cr\u00e9er des espaces sans fum\u00e9e contribue \u00e0 un environnement plus sain et convivial pour l\u2019ensemble du [&hellip;]","og_url":"https:\/\/eventkit.ch\/?resource=garantir-des-espaces-sans-fumee&lang=fr","og_site_name":"EventKit","article_modified_time":"2026-03-23T16:59:39+00:00","og_image":[{"width":825,"height":550,"url":"https:\/\/eventkit.ch\/wp-content\/uploads\/2025\/12\/FCB_SoMe_Rauchfrei_3-2_1.webp","type":"image\/webp"}],"twitter_card":"summary_large_image","twitter_misc":{"Gesch\u00e4tzte Lesezeit":"2\u00a0Minuten"},"schema":{"@context":"https:\/\/schema.org","@graph":[{"@type":"WebPage","@id":"https:\/\/eventkit.ch\/?resource=garantir-des-espaces-sans-fumee&lang=fr","url":"https:\/\/eventkit.ch\/?resource=garantir-des-espaces-sans-fumee&lang=fr","name":"Garantir des espaces sans fum\u00e9e\u00a0 - EventKit","isPartOf":{"@id":"https:\/\/eventkit.ch\/#website"},"primaryImageOfPage":{"@id":"https:\/\/eventkit.ch\/?resource=garantir-des-espaces-sans-fumee&lang=fr#primaryimage"},"image":{"@id":"https:\/\/eventkit.ch\/?resource=garantir-des-espaces-sans-fumee&lang=fr#primaryimage"},"thumbnailUrl":"https:\/\/eventkit.ch\/wp-content\/uploads\/2025\/12\/FCB_SoMe_Rauchfrei_3-2_1.webp","datePublished":"2025-12-22T15:36:03+00:00","dateModified":"2026-03-23T16:59:39+00:00","breadcrumb":{"@id":"https:\/\/eventkit.ch\/?resource=garantir-des-espaces-sans-fumee&lang=fr#breadcrumb"},"inLanguage":"de","potentialAction":[{"@type":"ReadAction","target":["https:\/\/eventkit.ch\/?resource=garantir-des-espaces-sans-fumee&lang=fr"]}]},{"@type":"ImageObject","inLanguage":"de","@id":"https:\/\/eventkit.ch\/?resource=garantir-des-espaces-sans-fumee&lang=fr#primaryimage","url":"https:\/\/eventkit.ch\/wp-content\/uploads\/2025\/12\/FCB_SoMe_Rauchfrei_3-2_1.webp","contentUrl":"https:\/\/eventkit.ch\/wp-content\/uploads\/2025\/12\/FCB_SoMe_Rauchfrei_3-2_1.webp","width":825,"height":550},{"@type":"BreadcrumbList","@id":"https:\/\/eventkit.ch\/?resource=garantir-des-espaces-sans-fumee&lang=fr#breadcrumb","itemListElement":[{"@type":"ListItem","position":1,"name":"Home","item":"https:\/\/eventkit.ch\/"},{"@type":"ListItem","position":2,"name":"Merkbl\u00e4tter","item":"https:\/\/eventkit.ch\/?post_type=resource&lang=fr"},{"@type":"ListItem","position":3,"name":"Garantir des espaces sans fum\u00e9e\u00a0"}]},{"@type":"WebSite","@id":"https:\/\/eventkit.ch\/#website","url":"https:\/\/eventkit.ch\/","name":"EventKit","description":"Nachhaltigkeit, die wirkt: Dein Event im Check.","publisher":{"@id":"https:\/\/eventkit.ch\/#organization"},"potentialAction":[{"@type":"SearchAction","target":{"@type":"EntryPoint","urlTemplate":"https:\/\/eventkit.ch\/?s={search_term_string}"},"query-input":{"@type":"PropertyValueSpecification","valueRequired":true,"valueName":"search_term_string"}}],"inLanguage":"de"},{"@type":"Organization","@id":"https:\/\/eventkit.ch\/#organization","name":"EventKit","url":"https:\/\/eventkit.ch\/","logo":{"@type":"ImageObject","inLanguage":"de","@id":"https:\/\/eventkit.ch\/#\/schema\/logo\/image\/","url":"https:\/\/eventkit.ch\/wp-content\/uploads\/2025\/11\/android-icon-144x144-1.png","contentUrl":"https:\/\/eventkit.ch\/wp-content\/uploads\/2025\/11\/android-icon-144x144-1.png","width":144,"height":144,"caption":"EventKit"},"image":{"@id":"https:\/\/eventkit.ch\/#\/schema\/logo\/image\/"}}]}},"_links":{"self":[{"href":"https:\/\/eventkit.ch\/index.php?rest_route=\/wp\/v2\/resource\/2160","targetHints":{"allow":["GET"]}}],"collection":[{"href":"https:\/\/eventkit.ch\/index.php?rest_route=\/wp\/v2\/resource"}],"about":[{"href":"https:\/\/eventkit.ch\/index.php?rest_route=\/wp\/v2\/types\/resource"}],"wp:featuredmedia":[{"embeddable":true,"href":"https:\/\/eventkit.ch\/index.php?rest_route=\/wp\/v2\/media\/2522"}],"wp:attachment":[{"href":"https:\/\/eventkit.ch\/index.php?rest_route=%2Fwp%2Fv2%2Fmedia&parent=2160"}],"wp:term":[{"taxonomy":"resource_category","embeddable":true,"href":"https:\/\/eventkit.ch\/index.php?rest_route=%2Fwp%2Fv2%2Fresource_category&post=2160"},{"taxonomy":"audience","embeddable":true,"href":"https:\/\/eventkit.ch\/index.php?rest_route=%2Fwp%2Fv2%2Faudience&post=2160"},{"taxonomy":"contenttype","embeddable":true,"href":"https:\/\/eventkit.ch\/index.php?rest_route=%2Fwp%2Fv2%2Fcontenttype&post=2160"}],"curies":[{"name":"wp","href":"https:\/\/api.w.org\/{rel}","templated":true}]}}