{"id":2153,"date":"2025-12-22T14:13:46","date_gmt":"2025-12-22T14:13:46","guid":{"rendered":"https:\/\/eventkit.ch\/?post_type=resource&#038;p=2153"},"modified":"2026-03-23T17:53:52","modified_gmt":"2026-03-23T16:53:52","slug":"choisir-les-herbergements","status":"publish","type":"resource","link":"https:\/\/eventkit.ch\/?resource=choisir-les-herbergements&lang=fr","title":{"rendered":"Choisir les h\u00e9rbergements"},"content":{"rendered":"<p>Le choix des h\u00e9bergements repr\u00e9sente une occasion concr\u00e8te d\u2019int\u00e9grer la durabilit\u00e9 au-del\u00e0 du lieu de la manifestation.<br>Outre la proximit\u00e9 du site de l\u2019\u00e9v\u00e9nement et l\u2019acc\u00e8s aux transports publics, des crit\u00e8res tels que la <strong>responsabilit\u00e9 sociale<\/strong> et la <strong>politique environnementale<\/strong> des \u00e9tablissements peuvent jouer un r\u00f4le d\u00e9cisif.<br><br>Une s\u00e9lection r\u00e9fl\u00e9chie renforce la coh\u00e9rence des actions de durabilit\u00e9 mises en place, apporte une <strong>plus-value pour les participantes et participants ainsi que les partenaires<\/strong> et, bien communiqu\u00e9e, contribue \u00e0 la <strong>sensibilisation du public.<\/strong><\/p><p><\/p><h2 class=\"wp-block-heading\">Avant la manifestation<\/h2><ul class=\"wp-block-list\"><li>Privil\u00e9gier les h\u00e9bergements <strong>situ\u00e9s \u00e0 proximit\u00e9<\/strong> du lieu de la manifestation ou <strong>facilement accessibles <\/strong>en transports publics. >> Veiller \u00e0 ce que les infrastructures soient <strong>accessibles aux personnes \u00e0 mobilit\u00e9 r\u00e9duite.<\/strong><ul class=\"wp-block-list\"><li>S\u00e9lectionner des \u00e9tablissements disposant d\u2019une <strong>politique environnementale active<\/strong>, notamment concernant :<\/li>\n\n<li>la consommation d\u2019\u00e9nergie (\u00e9clairage, chauffage, \u00e9quipements performants),<\/li>\n\n<li>la gestion de l\u2019eau (r\u00e9duction du gaspillage, \u00e9quipements \u00e9conomes),<\/li>\n\n<li>l\u2019utilisation de <strong>produits d\u2019entretien \u00e9cologiques,<\/strong><\/li>\n\n<li>l\u2019approvisionnement en <strong>produits r\u00e9gionaux et de saison<\/strong> pour les repas.<\/li><\/ul><\/li>\n\n<li>Favoriser les \u00e9tablissements qui adoptent une <strong>approche socialement responsable<\/strong>, par exemple :<ul class=\"wp-block-list\"><li>salaires \u00e9quitables,<\/li>\n\n<li>\u00e9galit\u00e9 entre femmes et hommes,<\/li>\n\n<li>offre de formation continue,<\/li>\n\n<li>lutte contre le travail non d\u00e9clar\u00e9.<\/li>\n\n<li>\u00c9tablir des<strong>partenariats <\/strong>avec certains \u00e9tablissements exemplaires et les valoriser sur le <strong>site web ou les supports de communication<\/strong> de la manifestation afin d\u2019encourager le public \u00e0 privil\u00e9gier ces h\u00e9bergements.<\/li><\/ul><\/li><\/ul><h2 class=\"wp-block-heading\">Apr\u00e8s la manifestation<\/h2><ul class=\"wp-block-list\"><li>Recueillir un retour d\u2019exp\u00e9rience sur les h\u00e9bergements utilis\u00e9s (questionnaire, formulaire en ligne, etc.).<\/li>\n\n<li>\u00c9valuer le nombre de personnes ayant opt\u00e9 pour les \u00e9tablissements partenaires.<\/li>\n\n<li>Documenter les r\u00e9sultats afin d\u2019am\u00e9liorer ou d\u2019\u00e9largir la collaboration pour les prochaines \u00e9ditions.<\/li><\/ul>","protected":false},"excerpt":{"rendered":"<p>Le choix des h\u00e9bergements repr\u00e9sente une occasion concr\u00e8te d\u2019int\u00e9grer la durabilit\u00e9 au-del\u00e0 du lieu de la manifestation.Outre la proximit\u00e9 du site de l\u2019\u00e9v\u00e9nement et l\u2019acc\u00e8s aux transports publics, des crit\u00e8res tels que la responsabilit\u00e9 sociale et la politique environnementale des \u00e9tablissements peuvent jouer un r\u00f4le d\u00e9cisif. Une s\u00e9lection r\u00e9fl\u00e9chie renforce la coh\u00e9rence des actions de [&hellip;]<\/p>\n","protected":false},"featured_media":2533,"parent":0,"template":"","format":"standard","meta":{"_sitemap_exclude":false,"_sitemap_priority":"","_sitemap_frequency":"","_eventkit_link":"https:\/\/eventkit.ch\/wp-content\/uploads\/2025\/12\/9_Choisir-les-hebergements_EVENTKIT_FINAL.pdf"},"resource_category":[214],"audience":[],"contenttype":[216],"class_list":["post-2153","resource","type-resource","status-publish","format-standard","has-post-thumbnail","hentry","resource_category-economie","contenttype-fiches-dinformation"],"yoast_head":"<!-- This site is optimized with the Yoast SEO plugin v27.3 - https:\/\/yoast.com\/product\/yoast-seo-wordpress\/ -->\n<title>Choisir les h\u00e9rbergements - EventKit<\/title>\n<meta name=\"robots\" content=\"index, follow, max-snippet:-1, max-image-preview:large, max-video-preview:-1\" \/>\n<link rel=\"canonical\" href=\"https:\/\/eventkit.ch\/?resource=choisir-les-herbergements&lang=fr\" \/>\n<meta property=\"og:locale\" content=\"de_DE\" \/>\n<meta property=\"og:type\" content=\"article\" \/>\n<meta property=\"og:title\" content=\"Choisir les h\u00e9rbergements - EventKit\" \/>\n<meta property=\"og:description\" content=\"Le choix des h\u00e9bergements repr\u00e9sente une occasion concr\u00e8te d\u2019int\u00e9grer la durabilit\u00e9 au-del\u00e0 du lieu de la manifestation.Outre la proximit\u00e9 du site de l\u2019\u00e9v\u00e9nement et l\u2019acc\u00e8s aux transports publics, des crit\u00e8res tels que la responsabilit\u00e9 sociale et la politique environnementale des \u00e9tablissements peuvent jouer un r\u00f4le d\u00e9cisif. Une s\u00e9lection r\u00e9fl\u00e9chie renforce la coh\u00e9rence des actions de [&hellip;]\" \/>\n<meta property=\"og:url\" content=\"https:\/\/eventkit.ch\/?resource=choisir-les-herbergements&amp;lang=fr\" \/>\n<meta property=\"og:site_name\" content=\"EventKit\" \/>\n<meta property=\"article:modified_time\" content=\"2026-03-23T16:53:52+00:00\" \/>\n<meta property=\"og:image\" content=\"https:\/\/eventkit.ch\/wp-content\/uploads\/2025\/12\/Schweizer-Jugendherbergen.webp\" \/>\n\t<meta property=\"og:image:width\" content=\"1920\" \/>\n\t<meta property=\"og:image:height\" content=\"720\" \/>\n\t<meta property=\"og:image:type\" content=\"image\/webp\" \/>\n<meta name=\"twitter:card\" content=\"summary_large_image\" \/>\n<meta name=\"twitter:label1\" content=\"Gesch\u00e4tzte Lesezeit\" \/>\n\t<meta name=\"twitter:data1\" content=\"2\u00a0Minuten\" \/>\n<script type=\"application\/ld+json\" class=\"yoast-schema-graph\">{\"@context\":\"https:\\\/\\\/schema.org\",\"@graph\":[{\"@type\":\"WebPage\",\"@id\":\"https:\\\/\\\/eventkit.ch\\\/?resource=choisir-les-herbergements&lang=fr\",\"url\":\"https:\\\/\\\/eventkit.ch\\\/?resource=choisir-les-herbergements&lang=fr\",\"name\":\"Choisir les h\u00e9rbergements - EventKit\",\"isPartOf\":{\"@id\":\"https:\\\/\\\/eventkit.ch\\\/#website\"},\"primaryImageOfPage\":{\"@id\":\"https:\\\/\\\/eventkit.ch\\\/?resource=choisir-les-herbergements&lang=fr#primaryimage\"},\"image\":{\"@id\":\"https:\\\/\\\/eventkit.ch\\\/?resource=choisir-les-herbergements&lang=fr#primaryimage\"},\"thumbnailUrl\":\"https:\\\/\\\/eventkit.ch\\\/wp-content\\\/uploads\\\/2025\\\/12\\\/Schweizer-Jugendherbergen.webp\",\"datePublished\":\"2025-12-22T14:13:46+00:00\",\"dateModified\":\"2026-03-23T16:53:52+00:00\",\"breadcrumb\":{\"@id\":\"https:\\\/\\\/eventkit.ch\\\/?resource=choisir-les-herbergements&lang=fr#breadcrumb\"},\"inLanguage\":\"de\",\"potentialAction\":[{\"@type\":\"ReadAction\",\"target\":[\"https:\\\/\\\/eventkit.ch\\\/?resource=choisir-les-herbergements&lang=fr\"]}]},{\"@type\":\"ImageObject\",\"inLanguage\":\"de\",\"@id\":\"https:\\\/\\\/eventkit.ch\\\/?resource=choisir-les-herbergements&lang=fr#primaryimage\",\"url\":\"https:\\\/\\\/eventkit.ch\\\/wp-content\\\/uploads\\\/2025\\\/12\\\/Schweizer-Jugendherbergen.webp\",\"contentUrl\":\"https:\\\/\\\/eventkit.ch\\\/wp-content\\\/uploads\\\/2025\\\/12\\\/Schweizer-Jugendherbergen.webp\",\"width\":1920,\"height\":720},{\"@type\":\"BreadcrumbList\",\"@id\":\"https:\\\/\\\/eventkit.ch\\\/?resource=choisir-les-herbergements&lang=fr#breadcrumb\",\"itemListElement\":[{\"@type\":\"ListItem\",\"position\":1,\"name\":\"Home\",\"item\":\"https:\\\/\\\/eventkit.ch\\\/\"},{\"@type\":\"ListItem\",\"position\":2,\"name\":\"Merkbl\u00e4tter\",\"item\":\"https:\\\/\\\/eventkit.ch\\\/?post_type=resource&lang=fr\"},{\"@type\":\"ListItem\",\"position\":3,\"name\":\"Choisir les h\u00e9rbergements\"}]},{\"@type\":\"WebSite\",\"@id\":\"https:\\\/\\\/eventkit.ch\\\/#website\",\"url\":\"https:\\\/\\\/eventkit.ch\\\/\",\"name\":\"EventKit\",\"description\":\"Nachhaltigkeit, die wirkt: Dein Event im Check.\",\"publisher\":{\"@id\":\"https:\\\/\\\/eventkit.ch\\\/#organization\"},\"potentialAction\":[{\"@type\":\"SearchAction\",\"target\":{\"@type\":\"EntryPoint\",\"urlTemplate\":\"https:\\\/\\\/eventkit.ch\\\/?s={search_term_string}\"},\"query-input\":{\"@type\":\"PropertyValueSpecification\",\"valueRequired\":true,\"valueName\":\"search_term_string\"}}],\"inLanguage\":\"de\"},{\"@type\":\"Organization\",\"@id\":\"https:\\\/\\\/eventkit.ch\\\/#organization\",\"name\":\"EventKit\",\"url\":\"https:\\\/\\\/eventkit.ch\\\/\",\"logo\":{\"@type\":\"ImageObject\",\"inLanguage\":\"de\",\"@id\":\"https:\\\/\\\/eventkit.ch\\\/#\\\/schema\\\/logo\\\/image\\\/\",\"url\":\"https:\\\/\\\/eventkit.ch\\\/wp-content\\\/uploads\\\/2025\\\/11\\\/android-icon-144x144-1.png\",\"contentUrl\":\"https:\\\/\\\/eventkit.ch\\\/wp-content\\\/uploads\\\/2025\\\/11\\\/android-icon-144x144-1.png\",\"width\":144,\"height\":144,\"caption\":\"EventKit\"},\"image\":{\"@id\":\"https:\\\/\\\/eventkit.ch\\\/#\\\/schema\\\/logo\\\/image\\\/\"}}]}<\/script>\n<!-- \/ Yoast SEO plugin. -->","yoast_head_json":{"title":"Choisir les h\u00e9rbergements - EventKit","robots":{"index":"index","follow":"follow","max-snippet":"max-snippet:-1","max-image-preview":"max-image-preview:large","max-video-preview":"max-video-preview:-1"},"canonical":"https:\/\/eventkit.ch\/?resource=choisir-les-herbergements&lang=fr","og_locale":"de_DE","og_type":"article","og_title":"Choisir les h\u00e9rbergements - EventKit","og_description":"Le choix des h\u00e9bergements repr\u00e9sente une occasion concr\u00e8te d\u2019int\u00e9grer la durabilit\u00e9 au-del\u00e0 du lieu de la manifestation.Outre la proximit\u00e9 du site de l\u2019\u00e9v\u00e9nement et l\u2019acc\u00e8s aux transports publics, des crit\u00e8res tels que la responsabilit\u00e9 sociale et la politique environnementale des \u00e9tablissements peuvent jouer un r\u00f4le d\u00e9cisif. Une s\u00e9lection r\u00e9fl\u00e9chie renforce la coh\u00e9rence des actions de [&hellip;]","og_url":"https:\/\/eventkit.ch\/?resource=choisir-les-herbergements&lang=fr","og_site_name":"EventKit","article_modified_time":"2026-03-23T16:53:52+00:00","og_image":[{"width":1920,"height":720,"url":"https:\/\/eventkit.ch\/wp-content\/uploads\/2025\/12\/Schweizer-Jugendherbergen.webp","type":"image\/webp"}],"twitter_card":"summary_large_image","twitter_misc":{"Gesch\u00e4tzte Lesezeit":"2\u00a0Minuten"},"schema":{"@context":"https:\/\/schema.org","@graph":[{"@type":"WebPage","@id":"https:\/\/eventkit.ch\/?resource=choisir-les-herbergements&lang=fr","url":"https:\/\/eventkit.ch\/?resource=choisir-les-herbergements&lang=fr","name":"Choisir les h\u00e9rbergements - EventKit","isPartOf":{"@id":"https:\/\/eventkit.ch\/#website"},"primaryImageOfPage":{"@id":"https:\/\/eventkit.ch\/?resource=choisir-les-herbergements&lang=fr#primaryimage"},"image":{"@id":"https:\/\/eventkit.ch\/?resource=choisir-les-herbergements&lang=fr#primaryimage"},"thumbnailUrl":"https:\/\/eventkit.ch\/wp-content\/uploads\/2025\/12\/Schweizer-Jugendherbergen.webp","datePublished":"2025-12-22T14:13:46+00:00","dateModified":"2026-03-23T16:53:52+00:00","breadcrumb":{"@id":"https:\/\/eventkit.ch\/?resource=choisir-les-herbergements&lang=fr#breadcrumb"},"inLanguage":"de","potentialAction":[{"@type":"ReadAction","target":["https:\/\/eventkit.ch\/?resource=choisir-les-herbergements&lang=fr"]}]},{"@type":"ImageObject","inLanguage":"de","@id":"https:\/\/eventkit.ch\/?resource=choisir-les-herbergements&lang=fr#primaryimage","url":"https:\/\/eventkit.ch\/wp-content\/uploads\/2025\/12\/Schweizer-Jugendherbergen.webp","contentUrl":"https:\/\/eventkit.ch\/wp-content\/uploads\/2025\/12\/Schweizer-Jugendherbergen.webp","width":1920,"height":720},{"@type":"BreadcrumbList","@id":"https:\/\/eventkit.ch\/?resource=choisir-les-herbergements&lang=fr#breadcrumb","itemListElement":[{"@type":"ListItem","position":1,"name":"Home","item":"https:\/\/eventkit.ch\/"},{"@type":"ListItem","position":2,"name":"Merkbl\u00e4tter","item":"https:\/\/eventkit.ch\/?post_type=resource&lang=fr"},{"@type":"ListItem","position":3,"name":"Choisir les h\u00e9rbergements"}]},{"@type":"WebSite","@id":"https:\/\/eventkit.ch\/#website","url":"https:\/\/eventkit.ch\/","name":"EventKit","description":"Nachhaltigkeit, die wirkt: Dein Event im Check.","publisher":{"@id":"https:\/\/eventkit.ch\/#organization"},"potentialAction":[{"@type":"SearchAction","target":{"@type":"EntryPoint","urlTemplate":"https:\/\/eventkit.ch\/?s={search_term_string}"},"query-input":{"@type":"PropertyValueSpecification","valueRequired":true,"valueName":"search_term_string"}}],"inLanguage":"de"},{"@type":"Organization","@id":"https:\/\/eventkit.ch\/#organization","name":"EventKit","url":"https:\/\/eventkit.ch\/","logo":{"@type":"ImageObject","inLanguage":"de","@id":"https:\/\/eventkit.ch\/#\/schema\/logo\/image\/","url":"https:\/\/eventkit.ch\/wp-content\/uploads\/2025\/11\/android-icon-144x144-1.png","contentUrl":"https:\/\/eventkit.ch\/wp-content\/uploads\/2025\/11\/android-icon-144x144-1.png","width":144,"height":144,"caption":"EventKit"},"image":{"@id":"https:\/\/eventkit.ch\/#\/schema\/logo\/image\/"}}]}},"_links":{"self":[{"href":"https:\/\/eventkit.ch\/index.php?rest_route=\/wp\/v2\/resource\/2153","targetHints":{"allow":["GET"]}}],"collection":[{"href":"https:\/\/eventkit.ch\/index.php?rest_route=\/wp\/v2\/resource"}],"about":[{"href":"https:\/\/eventkit.ch\/index.php?rest_route=\/wp\/v2\/types\/resource"}],"wp:featuredmedia":[{"embeddable":true,"href":"https:\/\/eventkit.ch\/index.php?rest_route=\/wp\/v2\/media\/2533"}],"wp:attachment":[{"href":"https:\/\/eventkit.ch\/index.php?rest_route=%2Fwp%2Fv2%2Fmedia&parent=2153"}],"wp:term":[{"taxonomy":"resource_category","embeddable":true,"href":"https:\/\/eventkit.ch\/index.php?rest_route=%2Fwp%2Fv2%2Fresource_category&post=2153"},{"taxonomy":"audience","embeddable":true,"href":"https:\/\/eventkit.ch\/index.php?rest_route=%2Fwp%2Fv2%2Faudience&post=2153"},{"taxonomy":"contenttype","embeddable":true,"href":"https:\/\/eventkit.ch\/index.php?rest_route=%2Fwp%2Fv2%2Fcontenttype&post=2153"}],"curies":[{"name":"wp","href":"https:\/\/api.w.org\/{rel}","templated":true}]}}