{"id":2149,"date":"2025-12-22T14:13:46","date_gmt":"2025-12-22T14:13:46","guid":{"rendered":"https:\/\/eventkit.ch\/?post_type=resource&#038;p=2149"},"modified":"2026-03-23T17:43:08","modified_gmt":"2026-03-23T16:43:08","slug":"wahl-der-unterkuenfte","status":"publish","type":"resource","link":"https:\/\/eventkit.ch\/?resource=wahl-der-unterkuenfte","title":{"rendered":"Wahl der Unterk\u00fcnfte"},"content":{"rendered":"<p>Die Auswahl der Unterk\u00fcnfte bietet eine Gelegenheit, die Nachhaltigkeitsstrategie einer Veranstaltung auch ausserhalb des eigentlichen Veranstaltungsorts sichtbar zu machen. Neben der N\u00e4he zum Veranstaltungsort und der Erreichbarkeit mit \u00f6ffentlichen Verkehrsmitteln k\u00f6nnen auch die <strong>soziale Verantwortung<\/strong> und die <strong>Umweltpolitik<\/strong> der Betriebe entscheidende Kriterien sein. Eine bewusste Auswahl st\u00e4rkt die Koh\u00e4renz der gesamten Veranstaltung, schafft einen <strong>Mehrwert f\u00fcr Teilnehmende und Partnerbetriebe<\/strong> und tr\u00e4gt \u2013 bei entsprechender Kommunikation \u2013 zur Sensibilisierung aller Beteiligten bei.<\/p><p><\/p><h2 class=\"wp-block-heading\">Vor der Veranstaltung<\/h2><ul class=\"wp-block-list\"><li>Unterk\u00fcnfte bevorzugen, die <strong>in unmittelbarer N\u00e4he<\/strong> der Veranstaltung liegen oder gut an den <strong>\u00f6ffentlichen Verkehr<\/strong> angebunden sind.<br>\u2192 Sicherstellen, dass die R\u00e4umlichkeiten <strong>barrierefrei<\/strong> zug\u00e4nglich sind.<\/li>\n\n<li>Betriebe ausw\u00e4hlen, die \u00fcber eine <strong>nachhaltige Umweltpolitik<\/strong> verf\u00fcgen \u2013 insbesondere in Bezug auf:<ul class=\"wp-block-list\"><li>Energieeffizienz (Beleuchtung, Heizung, Ger\u00e4te)<\/li>\n\n<li>Wassermanagement (Vermeidung von Verschwendung, Einsatz wassersparender Systeme)<\/li>\n\n<li>Verwendung <strong>\u00f6kologischer Reinigungsprodukte<\/strong><\/li>\n\n<li>Einkauf <strong>regionaler und saisonaler Lebensmittel<\/strong> mit attraktiven veganen Angeboten f\u00fcr Mahlzeiten<\/li><\/ul><\/li>\n\n<li>Betriebe bevorzugen, die <strong>sozial verantwortliche Praktiken<\/strong> nachweisen k\u00f6nnen:<\/li>\n\n<li>faire L\u00f6hne<\/li>\n\n<li>Gleichstellung von Frauen und M\u00e4nnern<\/li>\n\n<li>Ausbildungsangebote<\/li>\n\n<li>Bek\u00e4mpfung von Schwarzarbeit<\/li>\n\n<li>Gegebenenfalls <strong>Partnerschaften <\/strong>mit ausgew\u00e4hlten Unterk\u00fcnften eingehen und diese auf der Website oder in den Informationsmaterialien der Veranstaltung sichtbar machen, um den Teilnehmenden eine gezielte Auswahl zu erleichtern.<\/li><\/ul><h2 class=\"wp-block-heading\">Nach der Veranstaltung<\/h2><ul class=\"wp-block-list\"><li>Feedback von Teilnehmenden zu den genutzten Unterk\u00fcnften einholen (z. B. Online-Fragebogen).<\/li>\n\n<li>Auswerten, wie viele Teilnehmende die empfohlenen oder Partnerbetriebe gew\u00e4hlt haben.<\/li>\n\n<li>Erfahrungen dokumentieren, um die Zusammenarbeit f\u00fcr k\u00fcnftige Ausgaben zu verbessern oder auszuweiten.<\/li><\/ul>","protected":false},"excerpt":{"rendered":"<p>Die Auswahl der Unterk\u00fcnfte bietet eine Gelegenheit, die Nachhaltigkeitsstrategie einer Veranstaltung auch ausserhalb des eigentlichen Veranstaltungsorts sichtbar zu machen. Neben der N\u00e4he zum Veranstaltungsort und der Erreichbarkeit mit \u00f6ffentlichen Verkehrsmitteln k\u00f6nnen auch die soziale Verantwortung und die Umweltpolitik der Betriebe entscheidende Kriterien sein. Eine bewusste Auswahl st\u00e4rkt die Koh\u00e4renz der gesamten Veranstaltung, schafft einen Mehrwert [&hellip;]<\/p>\n","protected":false},"featured_media":2533,"parent":0,"template":"","format":"standard","meta":{"_sitemap_exclude":false,"_sitemap_priority":"","_sitemap_frequency":"","_eventkit_link":"https:\/\/eventkit.ch\/wp-content\/uploads\/2025\/12\/9.1_Wahl-der-Unterkuenfte_EVENTKIT_FINAL.pdf"},"resource_category":[202],"audience":[],"contenttype":[104],"class_list":["post-2149","resource","type-resource","status-publish","format-standard","has-post-thumbnail","hentry","resource_category-wirtschaft","contenttype-merkblatt"],"yoast_head":"<!-- This site is optimized with the Yoast SEO plugin v27.3 - https:\/\/yoast.com\/product\/yoast-seo-wordpress\/ -->\n<title>Wahl der Unterk\u00fcnfte - EventKit<\/title>\n<meta name=\"robots\" content=\"index, follow, max-snippet:-1, max-image-preview:large, max-video-preview:-1\" \/>\n<link rel=\"canonical\" href=\"https:\/\/eventkit.ch\/?resource=wahl-der-unterkuenfte\" \/>\n<meta property=\"og:locale\" content=\"de_DE\" \/>\n<meta property=\"og:type\" content=\"article\" \/>\n<meta property=\"og:title\" content=\"Wahl der Unterk\u00fcnfte - EventKit\" \/>\n<meta property=\"og:description\" content=\"Die Auswahl der Unterk\u00fcnfte bietet eine Gelegenheit, die Nachhaltigkeitsstrategie einer Veranstaltung auch ausserhalb des eigentlichen Veranstaltungsorts sichtbar zu machen. Neben der N\u00e4he zum Veranstaltungsort und der Erreichbarkeit mit \u00f6ffentlichen Verkehrsmitteln k\u00f6nnen auch die soziale Verantwortung und die Umweltpolitik der Betriebe entscheidende Kriterien sein. Eine bewusste Auswahl st\u00e4rkt die Koh\u00e4renz der gesamten Veranstaltung, schafft einen Mehrwert [&hellip;]\" \/>\n<meta property=\"og:url\" content=\"https:\/\/eventkit.ch\/?resource=wahl-der-unterkuenfte\" \/>\n<meta property=\"og:site_name\" content=\"EventKit\" \/>\n<meta property=\"article:modified_time\" content=\"2026-03-23T16:43:08+00:00\" \/>\n<meta property=\"og:image\" content=\"https:\/\/eventkit.ch\/wp-content\/uploads\/2025\/12\/Schweizer-Jugendherbergen.webp\" \/>\n\t<meta property=\"og:image:width\" content=\"1920\" \/>\n\t<meta property=\"og:image:height\" content=\"720\" \/>\n\t<meta property=\"og:image:type\" content=\"image\/webp\" \/>\n<meta name=\"twitter:card\" content=\"summary_large_image\" \/>\n<meta name=\"twitter:label1\" content=\"Gesch\u00e4tzte Lesezeit\" \/>\n\t<meta name=\"twitter:data1\" content=\"2\u00a0Minuten\" \/>\n<script type=\"application\/ld+json\" class=\"yoast-schema-graph\">{\"@context\":\"https:\\\/\\\/schema.org\",\"@graph\":[{\"@type\":\"WebPage\",\"@id\":\"https:\\\/\\\/eventkit.ch\\\/?resource=wahl-der-unterkuenfte\",\"url\":\"https:\\\/\\\/eventkit.ch\\\/?resource=wahl-der-unterkuenfte\",\"name\":\"Wahl der Unterk\u00fcnfte - EventKit\",\"isPartOf\":{\"@id\":\"https:\\\/\\\/eventkit.ch\\\/#website\"},\"primaryImageOfPage\":{\"@id\":\"https:\\\/\\\/eventkit.ch\\\/?resource=wahl-der-unterkuenfte#primaryimage\"},\"image\":{\"@id\":\"https:\\\/\\\/eventkit.ch\\\/?resource=wahl-der-unterkuenfte#primaryimage\"},\"thumbnailUrl\":\"https:\\\/\\\/eventkit.ch\\\/wp-content\\\/uploads\\\/2025\\\/12\\\/Schweizer-Jugendherbergen.webp\",\"datePublished\":\"2025-12-22T14:13:46+00:00\",\"dateModified\":\"2026-03-23T16:43:08+00:00\",\"breadcrumb\":{\"@id\":\"https:\\\/\\\/eventkit.ch\\\/?resource=wahl-der-unterkuenfte#breadcrumb\"},\"inLanguage\":\"de\",\"potentialAction\":[{\"@type\":\"ReadAction\",\"target\":[\"https:\\\/\\\/eventkit.ch\\\/?resource=wahl-der-unterkuenfte\"]}]},{\"@type\":\"ImageObject\",\"inLanguage\":\"de\",\"@id\":\"https:\\\/\\\/eventkit.ch\\\/?resource=wahl-der-unterkuenfte#primaryimage\",\"url\":\"https:\\\/\\\/eventkit.ch\\\/wp-content\\\/uploads\\\/2025\\\/12\\\/Schweizer-Jugendherbergen.webp\",\"contentUrl\":\"https:\\\/\\\/eventkit.ch\\\/wp-content\\\/uploads\\\/2025\\\/12\\\/Schweizer-Jugendherbergen.webp\",\"width\":1920,\"height\":720},{\"@type\":\"BreadcrumbList\",\"@id\":\"https:\\\/\\\/eventkit.ch\\\/?resource=wahl-der-unterkuenfte#breadcrumb\",\"itemListElement\":[{\"@type\":\"ListItem\",\"position\":1,\"name\":\"Home\",\"item\":\"https:\\\/\\\/eventkit.ch\\\/\"},{\"@type\":\"ListItem\",\"position\":2,\"name\":\"Merkbl\u00e4tter\",\"item\":\"https:\\\/\\\/eventkit.ch\\\/?post_type=resource&lang=fr\"},{\"@type\":\"ListItem\",\"position\":3,\"name\":\"Wahl der Unterk\u00fcnfte\"}]},{\"@type\":\"WebSite\",\"@id\":\"https:\\\/\\\/eventkit.ch\\\/#website\",\"url\":\"https:\\\/\\\/eventkit.ch\\\/\",\"name\":\"EventKit\",\"description\":\"Nachhaltigkeit, die wirkt: Dein Event im Check.\",\"publisher\":{\"@id\":\"https:\\\/\\\/eventkit.ch\\\/#organization\"},\"potentialAction\":[{\"@type\":\"SearchAction\",\"target\":{\"@type\":\"EntryPoint\",\"urlTemplate\":\"https:\\\/\\\/eventkit.ch\\\/?s={search_term_string}\"},\"query-input\":{\"@type\":\"PropertyValueSpecification\",\"valueRequired\":true,\"valueName\":\"search_term_string\"}}],\"inLanguage\":\"de\"},{\"@type\":\"Organization\",\"@id\":\"https:\\\/\\\/eventkit.ch\\\/#organization\",\"name\":\"EventKit\",\"url\":\"https:\\\/\\\/eventkit.ch\\\/\",\"logo\":{\"@type\":\"ImageObject\",\"inLanguage\":\"de\",\"@id\":\"https:\\\/\\\/eventkit.ch\\\/#\\\/schema\\\/logo\\\/image\\\/\",\"url\":\"https:\\\/\\\/eventkit.ch\\\/wp-content\\\/uploads\\\/2025\\\/11\\\/android-icon-144x144-1.png\",\"contentUrl\":\"https:\\\/\\\/eventkit.ch\\\/wp-content\\\/uploads\\\/2025\\\/11\\\/android-icon-144x144-1.png\",\"width\":144,\"height\":144,\"caption\":\"EventKit\"},\"image\":{\"@id\":\"https:\\\/\\\/eventkit.ch\\\/#\\\/schema\\\/logo\\\/image\\\/\"}}]}<\/script>\n<!-- \/ Yoast SEO plugin. -->","yoast_head_json":{"title":"Wahl der Unterk\u00fcnfte - EventKit","robots":{"index":"index","follow":"follow","max-snippet":"max-snippet:-1","max-image-preview":"max-image-preview:large","max-video-preview":"max-video-preview:-1"},"canonical":"https:\/\/eventkit.ch\/?resource=wahl-der-unterkuenfte","og_locale":"de_DE","og_type":"article","og_title":"Wahl der Unterk\u00fcnfte - EventKit","og_description":"Die Auswahl der Unterk\u00fcnfte bietet eine Gelegenheit, die Nachhaltigkeitsstrategie einer Veranstaltung auch ausserhalb des eigentlichen Veranstaltungsorts sichtbar zu machen. Neben der N\u00e4he zum Veranstaltungsort und der Erreichbarkeit mit \u00f6ffentlichen Verkehrsmitteln k\u00f6nnen auch die soziale Verantwortung und die Umweltpolitik der Betriebe entscheidende Kriterien sein. Eine bewusste Auswahl st\u00e4rkt die Koh\u00e4renz der gesamten Veranstaltung, schafft einen Mehrwert [&hellip;]","og_url":"https:\/\/eventkit.ch\/?resource=wahl-der-unterkuenfte","og_site_name":"EventKit","article_modified_time":"2026-03-23T16:43:08+00:00","og_image":[{"width":1920,"height":720,"url":"https:\/\/eventkit.ch\/wp-content\/uploads\/2025\/12\/Schweizer-Jugendherbergen.webp","type":"image\/webp"}],"twitter_card":"summary_large_image","twitter_misc":{"Gesch\u00e4tzte Lesezeit":"2\u00a0Minuten"},"schema":{"@context":"https:\/\/schema.org","@graph":[{"@type":"WebPage","@id":"https:\/\/eventkit.ch\/?resource=wahl-der-unterkuenfte","url":"https:\/\/eventkit.ch\/?resource=wahl-der-unterkuenfte","name":"Wahl der Unterk\u00fcnfte - EventKit","isPartOf":{"@id":"https:\/\/eventkit.ch\/#website"},"primaryImageOfPage":{"@id":"https:\/\/eventkit.ch\/?resource=wahl-der-unterkuenfte#primaryimage"},"image":{"@id":"https:\/\/eventkit.ch\/?resource=wahl-der-unterkuenfte#primaryimage"},"thumbnailUrl":"https:\/\/eventkit.ch\/wp-content\/uploads\/2025\/12\/Schweizer-Jugendherbergen.webp","datePublished":"2025-12-22T14:13:46+00:00","dateModified":"2026-03-23T16:43:08+00:00","breadcrumb":{"@id":"https:\/\/eventkit.ch\/?resource=wahl-der-unterkuenfte#breadcrumb"},"inLanguage":"de","potentialAction":[{"@type":"ReadAction","target":["https:\/\/eventkit.ch\/?resource=wahl-der-unterkuenfte"]}]},{"@type":"ImageObject","inLanguage":"de","@id":"https:\/\/eventkit.ch\/?resource=wahl-der-unterkuenfte#primaryimage","url":"https:\/\/eventkit.ch\/wp-content\/uploads\/2025\/12\/Schweizer-Jugendherbergen.webp","contentUrl":"https:\/\/eventkit.ch\/wp-content\/uploads\/2025\/12\/Schweizer-Jugendherbergen.webp","width":1920,"height":720},{"@type":"BreadcrumbList","@id":"https:\/\/eventkit.ch\/?resource=wahl-der-unterkuenfte#breadcrumb","itemListElement":[{"@type":"ListItem","position":1,"name":"Home","item":"https:\/\/eventkit.ch\/"},{"@type":"ListItem","position":2,"name":"Merkbl\u00e4tter","item":"https:\/\/eventkit.ch\/?post_type=resource&lang=fr"},{"@type":"ListItem","position":3,"name":"Wahl der Unterk\u00fcnfte"}]},{"@type":"WebSite","@id":"https:\/\/eventkit.ch\/#website","url":"https:\/\/eventkit.ch\/","name":"EventKit","description":"Nachhaltigkeit, die wirkt: Dein Event im Check.","publisher":{"@id":"https:\/\/eventkit.ch\/#organization"},"potentialAction":[{"@type":"SearchAction","target":{"@type":"EntryPoint","urlTemplate":"https:\/\/eventkit.ch\/?s={search_term_string}"},"query-input":{"@type":"PropertyValueSpecification","valueRequired":true,"valueName":"search_term_string"}}],"inLanguage":"de"},{"@type":"Organization","@id":"https:\/\/eventkit.ch\/#organization","name":"EventKit","url":"https:\/\/eventkit.ch\/","logo":{"@type":"ImageObject","inLanguage":"de","@id":"https:\/\/eventkit.ch\/#\/schema\/logo\/image\/","url":"https:\/\/eventkit.ch\/wp-content\/uploads\/2025\/11\/android-icon-144x144-1.png","contentUrl":"https:\/\/eventkit.ch\/wp-content\/uploads\/2025\/11\/android-icon-144x144-1.png","width":144,"height":144,"caption":"EventKit"},"image":{"@id":"https:\/\/eventkit.ch\/#\/schema\/logo\/image\/"}}]}},"_links":{"self":[{"href":"https:\/\/eventkit.ch\/index.php?rest_route=\/wp\/v2\/resource\/2149","targetHints":{"allow":["GET"]}}],"collection":[{"href":"https:\/\/eventkit.ch\/index.php?rest_route=\/wp\/v2\/resource"}],"about":[{"href":"https:\/\/eventkit.ch\/index.php?rest_route=\/wp\/v2\/types\/resource"}],"wp:featuredmedia":[{"embeddable":true,"href":"https:\/\/eventkit.ch\/index.php?rest_route=\/wp\/v2\/media\/2533"}],"wp:attachment":[{"href":"https:\/\/eventkit.ch\/index.php?rest_route=%2Fwp%2Fv2%2Fmedia&parent=2149"}],"wp:term":[{"taxonomy":"resource_category","embeddable":true,"href":"https:\/\/eventkit.ch\/index.php?rest_route=%2Fwp%2Fv2%2Fresource_category&post=2149"},{"taxonomy":"audience","embeddable":true,"href":"https:\/\/eventkit.ch\/index.php?rest_route=%2Fwp%2Fv2%2Faudience&post=2149"},{"taxonomy":"contenttype","embeddable":true,"href":"https:\/\/eventkit.ch\/index.php?rest_route=%2Fwp%2Fv2%2Fcontenttype&post=2149"}],"curies":[{"name":"wp","href":"https:\/\/api.w.org\/{rel}","templated":true}]}}