{"id":2130,"date":"2025-12-22T13:34:34","date_gmt":"2025-12-22T13:34:34","guid":{"rendered":"https:\/\/eventkit.ch\/?post_type=resource&#038;p=2130"},"modified":"2026-03-23T18:16:43","modified_gmt":"2026-03-23T17:16:43","slug":"prevenir-et-limiter-les-risques-lies-aux-canicules","status":"publish","type":"resource","link":"https:\/\/eventkit.ch\/?resource=prevenir-et-limiter-les-risques-lies-aux-canicules&lang=fr","title":{"rendered":"Pr\u00e9venir et limiter les risques li\u00e9s aux canicules"},"content":{"rendered":"<p>Avec les changements climatiques, la fr\u00e9quence, l\u2019intensit\u00e9 et la dur\u00e9e des canicules vont continuer d\u2019augmenter. Ces \u00e9pisodes de chaleur extr\u00eame peuvent repr\u00e9senter un risque important pour la sant\u00e9 des participants, du public et du personnel. Une <strong>planification anticip\u00e9e<\/strong> et la mise en place de<strong> mesures de protection adapt\u00e9es<\/strong> permettent de r\u00e9duire ces risques et d\u2019assurer le bon d\u00e9roulement de la manifestation.\u00a0<\/p><h2 class=\"wp-block-heading\">Avant la manifestation<\/h2><ul class=\"wp-block-list\"><li>D\u00e9finir, avec <strong>l\u2019organe de conduite de la manifestation<\/strong>, un <strong>plan d\u2019action chaleur<\/strong> pr\u00e9cisant les mesures, les responsabilit\u00e9s et les canaux de communication.\u00a0<\/li>\n\n<li><strong>Informer et sensibiliser<\/strong> l\u2019ensemble des \u00e9quipes aux risques li\u00e9s \u00e0 la chaleur, aux gestes de pr\u00e9vention et aux proc\u00e9dures d\u2019urgence.\u00a0<\/li>\n\n<li>Pr\u00e9voir un <strong>renforcement des \u00e9quipes sanitaires<\/strong> ou des <strong>postes de premiers secours<\/strong> suppl\u00e9mentaires.\u00a0<\/li>\n\n<li>Adapter les <strong>horaires et les rotations du personnel<\/strong> afin de r\u00e9duire la dur\u00e9e d\u2019exposition \u00e0 la chaleur.\u00a0<\/li>\n\n<li>Installer <strong>des points d\u2019eau et fontaines<\/strong>, des <strong>zones d\u2019ombre \u00e9tendues<\/strong>, ainsi que des <strong>espaces d\u2019attente ombrag\u00e9s<\/strong> (par ex. le long d\u2019un cort\u00e8ge).\u00a0<\/li>\n\n<li>Pr\u00e9voir \u00e9ventuellement des <strong>brumisateurs ou zones de rafra\u00eechissement<\/strong>.\u00a0<\/li>\n\n<li><strong>Fournir ou rappeler l\u2019usage des \u00e9quipements de protection<\/strong> (casquettes, gourdes, cr\u00e8me solaire, v\u00eatements l\u00e9gers).\u00a0\u00a0<\/li><\/ul><h2 class=\"wp-block-heading\">Pendant la manifestation<\/h2><ul class=\"wp-block-list\"><li>Effectuer des <strong>rondes r\u00e9guli\u00e8res<\/strong> pour s\u2019assurer du bon \u00e9tat des <strong>personnes les plus vuln\u00e9rables<\/strong> (enfants, femmes enceintes, personnes \u00e2g\u00e9es).\u00a0<\/li>\n\n<li><strong>Informer le public et les \u00e9quipes<\/strong> \u2013 par affichage, messages ou annonces \u2013 sur les bons r\u00e9flexes \u00e0 adopter :\u00a0<ul class=\"wp-block-list\"><li>Boire fr\u00e9quemment de l\u2019eau\u00a0<\/li>\n\n<li>Rechercher l\u2019ombre ou les espaces rafra\u00eechis\u00a0<\/li>\n\n<li>\u00c9viter l\u2019exposition directe au soleil durant les heures les plus chaudes\u00a0<\/li>\n\n<li>Limiter les efforts physiques intense\u00a0<\/li><\/ul><\/li>\n\n<li><strong>\u00c9quiper les \u00e9quipes<\/strong> de protection ad\u00e9quate (gourdes, casquettes, cr\u00e8me solaire) et pr\u00e9voir des <strong>espaces de repos \u00e0 l\u2019ombre<\/strong>.\u00a0<\/li>\n\n<li><strong>Adapter, reporter ou annuler<\/strong> les activit\u00e9s pr\u00e9sentant un risque pour la sant\u00e9 des participants.\u00a0\u00a0<\/li><\/ul><h2 class=\"wp-block-heading\">Apr\u00e8s la manifestation&nbsp;<\/h2><ul class=\"wp-block-list\"><li>\u00c9valuer l\u2019efficacit\u00e9 des mesures mises en place.\u00a0<\/li>\n\n<li><strong>Identifier les pistes d\u2019am\u00e9lioration<\/strong> et consigner les enseignements pour les prochaines \u00e9ditions.\u00a0<\/li><\/ul><p><\/p>","protected":false},"excerpt":{"rendered":"<p>Avec les changements climatiques, la fr\u00e9quence, l\u2019intensit\u00e9 et la dur\u00e9e des canicules vont continuer d\u2019augmenter. Ces \u00e9pisodes de chaleur extr\u00eame peuvent repr\u00e9senter un risque important pour la sant\u00e9 des participants, du public et du personnel. Une planification anticip\u00e9e et la mise en place de mesures de protection adapt\u00e9es permettent de r\u00e9duire ces risques et d\u2019assurer [&hellip;]<\/p>\n","protected":false},"featured_media":2516,"parent":0,"template":"","format":"standard","meta":{"_sitemap_exclude":false,"_sitemap_priority":"","_sitemap_frequency":"","_eventkit_link":"https:\/\/eventkit.ch\/wp-content\/uploads\/2025\/12\/5.3_Limiter_les_risques_lies_aux_canicules_EVENTKIT_FINAL.pdf"},"resource_category":[208,212],"audience":[],"contenttype":[216],"class_list":["post-2130","resource","type-resource","status-publish","format-standard","has-post-thumbnail","hentry","resource_category-nature-paysage","resource_category-sante-prevention","contenttype-fiches-dinformation"],"yoast_head":"<!-- This site is optimized with the Yoast SEO plugin v27.3 - https:\/\/yoast.com\/product\/yoast-seo-wordpress\/ -->\n<title>Pr\u00e9venir et limiter les risques li\u00e9s aux canicules - EventKit<\/title>\n<meta name=\"robots\" content=\"index, follow, max-snippet:-1, max-image-preview:large, max-video-preview:-1\" \/>\n<link rel=\"canonical\" href=\"https:\/\/eventkit.ch\/?resource=prevenir-et-limiter-les-risques-lies-aux-canicules&lang=fr\" \/>\n<meta property=\"og:locale\" content=\"de_DE\" \/>\n<meta property=\"og:type\" content=\"article\" \/>\n<meta property=\"og:title\" content=\"Pr\u00e9venir et limiter les risques li\u00e9s aux canicules - EventKit\" \/>\n<meta property=\"og:description\" content=\"Avec les changements climatiques, la fr\u00e9quence, l\u2019intensit\u00e9 et la dur\u00e9e des canicules vont continuer d\u2019augmenter. Ces \u00e9pisodes de chaleur extr\u00eame peuvent repr\u00e9senter un risque important pour la sant\u00e9 des participants, du public et du personnel. Une planification anticip\u00e9e et la mise en place de mesures de protection adapt\u00e9es permettent de r\u00e9duire ces risques et d\u2019assurer [&hellip;]\" \/>\n<meta property=\"og:url\" content=\"https:\/\/eventkit.ch\/?resource=prevenir-et-limiter-les-risques-lies-aux-canicules&amp;lang=fr\" \/>\n<meta property=\"og:site_name\" content=\"EventKit\" \/>\n<meta property=\"article:modified_time\" content=\"2026-03-23T17:16:43+00:00\" \/>\n<meta property=\"og:image\" content=\"https:\/\/eventkit.ch\/wp-content\/uploads\/2025\/12\/img7560_8cf35d6c_1200xnull.jpg\" \/>\n\t<meta property=\"og:image:width\" content=\"1200\" \/>\n\t<meta property=\"og:image:height\" content=\"900\" \/>\n\t<meta property=\"og:image:type\" content=\"image\/jpeg\" \/>\n<meta name=\"twitter:card\" content=\"summary_large_image\" \/>\n<meta name=\"twitter:label1\" content=\"Gesch\u00e4tzte Lesezeit\" \/>\n\t<meta name=\"twitter:data1\" content=\"2\u00a0Minuten\" \/>\n<script type=\"application\/ld+json\" class=\"yoast-schema-graph\">{\"@context\":\"https:\\\/\\\/schema.org\",\"@graph\":[{\"@type\":\"WebPage\",\"@id\":\"https:\\\/\\\/eventkit.ch\\\/?resource=prevenir-et-limiter-les-risques-lies-aux-canicules&lang=fr\",\"url\":\"https:\\\/\\\/eventkit.ch\\\/?resource=prevenir-et-limiter-les-risques-lies-aux-canicules&lang=fr\",\"name\":\"Pr\u00e9venir et limiter les risques li\u00e9s aux canicules - EventKit\",\"isPartOf\":{\"@id\":\"https:\\\/\\\/eventkit.ch\\\/#website\"},\"primaryImageOfPage\":{\"@id\":\"https:\\\/\\\/eventkit.ch\\\/?resource=prevenir-et-limiter-les-risques-lies-aux-canicules&lang=fr#primaryimage\"},\"image\":{\"@id\":\"https:\\\/\\\/eventkit.ch\\\/?resource=prevenir-et-limiter-les-risques-lies-aux-canicules&lang=fr#primaryimage\"},\"thumbnailUrl\":\"https:\\\/\\\/eventkit.ch\\\/wp-content\\\/uploads\\\/2025\\\/12\\\/img7560_8cf35d6c_1200xnull.jpg\",\"datePublished\":\"2025-12-22T13:34:34+00:00\",\"dateModified\":\"2026-03-23T17:16:43+00:00\",\"breadcrumb\":{\"@id\":\"https:\\\/\\\/eventkit.ch\\\/?resource=prevenir-et-limiter-les-risques-lies-aux-canicules&lang=fr#breadcrumb\"},\"inLanguage\":\"de\",\"potentialAction\":[{\"@type\":\"ReadAction\",\"target\":[\"https:\\\/\\\/eventkit.ch\\\/?resource=prevenir-et-limiter-les-risques-lies-aux-canicules&lang=fr\"]}]},{\"@type\":\"ImageObject\",\"inLanguage\":\"de\",\"@id\":\"https:\\\/\\\/eventkit.ch\\\/?resource=prevenir-et-limiter-les-risques-lies-aux-canicules&lang=fr#primaryimage\",\"url\":\"https:\\\/\\\/eventkit.ch\\\/wp-content\\\/uploads\\\/2025\\\/12\\\/img7560_8cf35d6c_1200xnull.jpg\",\"contentUrl\":\"https:\\\/\\\/eventkit.ch\\\/wp-content\\\/uploads\\\/2025\\\/12\\\/img7560_8cf35d6c_1200xnull.jpg\",\"width\":1200,\"height\":900},{\"@type\":\"BreadcrumbList\",\"@id\":\"https:\\\/\\\/eventkit.ch\\\/?resource=prevenir-et-limiter-les-risques-lies-aux-canicules&lang=fr#breadcrumb\",\"itemListElement\":[{\"@type\":\"ListItem\",\"position\":1,\"name\":\"Home\",\"item\":\"https:\\\/\\\/eventkit.ch\\\/\"},{\"@type\":\"ListItem\",\"position\":2,\"name\":\"Merkbl\u00e4tter\",\"item\":\"https:\\\/\\\/eventkit.ch\\\/?post_type=resource&lang=fr\"},{\"@type\":\"ListItem\",\"position\":3,\"name\":\"Pr\u00e9venir et limiter les risques li\u00e9s aux canicules\"}]},{\"@type\":\"WebSite\",\"@id\":\"https:\\\/\\\/eventkit.ch\\\/#website\",\"url\":\"https:\\\/\\\/eventkit.ch\\\/\",\"name\":\"EventKit\",\"description\":\"Nachhaltigkeit, die wirkt: Dein Event im Check.\",\"publisher\":{\"@id\":\"https:\\\/\\\/eventkit.ch\\\/#organization\"},\"potentialAction\":[{\"@type\":\"SearchAction\",\"target\":{\"@type\":\"EntryPoint\",\"urlTemplate\":\"https:\\\/\\\/eventkit.ch\\\/?s={search_term_string}\"},\"query-input\":{\"@type\":\"PropertyValueSpecification\",\"valueRequired\":true,\"valueName\":\"search_term_string\"}}],\"inLanguage\":\"de\"},{\"@type\":\"Organization\",\"@id\":\"https:\\\/\\\/eventkit.ch\\\/#organization\",\"name\":\"EventKit\",\"url\":\"https:\\\/\\\/eventkit.ch\\\/\",\"logo\":{\"@type\":\"ImageObject\",\"inLanguage\":\"de\",\"@id\":\"https:\\\/\\\/eventkit.ch\\\/#\\\/schema\\\/logo\\\/image\\\/\",\"url\":\"https:\\\/\\\/eventkit.ch\\\/wp-content\\\/uploads\\\/2025\\\/11\\\/android-icon-144x144-1.png\",\"contentUrl\":\"https:\\\/\\\/eventkit.ch\\\/wp-content\\\/uploads\\\/2025\\\/11\\\/android-icon-144x144-1.png\",\"width\":144,\"height\":144,\"caption\":\"EventKit\"},\"image\":{\"@id\":\"https:\\\/\\\/eventkit.ch\\\/#\\\/schema\\\/logo\\\/image\\\/\"}}]}<\/script>\n<!-- \/ Yoast SEO plugin. -->","yoast_head_json":{"title":"Pr\u00e9venir et limiter les risques li\u00e9s aux canicules - EventKit","robots":{"index":"index","follow":"follow","max-snippet":"max-snippet:-1","max-image-preview":"max-image-preview:large","max-video-preview":"max-video-preview:-1"},"canonical":"https:\/\/eventkit.ch\/?resource=prevenir-et-limiter-les-risques-lies-aux-canicules&lang=fr","og_locale":"de_DE","og_type":"article","og_title":"Pr\u00e9venir et limiter les risques li\u00e9s aux canicules - EventKit","og_description":"Avec les changements climatiques, la fr\u00e9quence, l\u2019intensit\u00e9 et la dur\u00e9e des canicules vont continuer d\u2019augmenter. Ces \u00e9pisodes de chaleur extr\u00eame peuvent repr\u00e9senter un risque important pour la sant\u00e9 des participants, du public et du personnel. Une planification anticip\u00e9e et la mise en place de mesures de protection adapt\u00e9es permettent de r\u00e9duire ces risques et d\u2019assurer [&hellip;]","og_url":"https:\/\/eventkit.ch\/?resource=prevenir-et-limiter-les-risques-lies-aux-canicules&lang=fr","og_site_name":"EventKit","article_modified_time":"2026-03-23T17:16:43+00:00","og_image":[{"width":1200,"height":900,"url":"https:\/\/eventkit.ch\/wp-content\/uploads\/2025\/12\/img7560_8cf35d6c_1200xnull.jpg","type":"image\/jpeg"}],"twitter_card":"summary_large_image","twitter_misc":{"Gesch\u00e4tzte Lesezeit":"2\u00a0Minuten"},"schema":{"@context":"https:\/\/schema.org","@graph":[{"@type":"WebPage","@id":"https:\/\/eventkit.ch\/?resource=prevenir-et-limiter-les-risques-lies-aux-canicules&lang=fr","url":"https:\/\/eventkit.ch\/?resource=prevenir-et-limiter-les-risques-lies-aux-canicules&lang=fr","name":"Pr\u00e9venir et limiter les risques li\u00e9s aux canicules - EventKit","isPartOf":{"@id":"https:\/\/eventkit.ch\/#website"},"primaryImageOfPage":{"@id":"https:\/\/eventkit.ch\/?resource=prevenir-et-limiter-les-risques-lies-aux-canicules&lang=fr#primaryimage"},"image":{"@id":"https:\/\/eventkit.ch\/?resource=prevenir-et-limiter-les-risques-lies-aux-canicules&lang=fr#primaryimage"},"thumbnailUrl":"https:\/\/eventkit.ch\/wp-content\/uploads\/2025\/12\/img7560_8cf35d6c_1200xnull.jpg","datePublished":"2025-12-22T13:34:34+00:00","dateModified":"2026-03-23T17:16:43+00:00","breadcrumb":{"@id":"https:\/\/eventkit.ch\/?resource=prevenir-et-limiter-les-risques-lies-aux-canicules&lang=fr#breadcrumb"},"inLanguage":"de","potentialAction":[{"@type":"ReadAction","target":["https:\/\/eventkit.ch\/?resource=prevenir-et-limiter-les-risques-lies-aux-canicules&lang=fr"]}]},{"@type":"ImageObject","inLanguage":"de","@id":"https:\/\/eventkit.ch\/?resource=prevenir-et-limiter-les-risques-lies-aux-canicules&lang=fr#primaryimage","url":"https:\/\/eventkit.ch\/wp-content\/uploads\/2025\/12\/img7560_8cf35d6c_1200xnull.jpg","contentUrl":"https:\/\/eventkit.ch\/wp-content\/uploads\/2025\/12\/img7560_8cf35d6c_1200xnull.jpg","width":1200,"height":900},{"@type":"BreadcrumbList","@id":"https:\/\/eventkit.ch\/?resource=prevenir-et-limiter-les-risques-lies-aux-canicules&lang=fr#breadcrumb","itemListElement":[{"@type":"ListItem","position":1,"name":"Home","item":"https:\/\/eventkit.ch\/"},{"@type":"ListItem","position":2,"name":"Merkbl\u00e4tter","item":"https:\/\/eventkit.ch\/?post_type=resource&lang=fr"},{"@type":"ListItem","position":3,"name":"Pr\u00e9venir et limiter les risques li\u00e9s aux canicules"}]},{"@type":"WebSite","@id":"https:\/\/eventkit.ch\/#website","url":"https:\/\/eventkit.ch\/","name":"EventKit","description":"Nachhaltigkeit, die wirkt: Dein Event im Check.","publisher":{"@id":"https:\/\/eventkit.ch\/#organization"},"potentialAction":[{"@type":"SearchAction","target":{"@type":"EntryPoint","urlTemplate":"https:\/\/eventkit.ch\/?s={search_term_string}"},"query-input":{"@type":"PropertyValueSpecification","valueRequired":true,"valueName":"search_term_string"}}],"inLanguage":"de"},{"@type":"Organization","@id":"https:\/\/eventkit.ch\/#organization","name":"EventKit","url":"https:\/\/eventkit.ch\/","logo":{"@type":"ImageObject","inLanguage":"de","@id":"https:\/\/eventkit.ch\/#\/schema\/logo\/image\/","url":"https:\/\/eventkit.ch\/wp-content\/uploads\/2025\/11\/android-icon-144x144-1.png","contentUrl":"https:\/\/eventkit.ch\/wp-content\/uploads\/2025\/11\/android-icon-144x144-1.png","width":144,"height":144,"caption":"EventKit"},"image":{"@id":"https:\/\/eventkit.ch\/#\/schema\/logo\/image\/"}}]}},"_links":{"self":[{"href":"https:\/\/eventkit.ch\/index.php?rest_route=\/wp\/v2\/resource\/2130","targetHints":{"allow":["GET"]}}],"collection":[{"href":"https:\/\/eventkit.ch\/index.php?rest_route=\/wp\/v2\/resource"}],"about":[{"href":"https:\/\/eventkit.ch\/index.php?rest_route=\/wp\/v2\/types\/resource"}],"wp:featuredmedia":[{"embeddable":true,"href":"https:\/\/eventkit.ch\/index.php?rest_route=\/wp\/v2\/media\/2516"}],"wp:attachment":[{"href":"https:\/\/eventkit.ch\/index.php?rest_route=%2Fwp%2Fv2%2Fmedia&parent=2130"}],"wp:term":[{"taxonomy":"resource_category","embeddable":true,"href":"https:\/\/eventkit.ch\/index.php?rest_route=%2Fwp%2Fv2%2Fresource_category&post=2130"},{"taxonomy":"audience","embeddable":true,"href":"https:\/\/eventkit.ch\/index.php?rest_route=%2Fwp%2Fv2%2Faudience&post=2130"},{"taxonomy":"contenttype","embeddable":true,"href":"https:\/\/eventkit.ch\/index.php?rest_route=%2Fwp%2Fv2%2Fcontenttype&post=2130"}],"curies":[{"name":"wp","href":"https:\/\/api.w.org\/{rel}","templated":true}]}}