{"id":2126,"date":"2025-12-22T13:20:14","date_gmt":"2025-12-22T13:20:14","guid":{"rendered":"https:\/\/eventkit.ch\/?post_type=resource&#038;p=2126"},"modified":"2026-03-23T18:15:20","modified_gmt":"2026-03-23T17:15:20","slug":"optimiser-la-gestion-de-leau","status":"publish","type":"resource","link":"https:\/\/eventkit.ch\/?resource=optimiser-la-gestion-de-leau&lang=fr","title":{"rendered":"Optimiser la gestion de l\u2019eau"},"content":{"rendered":"<p>Une gestion efficace et raisonn\u00e9e de l\u2019eau contribue directement \u00e0 la pr\u00e9servation des ressources naturelles.\u00a0<\/p><p>L\u2019optimisation des installations sanitaires (robinets, douches, toilettes, etc.) permet de <strong>r\u00e9duire la consommation d\u2019eau de 30 \u00e0 60 %,<\/strong> selon les syst\u00e8mes utilis\u00e9s, <strong>sans nuire au<\/strong> <strong>confort<\/strong> des utilisatrices et utilisateurs.\u00a0<\/p><p>Elle permet en outre de <strong>r\u00e9duire les co\u00fbts li\u00e9s \u00e0 l\u2019approvisionnement en eau et en \u00e9nergie<\/strong>.\u00a0<\/p><h2 class=\"wp-block-heading\">Avant la manifestation<\/h2><ul class=\"wp-block-list\"><li><strong>Analyser la consommation d\u2019eau estim\u00e9e<\/strong> de la manifestation (toilettes, douches, lavabos, nettoyage, etc.) sur la base des \u00e9ditions pr\u00e9c\u00e9dentes ou par estimation.\u00a0<\/li>\n\n<li><strong>V\u00e9rifier l\u2019\u00e9quipement sanitaire existant<\/strong> et d\u00e9terminer si des dispositifs d\u2019\u00e9conomie d\u2019eau (r\u00e9ducteurs de d\u00e9bit, chasses d\u2019eau \u00e0 double commande, robinets temporis\u00e9s, etc.) doivent \u00eatre install\u00e9s.\u00a0<\/li>\n\n<li><strong>Identifier les principaux postes de consommation<\/strong> et les <strong>sources potentielles d\u2019\u00e9conomie.<\/strong>\u00a0<\/li>\n\n<li><strong>Choisir et installer les syst\u00e8mes les plus adapt\u00e9s<\/strong>, en privil\u00e9giant les technologies \u00e9conomes en eau.\u00a0<\/li>\n\n<li><strong>Sensibiliser les participants et le personnel<\/strong> \u00e0 l\u2019utilisation raisonn\u00e9e de l\u2019eau (par exemple \u00e0 l\u2019aide d\u2019affiches dans les sanitaires).\u00a0<\/li><\/ul><h2 class=\"wp-block-heading\">Pendant la manifestation<\/h2><ul class=\"wp-block-list\"><li>Contr\u00f4ler r\u00e9guli\u00e8rement les branchements temporaires et r\u00e9parer imm\u00e9diatement toute fuite.\u00a0<\/li>\n\n<li>Ajuster la pression de l\u2019eau pour \u00e9viter les gaspillages.\u00a0<\/li>\n\n<li>Limiter l\u2019utilisation d\u2019eau pour le nettoyage ou le rafra\u00eechissement en p\u00e9riode de forte chaleur.\u00a0\u00a0<\/li><\/ul><h2 class=\"wp-block-heading\">Apr\u00e8s la manifestation&nbsp;<\/h2><ul class=\"wp-block-list\"><li><strong>Comparer la consommation r\u00e9elle<\/strong> avec les estimations ou les donn\u00e9es des \u00e9ditions pr\u00e9c\u00e9dentes.\u00a0<\/li>\n\n<li><strong>Identifier les am\u00e9liorations possibles<\/strong> pour r\u00e9duire davantage la consommation d\u2019eau lors des prochaines \u00e9ditions.\u00a0<\/li><\/ul><p><\/p>","protected":false},"excerpt":{"rendered":"<p>Une gestion efficace et raisonn\u00e9e de l\u2019eau contribue directement \u00e0 la pr\u00e9servation des ressources naturelles.\u00a0 L\u2019optimisation des installations sanitaires (robinets, douches, toilettes, etc.) permet de r\u00e9duire la consommation d\u2019eau de 30 \u00e0 60 %, selon les syst\u00e8mes utilis\u00e9s, sans nuire au confort des utilisatrices et utilisateurs.\u00a0 Elle permet en outre de r\u00e9duire les co\u00fbts li\u00e9s [&hellip;]<\/p>\n","protected":false},"featured_media":1653,"parent":0,"template":"","format":"standard","meta":{"_sitemap_exclude":false,"_sitemap_priority":"","_sitemap_frequency":"","_eventkit_link":"https:\/\/eventkit.ch\/wp-content\/uploads\/2025\/12\/5.1_Optimiser_la_gestion_de_l_eau_EVENTKIT_FINAL.pdf"},"resource_category":[204],"audience":[],"contenttype":[216],"class_list":["post-2126","resource","type-resource","status-publish","format-standard","has-post-thumbnail","hentry","resource_category-energie-infrastructures","contenttype-fiches-dinformation"],"yoast_head":"<!-- This site is optimized with the Yoast SEO plugin v27.3 - https:\/\/yoast.com\/product\/yoast-seo-wordpress\/ -->\n<title>Optimiser la gestion de l\u2019eau - EventKit<\/title>\n<meta name=\"robots\" content=\"index, follow, max-snippet:-1, max-image-preview:large, max-video-preview:-1\" \/>\n<link rel=\"canonical\" href=\"https:\/\/eventkit.ch\/?resource=optimiser-la-gestion-de-leau&lang=fr\" \/>\n<meta property=\"og:locale\" content=\"de_DE\" \/>\n<meta property=\"og:type\" content=\"article\" \/>\n<meta property=\"og:title\" content=\"Optimiser la gestion de l\u2019eau - EventKit\" \/>\n<meta property=\"og:description\" content=\"Une gestion efficace et raisonn\u00e9e de l\u2019eau contribue directement \u00e0 la pr\u00e9servation des ressources naturelles.\u00a0 L\u2019optimisation des installations sanitaires (robinets, douches, toilettes, etc.) permet de r\u00e9duire la consommation d\u2019eau de 30 \u00e0 60 %, selon les syst\u00e8mes utilis\u00e9s, sans nuire au confort des utilisatrices et utilisateurs.\u00a0 Elle permet en outre de r\u00e9duire les co\u00fbts li\u00e9s [&hellip;]\" \/>\n<meta property=\"og:url\" content=\"https:\/\/eventkit.ch\/?resource=optimiser-la-gestion-de-leau&amp;lang=fr\" \/>\n<meta property=\"og:site_name\" content=\"EventKit\" \/>\n<meta property=\"article:modified_time\" content=\"2026-03-23T17:15:20+00:00\" \/>\n<meta property=\"og:image\" content=\"https:\/\/eventkit.ch\/wp-content\/uploads\/2025\/12\/P5251457-edited.jpg\" \/>\n\t<meta property=\"og:image:width\" content=\"1772\" \/>\n\t<meta property=\"og:image:height\" content=\"1181\" \/>\n\t<meta property=\"og:image:type\" content=\"image\/jpeg\" \/>\n<meta name=\"twitter:card\" content=\"summary_large_image\" \/>\n<meta name=\"twitter:label1\" content=\"Gesch\u00e4tzte Lesezeit\" \/>\n\t<meta name=\"twitter:data1\" content=\"2\u00a0Minuten\" \/>\n<script type=\"application\/ld+json\" class=\"yoast-schema-graph\">{\"@context\":\"https:\\\/\\\/schema.org\",\"@graph\":[{\"@type\":\"WebPage\",\"@id\":\"https:\\\/\\\/eventkit.ch\\\/?resource=optimiser-la-gestion-de-leau&lang=fr\",\"url\":\"https:\\\/\\\/eventkit.ch\\\/?resource=optimiser-la-gestion-de-leau&lang=fr\",\"name\":\"Optimiser la gestion de l\u2019eau - EventKit\",\"isPartOf\":{\"@id\":\"https:\\\/\\\/eventkit.ch\\\/#website\"},\"primaryImageOfPage\":{\"@id\":\"https:\\\/\\\/eventkit.ch\\\/?resource=optimiser-la-gestion-de-leau&lang=fr#primaryimage\"},\"image\":{\"@id\":\"https:\\\/\\\/eventkit.ch\\\/?resource=optimiser-la-gestion-de-leau&lang=fr#primaryimage\"},\"thumbnailUrl\":\"https:\\\/\\\/eventkit.ch\\\/wp-content\\\/uploads\\\/2025\\\/12\\\/P5251457-edited.jpg\",\"datePublished\":\"2025-12-22T13:20:14+00:00\",\"dateModified\":\"2026-03-23T17:15:20+00:00\",\"breadcrumb\":{\"@id\":\"https:\\\/\\\/eventkit.ch\\\/?resource=optimiser-la-gestion-de-leau&lang=fr#breadcrumb\"},\"inLanguage\":\"de\",\"potentialAction\":[{\"@type\":\"ReadAction\",\"target\":[\"https:\\\/\\\/eventkit.ch\\\/?resource=optimiser-la-gestion-de-leau&lang=fr\"]}]},{\"@type\":\"ImageObject\",\"inLanguage\":\"de\",\"@id\":\"https:\\\/\\\/eventkit.ch\\\/?resource=optimiser-la-gestion-de-leau&lang=fr#primaryimage\",\"url\":\"https:\\\/\\\/eventkit.ch\\\/wp-content\\\/uploads\\\/2025\\\/12\\\/P5251457-edited.jpg\",\"contentUrl\":\"https:\\\/\\\/eventkit.ch\\\/wp-content\\\/uploads\\\/2025\\\/12\\\/P5251457-edited.jpg\",\"width\":1772,\"height\":1181,\"caption\":\"\u00a9 SOLA Basel\\\/IWB\"},{\"@type\":\"BreadcrumbList\",\"@id\":\"https:\\\/\\\/eventkit.ch\\\/?resource=optimiser-la-gestion-de-leau&lang=fr#breadcrumb\",\"itemListElement\":[{\"@type\":\"ListItem\",\"position\":1,\"name\":\"Home\",\"item\":\"https:\\\/\\\/eventkit.ch\\\/\"},{\"@type\":\"ListItem\",\"position\":2,\"name\":\"Merkbl\u00e4tter\",\"item\":\"https:\\\/\\\/eventkit.ch\\\/?post_type=resource&lang=fr\"},{\"@type\":\"ListItem\",\"position\":3,\"name\":\"Optimiser la gestion de l\u2019eau\"}]},{\"@type\":\"WebSite\",\"@id\":\"https:\\\/\\\/eventkit.ch\\\/#website\",\"url\":\"https:\\\/\\\/eventkit.ch\\\/\",\"name\":\"EventKit\",\"description\":\"Nachhaltigkeit, die wirkt: Dein Event im Check.\",\"publisher\":{\"@id\":\"https:\\\/\\\/eventkit.ch\\\/#organization\"},\"potentialAction\":[{\"@type\":\"SearchAction\",\"target\":{\"@type\":\"EntryPoint\",\"urlTemplate\":\"https:\\\/\\\/eventkit.ch\\\/?s={search_term_string}\"},\"query-input\":{\"@type\":\"PropertyValueSpecification\",\"valueRequired\":true,\"valueName\":\"search_term_string\"}}],\"inLanguage\":\"de\"},{\"@type\":\"Organization\",\"@id\":\"https:\\\/\\\/eventkit.ch\\\/#organization\",\"name\":\"EventKit\",\"url\":\"https:\\\/\\\/eventkit.ch\\\/\",\"logo\":{\"@type\":\"ImageObject\",\"inLanguage\":\"de\",\"@id\":\"https:\\\/\\\/eventkit.ch\\\/#\\\/schema\\\/logo\\\/image\\\/\",\"url\":\"https:\\\/\\\/eventkit.ch\\\/wp-content\\\/uploads\\\/2025\\\/11\\\/android-icon-144x144-1.png\",\"contentUrl\":\"https:\\\/\\\/eventkit.ch\\\/wp-content\\\/uploads\\\/2025\\\/11\\\/android-icon-144x144-1.png\",\"width\":144,\"height\":144,\"caption\":\"EventKit\"},\"image\":{\"@id\":\"https:\\\/\\\/eventkit.ch\\\/#\\\/schema\\\/logo\\\/image\\\/\"}}]}<\/script>\n<!-- \/ Yoast SEO plugin. -->","yoast_head_json":{"title":"Optimiser la gestion de l\u2019eau - EventKit","robots":{"index":"index","follow":"follow","max-snippet":"max-snippet:-1","max-image-preview":"max-image-preview:large","max-video-preview":"max-video-preview:-1"},"canonical":"https:\/\/eventkit.ch\/?resource=optimiser-la-gestion-de-leau&lang=fr","og_locale":"de_DE","og_type":"article","og_title":"Optimiser la gestion de l\u2019eau - EventKit","og_description":"Une gestion efficace et raisonn\u00e9e de l\u2019eau contribue directement \u00e0 la pr\u00e9servation des ressources naturelles.\u00a0 L\u2019optimisation des installations sanitaires (robinets, douches, toilettes, etc.) permet de r\u00e9duire la consommation d\u2019eau de 30 \u00e0 60 %, selon les syst\u00e8mes utilis\u00e9s, sans nuire au confort des utilisatrices et utilisateurs.\u00a0 Elle permet en outre de r\u00e9duire les co\u00fbts li\u00e9s [&hellip;]","og_url":"https:\/\/eventkit.ch\/?resource=optimiser-la-gestion-de-leau&lang=fr","og_site_name":"EventKit","article_modified_time":"2026-03-23T17:15:20+00:00","og_image":[{"width":1772,"height":1181,"url":"https:\/\/eventkit.ch\/wp-content\/uploads\/2025\/12\/P5251457-edited.jpg","type":"image\/jpeg"}],"twitter_card":"summary_large_image","twitter_misc":{"Gesch\u00e4tzte Lesezeit":"2\u00a0Minuten"},"schema":{"@context":"https:\/\/schema.org","@graph":[{"@type":"WebPage","@id":"https:\/\/eventkit.ch\/?resource=optimiser-la-gestion-de-leau&lang=fr","url":"https:\/\/eventkit.ch\/?resource=optimiser-la-gestion-de-leau&lang=fr","name":"Optimiser la gestion de l\u2019eau - EventKit","isPartOf":{"@id":"https:\/\/eventkit.ch\/#website"},"primaryImageOfPage":{"@id":"https:\/\/eventkit.ch\/?resource=optimiser-la-gestion-de-leau&lang=fr#primaryimage"},"image":{"@id":"https:\/\/eventkit.ch\/?resource=optimiser-la-gestion-de-leau&lang=fr#primaryimage"},"thumbnailUrl":"https:\/\/eventkit.ch\/wp-content\/uploads\/2025\/12\/P5251457-edited.jpg","datePublished":"2025-12-22T13:20:14+00:00","dateModified":"2026-03-23T17:15:20+00:00","breadcrumb":{"@id":"https:\/\/eventkit.ch\/?resource=optimiser-la-gestion-de-leau&lang=fr#breadcrumb"},"inLanguage":"de","potentialAction":[{"@type":"ReadAction","target":["https:\/\/eventkit.ch\/?resource=optimiser-la-gestion-de-leau&lang=fr"]}]},{"@type":"ImageObject","inLanguage":"de","@id":"https:\/\/eventkit.ch\/?resource=optimiser-la-gestion-de-leau&lang=fr#primaryimage","url":"https:\/\/eventkit.ch\/wp-content\/uploads\/2025\/12\/P5251457-edited.jpg","contentUrl":"https:\/\/eventkit.ch\/wp-content\/uploads\/2025\/12\/P5251457-edited.jpg","width":1772,"height":1181,"caption":"\u00a9 SOLA Basel\/IWB"},{"@type":"BreadcrumbList","@id":"https:\/\/eventkit.ch\/?resource=optimiser-la-gestion-de-leau&lang=fr#breadcrumb","itemListElement":[{"@type":"ListItem","position":1,"name":"Home","item":"https:\/\/eventkit.ch\/"},{"@type":"ListItem","position":2,"name":"Merkbl\u00e4tter","item":"https:\/\/eventkit.ch\/?post_type=resource&lang=fr"},{"@type":"ListItem","position":3,"name":"Optimiser la gestion de l\u2019eau"}]},{"@type":"WebSite","@id":"https:\/\/eventkit.ch\/#website","url":"https:\/\/eventkit.ch\/","name":"EventKit","description":"Nachhaltigkeit, die wirkt: Dein Event im Check.","publisher":{"@id":"https:\/\/eventkit.ch\/#organization"},"potentialAction":[{"@type":"SearchAction","target":{"@type":"EntryPoint","urlTemplate":"https:\/\/eventkit.ch\/?s={search_term_string}"},"query-input":{"@type":"PropertyValueSpecification","valueRequired":true,"valueName":"search_term_string"}}],"inLanguage":"de"},{"@type":"Organization","@id":"https:\/\/eventkit.ch\/#organization","name":"EventKit","url":"https:\/\/eventkit.ch\/","logo":{"@type":"ImageObject","inLanguage":"de","@id":"https:\/\/eventkit.ch\/#\/schema\/logo\/image\/","url":"https:\/\/eventkit.ch\/wp-content\/uploads\/2025\/11\/android-icon-144x144-1.png","contentUrl":"https:\/\/eventkit.ch\/wp-content\/uploads\/2025\/11\/android-icon-144x144-1.png","width":144,"height":144,"caption":"EventKit"},"image":{"@id":"https:\/\/eventkit.ch\/#\/schema\/logo\/image\/"}}]}},"_links":{"self":[{"href":"https:\/\/eventkit.ch\/index.php?rest_route=\/wp\/v2\/resource\/2126","targetHints":{"allow":["GET"]}}],"collection":[{"href":"https:\/\/eventkit.ch\/index.php?rest_route=\/wp\/v2\/resource"}],"about":[{"href":"https:\/\/eventkit.ch\/index.php?rest_route=\/wp\/v2\/types\/resource"}],"wp:featuredmedia":[{"embeddable":true,"href":"https:\/\/eventkit.ch\/index.php?rest_route=\/wp\/v2\/media\/1653"}],"wp:attachment":[{"href":"https:\/\/eventkit.ch\/index.php?rest_route=%2Fwp%2Fv2%2Fmedia&parent=2126"}],"wp:term":[{"taxonomy":"resource_category","embeddable":true,"href":"https:\/\/eventkit.ch\/index.php?rest_route=%2Fwp%2Fv2%2Fresource_category&post=2126"},{"taxonomy":"audience","embeddable":true,"href":"https:\/\/eventkit.ch\/index.php?rest_route=%2Fwp%2Fv2%2Faudience&post=2126"},{"taxonomy":"contenttype","embeddable":true,"href":"https:\/\/eventkit.ch\/index.php?rest_route=%2Fwp%2Fv2%2Fcontenttype&post=2126"}],"curies":[{"name":"wp","href":"https:\/\/api.w.org\/{rel}","templated":true}]}}