{"id":2125,"date":"2025-12-22T13:07:31","date_gmt":"2025-12-22T13:07:31","guid":{"rendered":"https:\/\/eventkit.ch\/?post_type=resource&#038;p=2125"},"modified":"2026-03-23T16:46:18","modified_gmt":"2026-03-23T15:46:18","slug":"abfallwirtschaft-organisieren","status":"publish","type":"resource","link":"https:\/\/eventkit.ch\/?resource=abfallwirtschaft-organisieren","title":{"rendered":"Abfallwirtschaft organisieren\u00a0"},"content":{"rendered":"<p>Ein gut strukturiertes Abfallbewirtschaftungskonzept ist die Grundlage f\u00fcr eine saubere, effiziente und umweltgerechte Veranstaltung.\u00a0<br>\u00a0<br>Es definiert im Voraus die erforderlichen <strong>Methoden, Mittel und Verantwortlichkeiten<\/strong> und umfasst die Logistik, das Material, die Personalplanung sowie Massnahmen zur Abfallvermeidung und Kommunikation.<\/p><h2 class=\"wp-block-heading\">Vor der Veranstaltung<\/h2><p><strong>Planung und Vorbereitung<\/strong>\u00a0<\/p><ul class=\"wp-block-list\"><li>Auf Grundlage der <strong>Abfallsch\u00e4tzung<\/strong> (Arten und Volumen) diejenigen Bereiche identifizieren, in denen Abfall <strong>im Voraus<\/strong> reduziert werden kann, z.B.:\u00a0<ul class=\"wp-block-list\"><li>Einkauf: realistische Mengenplanung, Reduktion von Verpackungen, R\u00fccknahmepflicht des Lieferanten\u00a0<\/li>\n\n<li>Verpflegung: <strong>bei Grundzutaten\/Zutaten (Rohwaren wie Gem\u00fcse, Getreide, \u00d6l, Mehl, Reis, etc.)<\/strong> unn\u00f6tige Verpackungen vermeiden bzw. Grossgebinde bevorzugen; Foodwaste begrenzen; m\u00f6glichst viele kompostierbare Lebensmittel anbieten und Abf\u00e4lle in getrennten Kompostierbeh\u00e4ltern sammeln; Mehrweggeschirr einsetzen.\u00a0<\/li><\/ul><\/li>\n\n<li>Die Abfallkategorien definieren, die getrennt gesammelt werden sollen, z.B.:\u00a0<ul class=\"wp-block-list\"><li>organische Abf\u00e4lle (gem\u00e4ss Gemeindevorschriften)\u00a0<\/li>\n\n<li>Alt\u00f6l, Weissblech, Glas, PET, Aluminium, Papier\/Karton\u00a0<\/li>\n\n<li>brennbare Restabf\u00e4lle (Gewichts- und Sackgeb\u00fchr beachten).\u00a0<\/li><\/ul><\/li><\/ul><p><strong>Logistik und Infrastruktur<\/strong>\u00a0<\/p><ul class=\"wp-block-list\"><li>In Abstimmung mit der Gemeinde die <strong>geeignete Ausr\u00fcstung<\/strong> festlegen (Beh\u00e4lterart, Anzahl, Volumen, Standort, Abtransport).\u00a0<\/li>\n\n<li><strong>Containergr\u00f6ssen und Positionen<\/strong> definieren:\u00a0<ul class=\"wp-block-list\"><li>770 l-Container oder Mulden f\u00fcr Lagerbereiche ausserhalb des Publikumsbereichs,\u00a0<\/li>\n\n<li>240 l-Container im Publikumsbereich f\u00fcr leichten Transport und Entleerung.\u00a0<\/li><\/ul><\/li>\n\n<li><strong>Abfalltrennung erleichtern:<\/strong> Recycling- und Restabfallbeh\u00e4lter nebeneinander aufstellen, gut sichtbar, in regelm\u00e4ssigen Abst\u00e4nden (ca. alle 25 m).\u00a0<\/li>\n\n<li>Abfalleimer so platzieren, dass sie <strong>barrierefrei zug\u00e4nglich<\/strong> sind (Kinder, Rollstuhlfahrende).\u00a0<\/li>\n\n<li>F\u00fcr <strong>Essens- und Getr\u00e4nkest\u00e4nde<\/strong> geeignete Beh\u00e4lter hinter den St\u00e4nden bereitstellen; ausreichendes Volumen einplanen, damit keine Zwischenleerung n\u00f6tig ist.\u00a0<\/li>\n\n<li><strong>Zentralen Sammelbereich<\/strong> f\u00fcr Container einrichten, der leicht zug\u00e4nglich f\u00fcr Entsorgungsfahrzeuge ist.\u00a0<\/li>\n\n<li><strong>Identifizierung von Abfalls\u00fcnder:innen:<\/strong> Daf\u00fcr sorgen, dass mitgebrachte Zelte und Pavillons, welche nach der Veranstaltung sich selbst \u00fcberlassen wurden, r\u00fcckverfolgbar sind, damit die Verursachenden zur Rechenschaft gezogen werden k\u00f6nnen.\u00a0<\/li><\/ul><p><strong>Ausstattung und Personal<\/strong>\u00a0<\/p><ul class=\"wp-block-list\"><li><strong>Sortierbeschilderung <\/strong>vorbereiten: klare Farben, Symbole und Beschriftungen.\u00a0<\/li>\n\n<li>Taschenaschenbecher f\u00fcr Zigarettenstummel bereitstellen (ggf. \u00fcber Partnersponsor).\u00a0<\/li>\n\n<li><strong>Personalbedarf<\/strong> sch\u00e4tzen: 1 Freiwillige:r pro 150 Teilnehmende.\u00a0<\/li>\n\n<li>Freiwillige schulen und ausstatten (Leibchen, Handschuhe, Zangen, Ersatzs\u00e4cke).\u00a0<\/li>\n\n<li>Material erfassen, das nach der Veranstaltung weiterverwendet oder gespendet werden kann (z. B. an Vereine oder Schulen).\u00a0<\/li>\n\n<li>Den<strong> Abfallbewirtschaftungsplan<\/strong> mit allen Beteiligten (St\u00e4nde, Freiwillige, Partner) teilen.\u00a0<\/li>\n\n<li>Das Publikum durch <strong>gezielte Kommunikation<\/strong> \u00fcber die Abfalltrennung informieren (z. B. via Pl\u00e4ne, Tafeln, Social Media).\u00a0<\/li>\n\n<li>F\u00fcr Sportanl\u00e4sse spielerische Aktionen einplanen, um Abfall am Boden zu vermeiden.\u00a0<\/li><\/ul><h2 class=\"wp-block-heading\">W\u00e4hrend der Veranstaltung<\/h2><ul class=\"wp-block-list\"><li>Das Abfallbewirtschaftungskonzept konsequent umsetzen.\u00a0<\/li>\n\n<li>F\u00fcr Sauberkeit auf dem Gel\u00e4nde und in der Umgebung sorgen.\u00a0<\/li>\n\n<li>Standbetreibende und Publikum aktiv begleiten und sensibilisieren.\u00a0<\/li><\/ul><h2 class=\"wp-block-heading\">Nach der Veranstaltung<\/h2><ul class=\"wp-block-list\"><li>Den Abbau begleiten, um liegengebliebenen Abfall zu vermeiden.\u00a0<\/li>\n\n<li>Das Gel\u00e4nde sauber und ordnungsgem\u00e4ss hinterlassen.\u00a0<\/li>\n\n<li>Sicherstellen, dass weiterzuverwendendes Material nicht versehentlich entsorgt wird.\u00a0<\/li>\n\n<li>Den Freiwilligen danken, die zur Umsetzung beigetragen haben.\u00a0<\/li>\n\n<li>Eine <strong>Bilanz <\/strong>ziehen und Verbesserungspotenziale f\u00fcr kommende Ausgaben festhalten.\u00a0<\/li><\/ul><p><\/p>","protected":false},"excerpt":{"rendered":"<p>Ein gut strukturiertes Abfallbewirtschaftungskonzept ist die Grundlage f\u00fcr eine saubere, effiziente und umweltgerechte Veranstaltung.\u00a0\u00a0Es definiert im Voraus die erforderlichen Methoden, Mittel und Verantwortlichkeiten und umfasst die Logistik, das Material, die Personalplanung sowie Massnahmen zur Abfallvermeidung und Kommunikation. Vor der Veranstaltung Planung und Vorbereitung\u00a0 Logistik und Infrastruktur\u00a0 Ausstattung und Personal\u00a0 W\u00e4hrend der Veranstaltung Nach der Veranstaltung<\/p>\n","protected":false},"featured_media":1678,"parent":0,"template":"","format":"standard","meta":{"_sitemap_exclude":false,"_sitemap_priority":"","_sitemap_frequency":"","_eventkit_link":"https:\/\/eventkit.ch\/wp-content\/uploads\/2025\/12\/2.7_Abfallwirtschaft_organisieren_EVENTKIT_FINAL.pdf"},"resource_category":[190],"audience":[],"contenttype":[104],"class_list":["post-2125","resource","type-resource","status-publish","format-standard","has-post-thumbnail","hentry","resource_category-material-abfall","contenttype-merkblatt"],"yoast_head":"<!-- This site is optimized with the Yoast SEO plugin v27.3 - https:\/\/yoast.com\/product\/yoast-seo-wordpress\/ -->\n<title>Abfallwirtschaft organisieren\u00a0 - EventKit<\/title>\n<meta name=\"robots\" content=\"index, follow, max-snippet:-1, max-image-preview:large, max-video-preview:-1\" \/>\n<link rel=\"canonical\" href=\"https:\/\/eventkit.ch\/?resource=abfallwirtschaft-organisieren\" \/>\n<meta property=\"og:locale\" content=\"de_DE\" \/>\n<meta property=\"og:type\" content=\"article\" \/>\n<meta property=\"og:title\" content=\"Abfallwirtschaft organisieren\u00a0 - EventKit\" \/>\n<meta property=\"og:description\" content=\"Ein gut strukturiertes Abfallbewirtschaftungskonzept ist die Grundlage f\u00fcr eine saubere, effiziente und umweltgerechte Veranstaltung.\u00a0\u00a0Es definiert im Voraus die erforderlichen Methoden, Mittel und Verantwortlichkeiten und umfasst die Logistik, das Material, die Personalplanung sowie Massnahmen zur Abfallvermeidung und Kommunikation. Vor der Veranstaltung Planung und Vorbereitung\u00a0 Logistik und Infrastruktur\u00a0 Ausstattung und Personal\u00a0 W\u00e4hrend der Veranstaltung Nach der Veranstaltung\" \/>\n<meta property=\"og:url\" content=\"https:\/\/eventkit.ch\/?resource=abfallwirtschaft-organisieren\" \/>\n<meta property=\"og:site_name\" content=\"EventKit\" \/>\n<meta property=\"article:modified_time\" content=\"2026-03-23T15:46:18+00:00\" \/>\n<meta property=\"og:image\" content=\"https:\/\/eventkit.ch\/wp-content\/uploads\/2025\/12\/Abfallbehaelter3-edited.jpg\" \/>\n\t<meta property=\"og:image:width\" content=\"2448\" \/>\n\t<meta property=\"og:image:height\" content=\"1632\" \/>\n\t<meta property=\"og:image:type\" content=\"image\/jpeg\" \/>\n<meta name=\"twitter:card\" content=\"summary_large_image\" \/>\n<meta name=\"twitter:label1\" content=\"Gesch\u00e4tzte Lesezeit\" \/>\n\t<meta name=\"twitter:data1\" content=\"3\u00a0Minuten\" \/>\n<script type=\"application\/ld+json\" class=\"yoast-schema-graph\">{\"@context\":\"https:\\\/\\\/schema.org\",\"@graph\":[{\"@type\":\"WebPage\",\"@id\":\"https:\\\/\\\/eventkit.ch\\\/?resource=abfallwirtschaft-organisieren\",\"url\":\"https:\\\/\\\/eventkit.ch\\\/?resource=abfallwirtschaft-organisieren\",\"name\":\"Abfallwirtschaft organisieren\u00a0 - EventKit\",\"isPartOf\":{\"@id\":\"https:\\\/\\\/eventkit.ch\\\/#website\"},\"primaryImageOfPage\":{\"@id\":\"https:\\\/\\\/eventkit.ch\\\/?resource=abfallwirtschaft-organisieren#primaryimage\"},\"image\":{\"@id\":\"https:\\\/\\\/eventkit.ch\\\/?resource=abfallwirtschaft-organisieren#primaryimage\"},\"thumbnailUrl\":\"https:\\\/\\\/eventkit.ch\\\/wp-content\\\/uploads\\\/2025\\\/12\\\/Abfallbehaelter3-edited.jpg\",\"datePublished\":\"2025-12-22T13:07:31+00:00\",\"dateModified\":\"2026-03-23T15:46:18+00:00\",\"breadcrumb\":{\"@id\":\"https:\\\/\\\/eventkit.ch\\\/?resource=abfallwirtschaft-organisieren#breadcrumb\"},\"inLanguage\":\"de\",\"potentialAction\":[{\"@type\":\"ReadAction\",\"target\":[\"https:\\\/\\\/eventkit.ch\\\/?resource=abfallwirtschaft-organisieren\"]}]},{\"@type\":\"ImageObject\",\"inLanguage\":\"de\",\"@id\":\"https:\\\/\\\/eventkit.ch\\\/?resource=abfallwirtschaft-organisieren#primaryimage\",\"url\":\"https:\\\/\\\/eventkit.ch\\\/wp-content\\\/uploads\\\/2025\\\/12\\\/Abfallbehaelter3-edited.jpg\",\"contentUrl\":\"https:\\\/\\\/eventkit.ch\\\/wp-content\\\/uploads\\\/2025\\\/12\\\/Abfallbehaelter3-edited.jpg\",\"width\":2448,\"height\":1632},{\"@type\":\"BreadcrumbList\",\"@id\":\"https:\\\/\\\/eventkit.ch\\\/?resource=abfallwirtschaft-organisieren#breadcrumb\",\"itemListElement\":[{\"@type\":\"ListItem\",\"position\":1,\"name\":\"Home\",\"item\":\"https:\\\/\\\/eventkit.ch\\\/\"},{\"@type\":\"ListItem\",\"position\":2,\"name\":\"Merkbl\u00e4tter\",\"item\":\"https:\\\/\\\/eventkit.ch\\\/?post_type=resource&lang=fr\"},{\"@type\":\"ListItem\",\"position\":3,\"name\":\"Abfallwirtschaft organisieren\u00a0\"}]},{\"@type\":\"WebSite\",\"@id\":\"https:\\\/\\\/eventkit.ch\\\/#website\",\"url\":\"https:\\\/\\\/eventkit.ch\\\/\",\"name\":\"EventKit\",\"description\":\"Nachhaltigkeit, die wirkt: Dein Event im Check.\",\"publisher\":{\"@id\":\"https:\\\/\\\/eventkit.ch\\\/#organization\"},\"potentialAction\":[{\"@type\":\"SearchAction\",\"target\":{\"@type\":\"EntryPoint\",\"urlTemplate\":\"https:\\\/\\\/eventkit.ch\\\/?s={search_term_string}\"},\"query-input\":{\"@type\":\"PropertyValueSpecification\",\"valueRequired\":true,\"valueName\":\"search_term_string\"}}],\"inLanguage\":\"de\"},{\"@type\":\"Organization\",\"@id\":\"https:\\\/\\\/eventkit.ch\\\/#organization\",\"name\":\"EventKit\",\"url\":\"https:\\\/\\\/eventkit.ch\\\/\",\"logo\":{\"@type\":\"ImageObject\",\"inLanguage\":\"de\",\"@id\":\"https:\\\/\\\/eventkit.ch\\\/#\\\/schema\\\/logo\\\/image\\\/\",\"url\":\"https:\\\/\\\/eventkit.ch\\\/wp-content\\\/uploads\\\/2025\\\/11\\\/android-icon-144x144-1.png\",\"contentUrl\":\"https:\\\/\\\/eventkit.ch\\\/wp-content\\\/uploads\\\/2025\\\/11\\\/android-icon-144x144-1.png\",\"width\":144,\"height\":144,\"caption\":\"EventKit\"},\"image\":{\"@id\":\"https:\\\/\\\/eventkit.ch\\\/#\\\/schema\\\/logo\\\/image\\\/\"}}]}<\/script>\n<!-- \/ Yoast SEO plugin. -->","yoast_head_json":{"title":"Abfallwirtschaft organisieren\u00a0 - EventKit","robots":{"index":"index","follow":"follow","max-snippet":"max-snippet:-1","max-image-preview":"max-image-preview:large","max-video-preview":"max-video-preview:-1"},"canonical":"https:\/\/eventkit.ch\/?resource=abfallwirtschaft-organisieren","og_locale":"de_DE","og_type":"article","og_title":"Abfallwirtschaft organisieren\u00a0 - EventKit","og_description":"Ein gut strukturiertes Abfallbewirtschaftungskonzept ist die Grundlage f\u00fcr eine saubere, effiziente und umweltgerechte Veranstaltung.\u00a0\u00a0Es definiert im Voraus die erforderlichen Methoden, Mittel und Verantwortlichkeiten und umfasst die Logistik, das Material, die Personalplanung sowie Massnahmen zur Abfallvermeidung und Kommunikation. Vor der Veranstaltung Planung und Vorbereitung\u00a0 Logistik und Infrastruktur\u00a0 Ausstattung und Personal\u00a0 W\u00e4hrend der Veranstaltung Nach der Veranstaltung","og_url":"https:\/\/eventkit.ch\/?resource=abfallwirtschaft-organisieren","og_site_name":"EventKit","article_modified_time":"2026-03-23T15:46:18+00:00","og_image":[{"width":2448,"height":1632,"url":"https:\/\/eventkit.ch\/wp-content\/uploads\/2025\/12\/Abfallbehaelter3-edited.jpg","type":"image\/jpeg"}],"twitter_card":"summary_large_image","twitter_misc":{"Gesch\u00e4tzte Lesezeit":"3\u00a0Minuten"},"schema":{"@context":"https:\/\/schema.org","@graph":[{"@type":"WebPage","@id":"https:\/\/eventkit.ch\/?resource=abfallwirtschaft-organisieren","url":"https:\/\/eventkit.ch\/?resource=abfallwirtschaft-organisieren","name":"Abfallwirtschaft organisieren\u00a0 - EventKit","isPartOf":{"@id":"https:\/\/eventkit.ch\/#website"},"primaryImageOfPage":{"@id":"https:\/\/eventkit.ch\/?resource=abfallwirtschaft-organisieren#primaryimage"},"image":{"@id":"https:\/\/eventkit.ch\/?resource=abfallwirtschaft-organisieren#primaryimage"},"thumbnailUrl":"https:\/\/eventkit.ch\/wp-content\/uploads\/2025\/12\/Abfallbehaelter3-edited.jpg","datePublished":"2025-12-22T13:07:31+00:00","dateModified":"2026-03-23T15:46:18+00:00","breadcrumb":{"@id":"https:\/\/eventkit.ch\/?resource=abfallwirtschaft-organisieren#breadcrumb"},"inLanguage":"de","potentialAction":[{"@type":"ReadAction","target":["https:\/\/eventkit.ch\/?resource=abfallwirtschaft-organisieren"]}]},{"@type":"ImageObject","inLanguage":"de","@id":"https:\/\/eventkit.ch\/?resource=abfallwirtschaft-organisieren#primaryimage","url":"https:\/\/eventkit.ch\/wp-content\/uploads\/2025\/12\/Abfallbehaelter3-edited.jpg","contentUrl":"https:\/\/eventkit.ch\/wp-content\/uploads\/2025\/12\/Abfallbehaelter3-edited.jpg","width":2448,"height":1632},{"@type":"BreadcrumbList","@id":"https:\/\/eventkit.ch\/?resource=abfallwirtschaft-organisieren#breadcrumb","itemListElement":[{"@type":"ListItem","position":1,"name":"Home","item":"https:\/\/eventkit.ch\/"},{"@type":"ListItem","position":2,"name":"Merkbl\u00e4tter","item":"https:\/\/eventkit.ch\/?post_type=resource&lang=fr"},{"@type":"ListItem","position":3,"name":"Abfallwirtschaft organisieren\u00a0"}]},{"@type":"WebSite","@id":"https:\/\/eventkit.ch\/#website","url":"https:\/\/eventkit.ch\/","name":"EventKit","description":"Nachhaltigkeit, die wirkt: Dein Event im Check.","publisher":{"@id":"https:\/\/eventkit.ch\/#organization"},"potentialAction":[{"@type":"SearchAction","target":{"@type":"EntryPoint","urlTemplate":"https:\/\/eventkit.ch\/?s={search_term_string}"},"query-input":{"@type":"PropertyValueSpecification","valueRequired":true,"valueName":"search_term_string"}}],"inLanguage":"de"},{"@type":"Organization","@id":"https:\/\/eventkit.ch\/#organization","name":"EventKit","url":"https:\/\/eventkit.ch\/","logo":{"@type":"ImageObject","inLanguage":"de","@id":"https:\/\/eventkit.ch\/#\/schema\/logo\/image\/","url":"https:\/\/eventkit.ch\/wp-content\/uploads\/2025\/11\/android-icon-144x144-1.png","contentUrl":"https:\/\/eventkit.ch\/wp-content\/uploads\/2025\/11\/android-icon-144x144-1.png","width":144,"height":144,"caption":"EventKit"},"image":{"@id":"https:\/\/eventkit.ch\/#\/schema\/logo\/image\/"}}]}},"_links":{"self":[{"href":"https:\/\/eventkit.ch\/index.php?rest_route=\/wp\/v2\/resource\/2125","targetHints":{"allow":["GET"]}}],"collection":[{"href":"https:\/\/eventkit.ch\/index.php?rest_route=\/wp\/v2\/resource"}],"about":[{"href":"https:\/\/eventkit.ch\/index.php?rest_route=\/wp\/v2\/types\/resource"}],"wp:featuredmedia":[{"embeddable":true,"href":"https:\/\/eventkit.ch\/index.php?rest_route=\/wp\/v2\/media\/1678"}],"wp:attachment":[{"href":"https:\/\/eventkit.ch\/index.php?rest_route=%2Fwp%2Fv2%2Fmedia&parent=2125"}],"wp:term":[{"taxonomy":"resource_category","embeddable":true,"href":"https:\/\/eventkit.ch\/index.php?rest_route=%2Fwp%2Fv2%2Fresource_category&post=2125"},{"taxonomy":"audience","embeddable":true,"href":"https:\/\/eventkit.ch\/index.php?rest_route=%2Fwp%2Fv2%2Faudience&post=2125"},{"taxonomy":"contenttype","embeddable":true,"href":"https:\/\/eventkit.ch\/index.php?rest_route=%2Fwp%2Fv2%2Fcontenttype&post=2125"}],"curies":[{"name":"wp","href":"https:\/\/api.w.org\/{rel}","templated":true}]}}