{"id":2124,"date":"2025-12-22T13:07:31","date_gmt":"2025-12-22T13:07:31","guid":{"rendered":"https:\/\/eventkit.ch\/?post_type=resource&#038;p=2124"},"modified":"2026-03-23T18:15:53","modified_gmt":"2026-03-23T17:15:53","slug":"organiser-la-gestion-des-dechets","status":"publish","type":"resource","link":"https:\/\/eventkit.ch\/?resource=organiser-la-gestion-des-dechets&lang=fr","title":{"rendered":"Organiser la gestion des d\u00e9chets"},"content":{"rendered":"<p>Un concept de gestion des d\u00e9chets bien structur\u00e9 constitue la base d\u2019une manifestation propre, efficace et respectueuse de l\u2019environnement.&nbsp;<br>&nbsp;<br>Il d\u00e9finit \u00e0 l\u2019avance les m\u00e9thodes, les moyens et les responsabilit\u00e9s n\u00e9cessaires \u00e0 la collecte, au tri et \u00e0 la valorisation des d\u00e9chets.&nbsp;<br>&nbsp;<br>Il comprend \u00e9galement la logistique, le mat\u00e9riel, la planification des ressources humaines ainsi que les mesures de r\u00e9duction et de communication associ\u00e9es.&nbsp;<\/p><h2 class=\"wp-block-heading\">Avant la manifestation<\/h2><p><strong>Planification et pr\u00e9paration\u202f:<\/strong>\u00a0<\/p><ul class=\"wp-block-list\"><li>Sur la base de l\u2019estimation des types et volumes de d\u00e9chets, identifier les domaines o\u00f9 une r\u00e9duction est possible en amont, par exemple :\u00a0<ul class=\"wp-block-list\"><li>achats : planification r\u00e9aliste des besoins, limitation des emballages ;\u00a0<\/li>\n\n<li>alimentation : pour les ingr\u00e9dients de base \u00e9viter les emballages inutiles, limiter le gaspillage alimentaire et utiliser de la vaisselle r\u00e9utilisable.\u00a0<\/li><\/ul><\/li>\n\n<li>D\u00e9finir les cat\u00e9gories de d\u00e9chets \u00e0 trier, selon la r\u00e9glementation communale :\u00a0<ul class=\"wp-block-list\"><li>d\u00e9chets organiques ; (pr\u00e9ciser selon les r\u00e8gles locales : d\u00e9chets v\u00e9g\u00e9taux seuls ou restes de repas, produits carn\u00e9s, etc.)\u202f;\u00a0\u00a0<\/li>\n\n<li>huiles usag\u00e9es, fer-blanc, verre, PET, aluminium, papier\/carton ;\u00a0<\/li>\n\n<li>d\u00e9chets incin\u00e9rables (d\u00e9terminer si facturation au poids ou via sacs tax\u00e9s).\u00a0<\/li><\/ul><\/li><\/ul><p><strong>Logistique et infrastructure :<\/strong>\u00a0<\/p><ul class=\"wp-block-list\"><li>En concertation avec la Commune, d\u00e9terminer l\u2019\u00e9quipement n\u00e9cessaire : type, nombre, taille, emplacements, conditions de mise \u00e0 disposition et d\u2019\u00e9vacuation.\u00a0<\/li>\n\n<li>D\u00e9finir les volumes et positions des contenants :\u00a0<ul class=\"wp-block-list\"><li>containers de 770 L ou bennes pour les zones de stockage en dehors de l\u2019espace public ;\u00a0<\/li>\n\n<li>containers de 240 L dans les zones accessibles au public pour faciliter le transport et la vidange.\u00a0<\/li><\/ul><\/li>\n\n<li>Faciliter le tri en pla\u00e7ant les bacs de recyclage et les poubelles d\u2019incin\u00e9rables c\u00f4te \u00e0 c\u00f4te, \u00e0 intervalles r\u00e9guliers (environ tous les 25 m).\u00a0<\/li>\n\n<li>Installer les poubelles de mani\u00e8re visible et accessibles \u00e0 tous (enfants, personnes \u00e0 mobilit\u00e9 r\u00e9duite).\u00a0<\/li>\n\n<li>Pour les stands de restauration : pr\u00e9voir des contenants adapt\u00e9s derri\u00e8re les stands, avec un volume suffisant pour \u00e9viter les vidanges en cours d\u2019\u00e9v\u00e9nement.\u00a0<\/li>\n\n<li>Mettre en place une zone centrale de collecte des d\u00e9chets, facilement accessible aux camions de la voirie ou aux v\u00e9hicules d\u2019\u00e9vacuation.\u00a0<\/li>\n\n<li>Identification des pollueurs : veiller \u00e0 ce que les tentes et les pavillons apport\u00e9s et \u00e9ventuellement abandonn\u00e9s apr\u00e8s l&#8217;\u00e9v\u00e9nement soient tra\u00e7ables afin que les propri\u00e9taires puissent \u00eatre tenus pour responsables.\u00a0<\/li><\/ul><p><strong>\u00c9quipement et ressources humaines\u202f:<\/strong>\u00a0<\/p><ul class=\"wp-block-list\"><li>Pr\u00e9parer la signal\u00e9tique de tri : couleurs, pictogrammes et mentions claires, align\u00e9es sur les standards connus du public.\u00a0<\/li>\n\n<li>Mettre \u00e0 disposition des cendriers de poche pour les m\u00e9gots et chewing-gums, \u00e9ventuellement en partenariat avec un sponsor.\u00a0<\/li>\n\n<li>\u00c9valuer les besoins en personnel : pr\u00e9voir environ 1 b\u00e9n\u00e9vole pour 150 participantes et participants.\u00a0<\/li>\n\n<li>Former et \u00e9quiper les b\u00e9n\u00e9voles (gilets, gants, pinces, sacs de remplacement).\u00a0<\/li>\n\n<li>Recenser le mat\u00e9riel pouvant \u00eatre r\u00e9utilis\u00e9 ou donn\u00e9 (associations, \u00e9coles, clubs, etc.).\u00a0<\/li>\n\n<li>Communiquer le plan de gestion des d\u00e9chets \u00e0 toutes les parties prenantes (stands, b\u00e9n\u00e9voles, partenaires).\u00a0<\/li>\n\n<li>Informer le public sur les actions mises en place via affichage, signal\u00e9tique, plans, site Internet et r\u00e9seaux sociaux.\u00a0<\/li>\n\n<li>Pr\u00e9voir des actions ludiques (ex. pour les manifestations sportives) afin d\u2019encourager un comportement responsable.\u00a0\u00a0<\/li><\/ul><h2 class=\"wp-block-heading\">Pendant la manifestation<\/h2><ul class=\"wp-block-list\"><li>Mettre en \u0153uvre le plan de gestion des d\u00e9chets selon les dispositions pr\u00e9vues.\u00a0<\/li>\n\n<li>Assurer en permanence la propret\u00e9 du site et de ses abords.\u00a0<\/li>\n\n<li>Accompagner et sensibiliser activement le public et les tenanci\u00e8res et tenanciers de stands.\u00a0\u00a0<\/li><\/ul><h2 class=\"wp-block-heading\">Apr\u00e8s la manifestation&nbsp;<\/h2><ul class=\"wp-block-list\"><li>Accompagner le d\u00e9montage pour \u00e9viter tout abandon de d\u00e9chets.\u00a0<\/li>\n\n<li>Restituer le site propre et conforme aux exigences de la Commune.\u00a0<\/li>\n\n<li>S\u2019assurer que le mat\u00e9riel destin\u00e9 au r\u00e9emploi ne soit pas \u00e9limin\u00e9 par erreur.\u00a0<\/li>\n\n<li>Remercier et valoriser les b\u00e9n\u00e9voles impliqu\u00e9s dans la gestion des d\u00e9chets.\u00a0<\/li>\n\n<li>\u00c9tablir un bilan de la d\u00e9marche et identifier les am\u00e9liorations possibles pour les prochaines \u00e9ditions.\u00a0\u00a0<\/li><\/ul><p><\/p>","protected":false},"excerpt":{"rendered":"<p>Un concept de gestion des d\u00e9chets bien structur\u00e9 constitue la base d\u2019une manifestation propre, efficace et respectueuse de l\u2019environnement.&nbsp;&nbsp;Il d\u00e9finit \u00e0 l\u2019avance les m\u00e9thodes, les moyens et les responsabilit\u00e9s n\u00e9cessaires \u00e0 la collecte, au tri et \u00e0 la valorisation des d\u00e9chets.&nbsp;&nbsp;Il comprend \u00e9galement la logistique, le mat\u00e9riel, la planification des ressources humaines ainsi que les [&hellip;]<\/p>\n","protected":false},"featured_media":1678,"parent":0,"template":"","format":"standard","meta":{"_sitemap_exclude":false,"_sitemap_priority":"","_sitemap_frequency":"","_eventkit_link":"https:\/\/eventkit.ch\/wp-content\/uploads\/2025\/12\/2.7_Organiser_la_gestion_des_dechets_EVENTKIT_FINAL.pdf"},"resource_category":[206],"audience":[],"contenttype":[216],"class_list":["post-2124","resource","type-resource","status-publish","format-standard","has-post-thumbnail","hentry","resource_category-materiel-dechets","contenttype-fiches-dinformation"],"yoast_head":"<!-- This site is optimized with the Yoast SEO plugin v27.3 - https:\/\/yoast.com\/product\/yoast-seo-wordpress\/ -->\n<title>Organiser la gestion des d\u00e9chets - EventKit<\/title>\n<meta name=\"robots\" content=\"index, follow, max-snippet:-1, max-image-preview:large, max-video-preview:-1\" \/>\n<link rel=\"canonical\" href=\"https:\/\/eventkit.ch\/?resource=organiser-la-gestion-des-dechets&lang=fr\" \/>\n<meta property=\"og:locale\" content=\"de_DE\" \/>\n<meta property=\"og:type\" content=\"article\" \/>\n<meta property=\"og:title\" content=\"Organiser la gestion des d\u00e9chets - EventKit\" \/>\n<meta property=\"og:description\" content=\"Un concept de gestion des d\u00e9chets bien structur\u00e9 constitue la base d\u2019une manifestation propre, efficace et respectueuse de l\u2019environnement.&nbsp;&nbsp;Il d\u00e9finit \u00e0 l\u2019avance les m\u00e9thodes, les moyens et les responsabilit\u00e9s n\u00e9cessaires \u00e0 la collecte, au tri et \u00e0 la valorisation des d\u00e9chets.&nbsp;&nbsp;Il comprend \u00e9galement la logistique, le mat\u00e9riel, la planification des ressources humaines ainsi que les [&hellip;]\" \/>\n<meta property=\"og:url\" content=\"https:\/\/eventkit.ch\/?resource=organiser-la-gestion-des-dechets&amp;lang=fr\" \/>\n<meta property=\"og:site_name\" content=\"EventKit\" \/>\n<meta property=\"article:modified_time\" content=\"2026-03-23T17:15:53+00:00\" \/>\n<meta property=\"og:image\" content=\"https:\/\/eventkit.ch\/wp-content\/uploads\/2025\/12\/Abfallbehaelter3-edited.jpg\" \/>\n\t<meta property=\"og:image:width\" content=\"2448\" \/>\n\t<meta property=\"og:image:height\" content=\"1632\" \/>\n\t<meta property=\"og:image:type\" content=\"image\/jpeg\" \/>\n<meta name=\"twitter:card\" content=\"summary_large_image\" \/>\n<meta name=\"twitter:label1\" content=\"Gesch\u00e4tzte Lesezeit\" \/>\n\t<meta name=\"twitter:data1\" content=\"4\u00a0Minuten\" \/>\n<script type=\"application\/ld+json\" class=\"yoast-schema-graph\">{\"@context\":\"https:\\\/\\\/schema.org\",\"@graph\":[{\"@type\":\"WebPage\",\"@id\":\"https:\\\/\\\/eventkit.ch\\\/?resource=organiser-la-gestion-des-dechets&lang=fr\",\"url\":\"https:\\\/\\\/eventkit.ch\\\/?resource=organiser-la-gestion-des-dechets&lang=fr\",\"name\":\"Organiser la gestion des d\u00e9chets - EventKit\",\"isPartOf\":{\"@id\":\"https:\\\/\\\/eventkit.ch\\\/#website\"},\"primaryImageOfPage\":{\"@id\":\"https:\\\/\\\/eventkit.ch\\\/?resource=organiser-la-gestion-des-dechets&lang=fr#primaryimage\"},\"image\":{\"@id\":\"https:\\\/\\\/eventkit.ch\\\/?resource=organiser-la-gestion-des-dechets&lang=fr#primaryimage\"},\"thumbnailUrl\":\"https:\\\/\\\/eventkit.ch\\\/wp-content\\\/uploads\\\/2025\\\/12\\\/Abfallbehaelter3-edited.jpg\",\"datePublished\":\"2025-12-22T13:07:31+00:00\",\"dateModified\":\"2026-03-23T17:15:53+00:00\",\"breadcrumb\":{\"@id\":\"https:\\\/\\\/eventkit.ch\\\/?resource=organiser-la-gestion-des-dechets&lang=fr#breadcrumb\"},\"inLanguage\":\"de\",\"potentialAction\":[{\"@type\":\"ReadAction\",\"target\":[\"https:\\\/\\\/eventkit.ch\\\/?resource=organiser-la-gestion-des-dechets&lang=fr\"]}]},{\"@type\":\"ImageObject\",\"inLanguage\":\"de\",\"@id\":\"https:\\\/\\\/eventkit.ch\\\/?resource=organiser-la-gestion-des-dechets&lang=fr#primaryimage\",\"url\":\"https:\\\/\\\/eventkit.ch\\\/wp-content\\\/uploads\\\/2025\\\/12\\\/Abfallbehaelter3-edited.jpg\",\"contentUrl\":\"https:\\\/\\\/eventkit.ch\\\/wp-content\\\/uploads\\\/2025\\\/12\\\/Abfallbehaelter3-edited.jpg\",\"width\":2448,\"height\":1632},{\"@type\":\"BreadcrumbList\",\"@id\":\"https:\\\/\\\/eventkit.ch\\\/?resource=organiser-la-gestion-des-dechets&lang=fr#breadcrumb\",\"itemListElement\":[{\"@type\":\"ListItem\",\"position\":1,\"name\":\"Home\",\"item\":\"https:\\\/\\\/eventkit.ch\\\/\"},{\"@type\":\"ListItem\",\"position\":2,\"name\":\"Merkbl\u00e4tter\",\"item\":\"https:\\\/\\\/eventkit.ch\\\/?post_type=resource&lang=fr\"},{\"@type\":\"ListItem\",\"position\":3,\"name\":\"Organiser la gestion des d\u00e9chets\"}]},{\"@type\":\"WebSite\",\"@id\":\"https:\\\/\\\/eventkit.ch\\\/#website\",\"url\":\"https:\\\/\\\/eventkit.ch\\\/\",\"name\":\"EventKit\",\"description\":\"Nachhaltigkeit, die wirkt: Dein Event im Check.\",\"publisher\":{\"@id\":\"https:\\\/\\\/eventkit.ch\\\/#organization\"},\"potentialAction\":[{\"@type\":\"SearchAction\",\"target\":{\"@type\":\"EntryPoint\",\"urlTemplate\":\"https:\\\/\\\/eventkit.ch\\\/?s={search_term_string}\"},\"query-input\":{\"@type\":\"PropertyValueSpecification\",\"valueRequired\":true,\"valueName\":\"search_term_string\"}}],\"inLanguage\":\"de\"},{\"@type\":\"Organization\",\"@id\":\"https:\\\/\\\/eventkit.ch\\\/#organization\",\"name\":\"EventKit\",\"url\":\"https:\\\/\\\/eventkit.ch\\\/\",\"logo\":{\"@type\":\"ImageObject\",\"inLanguage\":\"de\",\"@id\":\"https:\\\/\\\/eventkit.ch\\\/#\\\/schema\\\/logo\\\/image\\\/\",\"url\":\"https:\\\/\\\/eventkit.ch\\\/wp-content\\\/uploads\\\/2025\\\/11\\\/android-icon-144x144-1.png\",\"contentUrl\":\"https:\\\/\\\/eventkit.ch\\\/wp-content\\\/uploads\\\/2025\\\/11\\\/android-icon-144x144-1.png\",\"width\":144,\"height\":144,\"caption\":\"EventKit\"},\"image\":{\"@id\":\"https:\\\/\\\/eventkit.ch\\\/#\\\/schema\\\/logo\\\/image\\\/\"}}]}<\/script>\n<!-- \/ Yoast SEO plugin. -->","yoast_head_json":{"title":"Organiser la gestion des d\u00e9chets - EventKit","robots":{"index":"index","follow":"follow","max-snippet":"max-snippet:-1","max-image-preview":"max-image-preview:large","max-video-preview":"max-video-preview:-1"},"canonical":"https:\/\/eventkit.ch\/?resource=organiser-la-gestion-des-dechets&lang=fr","og_locale":"de_DE","og_type":"article","og_title":"Organiser la gestion des d\u00e9chets - EventKit","og_description":"Un concept de gestion des d\u00e9chets bien structur\u00e9 constitue la base d\u2019une manifestation propre, efficace et respectueuse de l\u2019environnement.&nbsp;&nbsp;Il d\u00e9finit \u00e0 l\u2019avance les m\u00e9thodes, les moyens et les responsabilit\u00e9s n\u00e9cessaires \u00e0 la collecte, au tri et \u00e0 la valorisation des d\u00e9chets.&nbsp;&nbsp;Il comprend \u00e9galement la logistique, le mat\u00e9riel, la planification des ressources humaines ainsi que les [&hellip;]","og_url":"https:\/\/eventkit.ch\/?resource=organiser-la-gestion-des-dechets&lang=fr","og_site_name":"EventKit","article_modified_time":"2026-03-23T17:15:53+00:00","og_image":[{"width":2448,"height":1632,"url":"https:\/\/eventkit.ch\/wp-content\/uploads\/2025\/12\/Abfallbehaelter3-edited.jpg","type":"image\/jpeg"}],"twitter_card":"summary_large_image","twitter_misc":{"Gesch\u00e4tzte Lesezeit":"4\u00a0Minuten"},"schema":{"@context":"https:\/\/schema.org","@graph":[{"@type":"WebPage","@id":"https:\/\/eventkit.ch\/?resource=organiser-la-gestion-des-dechets&lang=fr","url":"https:\/\/eventkit.ch\/?resource=organiser-la-gestion-des-dechets&lang=fr","name":"Organiser la gestion des d\u00e9chets - EventKit","isPartOf":{"@id":"https:\/\/eventkit.ch\/#website"},"primaryImageOfPage":{"@id":"https:\/\/eventkit.ch\/?resource=organiser-la-gestion-des-dechets&lang=fr#primaryimage"},"image":{"@id":"https:\/\/eventkit.ch\/?resource=organiser-la-gestion-des-dechets&lang=fr#primaryimage"},"thumbnailUrl":"https:\/\/eventkit.ch\/wp-content\/uploads\/2025\/12\/Abfallbehaelter3-edited.jpg","datePublished":"2025-12-22T13:07:31+00:00","dateModified":"2026-03-23T17:15:53+00:00","breadcrumb":{"@id":"https:\/\/eventkit.ch\/?resource=organiser-la-gestion-des-dechets&lang=fr#breadcrumb"},"inLanguage":"de","potentialAction":[{"@type":"ReadAction","target":["https:\/\/eventkit.ch\/?resource=organiser-la-gestion-des-dechets&lang=fr"]}]},{"@type":"ImageObject","inLanguage":"de","@id":"https:\/\/eventkit.ch\/?resource=organiser-la-gestion-des-dechets&lang=fr#primaryimage","url":"https:\/\/eventkit.ch\/wp-content\/uploads\/2025\/12\/Abfallbehaelter3-edited.jpg","contentUrl":"https:\/\/eventkit.ch\/wp-content\/uploads\/2025\/12\/Abfallbehaelter3-edited.jpg","width":2448,"height":1632},{"@type":"BreadcrumbList","@id":"https:\/\/eventkit.ch\/?resource=organiser-la-gestion-des-dechets&lang=fr#breadcrumb","itemListElement":[{"@type":"ListItem","position":1,"name":"Home","item":"https:\/\/eventkit.ch\/"},{"@type":"ListItem","position":2,"name":"Merkbl\u00e4tter","item":"https:\/\/eventkit.ch\/?post_type=resource&lang=fr"},{"@type":"ListItem","position":3,"name":"Organiser la gestion des d\u00e9chets"}]},{"@type":"WebSite","@id":"https:\/\/eventkit.ch\/#website","url":"https:\/\/eventkit.ch\/","name":"EventKit","description":"Nachhaltigkeit, die wirkt: Dein Event im Check.","publisher":{"@id":"https:\/\/eventkit.ch\/#organization"},"potentialAction":[{"@type":"SearchAction","target":{"@type":"EntryPoint","urlTemplate":"https:\/\/eventkit.ch\/?s={search_term_string}"},"query-input":{"@type":"PropertyValueSpecification","valueRequired":true,"valueName":"search_term_string"}}],"inLanguage":"de"},{"@type":"Organization","@id":"https:\/\/eventkit.ch\/#organization","name":"EventKit","url":"https:\/\/eventkit.ch\/","logo":{"@type":"ImageObject","inLanguage":"de","@id":"https:\/\/eventkit.ch\/#\/schema\/logo\/image\/","url":"https:\/\/eventkit.ch\/wp-content\/uploads\/2025\/11\/android-icon-144x144-1.png","contentUrl":"https:\/\/eventkit.ch\/wp-content\/uploads\/2025\/11\/android-icon-144x144-1.png","width":144,"height":144,"caption":"EventKit"},"image":{"@id":"https:\/\/eventkit.ch\/#\/schema\/logo\/image\/"}}]}},"_links":{"self":[{"href":"https:\/\/eventkit.ch\/index.php?rest_route=\/wp\/v2\/resource\/2124","targetHints":{"allow":["GET"]}}],"collection":[{"href":"https:\/\/eventkit.ch\/index.php?rest_route=\/wp\/v2\/resource"}],"about":[{"href":"https:\/\/eventkit.ch\/index.php?rest_route=\/wp\/v2\/types\/resource"}],"wp:featuredmedia":[{"embeddable":true,"href":"https:\/\/eventkit.ch\/index.php?rest_route=\/wp\/v2\/media\/1678"}],"wp:attachment":[{"href":"https:\/\/eventkit.ch\/index.php?rest_route=%2Fwp%2Fv2%2Fmedia&parent=2124"}],"wp:term":[{"taxonomy":"resource_category","embeddable":true,"href":"https:\/\/eventkit.ch\/index.php?rest_route=%2Fwp%2Fv2%2Fresource_category&post=2124"},{"taxonomy":"audience","embeddable":true,"href":"https:\/\/eventkit.ch\/index.php?rest_route=%2Fwp%2Fv2%2Faudience&post=2124"},{"taxonomy":"contenttype","embeddable":true,"href":"https:\/\/eventkit.ch\/index.php?rest_route=%2Fwp%2Fv2%2Fcontenttype&post=2124"}],"curies":[{"name":"wp","href":"https:\/\/api.w.org\/{rel}","templated":true}]}}