{"id":2122,"date":"2025-12-22T12:59:34","date_gmt":"2025-12-22T12:59:34","guid":{"rendered":"https:\/\/eventkit.ch\/?post_type=resource&#038;p=2122"},"modified":"2026-03-23T18:04:30","modified_gmt":"2026-03-23T17:04:30","slug":"limiter-les-dechets-lies-aux-boissons","status":"publish","type":"resource","link":"https:\/\/eventkit.ch\/?resource=limiter-les-dechets-lies-aux-boissons&lang=fr","title":{"rendered":"Limiter les d\u00e9chets li\u00e9s aux boissons"},"content":{"rendered":"<p>La vente de boissons repr\u00e9sente souvent une source de revenus importante pour une manifestation, mais \u00e9galement l\u2019un des postes majeurs de production de d\u00e9chets.&nbsp;<br>&nbsp;<br>Un choix r\u00e9fl\u00e9chi des boissons et de leurs contenants permet de r\u00e9duire consid\u00e9rablement les volumes de d\u00e9chets tout en g\u00e9n\u00e9rant des \u00e9conomies.&nbsp;<br>&nbsp;<br>Bien que de nombreux emballages (p.ex. PET, aluminium, verre) soient recyclables, leur bilan \u00e9cologique varie consid\u00e9rablement. Les facteurs d\u00e9cisifs sont l&#8217;\u00e9nergie n\u00e9cessaire \u00e0 la fabrication et au recyclage, la recyclabilit\u00e9 (pas de downcycling), le taux de retour et les poids et distances de transport.&nbsp;<br>&nbsp;<br>En r\u00e8gle g\u00e9n\u00e9rale : <strong>la r\u00e9utilisation pr\u00e9vaut sur le jetable, et la production locale sur l\u2019importation.<\/strong>&nbsp;<\/p><p>\u00a0<\/p><h2 class=\"wp-block-heading\">Avant la manifestation<\/h2><p><strong>Choix des boissons et des emballages\u202f:<\/strong>\u00a0<\/p><ul class=\"wp-block-list\"><li>Privil\u00e9gier les contenants r\u00e9utilisables (bouteilles consign\u00e9es, verres, gobelets r\u00e9utilisables).\u00a0<\/li>\n\n<li>Choisir des boissons produites localement afin de r\u00e9duire les \u00e9missions li\u00e9es au transport \u2013 crit\u00e8re particuli\u00e8rement important pour les bouteilles en verre.\u00a0<\/li>\n\n<li>Pr\u00e9f\u00e9rer les grands formats aux portions individuelles (p.ex. bouteilles de 1,5 litre plut\u00f4t que des canettes).\u00a0<\/li>\n\n<li>Opter pour les boissons en f\u00fbt lorsque cela est possible.\u00a0<\/li>\n\n<li>Proposer de l\u2019eau du robinet plut\u00f4t que de l\u2019eau en bouteille \u2013 une solution simple, \u00e9conomique et \u00e9cologique.\u00a0<\/li>\n\n<li>Installer des fontaines \u00e0 eau raccord\u00e9es au r\u00e9seau pour \u00e9viter les bouteilles \u00e0 usage unique.\u00a0<\/li>\n\n<li>Recourir \u00e0 des gobelets r\u00e9utilisables et supprimer les pailles.\u00a0<\/li>\n\n<li><\/li><\/ul><p><strong>Organisation et logistique\u202f:<\/strong>\u00a0<\/p><ul class=\"wp-block-list\"><li>Pr\u00e9voir d\u00e8s la planification les infrastructures n\u00e9cessaires au tri, au retour et \u00e0 la gestion des consignes \u00e9ventuelles.\u00a0<\/li>\n\n<li>Garantir un acc\u00e8s \u00e0 l\u2019eau potable gratuite sur l\u2019ensemble du site.\u00a0\u00a0<\/li><\/ul><h2 class=\"wp-block-heading\">Pendant la manifestation<\/h2><ul class=\"wp-block-list\"><li>Assurer la gestion efficace du tri, du retour et du recyclage des contenants (points de collecte clairement identifi\u00e9s, personnel form\u00e9).\u00a0<\/li>\n\n<li>Communiquer activement aupr\u00e8s du public sur la d\u00e9marche de durabilit\u00e9 li\u00e9e aux boissons, afin de sensibiliser et encourager un comportement responsable.\u00a0\u00a0<\/li><\/ul>","protected":false},"excerpt":{"rendered":"<p>La vente de boissons repr\u00e9sente souvent une source de revenus importante pour une manifestation, mais \u00e9galement l\u2019un des postes majeurs de production de d\u00e9chets.&nbsp;&nbsp;Un choix r\u00e9fl\u00e9chi des boissons et de leurs contenants permet de r\u00e9duire consid\u00e9rablement les volumes de d\u00e9chets tout en g\u00e9n\u00e9rant des \u00e9conomies.&nbsp;&nbsp;Bien que de nombreux emballages (p.ex. PET, aluminium, verre) soient recyclables, [&hellip;]<\/p>\n","protected":false},"featured_media":2013,"parent":0,"template":"","format":"standard","meta":{"_sitemap_exclude":false,"_sitemap_priority":"","_sitemap_frequency":"","_eventkit_link":"https:\/\/eventkit.ch\/wp-content\/uploads\/2025\/12\/2.6_Limiter_les_dechets_lies_aux_boissons_EVENTKIT_FINAL.pdf"},"resource_category":[206],"audience":[],"contenttype":[216],"class_list":["post-2122","resource","type-resource","status-publish","format-standard","has-post-thumbnail","hentry","resource_category-materiel-dechets","contenttype-fiches-dinformation"],"yoast_head":"<!-- This site is optimized with the Yoast SEO plugin v27.3 - https:\/\/yoast.com\/product\/yoast-seo-wordpress\/ -->\n<title>Limiter les d\u00e9chets li\u00e9s aux boissons - EventKit<\/title>\n<meta name=\"robots\" content=\"index, follow, max-snippet:-1, max-image-preview:large, max-video-preview:-1\" \/>\n<link rel=\"canonical\" href=\"https:\/\/eventkit.ch\/?resource=limiter-les-dechets-lies-aux-boissons&lang=fr\" \/>\n<meta property=\"og:locale\" content=\"de_DE\" \/>\n<meta property=\"og:type\" content=\"article\" \/>\n<meta property=\"og:title\" content=\"Limiter les d\u00e9chets li\u00e9s aux boissons - EventKit\" \/>\n<meta property=\"og:description\" content=\"La vente de boissons repr\u00e9sente souvent une source de revenus importante pour une manifestation, mais \u00e9galement l\u2019un des postes majeurs de production de d\u00e9chets.&nbsp;&nbsp;Un choix r\u00e9fl\u00e9chi des boissons et de leurs contenants permet de r\u00e9duire consid\u00e9rablement les volumes de d\u00e9chets tout en g\u00e9n\u00e9rant des \u00e9conomies.&nbsp;&nbsp;Bien que de nombreux emballages (p.ex. PET, aluminium, verre) soient recyclables, [&hellip;]\" \/>\n<meta property=\"og:url\" content=\"https:\/\/eventkit.ch\/?resource=limiter-les-dechets-lies-aux-boissons&amp;lang=fr\" \/>\n<meta property=\"og:site_name\" content=\"EventKit\" \/>\n<meta property=\"article:modified_time\" content=\"2026-03-23T17:04:30+00:00\" \/>\n<meta property=\"og:image\" content=\"https:\/\/eventkit.ch\/wp-content\/uploads\/2025\/12\/Zurich-Pride-Festival-Friday-2025-Photo-by-Sebastian-Hubold-28-scaled.jpeg\" \/>\n\t<meta property=\"og:image:width\" content=\"2560\" \/>\n\t<meta property=\"og:image:height\" content=\"1706\" \/>\n\t<meta property=\"og:image:type\" content=\"image\/jpeg\" \/>\n<meta name=\"twitter:card\" content=\"summary_large_image\" \/>\n<meta name=\"twitter:label1\" content=\"Gesch\u00e4tzte Lesezeit\" \/>\n\t<meta name=\"twitter:data1\" content=\"2\u00a0Minuten\" \/>\n<script type=\"application\/ld+json\" class=\"yoast-schema-graph\">{\"@context\":\"https:\\\/\\\/schema.org\",\"@graph\":[{\"@type\":\"WebPage\",\"@id\":\"https:\\\/\\\/eventkit.ch\\\/?resource=limiter-les-dechets-lies-aux-boissons&lang=fr\",\"url\":\"https:\\\/\\\/eventkit.ch\\\/?resource=limiter-les-dechets-lies-aux-boissons&lang=fr\",\"name\":\"Limiter les d\u00e9chets li\u00e9s aux boissons - EventKit\",\"isPartOf\":{\"@id\":\"https:\\\/\\\/eventkit.ch\\\/#website\"},\"primaryImageOfPage\":{\"@id\":\"https:\\\/\\\/eventkit.ch\\\/?resource=limiter-les-dechets-lies-aux-boissons&lang=fr#primaryimage\"},\"image\":{\"@id\":\"https:\\\/\\\/eventkit.ch\\\/?resource=limiter-les-dechets-lies-aux-boissons&lang=fr#primaryimage\"},\"thumbnailUrl\":\"https:\\\/\\\/eventkit.ch\\\/wp-content\\\/uploads\\\/2025\\\/12\\\/Zurich-Pride-Festival-Friday-2025-Photo-by-Sebastian-Hubold-28-scaled.jpeg\",\"datePublished\":\"2025-12-22T12:59:34+00:00\",\"dateModified\":\"2026-03-23T17:04:30+00:00\",\"breadcrumb\":{\"@id\":\"https:\\\/\\\/eventkit.ch\\\/?resource=limiter-les-dechets-lies-aux-boissons&lang=fr#breadcrumb\"},\"inLanguage\":\"de\",\"potentialAction\":[{\"@type\":\"ReadAction\",\"target\":[\"https:\\\/\\\/eventkit.ch\\\/?resource=limiter-les-dechets-lies-aux-boissons&lang=fr\"]}]},{\"@type\":\"ImageObject\",\"inLanguage\":\"de\",\"@id\":\"https:\\\/\\\/eventkit.ch\\\/?resource=limiter-les-dechets-lies-aux-boissons&lang=fr#primaryimage\",\"url\":\"https:\\\/\\\/eventkit.ch\\\/wp-content\\\/uploads\\\/2025\\\/12\\\/Zurich-Pride-Festival-Friday-2025-Photo-by-Sebastian-Hubold-28-scaled.jpeg\",\"contentUrl\":\"https:\\\/\\\/eventkit.ch\\\/wp-content\\\/uploads\\\/2025\\\/12\\\/Zurich-Pride-Festival-Friday-2025-Photo-by-Sebastian-Hubold-28-scaled.jpeg\",\"width\":2560,\"height\":1706},{\"@type\":\"BreadcrumbList\",\"@id\":\"https:\\\/\\\/eventkit.ch\\\/?resource=limiter-les-dechets-lies-aux-boissons&lang=fr#breadcrumb\",\"itemListElement\":[{\"@type\":\"ListItem\",\"position\":1,\"name\":\"Home\",\"item\":\"https:\\\/\\\/eventkit.ch\\\/\"},{\"@type\":\"ListItem\",\"position\":2,\"name\":\"Merkbl\u00e4tter\",\"item\":\"https:\\\/\\\/eventkit.ch\\\/?post_type=resource&lang=fr\"},{\"@type\":\"ListItem\",\"position\":3,\"name\":\"Limiter les d\u00e9chets li\u00e9s aux boissons\"}]},{\"@type\":\"WebSite\",\"@id\":\"https:\\\/\\\/eventkit.ch\\\/#website\",\"url\":\"https:\\\/\\\/eventkit.ch\\\/\",\"name\":\"EventKit\",\"description\":\"Nachhaltigkeit, die wirkt: Dein Event im Check.\",\"publisher\":{\"@id\":\"https:\\\/\\\/eventkit.ch\\\/#organization\"},\"potentialAction\":[{\"@type\":\"SearchAction\",\"target\":{\"@type\":\"EntryPoint\",\"urlTemplate\":\"https:\\\/\\\/eventkit.ch\\\/?s={search_term_string}\"},\"query-input\":{\"@type\":\"PropertyValueSpecification\",\"valueRequired\":true,\"valueName\":\"search_term_string\"}}],\"inLanguage\":\"de\"},{\"@type\":\"Organization\",\"@id\":\"https:\\\/\\\/eventkit.ch\\\/#organization\",\"name\":\"EventKit\",\"url\":\"https:\\\/\\\/eventkit.ch\\\/\",\"logo\":{\"@type\":\"ImageObject\",\"inLanguage\":\"de\",\"@id\":\"https:\\\/\\\/eventkit.ch\\\/#\\\/schema\\\/logo\\\/image\\\/\",\"url\":\"https:\\\/\\\/eventkit.ch\\\/wp-content\\\/uploads\\\/2025\\\/11\\\/android-icon-144x144-1.png\",\"contentUrl\":\"https:\\\/\\\/eventkit.ch\\\/wp-content\\\/uploads\\\/2025\\\/11\\\/android-icon-144x144-1.png\",\"width\":144,\"height\":144,\"caption\":\"EventKit\"},\"image\":{\"@id\":\"https:\\\/\\\/eventkit.ch\\\/#\\\/schema\\\/logo\\\/image\\\/\"}}]}<\/script>\n<!-- \/ Yoast SEO plugin. -->","yoast_head_json":{"title":"Limiter les d\u00e9chets li\u00e9s aux boissons - EventKit","robots":{"index":"index","follow":"follow","max-snippet":"max-snippet:-1","max-image-preview":"max-image-preview:large","max-video-preview":"max-video-preview:-1"},"canonical":"https:\/\/eventkit.ch\/?resource=limiter-les-dechets-lies-aux-boissons&lang=fr","og_locale":"de_DE","og_type":"article","og_title":"Limiter les d\u00e9chets li\u00e9s aux boissons - EventKit","og_description":"La vente de boissons repr\u00e9sente souvent une source de revenus importante pour une manifestation, mais \u00e9galement l\u2019un des postes majeurs de production de d\u00e9chets.&nbsp;&nbsp;Un choix r\u00e9fl\u00e9chi des boissons et de leurs contenants permet de r\u00e9duire consid\u00e9rablement les volumes de d\u00e9chets tout en g\u00e9n\u00e9rant des \u00e9conomies.&nbsp;&nbsp;Bien que de nombreux emballages (p.ex. PET, aluminium, verre) soient recyclables, [&hellip;]","og_url":"https:\/\/eventkit.ch\/?resource=limiter-les-dechets-lies-aux-boissons&lang=fr","og_site_name":"EventKit","article_modified_time":"2026-03-23T17:04:30+00:00","og_image":[{"width":2560,"height":1706,"url":"https:\/\/eventkit.ch\/wp-content\/uploads\/2025\/12\/Zurich-Pride-Festival-Friday-2025-Photo-by-Sebastian-Hubold-28-scaled.jpeg","type":"image\/jpeg"}],"twitter_card":"summary_large_image","twitter_misc":{"Gesch\u00e4tzte Lesezeit":"2\u00a0Minuten"},"schema":{"@context":"https:\/\/schema.org","@graph":[{"@type":"WebPage","@id":"https:\/\/eventkit.ch\/?resource=limiter-les-dechets-lies-aux-boissons&lang=fr","url":"https:\/\/eventkit.ch\/?resource=limiter-les-dechets-lies-aux-boissons&lang=fr","name":"Limiter les d\u00e9chets li\u00e9s aux boissons - EventKit","isPartOf":{"@id":"https:\/\/eventkit.ch\/#website"},"primaryImageOfPage":{"@id":"https:\/\/eventkit.ch\/?resource=limiter-les-dechets-lies-aux-boissons&lang=fr#primaryimage"},"image":{"@id":"https:\/\/eventkit.ch\/?resource=limiter-les-dechets-lies-aux-boissons&lang=fr#primaryimage"},"thumbnailUrl":"https:\/\/eventkit.ch\/wp-content\/uploads\/2025\/12\/Zurich-Pride-Festival-Friday-2025-Photo-by-Sebastian-Hubold-28-scaled.jpeg","datePublished":"2025-12-22T12:59:34+00:00","dateModified":"2026-03-23T17:04:30+00:00","breadcrumb":{"@id":"https:\/\/eventkit.ch\/?resource=limiter-les-dechets-lies-aux-boissons&lang=fr#breadcrumb"},"inLanguage":"de","potentialAction":[{"@type":"ReadAction","target":["https:\/\/eventkit.ch\/?resource=limiter-les-dechets-lies-aux-boissons&lang=fr"]}]},{"@type":"ImageObject","inLanguage":"de","@id":"https:\/\/eventkit.ch\/?resource=limiter-les-dechets-lies-aux-boissons&lang=fr#primaryimage","url":"https:\/\/eventkit.ch\/wp-content\/uploads\/2025\/12\/Zurich-Pride-Festival-Friday-2025-Photo-by-Sebastian-Hubold-28-scaled.jpeg","contentUrl":"https:\/\/eventkit.ch\/wp-content\/uploads\/2025\/12\/Zurich-Pride-Festival-Friday-2025-Photo-by-Sebastian-Hubold-28-scaled.jpeg","width":2560,"height":1706},{"@type":"BreadcrumbList","@id":"https:\/\/eventkit.ch\/?resource=limiter-les-dechets-lies-aux-boissons&lang=fr#breadcrumb","itemListElement":[{"@type":"ListItem","position":1,"name":"Home","item":"https:\/\/eventkit.ch\/"},{"@type":"ListItem","position":2,"name":"Merkbl\u00e4tter","item":"https:\/\/eventkit.ch\/?post_type=resource&lang=fr"},{"@type":"ListItem","position":3,"name":"Limiter les d\u00e9chets li\u00e9s aux boissons"}]},{"@type":"WebSite","@id":"https:\/\/eventkit.ch\/#website","url":"https:\/\/eventkit.ch\/","name":"EventKit","description":"Nachhaltigkeit, die wirkt: Dein Event im Check.","publisher":{"@id":"https:\/\/eventkit.ch\/#organization"},"potentialAction":[{"@type":"SearchAction","target":{"@type":"EntryPoint","urlTemplate":"https:\/\/eventkit.ch\/?s={search_term_string}"},"query-input":{"@type":"PropertyValueSpecification","valueRequired":true,"valueName":"search_term_string"}}],"inLanguage":"de"},{"@type":"Organization","@id":"https:\/\/eventkit.ch\/#organization","name":"EventKit","url":"https:\/\/eventkit.ch\/","logo":{"@type":"ImageObject","inLanguage":"de","@id":"https:\/\/eventkit.ch\/#\/schema\/logo\/image\/","url":"https:\/\/eventkit.ch\/wp-content\/uploads\/2025\/11\/android-icon-144x144-1.png","contentUrl":"https:\/\/eventkit.ch\/wp-content\/uploads\/2025\/11\/android-icon-144x144-1.png","width":144,"height":144,"caption":"EventKit"},"image":{"@id":"https:\/\/eventkit.ch\/#\/schema\/logo\/image\/"}}]}},"_links":{"self":[{"href":"https:\/\/eventkit.ch\/index.php?rest_route=\/wp\/v2\/resource\/2122","targetHints":{"allow":["GET"]}}],"collection":[{"href":"https:\/\/eventkit.ch\/index.php?rest_route=\/wp\/v2\/resource"}],"about":[{"href":"https:\/\/eventkit.ch\/index.php?rest_route=\/wp\/v2\/types\/resource"}],"wp:featuredmedia":[{"embeddable":true,"href":"https:\/\/eventkit.ch\/index.php?rest_route=\/wp\/v2\/media\/2013"}],"wp:attachment":[{"href":"https:\/\/eventkit.ch\/index.php?rest_route=%2Fwp%2Fv2%2Fmedia&parent=2122"}],"wp:term":[{"taxonomy":"resource_category","embeddable":true,"href":"https:\/\/eventkit.ch\/index.php?rest_route=%2Fwp%2Fv2%2Fresource_category&post=2122"},{"taxonomy":"audience","embeddable":true,"href":"https:\/\/eventkit.ch\/index.php?rest_route=%2Fwp%2Fv2%2Faudience&post=2122"},{"taxonomy":"contenttype","embeddable":true,"href":"https:\/\/eventkit.ch\/index.php?rest_route=%2Fwp%2Fv2%2Fcontenttype&post=2122"}],"curies":[{"name":"wp","href":"https:\/\/api.w.org\/{rel}","templated":true}]}}