{"id":2120,"date":"2025-12-22T12:36:30","date_gmt":"2025-12-22T12:36:30","guid":{"rendered":"https:\/\/eventkit.ch\/?post_type=resource&#038;p=2120"},"modified":"2026-03-23T18:04:10","modified_gmt":"2026-03-23T17:04:10","slug":"limiter-les-dechets-lies-a-lalimentation","status":"publish","type":"resource","link":"https:\/\/eventkit.ch\/?resource=limiter-les-dechets-lies-a-lalimentation&lang=fr","title":{"rendered":"Limiter les d\u00e9chets li\u00e9s \u00e0 l&#8217;alimentation"},"content":{"rendered":"<p>La r\u00e9duction des d\u00e9chets alimentaires englobe l\u2019ensemble des d\u00e9chets g\u00e9n\u00e9r\u00e9s autour de la restauration \u2014 emballages, vaisselle, nappes ou restes de nourriture.&nbsp;<br>&nbsp;<br>L\u2019utilisation de vaisselle r\u00e9utilisable permet de diminuer jusqu\u2019\u00e0 70 % les volumes de d\u00e9chets, d\u2019am\u00e9liorer la propret\u00e9 du site, de r\u00e9duire les co\u00fbts de nettoyage et d\u2019\u00e9limination et de renforcer l\u2019image de la manifestation.&nbsp;<br>&nbsp;<br>M\u00eame si certains seuils environnementaux (comme les distances de transport) ne sont pas toujours atteints, le recours \u00e0 la vaisselle r\u00e9utilisable reste particuli\u00e8rement pertinent gr\u00e2ce \u00e0 sa valeur p\u00e9dagogique et \u00e0 son potentiel d\u2019influence sur les comportements.<\/p><h2 class=\"wp-block-heading\">Avant la manifestation<\/h2><p><strong>Planification et approvisionnement\u202f:<\/strong>&nbsp;<\/p><ul class=\"wp-block-list\"><li><strong>Privil\u00e9gier les produits locaux<\/strong> afin de limiter les emballages li\u00e9s aux longs transports.&nbsp;<\/li>\n\n<li>Privil\u00e9gier les <strong>produits v\u00e9g\u00e9taux compostables<\/strong> aux produits animaux.&nbsp;<\/li>\n\n<li>R\u00e9duire au maximum les articles \u00e0 usage unique (emballages, nappes, touillettes, etc.).&nbsp;<\/li>\n\n<li>Utiliser de <strong>grands contenants<\/strong> plut\u00f4t que des portions individuelles. (caf\u00e9, moutarde, sauces, sucre, cr\u00e8me, lait), ce qui r\u00e9duit les co\u00fbts et le gaspillage.&nbsp;<\/li>\n\n<li>Limiter le recours \u00e0 la vaisselle en optant pour des alternatives simples. (ex. saucisse servie sur le pain, serviettes en papier \u00e0 la place d&#8217;assiettes en carton, glaces dans des cornets plut\u00f4t que dans des gobelets en carton, etc.).&nbsp;<\/li>\n\n<li><strong>\u00c9valuer les besoins en vaisselle<\/strong> selon le nombre de participantes et participants.&nbsp;<\/li>\n\n<li><strong>Consulter les tenanci\u00e8res et tenanciers de stands<\/strong> pour identifier leurs besoins sp\u00e9cifiques.&nbsp;<\/li><\/ul><p>&nbsp;<strong>Choix de la vaisselle :&nbsp;<\/strong><\/p><ul class=\"wp-block-list\"><li>Utiliser de la vaisselle r\u00e9utilisable, id\u00e9alement uniforme pour tous les stands.&nbsp;<\/li>\n\n<li>Si la vaisselle jetable est in\u00e9vitable :&nbsp;<\/li>\n\n<li>privil\u00e9gier le carton recycl\u00e9,&nbsp;<ul class=\"wp-block-list\"><li>proscrire la vaisselle en plastique,&nbsp;<\/li>\n\n<li>utiliser la vaisselle compostable avec pr\u00e9caution (fili\u00e8re d\u2019\u00e9limination parfois probl\u00e9matique).&nbsp;<\/li><\/ul><\/li>\n\n<li>Se renseigner aupr\u00e8s de la Commune sur l\u2019existence \u00e9ventuelle d\u2019un stock de gobelets r\u00e9utilisables ou d\u2019un syst\u00e8me de subvention et tenir compte des modalit\u00e9s de pr\u00eat.&nbsp;<\/li>\n\n<li>Comparer les offres de plusieurs fournisseuses ou fournisseurs (co\u00fbts, logistique de retour, nettoyage).&nbsp;<\/li>\n\n<li>Profiter de l\u2019exp\u00e9rience et du mat\u00e9riel de communication des fournisseuses fournisseurs.&nbsp;<\/li><\/ul><p><strong>Organisation et logistique :<\/strong><\/p><ul class=\"wp-block-list\"><li><strong>Int\u00e9grer l\u2019obligation d\u2019utiliser de la vaisselle r\u00e9utilisable<\/strong> dans les contrats avec les stands (m\u00eame condition pour tout le monde).&nbsp;<\/li>\n\n<li>Mettre en place un <strong>syst\u00e8me uniforme de consigne et de retour<\/strong> (montant recommand\u00e9 : CHF 2.\u2013 par pi\u00e8ce, \u00e9galement pour les couverts) ou utiliser de la vaisselle r\u00e9utilisable sans consigne, tra\u00e7able num\u00e9riquement.&nbsp;<\/li>\n\n<li>Organiser les points de retour :&nbsp;<ul class=\"wp-block-list\"><li>les gobelets via les stands de boissons,&nbsp;<\/li>\n\n<li>les assiettes via un ou plusieurs stands d\u00e9di\u00e9s,&nbsp;<\/li>\n\n<li>pr\u00e9voir des caisses vides suppl\u00e9mentaires pour la vaisselle sale (\u00e0 louer aupr\u00e8s du fournisseur).&nbsp;<\/li><\/ul><\/li>\n\n<li>Pr\u00e9voir suffisamment de monnaie pour les consignes.&nbsp;<\/li>\n\n<li>Installer une <strong>signal\u00e9tique claire<\/strong> pour les points de distribution et de retour.&nbsp;<\/li>\n\n<li><strong>Informer les tenanci\u00e8res et tenanciers et leurs \u00e9quipes<\/strong> sur les proc\u00e9dures \u00e0 suivre.&nbsp;<\/li>\n\n<li>Consigner le nombre de pi\u00e8ces livr\u00e9es \u00e0 chaque stand afin de faciliter le suivi des consignes encaiss\u00e9es.&nbsp;<\/li>\n\n<li>Informer le public sur le syst\u00e8me mis en place et ses avantages pour favoriser son adh\u00e9sion.&nbsp;&nbsp;<\/li><\/ul><h2 class=\"wp-block-heading\">Pendant la manifestation<\/h2><ul class=\"wp-block-list\"><li>G\u00e9rer activement la distribution, le retour et la consigne de la vaisselle.&nbsp;<\/li>\n\n<li>S\u2019assurer qu\u2019une quantit\u00e9 suffisante de vaisselle propre soit disponible en tout temps..&nbsp;<\/li>\n\n<li>Ramasser la vaisselle utilis\u00e9e ou oubli\u00e9e par le public.&nbsp;&nbsp;<\/li><\/ul><h2 class=\"wp-block-heading\">Apr\u00e8s la manifestation&nbsp;<\/h2><ul class=\"wp-block-list\"><li>Effectuer la comptabilit\u00e9 par stand selon l\u2019organisation \u00e9tablie\u202f:&nbsp;<ul class=\"wp-block-list\"><li>nombre de caisses scell\u00e9es, ouvertes, sales et propres,&nbsp;<\/li>\n\n<li>recettes li\u00e9es \u00e0 la consigne.&nbsp;<\/li><\/ul><\/li>\n\n<li>Restituer le mat\u00e9riel \u00e0 la&nbsp; fournisseur et v\u00e9rifier la facturation.&nbsp;<\/li>\n\n<li>\u00c9tablir un bilan de la d\u00e9marche et identifier les am\u00e9liorations possibles pour les \u00e9ditions suivantes.&nbsp;<\/li><\/ul><p><\/p>","protected":false},"excerpt":{"rendered":"<p>La r\u00e9duction des d\u00e9chets alimentaires englobe l\u2019ensemble des d\u00e9chets g\u00e9n\u00e9r\u00e9s autour de la restauration \u2014 emballages, vaisselle, nappes ou restes de nourriture.&nbsp;&nbsp;L\u2019utilisation de vaisselle r\u00e9utilisable permet de diminuer jusqu\u2019\u00e0 70 % les volumes de d\u00e9chets, d\u2019am\u00e9liorer la propret\u00e9 du site, de r\u00e9duire les co\u00fbts de nettoyage et d\u2019\u00e9limination et de renforcer l\u2019image de la manifestation.&nbsp;&nbsp;M\u00eame [&hellip;]<\/p>\n","protected":false},"featured_media":3226,"parent":0,"template":"","format":"standard","meta":{"_sitemap_exclude":false,"_sitemap_priority":"","_sitemap_frequency":"","_eventkit_link":"https:\/\/eventkit.ch\/wp-content\/uploads\/2025\/12\/2.5_Limiter_les_dechets_lies_a_l_alimentation_EVENTKIT_FINAL.pdf"},"resource_category":[206,178],"audience":[],"contenttype":[216],"class_list":["post-2120","resource","type-resource","status-publish","format-standard","has-post-thumbnail","hentry","resource_category-materiel-dechets","resource_category-restauration","contenttype-fiches-dinformation"],"yoast_head":"<!-- This site is optimized with the Yoast SEO plugin v27.3 - https:\/\/yoast.com\/product\/yoast-seo-wordpress\/ -->\n<title>Limiter les d\u00e9chets li\u00e9s \u00e0 l&#039;alimentation - EventKit<\/title>\n<meta name=\"robots\" content=\"index, follow, max-snippet:-1, max-image-preview:large, max-video-preview:-1\" \/>\n<link rel=\"canonical\" href=\"https:\/\/eventkit.ch\/?resource=limiter-les-dechets-lies-a-lalimentation&lang=fr\" \/>\n<meta property=\"og:locale\" content=\"de_DE\" \/>\n<meta property=\"og:type\" content=\"article\" \/>\n<meta property=\"og:title\" content=\"Limiter les d\u00e9chets li\u00e9s \u00e0 l&#039;alimentation - EventKit\" \/>\n<meta property=\"og:description\" content=\"La r\u00e9duction des d\u00e9chets alimentaires englobe l\u2019ensemble des d\u00e9chets g\u00e9n\u00e9r\u00e9s autour de la restauration \u2014 emballages, vaisselle, nappes ou restes de nourriture.&nbsp;&nbsp;L\u2019utilisation de vaisselle r\u00e9utilisable permet de diminuer jusqu\u2019\u00e0 70 % les volumes de d\u00e9chets, d\u2019am\u00e9liorer la propret\u00e9 du site, de r\u00e9duire les co\u00fbts de nettoyage et d\u2019\u00e9limination et de renforcer l\u2019image de la manifestation.&nbsp;&nbsp;M\u00eame [&hellip;]\" \/>\n<meta property=\"og:url\" content=\"https:\/\/eventkit.ch\/?resource=limiter-les-dechets-lies-a-lalimentation&amp;lang=fr\" \/>\n<meta property=\"og:site_name\" content=\"EventKit\" \/>\n<meta property=\"article:modified_time\" content=\"2026-03-23T17:04:10+00:00\" \/>\n<meta property=\"og:image\" content=\"https:\/\/eventkit.ch\/wp-content\/uploads\/2025\/12\/34_pommes-in-taccoschale-3.jpg\" \/>\n\t<meta property=\"og:image:width\" content=\"413\" \/>\n\t<meta property=\"og:image:height\" content=\"276\" \/>\n\t<meta property=\"og:image:type\" content=\"image\/jpeg\" \/>\n<meta name=\"twitter:card\" content=\"summary_large_image\" \/>\n<meta name=\"twitter:label1\" content=\"Gesch\u00e4tzte Lesezeit\" \/>\n\t<meta name=\"twitter:data1\" content=\"4\u00a0Minuten\" \/>\n<script type=\"application\/ld+json\" class=\"yoast-schema-graph\">{\"@context\":\"https:\\\/\\\/schema.org\",\"@graph\":[{\"@type\":\"WebPage\",\"@id\":\"https:\\\/\\\/eventkit.ch\\\/?resource=limiter-les-dechets-lies-a-lalimentation&lang=fr\",\"url\":\"https:\\\/\\\/eventkit.ch\\\/?resource=limiter-les-dechets-lies-a-lalimentation&lang=fr\",\"name\":\"Limiter les d\u00e9chets li\u00e9s \u00e0 l'alimentation - EventKit\",\"isPartOf\":{\"@id\":\"https:\\\/\\\/eventkit.ch\\\/#website\"},\"primaryImageOfPage\":{\"@id\":\"https:\\\/\\\/eventkit.ch\\\/?resource=limiter-les-dechets-lies-a-lalimentation&lang=fr#primaryimage\"},\"image\":{\"@id\":\"https:\\\/\\\/eventkit.ch\\\/?resource=limiter-les-dechets-lies-a-lalimentation&lang=fr#primaryimage\"},\"thumbnailUrl\":\"https:\\\/\\\/eventkit.ch\\\/wp-content\\\/uploads\\\/2025\\\/12\\\/34_pommes-in-taccoschale-3.jpg\",\"datePublished\":\"2025-12-22T12:36:30+00:00\",\"dateModified\":\"2026-03-23T17:04:10+00:00\",\"breadcrumb\":{\"@id\":\"https:\\\/\\\/eventkit.ch\\\/?resource=limiter-les-dechets-lies-a-lalimentation&lang=fr#breadcrumb\"},\"inLanguage\":\"de\",\"potentialAction\":[{\"@type\":\"ReadAction\",\"target\":[\"https:\\\/\\\/eventkit.ch\\\/?resource=limiter-les-dechets-lies-a-lalimentation&lang=fr\"]}]},{\"@type\":\"ImageObject\",\"inLanguage\":\"de\",\"@id\":\"https:\\\/\\\/eventkit.ch\\\/?resource=limiter-les-dechets-lies-a-lalimentation&lang=fr#primaryimage\",\"url\":\"https:\\\/\\\/eventkit.ch\\\/wp-content\\\/uploads\\\/2025\\\/12\\\/34_pommes-in-taccoschale-3.jpg\",\"contentUrl\":\"https:\\\/\\\/eventkit.ch\\\/wp-content\\\/uploads\\\/2025\\\/12\\\/34_pommes-in-taccoschale-3.jpg\",\"width\":413,\"height\":276},{\"@type\":\"BreadcrumbList\",\"@id\":\"https:\\\/\\\/eventkit.ch\\\/?resource=limiter-les-dechets-lies-a-lalimentation&lang=fr#breadcrumb\",\"itemListElement\":[{\"@type\":\"ListItem\",\"position\":1,\"name\":\"Home\",\"item\":\"https:\\\/\\\/eventkit.ch\\\/\"},{\"@type\":\"ListItem\",\"position\":2,\"name\":\"Merkbl\u00e4tter\",\"item\":\"https:\\\/\\\/eventkit.ch\\\/?post_type=resource&lang=fr\"},{\"@type\":\"ListItem\",\"position\":3,\"name\":\"Limiter les d\u00e9chets li\u00e9s \u00e0 l&#8217;alimentation\"}]},{\"@type\":\"WebSite\",\"@id\":\"https:\\\/\\\/eventkit.ch\\\/#website\",\"url\":\"https:\\\/\\\/eventkit.ch\\\/\",\"name\":\"EventKit\",\"description\":\"Nachhaltigkeit, die wirkt: Dein Event im Check.\",\"publisher\":{\"@id\":\"https:\\\/\\\/eventkit.ch\\\/#organization\"},\"potentialAction\":[{\"@type\":\"SearchAction\",\"target\":{\"@type\":\"EntryPoint\",\"urlTemplate\":\"https:\\\/\\\/eventkit.ch\\\/?s={search_term_string}\"},\"query-input\":{\"@type\":\"PropertyValueSpecification\",\"valueRequired\":true,\"valueName\":\"search_term_string\"}}],\"inLanguage\":\"de\"},{\"@type\":\"Organization\",\"@id\":\"https:\\\/\\\/eventkit.ch\\\/#organization\",\"name\":\"EventKit\",\"url\":\"https:\\\/\\\/eventkit.ch\\\/\",\"logo\":{\"@type\":\"ImageObject\",\"inLanguage\":\"de\",\"@id\":\"https:\\\/\\\/eventkit.ch\\\/#\\\/schema\\\/logo\\\/image\\\/\",\"url\":\"https:\\\/\\\/eventkit.ch\\\/wp-content\\\/uploads\\\/2025\\\/11\\\/android-icon-144x144-1.png\",\"contentUrl\":\"https:\\\/\\\/eventkit.ch\\\/wp-content\\\/uploads\\\/2025\\\/11\\\/android-icon-144x144-1.png\",\"width\":144,\"height\":144,\"caption\":\"EventKit\"},\"image\":{\"@id\":\"https:\\\/\\\/eventkit.ch\\\/#\\\/schema\\\/logo\\\/image\\\/\"}}]}<\/script>\n<!-- \/ Yoast SEO plugin. -->","yoast_head_json":{"title":"Limiter les d\u00e9chets li\u00e9s \u00e0 l'alimentation - EventKit","robots":{"index":"index","follow":"follow","max-snippet":"max-snippet:-1","max-image-preview":"max-image-preview:large","max-video-preview":"max-video-preview:-1"},"canonical":"https:\/\/eventkit.ch\/?resource=limiter-les-dechets-lies-a-lalimentation&lang=fr","og_locale":"de_DE","og_type":"article","og_title":"Limiter les d\u00e9chets li\u00e9s \u00e0 l'alimentation - EventKit","og_description":"La r\u00e9duction des d\u00e9chets alimentaires englobe l\u2019ensemble des d\u00e9chets g\u00e9n\u00e9r\u00e9s autour de la restauration \u2014 emballages, vaisselle, nappes ou restes de nourriture.&nbsp;&nbsp;L\u2019utilisation de vaisselle r\u00e9utilisable permet de diminuer jusqu\u2019\u00e0 70 % les volumes de d\u00e9chets, d\u2019am\u00e9liorer la propret\u00e9 du site, de r\u00e9duire les co\u00fbts de nettoyage et d\u2019\u00e9limination et de renforcer l\u2019image de la manifestation.&nbsp;&nbsp;M\u00eame [&hellip;]","og_url":"https:\/\/eventkit.ch\/?resource=limiter-les-dechets-lies-a-lalimentation&lang=fr","og_site_name":"EventKit","article_modified_time":"2026-03-23T17:04:10+00:00","og_image":[{"width":413,"height":276,"url":"https:\/\/eventkit.ch\/wp-content\/uploads\/2025\/12\/34_pommes-in-taccoschale-3.jpg","type":"image\/jpeg"}],"twitter_card":"summary_large_image","twitter_misc":{"Gesch\u00e4tzte Lesezeit":"4\u00a0Minuten"},"schema":{"@context":"https:\/\/schema.org","@graph":[{"@type":"WebPage","@id":"https:\/\/eventkit.ch\/?resource=limiter-les-dechets-lies-a-lalimentation&lang=fr","url":"https:\/\/eventkit.ch\/?resource=limiter-les-dechets-lies-a-lalimentation&lang=fr","name":"Limiter les d\u00e9chets li\u00e9s \u00e0 l'alimentation - EventKit","isPartOf":{"@id":"https:\/\/eventkit.ch\/#website"},"primaryImageOfPage":{"@id":"https:\/\/eventkit.ch\/?resource=limiter-les-dechets-lies-a-lalimentation&lang=fr#primaryimage"},"image":{"@id":"https:\/\/eventkit.ch\/?resource=limiter-les-dechets-lies-a-lalimentation&lang=fr#primaryimage"},"thumbnailUrl":"https:\/\/eventkit.ch\/wp-content\/uploads\/2025\/12\/34_pommes-in-taccoschale-3.jpg","datePublished":"2025-12-22T12:36:30+00:00","dateModified":"2026-03-23T17:04:10+00:00","breadcrumb":{"@id":"https:\/\/eventkit.ch\/?resource=limiter-les-dechets-lies-a-lalimentation&lang=fr#breadcrumb"},"inLanguage":"de","potentialAction":[{"@type":"ReadAction","target":["https:\/\/eventkit.ch\/?resource=limiter-les-dechets-lies-a-lalimentation&lang=fr"]}]},{"@type":"ImageObject","inLanguage":"de","@id":"https:\/\/eventkit.ch\/?resource=limiter-les-dechets-lies-a-lalimentation&lang=fr#primaryimage","url":"https:\/\/eventkit.ch\/wp-content\/uploads\/2025\/12\/34_pommes-in-taccoschale-3.jpg","contentUrl":"https:\/\/eventkit.ch\/wp-content\/uploads\/2025\/12\/34_pommes-in-taccoschale-3.jpg","width":413,"height":276},{"@type":"BreadcrumbList","@id":"https:\/\/eventkit.ch\/?resource=limiter-les-dechets-lies-a-lalimentation&lang=fr#breadcrumb","itemListElement":[{"@type":"ListItem","position":1,"name":"Home","item":"https:\/\/eventkit.ch\/"},{"@type":"ListItem","position":2,"name":"Merkbl\u00e4tter","item":"https:\/\/eventkit.ch\/?post_type=resource&lang=fr"},{"@type":"ListItem","position":3,"name":"Limiter les d\u00e9chets li\u00e9s \u00e0 l&#8217;alimentation"}]},{"@type":"WebSite","@id":"https:\/\/eventkit.ch\/#website","url":"https:\/\/eventkit.ch\/","name":"EventKit","description":"Nachhaltigkeit, die wirkt: Dein Event im Check.","publisher":{"@id":"https:\/\/eventkit.ch\/#organization"},"potentialAction":[{"@type":"SearchAction","target":{"@type":"EntryPoint","urlTemplate":"https:\/\/eventkit.ch\/?s={search_term_string}"},"query-input":{"@type":"PropertyValueSpecification","valueRequired":true,"valueName":"search_term_string"}}],"inLanguage":"de"},{"@type":"Organization","@id":"https:\/\/eventkit.ch\/#organization","name":"EventKit","url":"https:\/\/eventkit.ch\/","logo":{"@type":"ImageObject","inLanguage":"de","@id":"https:\/\/eventkit.ch\/#\/schema\/logo\/image\/","url":"https:\/\/eventkit.ch\/wp-content\/uploads\/2025\/11\/android-icon-144x144-1.png","contentUrl":"https:\/\/eventkit.ch\/wp-content\/uploads\/2025\/11\/android-icon-144x144-1.png","width":144,"height":144,"caption":"EventKit"},"image":{"@id":"https:\/\/eventkit.ch\/#\/schema\/logo\/image\/"}}]}},"_links":{"self":[{"href":"https:\/\/eventkit.ch\/index.php?rest_route=\/wp\/v2\/resource\/2120","targetHints":{"allow":["GET"]}}],"collection":[{"href":"https:\/\/eventkit.ch\/index.php?rest_route=\/wp\/v2\/resource"}],"about":[{"href":"https:\/\/eventkit.ch\/index.php?rest_route=\/wp\/v2\/types\/resource"}],"wp:featuredmedia":[{"embeddable":true,"href":"https:\/\/eventkit.ch\/index.php?rest_route=\/wp\/v2\/media\/3226"}],"wp:attachment":[{"href":"https:\/\/eventkit.ch\/index.php?rest_route=%2Fwp%2Fv2%2Fmedia&parent=2120"}],"wp:term":[{"taxonomy":"resource_category","embeddable":true,"href":"https:\/\/eventkit.ch\/index.php?rest_route=%2Fwp%2Fv2%2Fresource_category&post=2120"},{"taxonomy":"audience","embeddable":true,"href":"https:\/\/eventkit.ch\/index.php?rest_route=%2Fwp%2Fv2%2Faudience&post=2120"},{"taxonomy":"contenttype","embeddable":true,"href":"https:\/\/eventkit.ch\/index.php?rest_route=%2Fwp%2Fv2%2Fcontenttype&post=2120"}],"curies":[{"name":"wp","href":"https:\/\/api.w.org\/{rel}","templated":true}]}}