{"id":2111,"date":"2025-12-22T11:13:43","date_gmt":"2025-12-22T11:13:43","guid":{"rendered":"https:\/\/eventkit.ch\/?post_type=resource&#038;p=2111"},"modified":"2026-03-23T17:40:25","modified_gmt":"2026-03-23T16:40:25","slug":"sensibilisierung-interner-beteiligter","status":"publish","type":"resource","link":"https:\/\/eventkit.ch\/?resource=sensibilisierung-interner-beteiligter","title":{"rendered":"Sensibilisierung interner Beteiligter"},"content":{"rendered":"<p>Die Sensibilisierung interner Beteiligter st\u00e4rkt das Engagement f\u00fcr Nachhaltigkeit, verbessert das Verst\u00e4ndnis f\u00fcr Ziele und Massnahmen und erh\u00f6ht so die Relevanz und Koh\u00e4renz der Aktionen.<\/p><h2 class=\"wp-block-heading\">Vor der Veranstaltung<\/h2><ul class=\"wp-block-list\"><li>Interne Beteiligte (alle Abteilungen, Komitees oder Personen, die in die Organisation eingebunden sind) zu einer Pr\u00e4sentation einladen, in der die Herausforderungen und Auswirkungen der Veranstaltung auf die Nachhaltigkeit vorgestellt werden.<\/li>\n\n<li>Vision, Ziele und ausgew\u00e4hlte Massnahmen des Organisationskomitees erl\u00e4utern.<\/li>\n\n<li>Die Rolle der internen Beteiligten f\u00fcr den Erfolg betonen und ggf. spezifische Verantwortlichkeiten aufzeigen.<\/li>\n\n<li>Raum f\u00fcr Austausch bieten (Fragen, Vorschl\u00e4ge, Diskussionen).<\/li>\n\n<li>Ein Leitbild entwickeln, das das gew\u00fcnschte Engagement der internen Beteiligten formalisiert.<\/li><\/ul><h2 class=\"wp-block-heading\">W\u00e4hrend der Veranstaltung<\/h2><ul class=\"wp-block-list\"><li>\u00dcber Fortschritte und Massnahmen regelm\u00e4ssig und transparent informieren.<\/li>\n\n<li>Das Leitbild breit zug\u00e4nglich machen (z. B. \u00fcber Website, E-Mail, Aush\u00e4nge an zentralen Orten).<\/li><\/ul><h2 class=\"wp-block-heading\">Nach der Veranstaltung<\/h2><ul class=\"wp-block-list\"><li>Abschlusssitzung organisieren, um die Nachhaltigkeitsbilanz zu pr\u00e4sentieren.<\/li>\n\n<li>Erfolge und Verbesserungspotenziale offen darstellen.<\/li>\n\n<li>Die Rolle und den Beitrag der internen Beteiligten sichtbar w\u00fcrdigen.<\/li><\/ul>","protected":false},"excerpt":{"rendered":"<p>Die Sensibilisierung interner Beteiligter st\u00e4rkt das Engagement f\u00fcr Nachhaltigkeit, verbessert das Verst\u00e4ndnis f\u00fcr Ziele und Massnahmen und erh\u00f6ht so die Relevanz und Koh\u00e4renz der Aktionen. Vor der Veranstaltung W\u00e4hrend der Veranstaltung Nach der Veranstaltung<\/p>\n","protected":false},"featured_media":2029,"parent":0,"template":"","format":"standard","meta":{"_sitemap_exclude":false,"_sitemap_priority":"","_sitemap_frequency":"","_eventkit_link":"https:\/\/eventkit.ch\/wp-content\/uploads\/2025\/12\/1.10_Sensibilisierung_interner_Beteiligter_EVENTKIT_FINALdocx.pdf"},"resource_category":[192],"audience":[],"contenttype":[104],"class_list":["post-2111","resource","type-resource","status-publish","format-standard","has-post-thumbnail","hentry","resource_category-management-kommunikation","contenttype-merkblatt"],"yoast_head":"<!-- This site is optimized with the Yoast SEO plugin v27.3 - https:\/\/yoast.com\/product\/yoast-seo-wordpress\/ -->\n<title>Sensibilisierung interner Beteiligter - EventKit<\/title>\n<meta name=\"robots\" content=\"index, follow, max-snippet:-1, max-image-preview:large, max-video-preview:-1\" \/>\n<link rel=\"canonical\" href=\"https:\/\/eventkit.ch\/?resource=sensibilisierung-interner-beteiligter\" \/>\n<meta property=\"og:locale\" content=\"de_DE\" \/>\n<meta property=\"og:type\" content=\"article\" \/>\n<meta property=\"og:title\" content=\"Sensibilisierung interner Beteiligter - EventKit\" \/>\n<meta property=\"og:description\" content=\"Die Sensibilisierung interner Beteiligter st\u00e4rkt das Engagement f\u00fcr Nachhaltigkeit, verbessert das Verst\u00e4ndnis f\u00fcr Ziele und Massnahmen und erh\u00f6ht so die Relevanz und Koh\u00e4renz der Aktionen. Vor der Veranstaltung W\u00e4hrend der Veranstaltung Nach der Veranstaltung\" \/>\n<meta property=\"og:url\" content=\"https:\/\/eventkit.ch\/?resource=sensibilisierung-interner-beteiligter\" \/>\n<meta property=\"og:site_name\" content=\"EventKit\" \/>\n<meta property=\"article:modified_time\" content=\"2026-03-23T16:40:25+00:00\" \/>\n<meta property=\"og:image\" content=\"https:\/\/eventkit.ch\/wp-content\/uploads\/2025\/12\/IMG_2857jazz_sur_plage-scaled.jpg\" \/>\n\t<meta property=\"og:image:width\" content=\"2560\" \/>\n\t<meta property=\"og:image:height\" content=\"1707\" \/>\n\t<meta property=\"og:image:type\" content=\"image\/jpeg\" \/>\n<meta name=\"twitter:card\" content=\"summary_large_image\" \/>\n<meta name=\"twitter:label1\" content=\"Gesch\u00e4tzte Lesezeit\" \/>\n\t<meta name=\"twitter:data1\" content=\"2\u00a0Minuten\" \/>\n<script type=\"application\/ld+json\" class=\"yoast-schema-graph\">{\"@context\":\"https:\\\/\\\/schema.org\",\"@graph\":[{\"@type\":\"WebPage\",\"@id\":\"https:\\\/\\\/eventkit.ch\\\/?resource=sensibilisierung-interner-beteiligter\",\"url\":\"https:\\\/\\\/eventkit.ch\\\/?resource=sensibilisierung-interner-beteiligter\",\"name\":\"Sensibilisierung interner Beteiligter - EventKit\",\"isPartOf\":{\"@id\":\"https:\\\/\\\/eventkit.ch\\\/#website\"},\"primaryImageOfPage\":{\"@id\":\"https:\\\/\\\/eventkit.ch\\\/?resource=sensibilisierung-interner-beteiligter#primaryimage\"},\"image\":{\"@id\":\"https:\\\/\\\/eventkit.ch\\\/?resource=sensibilisierung-interner-beteiligter#primaryimage\"},\"thumbnailUrl\":\"https:\\\/\\\/eventkit.ch\\\/wp-content\\\/uploads\\\/2025\\\/12\\\/IMG_2857jazz_sur_plage-scaled.jpg\",\"datePublished\":\"2025-12-22T11:13:43+00:00\",\"dateModified\":\"2026-03-23T16:40:25+00:00\",\"breadcrumb\":{\"@id\":\"https:\\\/\\\/eventkit.ch\\\/?resource=sensibilisierung-interner-beteiligter#breadcrumb\"},\"inLanguage\":\"de\",\"potentialAction\":[{\"@type\":\"ReadAction\",\"target\":[\"https:\\\/\\\/eventkit.ch\\\/?resource=sensibilisierung-interner-beteiligter\"]}]},{\"@type\":\"ImageObject\",\"inLanguage\":\"de\",\"@id\":\"https:\\\/\\\/eventkit.ch\\\/?resource=sensibilisierung-interner-beteiligter#primaryimage\",\"url\":\"https:\\\/\\\/eventkit.ch\\\/wp-content\\\/uploads\\\/2025\\\/12\\\/IMG_2857jazz_sur_plage-scaled.jpg\",\"contentUrl\":\"https:\\\/\\\/eventkit.ch\\\/wp-content\\\/uploads\\\/2025\\\/12\\\/IMG_2857jazz_sur_plage-scaled.jpg\",\"width\":2560,\"height\":1707},{\"@type\":\"BreadcrumbList\",\"@id\":\"https:\\\/\\\/eventkit.ch\\\/?resource=sensibilisierung-interner-beteiligter#breadcrumb\",\"itemListElement\":[{\"@type\":\"ListItem\",\"position\":1,\"name\":\"Home\",\"item\":\"https:\\\/\\\/eventkit.ch\\\/\"},{\"@type\":\"ListItem\",\"position\":2,\"name\":\"Merkbl\u00e4tter\",\"item\":\"https:\\\/\\\/eventkit.ch\\\/?post_type=resource&lang=fr\"},{\"@type\":\"ListItem\",\"position\":3,\"name\":\"Sensibilisierung interner Beteiligter\"}]},{\"@type\":\"WebSite\",\"@id\":\"https:\\\/\\\/eventkit.ch\\\/#website\",\"url\":\"https:\\\/\\\/eventkit.ch\\\/\",\"name\":\"EventKit\",\"description\":\"Nachhaltigkeit, die wirkt: Dein Event im Check.\",\"publisher\":{\"@id\":\"https:\\\/\\\/eventkit.ch\\\/#organization\"},\"potentialAction\":[{\"@type\":\"SearchAction\",\"target\":{\"@type\":\"EntryPoint\",\"urlTemplate\":\"https:\\\/\\\/eventkit.ch\\\/?s={search_term_string}\"},\"query-input\":{\"@type\":\"PropertyValueSpecification\",\"valueRequired\":true,\"valueName\":\"search_term_string\"}}],\"inLanguage\":\"de\"},{\"@type\":\"Organization\",\"@id\":\"https:\\\/\\\/eventkit.ch\\\/#organization\",\"name\":\"EventKit\",\"url\":\"https:\\\/\\\/eventkit.ch\\\/\",\"logo\":{\"@type\":\"ImageObject\",\"inLanguage\":\"de\",\"@id\":\"https:\\\/\\\/eventkit.ch\\\/#\\\/schema\\\/logo\\\/image\\\/\",\"url\":\"https:\\\/\\\/eventkit.ch\\\/wp-content\\\/uploads\\\/2025\\\/11\\\/android-icon-144x144-1.png\",\"contentUrl\":\"https:\\\/\\\/eventkit.ch\\\/wp-content\\\/uploads\\\/2025\\\/11\\\/android-icon-144x144-1.png\",\"width\":144,\"height\":144,\"caption\":\"EventKit\"},\"image\":{\"@id\":\"https:\\\/\\\/eventkit.ch\\\/#\\\/schema\\\/logo\\\/image\\\/\"}}]}<\/script>\n<!-- \/ Yoast SEO plugin. -->","yoast_head_json":{"title":"Sensibilisierung interner Beteiligter - EventKit","robots":{"index":"index","follow":"follow","max-snippet":"max-snippet:-1","max-image-preview":"max-image-preview:large","max-video-preview":"max-video-preview:-1"},"canonical":"https:\/\/eventkit.ch\/?resource=sensibilisierung-interner-beteiligter","og_locale":"de_DE","og_type":"article","og_title":"Sensibilisierung interner Beteiligter - EventKit","og_description":"Die Sensibilisierung interner Beteiligter st\u00e4rkt das Engagement f\u00fcr Nachhaltigkeit, verbessert das Verst\u00e4ndnis f\u00fcr Ziele und Massnahmen und erh\u00f6ht so die Relevanz und Koh\u00e4renz der Aktionen. Vor der Veranstaltung W\u00e4hrend der Veranstaltung Nach der Veranstaltung","og_url":"https:\/\/eventkit.ch\/?resource=sensibilisierung-interner-beteiligter","og_site_name":"EventKit","article_modified_time":"2026-03-23T16:40:25+00:00","og_image":[{"width":2560,"height":1707,"url":"https:\/\/eventkit.ch\/wp-content\/uploads\/2025\/12\/IMG_2857jazz_sur_plage-scaled.jpg","type":"image\/jpeg"}],"twitter_card":"summary_large_image","twitter_misc":{"Gesch\u00e4tzte Lesezeit":"2\u00a0Minuten"},"schema":{"@context":"https:\/\/schema.org","@graph":[{"@type":"WebPage","@id":"https:\/\/eventkit.ch\/?resource=sensibilisierung-interner-beteiligter","url":"https:\/\/eventkit.ch\/?resource=sensibilisierung-interner-beteiligter","name":"Sensibilisierung interner Beteiligter - EventKit","isPartOf":{"@id":"https:\/\/eventkit.ch\/#website"},"primaryImageOfPage":{"@id":"https:\/\/eventkit.ch\/?resource=sensibilisierung-interner-beteiligter#primaryimage"},"image":{"@id":"https:\/\/eventkit.ch\/?resource=sensibilisierung-interner-beteiligter#primaryimage"},"thumbnailUrl":"https:\/\/eventkit.ch\/wp-content\/uploads\/2025\/12\/IMG_2857jazz_sur_plage-scaled.jpg","datePublished":"2025-12-22T11:13:43+00:00","dateModified":"2026-03-23T16:40:25+00:00","breadcrumb":{"@id":"https:\/\/eventkit.ch\/?resource=sensibilisierung-interner-beteiligter#breadcrumb"},"inLanguage":"de","potentialAction":[{"@type":"ReadAction","target":["https:\/\/eventkit.ch\/?resource=sensibilisierung-interner-beteiligter"]}]},{"@type":"ImageObject","inLanguage":"de","@id":"https:\/\/eventkit.ch\/?resource=sensibilisierung-interner-beteiligter#primaryimage","url":"https:\/\/eventkit.ch\/wp-content\/uploads\/2025\/12\/IMG_2857jazz_sur_plage-scaled.jpg","contentUrl":"https:\/\/eventkit.ch\/wp-content\/uploads\/2025\/12\/IMG_2857jazz_sur_plage-scaled.jpg","width":2560,"height":1707},{"@type":"BreadcrumbList","@id":"https:\/\/eventkit.ch\/?resource=sensibilisierung-interner-beteiligter#breadcrumb","itemListElement":[{"@type":"ListItem","position":1,"name":"Home","item":"https:\/\/eventkit.ch\/"},{"@type":"ListItem","position":2,"name":"Merkbl\u00e4tter","item":"https:\/\/eventkit.ch\/?post_type=resource&lang=fr"},{"@type":"ListItem","position":3,"name":"Sensibilisierung interner Beteiligter"}]},{"@type":"WebSite","@id":"https:\/\/eventkit.ch\/#website","url":"https:\/\/eventkit.ch\/","name":"EventKit","description":"Nachhaltigkeit, die wirkt: Dein Event im Check.","publisher":{"@id":"https:\/\/eventkit.ch\/#organization"},"potentialAction":[{"@type":"SearchAction","target":{"@type":"EntryPoint","urlTemplate":"https:\/\/eventkit.ch\/?s={search_term_string}"},"query-input":{"@type":"PropertyValueSpecification","valueRequired":true,"valueName":"search_term_string"}}],"inLanguage":"de"},{"@type":"Organization","@id":"https:\/\/eventkit.ch\/#organization","name":"EventKit","url":"https:\/\/eventkit.ch\/","logo":{"@type":"ImageObject","inLanguage":"de","@id":"https:\/\/eventkit.ch\/#\/schema\/logo\/image\/","url":"https:\/\/eventkit.ch\/wp-content\/uploads\/2025\/11\/android-icon-144x144-1.png","contentUrl":"https:\/\/eventkit.ch\/wp-content\/uploads\/2025\/11\/android-icon-144x144-1.png","width":144,"height":144,"caption":"EventKit"},"image":{"@id":"https:\/\/eventkit.ch\/#\/schema\/logo\/image\/"}}]}},"_links":{"self":[{"href":"https:\/\/eventkit.ch\/index.php?rest_route=\/wp\/v2\/resource\/2111","targetHints":{"allow":["GET"]}}],"collection":[{"href":"https:\/\/eventkit.ch\/index.php?rest_route=\/wp\/v2\/resource"}],"about":[{"href":"https:\/\/eventkit.ch\/index.php?rest_route=\/wp\/v2\/types\/resource"}],"wp:featuredmedia":[{"embeddable":true,"href":"https:\/\/eventkit.ch\/index.php?rest_route=\/wp\/v2\/media\/2029"}],"wp:attachment":[{"href":"https:\/\/eventkit.ch\/index.php?rest_route=%2Fwp%2Fv2%2Fmedia&parent=2111"}],"wp:term":[{"taxonomy":"resource_category","embeddable":true,"href":"https:\/\/eventkit.ch\/index.php?rest_route=%2Fwp%2Fv2%2Fresource_category&post=2111"},{"taxonomy":"audience","embeddable":true,"href":"https:\/\/eventkit.ch\/index.php?rest_route=%2Fwp%2Fv2%2Faudience&post=2111"},{"taxonomy":"contenttype","embeddable":true,"href":"https:\/\/eventkit.ch\/index.php?rest_route=%2Fwp%2Fv2%2Fcontenttype&post=2111"}],"curies":[{"name":"wp","href":"https:\/\/api.w.org\/{rel}","templated":true}]}}