{"id":2108,"date":"2025-12-22T11:09:05","date_gmt":"2025-12-22T11:09:05","guid":{"rendered":"https:\/\/eventkit.ch\/?post_type=resource&#038;p=2108"},"modified":"2026-03-23T18:18:14","modified_gmt":"2026-03-23T17:18:14","slug":"realiser-un-bilan-de-la-demarche","status":"publish","type":"resource","link":"https:\/\/eventkit.ch\/?resource=realiser-un-bilan-de-la-demarche&lang=fr","title":{"rendered":"R\u00e9aliser un bilan de la d\u00e9marche"},"content":{"rendered":"<p>Le bilan d\u2019une manifestation est essentiel pour \u00e9valuer le succ\u00e8s des mesures mises en \u0153uvre, identifier les pistes d\u2019am\u00e9lioration et les exploiter pour les \u00e9ditions futures. Il permet \u00e9galement de finaliser les actions de communication et d\u2019assurer la transparence de la d\u00e9marche.<\/p><p>Un bilan peut \u00eatre r\u00e9alis\u00e9 de diff\u00e9rentes mani\u00e8res \u2013 depuis des m\u00e9thodes simples, bas\u00e9es sur les objectifs et indicateurs d\u00e9finis au pr\u00e9alable, jusqu\u2019\u00e0 des approches plus complexes telles que :<\/p><ul class=\"wp-block-list\"><li>Analyse du cycle de vie (ACV) : analyse des impacts environnementaux tout au long du cycle de vie d\u2019un produit ou d\u2019un \u00e9v\u00e9nement ;<\/li>\n\n<li>Bilan carbone : mesure des \u00e9missions directes et indirectes de gaz \u00e0 effet de serre ;<br>Empreinte \u00e9cologique : conversion de la consommation de ressources en surface, en volume d\u2019eau ou en \u00e9missions de CO\u2082 ;<\/li>\n\n<li>GRI (Global Reporting Initiative) : ensemble d\u2019indicateurs internationalement reconnus pour l\u2019\u00e9valuation de la durabilit\u00e9 ;<\/li>\n\n<li>Norme ISO 20121 : lignes directrices et bonnes pratiques pour une gestion durable des \u00e9v\u00e9nements.<\/li><\/ul><p>Ces outils sont particuli\u00e8rement adapt\u00e9s aux grandes manifestations et n\u00e9cessitent souvent l\u2019appui de professionnels externes. Pour les \u00e9v\u00e9nements de plus petite envergure, des bilans plus simples, fond\u00e9s sur les objectifs et indicateurs d\u00e9finis en amont, sont g\u00e9n\u00e9ralement suffisants.<br><br>Enfin, les enqu\u00eates de satisfaction aupr\u00e8s des participantes et participants et des b\u00e9n\u00e9voles constituent un \u00e9l\u00e9ment essentiel : elles fournissent des informations pr\u00e9cieuses pour l\u2019am\u00e9lioration continue et la fid\u00e9lisation des publics cibles.<\/p><h2 class=\"wp-block-heading\"><strong><em><u>Avant la manifestation<\/u><\/em><\/strong><\/h2><ul class=\"wp-block-list\"><li>Identifier la ou les m\u00e9thodologies qui sont le plus pertinentes pour la manifestation en termes de bilan (du simple bilan des objectifs\/indicateurs \u00e0 l&#8217;ACV, au bilan carbone, \u00e0 la GRI ou \u00e0 la norme ISO 20121)<\/li>\n\n<li>ldentifier les indicateurs cl\u00e9s pour chaque objectif.<\/li>\n\n<li>S\u2019assurer que les donn\u00e9es seront accessibles.<\/li>\n\n<li>Organiser la r\u00e9colte des donn\u00e9es avant la manifestation : personnes en charge, p\u00e9riodicit\u00e9 des relev\u00e9s, etc.<\/li>\n\n<li>Mettre en place en parall\u00e8le un bilan de satisfaction des participantes et participants et b\u00e9n\u00e9voles.<\/li><\/ul><h2 class=\"wp-block-heading\"><strong><em><u>Pendant la manifestation<\/u><\/em><\/strong><\/h2><ul class=\"wp-block-list\"><li>Assurer la collecte des donn\u00e9es n\u00e9cessaires aux indicateurs durant la manifestation afin de contr\u00f4ler leur prise en compte, leur faisabilit\u00e9 et leur ad\u00e9quation avec les objectifs.<\/li>\n\n<li>A l\u2019ordre du jour des s\u00e9ances de coordination, r\u00e9server une rubrique pour les indicateurs afin de communiquer l\u2019\u00e9volution de la mise en \u0153uvre des actions de durabilit\u00e9.<\/li>\n\n<li>\u00catre transparent dans la communication (points forts, potentiel d\u2019am\u00e9lioration, \u00e9valuation des objectifs).<\/li><\/ul><h2 class=\"wp-block-heading\"><strong><em><u>Apr\u00e8s la manifestation<\/u><\/em><\/strong><\/h2><ul class=\"wp-block-list\"><li>R\u00e9colter les donn\u00e9es et comparer les r\u00e9sultats aux cibles fix\u00e9s dans les objectifs.<\/li>\n\n<li>Analyser les raisons des \u00e9checs et des r\u00e9ussites.<\/li>\n\n<li>Rassembler tous les documents pouvant servir de preuves.<\/li>\n\n<li>Communiquer les r\u00e9sultats au comit\u00e9 d\u2019organisation et aux parties prenantes.<\/li>\n\n<li>Faire une communication tout public.<\/li>\n\n<li>La responsabilit\u00e9 des \u00e9missions de gaz \u00e0 effet de serre qu&#8217;il n&#8217;a pas \u00e9t\u00e9 possible d&#8217;\u00e9viter peut \u00eatre assum\u00e9e via des organismes de compensation.<\/li>\n\n<li>Int\u00e9grer les points \u00e0 am\u00e9liorer lors d\u2019une prochaine \u00e9dition.<\/li><\/ul>","protected":false},"excerpt":{"rendered":"<p>Le bilan d\u2019une manifestation est essentiel pour \u00e9valuer le succ\u00e8s des mesures mises en \u0153uvre, identifier les pistes d\u2019am\u00e9lioration et les exploiter pour les \u00e9ditions futures. Il permet \u00e9galement de finaliser les actions de communication et d\u2019assurer la transparence de la d\u00e9marche. Un bilan peut \u00eatre r\u00e9alis\u00e9 de diff\u00e9rentes mani\u00e8res \u2013 depuis des m\u00e9thodes simples, [&hellip;]<\/p>\n","protected":false},"featured_media":1920,"parent":0,"template":"","format":"standard","meta":{"_sitemap_exclude":false,"_sitemap_priority":"","_sitemap_frequency":"","_eventkit_link":"https:\/\/eventkit.ch\/wp-content\/uploads\/2025\/12\/1.8_Realiser_un_bilan_de_la_demarche_EVENTKIT_FINAL.pdf"},"resource_category":[187],"audience":[],"contenttype":[216],"class_list":["post-2108","resource","type-resource","status-publish","format-standard","has-post-thumbnail","hentry","resource_category-organisation-communication","contenttype-fiches-dinformation"],"yoast_head":"<!-- This site is optimized with the Yoast SEO plugin v27.3 - https:\/\/yoast.com\/product\/yoast-seo-wordpress\/ -->\n<title>R\u00e9aliser un bilan de la d\u00e9marche - EventKit<\/title>\n<meta name=\"robots\" content=\"index, follow, max-snippet:-1, max-image-preview:large, max-video-preview:-1\" \/>\n<link rel=\"canonical\" href=\"https:\/\/eventkit.ch\/?resource=realiser-un-bilan-de-la-demarche&lang=fr\" \/>\n<meta property=\"og:locale\" content=\"de_DE\" \/>\n<meta property=\"og:type\" content=\"article\" \/>\n<meta property=\"og:title\" content=\"R\u00e9aliser un bilan de la d\u00e9marche - EventKit\" \/>\n<meta property=\"og:description\" content=\"Le bilan d\u2019une manifestation est essentiel pour \u00e9valuer le succ\u00e8s des mesures mises en \u0153uvre, identifier les pistes d\u2019am\u00e9lioration et les exploiter pour les \u00e9ditions futures. Il permet \u00e9galement de finaliser les actions de communication et d\u2019assurer la transparence de la d\u00e9marche. Un bilan peut \u00eatre r\u00e9alis\u00e9 de diff\u00e9rentes mani\u00e8res \u2013 depuis des m\u00e9thodes simples, [&hellip;]\" \/>\n<meta property=\"og:url\" content=\"https:\/\/eventkit.ch\/?resource=realiser-un-bilan-de-la-demarche&amp;lang=fr\" \/>\n<meta property=\"og:site_name\" content=\"EventKit\" \/>\n<meta property=\"article:modified_time\" content=\"2026-03-23T17:18:14+00:00\" \/>\n<meta property=\"og:image\" content=\"https:\/\/eventkit.ch\/wp-content\/uploads\/2025\/12\/IMG_2264-edited-scaled.jpg\" \/>\n\t<meta property=\"og:image:width\" content=\"2560\" \/>\n\t<meta property=\"og:image:height\" content=\"1707\" \/>\n\t<meta property=\"og:image:type\" content=\"image\/jpeg\" \/>\n<meta name=\"twitter:card\" content=\"summary_large_image\" \/>\n<meta name=\"twitter:label1\" content=\"Gesch\u00e4tzte Lesezeit\" \/>\n\t<meta name=\"twitter:data1\" content=\"3\u00a0Minuten\" \/>\n<script type=\"application\/ld+json\" class=\"yoast-schema-graph\">{\"@context\":\"https:\\\/\\\/schema.org\",\"@graph\":[{\"@type\":\"WebPage\",\"@id\":\"https:\\\/\\\/eventkit.ch\\\/?resource=realiser-un-bilan-de-la-demarche&lang=fr\",\"url\":\"https:\\\/\\\/eventkit.ch\\\/?resource=realiser-un-bilan-de-la-demarche&lang=fr\",\"name\":\"R\u00e9aliser un bilan de la d\u00e9marche - EventKit\",\"isPartOf\":{\"@id\":\"https:\\\/\\\/eventkit.ch\\\/#website\"},\"primaryImageOfPage\":{\"@id\":\"https:\\\/\\\/eventkit.ch\\\/?resource=realiser-un-bilan-de-la-demarche&lang=fr#primaryimage\"},\"image\":{\"@id\":\"https:\\\/\\\/eventkit.ch\\\/?resource=realiser-un-bilan-de-la-demarche&lang=fr#primaryimage\"},\"thumbnailUrl\":\"https:\\\/\\\/eventkit.ch\\\/wp-content\\\/uploads\\\/2025\\\/12\\\/IMG_2264-edited-scaled.jpg\",\"datePublished\":\"2025-12-22T11:09:05+00:00\",\"dateModified\":\"2026-03-23T17:18:14+00:00\",\"breadcrumb\":{\"@id\":\"https:\\\/\\\/eventkit.ch\\\/?resource=realiser-un-bilan-de-la-demarche&lang=fr#breadcrumb\"},\"inLanguage\":\"de\",\"potentialAction\":[{\"@type\":\"ReadAction\",\"target\":[\"https:\\\/\\\/eventkit.ch\\\/?resource=realiser-un-bilan-de-la-demarche&lang=fr\"]}]},{\"@type\":\"ImageObject\",\"inLanguage\":\"de\",\"@id\":\"https:\\\/\\\/eventkit.ch\\\/?resource=realiser-un-bilan-de-la-demarche&lang=fr#primaryimage\",\"url\":\"https:\\\/\\\/eventkit.ch\\\/wp-content\\\/uploads\\\/2025\\\/12\\\/IMG_2264-edited-scaled.jpg\",\"contentUrl\":\"https:\\\/\\\/eventkit.ch\\\/wp-content\\\/uploads\\\/2025\\\/12\\\/IMG_2264-edited-scaled.jpg\",\"width\":2560,\"height\":1707},{\"@type\":\"BreadcrumbList\",\"@id\":\"https:\\\/\\\/eventkit.ch\\\/?resource=realiser-un-bilan-de-la-demarche&lang=fr#breadcrumb\",\"itemListElement\":[{\"@type\":\"ListItem\",\"position\":1,\"name\":\"Home\",\"item\":\"https:\\\/\\\/eventkit.ch\\\/\"},{\"@type\":\"ListItem\",\"position\":2,\"name\":\"Merkbl\u00e4tter\",\"item\":\"https:\\\/\\\/eventkit.ch\\\/?post_type=resource&lang=fr\"},{\"@type\":\"ListItem\",\"position\":3,\"name\":\"R\u00e9aliser un bilan de la d\u00e9marche\"}]},{\"@type\":\"WebSite\",\"@id\":\"https:\\\/\\\/eventkit.ch\\\/#website\",\"url\":\"https:\\\/\\\/eventkit.ch\\\/\",\"name\":\"EventKit\",\"description\":\"Nachhaltigkeit, die wirkt: Dein Event im Check.\",\"publisher\":{\"@id\":\"https:\\\/\\\/eventkit.ch\\\/#organization\"},\"potentialAction\":[{\"@type\":\"SearchAction\",\"target\":{\"@type\":\"EntryPoint\",\"urlTemplate\":\"https:\\\/\\\/eventkit.ch\\\/?s={search_term_string}\"},\"query-input\":{\"@type\":\"PropertyValueSpecification\",\"valueRequired\":true,\"valueName\":\"search_term_string\"}}],\"inLanguage\":\"de\"},{\"@type\":\"Organization\",\"@id\":\"https:\\\/\\\/eventkit.ch\\\/#organization\",\"name\":\"EventKit\",\"url\":\"https:\\\/\\\/eventkit.ch\\\/\",\"logo\":{\"@type\":\"ImageObject\",\"inLanguage\":\"de\",\"@id\":\"https:\\\/\\\/eventkit.ch\\\/#\\\/schema\\\/logo\\\/image\\\/\",\"url\":\"https:\\\/\\\/eventkit.ch\\\/wp-content\\\/uploads\\\/2025\\\/11\\\/android-icon-144x144-1.png\",\"contentUrl\":\"https:\\\/\\\/eventkit.ch\\\/wp-content\\\/uploads\\\/2025\\\/11\\\/android-icon-144x144-1.png\",\"width\":144,\"height\":144,\"caption\":\"EventKit\"},\"image\":{\"@id\":\"https:\\\/\\\/eventkit.ch\\\/#\\\/schema\\\/logo\\\/image\\\/\"}}]}<\/script>\n<!-- \/ Yoast SEO plugin. -->","yoast_head_json":{"title":"R\u00e9aliser un bilan de la d\u00e9marche - EventKit","robots":{"index":"index","follow":"follow","max-snippet":"max-snippet:-1","max-image-preview":"max-image-preview:large","max-video-preview":"max-video-preview:-1"},"canonical":"https:\/\/eventkit.ch\/?resource=realiser-un-bilan-de-la-demarche&lang=fr","og_locale":"de_DE","og_type":"article","og_title":"R\u00e9aliser un bilan de la d\u00e9marche - EventKit","og_description":"Le bilan d\u2019une manifestation est essentiel pour \u00e9valuer le succ\u00e8s des mesures mises en \u0153uvre, identifier les pistes d\u2019am\u00e9lioration et les exploiter pour les \u00e9ditions futures. Il permet \u00e9galement de finaliser les actions de communication et d\u2019assurer la transparence de la d\u00e9marche. Un bilan peut \u00eatre r\u00e9alis\u00e9 de diff\u00e9rentes mani\u00e8res \u2013 depuis des m\u00e9thodes simples, [&hellip;]","og_url":"https:\/\/eventkit.ch\/?resource=realiser-un-bilan-de-la-demarche&lang=fr","og_site_name":"EventKit","article_modified_time":"2026-03-23T17:18:14+00:00","og_image":[{"width":2560,"height":1707,"url":"https:\/\/eventkit.ch\/wp-content\/uploads\/2025\/12\/IMG_2264-edited-scaled.jpg","type":"image\/jpeg"}],"twitter_card":"summary_large_image","twitter_misc":{"Gesch\u00e4tzte Lesezeit":"3\u00a0Minuten"},"schema":{"@context":"https:\/\/schema.org","@graph":[{"@type":"WebPage","@id":"https:\/\/eventkit.ch\/?resource=realiser-un-bilan-de-la-demarche&lang=fr","url":"https:\/\/eventkit.ch\/?resource=realiser-un-bilan-de-la-demarche&lang=fr","name":"R\u00e9aliser un bilan de la d\u00e9marche - EventKit","isPartOf":{"@id":"https:\/\/eventkit.ch\/#website"},"primaryImageOfPage":{"@id":"https:\/\/eventkit.ch\/?resource=realiser-un-bilan-de-la-demarche&lang=fr#primaryimage"},"image":{"@id":"https:\/\/eventkit.ch\/?resource=realiser-un-bilan-de-la-demarche&lang=fr#primaryimage"},"thumbnailUrl":"https:\/\/eventkit.ch\/wp-content\/uploads\/2025\/12\/IMG_2264-edited-scaled.jpg","datePublished":"2025-12-22T11:09:05+00:00","dateModified":"2026-03-23T17:18:14+00:00","breadcrumb":{"@id":"https:\/\/eventkit.ch\/?resource=realiser-un-bilan-de-la-demarche&lang=fr#breadcrumb"},"inLanguage":"de","potentialAction":[{"@type":"ReadAction","target":["https:\/\/eventkit.ch\/?resource=realiser-un-bilan-de-la-demarche&lang=fr"]}]},{"@type":"ImageObject","inLanguage":"de","@id":"https:\/\/eventkit.ch\/?resource=realiser-un-bilan-de-la-demarche&lang=fr#primaryimage","url":"https:\/\/eventkit.ch\/wp-content\/uploads\/2025\/12\/IMG_2264-edited-scaled.jpg","contentUrl":"https:\/\/eventkit.ch\/wp-content\/uploads\/2025\/12\/IMG_2264-edited-scaled.jpg","width":2560,"height":1707},{"@type":"BreadcrumbList","@id":"https:\/\/eventkit.ch\/?resource=realiser-un-bilan-de-la-demarche&lang=fr#breadcrumb","itemListElement":[{"@type":"ListItem","position":1,"name":"Home","item":"https:\/\/eventkit.ch\/"},{"@type":"ListItem","position":2,"name":"Merkbl\u00e4tter","item":"https:\/\/eventkit.ch\/?post_type=resource&lang=fr"},{"@type":"ListItem","position":3,"name":"R\u00e9aliser un bilan de la d\u00e9marche"}]},{"@type":"WebSite","@id":"https:\/\/eventkit.ch\/#website","url":"https:\/\/eventkit.ch\/","name":"EventKit","description":"Nachhaltigkeit, die wirkt: Dein Event im Check.","publisher":{"@id":"https:\/\/eventkit.ch\/#organization"},"potentialAction":[{"@type":"SearchAction","target":{"@type":"EntryPoint","urlTemplate":"https:\/\/eventkit.ch\/?s={search_term_string}"},"query-input":{"@type":"PropertyValueSpecification","valueRequired":true,"valueName":"search_term_string"}}],"inLanguage":"de"},{"@type":"Organization","@id":"https:\/\/eventkit.ch\/#organization","name":"EventKit","url":"https:\/\/eventkit.ch\/","logo":{"@type":"ImageObject","inLanguage":"de","@id":"https:\/\/eventkit.ch\/#\/schema\/logo\/image\/","url":"https:\/\/eventkit.ch\/wp-content\/uploads\/2025\/11\/android-icon-144x144-1.png","contentUrl":"https:\/\/eventkit.ch\/wp-content\/uploads\/2025\/11\/android-icon-144x144-1.png","width":144,"height":144,"caption":"EventKit"},"image":{"@id":"https:\/\/eventkit.ch\/#\/schema\/logo\/image\/"}}]}},"_links":{"self":[{"href":"https:\/\/eventkit.ch\/index.php?rest_route=\/wp\/v2\/resource\/2108","targetHints":{"allow":["GET"]}}],"collection":[{"href":"https:\/\/eventkit.ch\/index.php?rest_route=\/wp\/v2\/resource"}],"about":[{"href":"https:\/\/eventkit.ch\/index.php?rest_route=\/wp\/v2\/types\/resource"}],"wp:featuredmedia":[{"embeddable":true,"href":"https:\/\/eventkit.ch\/index.php?rest_route=\/wp\/v2\/media\/1920"}],"wp:attachment":[{"href":"https:\/\/eventkit.ch\/index.php?rest_route=%2Fwp%2Fv2%2Fmedia&parent=2108"}],"wp:term":[{"taxonomy":"resource_category","embeddable":true,"href":"https:\/\/eventkit.ch\/index.php?rest_route=%2Fwp%2Fv2%2Fresource_category&post=2108"},{"taxonomy":"audience","embeddable":true,"href":"https:\/\/eventkit.ch\/index.php?rest_route=%2Fwp%2Fv2%2Faudience&post=2108"},{"taxonomy":"contenttype","embeddable":true,"href":"https:\/\/eventkit.ch\/index.php?rest_route=%2Fwp%2Fv2%2Fcontenttype&post=2108"}],"curies":[{"name":"wp","href":"https:\/\/api.w.org\/{rel}","templated":true}]}}