{"id":2104,"date":"2025-12-22T11:04:00","date_gmt":"2025-12-22T11:04:00","guid":{"rendered":"https:\/\/eventkit.ch\/?post_type=resource&#038;p=2104"},"modified":"2026-03-23T17:42:08","modified_gmt":"2026-03-23T16:42:08","slug":"wahl-der-kommunikationskanaele","status":"publish","type":"resource","link":"https:\/\/eventkit.ch\/?resource=wahl-der-kommunikationskanaele","title":{"rendered":"Wahl der Kommunikationskan\u00e4le"},"content":{"rendered":"<p>Eine wirkungsvolle Kommunikation ist f\u00fcr jede Veranstaltung entscheidend \u2013 sie hat aber auch \u00f6kologische Auswirkungen. Durch die gezielte Auswahl und den bewussten Einsatz von Kommunikationskan\u00e4len k\u00f6nnen diese Auswirkungen deutlich reduziert werden, ohne an Reichweite oder Wirkung zu verlieren.<\/p><h2 class=\"wp-block-heading\">Vor der Veranstaltung<\/h2><ul class=\"wp-block-list\"><li>Je nach Botschaft und Zielgruppe das passende Kommunikationsmittel w\u00e4hlen (z. B. Website, Social Media, Newsletter, Plakate, Radio, Partnerplattformen, pers\u00f6nlicher Dialog).\u00a0<\/li>\n\n<li>Wann immer m\u00f6glich, digitale Kommunikationsformen bevorzugen (Website, E-Mail, soziale Medien).\u00a0<\/li>\n\n<li>Kommunikationsmittel barrierefrei gestalten \u2013 z. B. gut lesbare Schriften, kontrastreiche Farben, Screenreader-Kompatibilit\u00e4t.\u00a0<\/li>\n\n<li>Auf inklusive visuelle Kommunikation achten:\u00a0<ul class=\"wp-block-list\"><li>Vielfalt in Geschlecht, Herkunft, Alter und K\u00f6rperformen sichtbar machen,\u00a0<\/li>\n\n<li>stereotype Darstellungen oder sexualisierte Bilder vermeiden,\u00a0<\/li>\n\n<li>Humor oder Karikaturen nicht als Rechtfertigung f\u00fcr Stereotypen nutzen.\u00a0<\/li><\/ul><\/li>\n\n<li>Wenn Print n\u00f6tig ist:\u00a0<ul class=\"wp-block-list\"><li>Auflagen sorgf\u00e4ltig planen (z. B. basierend auf fr\u00fcheren Ausgaben oder Gemeindedaten).\u00a0<\/li>\n\n<li>Layout effizient gestalten: wenig Leerraum, angepasste Seitenr\u00e4nder, Standardformate nutzen.\u00a0<\/li>\n\n<li>Dokumentengr\u00f6sse und Papierverbrauch begrenzen (A5-Format bevorzugen).\u00a0<\/li>\n\n<li>Papiergewicht passend w\u00e4hlen und \u00fcberfl\u00fcssige Grammaturen vermeiden.\u00a0<\/li>\n\n<li><strong>Beidseitig drucken.<\/strong>\u00a0<\/li>\n\n<li><strong>Recyclingpapier<\/strong> bevorzugen \u2013 ungebleicht oder chlorfrei, idealerweise mit G\u00fctesiegeln wie\u00a0<ul class=\"wp-block-list\"><li>Blauer Engel, EU-Eco-Label, \u00d6sterreichisches Umweltzeichen (Recycling &amp; Chemikalienkontrolle),\u00a0<\/li>\n\n<li>FSC 100% Recycled oder mindestens FSC 100% (nachhaltige Forstwirtschaft).\u00a0<\/li><\/ul><\/li>\n\n<li><strong>Druckfarben<\/strong> auf Wasser- oder Pflanzenbasis w\u00e4hlen (besser f\u00fcr Luft und Klima, reduziert Schadstoffe beim Recycling und sch\u00fctzt Arbeitnehmende).\u00a0<\/li>\n\n<li>Eine <strong>lokale Druckerei<\/strong> bevorzugen, idealerweise mit \u00abDer Blaue Engel\u00bb (DE-UZ 195) oder gleichwertiger Zertifizierung (z. B. Imprim\u2019Vert, Cradle to Cradle\u00ae).\u00a0<\/li>\n\n<li>Immer ein Gut zum Druck anfordern.\u00a0<\/li><\/ul><\/li>\n\n<li><strong>Nachbarn und lokale Akteure<\/strong> \u00fcber die Veranstaltung informieren (Transparenz und Akzeptanz f\u00f6rdern).\u00a0<\/li><\/ul><h2 class=\"wp-block-heading\">W\u00e4hrend der Veranstaltung<\/h2><ul class=\"wp-block-list\"><li>Eine <strong>gezielte und effiziente Verteilung<\/strong> der Drucksachen sicherstellen.\u00a0<\/li><\/ul><h2 class=\"wp-block-heading\">Nach der Veranstaltung<\/h2><ul class=\"wp-block-list\"><li>\u00dcbrig gebliebene Drucksachen systematisch recyceln.\u00a0<\/li>\n\n<li>Papier\u00fcbersch\u00fcsse dokumentieren, um k\u00fcnftige Auflagenmengen anzupassen.\u00a0<\/li>\n\n<li><strong>Wirksamkeit der Kommunikationsmassnahmen<\/strong> analysieren (Reichweite, Zielgruppenerfolg, Kanalbewertung).\u00a0<\/li><\/ul><p><\/p>","protected":false},"excerpt":{"rendered":"<p>Eine wirkungsvolle Kommunikation ist f\u00fcr jede Veranstaltung entscheidend \u2013 sie hat aber auch \u00f6kologische Auswirkungen. Durch die gezielte Auswahl und den bewussten Einsatz von Kommunikationskan\u00e4len k\u00f6nnen diese Auswirkungen deutlich reduziert werden, ohne an Reichweite oder Wirkung zu verlieren. Vor der Veranstaltung W\u00e4hrend der Veranstaltung Nach der Veranstaltung<\/p>\n","protected":false},"featured_media":1756,"parent":0,"template":"","format":"standard","meta":{"_sitemap_exclude":false,"_sitemap_priority":"","_sitemap_frequency":"","_eventkit_link":"https:\/\/eventkit.ch\/wp-content\/uploads\/2025\/12\/2.2_Wahl_der_Kommunikationskanaele_EVENTKIT_FINAL-1.pdf"},"resource_category":[192],"audience":[],"contenttype":[104],"class_list":["post-2104","resource","type-resource","status-publish","format-standard","has-post-thumbnail","hentry","resource_category-management-kommunikation","contenttype-merkblatt"],"yoast_head":"<!-- This site is optimized with the Yoast SEO plugin v27.3 - https:\/\/yoast.com\/product\/yoast-seo-wordpress\/ -->\n<title>Wahl der Kommunikationskan\u00e4le - EventKit<\/title>\n<meta name=\"robots\" content=\"index, follow, max-snippet:-1, max-image-preview:large, max-video-preview:-1\" \/>\n<link rel=\"canonical\" href=\"https:\/\/eventkit.ch\/?resource=wahl-der-kommunikationskanaele\" \/>\n<meta property=\"og:locale\" content=\"de_DE\" \/>\n<meta property=\"og:type\" content=\"article\" \/>\n<meta property=\"og:title\" content=\"Wahl der Kommunikationskan\u00e4le - EventKit\" \/>\n<meta property=\"og:description\" content=\"Eine wirkungsvolle Kommunikation ist f\u00fcr jede Veranstaltung entscheidend \u2013 sie hat aber auch \u00f6kologische Auswirkungen. Durch die gezielte Auswahl und den bewussten Einsatz von Kommunikationskan\u00e4len k\u00f6nnen diese Auswirkungen deutlich reduziert werden, ohne an Reichweite oder Wirkung zu verlieren. Vor der Veranstaltung W\u00e4hrend der Veranstaltung Nach der Veranstaltung\" \/>\n<meta property=\"og:url\" content=\"https:\/\/eventkit.ch\/?resource=wahl-der-kommunikationskanaele\" \/>\n<meta property=\"og:site_name\" content=\"EventKit\" \/>\n<meta property=\"article:modified_time\" content=\"2026-03-23T16:42:08+00:00\" \/>\n<meta property=\"og:image\" content=\"https:\/\/eventkit.ch\/wp-content\/uploads\/2025\/12\/2150041854-edited.jpg\" \/>\n\t<meta property=\"og:image:width\" content=\"2000\" \/>\n\t<meta property=\"og:image:height\" content=\"1333\" \/>\n\t<meta property=\"og:image:type\" content=\"image\/jpeg\" \/>\n<meta name=\"twitter:card\" content=\"summary_large_image\" \/>\n<meta name=\"twitter:label1\" content=\"Gesch\u00e4tzte Lesezeit\" \/>\n\t<meta name=\"twitter:data1\" content=\"2\u00a0Minuten\" \/>\n<script type=\"application\/ld+json\" class=\"yoast-schema-graph\">{\"@context\":\"https:\\\/\\\/schema.org\",\"@graph\":[{\"@type\":\"WebPage\",\"@id\":\"https:\\\/\\\/eventkit.ch\\\/?resource=wahl-der-kommunikationskanaele\",\"url\":\"https:\\\/\\\/eventkit.ch\\\/?resource=wahl-der-kommunikationskanaele\",\"name\":\"Wahl der Kommunikationskan\u00e4le - EventKit\",\"isPartOf\":{\"@id\":\"https:\\\/\\\/eventkit.ch\\\/#website\"},\"primaryImageOfPage\":{\"@id\":\"https:\\\/\\\/eventkit.ch\\\/?resource=wahl-der-kommunikationskanaele#primaryimage\"},\"image\":{\"@id\":\"https:\\\/\\\/eventkit.ch\\\/?resource=wahl-der-kommunikationskanaele#primaryimage\"},\"thumbnailUrl\":\"https:\\\/\\\/eventkit.ch\\\/wp-content\\\/uploads\\\/2025\\\/12\\\/2150041854-edited.jpg\",\"datePublished\":\"2025-12-22T11:04:00+00:00\",\"dateModified\":\"2026-03-23T16:42:08+00:00\",\"breadcrumb\":{\"@id\":\"https:\\\/\\\/eventkit.ch\\\/?resource=wahl-der-kommunikationskanaele#breadcrumb\"},\"inLanguage\":\"de\",\"potentialAction\":[{\"@type\":\"ReadAction\",\"target\":[\"https:\\\/\\\/eventkit.ch\\\/?resource=wahl-der-kommunikationskanaele\"]}]},{\"@type\":\"ImageObject\",\"inLanguage\":\"de\",\"@id\":\"https:\\\/\\\/eventkit.ch\\\/?resource=wahl-der-kommunikationskanaele#primaryimage\",\"url\":\"https:\\\/\\\/eventkit.ch\\\/wp-content\\\/uploads\\\/2025\\\/12\\\/2150041854-edited.jpg\",\"contentUrl\":\"https:\\\/\\\/eventkit.ch\\\/wp-content\\\/uploads\\\/2025\\\/12\\\/2150041854-edited.jpg\",\"width\":2000,\"height\":1333},{\"@type\":\"BreadcrumbList\",\"@id\":\"https:\\\/\\\/eventkit.ch\\\/?resource=wahl-der-kommunikationskanaele#breadcrumb\",\"itemListElement\":[{\"@type\":\"ListItem\",\"position\":1,\"name\":\"Home\",\"item\":\"https:\\\/\\\/eventkit.ch\\\/\"},{\"@type\":\"ListItem\",\"position\":2,\"name\":\"Merkbl\u00e4tter\",\"item\":\"https:\\\/\\\/eventkit.ch\\\/?post_type=resource&lang=fr\"},{\"@type\":\"ListItem\",\"position\":3,\"name\":\"Wahl der Kommunikationskan\u00e4le\"}]},{\"@type\":\"WebSite\",\"@id\":\"https:\\\/\\\/eventkit.ch\\\/#website\",\"url\":\"https:\\\/\\\/eventkit.ch\\\/\",\"name\":\"EventKit\",\"description\":\"Nachhaltigkeit, die wirkt: Dein Event im Check.\",\"publisher\":{\"@id\":\"https:\\\/\\\/eventkit.ch\\\/#organization\"},\"potentialAction\":[{\"@type\":\"SearchAction\",\"target\":{\"@type\":\"EntryPoint\",\"urlTemplate\":\"https:\\\/\\\/eventkit.ch\\\/?s={search_term_string}\"},\"query-input\":{\"@type\":\"PropertyValueSpecification\",\"valueRequired\":true,\"valueName\":\"search_term_string\"}}],\"inLanguage\":\"de\"},{\"@type\":\"Organization\",\"@id\":\"https:\\\/\\\/eventkit.ch\\\/#organization\",\"name\":\"EventKit\",\"url\":\"https:\\\/\\\/eventkit.ch\\\/\",\"logo\":{\"@type\":\"ImageObject\",\"inLanguage\":\"de\",\"@id\":\"https:\\\/\\\/eventkit.ch\\\/#\\\/schema\\\/logo\\\/image\\\/\",\"url\":\"https:\\\/\\\/eventkit.ch\\\/wp-content\\\/uploads\\\/2025\\\/11\\\/android-icon-144x144-1.png\",\"contentUrl\":\"https:\\\/\\\/eventkit.ch\\\/wp-content\\\/uploads\\\/2025\\\/11\\\/android-icon-144x144-1.png\",\"width\":144,\"height\":144,\"caption\":\"EventKit\"},\"image\":{\"@id\":\"https:\\\/\\\/eventkit.ch\\\/#\\\/schema\\\/logo\\\/image\\\/\"}}]}<\/script>\n<!-- \/ Yoast SEO plugin. -->","yoast_head_json":{"title":"Wahl der Kommunikationskan\u00e4le - EventKit","robots":{"index":"index","follow":"follow","max-snippet":"max-snippet:-1","max-image-preview":"max-image-preview:large","max-video-preview":"max-video-preview:-1"},"canonical":"https:\/\/eventkit.ch\/?resource=wahl-der-kommunikationskanaele","og_locale":"de_DE","og_type":"article","og_title":"Wahl der Kommunikationskan\u00e4le - EventKit","og_description":"Eine wirkungsvolle Kommunikation ist f\u00fcr jede Veranstaltung entscheidend \u2013 sie hat aber auch \u00f6kologische Auswirkungen. Durch die gezielte Auswahl und den bewussten Einsatz von Kommunikationskan\u00e4len k\u00f6nnen diese Auswirkungen deutlich reduziert werden, ohne an Reichweite oder Wirkung zu verlieren. Vor der Veranstaltung W\u00e4hrend der Veranstaltung Nach der Veranstaltung","og_url":"https:\/\/eventkit.ch\/?resource=wahl-der-kommunikationskanaele","og_site_name":"EventKit","article_modified_time":"2026-03-23T16:42:08+00:00","og_image":[{"width":2000,"height":1333,"url":"https:\/\/eventkit.ch\/wp-content\/uploads\/2025\/12\/2150041854-edited.jpg","type":"image\/jpeg"}],"twitter_card":"summary_large_image","twitter_misc":{"Gesch\u00e4tzte Lesezeit":"2\u00a0Minuten"},"schema":{"@context":"https:\/\/schema.org","@graph":[{"@type":"WebPage","@id":"https:\/\/eventkit.ch\/?resource=wahl-der-kommunikationskanaele","url":"https:\/\/eventkit.ch\/?resource=wahl-der-kommunikationskanaele","name":"Wahl der Kommunikationskan\u00e4le - EventKit","isPartOf":{"@id":"https:\/\/eventkit.ch\/#website"},"primaryImageOfPage":{"@id":"https:\/\/eventkit.ch\/?resource=wahl-der-kommunikationskanaele#primaryimage"},"image":{"@id":"https:\/\/eventkit.ch\/?resource=wahl-der-kommunikationskanaele#primaryimage"},"thumbnailUrl":"https:\/\/eventkit.ch\/wp-content\/uploads\/2025\/12\/2150041854-edited.jpg","datePublished":"2025-12-22T11:04:00+00:00","dateModified":"2026-03-23T16:42:08+00:00","breadcrumb":{"@id":"https:\/\/eventkit.ch\/?resource=wahl-der-kommunikationskanaele#breadcrumb"},"inLanguage":"de","potentialAction":[{"@type":"ReadAction","target":["https:\/\/eventkit.ch\/?resource=wahl-der-kommunikationskanaele"]}]},{"@type":"ImageObject","inLanguage":"de","@id":"https:\/\/eventkit.ch\/?resource=wahl-der-kommunikationskanaele#primaryimage","url":"https:\/\/eventkit.ch\/wp-content\/uploads\/2025\/12\/2150041854-edited.jpg","contentUrl":"https:\/\/eventkit.ch\/wp-content\/uploads\/2025\/12\/2150041854-edited.jpg","width":2000,"height":1333},{"@type":"BreadcrumbList","@id":"https:\/\/eventkit.ch\/?resource=wahl-der-kommunikationskanaele#breadcrumb","itemListElement":[{"@type":"ListItem","position":1,"name":"Home","item":"https:\/\/eventkit.ch\/"},{"@type":"ListItem","position":2,"name":"Merkbl\u00e4tter","item":"https:\/\/eventkit.ch\/?post_type=resource&lang=fr"},{"@type":"ListItem","position":3,"name":"Wahl der Kommunikationskan\u00e4le"}]},{"@type":"WebSite","@id":"https:\/\/eventkit.ch\/#website","url":"https:\/\/eventkit.ch\/","name":"EventKit","description":"Nachhaltigkeit, die wirkt: Dein Event im Check.","publisher":{"@id":"https:\/\/eventkit.ch\/#organization"},"potentialAction":[{"@type":"SearchAction","target":{"@type":"EntryPoint","urlTemplate":"https:\/\/eventkit.ch\/?s={search_term_string}"},"query-input":{"@type":"PropertyValueSpecification","valueRequired":true,"valueName":"search_term_string"}}],"inLanguage":"de"},{"@type":"Organization","@id":"https:\/\/eventkit.ch\/#organization","name":"EventKit","url":"https:\/\/eventkit.ch\/","logo":{"@type":"ImageObject","inLanguage":"de","@id":"https:\/\/eventkit.ch\/#\/schema\/logo\/image\/","url":"https:\/\/eventkit.ch\/wp-content\/uploads\/2025\/11\/android-icon-144x144-1.png","contentUrl":"https:\/\/eventkit.ch\/wp-content\/uploads\/2025\/11\/android-icon-144x144-1.png","width":144,"height":144,"caption":"EventKit"},"image":{"@id":"https:\/\/eventkit.ch\/#\/schema\/logo\/image\/"}}]}},"_links":{"self":[{"href":"https:\/\/eventkit.ch\/index.php?rest_route=\/wp\/v2\/resource\/2104","targetHints":{"allow":["GET"]}}],"collection":[{"href":"https:\/\/eventkit.ch\/index.php?rest_route=\/wp\/v2\/resource"}],"about":[{"href":"https:\/\/eventkit.ch\/index.php?rest_route=\/wp\/v2\/types\/resource"}],"wp:featuredmedia":[{"embeddable":true,"href":"https:\/\/eventkit.ch\/index.php?rest_route=\/wp\/v2\/media\/1756"}],"wp:attachment":[{"href":"https:\/\/eventkit.ch\/index.php?rest_route=%2Fwp%2Fv2%2Fmedia&parent=2104"}],"wp:term":[{"taxonomy":"resource_category","embeddable":true,"href":"https:\/\/eventkit.ch\/index.php?rest_route=%2Fwp%2Fv2%2Fresource_category&post=2104"},{"taxonomy":"audience","embeddable":true,"href":"https:\/\/eventkit.ch\/index.php?rest_route=%2Fwp%2Fv2%2Faudience&post=2104"},{"taxonomy":"contenttype","embeddable":true,"href":"https:\/\/eventkit.ch\/index.php?rest_route=%2Fwp%2Fv2%2Fcontenttype&post=2104"}],"curies":[{"name":"wp","href":"https:\/\/api.w.org\/{rel}","templated":true}]}}