{"id":2088,"date":"2025-12-22T10:34:40","date_gmt":"2025-12-22T10:34:40","guid":{"rendered":"https:\/\/eventkit.ch\/?post_type=resource&#038;p=2088"},"modified":"2026-03-23T16:53:21","modified_gmt":"2026-03-23T15:53:21","slug":"information-und-sensibilisierung-der-oeffentlichkeit","status":"publish","type":"resource","link":"https:\/\/eventkit.ch\/?resource=information-und-sensibilisierung-der-oeffentlichkeit","title":{"rendered":"Information und Sensibilisierung der \u00d6ffentlichkeit"},"content":{"rendered":"<p>Veranstaltungen bieten eine wertvolle Gelegenheit, die \u00d6ffentlichkeit f\u00fcr Nachhaltigkeit zu sensibilisieren und sie zu konkreten Handlungsweisen zu inspirieren, die auch im Alltag angewendet werden k\u00f6nnen.<\/p><h2 class=\"wp-block-heading\">Vor der Veranstaltung<\/h2><ul class=\"wp-block-list\"><li>Die Nachhaltigkeitsstrategie der Veranstaltung (Vision, Ziele, Leitbild) sichtbar und verst\u00e4ndlich machen \u2013 z. B. \u00fcber die Website, Pressemitteilungen, Programmheft, Informationstafeln, Nachhaltigkeitsst\u00e4nde oder Begr\u00fcssungspakete. Dabei auf Barrierefreiheit achten.<\/li>\n\n<li>\u00dcber geplante Nachhaltigkeitsmassnahmen und erwartete Ergebnisse informieren und klarstellen, welche Rolle das Publikum dabei spielt (z. B. Anreise mit \u00d6V, Wahl von Unterk\u00fcnften mit G\u00fctesiegel).<\/li>\n\n<li>Aktionen ausw\u00e4hlen, die eine <strong>aktive Beteiligung des Publikums<\/strong> erm\u00f6glichen und leicht in den Alltag \u00fcbertragbar sind.<\/li>\n\n<li>Am Veranstaltungsort sowie online Kommunikationsmittel einplanen, die das gew\u00fcnschte Verhalten klar und einfach vermitteln \u2013 insbesondere an sensiblen Orten (z. B. Abfallsammelstellen, Garderoben).<\/li>\n\n<li>Einen <strong>spielerischen, positiven Ton<\/strong> der Kommunikation bevorzugen anstelle von moralisierenden oder belehrenden Botschaften.<\/li>\n\n<li>Erkennbare <strong>Botschafterinnen und Botschafter<\/strong> einsetzen, die klare und motivierende Nachhaltigkeitsbotschaften transportieren.<\/li><\/ul><h2 class=\"wp-block-heading\">W\u00e4hrend der Veranstaltung<\/h2><ul class=\"wp-block-list\"><li>Klare, effiziente Kommunikation sicherstellen und den reibungslosen Ablauf der Massnahmen begleiten.<\/li>\n\n<li>Fragen des Publikums beantworten und die Hintergr\u00fcnde der Massnahmen erl\u00e4utern.<\/li><\/ul><h2 class=\"wp-block-heading\">Nach der Veranstaltung<\/h2><ul class=\"wp-block-list\"><li>Ergebnisse und Nachhaltigkeitsbilanz transparent kommunizieren.<\/li>\n\n<li>Einzelinitiativen und gute Praktiken von Freiwilligen oder Publikum hervorheben.<\/li>\n\n<li>Dem Publikum und den Freiwilligen ausdr\u00fccklich f\u00fcr ihr Engagement danken.<\/li><\/ul>","protected":false},"excerpt":{"rendered":"<p>Veranstaltungen bieten eine wertvolle Gelegenheit, die \u00d6ffentlichkeit f\u00fcr Nachhaltigkeit zu sensibilisieren und sie zu konkreten Handlungsweisen zu inspirieren, die auch im Alltag angewendet werden k\u00f6nnen. Vor der Veranstaltung W\u00e4hrend der Veranstaltung Nach der Veranstaltung<\/p>\n","protected":false},"featured_media":1938,"parent":0,"template":"","format":"standard","meta":{"_sitemap_exclude":false,"_sitemap_priority":"","_sitemap_frequency":"","_eventkit_link":"https:\/\/eventkit.ch\/wp-content\/uploads\/2025\/12\/1.6_Publikum_informieren_und_sensibilisieren_EVENTKIT_FINAL.pdf"},"resource_category":[192],"audience":[],"contenttype":[104],"class_list":["post-2088","resource","type-resource","status-publish","format-standard","has-post-thumbnail","hentry","resource_category-management-kommunikation","contenttype-merkblatt"],"yoast_head":"<!-- This site is optimized with the Yoast SEO plugin v27.3 - https:\/\/yoast.com\/product\/yoast-seo-wordpress\/ -->\n<title>Information und Sensibilisierung der \u00d6ffentlichkeit - EventKit<\/title>\n<meta name=\"robots\" content=\"index, follow, max-snippet:-1, max-image-preview:large, max-video-preview:-1\" \/>\n<link rel=\"canonical\" href=\"https:\/\/eventkit.ch\/?resource=information-und-sensibilisierung-der-oeffentlichkeit\" \/>\n<meta property=\"og:locale\" content=\"de_DE\" \/>\n<meta property=\"og:type\" content=\"article\" \/>\n<meta property=\"og:title\" content=\"Information und Sensibilisierung der \u00d6ffentlichkeit - EventKit\" \/>\n<meta property=\"og:description\" content=\"Veranstaltungen bieten eine wertvolle Gelegenheit, die \u00d6ffentlichkeit f\u00fcr Nachhaltigkeit zu sensibilisieren und sie zu konkreten Handlungsweisen zu inspirieren, die auch im Alltag angewendet werden k\u00f6nnen. Vor der Veranstaltung W\u00e4hrend der Veranstaltung Nach der Veranstaltung\" \/>\n<meta property=\"og:url\" content=\"https:\/\/eventkit.ch\/?resource=information-und-sensibilisierung-der-oeffentlichkeit\" \/>\n<meta property=\"og:site_name\" content=\"EventKit\" \/>\n<meta property=\"article:modified_time\" content=\"2026-03-23T15:53:21+00:00\" \/>\n<meta property=\"og:image\" content=\"https:\/\/eventkit.ch\/wp-content\/uploads\/2025\/12\/IMG_6899.jpg\" \/>\n\t<meta property=\"og:image:width\" content=\"1102\" \/>\n\t<meta property=\"og:image:height\" content=\"827\" \/>\n\t<meta property=\"og:image:type\" content=\"image\/jpeg\" \/>\n<meta name=\"twitter:card\" content=\"summary_large_image\" \/>\n<meta name=\"twitter:label1\" content=\"Gesch\u00e4tzte Lesezeit\" \/>\n\t<meta name=\"twitter:data1\" content=\"2\u00a0Minuten\" \/>\n<script type=\"application\/ld+json\" class=\"yoast-schema-graph\">{\"@context\":\"https:\\\/\\\/schema.org\",\"@graph\":[{\"@type\":\"WebPage\",\"@id\":\"https:\\\/\\\/eventkit.ch\\\/?resource=information-und-sensibilisierung-der-oeffentlichkeit\",\"url\":\"https:\\\/\\\/eventkit.ch\\\/?resource=information-und-sensibilisierung-der-oeffentlichkeit\",\"name\":\"Information und Sensibilisierung der \u00d6ffentlichkeit - EventKit\",\"isPartOf\":{\"@id\":\"https:\\\/\\\/eventkit.ch\\\/#website\"},\"primaryImageOfPage\":{\"@id\":\"https:\\\/\\\/eventkit.ch\\\/?resource=information-und-sensibilisierung-der-oeffentlichkeit#primaryimage\"},\"image\":{\"@id\":\"https:\\\/\\\/eventkit.ch\\\/?resource=information-und-sensibilisierung-der-oeffentlichkeit#primaryimage\"},\"thumbnailUrl\":\"https:\\\/\\\/eventkit.ch\\\/wp-content\\\/uploads\\\/2025\\\/12\\\/IMG_6899.jpg\",\"datePublished\":\"2025-12-22T10:34:40+00:00\",\"dateModified\":\"2026-03-23T15:53:21+00:00\",\"breadcrumb\":{\"@id\":\"https:\\\/\\\/eventkit.ch\\\/?resource=information-und-sensibilisierung-der-oeffentlichkeit#breadcrumb\"},\"inLanguage\":\"de\",\"potentialAction\":[{\"@type\":\"ReadAction\",\"target\":[\"https:\\\/\\\/eventkit.ch\\\/?resource=information-und-sensibilisierung-der-oeffentlichkeit\"]}]},{\"@type\":\"ImageObject\",\"inLanguage\":\"de\",\"@id\":\"https:\\\/\\\/eventkit.ch\\\/?resource=information-und-sensibilisierung-der-oeffentlichkeit#primaryimage\",\"url\":\"https:\\\/\\\/eventkit.ch\\\/wp-content\\\/uploads\\\/2025\\\/12\\\/IMG_6899.jpg\",\"contentUrl\":\"https:\\\/\\\/eventkit.ch\\\/wp-content\\\/uploads\\\/2025\\\/12\\\/IMG_6899.jpg\",\"width\":1102,\"height\":827},{\"@type\":\"BreadcrumbList\",\"@id\":\"https:\\\/\\\/eventkit.ch\\\/?resource=information-und-sensibilisierung-der-oeffentlichkeit#breadcrumb\",\"itemListElement\":[{\"@type\":\"ListItem\",\"position\":1,\"name\":\"Home\",\"item\":\"https:\\\/\\\/eventkit.ch\\\/\"},{\"@type\":\"ListItem\",\"position\":2,\"name\":\"Merkbl\u00e4tter\",\"item\":\"https:\\\/\\\/eventkit.ch\\\/?post_type=resource&lang=fr\"},{\"@type\":\"ListItem\",\"position\":3,\"name\":\"Information und Sensibilisierung der \u00d6ffentlichkeit\"}]},{\"@type\":\"WebSite\",\"@id\":\"https:\\\/\\\/eventkit.ch\\\/#website\",\"url\":\"https:\\\/\\\/eventkit.ch\\\/\",\"name\":\"EventKit\",\"description\":\"Nachhaltigkeit, die wirkt: Dein Event im Check.\",\"publisher\":{\"@id\":\"https:\\\/\\\/eventkit.ch\\\/#organization\"},\"potentialAction\":[{\"@type\":\"SearchAction\",\"target\":{\"@type\":\"EntryPoint\",\"urlTemplate\":\"https:\\\/\\\/eventkit.ch\\\/?s={search_term_string}\"},\"query-input\":{\"@type\":\"PropertyValueSpecification\",\"valueRequired\":true,\"valueName\":\"search_term_string\"}}],\"inLanguage\":\"de\"},{\"@type\":\"Organization\",\"@id\":\"https:\\\/\\\/eventkit.ch\\\/#organization\",\"name\":\"EventKit\",\"url\":\"https:\\\/\\\/eventkit.ch\\\/\",\"logo\":{\"@type\":\"ImageObject\",\"inLanguage\":\"de\",\"@id\":\"https:\\\/\\\/eventkit.ch\\\/#\\\/schema\\\/logo\\\/image\\\/\",\"url\":\"https:\\\/\\\/eventkit.ch\\\/wp-content\\\/uploads\\\/2025\\\/11\\\/android-icon-144x144-1.png\",\"contentUrl\":\"https:\\\/\\\/eventkit.ch\\\/wp-content\\\/uploads\\\/2025\\\/11\\\/android-icon-144x144-1.png\",\"width\":144,\"height\":144,\"caption\":\"EventKit\"},\"image\":{\"@id\":\"https:\\\/\\\/eventkit.ch\\\/#\\\/schema\\\/logo\\\/image\\\/\"}}]}<\/script>\n<!-- \/ Yoast SEO plugin. -->","yoast_head_json":{"title":"Information und Sensibilisierung der \u00d6ffentlichkeit - EventKit","robots":{"index":"index","follow":"follow","max-snippet":"max-snippet:-1","max-image-preview":"max-image-preview:large","max-video-preview":"max-video-preview:-1"},"canonical":"https:\/\/eventkit.ch\/?resource=information-und-sensibilisierung-der-oeffentlichkeit","og_locale":"de_DE","og_type":"article","og_title":"Information und Sensibilisierung der \u00d6ffentlichkeit - EventKit","og_description":"Veranstaltungen bieten eine wertvolle Gelegenheit, die \u00d6ffentlichkeit f\u00fcr Nachhaltigkeit zu sensibilisieren und sie zu konkreten Handlungsweisen zu inspirieren, die auch im Alltag angewendet werden k\u00f6nnen. Vor der Veranstaltung W\u00e4hrend der Veranstaltung Nach der Veranstaltung","og_url":"https:\/\/eventkit.ch\/?resource=information-und-sensibilisierung-der-oeffentlichkeit","og_site_name":"EventKit","article_modified_time":"2026-03-23T15:53:21+00:00","og_image":[{"width":1102,"height":827,"url":"https:\/\/eventkit.ch\/wp-content\/uploads\/2025\/12\/IMG_6899.jpg","type":"image\/jpeg"}],"twitter_card":"summary_large_image","twitter_misc":{"Gesch\u00e4tzte Lesezeit":"2\u00a0Minuten"},"schema":{"@context":"https:\/\/schema.org","@graph":[{"@type":"WebPage","@id":"https:\/\/eventkit.ch\/?resource=information-und-sensibilisierung-der-oeffentlichkeit","url":"https:\/\/eventkit.ch\/?resource=information-und-sensibilisierung-der-oeffentlichkeit","name":"Information und Sensibilisierung der \u00d6ffentlichkeit - EventKit","isPartOf":{"@id":"https:\/\/eventkit.ch\/#website"},"primaryImageOfPage":{"@id":"https:\/\/eventkit.ch\/?resource=information-und-sensibilisierung-der-oeffentlichkeit#primaryimage"},"image":{"@id":"https:\/\/eventkit.ch\/?resource=information-und-sensibilisierung-der-oeffentlichkeit#primaryimage"},"thumbnailUrl":"https:\/\/eventkit.ch\/wp-content\/uploads\/2025\/12\/IMG_6899.jpg","datePublished":"2025-12-22T10:34:40+00:00","dateModified":"2026-03-23T15:53:21+00:00","breadcrumb":{"@id":"https:\/\/eventkit.ch\/?resource=information-und-sensibilisierung-der-oeffentlichkeit#breadcrumb"},"inLanguage":"de","potentialAction":[{"@type":"ReadAction","target":["https:\/\/eventkit.ch\/?resource=information-und-sensibilisierung-der-oeffentlichkeit"]}]},{"@type":"ImageObject","inLanguage":"de","@id":"https:\/\/eventkit.ch\/?resource=information-und-sensibilisierung-der-oeffentlichkeit#primaryimage","url":"https:\/\/eventkit.ch\/wp-content\/uploads\/2025\/12\/IMG_6899.jpg","contentUrl":"https:\/\/eventkit.ch\/wp-content\/uploads\/2025\/12\/IMG_6899.jpg","width":1102,"height":827},{"@type":"BreadcrumbList","@id":"https:\/\/eventkit.ch\/?resource=information-und-sensibilisierung-der-oeffentlichkeit#breadcrumb","itemListElement":[{"@type":"ListItem","position":1,"name":"Home","item":"https:\/\/eventkit.ch\/"},{"@type":"ListItem","position":2,"name":"Merkbl\u00e4tter","item":"https:\/\/eventkit.ch\/?post_type=resource&lang=fr"},{"@type":"ListItem","position":3,"name":"Information und Sensibilisierung der \u00d6ffentlichkeit"}]},{"@type":"WebSite","@id":"https:\/\/eventkit.ch\/#website","url":"https:\/\/eventkit.ch\/","name":"EventKit","description":"Nachhaltigkeit, die wirkt: Dein Event im Check.","publisher":{"@id":"https:\/\/eventkit.ch\/#organization"},"potentialAction":[{"@type":"SearchAction","target":{"@type":"EntryPoint","urlTemplate":"https:\/\/eventkit.ch\/?s={search_term_string}"},"query-input":{"@type":"PropertyValueSpecification","valueRequired":true,"valueName":"search_term_string"}}],"inLanguage":"de"},{"@type":"Organization","@id":"https:\/\/eventkit.ch\/#organization","name":"EventKit","url":"https:\/\/eventkit.ch\/","logo":{"@type":"ImageObject","inLanguage":"de","@id":"https:\/\/eventkit.ch\/#\/schema\/logo\/image\/","url":"https:\/\/eventkit.ch\/wp-content\/uploads\/2025\/11\/android-icon-144x144-1.png","contentUrl":"https:\/\/eventkit.ch\/wp-content\/uploads\/2025\/11\/android-icon-144x144-1.png","width":144,"height":144,"caption":"EventKit"},"image":{"@id":"https:\/\/eventkit.ch\/#\/schema\/logo\/image\/"}}]}},"_links":{"self":[{"href":"https:\/\/eventkit.ch\/index.php?rest_route=\/wp\/v2\/resource\/2088","targetHints":{"allow":["GET"]}}],"collection":[{"href":"https:\/\/eventkit.ch\/index.php?rest_route=\/wp\/v2\/resource"}],"about":[{"href":"https:\/\/eventkit.ch\/index.php?rest_route=\/wp\/v2\/types\/resource"}],"wp:featuredmedia":[{"embeddable":true,"href":"https:\/\/eventkit.ch\/index.php?rest_route=\/wp\/v2\/media\/1938"}],"wp:attachment":[{"href":"https:\/\/eventkit.ch\/index.php?rest_route=%2Fwp%2Fv2%2Fmedia&parent=2088"}],"wp:term":[{"taxonomy":"resource_category","embeddable":true,"href":"https:\/\/eventkit.ch\/index.php?rest_route=%2Fwp%2Fv2%2Fresource_category&post=2088"},{"taxonomy":"audience","embeddable":true,"href":"https:\/\/eventkit.ch\/index.php?rest_route=%2Fwp%2Fv2%2Faudience&post=2088"},{"taxonomy":"contenttype","embeddable":true,"href":"https:\/\/eventkit.ch\/index.php?rest_route=%2Fwp%2Fv2%2Fcontenttype&post=2088"}],"curies":[{"name":"wp","href":"https:\/\/api.w.org\/{rel}","templated":true}]}}