{"id":2077,"date":"2025-12-22T09:40:37","date_gmt":"2025-12-22T09:40:37","guid":{"rendered":"https:\/\/eventkit.ch\/?post_type=resource&#038;p=2077"},"modified":"2026-03-23T17:59:12","modified_gmt":"2026-03-23T16:59:12","slug":"federer-linteret-du-comite-dorganisation","status":"publish","type":"resource","link":"https:\/\/eventkit.ch\/?resource=federer-linteret-du-comite-dorganisation&lang=fr","title":{"rendered":"Fe\u0301de\u0301rer l&#8217;inte\u0301re\u0302t du comite\u0301 d&#8217;organisation"},"content":{"rendered":"<p>S\u2019engager dans une d\u00e9marche de durabilit\u00e9 n\u00e9cessite une approche syst\u00e9matique afin d\u2019int\u00e9grer le comit\u00e9 d\u2019organisation le plus en amont possible lors de la conception de la manifestation et d\u2019impliquer d\u00e8s le d\u00e9part l\u2019ensemble des acteurs-cl\u00e9s.<\/p><h2 class=\"wp-block-heading\">Avant la manifestation<\/h2><ul class=\"wp-block-list\"><li>Informer et impliquer les membres du comit\u00e9 d\u2019organisation sur les enjeux de la durabilit\u00e9.<\/li>\n\n<li>Dresser un inventaire des actions de durabilit\u00e9 d\u00e9j\u00e0 existantes et faire un premier bilan sur les opportunit\u00e9s d\u2019am\u00e9lioration.<\/li>\n\n<li>Identifier toutes les parties prenantes (organisations environnementales, participantes et participants, visiteuses et visiteurs, riveraines et riverains, Communes, fournisseurs, sponsors, m\u00e9dias etc.), et les impliquer d\u00e8s le d\u00e9part, en pr\u00e9cisant les impacts potentiels sur chacun.<\/li>\n\n<li>Rechercher, parmi les membres du comit\u00e9 d\u2019organisation, les personnes d\u00e9j\u00e0 impliqu\u00e9es ou int\u00e9ress\u00e9es par la durabilit\u00e9 et nommer une personne responsable ou une \u00e9quipe \u00ab durabilit\u00e9 \u00bb.<\/li>\n\n<li>\u00c9tablir un organigramme pour l\u2019\u00e9quipe \u00ab durabilit\u00e9 \u00bb et d\u00e9finir les t\u00e2ches de chacune et chacun.<\/li>\n\n<li>D\u00e9finir clairement le temps et les ressources consacr\u00e9s \u00e0 la durabilit\u00e9 dans le cahier des charges de la personne responsable et des personnes impliqu\u00e9es.<\/li><\/ul><h2 class=\"wp-block-heading\">Pendant la manifestation<\/h2><ul class=\"wp-block-list\"><li>Ajouter syst\u00e9matiquement une rubrique \u00ab durabilit\u00e9 \u00bb \u00e0 l\u2019ordre du jour des s\u00e9ances de coordination.<\/li>\n\n<li>\u00catre transparent dans la communication (points forts, potentiels d\u2019am\u00e9lioration, \u00e9valuation des objectifs).<\/li><\/ul><h2 class=\"wp-block-heading\">Apr\u00e8s la manifestation&nbsp;<\/h2><ul class=\"wp-block-list\"><li>Faire un bilan de la d\u00e9marche en int\u00e9grant le feedback et les propositions d\u2019am\u00e9lioration des parties prenantes (participants, riverains, etc.).<\/li>\n\n<li>Garantir la transmission des connaissances pour les prochaines \u00e9ditions.<\/li>\n\n<li>Remercier le comit\u00e9 d\u2019organisation pour son implication et valoriser son r\u00f4le, par exemple lors d\u2019un \u00ab ap\u00e9ritif durabilit\u00e9 \u00bb ou \u00e0 travers une reconnaissance symbolique.<\/li><\/ul>","protected":false},"excerpt":{"rendered":"<p>S\u2019engager dans une d\u00e9marche de durabilit\u00e9 n\u00e9cessite une approche syst\u00e9matique afin d\u2019int\u00e9grer le comit\u00e9 d\u2019organisation le plus en amont possible lors de la conception de la manifestation et d\u2019impliquer d\u00e8s le d\u00e9part l\u2019ensemble des acteurs-cl\u00e9s. Avant la manifestation Pendant la manifestation Apr\u00e8s la manifestation&nbsp;<\/p>\n","protected":false},"featured_media":1981,"parent":0,"template":"","format":"standard","meta":{"_sitemap_exclude":false,"_sitemap_priority":"","_sitemap_frequency":"","_eventkit_link":"https:\/\/eventkit.ch\/wp-content\/uploads\/2025\/12\/1.4_Federer_l_interet_du_comite_d_organisation_EVENTKIT_FINAL.pdf"},"resource_category":[187],"audience":[],"contenttype":[216],"class_list":["post-2077","resource","type-resource","status-publish","format-standard","has-post-thumbnail","hentry","resource_category-organisation-communication","contenttype-fiches-dinformation"],"yoast_head":"<!-- This site is optimized with the Yoast SEO plugin v27.3 - https:\/\/yoast.com\/product\/yoast-seo-wordpress\/ -->\n<title>Fe\u0301de\u0301rer l&#039;inte\u0301re\u0302t du comite\u0301 d&#039;organisation - EventKit<\/title>\n<meta name=\"robots\" content=\"index, follow, max-snippet:-1, max-image-preview:large, max-video-preview:-1\" \/>\n<link rel=\"canonical\" href=\"https:\/\/eventkit.ch\/?resource=federer-linteret-du-comite-dorganisation&lang=fr\" \/>\n<meta property=\"og:locale\" content=\"de_DE\" \/>\n<meta property=\"og:type\" content=\"article\" \/>\n<meta property=\"og:title\" content=\"Fe\u0301de\u0301rer l&#039;inte\u0301re\u0302t du comite\u0301 d&#039;organisation - EventKit\" \/>\n<meta property=\"og:description\" content=\"S\u2019engager dans une d\u00e9marche de durabilit\u00e9 n\u00e9cessite une approche syst\u00e9matique afin d\u2019int\u00e9grer le comit\u00e9 d\u2019organisation le plus en amont possible lors de la conception de la manifestation et d\u2019impliquer d\u00e8s le d\u00e9part l\u2019ensemble des acteurs-cl\u00e9s. Avant la manifestation Pendant la manifestation Apr\u00e8s la manifestation&nbsp;\" \/>\n<meta property=\"og:url\" content=\"https:\/\/eventkit.ch\/?resource=federer-linteret-du-comite-dorganisation&amp;lang=fr\" \/>\n<meta property=\"og:site_name\" content=\"EventKit\" \/>\n<meta property=\"article:modified_time\" content=\"2026-03-23T16:59:12+00:00\" \/>\n<meta property=\"og:image\" content=\"https:\/\/eventkit.ch\/wp-content\/uploads\/2025\/12\/Tabak_Titelbild.jpg\" \/>\n\t<meta property=\"og:image:width\" content=\"1003\" \/>\n\t<meta property=\"og:image:height\" content=\"500\" \/>\n\t<meta property=\"og:image:type\" content=\"image\/jpeg\" \/>\n<meta name=\"twitter:card\" content=\"summary_large_image\" \/>\n<meta name=\"twitter:label1\" content=\"Gesch\u00e4tzte Lesezeit\" \/>\n\t<meta name=\"twitter:data1\" content=\"2\u00a0Minuten\" \/>\n<script type=\"application\/ld+json\" class=\"yoast-schema-graph\">{\"@context\":\"https:\\\/\\\/schema.org\",\"@graph\":[{\"@type\":\"WebPage\",\"@id\":\"https:\\\/\\\/eventkit.ch\\\/?resource=federer-linteret-du-comite-dorganisation&lang=fr\",\"url\":\"https:\\\/\\\/eventkit.ch\\\/?resource=federer-linteret-du-comite-dorganisation&lang=fr\",\"name\":\"Fe\u0301de\u0301rer l'inte\u0301re\u0302t du comite\u0301 d'organisation - EventKit\",\"isPartOf\":{\"@id\":\"https:\\\/\\\/eventkit.ch\\\/#website\"},\"primaryImageOfPage\":{\"@id\":\"https:\\\/\\\/eventkit.ch\\\/?resource=federer-linteret-du-comite-dorganisation&lang=fr#primaryimage\"},\"image\":{\"@id\":\"https:\\\/\\\/eventkit.ch\\\/?resource=federer-linteret-du-comite-dorganisation&lang=fr#primaryimage\"},\"thumbnailUrl\":\"https:\\\/\\\/eventkit.ch\\\/wp-content\\\/uploads\\\/2025\\\/12\\\/Tabak_Titelbild.jpg\",\"datePublished\":\"2025-12-22T09:40:37+00:00\",\"dateModified\":\"2026-03-23T16:59:12+00:00\",\"breadcrumb\":{\"@id\":\"https:\\\/\\\/eventkit.ch\\\/?resource=federer-linteret-du-comite-dorganisation&lang=fr#breadcrumb\"},\"inLanguage\":\"de\",\"potentialAction\":[{\"@type\":\"ReadAction\",\"target\":[\"https:\\\/\\\/eventkit.ch\\\/?resource=federer-linteret-du-comite-dorganisation&lang=fr\"]}]},{\"@type\":\"ImageObject\",\"inLanguage\":\"de\",\"@id\":\"https:\\\/\\\/eventkit.ch\\\/?resource=federer-linteret-du-comite-dorganisation&lang=fr#primaryimage\",\"url\":\"https:\\\/\\\/eventkit.ch\\\/wp-content\\\/uploads\\\/2025\\\/12\\\/Tabak_Titelbild.jpg\",\"contentUrl\":\"https:\\\/\\\/eventkit.ch\\\/wp-content\\\/uploads\\\/2025\\\/12\\\/Tabak_Titelbild.jpg\",\"width\":1003,\"height\":500},{\"@type\":\"BreadcrumbList\",\"@id\":\"https:\\\/\\\/eventkit.ch\\\/?resource=federer-linteret-du-comite-dorganisation&lang=fr#breadcrumb\",\"itemListElement\":[{\"@type\":\"ListItem\",\"position\":1,\"name\":\"Home\",\"item\":\"https:\\\/\\\/eventkit.ch\\\/\"},{\"@type\":\"ListItem\",\"position\":2,\"name\":\"Merkbl\u00e4tter\",\"item\":\"https:\\\/\\\/eventkit.ch\\\/?post_type=resource&lang=fr\"},{\"@type\":\"ListItem\",\"position\":3,\"name\":\"Fe\u0301de\u0301rer l&#8217;inte\u0301re\u0302t du comite\u0301 d&#8217;organisation\"}]},{\"@type\":\"WebSite\",\"@id\":\"https:\\\/\\\/eventkit.ch\\\/#website\",\"url\":\"https:\\\/\\\/eventkit.ch\\\/\",\"name\":\"EventKit\",\"description\":\"Nachhaltigkeit, die wirkt: Dein Event im Check.\",\"publisher\":{\"@id\":\"https:\\\/\\\/eventkit.ch\\\/#organization\"},\"potentialAction\":[{\"@type\":\"SearchAction\",\"target\":{\"@type\":\"EntryPoint\",\"urlTemplate\":\"https:\\\/\\\/eventkit.ch\\\/?s={search_term_string}\"},\"query-input\":{\"@type\":\"PropertyValueSpecification\",\"valueRequired\":true,\"valueName\":\"search_term_string\"}}],\"inLanguage\":\"de\"},{\"@type\":\"Organization\",\"@id\":\"https:\\\/\\\/eventkit.ch\\\/#organization\",\"name\":\"EventKit\",\"url\":\"https:\\\/\\\/eventkit.ch\\\/\",\"logo\":{\"@type\":\"ImageObject\",\"inLanguage\":\"de\",\"@id\":\"https:\\\/\\\/eventkit.ch\\\/#\\\/schema\\\/logo\\\/image\\\/\",\"url\":\"https:\\\/\\\/eventkit.ch\\\/wp-content\\\/uploads\\\/2025\\\/11\\\/android-icon-144x144-1.png\",\"contentUrl\":\"https:\\\/\\\/eventkit.ch\\\/wp-content\\\/uploads\\\/2025\\\/11\\\/android-icon-144x144-1.png\",\"width\":144,\"height\":144,\"caption\":\"EventKit\"},\"image\":{\"@id\":\"https:\\\/\\\/eventkit.ch\\\/#\\\/schema\\\/logo\\\/image\\\/\"}}]}<\/script>\n<!-- \/ Yoast SEO plugin. -->","yoast_head_json":{"title":"Fe\u0301de\u0301rer l'inte\u0301re\u0302t du comite\u0301 d'organisation - EventKit","robots":{"index":"index","follow":"follow","max-snippet":"max-snippet:-1","max-image-preview":"max-image-preview:large","max-video-preview":"max-video-preview:-1"},"canonical":"https:\/\/eventkit.ch\/?resource=federer-linteret-du-comite-dorganisation&lang=fr","og_locale":"de_DE","og_type":"article","og_title":"Fe\u0301de\u0301rer l'inte\u0301re\u0302t du comite\u0301 d'organisation - EventKit","og_description":"S\u2019engager dans une d\u00e9marche de durabilit\u00e9 n\u00e9cessite une approche syst\u00e9matique afin d\u2019int\u00e9grer le comit\u00e9 d\u2019organisation le plus en amont possible lors de la conception de la manifestation et d\u2019impliquer d\u00e8s le d\u00e9part l\u2019ensemble des acteurs-cl\u00e9s. Avant la manifestation Pendant la manifestation Apr\u00e8s la manifestation&nbsp;","og_url":"https:\/\/eventkit.ch\/?resource=federer-linteret-du-comite-dorganisation&lang=fr","og_site_name":"EventKit","article_modified_time":"2026-03-23T16:59:12+00:00","og_image":[{"width":1003,"height":500,"url":"https:\/\/eventkit.ch\/wp-content\/uploads\/2025\/12\/Tabak_Titelbild.jpg","type":"image\/jpeg"}],"twitter_card":"summary_large_image","twitter_misc":{"Gesch\u00e4tzte Lesezeit":"2\u00a0Minuten"},"schema":{"@context":"https:\/\/schema.org","@graph":[{"@type":"WebPage","@id":"https:\/\/eventkit.ch\/?resource=federer-linteret-du-comite-dorganisation&lang=fr","url":"https:\/\/eventkit.ch\/?resource=federer-linteret-du-comite-dorganisation&lang=fr","name":"Fe\u0301de\u0301rer l'inte\u0301re\u0302t du comite\u0301 d'organisation - EventKit","isPartOf":{"@id":"https:\/\/eventkit.ch\/#website"},"primaryImageOfPage":{"@id":"https:\/\/eventkit.ch\/?resource=federer-linteret-du-comite-dorganisation&lang=fr#primaryimage"},"image":{"@id":"https:\/\/eventkit.ch\/?resource=federer-linteret-du-comite-dorganisation&lang=fr#primaryimage"},"thumbnailUrl":"https:\/\/eventkit.ch\/wp-content\/uploads\/2025\/12\/Tabak_Titelbild.jpg","datePublished":"2025-12-22T09:40:37+00:00","dateModified":"2026-03-23T16:59:12+00:00","breadcrumb":{"@id":"https:\/\/eventkit.ch\/?resource=federer-linteret-du-comite-dorganisation&lang=fr#breadcrumb"},"inLanguage":"de","potentialAction":[{"@type":"ReadAction","target":["https:\/\/eventkit.ch\/?resource=federer-linteret-du-comite-dorganisation&lang=fr"]}]},{"@type":"ImageObject","inLanguage":"de","@id":"https:\/\/eventkit.ch\/?resource=federer-linteret-du-comite-dorganisation&lang=fr#primaryimage","url":"https:\/\/eventkit.ch\/wp-content\/uploads\/2025\/12\/Tabak_Titelbild.jpg","contentUrl":"https:\/\/eventkit.ch\/wp-content\/uploads\/2025\/12\/Tabak_Titelbild.jpg","width":1003,"height":500},{"@type":"BreadcrumbList","@id":"https:\/\/eventkit.ch\/?resource=federer-linteret-du-comite-dorganisation&lang=fr#breadcrumb","itemListElement":[{"@type":"ListItem","position":1,"name":"Home","item":"https:\/\/eventkit.ch\/"},{"@type":"ListItem","position":2,"name":"Merkbl\u00e4tter","item":"https:\/\/eventkit.ch\/?post_type=resource&lang=fr"},{"@type":"ListItem","position":3,"name":"Fe\u0301de\u0301rer l&#8217;inte\u0301re\u0302t du comite\u0301 d&#8217;organisation"}]},{"@type":"WebSite","@id":"https:\/\/eventkit.ch\/#website","url":"https:\/\/eventkit.ch\/","name":"EventKit","description":"Nachhaltigkeit, die wirkt: Dein Event im Check.","publisher":{"@id":"https:\/\/eventkit.ch\/#organization"},"potentialAction":[{"@type":"SearchAction","target":{"@type":"EntryPoint","urlTemplate":"https:\/\/eventkit.ch\/?s={search_term_string}"},"query-input":{"@type":"PropertyValueSpecification","valueRequired":true,"valueName":"search_term_string"}}],"inLanguage":"de"},{"@type":"Organization","@id":"https:\/\/eventkit.ch\/#organization","name":"EventKit","url":"https:\/\/eventkit.ch\/","logo":{"@type":"ImageObject","inLanguage":"de","@id":"https:\/\/eventkit.ch\/#\/schema\/logo\/image\/","url":"https:\/\/eventkit.ch\/wp-content\/uploads\/2025\/11\/android-icon-144x144-1.png","contentUrl":"https:\/\/eventkit.ch\/wp-content\/uploads\/2025\/11\/android-icon-144x144-1.png","width":144,"height":144,"caption":"EventKit"},"image":{"@id":"https:\/\/eventkit.ch\/#\/schema\/logo\/image\/"}}]}},"_links":{"self":[{"href":"https:\/\/eventkit.ch\/index.php?rest_route=\/wp\/v2\/resource\/2077","targetHints":{"allow":["GET"]}}],"collection":[{"href":"https:\/\/eventkit.ch\/index.php?rest_route=\/wp\/v2\/resource"}],"about":[{"href":"https:\/\/eventkit.ch\/index.php?rest_route=\/wp\/v2\/types\/resource"}],"wp:featuredmedia":[{"embeddable":true,"href":"https:\/\/eventkit.ch\/index.php?rest_route=\/wp\/v2\/media\/1981"}],"wp:attachment":[{"href":"https:\/\/eventkit.ch\/index.php?rest_route=%2Fwp%2Fv2%2Fmedia&parent=2077"}],"wp:term":[{"taxonomy":"resource_category","embeddable":true,"href":"https:\/\/eventkit.ch\/index.php?rest_route=%2Fwp%2Fv2%2Fresource_category&post=2077"},{"taxonomy":"audience","embeddable":true,"href":"https:\/\/eventkit.ch\/index.php?rest_route=%2Fwp%2Fv2%2Faudience&post=2077"},{"taxonomy":"contenttype","embeddable":true,"href":"https:\/\/eventkit.ch\/index.php?rest_route=%2Fwp%2Fv2%2Fcontenttype&post=2077"}],"curies":[{"name":"wp","href":"https:\/\/api.w.org\/{rel}","templated":true}]}}