{"id":2063,"date":"2025-12-22T08:35:38","date_gmt":"2025-12-22T08:35:38","guid":{"rendered":"https:\/\/eventkit.ch\/?post_type=resource&#038;p=2063"},"modified":"2026-03-23T18:19:02","modified_gmt":"2026-03-23T17:19:02","slug":"selectionner-les-actions-2","status":"publish","type":"resource","link":"https:\/\/eventkit.ch\/?resource=selectionner-les-actions-2&lang=fr","title":{"rendered":"S\u00e9lectionner les actions"},"content":{"rendered":"<p>Afin d\u2019atteindre les objectifs fix\u00e9s, ces derniers doivent se d\u00e9cliner en actions pour lesquelles il est n\u00e9cessaire de se doter de moyens de mise en \u0153uvre (temps, ressources humaines et budget).<br><br>Le panel d\u2019actions possibles influe sur les objectifs et leur priorisation : si un objectif ne peut \u00eatre atteint par des actions r\u00e9alistes, il devra \u00eatre ajust\u00e9 ou, le cas \u00e9ch\u00e9ant, supprim\u00e9. Comme les conditions \u00e9voluent en permanence, il s\u2019agit d\u2019un processus dynamique qui doit \u00eatre r\u00e9\u00e9valu\u00e9 r\u00e9guli\u00e8rement.<\/p><h2 class=\"wp-block-heading\"><strong><em><u>Avant la manifestation<\/u><\/em><\/strong><\/h2><ul class=\"wp-block-list\"><li>Identifier et s\u00e9lectionner les actions \u00e0 entreprendre pour atteindre les objectifs fix\u00e9s, sur la base du premier bilan ou \u00e0 d\u00e9faut, sur la base des th\u00e9matiques-cl\u00e9s (mobilit\u00e9, d\u00e9chets, alimentation, \u00e9nergie).<ul class=\"wp-block-list\"><li>origine et comportements des participantes et participants \/ spectatrices et spectateurs (p.ex. choix du mode de transport)<\/li>\n\n<li>satisfaction concernant le syst\u00e8me de transport mis en place<\/li>\n\n<li>besoins sp\u00e9cifiques li\u00e9s \u00e0 la mobilit\u00e9 r\u00e9duite<\/li><\/ul><\/li>\n\n<li>Collaborer avec toutes les parties prenantes concern\u00e9es afin de s\u00e9lectionner les solutions les plus pertinentes qui tiennent compte des contraintes op\u00e9rationnelles et favoriser leur implication dans la r\u00e9alisation.<\/li>\n\n<li>Allouer un budget pour la mise en \u0153uvre des actions retenues.<\/li>\n\n<li>Indiquer pour chaque action les responsables-cl\u00e9s et leur part de r\u00e9alisation.<\/li>\n\n<li>\u00c9tablir un tableau de bord avec les mesures entreprises ou \u00e0 entreprendre, les d\u00e9lais, les indicateurs sur l\u2019\u00e9tat d\u2019avancement, les responsabilit\u00e9s, etc.<\/li>\n\n<li>Faire valider le plan d\u2019actions par le comit\u00e9 d\u2019organisation.<\/li>\n\n<li>Diffuser le plan d\u2019actions finalis\u00e9 et le rendre accessible \u00e0 toutes et tous, y compris aux personnes en situation de handicap, via le site Internet de la manifestation.<\/li><\/ul><h2 class=\"wp-block-heading\"><strong><em><u>Pendant la manifestation<\/u><\/em><\/strong><\/h2><ul class=\"wp-block-list\"><li>Lors des s\u00e9ances du comit\u00e9 d\u2019organisation, communiquer sur l\u2019\u00e9tat d\u2019avancement des actions et employer ce moment d\u2019\u00e9change pour faire remonter les propositions d\u2019am\u00e9lioration ou les difficult\u00e9s rencontr\u00e9es sur le terrain.<\/li>\n\n<li>Sous forme de sondage ou de s\u00e9ances, impliquer un maximum de personnes \u00e0 l\u2019\u00e9laboration de solutions pour pallier les contraintes op\u00e9rationnelles.<\/li>\n\n<li>Garder un suivi du tableau de bord et respecter les d\u00e9lais de mise en \u0153uvre. Si un d\u00e9lai ne peut pas \u00eatre respect\u00e9, le communiquer le plus rapidement possible au responsable de l\u2019action.<\/li><\/ul><h2 class=\"wp-block-heading\"><strong><em><u>Apr\u00e8s la manifestation<\/u><\/em><\/strong><\/h2><ul class=\"wp-block-list\"><li>R\u00e9cup\u00e9rer les donn\u00e9es aupr\u00e8s de chaque responsable.<\/li>\n\n<li>Faire un bilan des actions entreprises.<\/li>\n\n<li>Publier les r\u00e9sultats et le bilan sur le site Internet de la manifestation, de mani\u00e8re transparente et accessible \u00e0 tout le monde.<\/li><\/ul><p><strong>PR\u00c9-REQUIS :<\/strong> La d\u00e9finition claire des objectifs constitue la base pour la s\u00e9lection et la mise en \u0153uvre d\u2019actions efficaces.<\/p>","protected":false},"excerpt":{"rendered":"<p>Afin d\u2019atteindre les objectifs fix\u00e9s, ces derniers doivent se d\u00e9cliner en actions pour lesquelles il est n\u00e9cessaire de se doter de moyens de mise en \u0153uvre (temps, ressources humaines et budget). Le panel d\u2019actions possibles influe sur les objectifs et leur priorisation : si un objectif ne peut \u00eatre atteint par des actions r\u00e9alistes, il [&hellip;]<\/p>\n","protected":false},"featured_media":1781,"parent":0,"template":"","format":"standard","meta":{"_sitemap_exclude":false,"_sitemap_priority":"","_sitemap_frequency":"","_eventkit_link":"https:\/\/eventkit.ch\/wp-content\/uploads\/2025\/12\/1.9_Selectionner_les_actions_EVENTKIT_FINAL.pdf"},"resource_category":[187],"audience":[],"contenttype":[216],"class_list":["post-2063","resource","type-resource","status-publish","format-standard","has-post-thumbnail","hentry","resource_category-organisation-communication","contenttype-fiches-dinformation"],"yoast_head":"<!-- This site is optimized with the Yoast SEO plugin v27.3 - https:\/\/yoast.com\/product\/yoast-seo-wordpress\/ -->\n<title>S\u00e9lectionner les actions - EventKit<\/title>\n<meta name=\"robots\" content=\"index, follow, max-snippet:-1, max-image-preview:large, max-video-preview:-1\" \/>\n<link rel=\"canonical\" href=\"https:\/\/eventkit.ch\/?resource=selectionner-les-actions-2&lang=fr\" \/>\n<meta property=\"og:locale\" content=\"de_DE\" \/>\n<meta property=\"og:type\" content=\"article\" \/>\n<meta property=\"og:title\" content=\"S\u00e9lectionner les actions - EventKit\" \/>\n<meta property=\"og:description\" content=\"Afin d\u2019atteindre les objectifs fix\u00e9s, ces derniers doivent se d\u00e9cliner en actions pour lesquelles il est n\u00e9cessaire de se doter de moyens de mise en \u0153uvre (temps, ressources humaines et budget). Le panel d\u2019actions possibles influe sur les objectifs et leur priorisation : si un objectif ne peut \u00eatre atteint par des actions r\u00e9alistes, il [&hellip;]\" \/>\n<meta property=\"og:url\" content=\"https:\/\/eventkit.ch\/?resource=selectionner-les-actions-2&amp;lang=fr\" \/>\n<meta property=\"og:site_name\" content=\"EventKit\" \/>\n<meta property=\"article:modified_time\" content=\"2026-03-23T17:19:02+00:00\" \/>\n<meta property=\"og:image\" content=\"https:\/\/eventkit.ch\/wp-content\/uploads\/2025\/12\/6O4A7687_2-1-1024x683.jpg\" \/>\n\t<meta property=\"og:image:width\" content=\"1024\" \/>\n\t<meta property=\"og:image:height\" content=\"683\" \/>\n\t<meta property=\"og:image:type\" content=\"image\/jpeg\" \/>\n<meta name=\"twitter:card\" content=\"summary_large_image\" \/>\n<meta name=\"twitter:label1\" content=\"Gesch\u00e4tzte Lesezeit\" \/>\n\t<meta name=\"twitter:data1\" content=\"3\u00a0Minuten\" \/>\n<script type=\"application\/ld+json\" class=\"yoast-schema-graph\">{\"@context\":\"https:\\\/\\\/schema.org\",\"@graph\":[{\"@type\":\"WebPage\",\"@id\":\"https:\\\/\\\/eventkit.ch\\\/?resource=selectionner-les-actions-2&lang=fr\",\"url\":\"https:\\\/\\\/eventkit.ch\\\/?resource=selectionner-les-actions-2&lang=fr\",\"name\":\"S\u00e9lectionner les actions - EventKit\",\"isPartOf\":{\"@id\":\"https:\\\/\\\/eventkit.ch\\\/#website\"},\"primaryImageOfPage\":{\"@id\":\"https:\\\/\\\/eventkit.ch\\\/?resource=selectionner-les-actions-2&lang=fr#primaryimage\"},\"image\":{\"@id\":\"https:\\\/\\\/eventkit.ch\\\/?resource=selectionner-les-actions-2&lang=fr#primaryimage\"},\"thumbnailUrl\":\"https:\\\/\\\/eventkit.ch\\\/wp-content\\\/uploads\\\/2025\\\/12\\\/6O4A7687_2-1.jpg\",\"datePublished\":\"2025-12-22T08:35:38+00:00\",\"dateModified\":\"2026-03-23T17:19:02+00:00\",\"breadcrumb\":{\"@id\":\"https:\\\/\\\/eventkit.ch\\\/?resource=selectionner-les-actions-2&lang=fr#breadcrumb\"},\"inLanguage\":\"de\",\"potentialAction\":[{\"@type\":\"ReadAction\",\"target\":[\"https:\\\/\\\/eventkit.ch\\\/?resource=selectionner-les-actions-2&lang=fr\"]}]},{\"@type\":\"ImageObject\",\"inLanguage\":\"de\",\"@id\":\"https:\\\/\\\/eventkit.ch\\\/?resource=selectionner-les-actions-2&lang=fr#primaryimage\",\"url\":\"https:\\\/\\\/eventkit.ch\\\/wp-content\\\/uploads\\\/2025\\\/12\\\/6O4A7687_2-1.jpg\",\"contentUrl\":\"https:\\\/\\\/eventkit.ch\\\/wp-content\\\/uploads\\\/2025\\\/12\\\/6O4A7687_2-1.jpg\",\"width\":8192,\"height\":5464},{\"@type\":\"BreadcrumbList\",\"@id\":\"https:\\\/\\\/eventkit.ch\\\/?resource=selectionner-les-actions-2&lang=fr#breadcrumb\",\"itemListElement\":[{\"@type\":\"ListItem\",\"position\":1,\"name\":\"Home\",\"item\":\"https:\\\/\\\/eventkit.ch\\\/\"},{\"@type\":\"ListItem\",\"position\":2,\"name\":\"Merkbl\u00e4tter\",\"item\":\"https:\\\/\\\/eventkit.ch\\\/?post_type=resource&lang=fr\"},{\"@type\":\"ListItem\",\"position\":3,\"name\":\"S\u00e9lectionner les actions\"}]},{\"@type\":\"WebSite\",\"@id\":\"https:\\\/\\\/eventkit.ch\\\/#website\",\"url\":\"https:\\\/\\\/eventkit.ch\\\/\",\"name\":\"EventKit\",\"description\":\"Nachhaltigkeit, die wirkt: Dein Event im Check.\",\"publisher\":{\"@id\":\"https:\\\/\\\/eventkit.ch\\\/#organization\"},\"potentialAction\":[{\"@type\":\"SearchAction\",\"target\":{\"@type\":\"EntryPoint\",\"urlTemplate\":\"https:\\\/\\\/eventkit.ch\\\/?s={search_term_string}\"},\"query-input\":{\"@type\":\"PropertyValueSpecification\",\"valueRequired\":true,\"valueName\":\"search_term_string\"}}],\"inLanguage\":\"de\"},{\"@type\":\"Organization\",\"@id\":\"https:\\\/\\\/eventkit.ch\\\/#organization\",\"name\":\"EventKit\",\"url\":\"https:\\\/\\\/eventkit.ch\\\/\",\"logo\":{\"@type\":\"ImageObject\",\"inLanguage\":\"de\",\"@id\":\"https:\\\/\\\/eventkit.ch\\\/#\\\/schema\\\/logo\\\/image\\\/\",\"url\":\"https:\\\/\\\/eventkit.ch\\\/wp-content\\\/uploads\\\/2025\\\/11\\\/android-icon-144x144-1.png\",\"contentUrl\":\"https:\\\/\\\/eventkit.ch\\\/wp-content\\\/uploads\\\/2025\\\/11\\\/android-icon-144x144-1.png\",\"width\":144,\"height\":144,\"caption\":\"EventKit\"},\"image\":{\"@id\":\"https:\\\/\\\/eventkit.ch\\\/#\\\/schema\\\/logo\\\/image\\\/\"}}]}<\/script>\n<!-- \/ Yoast SEO plugin. -->","yoast_head_json":{"title":"S\u00e9lectionner les actions - EventKit","robots":{"index":"index","follow":"follow","max-snippet":"max-snippet:-1","max-image-preview":"max-image-preview:large","max-video-preview":"max-video-preview:-1"},"canonical":"https:\/\/eventkit.ch\/?resource=selectionner-les-actions-2&lang=fr","og_locale":"de_DE","og_type":"article","og_title":"S\u00e9lectionner les actions - EventKit","og_description":"Afin d\u2019atteindre les objectifs fix\u00e9s, ces derniers doivent se d\u00e9cliner en actions pour lesquelles il est n\u00e9cessaire de se doter de moyens de mise en \u0153uvre (temps, ressources humaines et budget). Le panel d\u2019actions possibles influe sur les objectifs et leur priorisation : si un objectif ne peut \u00eatre atteint par des actions r\u00e9alistes, il [&hellip;]","og_url":"https:\/\/eventkit.ch\/?resource=selectionner-les-actions-2&lang=fr","og_site_name":"EventKit","article_modified_time":"2026-03-23T17:19:02+00:00","og_image":[{"width":1024,"height":683,"url":"https:\/\/eventkit.ch\/wp-content\/uploads\/2025\/12\/6O4A7687_2-1-1024x683.jpg","type":"image\/jpeg"}],"twitter_card":"summary_large_image","twitter_misc":{"Gesch\u00e4tzte Lesezeit":"3\u00a0Minuten"},"schema":{"@context":"https:\/\/schema.org","@graph":[{"@type":"WebPage","@id":"https:\/\/eventkit.ch\/?resource=selectionner-les-actions-2&lang=fr","url":"https:\/\/eventkit.ch\/?resource=selectionner-les-actions-2&lang=fr","name":"S\u00e9lectionner les actions - EventKit","isPartOf":{"@id":"https:\/\/eventkit.ch\/#website"},"primaryImageOfPage":{"@id":"https:\/\/eventkit.ch\/?resource=selectionner-les-actions-2&lang=fr#primaryimage"},"image":{"@id":"https:\/\/eventkit.ch\/?resource=selectionner-les-actions-2&lang=fr#primaryimage"},"thumbnailUrl":"https:\/\/eventkit.ch\/wp-content\/uploads\/2025\/12\/6O4A7687_2-1.jpg","datePublished":"2025-12-22T08:35:38+00:00","dateModified":"2026-03-23T17:19:02+00:00","breadcrumb":{"@id":"https:\/\/eventkit.ch\/?resource=selectionner-les-actions-2&lang=fr#breadcrumb"},"inLanguage":"de","potentialAction":[{"@type":"ReadAction","target":["https:\/\/eventkit.ch\/?resource=selectionner-les-actions-2&lang=fr"]}]},{"@type":"ImageObject","inLanguage":"de","@id":"https:\/\/eventkit.ch\/?resource=selectionner-les-actions-2&lang=fr#primaryimage","url":"https:\/\/eventkit.ch\/wp-content\/uploads\/2025\/12\/6O4A7687_2-1.jpg","contentUrl":"https:\/\/eventkit.ch\/wp-content\/uploads\/2025\/12\/6O4A7687_2-1.jpg","width":8192,"height":5464},{"@type":"BreadcrumbList","@id":"https:\/\/eventkit.ch\/?resource=selectionner-les-actions-2&lang=fr#breadcrumb","itemListElement":[{"@type":"ListItem","position":1,"name":"Home","item":"https:\/\/eventkit.ch\/"},{"@type":"ListItem","position":2,"name":"Merkbl\u00e4tter","item":"https:\/\/eventkit.ch\/?post_type=resource&lang=fr"},{"@type":"ListItem","position":3,"name":"S\u00e9lectionner les actions"}]},{"@type":"WebSite","@id":"https:\/\/eventkit.ch\/#website","url":"https:\/\/eventkit.ch\/","name":"EventKit","description":"Nachhaltigkeit, die wirkt: Dein Event im Check.","publisher":{"@id":"https:\/\/eventkit.ch\/#organization"},"potentialAction":[{"@type":"SearchAction","target":{"@type":"EntryPoint","urlTemplate":"https:\/\/eventkit.ch\/?s={search_term_string}"},"query-input":{"@type":"PropertyValueSpecification","valueRequired":true,"valueName":"search_term_string"}}],"inLanguage":"de"},{"@type":"Organization","@id":"https:\/\/eventkit.ch\/#organization","name":"EventKit","url":"https:\/\/eventkit.ch\/","logo":{"@type":"ImageObject","inLanguage":"de","@id":"https:\/\/eventkit.ch\/#\/schema\/logo\/image\/","url":"https:\/\/eventkit.ch\/wp-content\/uploads\/2025\/11\/android-icon-144x144-1.png","contentUrl":"https:\/\/eventkit.ch\/wp-content\/uploads\/2025\/11\/android-icon-144x144-1.png","width":144,"height":144,"caption":"EventKit"},"image":{"@id":"https:\/\/eventkit.ch\/#\/schema\/logo\/image\/"}}]}},"_links":{"self":[{"href":"https:\/\/eventkit.ch\/index.php?rest_route=\/wp\/v2\/resource\/2063","targetHints":{"allow":["GET"]}}],"collection":[{"href":"https:\/\/eventkit.ch\/index.php?rest_route=\/wp\/v2\/resource"}],"about":[{"href":"https:\/\/eventkit.ch\/index.php?rest_route=\/wp\/v2\/types\/resource"}],"wp:featuredmedia":[{"embeddable":true,"href":"https:\/\/eventkit.ch\/index.php?rest_route=\/wp\/v2\/media\/1781"}],"wp:attachment":[{"href":"https:\/\/eventkit.ch\/index.php?rest_route=%2Fwp%2Fv2%2Fmedia&parent=2063"}],"wp:term":[{"taxonomy":"resource_category","embeddable":true,"href":"https:\/\/eventkit.ch\/index.php?rest_route=%2Fwp%2Fv2%2Fresource_category&post=2063"},{"taxonomy":"audience","embeddable":true,"href":"https:\/\/eventkit.ch\/index.php?rest_route=%2Fwp%2Fv2%2Faudience&post=2063"},{"taxonomy":"contenttype","embeddable":true,"href":"https:\/\/eventkit.ch\/index.php?rest_route=%2Fwp%2Fv2%2Fcontenttype&post=2063"}],"curies":[{"name":"wp","href":"https:\/\/api.w.org\/{rel}","templated":true}]}}