{"id":2057,"date":"2025-12-22T08:22:59","date_gmt":"2025-12-22T08:22:59","guid":{"rendered":"https:\/\/eventkit.ch\/?post_type=resource&#038;p=2057"},"modified":"2026-03-23T17:56:01","modified_gmt":"2026-03-23T16:56:01","slug":"selectionner-les-actions","status":"publish","type":"resource","link":"https:\/\/eventkit.ch\/?resource=selectionner-les-actions&lang=fr","title":{"rendered":"D\u00e9terminer les objectifs"},"content":{"rendered":"<p>La s\u00e9lection des objectifs s\u2019appuie sur le bilan des actions d\u00e9j\u00e0 entreprises et les points d\u2019am\u00e9lioration identifi\u00e9s. Elle d\u00e9coule ensuite d\u2019une pond\u00e9ration d\u2019int\u00e9r\u00eats entre l\u2019impact des mesures, le co\u00fbt, la difficult\u00e9 et les opportunit\u00e9s de mise en \u0153uvre.<br><br>Pour les premi\u00e8res \u00e9ditions et les manifestations uniques, les th\u00e9matiques suivantes peuvent \u00eatre abord\u00e9es : mobilit\u00e9, d\u00e9chets, alimentation et \u00e9nergie, en raison des impacts importants y relatifs.<br><br>Les retomb\u00e9es en termes de sensibilisation du public et d\u2019image sont \u00e9galement \u00e0 prendre en compte.<br><br>Enfin, il est important de noter que le processus de s\u00e9lection des objectifs est intimement li\u00e9 aux actions et qu\u2019il s\u2019agit bien souvent d\u2019un processus en constante \u00e9volution.<\/p><h2 class=\"wp-block-heading\"><strong><em><u>Avant la manifestation<\/u><\/em><\/strong><\/h2><ul class=\"wp-block-list\"><li>Constituer une vision commune au sein du comit\u00e9 d\u2019organisation afin de d\u00e9terminer les axes prioritaires de durabilit\u00e9 (les principaux risques en termes d\u2019impacts environnementaux, soci\u00e9taux et \u00e9conomiques servent de base).<\/li>\n\n<li>Impliquer le comit\u00e9 d\u2019organisation dans la d\u00e9finition des objectifs.<\/li>\n\n<li>Dans le cas d\u2019une manifestation r\u00e9currente, faire une pr\u00e9s\u00e9lection des objectifs sur la base d\u2019un premier bilan (actions d\u00e9j\u00e0 men\u00e9es et opportunit\u00e9s d\u2019am\u00e9lioration).<\/li>\n\n<li>Dans le cas d\u2019une nouvelle manifestation ou d\u2019une manifestation unique, analyser en priorit\u00e9 les impacts li\u00e9s \u00e0 la mobilit\u00e9, aux d\u00e9chets, \u00e0 l\u2019alimentation et \u00e0 l\u2019\u00e9nergie.<\/li>\n\n<li>Le cas \u00e9ch\u00e9ant s\u2019aider d\u2019un bilan carbone afin d\u2019identifier les impacts majeurs au niveau environnemental.<\/li>\n\n<li>D\u00e9finir des objectifs <strong>S.M.A.R.T.<\/strong> :<ul class=\"wp-block-list\"><li><strong>S<\/strong>p\u00e9cifiques \u00e0 la manifestation,<\/li>\n\n<li><strong>M<\/strong>esurables pour pouvoir \u00e9valuer si l\u2019objectif est atteint,<\/li>\n\n<li><strong>A<\/strong>tteignables et ambitieux, afin que l\u2019objectif soit r\u00e9alisable et motivant \u00e0 la fois,<\/li>\n\n<li><strong>R<\/strong>\u00e9alistes car les r\u00e9sultats seront confront\u00e9s aux ambitions de d\u00e9part,<\/li>\n\n<li><strong>T<\/strong>emporellement d\u00e9finis pour des questions de suivi.<\/li><\/ul><\/li>\n\n<li>\u00c9tablir des indicateurs de suivi (ou crit\u00e8res de r\u00e9ussite) qui permettront d\u2019\u00e9valuer le degr\u00e9 d\u2019atteinte des objectifs s\u00e9lectionn\u00e9s.<\/li>\n\n<li>Pr\u00e9senter les objectifs \u00e0 toutes les personnes concern\u00e9es.<\/li>\n\n<li>D\u00e9terminer le plan communication et annoncer \u00e0 l\u2019avance la fr\u00e9quence et la forme des communications internes et externes.<\/li>\n\n<li>Organiser un concours interne (ou une autre action ludique) pour motiver les \u00e9quipes \u00e0 l\u2019atteinte des objectifs.<\/li>\n\n<li>Veiller \u00e0 ce que le concept de s\u00e9curit\u00e9 soit \u00e9galement accessible aux personnes \u00e0 mobilit\u00e9 r\u00e9duite.<\/li><\/ul><h2 class=\"wp-block-heading\"><strong><em><u>Pendant la manifestation<\/u><\/em><\/strong><\/h2><ul class=\"wp-block-list\"><li>Maintenir le cap sur les objectifs fix\u00e9s.<\/li>\n\n<li>Se r\u00e9f\u00e9rer r\u00e9guli\u00e8rement aux indicateurs et voir s\u2019ils correspondent aux objectifs et si ces derniers sont r\u00e9alistes.<\/li>\n\n<li>Lors des s\u00e9ances de coordination, pr\u00e9voir un temps de discussion autour des indicateurs afin de d\u00e9terminer si leur \u00e9volution est positive. Dans le cas contraire, rechercher rapidement des solutions ou correctifs (rectification de l\u2019indicateur, modification des actions, etc.).<\/li><\/ul><h2 class=\"wp-block-heading\"><strong><em><u>Apr\u00e8s la manifestation<\/u><\/em><\/strong><\/h2><ul class=\"wp-block-list\"><li>R\u00e9cup\u00e9rer les donn\u00e9es finales n\u00e9cessaires \u00e0 la consolidation des indicateurs et au compte-rendu sur les objectifs.<\/li>\n\n<li>Mettre en \u00e9vidence les points forts et les points d\u2019am\u00e9lioration en s\u2019appuyant sur les retours des parties prenantes.<\/li>\n\n<li>Pr\u00e9senter les r\u00e9sultats aux membres du comit\u00e9 d\u2019organisation et \u00e0 leurs \u00e9quipes et les communiquer aux parties prenantes.<\/li>\n\n<li>Tirer parti des difficult\u00e9s rencontr\u00e9es pour les pallier lors de la prochaine \u00e9dition.<\/li><\/ul>","protected":false},"excerpt":{"rendered":"<p>La s\u00e9lection des objectifs s\u2019appuie sur le bilan des actions d\u00e9j\u00e0 entreprises et les points d\u2019am\u00e9lioration identifi\u00e9s. Elle d\u00e9coule ensuite d\u2019une pond\u00e9ration d\u2019int\u00e9r\u00eats entre l\u2019impact des mesures, le co\u00fbt, la difficult\u00e9 et les opportunit\u00e9s de mise en \u0153uvre. Pour les premi\u00e8res \u00e9ditions et les manifestations uniques, les th\u00e9matiques suivantes peuvent \u00eatre abord\u00e9es : mobilit\u00e9, d\u00e9chets, [&hellip;]<\/p>\n","protected":false},"featured_media":1756,"parent":0,"template":"","format":"standard","meta":{"_sitemap_exclude":false,"_sitemap_priority":"","_sitemap_frequency":"","_eventkit_link":"https:\/\/eventkit.ch\/wp-content\/uploads\/2025\/12\/1.3_Determiner_les_objectifs_EVENTKIT_FINAL.pdf"},"resource_category":[187],"audience":[],"contenttype":[216],"class_list":["post-2057","resource","type-resource","status-publish","format-standard","has-post-thumbnail","hentry","resource_category-organisation-communication","contenttype-fiches-dinformation"],"yoast_head":"<!-- This site is optimized with the Yoast SEO plugin v27.3 - https:\/\/yoast.com\/product\/yoast-seo-wordpress\/ -->\n<title>D\u00e9terminer les objectifs - EventKit<\/title>\n<meta name=\"robots\" content=\"index, follow, max-snippet:-1, max-image-preview:large, max-video-preview:-1\" \/>\n<link rel=\"canonical\" href=\"https:\/\/eventkit.ch\/?resource=selectionner-les-actions&lang=fr\" \/>\n<meta property=\"og:locale\" content=\"de_DE\" \/>\n<meta property=\"og:type\" content=\"article\" \/>\n<meta property=\"og:title\" content=\"D\u00e9terminer les objectifs - EventKit\" \/>\n<meta property=\"og:description\" content=\"La s\u00e9lection des objectifs s\u2019appuie sur le bilan des actions d\u00e9j\u00e0 entreprises et les points d\u2019am\u00e9lioration identifi\u00e9s. Elle d\u00e9coule ensuite d\u2019une pond\u00e9ration d\u2019int\u00e9r\u00eats entre l\u2019impact des mesures, le co\u00fbt, la difficult\u00e9 et les opportunit\u00e9s de mise en \u0153uvre. Pour les premi\u00e8res \u00e9ditions et les manifestations uniques, les th\u00e9matiques suivantes peuvent \u00eatre abord\u00e9es : mobilit\u00e9, d\u00e9chets, [&hellip;]\" \/>\n<meta property=\"og:url\" content=\"https:\/\/eventkit.ch\/?resource=selectionner-les-actions&amp;lang=fr\" \/>\n<meta property=\"og:site_name\" content=\"EventKit\" \/>\n<meta property=\"article:modified_time\" content=\"2026-03-23T16:56:01+00:00\" \/>\n<meta property=\"og:image\" content=\"https:\/\/eventkit.ch\/wp-content\/uploads\/2025\/12\/2150041854-edited.jpg\" \/>\n\t<meta property=\"og:image:width\" content=\"2000\" \/>\n\t<meta property=\"og:image:height\" content=\"1333\" \/>\n\t<meta property=\"og:image:type\" content=\"image\/jpeg\" \/>\n<meta name=\"twitter:card\" content=\"summary_large_image\" \/>\n<meta name=\"twitter:label1\" content=\"Gesch\u00e4tzte Lesezeit\" \/>\n\t<meta name=\"twitter:data1\" content=\"3\u00a0Minuten\" \/>\n<script type=\"application\/ld+json\" class=\"yoast-schema-graph\">{\"@context\":\"https:\\\/\\\/schema.org\",\"@graph\":[{\"@type\":\"WebPage\",\"@id\":\"https:\\\/\\\/eventkit.ch\\\/?resource=selectionner-les-actions&lang=fr\",\"url\":\"https:\\\/\\\/eventkit.ch\\\/?resource=selectionner-les-actions&lang=fr\",\"name\":\"D\u00e9terminer les objectifs - EventKit\",\"isPartOf\":{\"@id\":\"https:\\\/\\\/eventkit.ch\\\/#website\"},\"primaryImageOfPage\":{\"@id\":\"https:\\\/\\\/eventkit.ch\\\/?resource=selectionner-les-actions&lang=fr#primaryimage\"},\"image\":{\"@id\":\"https:\\\/\\\/eventkit.ch\\\/?resource=selectionner-les-actions&lang=fr#primaryimage\"},\"thumbnailUrl\":\"https:\\\/\\\/eventkit.ch\\\/wp-content\\\/uploads\\\/2025\\\/12\\\/2150041854-edited.jpg\",\"datePublished\":\"2025-12-22T08:22:59+00:00\",\"dateModified\":\"2026-03-23T16:56:01+00:00\",\"breadcrumb\":{\"@id\":\"https:\\\/\\\/eventkit.ch\\\/?resource=selectionner-les-actions&lang=fr#breadcrumb\"},\"inLanguage\":\"de\",\"potentialAction\":[{\"@type\":\"ReadAction\",\"target\":[\"https:\\\/\\\/eventkit.ch\\\/?resource=selectionner-les-actions&lang=fr\"]}]},{\"@type\":\"ImageObject\",\"inLanguage\":\"de\",\"@id\":\"https:\\\/\\\/eventkit.ch\\\/?resource=selectionner-les-actions&lang=fr#primaryimage\",\"url\":\"https:\\\/\\\/eventkit.ch\\\/wp-content\\\/uploads\\\/2025\\\/12\\\/2150041854-edited.jpg\",\"contentUrl\":\"https:\\\/\\\/eventkit.ch\\\/wp-content\\\/uploads\\\/2025\\\/12\\\/2150041854-edited.jpg\",\"width\":2000,\"height\":1333},{\"@type\":\"BreadcrumbList\",\"@id\":\"https:\\\/\\\/eventkit.ch\\\/?resource=selectionner-les-actions&lang=fr#breadcrumb\",\"itemListElement\":[{\"@type\":\"ListItem\",\"position\":1,\"name\":\"Home\",\"item\":\"https:\\\/\\\/eventkit.ch\\\/\"},{\"@type\":\"ListItem\",\"position\":2,\"name\":\"Merkbl\u00e4tter\",\"item\":\"https:\\\/\\\/eventkit.ch\\\/?post_type=resource&lang=fr\"},{\"@type\":\"ListItem\",\"position\":3,\"name\":\"D\u00e9terminer les objectifs\"}]},{\"@type\":\"WebSite\",\"@id\":\"https:\\\/\\\/eventkit.ch\\\/#website\",\"url\":\"https:\\\/\\\/eventkit.ch\\\/\",\"name\":\"EventKit\",\"description\":\"Nachhaltigkeit, die wirkt: Dein Event im Check.\",\"publisher\":{\"@id\":\"https:\\\/\\\/eventkit.ch\\\/#organization\"},\"potentialAction\":[{\"@type\":\"SearchAction\",\"target\":{\"@type\":\"EntryPoint\",\"urlTemplate\":\"https:\\\/\\\/eventkit.ch\\\/?s={search_term_string}\"},\"query-input\":{\"@type\":\"PropertyValueSpecification\",\"valueRequired\":true,\"valueName\":\"search_term_string\"}}],\"inLanguage\":\"de\"},{\"@type\":\"Organization\",\"@id\":\"https:\\\/\\\/eventkit.ch\\\/#organization\",\"name\":\"EventKit\",\"url\":\"https:\\\/\\\/eventkit.ch\\\/\",\"logo\":{\"@type\":\"ImageObject\",\"inLanguage\":\"de\",\"@id\":\"https:\\\/\\\/eventkit.ch\\\/#\\\/schema\\\/logo\\\/image\\\/\",\"url\":\"https:\\\/\\\/eventkit.ch\\\/wp-content\\\/uploads\\\/2025\\\/11\\\/android-icon-144x144-1.png\",\"contentUrl\":\"https:\\\/\\\/eventkit.ch\\\/wp-content\\\/uploads\\\/2025\\\/11\\\/android-icon-144x144-1.png\",\"width\":144,\"height\":144,\"caption\":\"EventKit\"},\"image\":{\"@id\":\"https:\\\/\\\/eventkit.ch\\\/#\\\/schema\\\/logo\\\/image\\\/\"}}]}<\/script>\n<!-- \/ Yoast SEO plugin. -->","yoast_head_json":{"title":"D\u00e9terminer les objectifs - EventKit","robots":{"index":"index","follow":"follow","max-snippet":"max-snippet:-1","max-image-preview":"max-image-preview:large","max-video-preview":"max-video-preview:-1"},"canonical":"https:\/\/eventkit.ch\/?resource=selectionner-les-actions&lang=fr","og_locale":"de_DE","og_type":"article","og_title":"D\u00e9terminer les objectifs - EventKit","og_description":"La s\u00e9lection des objectifs s\u2019appuie sur le bilan des actions d\u00e9j\u00e0 entreprises et les points d\u2019am\u00e9lioration identifi\u00e9s. Elle d\u00e9coule ensuite d\u2019une pond\u00e9ration d\u2019int\u00e9r\u00eats entre l\u2019impact des mesures, le co\u00fbt, la difficult\u00e9 et les opportunit\u00e9s de mise en \u0153uvre. Pour les premi\u00e8res \u00e9ditions et les manifestations uniques, les th\u00e9matiques suivantes peuvent \u00eatre abord\u00e9es : mobilit\u00e9, d\u00e9chets, [&hellip;]","og_url":"https:\/\/eventkit.ch\/?resource=selectionner-les-actions&lang=fr","og_site_name":"EventKit","article_modified_time":"2026-03-23T16:56:01+00:00","og_image":[{"width":2000,"height":1333,"url":"https:\/\/eventkit.ch\/wp-content\/uploads\/2025\/12\/2150041854-edited.jpg","type":"image\/jpeg"}],"twitter_card":"summary_large_image","twitter_misc":{"Gesch\u00e4tzte Lesezeit":"3\u00a0Minuten"},"schema":{"@context":"https:\/\/schema.org","@graph":[{"@type":"WebPage","@id":"https:\/\/eventkit.ch\/?resource=selectionner-les-actions&lang=fr","url":"https:\/\/eventkit.ch\/?resource=selectionner-les-actions&lang=fr","name":"D\u00e9terminer les objectifs - EventKit","isPartOf":{"@id":"https:\/\/eventkit.ch\/#website"},"primaryImageOfPage":{"@id":"https:\/\/eventkit.ch\/?resource=selectionner-les-actions&lang=fr#primaryimage"},"image":{"@id":"https:\/\/eventkit.ch\/?resource=selectionner-les-actions&lang=fr#primaryimage"},"thumbnailUrl":"https:\/\/eventkit.ch\/wp-content\/uploads\/2025\/12\/2150041854-edited.jpg","datePublished":"2025-12-22T08:22:59+00:00","dateModified":"2026-03-23T16:56:01+00:00","breadcrumb":{"@id":"https:\/\/eventkit.ch\/?resource=selectionner-les-actions&lang=fr#breadcrumb"},"inLanguage":"de","potentialAction":[{"@type":"ReadAction","target":["https:\/\/eventkit.ch\/?resource=selectionner-les-actions&lang=fr"]}]},{"@type":"ImageObject","inLanguage":"de","@id":"https:\/\/eventkit.ch\/?resource=selectionner-les-actions&lang=fr#primaryimage","url":"https:\/\/eventkit.ch\/wp-content\/uploads\/2025\/12\/2150041854-edited.jpg","contentUrl":"https:\/\/eventkit.ch\/wp-content\/uploads\/2025\/12\/2150041854-edited.jpg","width":2000,"height":1333},{"@type":"BreadcrumbList","@id":"https:\/\/eventkit.ch\/?resource=selectionner-les-actions&lang=fr#breadcrumb","itemListElement":[{"@type":"ListItem","position":1,"name":"Home","item":"https:\/\/eventkit.ch\/"},{"@type":"ListItem","position":2,"name":"Merkbl\u00e4tter","item":"https:\/\/eventkit.ch\/?post_type=resource&lang=fr"},{"@type":"ListItem","position":3,"name":"D\u00e9terminer les objectifs"}]},{"@type":"WebSite","@id":"https:\/\/eventkit.ch\/#website","url":"https:\/\/eventkit.ch\/","name":"EventKit","description":"Nachhaltigkeit, die wirkt: Dein Event im Check.","publisher":{"@id":"https:\/\/eventkit.ch\/#organization"},"potentialAction":[{"@type":"SearchAction","target":{"@type":"EntryPoint","urlTemplate":"https:\/\/eventkit.ch\/?s={search_term_string}"},"query-input":{"@type":"PropertyValueSpecification","valueRequired":true,"valueName":"search_term_string"}}],"inLanguage":"de"},{"@type":"Organization","@id":"https:\/\/eventkit.ch\/#organization","name":"EventKit","url":"https:\/\/eventkit.ch\/","logo":{"@type":"ImageObject","inLanguage":"de","@id":"https:\/\/eventkit.ch\/#\/schema\/logo\/image\/","url":"https:\/\/eventkit.ch\/wp-content\/uploads\/2025\/11\/android-icon-144x144-1.png","contentUrl":"https:\/\/eventkit.ch\/wp-content\/uploads\/2025\/11\/android-icon-144x144-1.png","width":144,"height":144,"caption":"EventKit"},"image":{"@id":"https:\/\/eventkit.ch\/#\/schema\/logo\/image\/"}}]}},"_links":{"self":[{"href":"https:\/\/eventkit.ch\/index.php?rest_route=\/wp\/v2\/resource\/2057","targetHints":{"allow":["GET"]}}],"collection":[{"href":"https:\/\/eventkit.ch\/index.php?rest_route=\/wp\/v2\/resource"}],"about":[{"href":"https:\/\/eventkit.ch\/index.php?rest_route=\/wp\/v2\/types\/resource"}],"wp:featuredmedia":[{"embeddable":true,"href":"https:\/\/eventkit.ch\/index.php?rest_route=\/wp\/v2\/media\/1756"}],"wp:attachment":[{"href":"https:\/\/eventkit.ch\/index.php?rest_route=%2Fwp%2Fv2%2Fmedia&parent=2057"}],"wp:term":[{"taxonomy":"resource_category","embeddable":true,"href":"https:\/\/eventkit.ch\/index.php?rest_route=%2Fwp%2Fv2%2Fresource_category&post=2057"},{"taxonomy":"audience","embeddable":true,"href":"https:\/\/eventkit.ch\/index.php?rest_route=%2Fwp%2Fv2%2Faudience&post=2057"},{"taxonomy":"contenttype","embeddable":true,"href":"https:\/\/eventkit.ch\/index.php?rest_route=%2Fwp%2Fv2%2Fcontenttype&post=2057"}],"curies":[{"name":"wp","href":"https:\/\/api.w.org\/{rel}","templated":true}]}}