{"id":885,"date":"2025-11-18T14:00:00","date_gmt":"2025-11-18T14:00:00","guid":{"rendered":"https:\/\/eventkit.ch\/?page_id=885"},"modified":"2026-04-13T12:02:42","modified_gmt":"2026-04-13T10:02:42","slug":"faq-2","status":"publish","type":"page","link":"https:\/\/eventkit.ch\/?page_id=885&lang=fr","title":{"rendered":"Faq"},"content":{"rendered":"<section class=\"wp-block-group has-secondary-font-family has-24-font-size is-layout-constrained wp-container-core-group-is-layout-5bac8a7f wp-block-group-is-layout-constrained\" style=\"padding-top:var(--wp--preset--spacing--80);padding-bottom:var(--wp--preset--spacing--80)\"><figure class=\"wp-block-image aligncenter size-full\"><img decoding=\"async\" src=\"https:\/\/eventkit.ch\/wp-content\/themes\/eventkit-wp\/assets\/images\/pattern\/faq.png\" alt=\"\" class=\"wp-image-566\"\/><\/figure>\n\n<h1 class=\"wp-block-heading has-text-align-center has-56-font-size\">FAQs<\/h1>\n\n<p class=\"has-text-align-center\">Tout ce que vous devez savoir sur Eventkit<\/p>\n\n<div class=\"wp-block-sub-search-by-accordion search-by-accordion\" id=\"search-accordion-e0f29e69-d84a-4bbf-8363-eb5a24704825\" data-target-ids=\"\" data-default-message=\"Start typing to filter accordion items.\"><div class=\"search-by-accordion__field\"><input id=\"search-accordion-e0f29e69-d84a-4bbf-8363-eb5a24704825-input\" class=\"search-by-accordion__input\" type=\"search\" autocomplete=\"off\" spellcheck=\"false\" placeholder=\"Recherche dans le FAQ par mot cl\u00e9, th\u00e8me ou question\" aria-describedby=\"search-accordion-e0f29e69-d84a-4bbf-8363-eb5a24704825-status\"\/><\/div><div id=\"search-accordion-e0f29e69-d84a-4bbf-8363-eb5a24704825-status\" class=\"search-by-accordion__status\" aria-live=\"polite\">Start typing to filter accordion items.<\/div><\/div><\/section><section class=\"wp-block-group alignfull has-background is-layout-constrained wp-block-group-is-layout-constrained\" style=\"background-color:#f6f6ea\"><div class=\"wp-block-sub-tabs tabs is-style-scroll-to\" id=\"tabs-676404a5-a0ce-4c77-b32c-347a0187cf30\"><div class=\"tab-nav-col\"><div class=\"tab-nav-holder\"><div class=\"tab-filter-name\">Nach Thema filtern<\/div><ul class=\"nav tab-nav\" role=\"tablist\"><li class=\"nav-item\" role=\"presentation\"><button class=\"nav-link active\" id=\"tab-0-tabs-676404a5-a0ce-4c77-b32c-347a0187cf30\" data-bs-toggle=\"tab\" data-bs-target=\"#tab-pane-0-tabs-676404a5-a0ce-4c77-b32c-347a0187cf30\" type=\"button\" role=\"tab\" aria-controls=\"tab-pane-0-tabs-676404a5-a0ce-4c77-b32c-347a0187cf30\" aria-selected=\"true\">Utilisation g\u00e9n\u00e9rale<\/button><\/li><li class=\"nav-item\" role=\"presentation\"><button class=\"nav-link\" id=\"tab-1-tabs-676404a5-a0ce-4c77-b32c-347a0187cf30\" data-bs-toggle=\"tab\" data-bs-target=\"#tab-pane-1-tabs-676404a5-a0ce-4c77-b32c-347a0187cf30\" type=\"button\" role=\"tab\" aria-controls=\"tab-pane-1-tabs-676404a5-a0ce-4c77-b32c-347a0187cf30\" aria-selected=\"false\">Utilisation du logo et du code QR de l&#8217;Eventprofil de ta manifestation<\/button><\/li><li class=\"nav-item\" role=\"presentation\"><button class=\"nav-link\" id=\"tab-2-tabs-676404a5-a0ce-4c77-b32c-347a0187cf30\" data-bs-toggle=\"tab\" data-bs-target=\"#tab-pane-2-tabs-676404a5-a0ce-4c77-b32c-347a0187cf30\" type=\"button\" role=\"tab\" aria-controls=\"tab-pane-2-tabs-676404a5-a0ce-4c77-b32c-347a0187cf30\" aria-selected=\"false\">Check de durabilit\u00e9 et \u00e9valuation <\/button><\/li><\/ul><\/div><\/div><div class=\"tab-content\" id=\"tab-content-tabs-676404a5-a0ce-4c77-b32c-347a0187cf30\"><div role=\"tabpanel\" tabindex=\"0\" aria-labelledby=\"tab-0-tabs-676404a5-a0ce-4c77-b32c-347a0187cf30\" id=\"tab-pane-0-tabs-676404a5-a0ce-4c77-b32c-347a0187cf30\" class=\"tab-pane fade show active\"><div class=\"heading\">Utilisation g\u00e9n\u00e9rale<\/div><div class=\"tab-pane-content-holder\"><div class=\"wp-block-sub-accordion accordion\" id=\"accordion-aa8ef570-7453-4eb0-be6a-4a37752d9b92\"><div class=\"wp-block-sub-accordion-item accordion-item\" id=\"ad8ab63b-615a-4db3-b674-4f5d1ad5737e\"><h2 class=\"accordion-header m-0\" id=\"heading-ad8ab63b-615a-4db3-b674-4f5d1ad5737e\"><button class=\"accordion-button collapsed\" type=\"button\" data-bs-target=\"#collapse-ad8ab63b-615a-4db3-b674-4f5d1ad5737e\" data-bs-toggle=\"collapse\" aria-controls=\"collapse-ad8ab63b-615a-4db3-b674-4f5d1ad5737e\" aria-expanded=\"false\">Comment cr\u00e9er une nouvelle manifestation ?<\/button><\/h2><div class=\"accordion-collapse collapse\" id=\"collapse-ad8ab63b-615a-4db3-b674-4f5d1ad5737e\" aria-labelledby=\"heading-ad8ab63b-615a-4db3-b674-4f5d1ad5737e\" data-bs-parent=\"#accordion-aa8ef570-7453-4eb0-be6a-4a37752d9b92\"><div class=\"card-body\"><p>Pour cr\u00e9er une nouvelle manifestation, tu peux cliquer sur le bouton \u00ab&nbsp;Check de durabilit\u00e9&nbsp;\u00bb puis aller dans la section \u00ab&nbsp;Mes manifestation&nbsp;\u00bb et cliquer sur \u00ab&nbsp;Cr\u00e9er une nouvelle manifestation&nbsp;\u00bb. Tu seras guid\u00e9 \u00e0 travers un processus simple en trois \u00e9tapes : saisie des informations g\u00e9n\u00e9rales, remplissage du check de durabilit\u00e9 et r\u00e9vision de ta soumission avant publication.<\/p><\/div><\/div><\/div>\n\n<div class=\"wp-block-sub-accordion-item accordion-item\" id=\"2eeae76d-05a0-41be-bfe7-c1d45bf097f5\"><h2 class=\"accordion-header m-0\" id=\"heading-2eeae76d-05a0-41be-bfe7-c1d45bf097f5\"><button class=\"accordion-button collapsed\" type=\"button\" data-bs-target=\"#collapse-2eeae76d-05a0-41be-bfe7-c1d45bf097f5\" data-bs-toggle=\"collapse\" aria-controls=\"collapse-2eeae76d-05a0-41be-bfe7-c1d45bf097f5\" aria-expanded=\"false\">Puis-je modifier ou supprimer ma manifestation apr\u00e8s l&#8217;avoir soumise ?<\/button><\/h2><div class=\"accordion-collapse collapse\" id=\"collapse-2eeae76d-05a0-41be-bfe7-c1d45bf097f5\" aria-labelledby=\"heading-2eeae76d-05a0-41be-bfe7-c1d45bf097f5\" data-bs-parent=\"#accordion-aa8ef570-7453-4eb0-be6a-4a37752d9b92\"><div class=\"card-body\"><p>Oui, \u00e0 tout moment. Cela est possible dans l&#8217;aper\u00e7u \u00ab Mes manifestations \u00bb. Sous les visualisations circulaires \u00e0 droite se trouve un symbole \u00ab corbeille \u00bb pour supprimer et \u00e0 c\u00f4t\u00e9 les boutons \u00ab Dupliquer \u00bb ou \u00ab Modifier \u00bb.<\/p><\/div><\/div><\/div>\n\n<div class=\"wp-block-sub-accordion-item accordion-item\" id=\"cd6ec963-cad8-4159-afe2-e86d5fd65fb0\"><h2 class=\"accordion-header m-0\" id=\"heading-cd6ec963-cad8-4159-afe2-e86d5fd65fb0\"><button class=\"accordion-button collapsed\" type=\"button\" data-bs-target=\"#collapse-cd6ec963-cad8-4159-afe2-e86d5fd65fb0\" data-bs-toggle=\"collapse\" aria-controls=\"collapse-cd6ec963-cad8-4159-afe2-e86d5fd65fb0\" aria-expanded=\"false\">Comment choisir qui peut voir ma manifestation (public ou priv\u00e9) ?<\/button><\/h2><div class=\"accordion-collapse collapse\" id=\"collapse-cd6ec963-cad8-4159-afe2-e86d5fd65fb0\" aria-labelledby=\"heading-cd6ec963-cad8-4159-afe2-e86d5fd65fb0\" data-bs-parent=\"#accordion-aa8ef570-7453-4eb0-be6a-4a37752d9b92\"><div class=\"card-body\"><p>\u00c0 la derni\u00e8re \u00e9tape du formulaire,&nbsp;vous avez la possibilit\u00e9 de&nbsp;d\u00e9cider&nbsp;de publier&nbsp;votre&nbsp;manifestation ou&nbsp;de&nbsp;garder les informations confidentielles&nbsp;(\u00ab priv\u00e9 \u00bb). Sous le champ \u00ab G\u00e9rer la confidentialit\u00e9 \u00bb,&nbsp;il est possible de&nbsp;d\u00e9finir des param\u00e8tres plus pr\u00e9cis. Ceux-ci s&#8217;appliquent uniquement aux manifestations publiques.&nbsp;Si la manifestation a \u00e9t\u00e9 d\u00e9finie comme \u00ab priv\u00e9e \u00bb&nbsp;\u00e0 la derni\u00e8re \u00e9tape, ces informations seront automatiquement masqu\u00e9es.<\/p><\/div><\/div><\/div>\n\n<div class=\"wp-block-sub-accordion-item accordion-item\" id=\"bdd10aa9-b1a0-44ea-91e4-cceadd23f008\"><h2 class=\"accordion-header m-0\" id=\"heading-bdd10aa9-b1a0-44ea-91e4-cceadd23f008\"><button class=\"accordion-button collapsed\" type=\"button\" data-bs-target=\"#collapse-bdd10aa9-b1a0-44ea-91e4-cceadd23f008\" data-bs-toggle=\"collapse\" aria-controls=\"collapse-bdd10aa9-b1a0-44ea-91e4-cceadd23f008\" aria-expanded=\"false\">Puis-je dupliquer une manifestation pr\u00e9c\u00e9dente ?<\/button><\/h2><div class=\"accordion-collapse collapse\" id=\"collapse-bdd10aa9-b1a0-44ea-91e4-cceadd23f008\" aria-labelledby=\"heading-bdd10aa9-b1a0-44ea-91e4-cceadd23f008\" data-bs-parent=\"#accordion-aa8ef570-7453-4eb0-be6a-4a37752d9b92\"><div class=\"card-body\"><p>Cela est possible dans l&#8217;aper\u00e7u \u00ab Mes manifestations \u00bb. Sous les visualisations circulaires \u00e0 droite se trouve un bouton \u00ab Dupliquer \u00bb. Tu peux ensuite mettre \u00e0 jour ce nouvel \u00e9v\u00e9nement. <\/p><\/div><\/div><\/div><\/div><\/div><\/div>\n\n<div role=\"tabpanel\" tabindex=\"0\" aria-labelledby=\"tab-1-tabs-676404a5-a0ce-4c77-b32c-347a0187cf30\" id=\"tab-pane-1-tabs-676404a5-a0ce-4c77-b32c-347a0187cf30\" class=\"tab-pane fade\"><div class=\"heading\">Utilisation du logo et du code QR de l&#8217;Eventprofil de ta manifestation<\/div><div class=\"tab-pane-content-holder\"><div class=\"wp-block-sub-accordion accordion\" id=\"accordion-321c24bf-162c-4624-9a86-16599297af3c\"><div class=\"wp-block-sub-accordion-item accordion-item\" id=\"19994875-c606-47ed-ba08-11794cf82b72\"><h2 class=\"accordion-header m-0\" id=\"heading-19994875-c606-47ed-ba08-11794cf82b72\"><button class=\"accordion-button collapsed\" type=\"button\" data-bs-target=\"#collapse-19994875-c606-47ed-ba08-11794cf82b72\" data-bs-toggle=\"collapse\" aria-controls=\"collapse-19994875-c606-47ed-ba08-11794cf82b72\" aria-expanded=\"false\">Comment utiliser le code QR ?<\/button><\/h2><div class=\"accordion-collapse collapse\" id=\"collapse-19994875-c606-47ed-ba08-11794cf82b72\" aria-labelledby=\"heading-19994875-c606-47ed-ba08-11794cf82b72\" data-bs-parent=\"#accordion-321c24bf-162c-4624-9a86-16599297af3c\"><div class=\"card-body\"><p>Une fois que tu as cr\u00e9\u00e9 une manifestation et rempli la liste des crit\u00e8res, ton Eventprofil est g\u00e9n\u00e9r\u00e9. Tu trouveras au bas de l&#8217;onglet \u00ab Infos sur la manifestation \u00bb un code QR avec logo int\u00e9gr\u00e9 permettant un lien direct vers ta manifestation. Tu peux \u00e9galement t\u00e9l\u00e9charger ton Eventprofil au format pdf. <\/p>\n\n<p>Le guide d&#8217;utilisation du logo accessible via le lien ci-dessous d\u00e9crit les r\u00e8gles d&#8217;utilisation. Merci de respecter ces consignes simples.<\/p>\n\n<figure class=\"wp-block-image size-large is-resized\"><img loading=\"lazy\" decoding=\"async\" width=\"1024\" height=\"409\" src=\"https:\/\/eventkit.ch\/wp-content\/uploads\/2026\/02\/Logo_Eventkit_QR_Code_couleur_FR-1024x409.png\" alt=\"\" class=\"wp-image-3414\" style=\"width:300px\" srcset=\"https:\/\/eventkit.ch\/wp-content\/uploads\/2026\/02\/Logo_Eventkit_QR_Code_couleur_FR-1024x409.png 1024w, https:\/\/eventkit.ch\/wp-content\/uploads\/2026\/02\/Logo_Eventkit_QR_Code_couleur_FR-300x120.png 300w, https:\/\/eventkit.ch\/wp-content\/uploads\/2026\/02\/Logo_Eventkit_QR_Code_couleur_FR-768x306.png 768w, https:\/\/eventkit.ch\/wp-content\/uploads\/2026\/02\/Logo_Eventkit_QR_Code_couleur_FR.png 1143w\" sizes=\"auto, (max-width: 1024px) 100vw, 1024px\" \/><\/figure>\n\n<div class=\"wp-block-buttons is-layout-flex wp-block-buttons-is-layout-flex\"><div class=\"wp-block-button\"><a class=\"wp-block-button__link has-white-color has-primary-background-color has-text-color has-background has-link-color wp-element-button\" href=\"https:\/\/eventkit.ch\/wp-content\/uploads\/2026\/02\/Eventkit_styleguide_de_fr_260206.pdf\" target=\"_blank\" rel=\"noreferrer noopener\">Guide d&#8217;utilisation du logo<\/a><\/div><\/div><\/div><\/div><\/div>\n\n<div class=\"wp-block-sub-accordion-item accordion-item\" id=\"0f54185e-e547-4473-befd-4763d8084050\"><h2 class=\"accordion-header m-0\" id=\"heading-0f54185e-e547-4473-befd-4763d8084050\"><button class=\"accordion-button collapsed\" type=\"button\" data-bs-target=\"#collapse-0f54185e-e547-4473-befd-4763d8084050\" data-bs-toggle=\"collapse\" aria-controls=\"collapse-0f54185e-e547-4473-befd-4763d8084050\" aria-expanded=\"false\">Puis-je utiliser un autre logo d&#8217;Eventkit ?<\/button><\/h2><div class=\"accordion-collapse collapse\" id=\"collapse-0f54185e-e547-4473-befd-4763d8084050\" aria-labelledby=\"heading-0f54185e-e547-4473-befd-4763d8084050\" data-bs-parent=\"#accordion-321c24bf-162c-4624-9a86-16599297af3c\"><div class=\"card-body\"><p>Oui, tu peux \u00e9galement utiliser le logo d&#8217;Eventkit si tu as publi\u00e9 au moins un Eventprofil. Pour cela, il suffit de respecter les directives de notre guide d&#8217;utilisation du logo. Les logos \u00e0 utiliser pour l&#8217;impression (cmyk) ou le web (rgb) peuvent \u00eatre t\u00e9l\u00e9charg\u00e9s ici. Merci de respecter les instructions lors de l&#8217;utilisation.<\/p>\n\n<p><\/p>\n\n<div class=\"wp-block-buttons is-layout-flex wp-block-buttons-is-layout-flex\"><div class=\"wp-block-button\"><a class=\"wp-block-button__link has-white-color has-primary-background-color has-text-color has-background has-link-color wp-element-button\" href=\"https:\/\/eventkit.ch\/wp-content\/uploads\/2026\/02\/Logos-Eventkit.zip\" target=\"_blank\" rel=\"noreferrer noopener\">Logos \u00e0 t\u00e9l\u00e9charger<\/a><\/div>\n\n<div class=\"wp-block-button\"><a class=\"wp-block-button__link has-white-color has-primary-background-color has-text-color has-background has-link-color wp-element-button\" href=\"https:\/\/eventkit.ch\/wp-content\/uploads\/2026\/02\/Eventkit_styleguide_de_fr_260206.pdf\" target=\"_blank\" rel=\"noreferrer noopener\">Guide d&#8217;utilisation du logo<\/a><\/div><\/div><\/div><\/div><\/div><\/div><\/div><\/div>\n\n<div role=\"tabpanel\" tabindex=\"0\" aria-labelledby=\"tab-2-tabs-676404a5-a0ce-4c77-b32c-347a0187cf30\" id=\"tab-pane-1-tabs-676404a5-a0ce-4c77-b32c-347a0187cf30\" class=\"tab-pane fade\"><div class=\"heading\">Check de durabilit\u00e9 et \u00e9valuation <\/div><div class=\"tab-pane-content-holder\"><div class=\"wp-block-sub-accordion accordion\" id=\"accordion-321c24bf-162c-4624-9a86-16599297af3c\"><div class=\"wp-block-sub-accordion-item accordion-item\" id=\"19994875-c606-47ed-ba08-11794cf82b72\"><h2 class=\"accordion-header m-0\" id=\"heading-19994875-c606-47ed-ba08-11794cf82b72\"><button class=\"accordion-button collapsed\" type=\"button\" data-bs-target=\"#collapse-19994875-c606-47ed-ba08-11794cf82b72\" data-bs-toggle=\"collapse\" aria-controls=\"collapse-19994875-c606-47ed-ba08-11794cf82b72\" aria-expanded=\"false\">Qu&#8217;est-ce que le check de durabilit\u00e9 et pourquoi est-il important ?<\/button><\/h2><div class=\"accordion-collapse collapse\" id=\"collapse-19994875-c606-47ed-ba08-11794cf82b72\" aria-labelledby=\"heading-19994875-c606-47ed-ba08-11794cf82b72\" data-bs-parent=\"#accordion-321c24bf-162c-4624-9a86-16599297af3c\"><div class=\"card-body\"><p>La liste des crit\u00e8res de notre check de durabilit\u00e9 comprend 58 crit\u00e8res de durabilit\u00e9 r\u00e9partis en 9 domaines th\u00e9matiques. Ils refl\u00e8tent les aspects les plus importants de la durabilit\u00e9 qui doivent \u00eatre pris en compte lors de l&#8217;organisation d&#8217;un manifestation aussi durable que possible. Ces crit\u00e8res ont \u00e9t\u00e9 \u00e9labor\u00e9s en collaboration avec des expertes et experts et en tenant compte d&#8217;autres plateformes et recommandations en mati\u00e8re de durabilit\u00e9 pour les manifestations en Suisse et \u00e0 l&#8217;\u00e9tranger. L&#8217;Association suisse pour des manifestations durables actualise la liste des crit\u00e8res tous les 2 \u00e0 3 ans.<\/p><\/div><\/div><\/div>\n\n<div class=\"wp-block-sub-accordion-item accordion-item\" id=\"0f54185e-e547-4473-befd-4763d8084050\"><h2 class=\"accordion-header m-0\" id=\"heading-0f54185e-e547-4473-befd-4763d8084050\"><button class=\"accordion-button collapsed\" type=\"button\" data-bs-target=\"#collapse-0f54185e-e547-4473-befd-4763d8084050\" data-bs-toggle=\"collapse\" aria-controls=\"collapse-0f54185e-e547-4473-befd-4763d8084050\" aria-expanded=\"false\">Comment mon \u00e9valuation de durabilit\u00e9 est-elle calcul\u00e9e ?<\/button><\/h2><div class=\"accordion-collapse collapse\" id=\"collapse-0f54185e-e547-4473-befd-4763d8084050\" aria-labelledby=\"heading-0f54185e-e547-4473-befd-4763d8084050\" data-bs-parent=\"#accordion-321c24bf-162c-4624-9a86-16599297af3c\"><div class=\"card-body\"><p>Ta manifestation obtient des points en fonction des mesures mises en \u0153uvre et du degr\u00e9 d&#8217;atteinte des crit\u00e8res. Les 27 crit\u00e8res principaux sont pond\u00e9r\u00e9s \u00e0 double, car leur impact sur la durabilit\u00e9 est particuli\u00e8rement important. Le nombre maximal de points est de 340. Le r\u00e9sultat de ta manifestation est un pourcentage d&#8217;atteinte de tous les crit\u00e8res qui s&#8217;appliquent \u00e0 ta manifestation (les crit\u00e8res que tu as not\u00e9 comme non applicable ne sont pas compt\u00e9s). <\/p>\n\n<p><\/p>\n\n<div class=\"wp-block-buttons is-layout-flex wp-block-buttons-is-layout-flex\"><div class=\"wp-block-button\"><a class=\"wp-block-button__link has-white-color has-green-secondary-background-color has-text-color has-background has-link-color wp-element-button\" href=\"https:\/\/eventkit.ch\/wp-content\/uploads\/2026\/02\/Evaluation_durabilite_eventkit.pdf\" target=\"_blank\" rel=\"noreferrer noopener\">Informations sur le calcul<\/a><\/div><\/div><\/div><\/div><\/div>\n\n<div class=\"wp-block-sub-accordion-item accordion-item\" id=\"f44ab8b8-5041-4462-9209-a3b4ec74f1d9\"><h2 class=\"accordion-header m-0\" id=\"heading-f44ab8b8-5041-4462-9209-a3b4ec74f1d9\"><button class=\"accordion-button collapsed\" type=\"button\" data-bs-target=\"#collapse-f44ab8b8-5041-4462-9209-a3b4ec74f1d9\" data-bs-toggle=\"collapse\" aria-controls=\"collapse-f44ab8b8-5041-4462-9209-a3b4ec74f1d9\" aria-expanded=\"false\">Que signifie \u00ab Non applicable \u00bb dans les crit\u00e8res ?<\/button><\/h2><div class=\"accordion-collapse collapse\" id=\"collapse-f44ab8b8-5041-4462-9209-a3b4ec74f1d9\" aria-labelledby=\"heading-f44ab8b8-5041-4462-9209-a3b4ec74f1d9\" data-bs-parent=\"#accordion-321c24bf-162c-4624-9a86-16599297af3c\"><div class=\"card-body\"><p>Si un crit\u00e8re n&#8217;est pas pertinent pour ton \u00e9v\u00e9nement (par exemple, si ta manifestation ne propose pas de restauration ou ne n\u00e9cessite pas d&#8217;\u00e9lectricit\u00e9), tu peux indiquer \u00ab non applicable \u00bb pour ce crit\u00e8re dans le check de durabilit\u00e9. Il te sera demand\u00e9 d&#8217;ajouter un commentaire qui pr\u00e9cise pourquoi ce crit\u00e8re n&#8217;est pas pertinent. Il sera alors exclu de l&#8217;\u00e9valuation globale, le nombre total de points sera ajust\u00e9 et aucun point ne sera d\u00e9duit.<\/p><\/div><\/div><\/div>\n\n<div class=\"wp-block-sub-accordion-item accordion-item\" id=\"db527eae-479e-4316-94f4-f331d270b80e\"><h2 class=\"accordion-header m-0\" id=\"heading-db527eae-479e-4316-94f4-f331d270b80e\"><button class=\"accordion-button collapsed\" type=\"button\" data-bs-target=\"#collapse-db527eae-479e-4316-94f4-f331d270b80e\" data-bs-toggle=\"collapse\" aria-controls=\"collapse-db527eae-479e-4316-94f4-f331d270b80e\" aria-expanded=\"false\">Combien de points dois-je obtenir pour \u00eatre consid\u00e9r\u00e9 comme durable ?<\/button><\/h2><div class=\"accordion-collapse collapse\" id=\"collapse-db527eae-479e-4316-94f4-f331d270b80e\" aria-labelledby=\"heading-db527eae-479e-4316-94f4-f331d270b80e\" data-bs-parent=\"#accordion-321c24bf-162c-4624-9a86-16599297af3c\"><div class=\"card-body\"><p>Nous ne faisons pas de distinction entre les manifestations durables et non durables. Nous souhaitons plut\u00f4t inviter toutes les manifestations et comit\u00e9s d&#8217;organisation \u00e0 se pencher sur la question de la durabilit\u00e9. Plus il y aura de manifestations mettant en \u0153uvre des mesures de durabilit\u00e9, mieux ce sera. Pour chaque th\u00e8me, il existe 2 \u00e0 5 crit\u00e8res essentiels qui ont la plus grande influence sur la durabilit\u00e9 d&#8217;une manifestation.<\/p><\/div><\/div><\/div><\/div><\/div><\/div><\/div><\/div><\/section>","protected":false},"excerpt":{"rendered":"<p>FAQs Tout ce que vous devez savoir sur Eventkit<\/p>\n","protected":false},"author":1,"featured_media":0,"parent":0,"menu_order":0,"comment_status":"closed","ping_status":"closed","template":"page-no-title","meta":{"_sitemap_exclude":false,"_sitemap_priority":"","_sitemap_frequency":"","footnotes":""},"class_list":["post-885","page","type-page","status-publish","hentry"],"yoast_head":"<!-- This site is optimized with the Yoast SEO plugin v27.3 - https:\/\/yoast.com\/product\/yoast-seo-wordpress\/ -->\n<title>FAQ<\/title>\n<meta name=\"description\" content=\"Tout ce que vous devez savoir sur Eventkit\" \/>\n<meta name=\"robots\" content=\"index, follow, max-snippet:-1, max-image-preview:large, max-video-preview:-1\" \/>\n<link rel=\"canonical\" href=\"https:\/\/eventkit.ch\/?page_id=885&lang=fr\" \/>\n<meta property=\"og:locale\" content=\"de_DE\" \/>\n<meta property=\"og:type\" content=\"article\" \/>\n<meta property=\"og:title\" content=\"FAQ\" \/>\n<meta property=\"og:description\" content=\"Tout ce que vous devez savoir sur Eventkit\" \/>\n<meta property=\"og:url\" content=\"https:\/\/eventkit.ch\/?page_id=885&amp;lang=fr\" \/>\n<meta property=\"og:site_name\" content=\"EventKit\" \/>\n<meta property=\"article:modified_time\" content=\"2026-04-13T10:02:42+00:00\" \/>\n<meta property=\"og:image\" content=\"https:\/\/eventkit.ch\/wp-content\/uploads\/2025\/11\/3FrauenSVNE_ASMD-1-scaled.jpg\" \/>\n\t<meta property=\"og:image:width\" content=\"2560\" \/>\n\t<meta property=\"og:image:height\" content=\"1710\" \/>\n\t<meta property=\"og:image:type\" content=\"image\/jpeg\" \/>\n<meta name=\"twitter:card\" content=\"summary_large_image\" \/>\n<meta name=\"twitter:label1\" content=\"Gesch\u00e4tzte Lesezeit\" \/>\n\t<meta name=\"twitter:data1\" content=\"5\u00a0Minuten\" \/>\n<script type=\"application\/ld+json\" class=\"yoast-schema-graph\">{\"@context\":\"https:\\\/\\\/schema.org\",\"@graph\":[{\"@type\":\"WebPage\",\"@id\":\"https:\\\/\\\/eventkit.ch\\\/?page_id=885&lang=fr\",\"url\":\"https:\\\/\\\/eventkit.ch\\\/?page_id=885&lang=fr\",\"name\":\"FAQ\",\"isPartOf\":{\"@id\":\"https:\\\/\\\/eventkit.ch\\\/#website\"},\"primaryImageOfPage\":{\"@id\":\"https:\\\/\\\/eventkit.ch\\\/?page_id=885&lang=fr#primaryimage\"},\"image\":{\"@id\":\"https:\\\/\\\/eventkit.ch\\\/?page_id=885&lang=fr#primaryimage\"},\"thumbnailUrl\":\"https:\\\/\\\/eventkit.ch\\\/wp-content\\\/themes\\\/eventkit-wp\\\/assets\\\/images\\\/pattern\\\/faq.png\",\"datePublished\":\"2025-11-18T14:00:00+00:00\",\"dateModified\":\"2026-04-13T10:02:42+00:00\",\"description\":\"Tout ce que vous devez savoir sur Eventkit\",\"breadcrumb\":{\"@id\":\"https:\\\/\\\/eventkit.ch\\\/?page_id=885&lang=fr#breadcrumb\"},\"inLanguage\":\"de\",\"potentialAction\":[{\"@type\":\"ReadAction\",\"target\":[\"https:\\\/\\\/eventkit.ch\\\/?page_id=885&lang=fr\"]}]},{\"@type\":\"ImageObject\",\"inLanguage\":\"de\",\"@id\":\"https:\\\/\\\/eventkit.ch\\\/?page_id=885&lang=fr#primaryimage\",\"url\":\"\",\"contentUrl\":\"\"},{\"@type\":\"BreadcrumbList\",\"@id\":\"https:\\\/\\\/eventkit.ch\\\/?page_id=885&lang=fr#breadcrumb\",\"itemListElement\":[{\"@type\":\"ListItem\",\"position\":1,\"name\":\"Home\",\"item\":\"https:\\\/\\\/eventkit.ch\\\/\"},{\"@type\":\"ListItem\",\"position\":2,\"name\":\"Faq\"}]},{\"@type\":\"WebSite\",\"@id\":\"https:\\\/\\\/eventkit.ch\\\/#website\",\"url\":\"https:\\\/\\\/eventkit.ch\\\/\",\"name\":\"EventKit\",\"description\":\"Nachhaltigkeit, die wirkt: Dein Event im Check.\",\"publisher\":{\"@id\":\"https:\\\/\\\/eventkit.ch\\\/#organization\"},\"potentialAction\":[{\"@type\":\"SearchAction\",\"target\":{\"@type\":\"EntryPoint\",\"urlTemplate\":\"https:\\\/\\\/eventkit.ch\\\/?s={search_term_string}\"},\"query-input\":{\"@type\":\"PropertyValueSpecification\",\"valueRequired\":true,\"valueName\":\"search_term_string\"}}],\"inLanguage\":\"de\"},{\"@type\":\"Organization\",\"@id\":\"https:\\\/\\\/eventkit.ch\\\/#organization\",\"name\":\"EventKit\",\"url\":\"https:\\\/\\\/eventkit.ch\\\/\",\"logo\":{\"@type\":\"ImageObject\",\"inLanguage\":\"de\",\"@id\":\"https:\\\/\\\/eventkit.ch\\\/#\\\/schema\\\/logo\\\/image\\\/\",\"url\":\"https:\\\/\\\/eventkit.ch\\\/wp-content\\\/uploads\\\/2025\\\/11\\\/android-icon-144x144-1.png\",\"contentUrl\":\"https:\\\/\\\/eventkit.ch\\\/wp-content\\\/uploads\\\/2025\\\/11\\\/android-icon-144x144-1.png\",\"width\":144,\"height\":144,\"caption\":\"EventKit\"},\"image\":{\"@id\":\"https:\\\/\\\/eventkit.ch\\\/#\\\/schema\\\/logo\\\/image\\\/\"}}]}<\/script>\n<!-- \/ Yoast SEO plugin. -->","yoast_head_json":{"title":"FAQ","description":"Tout ce que vous devez savoir sur Eventkit","robots":{"index":"index","follow":"follow","max-snippet":"max-snippet:-1","max-image-preview":"max-image-preview:large","max-video-preview":"max-video-preview:-1"},"canonical":"https:\/\/eventkit.ch\/?page_id=885&lang=fr","og_locale":"de_DE","og_type":"article","og_title":"FAQ","og_description":"Tout ce que vous devez savoir sur Eventkit","og_url":"https:\/\/eventkit.ch\/?page_id=885&lang=fr","og_site_name":"EventKit","article_modified_time":"2026-04-13T10:02:42+00:00","og_image":[{"width":2560,"height":1710,"url":"https:\/\/eventkit.ch\/wp-content\/uploads\/2025\/11\/3FrauenSVNE_ASMD-1-scaled.jpg","type":"image\/jpeg"}],"twitter_card":"summary_large_image","twitter_misc":{"Gesch\u00e4tzte Lesezeit":"5\u00a0Minuten"},"schema":{"@context":"https:\/\/schema.org","@graph":[{"@type":"WebPage","@id":"https:\/\/eventkit.ch\/?page_id=885&lang=fr","url":"https:\/\/eventkit.ch\/?page_id=885&lang=fr","name":"FAQ","isPartOf":{"@id":"https:\/\/eventkit.ch\/#website"},"primaryImageOfPage":{"@id":"https:\/\/eventkit.ch\/?page_id=885&lang=fr#primaryimage"},"image":{"@id":"https:\/\/eventkit.ch\/?page_id=885&lang=fr#primaryimage"},"thumbnailUrl":"https:\/\/eventkit.ch\/wp-content\/themes\/eventkit-wp\/assets\/images\/pattern\/faq.png","datePublished":"2025-11-18T14:00:00+00:00","dateModified":"2026-04-13T10:02:42+00:00","description":"Tout ce que vous devez savoir sur Eventkit","breadcrumb":{"@id":"https:\/\/eventkit.ch\/?page_id=885&lang=fr#breadcrumb"},"inLanguage":"de","potentialAction":[{"@type":"ReadAction","target":["https:\/\/eventkit.ch\/?page_id=885&lang=fr"]}]},{"@type":"ImageObject","inLanguage":"de","@id":"https:\/\/eventkit.ch\/?page_id=885&lang=fr#primaryimage","url":"","contentUrl":""},{"@type":"BreadcrumbList","@id":"https:\/\/eventkit.ch\/?page_id=885&lang=fr#breadcrumb","itemListElement":[{"@type":"ListItem","position":1,"name":"Home","item":"https:\/\/eventkit.ch\/"},{"@type":"ListItem","position":2,"name":"Faq"}]},{"@type":"WebSite","@id":"https:\/\/eventkit.ch\/#website","url":"https:\/\/eventkit.ch\/","name":"EventKit","description":"Nachhaltigkeit, die wirkt: Dein Event im Check.","publisher":{"@id":"https:\/\/eventkit.ch\/#organization"},"potentialAction":[{"@type":"SearchAction","target":{"@type":"EntryPoint","urlTemplate":"https:\/\/eventkit.ch\/?s={search_term_string}"},"query-input":{"@type":"PropertyValueSpecification","valueRequired":true,"valueName":"search_term_string"}}],"inLanguage":"de"},{"@type":"Organization","@id":"https:\/\/eventkit.ch\/#organization","name":"EventKit","url":"https:\/\/eventkit.ch\/","logo":{"@type":"ImageObject","inLanguage":"de","@id":"https:\/\/eventkit.ch\/#\/schema\/logo\/image\/","url":"https:\/\/eventkit.ch\/wp-content\/uploads\/2025\/11\/android-icon-144x144-1.png","contentUrl":"https:\/\/eventkit.ch\/wp-content\/uploads\/2025\/11\/android-icon-144x144-1.png","width":144,"height":144,"caption":"EventKit"},"image":{"@id":"https:\/\/eventkit.ch\/#\/schema\/logo\/image\/"}}]}},"_links":{"self":[{"href":"https:\/\/eventkit.ch\/index.php?rest_route=\/wp\/v2\/pages\/885","targetHints":{"allow":["GET"]}}],"collection":[{"href":"https:\/\/eventkit.ch\/index.php?rest_route=\/wp\/v2\/pages"}],"about":[{"href":"https:\/\/eventkit.ch\/index.php?rest_route=\/wp\/v2\/types\/page"}],"author":[{"embeddable":true,"href":"https:\/\/eventkit.ch\/index.php?rest_route=\/wp\/v2\/users\/1"}],"replies":[{"embeddable":true,"href":"https:\/\/eventkit.ch\/index.php?rest_route=%2Fwp%2Fv2%2Fcomments&post=885"}],"version-history":[{"count":15,"href":"https:\/\/eventkit.ch\/index.php?rest_route=\/wp\/v2\/pages\/885\/revisions"}],"predecessor-version":[{"id":3730,"href":"https:\/\/eventkit.ch\/index.php?rest_route=\/wp\/v2\/pages\/885\/revisions\/3730"}],"wp:attachment":[{"href":"https:\/\/eventkit.ch\/index.php?rest_route=%2Fwp%2Fv2%2Fmedia&parent=885"}],"curies":[{"name":"wp","href":"https:\/\/api.w.org\/{rel}","templated":true}]}}