{"id":875,"date":"2025-11-18T13:34:43","date_gmt":"2025-11-18T13:34:43","guid":{"rendered":"https:\/\/eventkit.ch\/?page_id=875"},"modified":"2026-03-23T16:37:29","modified_gmt":"2026-03-23T15:37:29","slug":"9-themes-de-durabilite","status":"publish","type":"page","link":"https:\/\/eventkit.ch\/?page_id=875&lang=fr","title":{"rendered":"Th\u00e8mes"},"content":{"rendered":"<section class=\"wp-block-group has-secondary-font-family has-24-font-size is-layout-constrained wp-container-core-group-is-layout-0cb5522c wp-block-group-is-layout-constrained\" style=\"padding-top:var(--wp--preset--spacing--80);padding-bottom:var(--wp--preset--spacing--80)\"><h1 class=\"wp-block-heading has-text-align-center has-56-font-size\">Informations, conseils et liens utiles<\/h1>\n\n<p class=\"has-text-align-center\">Tu trouveras ici des informations sur les 9 th\u00e8mes du check de durabilit\u00e9. Pour chacun d&#8217;entre eux, tu pourras d&#8217;abord d\u00e9couvrir les principaux impacts et les mesures essentielles puis approfondir certains sujets via des fiches d&#8217;information d\u00e9taill\u00e9es &#8211; allant de la pr\u00e9paration jusqu&#8217;au bilan de ta manifestations. <\/p>\n\n<div class=\"wp-block-buttons is-content-justification-center is-layout-flex wp-container-core-buttons-is-layout-a89b3969 wp-block-buttons-is-layout-flex\"><\/div><\/section><section class=\"wp-block-group alignfull has-background is-layout-constrained wp-block-group-is-layout-constrained\" id=\"nachhaltigkeitsthemen\" style=\"background-color:#e8e9ca\"><h2 class=\"wp-block-heading has-text-align-center\">9 th\u00e8mes de durabilit\u00e9<\/h2>\n\n<p class=\"has-text-align-center is-style-subtitle\">D\u00e9couvre les neuf th\u00e9matiques cl\u00e9s pour des manifestations durables.<\/p>\n\n<div class=\"wp-block-query is-layout-flow wp-block-query-is-layout-flow\" data-paged=\"1\" data-attrs=\"{&quot;blockName&quot;:&quot;core\\\/query&quot;,&quot;attrs&quot;:{&quot;queryId&quot;:0,&quot;query&quot;:{&quot;perPage&quot;:10,&quot;pages&quot;:0,&quot;offset&quot;:0,&quot;postType&quot;:&quot;page&quot;,&quot;order&quot;:&quot;asc&quot;,&quot;orderBy&quot;:&quot;date&quot;,&quot;author&quot;:&quot;&quot;,&quot;search&quot;:&quot;&quot;,&quot;exclude&quot;:[],&quot;sticky&quot;:&quot;&quot;,&quot;inherit&quot;:false,&quot;parents&quot;:[875],&quot;format&quot;:[],&quot;taxes&quot;:[],&quot;group_taxonomy&quot;:&quot;category&quot;,&quot;__groupPostType&quot;:&quot;page&quot;,&quot;is_random_order&quot;:false,&quot;is_most_popular&quot;:false}},&quot;innerBlocks&quot;:[{&quot;blockName&quot;:&quot;core\\\/post-template&quot;,&quot;attrs&quot;:{&quot;style&quot;:{&quot;spacing&quot;:{&quot;margin&quot;:{&quot;top&quot;:&quot;var:preset|spacing|55&quot;},&quot;blockGap&quot;:&quot;36px&quot;}},&quot;layout&quot;:{&quot;type&quot;:&quot;grid&quot;,&quot;columnCount&quot;:3}},&quot;innerBlocks&quot;:[{&quot;blockName&quot;:&quot;core\\\/post-featured-image&quot;,&quot;attrs&quot;:{&quot;isLink&quot;:true},&quot;innerBlocks&quot;:[],&quot;innerHTML&quot;:&quot;&quot;,&quot;innerContent&quot;:[]},{&quot;blockName&quot;:&quot;core\\\/post-title&quot;,&quot;attrs&quot;:{&quot;level&quot;:3,&quot;isLink&quot;:true,&quot;fontSize&quot;:&quot;28&quot;},&quot;innerBlocks&quot;:[],&quot;innerHTML&quot;:&quot;&quot;,&quot;innerContent&quot;:[]},{&quot;blockName&quot;:&quot;core\\\/read-more&quot;,&quot;attrs&quot;:{&quot;content&quot;:&quot;En savoir plus sur ce th\\u00e8me&quot;,&quot;className&quot;:&quot;is-style-default&quot;},&quot;innerBlocks&quot;:[],&quot;innerHTML&quot;:&quot;&quot;,&quot;innerContent&quot;:[]}],&quot;innerHTML&quot;:&quot;\\n\\n\\n\\n\\n\\n&quot;,&quot;innerContent&quot;:[&quot;\\n&quot;,null,&quot;\\n\\n&quot;,null,&quot;\\n\\n&quot;,null,&quot;\\n&quot;]}],&quot;innerHTML&quot;:&quot;\\n&lt;div class=\\&quot;wp-block-query\\&quot;&gt;&lt;\\\/div&gt;\\n&quot;,&quot;innerContent&quot;:[&quot;\\n&lt;div class=\\&quot;wp-block-query\\&quot;&gt;&quot;,null,&quot;&lt;\\\/div&gt;\\n&quot;],&quot;parentLayout&quot;:{&quot;type&quot;:&quot;constrained&quot;}}\"><ul style=\"margin-top:var(--wp--preset--spacing--55);\" class=\"columns-3 wp-block-post-template is-layout-grid wp-container-core-post-template-is-layout-0d6accc1 wp-block-post-template-is-layout-grid\"><li class=\"wp-block-post post-1597 page type-page status-publish has-post-thumbnail hentry\"><figure class=\"wp-block-post-featured-image\"><a href=\"https:\/\/eventkit.ch\/?page_id=1597&#038;lang=fr\" target=\"_self\"  ><img loading=\"lazy\" decoding=\"async\" width=\"2560\" height=\"1707\" src=\"https:\/\/eventkit.ch\/wp-content\/uploads\/2026\/02\/closeup-business-woman-hand-typing-laptop-keyboard-8-scaled.jpg\" class=\"attachment-post-thumbnail size-post-thumbnail wp-post-image\" alt=\"Organisation &#038; communication\" style=\"object-fit:cover;\" srcset=\"https:\/\/eventkit.ch\/wp-content\/uploads\/2026\/02\/closeup-business-woman-hand-typing-laptop-keyboard-8-scaled.jpg 2560w, https:\/\/eventkit.ch\/wp-content\/uploads\/2026\/02\/closeup-business-woman-hand-typing-laptop-keyboard-8-300x200.jpg 300w, https:\/\/eventkit.ch\/wp-content\/uploads\/2026\/02\/closeup-business-woman-hand-typing-laptop-keyboard-8-1024x683.jpg 1024w, https:\/\/eventkit.ch\/wp-content\/uploads\/2026\/02\/closeup-business-woman-hand-typing-laptop-keyboard-8-768x512.jpg 768w, https:\/\/eventkit.ch\/wp-content\/uploads\/2026\/02\/closeup-business-woman-hand-typing-laptop-keyboard-8-1536x1024.jpg 1536w, https:\/\/eventkit.ch\/wp-content\/uploads\/2026\/02\/closeup-business-woman-hand-typing-laptop-keyboard-8-2048x1365.jpg 2048w\" sizes=\"auto, (max-width: 2560px) 100vw, 2560px\" \/><\/a><figcaption class=\"wp-element-caption\">Freepik von @jannoon028<\/figcaption><\/figure>\n\n<h3 class=\"wp-block-post-title has-28-font-size\"><a href=\"https:\/\/eventkit.ch\/?page_id=1597&#038;lang=fr\" target=\"_self\" >Organisation &#038; communication<\/a><\/h3>\n\n<a class=\"is-style-default wp-block-read-more\" href=\"https:\/\/eventkit.ch\/?page_id=1597&#038;lang=fr\" target=\"_self\">En savoir plus sur ce th\u00e8me<span class=\"screen-reader-text\">: Organisation &#038; communication<\/span><\/a><\/li><li class=\"wp-block-post post-1625 page type-page status-publish has-post-thumbnail hentry\"><figure class=\"wp-block-post-featured-image\"><a href=\"https:\/\/eventkit.ch\/?page_id=1625&#038;lang=fr\" target=\"_self\"  ><img loading=\"lazy\" decoding=\"async\" width=\"720\" height=\"480\" src=\"https:\/\/eventkit.ch\/wp-content\/uploads\/2025\/11\/Verkehr-Transport-edited.png\" class=\"attachment-post-thumbnail size-post-thumbnail wp-post-image\" alt=\"Circulation &#038; transports\" style=\"object-fit:cover;\" srcset=\"https:\/\/eventkit.ch\/wp-content\/uploads\/2025\/11\/Verkehr-Transport-edited.png 720w, https:\/\/eventkit.ch\/wp-content\/uploads\/2025\/11\/Verkehr-Transport-edited-300x200.png 300w\" sizes=\"auto, (max-width: 720px) 100vw, 720px\" \/><\/a><figcaption class=\"wp-element-caption\">\u00a9 Unsplash: Joshua Fernandez<\/figcaption><\/figure>\n\n<h3 class=\"wp-block-post-title has-28-font-size\"><a href=\"https:\/\/eventkit.ch\/?page_id=1625&#038;lang=fr\" target=\"_self\" >Circulation &#038; transports<\/a><\/h3>\n\n<a class=\"is-style-default wp-block-read-more\" href=\"https:\/\/eventkit.ch\/?page_id=1625&#038;lang=fr\" target=\"_self\">En savoir plus sur ce th\u00e8me<span class=\"screen-reader-text\">: Circulation &#038; transports<\/span><\/a><\/li><li class=\"wp-block-post post-1590 page type-page status-publish has-post-thumbnail hentry\"><figure class=\"wp-block-post-featured-image\"><a href=\"https:\/\/eventkit.ch\/?page_id=1590&#038;lang=fr\" target=\"_self\"  ><img loading=\"lazy\" decoding=\"async\" width=\"2560\" height=\"1707\" src=\"https:\/\/eventkit.ch\/wp-content\/uploads\/2026\/01\/3171c24f-5b0a-41b8-8e9b-a463e5bb63fa-scaled.jpg\" class=\"attachment-post-thumbnail size-post-thumbnail wp-post-image\" alt=\"\u00c9nergie &#038; infrastructures\" style=\"object-fit:cover;\" srcset=\"https:\/\/eventkit.ch\/wp-content\/uploads\/2026\/01\/3171c24f-5b0a-41b8-8e9b-a463e5bb63fa-scaled.jpg 2560w, https:\/\/eventkit.ch\/wp-content\/uploads\/2026\/01\/3171c24f-5b0a-41b8-8e9b-a463e5bb63fa-300x200.jpg 300w, https:\/\/eventkit.ch\/wp-content\/uploads\/2026\/01\/3171c24f-5b0a-41b8-8e9b-a463e5bb63fa-1024x683.jpg 1024w, https:\/\/eventkit.ch\/wp-content\/uploads\/2026\/01\/3171c24f-5b0a-41b8-8e9b-a463e5bb63fa-768x512.jpg 768w, https:\/\/eventkit.ch\/wp-content\/uploads\/2026\/01\/3171c24f-5b0a-41b8-8e9b-a463e5bb63fa-1536x1024.jpg 1536w, https:\/\/eventkit.ch\/wp-content\/uploads\/2026\/01\/3171c24f-5b0a-41b8-8e9b-a463e5bb63fa-2048x1365.jpg 2048w\" sizes=\"auto, (max-width: 2560px) 100vw, 2560px\" \/><\/a><\/figure>\n\n<h3 class=\"wp-block-post-title has-28-font-size\"><a href=\"https:\/\/eventkit.ch\/?page_id=1590&#038;lang=fr\" target=\"_self\" >\u00c9nergie &#038; infrastructures<\/a><\/h3>\n\n<a class=\"is-style-default wp-block-read-more\" href=\"https:\/\/eventkit.ch\/?page_id=1590&#038;lang=fr\" target=\"_self\">En savoir plus sur ce th\u00e8me<span class=\"screen-reader-text\">: \u00c9nergie &#038; infrastructures<\/span><\/a><\/li><li class=\"wp-block-post post-1763 page type-page status-publish has-post-thumbnail hentry\"><figure class=\"wp-block-post-featured-image\"><a href=\"https:\/\/eventkit.ch\/?page_id=1763&#038;lang=fr\" target=\"_self\"  ><img loading=\"lazy\" decoding=\"async\" width=\"772\" height=\"480\" src=\"https:\/\/eventkit.ch\/wp-content\/uploads\/2025\/11\/Event-Image-4.png\" class=\"attachment-post-thumbnail size-post-thumbnail wp-post-image\" alt=\"Restauration\" style=\"object-fit:cover;\" srcset=\"https:\/\/eventkit.ch\/wp-content\/uploads\/2025\/11\/Event-Image-4.png 772w, https:\/\/eventkit.ch\/wp-content\/uploads\/2025\/11\/Event-Image-4-300x187.png 300w, https:\/\/eventkit.ch\/wp-content\/uploads\/2025\/11\/Event-Image-4-768x478.png 768w\" sizes=\"auto, (max-width: 772px) 100vw, 772px\" \/><\/a><\/figure>\n\n<h3 class=\"wp-block-post-title has-28-font-size\"><a href=\"https:\/\/eventkit.ch\/?page_id=1763&#038;lang=fr\" target=\"_self\" >Restauration<\/a><\/h3>\n\n<a class=\"is-style-default wp-block-read-more\" href=\"https:\/\/eventkit.ch\/?page_id=1763&#038;lang=fr\" target=\"_self\">En savoir plus sur ce th\u00e8me<span class=\"screen-reader-text\">: Restauration<\/span><\/a><\/li><li class=\"wp-block-post post-1599 page type-page status-publish has-post-thumbnail hentry\"><figure class=\"wp-block-post-featured-image\"><a href=\"https:\/\/eventkit.ch\/?page_id=1599&#038;lang=fr\" target=\"_self\"  ><img loading=\"lazy\" decoding=\"async\" width=\"2560\" height=\"1707\" src=\"https:\/\/eventkit.ch\/wp-content\/uploads\/2025\/12\/P5251371-edited-scaled.jpg\" class=\"attachment-post-thumbnail size-post-thumbnail wp-post-image\" alt=\"Mat\u00e9riel &#038; d\u00e9chets\" style=\"object-fit:cover;\" srcset=\"https:\/\/eventkit.ch\/wp-content\/uploads\/2025\/12\/P5251371-edited-scaled.jpg 2560w, https:\/\/eventkit.ch\/wp-content\/uploads\/2025\/12\/P5251371-edited-300x200.jpg 300w, https:\/\/eventkit.ch\/wp-content\/uploads\/2025\/12\/P5251371-edited-1024x683.jpg 1024w, https:\/\/eventkit.ch\/wp-content\/uploads\/2025\/12\/P5251371-edited-768x512.jpg 768w, https:\/\/eventkit.ch\/wp-content\/uploads\/2025\/12\/P5251371-edited-1536x1024.jpg 1536w, https:\/\/eventkit.ch\/wp-content\/uploads\/2025\/12\/P5251371-edited-2048x1365.jpg 2048w\" sizes=\"auto, (max-width: 2560px) 100vw, 2560px\" \/><\/a><figcaption class=\"wp-element-caption\">\u00a9SOLA Basel 2019<\/figcaption><\/figure>\n\n<h3 class=\"wp-block-post-title has-28-font-size\"><a href=\"https:\/\/eventkit.ch\/?page_id=1599&#038;lang=fr\" target=\"_self\" >Mat\u00e9riel &#038; d\u00e9chets<\/a><\/h3>\n\n<a class=\"is-style-default wp-block-read-more\" href=\"https:\/\/eventkit.ch\/?page_id=1599&#038;lang=fr\" target=\"_self\">En savoir plus sur ce th\u00e8me<span class=\"screen-reader-text\">: Mat\u00e9riel &#038; d\u00e9chets<\/span><\/a><\/li><li class=\"wp-block-post post-1601 page type-page status-publish has-post-thumbnail hentry\"><figure class=\"wp-block-post-featured-image\"><a href=\"https:\/\/eventkit.ch\/?page_id=1601&#038;lang=fr\" target=\"_self\"  ><img loading=\"lazy\" decoding=\"async\" width=\"8192\" height=\"5464\" src=\"https:\/\/eventkit.ch\/wp-content\/uploads\/2025\/12\/6O4A7687_2-1.jpg\" class=\"attachment-post-thumbnail size-post-thumbnail wp-post-image\" alt=\"Nature &#038; paysage\" style=\"object-fit:cover;\" srcset=\"https:\/\/eventkit.ch\/wp-content\/uploads\/2025\/12\/6O4A7687_2-1.jpg 8192w, https:\/\/eventkit.ch\/wp-content\/uploads\/2025\/12\/6O4A7687_2-1-300x200.jpg 300w, https:\/\/eventkit.ch\/wp-content\/uploads\/2025\/12\/6O4A7687_2-1-1024x683.jpg 1024w, https:\/\/eventkit.ch\/wp-content\/uploads\/2025\/12\/6O4A7687_2-1-768x512.jpg 768w, https:\/\/eventkit.ch\/wp-content\/uploads\/2025\/12\/6O4A7687_2-1-1536x1025.jpg 1536w\" sizes=\"auto, (max-width: 8192px) 100vw, 8192px\" \/><\/a><\/figure>\n\n<h3 class=\"wp-block-post-title has-28-font-size\"><a href=\"https:\/\/eventkit.ch\/?page_id=1601&#038;lang=fr\" target=\"_self\" >Nature &#038; paysage<\/a><\/h3>\n\n<a class=\"is-style-default wp-block-read-more\" href=\"https:\/\/eventkit.ch\/?page_id=1601&#038;lang=fr\" target=\"_self\">En savoir plus sur ce th\u00e8me<span class=\"screen-reader-text\">: Nature &#038; paysage<\/span><\/a><\/li><li class=\"wp-block-post post-1588 page type-page status-publish has-post-thumbnail hentry\"><figure class=\"wp-block-post-featured-image\"><a href=\"https:\/\/eventkit.ch\/?page_id=1588&#038;lang=fr\" target=\"_self\"  ><img loading=\"lazy\" decoding=\"async\" width=\"1754\" height=\"1240\" src=\"https:\/\/eventkit.ch\/wp-content\/uploads\/2025\/12\/blog_4_Hosted-Area-by-Axpo-PluSport_quer.jpg\" class=\"attachment-post-thumbnail size-post-thumbnail wp-post-image\" alt=\"Inclusion &amp; Accessibilit\u00e9\" style=\"object-fit:cover;\" srcset=\"https:\/\/eventkit.ch\/wp-content\/uploads\/2025\/12\/blog_4_Hosted-Area-by-Axpo-PluSport_quer.jpg 1754w, https:\/\/eventkit.ch\/wp-content\/uploads\/2025\/12\/blog_4_Hosted-Area-by-Axpo-PluSport_quer-300x212.jpg 300w, https:\/\/eventkit.ch\/wp-content\/uploads\/2025\/12\/blog_4_Hosted-Area-by-Axpo-PluSport_quer-1024x724.jpg 1024w, https:\/\/eventkit.ch\/wp-content\/uploads\/2025\/12\/blog_4_Hosted-Area-by-Axpo-PluSport_quer-768x543.jpg 768w, https:\/\/eventkit.ch\/wp-content\/uploads\/2025\/12\/blog_4_Hosted-Area-by-Axpo-PluSport_quer-1536x1086.jpg 1536w\" sizes=\"auto, (max-width: 1754px) 100vw, 1754px\" \/><\/a><\/figure>\n\n<h3 class=\"wp-block-post-title has-28-font-size\"><a href=\"https:\/\/eventkit.ch\/?page_id=1588&#038;lang=fr\" target=\"_self\" >Inclusion &amp; Accessibilit\u00e9<\/a><\/h3>\n\n<a class=\"is-style-default wp-block-read-more\" href=\"https:\/\/eventkit.ch\/?page_id=1588&#038;lang=fr\" target=\"_self\">En savoir plus sur ce th\u00e8me<span class=\"screen-reader-text\">: Inclusion &amp; Accessibilit\u00e9<\/span><\/a><\/li><li class=\"wp-block-post post-1593 page type-page status-publish has-post-thumbnail hentry\"><figure class=\"wp-block-post-featured-image\"><a href=\"https:\/\/eventkit.ch\/?page_id=1593&#038;lang=fr\" target=\"_self\"  ><img loading=\"lazy\" decoding=\"async\" width=\"1102\" height=\"735\" src=\"https:\/\/eventkit.ch\/wp-content\/uploads\/2025\/12\/Zurich-Pride-Festival-Friday-Teams-and-Staff-2025-Photo-by-Sebastian-Hubold-9.jpg\" class=\"attachment-post-thumbnail size-post-thumbnail wp-post-image\" alt=\"Sant\u00e9 &#038; pr\u00e9vention\" style=\"object-fit:cover;\" srcset=\"https:\/\/eventkit.ch\/wp-content\/uploads\/2025\/12\/Zurich-Pride-Festival-Friday-Teams-and-Staff-2025-Photo-by-Sebastian-Hubold-9.jpg 1102w, https:\/\/eventkit.ch\/wp-content\/uploads\/2025\/12\/Zurich-Pride-Festival-Friday-Teams-and-Staff-2025-Photo-by-Sebastian-Hubold-9-300x200.jpg 300w, https:\/\/eventkit.ch\/wp-content\/uploads\/2025\/12\/Zurich-Pride-Festival-Friday-Teams-and-Staff-2025-Photo-by-Sebastian-Hubold-9-1024x683.jpg 1024w, https:\/\/eventkit.ch\/wp-content\/uploads\/2025\/12\/Zurich-Pride-Festival-Friday-Teams-and-Staff-2025-Photo-by-Sebastian-Hubold-9-768x512.jpg 768w\" sizes=\"auto, (max-width: 1102px) 100vw, 1102px\" \/><\/a><\/figure>\n\n<h3 class=\"wp-block-post-title has-28-font-size\"><a href=\"https:\/\/eventkit.ch\/?page_id=1593&#038;lang=fr\" target=\"_self\" >Sant\u00e9 &#038; pr\u00e9vention<\/a><\/h3>\n\n<a class=\"is-style-default wp-block-read-more\" href=\"https:\/\/eventkit.ch\/?page_id=1593&#038;lang=fr\" target=\"_self\">En savoir plus sur ce th\u00e8me<span class=\"screen-reader-text\">: Sant\u00e9 &#038; pr\u00e9vention<\/span><\/a><\/li><li class=\"wp-block-post post-1615 page type-page status-publish has-post-thumbnail hentry\"><figure class=\"wp-block-post-featured-image\"><a href=\"https:\/\/eventkit.ch\/?page_id=1615&#038;lang=fr\" target=\"_self\"  ><img loading=\"lazy\" decoding=\"async\" width=\"1024\" height=\"683\" src=\"https:\/\/eventkit.ch\/wp-content\/uploads\/2025\/12\/zurich-pride-festival-friday_54658107735_l.jpg\" class=\"attachment-post-thumbnail size-post-thumbnail wp-post-image\" alt=\"\u00c9conomie\" style=\"object-fit:cover;\" srcset=\"https:\/\/eventkit.ch\/wp-content\/uploads\/2025\/12\/zurich-pride-festival-friday_54658107735_l.jpg 1024w, https:\/\/eventkit.ch\/wp-content\/uploads\/2025\/12\/zurich-pride-festival-friday_54658107735_l-300x200.jpg 300w, https:\/\/eventkit.ch\/wp-content\/uploads\/2025\/12\/zurich-pride-festival-friday_54658107735_l-768x512.jpg 768w\" sizes=\"auto, (max-width: 1024px) 100vw, 1024px\" \/><\/a><\/figure>\n\n<h3 class=\"wp-block-post-title has-28-font-size\"><a href=\"https:\/\/eventkit.ch\/?page_id=1615&#038;lang=fr\" target=\"_self\" >\u00c9conomie<\/a><\/h3>\n\n<a class=\"is-style-default wp-block-read-more\" href=\"https:\/\/eventkit.ch\/?page_id=1615&#038;lang=fr\" target=\"_self\">En savoir plus sur ce th\u00e8me<span class=\"screen-reader-text\">: \u00c9conomie<\/span><\/a><\/li><\/ul><\/div>\n\n<div class=\"wp-block-group is-layout-constrained wp-block-group-is-layout-constrained\" style=\"margin-top:var(--wp--preset--spacing--80)\"><h2 class=\"wp-block-heading\">Recherche<\/h2>\n\n<p class=\"is-style-subtitle\" style=\"margin-top:var(--wp--preset--spacing--30);margin-bottom:var(--wp--preset--spacing--40)\">Trouve directement des informations sur les th\u00e9matiques sp\u00e9cifiques \u00e0 ta manifestation.<\/p>\n\n<form role=\"search\" method=\"get\" action=\"https:\/\/eventkit.ch\/\" class=\"wp-block-search__button-inside wp-block-search__icon-button large wp-block-search\"    ><label class=\"wp-block-search__label screen-reader-text\" for=\"wp-block-search__input-1\" >Search<\/label><div class=\"wp-block-search__inside-wrapper\" ><input class=\"wp-block-search__input\" id=\"wp-block-search__input-1\" placeholder=\"Rechercher des th\u00e8mes, des sous-th\u00e8mes ou des documents...\" value=\"\" type=\"search\" name=\"s\" required \/><button aria-label=\"Search\" class=\"wp-block-search__button has-icon wp-element-button\" type=\"submit\" ><svg class=\"search-icon\" viewBox=\"0 0 24 24\" width=\"24\" height=\"24\">\n\t\t\t\t\t<path d=\"M13 5c-3.3 0-6 2.7-6 6 0 1.4.5 2.7 1.3 3.7l-3.8 3.8 1.1 1.1 3.8-3.8c1 .8 2.3 1.3 3.7 1.3 3.3 0 6-2.7 6-6S16.3 5 13 5zm0 10.5c-2.5 0-4.5-2-4.5-4.5s2-4.5 4.5-4.5 4.5 2 4.5 4.5-2 4.5-4.5 4.5z\"><\/path>\n\t\t\t\t<\/svg><\/button><\/div><input type=\"hidden\" name=\"post_type\" value=\"resource\" \/>        <div class=\"filter-label\">Filtern nach<\/div>\r\n        <div class=\"search-filters-wrapper\">\r\n            <div class=\"search-filter search-filter--theme\">\r\n                <!-- Label only for screen readers -->\r\n                <label class=\"screen-reader-text\" for=\"search-theme\">\r\n                    Nach Thema filtern                <\/label>\r\n                <select id=\"search-theme\" name=\"resource_category\">\r\n                    <option value=\"\">Themengebieten<\/option>\r\n                                                                        <option value=\"bildungsmaterialien-de\">\r\n                                Bildungsmaterialien                            <\/option>\r\n                                                    <option value=\"circulation-transports\">\r\n                                Circulation &amp; transports                            <\/option>\r\n                                                    <option value=\"economie\">\r\n                                \u00c9conomie                            <\/option>\r\n                                                    <option value=\"energie-infrastructures\">\r\n                                \u00c9nergie &amp; infrastructures                            <\/option>\r\n                                                    <option value=\"energie-infrastruktur\">\r\n                                Energie &amp; Infrastruktur                            <\/option>\r\n                                                    <option value=\"gesundheit-praevention\">\r\n                                Gesundheit &amp; Pr\u00e4vention                            <\/option>\r\n                                                    <option value=\"inclusion-accessibilite\">\r\n                                Inclusion &amp; Accessibilit\u00e9                            <\/option>\r\n                                                    <option value=\"inklusion-chancengleichheit\">\r\n                                Inklusion &amp; Chancengleichheit                            <\/option>\r\n                                                    <option value=\"lernen-sie-von-anderen\">\r\n                                Lernen Sie von anderen                            <\/option>\r\n                                                    <option value=\"management-kommunikation\">\r\n                                Management &amp; Kommunikation                            <\/option>\r\n                                                    <option value=\"material-abfall\">\r\n                                Material &amp; Abfall                            <\/option>\r\n                                                    <option value=\"materiel-dechets\">\r\n                                Mat\u00e9riel &amp; d\u00e9chets                            <\/option>\r\n                                                    <option value=\"natur-landschaft\">\r\n                                Natur &amp; Landschaft                            <\/option>\r\n                                                    <option value=\"nature-paysage\">\r\n                                Nature &amp; paysage                            <\/option>\r\n                                                    <option value=\"organisation-communication\">\r\n                                Organisation &amp; communication                            <\/option>\r\n                                                    <option value=\"restauration\">\r\n                                Restauration                            <\/option>\r\n                                                    <option value=\"sante-prevention\">\r\n                                Sant\u00e9 &amp; pr\u00e9vention                            <\/option>\r\n                                                    <option value=\"verkehr-transport\">\r\n                                Verkehr &amp; Transport                            <\/option>\r\n                                                    <option value=\"verpflegung\">\r\n                                Verpflegung                            <\/option>\r\n                                                    <option value=\"wirtschaft\">\r\n                                Wirtschaft                            <\/option>\r\n                                                            <\/select>\r\n            <\/div>\r\n\r\n            <div class=\"search-filter search-filter--document-type\">\r\n                <label class=\"screen-reader-text\" for=\"search-document-type\">\r\n                    Nach Dokumententyp filtern                <\/label>\r\n                <select id=\"search-document-type\" name=\"contenttype\">\r\n                    <option value=\"\">Dokumenttyp<\/option>\r\n                                                                        <option value=\"best-practice\">\r\n                                Best Practice                            <\/option>\r\n                                                    <option value=\"fallstudie-de\">\r\n                                Fallstudie                            <\/option>\r\n                                                    <option value=\"fiches-dinformation\">\r\n                                Fiches d\u2019information                            <\/option>\r\n                                                    <option value=\"merkblatt\">\r\n                                Merkblatt                            <\/option>\r\n                                                            <\/select>\r\n            <\/div>\r\n        <\/div>\r\n\r\n        <\/form><\/div><\/section><section class=\"wp-block-group alignfull has-pink-lighter-background-color has-background is-layout-constrained wp-block-group-is-layout-constrained\"><figure class=\"wp-block-image aligncenter size-full\"><img decoding=\"async\" src=\"https:\/\/eventkit.ch\/wp-content\/themes\/eventkit-wp\/assets\/images\/pattern\/download.png\" alt=\"\" class=\"wp-image-491\"\/><\/figure>\n\n<h2 class=\"wp-block-heading has-text-align-center\">T\u00e9l\u00e9charge la liste de crit\u00e8res<\/h2>\n\n<p class=\"has-text-align-center is-style-subtitle\">Tu trouveras ici tous les crit\u00e8res tels que tu les trouves dans le check de durabilit\u00e9.<\/p>\n\n<div class=\"wp-block-buttons is-content-justification-center is-layout-flex wp-container-core-buttons-is-layout-253fffe0 wp-block-buttons-is-layout-flex\"><?xml encoding=\"utf-8\" ?><div class=\"wp-block-button is-style-btn-secondary is-style-btn-secondary--2\"><a class=\"wp-block-button__link wp-element-button has-core-icon\" href=\"https:\/\/eventkit.ch\/wp-content\/uploads\/2026\/03\/Zielwerte-Eventkit.pdf\" target=\"_blank\" rel=\"noreferrer noopener\" style='--core-icon: url(\"https:\/\/eventkit.ch\/wp-content\/themes\/eventkit-wp\/gutenberg-dev\/assets\/badge-icons\/file-text.svg\");'>Au format PDF<\/a><\/div>\n\n\n<?xml encoding=\"utf-8\" ?><div class=\"wp-block-button is-style-btn-primary is-style-btn-primary--3\"><a class=\"wp-block-button__link wp-element-button has-core-icon\" href=\"https:\/\/eventkit.ch\/wp-content\/uploads\/2026\/03\/Zielwerte-Eventkit.xlsx\" target=\"_blank\" rel=\"noreferrer noopener\" style='--core-icon: url(\"https:\/\/eventkit.ch\/wp-content\/themes\/eventkit-wp\/gutenberg-dev\/assets\/badge-icons\/file-text.svg\");'>Au format Excel<\/a><\/div>\n<\/div><\/section>","protected":false},"excerpt":{"rendered":"<p>Informations, conseils et liens utiles Tu trouveras ici des informations sur les 9 th\u00e8mes du check de durabilit\u00e9. Pour chacun d&#8217;entre eux, tu pourras d&#8217;abord d\u00e9couvrir les principaux impacts et les mesures essentielles puis approfondir certains sujets via des fiches d&#8217;information d\u00e9taill\u00e9es &#8211; allant de la pr\u00e9paration jusqu&#8217;au bilan de ta manifestations. 9 th\u00e8mes de [&hellip;]<\/p>\n","protected":false},"author":1,"featured_media":3350,"parent":0,"menu_order":0,"comment_status":"closed","ping_status":"closed","template":"page-no-title","meta":{"_sitemap_exclude":false,"_sitemap_priority":"","_sitemap_frequency":"","footnotes":""},"class_list":["post-875","page","type-page","status-publish","has-post-thumbnail","hentry"],"yoast_head":"<!-- This site is optimized with the Yoast SEO plugin v27.3 - https:\/\/yoast.com\/product\/yoast-seo-wordpress\/ -->\n<title>Th\u00e8mes - EventKit<\/title>\n<meta name=\"description\" content=\"Tu trouveras ici des informations sur les 9 th\u00e8mes du check de durabilit\u00e9. Pour chacun d&#039;entre eux, tu pourras d&#039;abord d\u00e9couvrir les principaux impacts et les mesures essentielles puis approfondir certains sujets via des fiches d&#039;information d\u00e9taill\u00e9es - allant de la pr\u00e9paration jusqu&#039;au bilan de ta manifestations.\" \/>\n<meta name=\"robots\" content=\"index, follow, max-snippet:-1, max-image-preview:large, max-video-preview:-1\" \/>\n<link rel=\"canonical\" href=\"https:\/\/eventkit.ch\/?page_id=875&lang=fr\" \/>\n<meta property=\"og:locale\" content=\"de_DE\" \/>\n<meta property=\"og:type\" content=\"article\" \/>\n<meta property=\"og:title\" content=\"Th\u00e8mes - EventKit\" \/>\n<meta property=\"og:description\" content=\"Tu trouveras ici des informations sur les 9 th\u00e8mes du check de durabilit\u00e9. Pour chacun d&#039;entre eux, tu pourras d&#039;abord d\u00e9couvrir les principaux impacts et les mesures essentielles puis approfondir certains sujets via des fiches d&#039;information d\u00e9taill\u00e9es - allant de la pr\u00e9paration jusqu&#039;au bilan de ta manifestations.\" \/>\n<meta property=\"og:url\" content=\"https:\/\/eventkit.ch\/?page_id=875&amp;lang=fr\" \/>\n<meta property=\"og:site_name\" content=\"EventKit\" \/>\n<meta property=\"article:modified_time\" content=\"2026-03-23T15:37:29+00:00\" \/>\n<meta property=\"og:image\" content=\"https:\/\/eventkit.ch\/wp-content\/uploads\/2026\/02\/closeup-business-woman-hand-typing-laptop-keyboard-scaled.jpg\" \/>\n\t<meta property=\"og:image:width\" content=\"2560\" \/>\n\t<meta property=\"og:image:height\" content=\"1707\" \/>\n\t<meta property=\"og:image:type\" content=\"image\/jpeg\" \/>\n<meta name=\"twitter:card\" content=\"summary_large_image\" \/>\n<meta name=\"twitter:label1\" content=\"Gesch\u00e4tzte Lesezeit\" \/>\n\t<meta name=\"twitter:data1\" content=\"2\u00a0Minuten\" \/>\n<script type=\"application\/ld+json\" class=\"yoast-schema-graph\">{\"@context\":\"https:\\\/\\\/schema.org\",\"@graph\":[{\"@type\":\"WebPage\",\"@id\":\"https:\\\/\\\/eventkit.ch\\\/?page_id=875&lang=fr\",\"url\":\"https:\\\/\\\/eventkit.ch\\\/?page_id=875&lang=fr\",\"name\":\"Th\u00e8mes - EventKit\",\"isPartOf\":{\"@id\":\"https:\\\/\\\/eventkit.ch\\\/#website\"},\"primaryImageOfPage\":{\"@id\":\"https:\\\/\\\/eventkit.ch\\\/?page_id=875&lang=fr#primaryimage\"},\"image\":{\"@id\":\"https:\\\/\\\/eventkit.ch\\\/?page_id=875&lang=fr#primaryimage\"},\"thumbnailUrl\":\"https:\\\/\\\/eventkit.ch\\\/wp-content\\\/uploads\\\/2026\\\/02\\\/closeup-business-woman-hand-typing-laptop-keyboard-scaled.jpg\",\"datePublished\":\"2025-11-18T13:34:43+00:00\",\"dateModified\":\"2026-03-23T15:37:29+00:00\",\"description\":\"Tu trouveras ici des informations sur les 9 th\u00e8mes du check de durabilit\u00e9. Pour chacun d'entre eux, tu pourras d'abord d\u00e9couvrir les principaux impacts et les mesures essentielles puis approfondir certains sujets via des fiches d'information d\u00e9taill\u00e9es - allant de la pr\u00e9paration jusqu'au bilan de ta manifestations.\",\"breadcrumb\":{\"@id\":\"https:\\\/\\\/eventkit.ch\\\/?page_id=875&lang=fr#breadcrumb\"},\"inLanguage\":\"de\",\"potentialAction\":[{\"@type\":\"ReadAction\",\"target\":[\"https:\\\/\\\/eventkit.ch\\\/?page_id=875&lang=fr\"]}]},{\"@type\":\"ImageObject\",\"inLanguage\":\"de\",\"@id\":\"https:\\\/\\\/eventkit.ch\\\/?page_id=875&lang=fr#primaryimage\",\"url\":\"https:\\\/\\\/eventkit.ch\\\/wp-content\\\/uploads\\\/2026\\\/02\\\/closeup-business-woman-hand-typing-laptop-keyboard-scaled.jpg\",\"contentUrl\":\"https:\\\/\\\/eventkit.ch\\\/wp-content\\\/uploads\\\/2026\\\/02\\\/closeup-business-woman-hand-typing-laptop-keyboard-scaled.jpg\",\"width\":2560,\"height\":1707,\"caption\":\"Freepik von @jannoon028\"},{\"@type\":\"BreadcrumbList\",\"@id\":\"https:\\\/\\\/eventkit.ch\\\/?page_id=875&lang=fr#breadcrumb\",\"itemListElement\":[{\"@type\":\"ListItem\",\"position\":1,\"name\":\"Home\",\"item\":\"https:\\\/\\\/eventkit.ch\\\/\"},{\"@type\":\"ListItem\",\"position\":2,\"name\":\"Th\u00e8mes\"}]},{\"@type\":\"WebSite\",\"@id\":\"https:\\\/\\\/eventkit.ch\\\/#website\",\"url\":\"https:\\\/\\\/eventkit.ch\\\/\",\"name\":\"EventKit\",\"description\":\"Nachhaltigkeit, die wirkt: Dein Event im Check.\",\"publisher\":{\"@id\":\"https:\\\/\\\/eventkit.ch\\\/#organization\"},\"potentialAction\":[{\"@type\":\"SearchAction\",\"target\":{\"@type\":\"EntryPoint\",\"urlTemplate\":\"https:\\\/\\\/eventkit.ch\\\/?s={search_term_string}\"},\"query-input\":{\"@type\":\"PropertyValueSpecification\",\"valueRequired\":true,\"valueName\":\"search_term_string\"}}],\"inLanguage\":\"de\"},{\"@type\":\"Organization\",\"@id\":\"https:\\\/\\\/eventkit.ch\\\/#organization\",\"name\":\"EventKit\",\"url\":\"https:\\\/\\\/eventkit.ch\\\/\",\"logo\":{\"@type\":\"ImageObject\",\"inLanguage\":\"de\",\"@id\":\"https:\\\/\\\/eventkit.ch\\\/#\\\/schema\\\/logo\\\/image\\\/\",\"url\":\"https:\\\/\\\/eventkit.ch\\\/wp-content\\\/uploads\\\/2025\\\/11\\\/android-icon-144x144-1.png\",\"contentUrl\":\"https:\\\/\\\/eventkit.ch\\\/wp-content\\\/uploads\\\/2025\\\/11\\\/android-icon-144x144-1.png\",\"width\":144,\"height\":144,\"caption\":\"EventKit\"},\"image\":{\"@id\":\"https:\\\/\\\/eventkit.ch\\\/#\\\/schema\\\/logo\\\/image\\\/\"}}]}<\/script>\n<!-- \/ Yoast SEO plugin. -->","yoast_head_json":{"title":"Th\u00e8mes - EventKit","description":"Tu trouveras ici des informations sur les 9 th\u00e8mes du check de durabilit\u00e9. Pour chacun d'entre eux, tu pourras d'abord d\u00e9couvrir les principaux impacts et les mesures essentielles puis approfondir certains sujets via des fiches d'information d\u00e9taill\u00e9es - allant de la pr\u00e9paration jusqu'au bilan de ta manifestations.","robots":{"index":"index","follow":"follow","max-snippet":"max-snippet:-1","max-image-preview":"max-image-preview:large","max-video-preview":"max-video-preview:-1"},"canonical":"https:\/\/eventkit.ch\/?page_id=875&lang=fr","og_locale":"de_DE","og_type":"article","og_title":"Th\u00e8mes - EventKit","og_description":"Tu trouveras ici des informations sur les 9 th\u00e8mes du check de durabilit\u00e9. Pour chacun d'entre eux, tu pourras d'abord d\u00e9couvrir les principaux impacts et les mesures essentielles puis approfondir certains sujets via des fiches d'information d\u00e9taill\u00e9es - allant de la pr\u00e9paration jusqu'au bilan de ta manifestations.","og_url":"https:\/\/eventkit.ch\/?page_id=875&lang=fr","og_site_name":"EventKit","article_modified_time":"2026-03-23T15:37:29+00:00","og_image":[{"width":2560,"height":1707,"url":"https:\/\/eventkit.ch\/wp-content\/uploads\/2026\/02\/closeup-business-woman-hand-typing-laptop-keyboard-scaled.jpg","type":"image\/jpeg"}],"twitter_card":"summary_large_image","twitter_misc":{"Gesch\u00e4tzte Lesezeit":"2\u00a0Minuten"},"schema":{"@context":"https:\/\/schema.org","@graph":[{"@type":"WebPage","@id":"https:\/\/eventkit.ch\/?page_id=875&lang=fr","url":"https:\/\/eventkit.ch\/?page_id=875&lang=fr","name":"Th\u00e8mes - EventKit","isPartOf":{"@id":"https:\/\/eventkit.ch\/#website"},"primaryImageOfPage":{"@id":"https:\/\/eventkit.ch\/?page_id=875&lang=fr#primaryimage"},"image":{"@id":"https:\/\/eventkit.ch\/?page_id=875&lang=fr#primaryimage"},"thumbnailUrl":"https:\/\/eventkit.ch\/wp-content\/uploads\/2026\/02\/closeup-business-woman-hand-typing-laptop-keyboard-scaled.jpg","datePublished":"2025-11-18T13:34:43+00:00","dateModified":"2026-03-23T15:37:29+00:00","description":"Tu trouveras ici des informations sur les 9 th\u00e8mes du check de durabilit\u00e9. Pour chacun d'entre eux, tu pourras d'abord d\u00e9couvrir les principaux impacts et les mesures essentielles puis approfondir certains sujets via des fiches d'information d\u00e9taill\u00e9es - allant de la pr\u00e9paration jusqu'au bilan de ta manifestations.","breadcrumb":{"@id":"https:\/\/eventkit.ch\/?page_id=875&lang=fr#breadcrumb"},"inLanguage":"de","potentialAction":[{"@type":"ReadAction","target":["https:\/\/eventkit.ch\/?page_id=875&lang=fr"]}]},{"@type":"ImageObject","inLanguage":"de","@id":"https:\/\/eventkit.ch\/?page_id=875&lang=fr#primaryimage","url":"https:\/\/eventkit.ch\/wp-content\/uploads\/2026\/02\/closeup-business-woman-hand-typing-laptop-keyboard-scaled.jpg","contentUrl":"https:\/\/eventkit.ch\/wp-content\/uploads\/2026\/02\/closeup-business-woman-hand-typing-laptop-keyboard-scaled.jpg","width":2560,"height":1707,"caption":"Freepik von @jannoon028"},{"@type":"BreadcrumbList","@id":"https:\/\/eventkit.ch\/?page_id=875&lang=fr#breadcrumb","itemListElement":[{"@type":"ListItem","position":1,"name":"Home","item":"https:\/\/eventkit.ch\/"},{"@type":"ListItem","position":2,"name":"Th\u00e8mes"}]},{"@type":"WebSite","@id":"https:\/\/eventkit.ch\/#website","url":"https:\/\/eventkit.ch\/","name":"EventKit","description":"Nachhaltigkeit, die wirkt: Dein Event im Check.","publisher":{"@id":"https:\/\/eventkit.ch\/#organization"},"potentialAction":[{"@type":"SearchAction","target":{"@type":"EntryPoint","urlTemplate":"https:\/\/eventkit.ch\/?s={search_term_string}"},"query-input":{"@type":"PropertyValueSpecification","valueRequired":true,"valueName":"search_term_string"}}],"inLanguage":"de"},{"@type":"Organization","@id":"https:\/\/eventkit.ch\/#organization","name":"EventKit","url":"https:\/\/eventkit.ch\/","logo":{"@type":"ImageObject","inLanguage":"de","@id":"https:\/\/eventkit.ch\/#\/schema\/logo\/image\/","url":"https:\/\/eventkit.ch\/wp-content\/uploads\/2025\/11\/android-icon-144x144-1.png","contentUrl":"https:\/\/eventkit.ch\/wp-content\/uploads\/2025\/11\/android-icon-144x144-1.png","width":144,"height":144,"caption":"EventKit"},"image":{"@id":"https:\/\/eventkit.ch\/#\/schema\/logo\/image\/"}}]}},"_links":{"self":[{"href":"https:\/\/eventkit.ch\/index.php?rest_route=\/wp\/v2\/pages\/875","targetHints":{"allow":["GET"]}}],"collection":[{"href":"https:\/\/eventkit.ch\/index.php?rest_route=\/wp\/v2\/pages"}],"about":[{"href":"https:\/\/eventkit.ch\/index.php?rest_route=\/wp\/v2\/types\/page"}],"author":[{"embeddable":true,"href":"https:\/\/eventkit.ch\/index.php?rest_route=\/wp\/v2\/users\/1"}],"replies":[{"embeddable":true,"href":"https:\/\/eventkit.ch\/index.php?rest_route=%2Fwp%2Fv2%2Fcomments&post=875"}],"version-history":[{"count":12,"href":"https:\/\/eventkit.ch\/index.php?rest_route=\/wp\/v2\/pages\/875\/revisions"}],"predecessor-version":[{"id":3727,"href":"https:\/\/eventkit.ch\/index.php?rest_route=\/wp\/v2\/pages\/875\/revisions\/3727"}],"wp:featuredmedia":[{"embeddable":true,"href":"https:\/\/eventkit.ch\/index.php?rest_route=\/wp\/v2\/media\/3350"}],"wp:attachment":[{"href":"https:\/\/eventkit.ch\/index.php?rest_route=%2Fwp%2Fv2%2Fmedia&parent=875"}],"curies":[{"name":"wp","href":"https:\/\/api.w.org\/{rel}","templated":true}]}}