{"id":872,"date":"2025-11-19T12:36:53","date_gmt":"2025-11-19T12:36:53","guid":{"rendered":"https:\/\/eventkit.ch\/?page_id=872"},"modified":"2026-04-01T14:10:59","modified_gmt":"2026-04-01T12:10:59","slug":"a-propos-de-asmd","status":"publish","type":"page","link":"https:\/\/eventkit.ch\/?page_id=872&lang=fr","title":{"rendered":"\u00c0 propos"},"content":{"rendered":"<section class=\"wp-block-group alignfull is-layout-constrained wp-block-group-is-layout-constrained\"><div class=\"wp-bootstrap-blocks-row row is-style-default align-items-center\">\n\t\n<div class=\"col-12 col-md-6\">\n\t\t\t\n<div class=\"wp-block-group has-16-font-size is-layout-flow wp-block-group-is-layout-flow\"><h1 class=\"wp-block-heading\">Qui sommes-nous<\/h1>\n\n<p class=\"has-secondary-font-family has-24-font-size\">L&#8217;Association suisse pour des manifestations durables (ASMD) est le centre national de coordination pour les administrations publiques et les organisations qui s&#8217;engagent en faveur des manifestations durables. L&#8217;association est soutenue par un large \u00e9ventail d&#8217;organismes f\u00e9d\u00e9raux, cantonaux et communaux.<\/p>\n\n<div class=\"wp-block-buttons is-layout-flex wp-block-buttons-is-layout-flex\"><div class=\"wp-block-button\"><a class=\"wp-block-button__link has-white-color has-green-secondary-background-color has-text-color has-background has-link-color wp-element-button\" href=\"https:\/\/eventkit.ch\/wp-content\/uploads\/2026\/01\/240129-Statuten-SVNE_statuts-ASMD.pdf\" target=\"_blank\" rel=\"noreferrer noopener\">Statuts<\/a><\/div>\n\n<div class=\"wp-block-button has-custom-width wp-block-button__width-50\"><a class=\"wp-block-button__link has-white-color has-green-secondary-background-color has-text-color has-background has-link-color wp-element-button\" href=\"https:\/\/eventkit.ch\/wp-content\/uploads\/2026\/03\/Rapport-annuel_ASMD_2025.pdf\" target=\"_blank\" rel=\"noreferrer noopener\">Rapport annuel 2025<\/a><\/div>\n\n<div class=\"wp-block-button has-custom-width wp-block-button__width-50\"><a class=\"wp-block-button__link has-white-color has-green-secondary-background-color has-text-color has-background has-link-color wp-element-button\" href=\"https:\/\/eventkit.ch\/wp-content\/uploads\/2026\/04\/260401-Presentation-ASMD_Eventkit.pdf\" target=\"_blank\" rel=\"noreferrer noopener\">Pr\u00e9sentation en quelques slides<\/a><\/div>\n\n<div class=\"wp-block-button has-custom-width wp-block-button__width-50\"><a class=\"wp-block-button__link has-white-color has-secondary-background-color has-text-color has-background has-link-color wp-element-button\" href=\"https:\/\/eventkit.ch\/wp-content\/uploads\/2026\/03\/CP-Eventkit-ASMD.pdf\" target=\"_blank\" rel=\"noreferrer noopener\"><strong>Communiqu\u00e9 de presse mars 2026&nbsp;<\/strong><\/a><\/div><\/div><\/div>\n\t<\/div>\n\n<div class=\"col-12 col-md-6\">\n\t\t\t\n<figure class=\"wp-block-image size-large\"><img loading=\"lazy\" decoding=\"async\" width=\"2560\" height=\"1920\" src=\"https:\/\/eventkit.ch\/wp-content\/uploads\/2026\/02\/Vorstand-1-edited-scaled.jpg\" alt=\"\" class=\"wp-image-3358\" srcset=\"https:\/\/eventkit.ch\/wp-content\/uploads\/2026\/02\/Vorstand-1-edited-scaled.jpg 2560w, https:\/\/eventkit.ch\/wp-content\/uploads\/2026\/02\/Vorstand-1-edited-300x225.jpg 300w, https:\/\/eventkit.ch\/wp-content\/uploads\/2026\/02\/Vorstand-1-edited-1024x768.jpg 1024w, https:\/\/eventkit.ch\/wp-content\/uploads\/2026\/02\/Vorstand-1-edited-768x576.jpg 768w, https:\/\/eventkit.ch\/wp-content\/uploads\/2026\/02\/Vorstand-1-edited-1536x1152.jpg 1536w, https:\/\/eventkit.ch\/wp-content\/uploads\/2026\/02\/Vorstand-1-edited-2048x1536.jpg 2048w\" sizes=\"auto, (max-width: 2560px) 100vw, 2560px\" \/><\/figure>\n\t<\/div>\n<\/div><\/section><section class=\"wp-block-group alignfull has-primary-light-background-color has-background has-16-font-size is-layout-constrained wp-container-core-group-is-layout-7e8e366c wp-block-group-is-layout-constrained\"><h2 class=\"wp-block-heading has-40-font-size\">Notre objectif<\/h2>\n\n<p class=\"has-secondary-font-family has-24-font-size\">L&#8217;ASMD promeut le d\u00e9veloppement durable au sens de l&#8217;Agenda 2030. Notre objectif est de promouvoir la durabilit\u00e9 dans les manifestations culturelles et sportives \u00e0 tous les niveaux. \u00c0 cette fin, nous g\u00e9rons la plateforme Eventkit.&nbsp;<\/p><\/section><section class=\"wp-block-group alignfull has-16-font-size is-layout-constrained wp-block-group-is-layout-constrained\"><div class=\"wp-bootstrap-blocks-row row\">\n\t\n<div class=\"col-12 col-md-6\">\n\t\t\t\n<figure class=\"wp-block-image size-large\"><img loading=\"lazy\" decoding=\"async\" width=\"1024\" height=\"768\" src=\"https:\/\/eventkit.ch\/wp-content\/uploads\/2025\/12\/IMG_3767-1024x768.jpg\" alt=\"\" class=\"wp-image-2304\" srcset=\"https:\/\/eventkit.ch\/wp-content\/uploads\/2025\/12\/IMG_3767-1024x768.jpg 1024w, https:\/\/eventkit.ch\/wp-content\/uploads\/2025\/12\/IMG_3767-300x225.jpg 300w, https:\/\/eventkit.ch\/wp-content\/uploads\/2025\/12\/IMG_3767-768x576.jpg 768w, https:\/\/eventkit.ch\/wp-content\/uploads\/2025\/12\/IMG_3767.jpg 1102w\" sizes=\"auto, (max-width: 1024px) 100vw, 1024px\" \/><\/figure>\n\t<\/div>\n\n<div class=\"col-12 col-md-6\">\n\t\t\t\n<h2 class=\"wp-block-heading has-40-font-size\">Nos engagements<\/h2>\n\n<ul class=\"wp-block-list\"><li>Nous d\u00e9finissons des crit\u00e8res nationaux pour organiser des manifestations durables, quelle que soit leur taille et leur type. Par ces crit\u00e8res, nous voulons offrir une orientation tant pour le secteur de l&#8217;\u00e9v\u00e9nementiel que les sponsors et les autorit\u00e9s.<\/li>\n\n<li>Nous mettons \u00e0 disposition sur notre plateforme l&#8217;\u00e9tat actuel des connaissances en mati\u00e8re de pratiques \u00e9v\u00e9nementielles durables.<\/li>\n\n<li>A travers nos activit\u00e9s, nous mettons en r\u00e9seau le secteur \u00e9v\u00e9nementiel, les administrations et les organismes de financement.<\/li>\n\n<li>Nous renfor\u00e7ons la coop\u00e9ration en faveur des manifestations durables au niveau national afin d&#8217;utiliser efficacement les ressources.<\/li>\n\n<li>Nous aidons le secteur \u00e9v\u00e9nementiel \u00e0 organiser ses \u00e9v\u00e9nements de mani\u00e8re durable.<\/li>\n\n<li>Nous aidons les organismes de financement \u00e0 utiliser leurs leviers pour allouer des fonds \u00e0 la durabilit\u00e9 dans les manifestations.<\/li>\n\n<li>Nous aidons les communes et les cantons \u00e0 mieux prendre en compte la durabilit\u00e9 dans le processus d&#8217;autorisation.<\/li><\/ul>\n\t<\/div>\n<\/div><\/section><section class=\"wp-block-group alignfull has-orange-lighter-background-color has-background has-16-font-size is-layout-constrained wp-container-core-group-is-layout-7e8e366c wp-block-group-is-layout-constrained\"><h2 class=\"wp-block-heading has-40-font-size\">Eventkit<\/h2>\n\n<p>Eventkit est une plateforme destin\u00e9e aux organisatrices et organisateurs de manifestations, aux autorit\u00e9s charg\u00e9es de d\u00e9livrer les autorisations et aux sponsors. Elle propose gratuitement des recommandations et des outils \u00e9prouv\u00e9s et fond\u00e9s sur la pratique pour organiser un \u00e9v\u00e9nement de mani\u00e8re durable. Les manifestations peuvent \u00e9galement utiliser l&#8217;outil d&#8217;\u00e9valuation de durabilit\u00e9 pour analyser, comparer, visualiser et am\u00e9liorer leurs mesures de durabilit\u00e9.<\/p>\n\n<p><strong>Le nom Eventkit s&#8217;inspire de KitManif, la plateforme vaudoise et lausannoise pour les organisateurs de manifestations<\/strong>, <strong>avec laquelle le site manifestation-verte.ch a \u00e9t\u00e9 fusionn\u00e9. Les fiches d\u2019information th\u00e9matiques proviennent de KitManif. Elles ont \u00e9t\u00e9 traduites et actualis\u00e9es en collaboration entre la Ville de Lausanne, le Canton de Vaud et l\u2019ASMD.<\/strong><\/p><\/section><section class=\"wp-block-group alignfull has-white-background-color has-background has-16-font-size is-layout-constrained wp-block-group-is-layout-constrained\"><div class=\"wp-bootstrap-blocks-row row align-items-center\">\n\t\n<div class=\"col-12 col-md-6\">\n\t\t\t\n<div class=\"wp-block-group is-layout-flow wp-block-group-is-layout-flow\"><h2 class=\"wp-block-heading has-40-font-size\">Contact<\/h2>\n\n<p class=\"is-style-subtitle\" style=\"margin-bottom:var(--wp--preset--spacing--40)\">N&#8217;h\u00e9sitez pas \u00e0 nous contacter.<\/p>\n\n<div class=\"wp-bootstrap-blocks-row row g-0\">\n\t\n<div class=\"col-2 col-sm-1\">\n\t\t\t\n<figure class=\"wp-block-image size-full\"><img loading=\"lazy\" decoding=\"async\" width=\"80\" height=\"80\" src=\"https:\/\/eventkit.ch\/wp-content\/uploads\/2025\/12\/build-icon-1.png\" alt=\"\" class=\"wp-image-1431\" style=\"aspect-ratio:1;object-fit:cover\"\/><\/figure>\n\t<\/div>\n\n<div class=\"col-10 col-sm-11\">\n\t\t\t\n<p style=\"padding-left:var(--wp--preset--spacing--30)\">Vous souhaitez devenir membre ?<\/p>\n\t<\/div>\n<\/div>\n\n<div class=\"wp-bootstrap-blocks-row row g-0\">\n\t\n<div class=\"col-2 col-sm-1\">\n\t\t\t\n<figure class=\"wp-block-image size-full\"><img loading=\"lazy\" decoding=\"async\" width=\"80\" height=\"80\" src=\"https:\/\/eventkit.ch\/wp-content\/uploads\/2025\/12\/group-icon-1.png\" alt=\"\" class=\"wp-image-1436\" style=\"object-fit:cover\"\/><\/figure>\n\t<\/div>\n\n<div class=\"col-10 col-sm-11\">\n\t\t\t\n<p style=\"padding-left:var(--wp--preset--spacing--30)\">En tant qu&#8217;organisateur ou organisatrice de manifestation, vous souhaitez partager vos exp\u00e9riences&nbsp;?<\/p>\n\t<\/div>\n<\/div>\n\n<div class=\"wp-bootstrap-blocks-row row g-0\">\n\t\n<div class=\"col-2 col-sm-1\">\n\t\t\t\n<figure class=\"wp-block-image size-full\"><img loading=\"lazy\" decoding=\"async\" width=\"80\" height=\"80\" src=\"https:\/\/eventkit.ch\/wp-content\/uploads\/2025\/12\/quote-icon-1.png\" alt=\"\" class=\"wp-image-1435\" style=\"object-fit:cover\"\/><\/figure>\n\t<\/div>\n\n<div class=\"col-10 col-sm-11\">\n\t\t\t\n<p style=\"padding-left:var(--wp--preset--spacing--30)\">Vous avez des questions, des souhaits ou des suggestions concernant le contenu de la plateforme ?&nbsp;&nbsp;<\/p>\n\t<\/div>\n<\/div><\/div>\n\t<\/div>\n\n<div class=\"col-12 col-md-6\">\n\t\t\t\n<div class=\"wp-block-group is-style-card has-border-color has-background is-layout-constrained wp-container-core-group-is-layout-6b9a723e wp-block-group-is-layout-constrained is-style-card--1\" style=\"border-color:#e6e6e6;background-color:#fefcfa;padding-top:var(--wp--preset--spacing--60);padding-bottom:var(--wp--preset--spacing--60)\"><figure class=\"wp-block-image aligncenter size-full\"><img loading=\"lazy\" decoding=\"async\" width=\"88\" height=\"88\" src=\"https:\/\/eventkit.ch\/wp-content\/uploads\/2025\/12\/email-icon.png\" alt=\"\" class=\"wp-image-1401\"\/><\/figure>\n\n<p class=\"has-text-align-center is-style-subtitle\" style=\"margin-bottom:var(--wp--preset--spacing--30)\">Nous nous r\u00e9jouissons de recevoir votre message<\/p>\n\n<p class=\"has-text-align-center\"><a href=\"mailto:info@eventkit.ch\">info@eventkit.ch<\/a><\/p><\/div>\n\t<\/div>\n<\/div><\/section><section class=\"wp-block-group alignfull has-link-color has-16-font-size wp-elements-608f1384272115af17372576d0f5bae5 is-layout-constrained wp-block-group-is-layout-constrained\"><div class=\"wp-bootstrap-blocks-row row\">\n\t\n<div class=\"col-12 col-md-6\">\n\t\t\t\n<h2 class=\"wp-block-heading has-40-font-size\">Adresse<\/h2>\n\n<p id=\"block-3c23b071-8414-48f4-8fe4-e84e39dbd392\" style=\"line-height:1.5\">Association suisse pour des manifestations durables<br>c\/o pluswert gmbh<br><a href=\"https:\/\/maps.app.goo.gl\/vrCxrv8DbUmjqLrz5\" target=\"_blank\" rel=\"noreferrer noopener\">St. Johanns-Vorstadt 3<br>4056 B\u00e2le<\/a><br><br><a href=\"tel:061 261 40 81\">Tel. 061 261 40 81<\/a><\/p>\n\t<\/div>\n\n<div class=\"col-12 col-md-6\">\n\t\t\t\n<figure class=\"wp-block-image size-large\"><img loading=\"lazy\" decoding=\"async\" width=\"1024\" height=\"768\" src=\"https:\/\/eventkit.ch\/wp-content\/uploads\/2025\/12\/IMG_5127-1024x768.jpg\" alt=\"\" class=\"wp-image-2307\" srcset=\"https:\/\/eventkit.ch\/wp-content\/uploads\/2025\/12\/IMG_5127-1024x768.jpg 1024w, https:\/\/eventkit.ch\/wp-content\/uploads\/2025\/12\/IMG_5127-300x225.jpg 300w, https:\/\/eventkit.ch\/wp-content\/uploads\/2025\/12\/IMG_5127-768x576.jpg 768w, https:\/\/eventkit.ch\/wp-content\/uploads\/2025\/12\/IMG_5127.jpg 1102w\" sizes=\"auto, (max-width: 1024px) 100vw, 1024px\" \/><\/figure>\n\t<\/div>\n<\/div><\/section>","protected":false},"excerpt":{"rendered":"<p>Notre objectif L&#8217;ASMD promeut le d\u00e9veloppement durable au sens de l&#8217;Agenda 2030. Notre objectif est de promouvoir la durabilit\u00e9 dans les manifestations culturelles et sportives \u00e0 tous les niveaux. \u00c0 cette fin, nous g\u00e9rons la plateforme Eventkit.&nbsp; Eventkit Eventkit est une plateforme destin\u00e9e aux organisatrices et organisateurs de manifestations, aux autorit\u00e9s charg\u00e9es de d\u00e9livrer les [&hellip;]<\/p>\n","protected":false},"author":1,"featured_media":0,"parent":0,"menu_order":0,"comment_status":"closed","ping_status":"closed","template":"page-no-title","meta":{"_sitemap_exclude":false,"_sitemap_priority":"","_sitemap_frequency":"","footnotes":""},"class_list":["post-872","page","type-page","status-publish","hentry"],"yoast_head":"<!-- This site is optimized with the Yoast SEO plugin v27.3 - https:\/\/yoast.com\/product\/yoast-seo-wordpress\/ -->\n<title>\u00c0 propos de ASMD<\/title>\n<meta name=\"description\" content=\"L&#039;Association suisse pour des manifestations durables (ASMD) est le centre national de coordination pour les administrations publiques eles organisations qui s&#039;engagent en faveur des manifestations durables.\" \/>\n<meta name=\"robots\" content=\"index, follow, max-snippet:-1, max-image-preview:large, max-video-preview:-1\" \/>\n<link rel=\"canonical\" href=\"https:\/\/eventkit.ch\/?page_id=872&lang=fr\" \/>\n<meta property=\"og:locale\" content=\"de_DE\" \/>\n<meta property=\"og:type\" content=\"article\" \/>\n<meta property=\"og:title\" content=\"\u00c0 propos de ASMD\" \/>\n<meta property=\"og:description\" content=\"L&#039;Association suisse pour des manifestations durables (ASMD) est le centre national de coordination pour les administrations publiques eles organisations qui s&#039;engagent en faveur des manifestations durables.\" \/>\n<meta property=\"og:url\" content=\"https:\/\/eventkit.ch\/?page_id=872&amp;lang=fr\" \/>\n<meta property=\"og:site_name\" content=\"EventKit\" \/>\n<meta property=\"article:modified_time\" content=\"2026-04-01T12:10:59+00:00\" \/>\n<meta property=\"og:image\" content=\"https:\/\/eventkit.ch\/wp-content\/uploads\/2026\/02\/Vorstand-1-edited-scaled.jpg\" \/>\n\t<meta property=\"og:image:width\" content=\"2560\" \/>\n\t<meta property=\"og:image:height\" content=\"1920\" \/>\n\t<meta property=\"og:image:type\" content=\"image\/jpeg\" \/>\n<meta name=\"twitter:card\" content=\"summary_large_image\" \/>\n<meta name=\"twitter:label1\" content=\"Gesch\u00e4tzte Lesezeit\" \/>\n\t<meta name=\"twitter:data1\" content=\"9\u00a0Minuten\" \/>\n<script type=\"application\/ld+json\" class=\"yoast-schema-graph\">{\"@context\":\"https:\\\/\\\/schema.org\",\"@graph\":[{\"@type\":\"WebPage\",\"@id\":\"https:\\\/\\\/eventkit.ch\\\/?page_id=872&lang=fr\",\"url\":\"https:\\\/\\\/eventkit.ch\\\/?page_id=872&lang=fr\",\"name\":\"\u00c0 propos de ASMD\",\"isPartOf\":{\"@id\":\"https:\\\/\\\/eventkit.ch\\\/#website\"},\"primaryImageOfPage\":{\"@id\":\"https:\\\/\\\/eventkit.ch\\\/?page_id=872&lang=fr#primaryimage\"},\"image\":{\"@id\":\"https:\\\/\\\/eventkit.ch\\\/?page_id=872&lang=fr#primaryimage\"},\"thumbnailUrl\":\"https:\\\/\\\/eventkit.ch\\\/wp-content\\\/uploads\\\/2026\\\/02\\\/Vorstand-1-edited-scaled.jpg\",\"datePublished\":\"2025-11-19T12:36:53+00:00\",\"dateModified\":\"2026-04-01T12:10:59+00:00\",\"description\":\"L'Association suisse pour des manifestations durables (ASMD) est le centre national de coordination pour les administrations publiques eles organisations qui s'engagent en faveur des manifestations durables.\",\"breadcrumb\":{\"@id\":\"https:\\\/\\\/eventkit.ch\\\/?page_id=872&lang=fr#breadcrumb\"},\"inLanguage\":\"de\",\"potentialAction\":[{\"@type\":\"ReadAction\",\"target\":[\"https:\\\/\\\/eventkit.ch\\\/?page_id=872&lang=fr\"]}]},{\"@type\":\"ImageObject\",\"inLanguage\":\"de\",\"@id\":\"https:\\\/\\\/eventkit.ch\\\/?page_id=872&lang=fr#primaryimage\",\"url\":\"https:\\\/\\\/eventkit.ch\\\/wp-content\\\/uploads\\\/2026\\\/02\\\/Vorstand-1-edited-scaled.jpg\",\"contentUrl\":\"https:\\\/\\\/eventkit.ch\\\/wp-content\\\/uploads\\\/2026\\\/02\\\/Vorstand-1-edited-scaled.jpg\",\"width\":2560,\"height\":1920},{\"@type\":\"BreadcrumbList\",\"@id\":\"https:\\\/\\\/eventkit.ch\\\/?page_id=872&lang=fr#breadcrumb\",\"itemListElement\":[{\"@type\":\"ListItem\",\"position\":1,\"name\":\"Home\",\"item\":\"https:\\\/\\\/eventkit.ch\\\/\"},{\"@type\":\"ListItem\",\"position\":2,\"name\":\"\u00c0 propos\"}]},{\"@type\":\"WebSite\",\"@id\":\"https:\\\/\\\/eventkit.ch\\\/#website\",\"url\":\"https:\\\/\\\/eventkit.ch\\\/\",\"name\":\"EventKit\",\"description\":\"Nachhaltigkeit, die wirkt: Dein Event im Check.\",\"publisher\":{\"@id\":\"https:\\\/\\\/eventkit.ch\\\/#organization\"},\"potentialAction\":[{\"@type\":\"SearchAction\",\"target\":{\"@type\":\"EntryPoint\",\"urlTemplate\":\"https:\\\/\\\/eventkit.ch\\\/?s={search_term_string}\"},\"query-input\":{\"@type\":\"PropertyValueSpecification\",\"valueRequired\":true,\"valueName\":\"search_term_string\"}}],\"inLanguage\":\"de\"},{\"@type\":\"Organization\",\"@id\":\"https:\\\/\\\/eventkit.ch\\\/#organization\",\"name\":\"EventKit\",\"url\":\"https:\\\/\\\/eventkit.ch\\\/\",\"logo\":{\"@type\":\"ImageObject\",\"inLanguage\":\"de\",\"@id\":\"https:\\\/\\\/eventkit.ch\\\/#\\\/schema\\\/logo\\\/image\\\/\",\"url\":\"https:\\\/\\\/eventkit.ch\\\/wp-content\\\/uploads\\\/2025\\\/11\\\/android-icon-144x144-1.png\",\"contentUrl\":\"https:\\\/\\\/eventkit.ch\\\/wp-content\\\/uploads\\\/2025\\\/11\\\/android-icon-144x144-1.png\",\"width\":144,\"height\":144,\"caption\":\"EventKit\"},\"image\":{\"@id\":\"https:\\\/\\\/eventkit.ch\\\/#\\\/schema\\\/logo\\\/image\\\/\"}}]}<\/script>\n<!-- \/ Yoast SEO plugin. -->","yoast_head_json":{"title":"\u00c0 propos de ASMD","description":"L'Association suisse pour des manifestations durables (ASMD) est le centre national de coordination pour les administrations publiques eles organisations qui s'engagent en faveur des manifestations durables.","robots":{"index":"index","follow":"follow","max-snippet":"max-snippet:-1","max-image-preview":"max-image-preview:large","max-video-preview":"max-video-preview:-1"},"canonical":"https:\/\/eventkit.ch\/?page_id=872&lang=fr","og_locale":"de_DE","og_type":"article","og_title":"\u00c0 propos de ASMD","og_description":"L'Association suisse pour des manifestations durables (ASMD) est le centre national de coordination pour les administrations publiques eles organisations qui s'engagent en faveur des manifestations durables.","og_url":"https:\/\/eventkit.ch\/?page_id=872&lang=fr","og_site_name":"EventKit","article_modified_time":"2026-04-01T12:10:59+00:00","og_image":[{"width":2560,"height":1920,"url":"https:\/\/eventkit.ch\/wp-content\/uploads\/2026\/02\/Vorstand-1-edited-scaled.jpg","type":"image\/jpeg"}],"twitter_card":"summary_large_image","twitter_misc":{"Gesch\u00e4tzte Lesezeit":"9\u00a0Minuten"},"schema":{"@context":"https:\/\/schema.org","@graph":[{"@type":"WebPage","@id":"https:\/\/eventkit.ch\/?page_id=872&lang=fr","url":"https:\/\/eventkit.ch\/?page_id=872&lang=fr","name":"\u00c0 propos de ASMD","isPartOf":{"@id":"https:\/\/eventkit.ch\/#website"},"primaryImageOfPage":{"@id":"https:\/\/eventkit.ch\/?page_id=872&lang=fr#primaryimage"},"image":{"@id":"https:\/\/eventkit.ch\/?page_id=872&lang=fr#primaryimage"},"thumbnailUrl":"https:\/\/eventkit.ch\/wp-content\/uploads\/2026\/02\/Vorstand-1-edited-scaled.jpg","datePublished":"2025-11-19T12:36:53+00:00","dateModified":"2026-04-01T12:10:59+00:00","description":"L'Association suisse pour des manifestations durables (ASMD) est le centre national de coordination pour les administrations publiques eles organisations qui s'engagent en faveur des manifestations durables.","breadcrumb":{"@id":"https:\/\/eventkit.ch\/?page_id=872&lang=fr#breadcrumb"},"inLanguage":"de","potentialAction":[{"@type":"ReadAction","target":["https:\/\/eventkit.ch\/?page_id=872&lang=fr"]}]},{"@type":"ImageObject","inLanguage":"de","@id":"https:\/\/eventkit.ch\/?page_id=872&lang=fr#primaryimage","url":"https:\/\/eventkit.ch\/wp-content\/uploads\/2026\/02\/Vorstand-1-edited-scaled.jpg","contentUrl":"https:\/\/eventkit.ch\/wp-content\/uploads\/2026\/02\/Vorstand-1-edited-scaled.jpg","width":2560,"height":1920},{"@type":"BreadcrumbList","@id":"https:\/\/eventkit.ch\/?page_id=872&lang=fr#breadcrumb","itemListElement":[{"@type":"ListItem","position":1,"name":"Home","item":"https:\/\/eventkit.ch\/"},{"@type":"ListItem","position":2,"name":"\u00c0 propos"}]},{"@type":"WebSite","@id":"https:\/\/eventkit.ch\/#website","url":"https:\/\/eventkit.ch\/","name":"EventKit","description":"Nachhaltigkeit, die wirkt: Dein Event im Check.","publisher":{"@id":"https:\/\/eventkit.ch\/#organization"},"potentialAction":[{"@type":"SearchAction","target":{"@type":"EntryPoint","urlTemplate":"https:\/\/eventkit.ch\/?s={search_term_string}"},"query-input":{"@type":"PropertyValueSpecification","valueRequired":true,"valueName":"search_term_string"}}],"inLanguage":"de"},{"@type":"Organization","@id":"https:\/\/eventkit.ch\/#organization","name":"EventKit","url":"https:\/\/eventkit.ch\/","logo":{"@type":"ImageObject","inLanguage":"de","@id":"https:\/\/eventkit.ch\/#\/schema\/logo\/image\/","url":"https:\/\/eventkit.ch\/wp-content\/uploads\/2025\/11\/android-icon-144x144-1.png","contentUrl":"https:\/\/eventkit.ch\/wp-content\/uploads\/2025\/11\/android-icon-144x144-1.png","width":144,"height":144,"caption":"EventKit"},"image":{"@id":"https:\/\/eventkit.ch\/#\/schema\/logo\/image\/"}}]}},"_links":{"self":[{"href":"https:\/\/eventkit.ch\/index.php?rest_route=\/wp\/v2\/pages\/872","targetHints":{"allow":["GET"]}}],"collection":[{"href":"https:\/\/eventkit.ch\/index.php?rest_route=\/wp\/v2\/pages"}],"about":[{"href":"https:\/\/eventkit.ch\/index.php?rest_route=\/wp\/v2\/types\/page"}],"author":[{"embeddable":true,"href":"https:\/\/eventkit.ch\/index.php?rest_route=\/wp\/v2\/users\/1"}],"replies":[{"embeddable":true,"href":"https:\/\/eventkit.ch\/index.php?rest_route=%2Fwp%2Fv2%2Fcomments&post=872"}],"version-history":[{"count":41,"href":"https:\/\/eventkit.ch\/index.php?rest_route=\/wp\/v2\/pages\/872\/revisions"}],"predecessor-version":[{"id":3758,"href":"https:\/\/eventkit.ch\/index.php?rest_route=\/wp\/v2\/pages\/872\/revisions\/3758"}],"wp:attachment":[{"href":"https:\/\/eventkit.ch\/index.php?rest_route=%2Fwp%2Fv2%2Fmedia&parent=872"}],"curies":[{"name":"wp","href":"https:\/\/api.w.org\/{rel}","templated":true}]}}