{"id":706,"date":"2025-11-18T13:42:18","date_gmt":"2025-11-18T12:42:18","guid":{"rendered":"https:\/\/eventkit.ch\/?page_id=706"},"modified":"2026-03-31T16:00:38","modified_gmt":"2026-03-31T14:00:38","slug":"energie-infrastruktur","status":"publish","type":"page","link":"https:\/\/eventkit.ch\/?page_id=706","title":{"rendered":"Energie &amp; Infrastruktur"},"content":{"rendered":"<div class=\"wp-block-group alignfull is-layout-constrained wp-block-group-is-layout-constrained\" style=\"padding-top:var(--wp--preset--spacing--40);padding-bottom:var(--wp--preset--spacing--60)\"><figure class=\"wp-block-image aligncenter size-full\"><img decoding=\"async\" src=\"https:\/\/eventkit.ch\/wp-content\/uploads\/2025\/12\/Test-Icons_Eventkit_250922-10.svg\" alt=\"\" class=\"wp-image-1536\"\/><\/figure>\n\n<h1 class=\"has-text-align-center wp-block-post-title\">Energie &amp; Infrastruktur<\/h1>\n\n<p class=\"has-text-align-center is-style-subtitle\">Der Energieverbrauch von Veranstaltungen und der damit verbundene CO2-Ausstoss belasten die Umwelt verh\u00e4ltnism\u00e4ssig stark. Wenn deine Veranstaltung auf erneuerbare Energiequellen setzt, bestehende Infrastruktur nutzt und Strom spart, indem energieeffizienzte Ger\u00e4te eingesetzt werden, ist schon viel getan.<\/p><\/div><section class=\"wp-block-group alignfull has-green-light-background-color has-background has-15-font-size is-layout-constrained wp-block-group-is-layout-constrained\"><h2 class=\"wp-block-heading has-text-align-center\">Erneuerbare Energie<\/h2>\n\n<p class=\"has-text-align-center is-style-subtitle has-30-font-size\">Nur ein regenerativer Kreislauf ergibt Sinn<\/p>\n\n<div class=\"wp-bootstrap-blocks-row row\">\n\t\n<div class=\"col-12 col-md-5\">\n\t\t\t\n<p class=\"has-18-font-size\">Der Bezug von Strom aus erneuerbaren Energiequellen tr\u00e4gt wesentlich dazu bei, die Umweltbelastung der Veranstaltung zu reduzieren und gleichzeitig die Entwicklung nachhaltiger Energien zu f\u00f6rdern. So wird nicht nur der \u00f6kologische Fussabdruck der Veranstaltung verringert, sondern auch ein sichtbares Zeichen f\u00fcr verantwortungsbewusstes Handeln gesetzt.<\/p>\n\n<p><\/p>\n\n<h4 class=\"wp-block-heading has-secondary-font-family has-24-font-size\">In diesem Merkblatt findest du vertiefende Informationen:<\/h4>\n\n<div class=\"wp-block-buttons is-layout-flex wp-block-buttons-is-layout-flex\"><div class=\"wp-block-button has-custom-width wp-block-button__width-75 is-style-btn-primary is-style-btn-primary--1\"><a class=\"wp-block-button__link has-general-font-family has-14-font-size has-custom-font-size wp-element-button\" href=\"https:\/\/eventkit.ch\/?resource=bezug-von-strom-aus-erneuerbaren-energien\" style=\"padding-right:0;padding-left:0\" target=\"_blank\" rel=\"noreferrer noopener\">Bezug von Strom aus erneuerbaren Energien<\/a><\/div><\/div>\n\n<p><\/p>\n\n<p><\/p>\n\n<h4 class=\"wp-block-heading has-secondary-font-family has-24-font-size\">Hilfreiche Links:<\/h4>\n\n<ul style=\"margin-top:0;margin-bottom:0\" class=\"wp-block-list is-style-borderd has-secondary-font-family\"><li style=\"border-style:none;border-width:0px;margin-top:var(--wp--preset--spacing--30);margin-bottom:var(--wp--preset--spacing--30)\"><a href=\"https:\/\/www.naturemade.ch\/de\/\" target=\"_blank\" rel=\"noreferrer noopener\">G\u00fctesiegel &#8222;Naturemade&#8220;<\/a><\/li>\n\n<li><\/li><\/ul>\n\t<\/div>\n\n<div class=\"col-12 col-md-7\">\n\t\t\t\n<figure class=\"wp-block-image size-full has-custom-border\"><img loading=\"lazy\" decoding=\"async\" width=\"2560\" height=\"1707\" src=\"https:\/\/eventkit.ch\/wp-content\/uploads\/2025\/12\/3171c24f-5b0a-41b8-8e9b-a463e5bb63fa-scaled.jpg\" alt=\"\" class=\"wp-image-1738\" style=\"border-radius:8px\" srcset=\"https:\/\/eventkit.ch\/wp-content\/uploads\/2025\/12\/3171c24f-5b0a-41b8-8e9b-a463e5bb63fa-scaled.jpg 2560w, https:\/\/eventkit.ch\/wp-content\/uploads\/2025\/12\/3171c24f-5b0a-41b8-8e9b-a463e5bb63fa-300x200.jpg 300w, https:\/\/eventkit.ch\/wp-content\/uploads\/2025\/12\/3171c24f-5b0a-41b8-8e9b-a463e5bb63fa-1024x683.jpg 1024w, https:\/\/eventkit.ch\/wp-content\/uploads\/2025\/12\/3171c24f-5b0a-41b8-8e9b-a463e5bb63fa-768x512.jpg 768w, https:\/\/eventkit.ch\/wp-content\/uploads\/2025\/12\/3171c24f-5b0a-41b8-8e9b-a463e5bb63fa-1536x1024.jpg 1536w, https:\/\/eventkit.ch\/wp-content\/uploads\/2025\/12\/3171c24f-5b0a-41b8-8e9b-a463e5bb63fa-2048x1365.jpg 2048w\" sizes=\"auto, (max-width: 2560px) 100vw, 2560px\" \/><figcaption class=\"wp-element-caption\">\u00a9 Solarkino<\/figcaption><\/figure>\n\n<h3 class=\"wp-block-heading has-secondary-font-family has-22-font-size\">Zugeh\u00f6rige Kriterien im Eventkit:<\/h3>\n\n<p>5.1. Die Veranstaltungsstandorte sind an das Stromnetz angeschlossen und verwenden ausschliesslich zertifizierten \u00d6kostrom.<\/p>\n\n<p>5.3. Zwingend notwendige mobile Energieversorgungen verwenden keine fossilen Betriebsstoffe sondern nachhaltige Energiequellen (erneuerbare Energien, oder synthetische Kraftstoffe).<\/p>\n\t<\/div>\n<\/div><\/section><section class=\"wp-block-group alignfull has-orange-lighter-background-color has-background has-15-font-size is-layout-constrained wp-block-group-is-layout-constrained\"><h2 class=\"wp-block-heading has-text-align-center\">Auswahl und Gestaltung Infrastruktur<\/h2>\n\n<p class=\"has-text-align-center is-style-subtitle\">Die Ortswahl ist entscheidend f\u00fcr die Auswirkung<\/p>\n\n<div class=\"wp-bootstrap-blocks-row row\">\n\t\n<div class=\"col-12 col-md-5\">\n\t\t\t\n<p class=\"has-18-font-size\">Ein gut gew\u00e4hlter Standort tr\u00e4gt nicht nur zur reibungslosen Organisation bei, sondern reduziert auch den \u00f6kologischen Fussabdruck \u2013 insbesondere durch geringeren Energie- und Wasserverbrauch, weniger Verkehr und geringere L\u00e4rmbelastung. Im Idealfall nutzt dein Event bestehende Anlagen und Einrichtungen.<\/p>\n\n<p><\/p>\n\n<h4 class=\"wp-block-heading has-secondary-font-family has-24-font-size\">In diesen Merkbl\u00e4ttern findest du vertiefende Informationen:<\/h4>\n\n<p><\/p>\n\n<div class=\"wp-block-buttons is-layout-flex wp-block-buttons-is-layout-flex\"><div class=\"wp-block-button has-custom-width wp-block-button__width-75 is-style-btn-secondary is-style-btn-secondary--2\"><a class=\"wp-block-button__link has-14-font-size has-custom-font-size wp-element-button\" href=\"https:\/\/eventkit.ch\/?resource=gestaltung-des-standorts-und-der-infrastruktur\" target=\"_blank\" rel=\"noreferrer noopener\">Gestaltung des Standorts und der Infrastruktur<\/a><\/div>\n\n<div class=\"wp-block-button has-custom-width wp-block-button__width-75 is-style-btn-secondary is-style-btn-secondary--3\"><a class=\"wp-block-button__link has-14-font-size has-custom-font-size wp-element-button\" href=\"https:\/\/eventkit.ch\/?resource=wahl-des-standorts\" target=\"_blank\" rel=\"noreferrer noopener\">Wahl des Standorts<\/a><\/div><\/div>\n\n<p><\/p>\n\n<h4 class=\"wp-block-heading has-secondary-font-family has-24-font-size\">Hilfreiche Links:<\/h4>\n\n<ul class=\"wp-block-list is-style-borderd\"><li><a href=\"https:\/\/umwelt.tg.ch\/abfall-und-boden\/boden\/veranstaltungen-auf-der-gruenen-wiese.html\/12476\" target=\"_blank\" rel=\"noreferrer noopener\">Merkblatt &#8222;Freizeitveranstaltungen auf der gr\u00fcnen Wiese&#8220;<\/a><\/li><\/ul>\n\t<\/div>\n\n<div class=\"col-12 col-md-7\">\n\t\t\t\n<figure class=\"wp-block-image size-full has-custom-border\"><img loading=\"lazy\" decoding=\"async\" width=\"2048\" height=\"1365\" src=\"https:\/\/eventkit.ch\/wp-content\/uploads\/2025\/12\/Jazz-sur-la-Plage-08-09-aout-2024-@anatholie-29-_DSC2208.jpg\" alt=\"\" class=\"wp-image-1773\" style=\"border-radius:8px\" srcset=\"https:\/\/eventkit.ch\/wp-content\/uploads\/2025\/12\/Jazz-sur-la-Plage-08-09-aout-2024-@anatholie-29-_DSC2208.jpg 2048w, https:\/\/eventkit.ch\/wp-content\/uploads\/2025\/12\/Jazz-sur-la-Plage-08-09-aout-2024-@anatholie-29-_DSC2208-300x200.jpg 300w, https:\/\/eventkit.ch\/wp-content\/uploads\/2025\/12\/Jazz-sur-la-Plage-08-09-aout-2024-@anatholie-29-_DSC2208-1024x683.jpg 1024w, https:\/\/eventkit.ch\/wp-content\/uploads\/2025\/12\/Jazz-sur-la-Plage-08-09-aout-2024-@anatholie-29-_DSC2208-768x512.jpg 768w, https:\/\/eventkit.ch\/wp-content\/uploads\/2025\/12\/Jazz-sur-la-Plage-08-09-aout-2024-@anatholie-29-_DSC2208-1536x1024.jpg 1536w\" sizes=\"auto, (max-width: 2048px) 100vw, 2048px\" \/><\/figure>\n\n<h3 class=\"wp-block-heading has-secondary-font-family has-24-font-size\">Zugeh\u00f6rige Kriterien im Eventkit:<\/h3>\n\n<div class=\"wp-block-sub-accordion accordion\" id=\"accordion-9303eaeb-dbaa-42f4-b284-17915632804d\"><div class=\"wp-block-sub-accordion-item accordion-item\" id=\"85eda922-0cac-4b84-9bf9-30e567901535\" style=\"line-height:1.5\"><h2 class=\"accordion-header m-0\" id=\"heading-85eda922-0cac-4b84-9bf9-30e567901535\"><button class=\"accordion-button collapsed\" type=\"button\" data-bs-target=\"#collapse-85eda922-0cac-4b84-9bf9-30e567901535\" data-bs-toggle=\"collapse\" aria-controls=\"collapse-85eda922-0cac-4b84-9bf9-30e567901535\" aria-expanded=\"false\">5.2.  Es werden bestehende Geb\u00e4ude, Parkpl\u00e4tze, Routen, Parcours und\/oder <\/button><\/h2><div class=\"accordion-collapse collapse\" id=\"collapse-85eda922-0cac-4b84-9bf9-30e567901535\" aria-labelledby=\"heading-85eda922-0cac-4b84-9bf9-30e567901535\" data-bs-parent=\"#accordion-9303eaeb-dbaa-42f4-b284-17915632804d\"><div class=\"card-body\"><p>Pisten benutzt. Wenn dies nicht m\u00f6glich ist, so wird auf tempor\u00e4re, r\u00fcckbaubare Infrastrukturen zur\u00fcckgegriffen, welche wiederverwendet werden k\u00f6nnen (z.B. Sharing, Miete).<\/p>\n\n<p><\/p><\/div><\/div><\/div><\/div>\n\t<\/div>\n<\/div><\/section><section class=\"wp-block-group alignfull is-layout-constrained wp-block-group-is-layout-constrained\"><h2 class=\"wp-block-heading has-text-align-center\">Weitere Themen<\/h2>\n\n<p class=\"has-text-align-center is-style-subtitle\">zum Bereich Verkehr &amp; Transport<\/p>\n\n<div class=\"wp-block-columns is-layout-flex wp-container-core-columns-is-layout-28f84493 wp-block-columns-is-layout-flex\"><div class=\"wp-block-column is-layout-flow wp-block-column-is-layout-flow\"><div class=\"wp-block-group is-layout-constrained wp-block-group-is-layout-constrained\"><figure class=\"wp-block-image size-full has-custom-border\"><img loading=\"lazy\" decoding=\"async\" width=\"2560\" height=\"1707\" src=\"https:\/\/eventkit.ch\/wp-content\/uploads\/2025\/12\/Chnopf_uf-BS_034-scaled.webp\" alt=\"\" class=\"wp-image-1775\" style=\"border-radius:10px\" srcset=\"https:\/\/eventkit.ch\/wp-content\/uploads\/2025\/12\/Chnopf_uf-BS_034-scaled.webp 2560w, https:\/\/eventkit.ch\/wp-content\/uploads\/2025\/12\/Chnopf_uf-BS_034-300x200.webp 300w, https:\/\/eventkit.ch\/wp-content\/uploads\/2025\/12\/Chnopf_uf-BS_034-1024x683.webp 1024w, https:\/\/eventkit.ch\/wp-content\/uploads\/2025\/12\/Chnopf_uf-BS_034-768x512.webp 768w, https:\/\/eventkit.ch\/wp-content\/uploads\/2025\/12\/Chnopf_uf-BS_034-1536x1024.webp 1536w, https:\/\/eventkit.ch\/wp-content\/uploads\/2025\/12\/Chnopf_uf-BS_034-2048x1365.webp 2048w\" sizes=\"auto, (max-width: 2560px) 100vw, 2560px\" \/><\/figure>\n\n<p><\/p>\n\n<h3 class=\"wp-block-heading has-28-font-size\" style=\"margin-top:10px;margin-bottom:10px\">Energieverbrauch minimieren<\/h3>\n\n<p><\/p>\n\n<p>Nat\u00fcrliche Ressourcen fr\u00fchzeitig reduzieren unterst\u00fctzt dich dabei andere Massnahmen erst umzusetzten. Wo kann dein Event Energie sparen?<\/p>\n\n<div class=\"wp-block-buttons is-layout-flex wp-block-buttons-is-layout-flex\"><div class=\"wp-block-button has-custom-width wp-block-button__width-100\"><a class=\"wp-block-button__link has-white-color has-primary-background-color has-text-color has-background has-link-color wp-element-button\" href=\"https:\/\/eventkit.ch\/?resource=energieeinsparung-bei-elektrogeraeten\" target=\"_blank\" rel=\"noreferrer noopener\">Energieeinsparung bei Elektrogera\u0308ten<\/a><\/div>\n\n<div class=\"wp-block-button has-custom-width wp-block-button__width-100\"><a class=\"wp-block-button__link has-white-color has-primary-background-color has-text-color has-background has-link-color wp-element-button\" href=\"https:\/\/eventkit.ch\/?resource=energieeinsparung-bei-der-beleuchtung\" target=\"_blank\" rel=\"noreferrer noopener\">Energieeinsparung bei der Beleuchtung<\/a><\/div>\n\n<div class=\"wp-block-button has-custom-width wp-block-button__width-100\"><a class=\"wp-block-button__link has-white-color has-primary-background-color has-text-color has-background has-link-color wp-element-button\" href=\"https:\/\/eventkit.ch\/?resource=optimierung-der-heizungsnutzung\" target=\"_blank\" rel=\"noreferrer noopener\">Optimierung der Heizungsnutzung<\/a><\/div>\n\n<div class=\"wp-block-button has-custom-width wp-block-button__width-100\"><a class=\"wp-block-button__link has-white-color has-primary-background-color has-text-color has-background has-link-color wp-element-button\" href=\"https:\/\/eventkit.ch\/?resource=optimierung-der-klimatisierung\" target=\"_blank\" rel=\"noreferrer noopener\">Optimierung der Klimatisierung<\/a><\/div><\/div>\n\n<p><\/p>\n\n<h4 class=\"wp-block-heading has-secondary-font-family has-24-font-size\">Hilfreiche Links:<\/h4>\n\n<ul class=\"wp-block-list is-style-borderd\"><li><a href=\"https:\/\/www.bfe.admin.ch\/bfe\/de\/home\/effizienz\/energieetiketten-und-effizienzanforderungen.html\" target=\"_blank\" rel=\"noreferrer noopener\">Infos zum Energieverbrauch: Energieetikette<\/a><\/li>\n\n<li><a href=\"https:\/\/www.topten.ch\/\" target=\"_blank\" rel=\"noreferrer noopener\">Topten: Energieeffiziente Ger\u00e4te finden<\/a><\/li><\/ul><\/div>\n\n<p><\/p><\/div>\n\n<div class=\"wp-block-column is-layout-flow wp-block-column-is-layout-flow\"><figure class=\"wp-block-image size-full has-custom-border\"><img loading=\"lazy\" decoding=\"async\" width=\"1000\" height=\"667\" src=\"https:\/\/eventkit.ch\/wp-content\/uploads\/2025\/12\/42_pisslove.png\" alt=\"\" class=\"wp-image-1740\" style=\"border-radius:10px\" srcset=\"https:\/\/eventkit.ch\/wp-content\/uploads\/2025\/12\/42_pisslove.png 1000w, https:\/\/eventkit.ch\/wp-content\/uploads\/2025\/12\/42_pisslove-300x200.png 300w, https:\/\/eventkit.ch\/wp-content\/uploads\/2025\/12\/42_pisslove-768x512.png 768w\" sizes=\"auto, (max-width: 1000px) 100vw, 1000px\" \/><\/figure>\n\n<p><\/p>\n\n<h3 class=\"wp-block-heading has-28-font-size\">Umweltfreundliche WC-L\u00f6sungen<\/h3>\n\n<p><\/p>\n\n<p>Unsere k\u00f6rperlichen Bioabf\u00e4lle sind nat\u00fcrliche Ressourcen f\u00fcr den Kreislauf. Mittlerweile gibt es schon viele kreative Initiativen.<\/p>\n\n<div class=\"wp-block-buttons is-layout-flex wp-block-buttons-is-layout-flex\"><div class=\"wp-block-button has-custom-width wp-block-button__width-100\"><a class=\"wp-block-button__link has-white-color has-secondary-background-color has-text-color has-background has-link-color wp-element-button\" href=\"https:\/\/eventkit.ch\/?resource=einrichtung-von-sanitaeranlagen\" target=\"_blank\" rel=\"noreferrer noopener\">Einrichtung von Sanit\u00e4ranlagen<\/a><\/div><\/div>\n\n<p><\/p>\n\n<h4 class=\"wp-block-heading has-secondary-font-family has-24-font-size\">Hilfreiche Links:<\/h4>\n\n<ul class=\"wp-block-list is-style-borderd\"><li><a href=\"https:\/\/va-loo.ch\/de\/\" target=\"_blank\" rel=\"noreferrer noopener\">Verein Valoo: Verwertung des Materials aus Trockentoiletten<\/a><\/li>\n\n<li><a href=\"https:\/\/iihfstorage.blob.core.windows.net\/iihf-media\/iihfmvc\/media\/downloads\/sustainability\/iihf_manual_social-environment.pdf\">Trockentoiletten zum Nutzen von Bioabfall:<\/a><\/li>\n\n<li><a href=\"https:\/\/www.kompotoi.ch\/\" target=\"_blank\" rel=\"noreferrer noopener\">Kompotoi<\/a><\/li>\n\n<li><a href=\"https:\/\/biocapi.ch\/\" target=\"_blank\" rel=\"noreferrer noopener\">Biocapi<\/a><\/li>\n\n<li><a href=\"https:\/\/www.biocapi.ch\/\" target=\"_blank\" rel=\"noreferrer noopener\">Coop\u00e9rative 1m3<\/a><\/li>\n\n<li><a href=\"https:\/\/pissandlove.ch\/\" target=\"_blank\" rel=\"noreferrer noopener\">piss &amp; love<\/a><\/li><\/ul><\/div><\/div><\/section><p><\/p><section class=\"wp-block-group alignfull has-secondary-20-background-color has-background has-secondary-font-family has-24-font-size is-layout-constrained wp-block-group-is-layout-constrained\"><div style=\"border-radius:150px; padding-top:var(--wp--preset--spacing--50);padding-bottom:var(--wp--preset--spacing--50);padding-left:var(--wp--preset--spacing--50);padding-right:var(--wp--preset--spacing--50);\" class=\"ico-picker-block aligncenter wp-elements-1f0f9589ebd850535e7013f4b49de024 wp-block-sub-icon-picker has-text-color has-white-color has-background has-primary-background-color has-24-font-size\">\n    <span class=\"icon-download\"><\/span>\n    <\/div>\n\n<h2 class=\"wp-block-heading has-text-align-center\">Download gesamte Kriterienliste<\/h2>\n\n<p class=\"has-text-align-center is-style-subtitle\">mit 58 Kriterien in 9 Themenbereichen<\/p>\n\n<div class=\"wp-block-buttons is-content-justification-center is-layout-flex wp-container-core-buttons-is-layout-a89b3969 wp-block-buttons-is-layout-flex\"><?xml encoding=\"utf-8\" ?><div class=\"wp-block-button is-style-btn-secondary is-style-btn-secondary--4\"><a class=\"wp-block-button__link wp-element-button has-core-icon\" href=\"https:\/\/eventkit.ch\/wp-content\/uploads\/2026\/03\/Zielwerte-Eventkit.pdf\" target=\"_blank\" rel=\"noreferrer noopener\" style='--core-icon: url(\"https:\/\/eventkit.ch\/wp-content\/themes\/eventkit-wp\/gutenberg-dev\/assets\/badge-icons\/file-text.svg\");'>Als PDF<\/a><\/div>\n\n\n<?xml encoding=\"utf-8\" ?><div class=\"wp-block-button is-style-btn-primary is-style-btn-primary--5\"><a class=\"wp-block-button__link wp-element-button has-core-icon\" href=\"https:\/\/eventkit.ch\/wp-content\/uploads\/2026\/03\/Zielwerte-Eventkit.xlsx\" target=\"_blank\" rel=\"noreferrer noopener\" style='--core-icon: url(\"https:\/\/eventkit.ch\/wp-content\/themes\/eventkit-wp\/gutenberg-dev\/assets\/badge-icons\/file-text.svg\");'>Als Excel<\/a><\/div>\n<\/div><\/section>","protected":false},"excerpt":{"rendered":"<p>Der Energieverbrauch von Veranstaltungen und der damit verbundene CO2-Ausstoss belasten die Umwelt verh\u00e4ltnism\u00e4ssig stark. Wenn deine Veranstaltung auf erneuerbare Energiequellen setzt, bestehende Infrastruktur nutzt und Strom spart, indem energieeffizienzte Ger\u00e4te eingesetzt werden, ist schon viel getan. Erneuerbare Energie Nur ein regenerativer Kreislauf ergibt Sinn Auswahl und Gestaltung Infrastruktur Die Ortswahl ist entscheidend f\u00fcr die Auswirkung [&hellip;]<\/p>\n","protected":false},"author":1,"featured_media":2759,"parent":684,"menu_order":0,"comment_status":"closed","ping_status":"closed","template":"page-no-title","meta":{"_sitemap_exclude":false,"_sitemap_priority":"","_sitemap_frequency":"","footnotes":""},"class_list":["post-706","page","type-page","status-publish","has-post-thumbnail","hentry"],"yoast_head":"<!-- This site is optimized with the Yoast SEO plugin v27.3 - https:\/\/yoast.com\/product\/yoast-seo-wordpress\/ -->\n<title>Energie &amp; Infrastruktur - EventKit<\/title>\n<meta name=\"robots\" content=\"index, follow, max-snippet:-1, max-image-preview:large, max-video-preview:-1\" \/>\n<link rel=\"canonical\" href=\"https:\/\/eventkit.ch\/?page_id=706\" \/>\n<meta property=\"og:locale\" content=\"de_DE\" \/>\n<meta property=\"og:type\" content=\"article\" \/>\n<meta property=\"og:title\" content=\"Energie &amp; Infrastruktur - EventKit\" \/>\n<meta property=\"og:description\" content=\"Der Energieverbrauch von Veranstaltungen und der damit verbundene CO2-Ausstoss belasten die Umwelt verh\u00e4ltnism\u00e4ssig stark. Wenn deine Veranstaltung auf erneuerbare Energiequellen setzt, bestehende Infrastruktur nutzt und Strom spart, indem energieeffizienzte Ger\u00e4te eingesetzt werden, ist schon viel getan. Erneuerbare Energie Nur ein regenerativer Kreislauf ergibt Sinn Auswahl und Gestaltung Infrastruktur Die Ortswahl ist entscheidend f\u00fcr die Auswirkung [&hellip;]\" \/>\n<meta property=\"og:url\" content=\"https:\/\/eventkit.ch\/?page_id=706\" \/>\n<meta property=\"og:site_name\" content=\"EventKit\" \/>\n<meta property=\"article:modified_time\" content=\"2026-03-31T14:00:38+00:00\" \/>\n<meta property=\"og:image\" content=\"https:\/\/eventkit.ch\/wp-content\/uploads\/2026\/01\/3171c24f-5b0a-41b8-8e9b-a463e5bb63fa-scaled.jpg\" \/>\n\t<meta property=\"og:image:width\" content=\"2560\" \/>\n\t<meta property=\"og:image:height\" content=\"1707\" \/>\n\t<meta property=\"og:image:type\" content=\"image\/jpeg\" \/>\n<meta name=\"twitter:card\" content=\"summary_large_image\" \/>\n<meta name=\"twitter:label1\" content=\"Gesch\u00e4tzte Lesezeit\" \/>\n\t<meta name=\"twitter:data1\" content=\"20\u00a0Minuten\" \/>\n<script type=\"application\/ld+json\" class=\"yoast-schema-graph\">{\"@context\":\"https:\\\/\\\/schema.org\",\"@graph\":[{\"@type\":\"WebPage\",\"@id\":\"https:\\\/\\\/eventkit.ch\\\/?page_id=706\",\"url\":\"https:\\\/\\\/eventkit.ch\\\/?page_id=706\",\"name\":\"Energie &amp; Infrastruktur - EventKit\",\"isPartOf\":{\"@id\":\"https:\\\/\\\/eventkit.ch\\\/#website\"},\"primaryImageOfPage\":{\"@id\":\"https:\\\/\\\/eventkit.ch\\\/?page_id=706#primaryimage\"},\"image\":{\"@id\":\"https:\\\/\\\/eventkit.ch\\\/?page_id=706#primaryimage\"},\"thumbnailUrl\":\"https:\\\/\\\/eventkit.ch\\\/wp-content\\\/uploads\\\/2026\\\/01\\\/3171c24f-5b0a-41b8-8e9b-a463e5bb63fa-scaled.jpg\",\"datePublished\":\"2025-11-18T12:42:18+00:00\",\"dateModified\":\"2026-03-31T14:00:38+00:00\",\"breadcrumb\":{\"@id\":\"https:\\\/\\\/eventkit.ch\\\/?page_id=706#breadcrumb\"},\"inLanguage\":\"de\",\"potentialAction\":[{\"@type\":\"ReadAction\",\"target\":[\"https:\\\/\\\/eventkit.ch\\\/?page_id=706\"]}]},{\"@type\":\"ImageObject\",\"inLanguage\":\"de\",\"@id\":\"https:\\\/\\\/eventkit.ch\\\/?page_id=706#primaryimage\",\"url\":\"https:\\\/\\\/eventkit.ch\\\/wp-content\\\/uploads\\\/2026\\\/01\\\/3171c24f-5b0a-41b8-8e9b-a463e5bb63fa-scaled.jpg\",\"contentUrl\":\"https:\\\/\\\/eventkit.ch\\\/wp-content\\\/uploads\\\/2026\\\/01\\\/3171c24f-5b0a-41b8-8e9b-a463e5bb63fa-scaled.jpg\",\"width\":2560,\"height\":1707},{\"@type\":\"BreadcrumbList\",\"@id\":\"https:\\\/\\\/eventkit.ch\\\/?page_id=706#breadcrumb\",\"itemListElement\":[{\"@type\":\"ListItem\",\"position\":1,\"name\":\"Home\",\"item\":\"https:\\\/\\\/eventkit.ch\\\/\"},{\"@type\":\"ListItem\",\"position\":2,\"name\":\"Themen\",\"item\":\"https:\\\/\\\/eventkit.ch\\\/?page_id=684\"},{\"@type\":\"ListItem\",\"position\":3,\"name\":\"Energie &amp; Infrastruktur\"}]},{\"@type\":\"WebSite\",\"@id\":\"https:\\\/\\\/eventkit.ch\\\/#website\",\"url\":\"https:\\\/\\\/eventkit.ch\\\/\",\"name\":\"EventKit\",\"description\":\"Nachhaltigkeit, die wirkt: Dein Event im Check.\",\"publisher\":{\"@id\":\"https:\\\/\\\/eventkit.ch\\\/#organization\"},\"potentialAction\":[{\"@type\":\"SearchAction\",\"target\":{\"@type\":\"EntryPoint\",\"urlTemplate\":\"https:\\\/\\\/eventkit.ch\\\/?s={search_term_string}\"},\"query-input\":{\"@type\":\"PropertyValueSpecification\",\"valueRequired\":true,\"valueName\":\"search_term_string\"}}],\"inLanguage\":\"de\"},{\"@type\":\"Organization\",\"@id\":\"https:\\\/\\\/eventkit.ch\\\/#organization\",\"name\":\"EventKit\",\"url\":\"https:\\\/\\\/eventkit.ch\\\/\",\"logo\":{\"@type\":\"ImageObject\",\"inLanguage\":\"de\",\"@id\":\"https:\\\/\\\/eventkit.ch\\\/#\\\/schema\\\/logo\\\/image\\\/\",\"url\":\"https:\\\/\\\/eventkit.ch\\\/wp-content\\\/uploads\\\/2025\\\/11\\\/android-icon-144x144-1.png\",\"contentUrl\":\"https:\\\/\\\/eventkit.ch\\\/wp-content\\\/uploads\\\/2025\\\/11\\\/android-icon-144x144-1.png\",\"width\":144,\"height\":144,\"caption\":\"EventKit\"},\"image\":{\"@id\":\"https:\\\/\\\/eventkit.ch\\\/#\\\/schema\\\/logo\\\/image\\\/\"}}]}<\/script>\n<!-- \/ Yoast SEO plugin. -->","yoast_head_json":{"title":"Energie &amp; Infrastruktur - EventKit","robots":{"index":"index","follow":"follow","max-snippet":"max-snippet:-1","max-image-preview":"max-image-preview:large","max-video-preview":"max-video-preview:-1"},"canonical":"https:\/\/eventkit.ch\/?page_id=706","og_locale":"de_DE","og_type":"article","og_title":"Energie &amp; Infrastruktur - EventKit","og_description":"Der Energieverbrauch von Veranstaltungen und der damit verbundene CO2-Ausstoss belasten die Umwelt verh\u00e4ltnism\u00e4ssig stark. Wenn deine Veranstaltung auf erneuerbare Energiequellen setzt, bestehende Infrastruktur nutzt und Strom spart, indem energieeffizienzte Ger\u00e4te eingesetzt werden, ist schon viel getan. Erneuerbare Energie Nur ein regenerativer Kreislauf ergibt Sinn Auswahl und Gestaltung Infrastruktur Die Ortswahl ist entscheidend f\u00fcr die Auswirkung [&hellip;]","og_url":"https:\/\/eventkit.ch\/?page_id=706","og_site_name":"EventKit","article_modified_time":"2026-03-31T14:00:38+00:00","og_image":[{"width":2560,"height":1707,"url":"https:\/\/eventkit.ch\/wp-content\/uploads\/2026\/01\/3171c24f-5b0a-41b8-8e9b-a463e5bb63fa-scaled.jpg","type":"image\/jpeg"}],"twitter_card":"summary_large_image","twitter_misc":{"Gesch\u00e4tzte Lesezeit":"20\u00a0Minuten"},"schema":{"@context":"https:\/\/schema.org","@graph":[{"@type":"WebPage","@id":"https:\/\/eventkit.ch\/?page_id=706","url":"https:\/\/eventkit.ch\/?page_id=706","name":"Energie &amp; Infrastruktur - EventKit","isPartOf":{"@id":"https:\/\/eventkit.ch\/#website"},"primaryImageOfPage":{"@id":"https:\/\/eventkit.ch\/?page_id=706#primaryimage"},"image":{"@id":"https:\/\/eventkit.ch\/?page_id=706#primaryimage"},"thumbnailUrl":"https:\/\/eventkit.ch\/wp-content\/uploads\/2026\/01\/3171c24f-5b0a-41b8-8e9b-a463e5bb63fa-scaled.jpg","datePublished":"2025-11-18T12:42:18+00:00","dateModified":"2026-03-31T14:00:38+00:00","breadcrumb":{"@id":"https:\/\/eventkit.ch\/?page_id=706#breadcrumb"},"inLanguage":"de","potentialAction":[{"@type":"ReadAction","target":["https:\/\/eventkit.ch\/?page_id=706"]}]},{"@type":"ImageObject","inLanguage":"de","@id":"https:\/\/eventkit.ch\/?page_id=706#primaryimage","url":"https:\/\/eventkit.ch\/wp-content\/uploads\/2026\/01\/3171c24f-5b0a-41b8-8e9b-a463e5bb63fa-scaled.jpg","contentUrl":"https:\/\/eventkit.ch\/wp-content\/uploads\/2026\/01\/3171c24f-5b0a-41b8-8e9b-a463e5bb63fa-scaled.jpg","width":2560,"height":1707},{"@type":"BreadcrumbList","@id":"https:\/\/eventkit.ch\/?page_id=706#breadcrumb","itemListElement":[{"@type":"ListItem","position":1,"name":"Home","item":"https:\/\/eventkit.ch\/"},{"@type":"ListItem","position":2,"name":"Themen","item":"https:\/\/eventkit.ch\/?page_id=684"},{"@type":"ListItem","position":3,"name":"Energie &amp; Infrastruktur"}]},{"@type":"WebSite","@id":"https:\/\/eventkit.ch\/#website","url":"https:\/\/eventkit.ch\/","name":"EventKit","description":"Nachhaltigkeit, die wirkt: Dein Event im Check.","publisher":{"@id":"https:\/\/eventkit.ch\/#organization"},"potentialAction":[{"@type":"SearchAction","target":{"@type":"EntryPoint","urlTemplate":"https:\/\/eventkit.ch\/?s={search_term_string}"},"query-input":{"@type":"PropertyValueSpecification","valueRequired":true,"valueName":"search_term_string"}}],"inLanguage":"de"},{"@type":"Organization","@id":"https:\/\/eventkit.ch\/#organization","name":"EventKit","url":"https:\/\/eventkit.ch\/","logo":{"@type":"ImageObject","inLanguage":"de","@id":"https:\/\/eventkit.ch\/#\/schema\/logo\/image\/","url":"https:\/\/eventkit.ch\/wp-content\/uploads\/2025\/11\/android-icon-144x144-1.png","contentUrl":"https:\/\/eventkit.ch\/wp-content\/uploads\/2025\/11\/android-icon-144x144-1.png","width":144,"height":144,"caption":"EventKit"},"image":{"@id":"https:\/\/eventkit.ch\/#\/schema\/logo\/image\/"}}]}},"_links":{"self":[{"href":"https:\/\/eventkit.ch\/index.php?rest_route=\/wp\/v2\/pages\/706","targetHints":{"allow":["GET"]}}],"collection":[{"href":"https:\/\/eventkit.ch\/index.php?rest_route=\/wp\/v2\/pages"}],"about":[{"href":"https:\/\/eventkit.ch\/index.php?rest_route=\/wp\/v2\/types\/page"}],"author":[{"embeddable":true,"href":"https:\/\/eventkit.ch\/index.php?rest_route=\/wp\/v2\/users\/1"}],"replies":[{"embeddable":true,"href":"https:\/\/eventkit.ch\/index.php?rest_route=%2Fwp%2Fv2%2Fcomments&post=706"}],"version-history":[{"count":30,"href":"https:\/\/eventkit.ch\/index.php?rest_route=\/wp\/v2\/pages\/706\/revisions"}],"predecessor-version":[{"id":3753,"href":"https:\/\/eventkit.ch\/index.php?rest_route=\/wp\/v2\/pages\/706\/revisions\/3753"}],"up":[{"embeddable":true,"href":"https:\/\/eventkit.ch\/index.php?rest_route=\/wp\/v2\/pages\/684"}],"wp:featuredmedia":[{"embeddable":true,"href":"https:\/\/eventkit.ch\/index.php?rest_route=\/wp\/v2\/media\/2759"}],"wp:attachment":[{"href":"https:\/\/eventkit.ch\/index.php?rest_route=%2Fwp%2Fv2%2Fmedia&parent=706"}],"curies":[{"name":"wp","href":"https:\/\/api.w.org\/{rel}","templated":true}]}}