{"id":700,"date":"2025-11-18T13:40:32","date_gmt":"2025-11-18T13:40:32","guid":{"rendered":"https:\/\/eventkit.ch\/?page_id=700"},"modified":"2026-04-07T16:42:04","modified_gmt":"2026-04-07T14:42:04","slug":"verkehr-transport","status":"publish","type":"page","link":"https:\/\/eventkit.ch\/?page_id=700","title":{"rendered":"Verkehr &amp; Transport"},"content":{"rendered":"<div class=\"wp-block-group alignfull is-layout-constrained wp-block-group-is-layout-constrained\" style=\"padding-top:var(--wp--preset--spacing--40);padding-bottom:var(--wp--preset--spacing--60)\"><figure class=\"wp-block-image aligncenter size-full\"><img loading=\"lazy\" decoding=\"async\" width=\"150\" height=\"150\" src=\"https:\/\/eventkit.ch\/wp-content\/uploads\/2025\/11\/Icon-min.png\" alt=\"\" class=\"wp-image-741\"\/><\/figure>\n\n<h1 class=\"has-text-align-center wp-block-post-title\">Verkehr &amp; Transport<\/h1>\n\n<p class=\"has-text-align-center is-style-subtitle\">Die Verwendung von umweltfreundlichen Verkehrsmitteln ist f\u00fcr nachhaltige Events ein entscheidender Faktor, insbesondere f\u00fcr die CO2-Bilanz. Verg\u00fcnstigte oder inkludierte \u00d6V-Tickets, E-Shuttle oder Unterst\u00fctzung f\u00fcr Fussg\u00e4nger und Velofahrer &#8211; es gibt zahlreiche Massnahmen, die sich bei deinen Event umsetzen lassen.<\/p><\/div><section class=\"wp-block-group alignfull has-green-light-background-color has-background has-15-font-size is-layout-constrained wp-block-group-is-layout-constrained\" id=\"flug\"><h2 class=\"wp-block-heading has-text-align-center\">Reduktion des Flugverkehrs<\/h2>\n\n<p class=\"has-text-align-center is-style-subtitle has-30-font-size\">Flugmeilen reduzieren bedeutet Emission senken<\/p>\n\n<div class=\"wp-bootstrap-blocks-row row\">\n\t\n<div class=\"col-12 col-md-5\">\n\t\t\t\n<p class=\"has-18-font-size\">Eine Flugreise von 700 km kann i.d.R. durch eine Zugreise von 3-5 h ersetzt werden. Mit Check-in und Check-out sowie der Anfahrt zum Flughafen dauert eine solche Zugreise nur 2-3h l\u00e4nger, verursacht dabei jedoch massiv weniger Umweltbelastungen.<\/p>\n\n<p><\/p>\n\n<h4 class=\"wp-block-heading has-secondary-font-family has-24-font-size\">In diesem Merkblatt findest du vertiefende Informationen:<\/h4>\n\n<div class=\"wp-block-buttons is-layout-flex wp-block-buttons-is-layout-flex\"><div class=\"wp-block-button has-custom-width wp-block-button__width-75 is-style-btn-primary is-style-btn-primary--1\"><a class=\"wp-block-button__link has-general-font-family has-14-font-size has-custom-font-size wp-element-button\" href=\"https:\/\/eventkit.ch\/?resource=ermittlung-und-bewertung-des-mobilitaetsbedarfs\" style=\"padding-right:0;padding-left:0\" target=\"_blank\" rel=\"noreferrer noopener\">Identifizieren und Bewerten des Mobilit\u00e4tsbedarfs<\/a><\/div><\/div>\n\n<p><\/p>\n\n<p><\/p>\n\n<h4 class=\"wp-block-heading has-secondary-font-family has-24-font-size\">Hilfreiche Links:<\/h4>\n\n<ul style=\"margin-top:0;margin-bottom:0\" class=\"wp-block-list is-style-borderd has-secondary-font-family\"><li style=\"border-style:none;border-width:0px;margin-top:var(--wp--preset--spacing--30);margin-bottom:var(--wp--preset--spacing--30)\"><a href=\"https:\/\/www.swissolympic.ch\/verbaende\/praevention\/Swiss-Olympic-Klimafonds\" target=\"_blank\" rel=\"noreferrer noopener\">Swiss Olympic Klimafonds<\/a><\/li>\n\n<li style=\"border-style:none;border-width:0px;margin-top:var(--wp--preset--spacing--30);margin-bottom:var(--wp--preset--spacing--30)\"><a href=\"https:\/\/www.swissolympic.ch\/verbaende\/praevention\/Swiss-Olympic-Klimafonds\" target=\"_blank\" rel=\"noreferrer noopener\">BAFU: Mobilit\u00e4t um Umwelt<\/a><\/li>\n\n<li style=\"border-style:none;border-width:0px;margin-top:var(--wp--preset--spacing--30);margin-bottom:var(--wp--preset--spacing--30)\"><a href=\"https:\/\/www.swissolympic.ch\/verbaende\/praevention\/Swiss-Olympic-Klimafonds\" target=\"_blank\" rel=\"noreferrer noopener\">Energieschweiz: Mobilit\u00e4t bei Veranstaltungen<\/a><\/li>\n\n<li><a href=\"https:\/\/eventkit.ch\/?page_id=1730\" target=\"_blank\" rel=\"noreferrer noopener\">Empfohlene Klimarechner<\/a><\/li>\n\n<li><a href=\"https:\/\/www.quarks.de\/umwelt\/klimawandel\/co2-rechner-fuer-auto-flugzeug-und-co\/\" target=\"_blank\" rel=\"noreferrer noopener\">Mobilit\u00e4t berechnen: quarks.de<\/a><\/li><\/ul>\n\t<\/div>\n\n<div class=\"col-12 col-md-7\">\n\t\t\t\n<figure class=\"wp-block-image size-full has-custom-border\"><img loading=\"lazy\" decoding=\"async\" width=\"1376\" height=\"768\" src=\"https:\/\/eventkit.ch\/wp-content\/uploads\/2025\/11\/Flugrouten4.png\" alt=\"\" class=\"wp-image-1081\" style=\"border-radius:8px\" srcset=\"https:\/\/eventkit.ch\/wp-content\/uploads\/2025\/11\/Flugrouten4.png 1376w, https:\/\/eventkit.ch\/wp-content\/uploads\/2025\/11\/Flugrouten4-300x167.png 300w, https:\/\/eventkit.ch\/wp-content\/uploads\/2025\/11\/Flugrouten4-1024x572.png 1024w, https:\/\/eventkit.ch\/wp-content\/uploads\/2025\/11\/Flugrouten4-768x429.png 768w\" sizes=\"auto, (max-width: 1376px) 100vw, 1376px\" \/><\/figure>\n\n<h3 class=\"wp-block-heading has-secondary-font-family has-24-font-size\">Zugeh\u00f6rige Kriterien im Eventkit:<\/h3>\n\n<p>3.1. Alle Mitarbeitenden, Organisator:innen, Freiwillige, etc. sind angehalten f\u00fcr Strecken unter 8 Stunden \u00d6V-Reisezeit keine Flugreisen durchzuf\u00fchren (ausgenommen sind Referent:innen oder K\u00fcnstler:innen und deren direkte Mitarbeitenden). Teilnehmende, G\u00e4ste, Referent:innen, Athleth:innen, K\u00fcnstler:innen, etc. werden f\u00fcr nachhaltige Anreisen sensibilisiert und dazu motiviert bei k\u00fcrzeren Strecken auf Flugreisen zu verzichten.<\/p>\n\n<p class=\"has-22-font-size\"><\/p>\n\n<div class=\"wp-block-sub-accordion accordion\" id=\"accordion-399c3389-c169-4cc3-b3cf-cb48e55161db\"><div class=\"wp-block-sub-accordion-item accordion-item\" id=\"8445ccd4-8804-44e8-8928-b2af620334bc\"><h2 class=\"accordion-header m-0\" id=\"heading-8445ccd4-8804-44e8-8928-b2af620334bc\"><button class=\"accordion-button collapsed\" type=\"button\" data-bs-target=\"#collapse-8445ccd4-8804-44e8-8928-b2af620334bc\" data-bs-toggle=\"collapse\" aria-controls=\"collapse-8445ccd4-8804-44e8-8928-b2af620334bc\" aria-expanded=\"false\"><\/button><\/h2><div class=\"accordion-collapse collapse\" id=\"collapse-8445ccd4-8804-44e8-8928-b2af620334bc\" aria-labelledby=\"heading-8445ccd4-8804-44e8-8928-b2af620334bc\" data-bs-parent=\"#accordion-399c3389-c169-4cc3-b3cf-cb48e55161db\"><div class=\"card-body\"><p><\/p><\/div><\/div><\/div><\/div>\n\t<\/div>\n<\/div><\/section><section class=\"wp-block-group alignfull has-orange-lighter-background-color has-background has-15-font-size is-layout-constrained wp-block-group-is-layout-constrained\" id=\"kombi\"><h2 class=\"wp-block-heading has-text-align-center\">Nutzung des \u00f6ffentlichen Verkehrs f\u00f6rdern<\/h2>\n\n<p class=\"has-text-align-center is-style-subtitle has-30-font-size\">Eine Win-Win-Situation f\u00fcr viele Beteiligte<\/p>\n\n<div class=\"wp-bootstrap-blocks-row row\">\n\t\n<div class=\"col-12 col-md-5\">\n\t\t\t\n<p class=\"has-18-font-size\">Ein kombiniertes Event- und Anfahrtsticket f\u00f6rdert die Anreise mit dem \u00f6ffentlichen Verkehr. F\u00fcr Veranstaltungsorte, die von der n\u00e4chsten Haltestelle des \u00f6ffentlichen Verkehrs fussl\u00e4ufig nicht erreichbar sind (max. 500m) kannst du einen Shuttle-Dienst organisieren. Sind die G\u00e4ste \u00fcber diese Optionen informiert? Sind die Zeiten der Veranstaltung auf die Fahrpl\u00e4ne des \u00f6ffentlichen Verkehrs abgestimmt? Sind Transportunternehmen des \u00f6ffentlichen Verkehrs \u00fcber den Anlass und die erwartete Anzahl Teilnehmenden informiert? Dann ist dein nachhaltiger Event auf bestem Weg. F\u00fcr kleinere Events oder wenn du GA-Besitzende nicht benachteiligen willst, lohnt es sich z.B. Gutscheine anzubieten f\u00fcr jene, die ohne Auto anreisen.<\/p>\n\n<p><\/p>\n\n<p><\/p>\n\n<div class=\"wp-block-buttons is-layout-flex wp-block-buttons-is-layout-flex\"><div class=\"wp-block-button has-custom-width wp-block-button__width-75 is-style-btn-secondary is-style-btn-secondary--2\"><a class=\"wp-block-button__link has-14-font-size has-custom-font-size wp-element-button\" href=\"https:\/\/eventkit.ch\/?resource=benutzung-des-oeffentlichen-verkehrs-foerdern\" target=\"_blank\" rel=\"noreferrer noopener\">Benutzung des \u00f6ffentlichen Verkehrs f\u00f6rdern<\/a><\/div>\n\n<div class=\"wp-block-button has-custom-width wp-block-button__width-75 is-style-btn-secondary is-style-btn-secondary--3\"><a class=\"wp-block-button__link has-14-font-size has-custom-font-size wp-element-button\" href=\"https:\/\/eventkit.ch\/?resource=angebote-von-verguenstigungen-fuer-besuchendedie-mit-oev-anreisen\" target=\"_blank\" rel=\"noreferrer noopener\">Verg\u00fcnstigungen f\u00fcr Besuchende, die mit \u00d6V anreisen<\/a><\/div>\n\n<div class=\"wp-block-button has-custom-width wp-block-button__width-75 is-style-btn-secondary is-style-btn-secondary--4\"><a class=\"wp-block-button__link has-14-font-size has-custom-font-size wp-element-button\" href=\"https:\/\/eventkit.ch\/?resource=organisation-von-temporaeren-buslinien\" target=\"_blank\" rel=\"noreferrer noopener\">Tempor\u00e4re Buslinien organisieren<\/a><\/div><\/div>\n\n<p><\/p>\n\n<h4 class=\"wp-block-heading has-secondary-font-family has-24-font-size\">Hilfreiche Links:<\/h4>\n\n<ul class=\"wp-block-list is-style-borderd\"><li><a href=\"https:\/\/eventkit.ch\/wp-content\/uploads\/2025\/12\/TwoPager-Swisstainable_final_DE.pdf\" type=\"attachment\" id=\"1499\" target=\"_blank\" rel=\"noreferrer noopener\">M\u00f6glichkeiten zur Zusammenarbeit mit der SBB: RailAway<\/a><\/li>\n\n<li><a href=\"https:\/\/www.bafu.admin.ch\/de\/mobilitaet-und-umwelt-hebel-und-loesungsansaetze\" type=\"attachment\" id=\"1499\" target=\"_blank\" rel=\"noreferrer noopener\">BAFU: Mobilit\u00e4t um Umwelt &#8211; Hebel und L\u00f6sungsans\u00e4tze<\/a><\/li>\n\n<li><a href=\"https:\/\/www.bafu.admin.ch\/de\/mobilitaet-und-umwelt-hebel-und-loesungsansaetze\" type=\"attachment\" id=\"1499\" target=\"_blank\" rel=\"noreferrer noopener\">Energie Schweiz: Mobilit\u00e4t<\/a><\/li><\/ul>\n\t<\/div>\n\n<div class=\"col-12 col-md-7\">\n\t\t\t\n<figure class=\"wp-block-image size-full has-custom-border\"><img loading=\"lazy\" decoding=\"async\" width=\"7728\" height=\"5152\" src=\"https:\/\/eventkit.ch\/wp-content\/uploads\/2025\/11\/Ambiance_ma2024_loOrent_-113.jpg\" alt=\"\" class=\"wp-image-1135\" style=\"border-radius:8px\" srcset=\"https:\/\/eventkit.ch\/wp-content\/uploads\/2025\/11\/Ambiance_ma2024_loOrent_-113.jpg 7728w, https:\/\/eventkit.ch\/wp-content\/uploads\/2025\/11\/Ambiance_ma2024_loOrent_-113-300x200.jpg 300w, https:\/\/eventkit.ch\/wp-content\/uploads\/2025\/11\/Ambiance_ma2024_loOrent_-113-1024x683.jpg 1024w, https:\/\/eventkit.ch\/wp-content\/uploads\/2025\/11\/Ambiance_ma2024_loOrent_-113-768x512.jpg 768w, https:\/\/eventkit.ch\/wp-content\/uploads\/2025\/11\/Ambiance_ma2024_loOrent_-113-1536x1024.jpg 1536w\" sizes=\"auto, (max-width: 7728px) 100vw, 7728px\" \/><\/figure>\n\n<h3 class=\"wp-block-heading has-secondary-font-family has-24-font-size\">Zugeh\u00f6rige Kriterien im Eventkit:<\/h3>\n\n<p>3.2. Die Veranstaltungsorte liegen in Fussdistanz (max. 500m) von der n\u00e4chsten Haltestelle des \u00f6ffentlichen Verkehrs oder es bestehen Sharing-Angebote wie z.B. E-Bike\/E-Trottinette oder ein emissionsarmer Shuttle-Dienst.<\/p>\n\n<p>3.3. In Eintrittstickets und Teilnahmegeb\u00fchren ist \u00d6V-Anreise integriert, oder sie sind bei einer Anreise im \u00d6V\/Langsamverkehr verg\u00fcnstigt (z.B. Kombitiket).<\/p>\n\n<p>3.4. Beginn und Ende des Events sind zeitlich auf die Fahrpl\u00e4ne der \u00f6ffentlichen Verkehrsmittel abgestimmt.<\/p>\n\n<p>3.5. Auf zus\u00e4tzliche Parkpl\u00e4tze f\u00fcr Besuchende\/Teilnehmende wird verzichtet. Werden Parkpl\u00e4tze angeboten, wird eine lenkende Parkgeb\u00fchr verlangt. Zudem wird die \u00d6V Nutzung empfohlen.<\/p>\n\n<p>3.6. Die Besucherlenkung f\u00fcr den Langsamverkehr, f\u00fcr \u00d6V Anschl\u00fcsse und Shuttle Busse ist eindeutig markiert und leicht verst\u00e4ndlich.<\/p>\n\t<\/div>\n<\/div><\/section><section class=\"wp-block-group alignfull is-layout-constrained wp-block-group-is-layout-constrained\" id=\"weitere\"><h2 class=\"wp-block-heading has-text-align-center\">Weitere Themen<\/h2>\n\n<p class=\"has-text-align-center is-style-subtitle\">zum Bereich Verkehr &amp; Transport<\/p>\n\n<div class=\"wp-block-columns is-layout-flex wp-container-core-columns-is-layout-28f84493 wp-block-columns-is-layout-flex\"><div class=\"wp-block-column is-layout-flow wp-block-column-is-layout-flow\"><div class=\"wp-block-group is-layout-constrained wp-block-group-is-layout-constrained\"><figure class=\"wp-block-image size-full has-custom-border\"><img loading=\"lazy\" decoding=\"async\" width=\"720\" height=\"480\" src=\"https:\/\/eventkit.ch\/wp-content\/uploads\/2025\/11\/Verkehr-Transport-edited.png\" alt=\"\" class=\"wp-image-1123\" style=\"border-radius:10px\" srcset=\"https:\/\/eventkit.ch\/wp-content\/uploads\/2025\/11\/Verkehr-Transport-edited.png 720w, https:\/\/eventkit.ch\/wp-content\/uploads\/2025\/11\/Verkehr-Transport-edited-300x200.png 300w\" sizes=\"auto, (max-width: 720px) 100vw, 720px\" \/><figcaption class=\"wp-element-caption\">\u00a9 Unsplash: Joshua Fernandez<\/figcaption><\/figure>\n\n<p><\/p>\n\n<h3 class=\"wp-block-heading has-28-font-size\" style=\"margin-top:10px;margin-bottom:10px\">Langsamverkehr<\/h3>\n\n<p><\/p>\n\n<p>F\u00f6rdere die Anreise zu Fuss oder per Velo, indem an m\u00f6glichst attraktiver Lage gen\u00fcgend, deutlich gekennzeichnete und gesicherte Abstellpl\u00e4tze f\u00fcr Fahrr\u00e4der zur Verf\u00fcgung gestellt werden. Markiere zudem die Wege f\u00fcr Fussg\u00e4ngerinnen und Velofahrerinnen gut sichtbar.<\/p>\n\n<div class=\"wp-block-buttons is-layout-flex wp-block-buttons-is-layout-flex\"><div class=\"wp-block-button has-custom-width wp-block-button__width-100\"><a class=\"wp-block-button__link has-white-color has-primary-background-color has-text-color has-background has-link-color wp-element-button\" href=\"https:\/\/eventkit.ch\/?resource=foerderung-des-fussverkehrs\" target=\"_blank\" rel=\"noreferrer noopener\">F\u00f6rderung des Fussverkehrs<\/a><\/div>\n\n<div class=\"wp-block-button has-custom-width wp-block-button__width-100\"><a class=\"wp-block-button__link has-white-color has-primary-background-color has-text-color has-background has-link-color wp-element-button\" href=\"https:\/\/eventkit.ch\/?resource=bereitstellung-von-velos\" target=\"_blank\" rel=\"noreferrer noopener\">Fahrr\u00e4der zur Verf\u00fcgung stellen<\/a><\/div>\n\n<div class=\"wp-block-button has-custom-width wp-block-button__width-100\"><a class=\"wp-block-button__link has-white-color has-primary-background-color has-text-color has-background has-link-color wp-element-button\" href=\"https:\/\/eventkit.ch\/?resource=organisation-von-parkmoeglichkeiten-fuer-zweiraeder\" target=\"_blank\" rel=\"noreferrer noopener\">Parkpl\u00e4tze f\u00fcr Zweir\u00e4der<\/a><\/div><\/div>\n\n<p><\/p>\n\n<h4 class=\"wp-block-heading has-secondary-font-family has-24-font-size\">Hilfreiche Links:<\/h4>\n\n<ul class=\"wp-block-list is-style-borderd\"><li><a href=\"https:\/\/www.mobilservice.ch\/de\/praxis\/kurzbeispiel-mobilitaetsmanagement-bei-maerkten-und-veranstaltungen-in-aarau-3512.html\" target=\"_blank\" rel=\"noreferrer noopener\">Mobilservice: Plattform f\u00fcr nachhaltige Mobilit\u00e4t<\/a><\/li>\n\n<li><a href=\"https:\/\/iihfstorage.blob.core.windows.net\/iihf-media\/iihfmvc\/media\/downloads\/sustainability\/iihf_manual_social-environment.pdf\" target=\"_blank\" rel=\"noreferrer noopener\">IIHF Leitfaden f\u00fcr nachhaltige Events, Seite 15: Beispiel: Free public transportation to the arenas<\/a><\/li>\n\n<li><a href=\"https:\/\/www.carvelo.ch\/de\/\" target=\"_blank\" rel=\"noreferrer noopener\">Lastenr\u00e4der zum Leihen:&nbsp;carvelo.ch<\/a><\/li><\/ul><\/div>\n\n<p><\/p><\/div>\n\n<div class=\"wp-block-column is-layout-flow wp-block-column-is-layout-flow\"><figure class=\"wp-block-image size-full has-custom-border\"><img loading=\"lazy\" decoding=\"async\" width=\"1152\" height=\"768\" src=\"https:\/\/eventkit.ch\/wp-content\/uploads\/2025\/11\/Bus-Gempen-edited.jpg\" alt=\"\" class=\"wp-image-1122\" style=\"border-radius:10px\" srcset=\"https:\/\/eventkit.ch\/wp-content\/uploads\/2025\/11\/Bus-Gempen-edited.jpg 1152w, https:\/\/eventkit.ch\/wp-content\/uploads\/2025\/11\/Bus-Gempen-edited-300x200.jpg 300w, https:\/\/eventkit.ch\/wp-content\/uploads\/2025\/11\/Bus-Gempen-edited-1024x683.jpg 1024w, https:\/\/eventkit.ch\/wp-content\/uploads\/2025\/11\/Bus-Gempen-edited-768x512.jpg 768w\" sizes=\"auto, (max-width: 1152px) 100vw, 1152px\" \/><\/figure>\n\n<p><\/p>\n\n<h3 class=\"wp-block-heading has-28-font-size\">Motorisierter Verkehr<\/h3>\n\n<p><\/p>\n\n<p>Wenn es keine Alternativen zum motorisierten Transport von Personen und Material gibt, solltest du Elektrofahrzeuge oder die effizientesten Fahrzeuge (Euro 6d-Norm, mindestens 48 Punkte in der Eco-Auto-Rangliste) bevorzugen. Du kannst auch das Material, das du mieten oder kaufen m\u00f6chtest, so ausw\u00e4hlen, dass die Transportentfernung zum Veranstaltungsort so gering wie m\u00f6glich ist, und Lieferanten aus deiner Region bevorzugen. Biete nach M\u00f6glichkeit nur kostenpflichtige Parkpl\u00e4tze f\u00fcr motorisierte Privatfahrzeuge an.<\/p>\n\n<div class=\"wp-block-buttons is-layout-flex wp-block-buttons-is-layout-flex\"><div class=\"wp-block-button has-custom-width wp-block-button__width-100\"><a class=\"wp-block-button__link has-white-color has-secondary-background-color has-text-color has-background has-link-color wp-element-button\" href=\"https:\/\/eventkit.ch\/?resource=schadstoffarme-fahrzeuge-waehlen-3\" target=\"_blank\" rel=\"noreferrer noopener\">Schadstoffarme Fahrzeuge w\u00e4hlen<\/a><\/div>\n\n<div class=\"wp-block-button has-custom-width wp-block-button__width-100\"><a class=\"wp-block-button__link has-white-color has-secondary-background-color has-text-color has-background has-link-color wp-element-button\" href=\"https:\/\/eventkit.ch\/?resource=einrichtung-eines-fahrgemeinschaftssystems\" target=\"_blank\" rel=\"noreferrer noopener\">Einrichtung von Fahrgemeinschaftssystemen<\/a><\/div>\n\n<div class=\"wp-block-button has-custom-width wp-block-button__width-100\"><a class=\"wp-block-button__link has-white-color has-secondary-background-color has-text-color has-background has-link-color wp-element-button\" href=\"https:\/\/eventkit.ch\/?resource=reduzierung-der-fahrten-von-teilnehmenden-und-organisatorinnen-mit-motorisierten-individualfahrzeugen\" target=\"_blank\" rel=\"noreferrer noopener\">Fahrten mit motorisierten Fahrzeugen reduzieren<\/a><\/div>\n\n<div class=\"wp-block-button has-custom-width wp-block-button__width-100\"><a class=\"wp-block-button__link has-white-color has-secondary-background-color has-text-color has-background has-link-color wp-element-button\" href=\"https:\/\/eventkit.ch\/?resource=organisation-der-parkflaechen\" target=\"_blank\" rel=\"noreferrer noopener\">Organisation der Parkfl\u00e4chen<\/a><\/div><\/div>\n\n<p><\/p>\n\n<h4 class=\"wp-block-heading has-secondary-font-family has-24-font-size\">Hilfreiche Links:<\/h4>\n\n<ul class=\"wp-block-list is-style-borderd\"><li><a href=\"https:\/\/eco-auto.info\/\" target=\"_blank\" rel=\"noreferrer noopener\">VCS: Eco-auto<\/a><\/li>\n\n<li><a href=\"https:\/\/www.verkehrskadett.ch\/home.html\" target=\"_blank\" rel=\"noreferrer noopener\">Schweizerischer Verkehrskadetten Verband<\/a><\/li>\n\n<li><a href=\"https:\/\/www.e-covoiturage.ch\/mobile\/index.php\" target=\"_blank\" rel=\"noreferrer noopener\">E-Covoiturage: Mitfahrgelegnehieten anbieten &amp; suchen<\/a><\/li><\/ul><\/div><\/div><\/section><section class=\"wp-block-group alignfull has-secondary-20-background-color has-background has-secondary-font-family has-24-font-size is-layout-constrained wp-block-group-is-layout-constrained\"><div style=\"border-radius:150px; padding-top:var(--wp--preset--spacing--50);padding-bottom:var(--wp--preset--spacing--50);padding-left:var(--wp--preset--spacing--50);padding-right:var(--wp--preset--spacing--50);\" class=\"ico-picker-block aligncenter wp-elements-1f0f9589ebd850535e7013f4b49de024 wp-block-sub-icon-picker has-text-color has-white-color has-background has-primary-background-color has-24-font-size\">\n    <span class=\"icon-download\"><\/span>\n    <\/div>\n\n<h2 class=\"wp-block-heading has-text-align-center\">Download gesamte Kriterienliste<\/h2>\n\n<p class=\"has-text-align-center is-style-subtitle\">mit 58 Kriterien in 9 Themenbereichen<\/p>\n\n<div class=\"wp-block-buttons is-content-justification-center is-layout-flex wp-container-core-buttons-is-layout-a89b3969 wp-block-buttons-is-layout-flex\"><?xml encoding=\"utf-8\" ?><div class=\"wp-block-button is-style-btn-secondary is-style-btn-secondary--5\"><a class=\"wp-block-button__link wp-element-button has-core-icon\" href=\"https:\/\/eventkit.ch\/wp-content\/uploads\/2026\/03\/Zielwerte-Eventkit.pdf\" target=\"_blank\" rel=\"noreferrer noopener\" style='--core-icon: url(\"https:\/\/eventkit.ch\/wp-content\/themes\/eventkit-wp\/gutenberg-dev\/assets\/badge-icons\/file-text.svg\");'>Als PDF<\/a><\/div>\n\n\n<?xml encoding=\"utf-8\" ?><div class=\"wp-block-button is-style-btn-primary is-style-btn-primary--6\"><a class=\"wp-block-button__link wp-element-button has-core-icon\" href=\"https:\/\/eventkit.ch\/wp-content\/uploads\/2026\/03\/Zielwerte-Eventkit.xlsx\" target=\"_blank\" rel=\"noreferrer noopener\" style='--core-icon: url(\"https:\/\/eventkit.ch\/wp-content\/themes\/eventkit-wp\/gutenberg-dev\/assets\/badge-icons\/file-text.svg\");'>Als Excel<\/a><\/div>\n<\/div><\/section>","protected":false},"excerpt":{"rendered":"<p>Die Verwendung von umweltfreundlichen Verkehrsmitteln ist f\u00fcr nachhaltige Events ein entscheidender Faktor, insbesondere f\u00fcr die CO2-Bilanz. Verg\u00fcnstigte oder inkludierte \u00d6V-Tickets, E-Shuttle oder Unterst\u00fctzung f\u00fcr Fussg\u00e4nger und Velofahrer &#8211; es gibt zahlreiche Massnahmen, die sich bei deinen Event umsetzen lassen. Reduktion des Flugverkehrs Flugmeilen reduzieren bedeutet Emission senken Nutzung des \u00f6ffentlichen Verkehrs f\u00f6rdern Eine Win-Win-Situation f\u00fcr [&hellip;]<\/p>\n","protected":false},"author":1,"featured_media":1123,"parent":684,"menu_order":0,"comment_status":"closed","ping_status":"closed","template":"page-no-title","meta":{"_sitemap_exclude":false,"_sitemap_priority":"","_sitemap_frequency":"","footnotes":""},"class_list":["post-700","page","type-page","status-publish","has-post-thumbnail","hentry"],"yoast_head":"<!-- This site is optimized with the Yoast SEO plugin v27.3 - https:\/\/yoast.com\/product\/yoast-seo-wordpress\/ -->\n<title>Verkehr &amp; Transport - EventKit<\/title>\n<meta name=\"robots\" content=\"index, follow, max-snippet:-1, max-image-preview:large, max-video-preview:-1\" \/>\n<link rel=\"canonical\" href=\"https:\/\/eventkit.ch\/?page_id=700\" \/>\n<meta property=\"og:locale\" content=\"de_DE\" \/>\n<meta property=\"og:type\" content=\"article\" \/>\n<meta property=\"og:title\" content=\"Verkehr &amp; Transport - EventKit\" \/>\n<meta property=\"og:description\" content=\"Die Verwendung von umweltfreundlichen Verkehrsmitteln ist f\u00fcr nachhaltige Events ein entscheidender Faktor, insbesondere f\u00fcr die CO2-Bilanz. Verg\u00fcnstigte oder inkludierte \u00d6V-Tickets, E-Shuttle oder Unterst\u00fctzung f\u00fcr Fussg\u00e4nger und Velofahrer &#8211; es gibt zahlreiche Massnahmen, die sich bei deinen Event umsetzen lassen. Reduktion des Flugverkehrs Flugmeilen reduzieren bedeutet Emission senken Nutzung des \u00f6ffentlichen Verkehrs f\u00f6rdern Eine Win-Win-Situation f\u00fcr [&hellip;]\" \/>\n<meta property=\"og:url\" content=\"https:\/\/eventkit.ch\/?page_id=700\" \/>\n<meta property=\"og:site_name\" content=\"EventKit\" \/>\n<meta property=\"article:modified_time\" content=\"2026-04-07T14:42:04+00:00\" \/>\n<meta property=\"og:image\" content=\"https:\/\/eventkit.ch\/wp-content\/uploads\/2025\/11\/Verkehr-Transport-edited.png\" \/>\n\t<meta property=\"og:image:width\" content=\"720\" \/>\n\t<meta property=\"og:image:height\" content=\"480\" \/>\n\t<meta property=\"og:image:type\" content=\"image\/png\" \/>\n<meta name=\"twitter:card\" content=\"summary_large_image\" \/>\n<meta name=\"twitter:label1\" content=\"Gesch\u00e4tzte Lesezeit\" \/>\n\t<meta name=\"twitter:data1\" content=\"26\u00a0Minuten\" \/>\n<script type=\"application\/ld+json\" class=\"yoast-schema-graph\">{\"@context\":\"https:\\\/\\\/schema.org\",\"@graph\":[{\"@type\":\"WebPage\",\"@id\":\"https:\\\/\\\/eventkit.ch\\\/?page_id=700\",\"url\":\"https:\\\/\\\/eventkit.ch\\\/?page_id=700\",\"name\":\"Verkehr &amp; Transport - EventKit\",\"isPartOf\":{\"@id\":\"https:\\\/\\\/eventkit.ch\\\/#website\"},\"primaryImageOfPage\":{\"@id\":\"https:\\\/\\\/eventkit.ch\\\/?page_id=700#primaryimage\"},\"image\":{\"@id\":\"https:\\\/\\\/eventkit.ch\\\/?page_id=700#primaryimage\"},\"thumbnailUrl\":\"https:\\\/\\\/eventkit.ch\\\/wp-content\\\/uploads\\\/2025\\\/11\\\/Verkehr-Transport-edited.png\",\"datePublished\":\"2025-11-18T13:40:32+00:00\",\"dateModified\":\"2026-04-07T14:42:04+00:00\",\"breadcrumb\":{\"@id\":\"https:\\\/\\\/eventkit.ch\\\/?page_id=700#breadcrumb\"},\"inLanguage\":\"de\",\"potentialAction\":[{\"@type\":\"ReadAction\",\"target\":[\"https:\\\/\\\/eventkit.ch\\\/?page_id=700\"]}]},{\"@type\":\"ImageObject\",\"inLanguage\":\"de\",\"@id\":\"https:\\\/\\\/eventkit.ch\\\/?page_id=700#primaryimage\",\"url\":\"https:\\\/\\\/eventkit.ch\\\/wp-content\\\/uploads\\\/2025\\\/11\\\/Verkehr-Transport-edited.png\",\"contentUrl\":\"https:\\\/\\\/eventkit.ch\\\/wp-content\\\/uploads\\\/2025\\\/11\\\/Verkehr-Transport-edited.png\",\"width\":720,\"height\":480,\"caption\":\"\u00a9 Unsplash: Joshua Fernandez\"},{\"@type\":\"BreadcrumbList\",\"@id\":\"https:\\\/\\\/eventkit.ch\\\/?page_id=700#breadcrumb\",\"itemListElement\":[{\"@type\":\"ListItem\",\"position\":1,\"name\":\"Home\",\"item\":\"https:\\\/\\\/eventkit.ch\\\/\"},{\"@type\":\"ListItem\",\"position\":2,\"name\":\"Themen\",\"item\":\"https:\\\/\\\/eventkit.ch\\\/?page_id=684\"},{\"@type\":\"ListItem\",\"position\":3,\"name\":\"Verkehr &amp; Transport\"}]},{\"@type\":\"WebSite\",\"@id\":\"https:\\\/\\\/eventkit.ch\\\/#website\",\"url\":\"https:\\\/\\\/eventkit.ch\\\/\",\"name\":\"EventKit\",\"description\":\"Nachhaltigkeit, die wirkt: Dein Event im Check.\",\"publisher\":{\"@id\":\"https:\\\/\\\/eventkit.ch\\\/#organization\"},\"potentialAction\":[{\"@type\":\"SearchAction\",\"target\":{\"@type\":\"EntryPoint\",\"urlTemplate\":\"https:\\\/\\\/eventkit.ch\\\/?s={search_term_string}\"},\"query-input\":{\"@type\":\"PropertyValueSpecification\",\"valueRequired\":true,\"valueName\":\"search_term_string\"}}],\"inLanguage\":\"de\"},{\"@type\":\"Organization\",\"@id\":\"https:\\\/\\\/eventkit.ch\\\/#organization\",\"name\":\"EventKit\",\"url\":\"https:\\\/\\\/eventkit.ch\\\/\",\"logo\":{\"@type\":\"ImageObject\",\"inLanguage\":\"de\",\"@id\":\"https:\\\/\\\/eventkit.ch\\\/#\\\/schema\\\/logo\\\/image\\\/\",\"url\":\"https:\\\/\\\/eventkit.ch\\\/wp-content\\\/uploads\\\/2025\\\/11\\\/android-icon-144x144-1.png\",\"contentUrl\":\"https:\\\/\\\/eventkit.ch\\\/wp-content\\\/uploads\\\/2025\\\/11\\\/android-icon-144x144-1.png\",\"width\":144,\"height\":144,\"caption\":\"EventKit\"},\"image\":{\"@id\":\"https:\\\/\\\/eventkit.ch\\\/#\\\/schema\\\/logo\\\/image\\\/\"}}]}<\/script>\n<!-- \/ Yoast SEO plugin. -->","yoast_head_json":{"title":"Verkehr &amp; Transport - EventKit","robots":{"index":"index","follow":"follow","max-snippet":"max-snippet:-1","max-image-preview":"max-image-preview:large","max-video-preview":"max-video-preview:-1"},"canonical":"https:\/\/eventkit.ch\/?page_id=700","og_locale":"de_DE","og_type":"article","og_title":"Verkehr &amp; Transport - EventKit","og_description":"Die Verwendung von umweltfreundlichen Verkehrsmitteln ist f\u00fcr nachhaltige Events ein entscheidender Faktor, insbesondere f\u00fcr die CO2-Bilanz. Verg\u00fcnstigte oder inkludierte \u00d6V-Tickets, E-Shuttle oder Unterst\u00fctzung f\u00fcr Fussg\u00e4nger und Velofahrer &#8211; es gibt zahlreiche Massnahmen, die sich bei deinen Event umsetzen lassen. Reduktion des Flugverkehrs Flugmeilen reduzieren bedeutet Emission senken Nutzung des \u00f6ffentlichen Verkehrs f\u00f6rdern Eine Win-Win-Situation f\u00fcr [&hellip;]","og_url":"https:\/\/eventkit.ch\/?page_id=700","og_site_name":"EventKit","article_modified_time":"2026-04-07T14:42:04+00:00","og_image":[{"width":720,"height":480,"url":"https:\/\/eventkit.ch\/wp-content\/uploads\/2025\/11\/Verkehr-Transport-edited.png","type":"image\/png"}],"twitter_card":"summary_large_image","twitter_misc":{"Gesch\u00e4tzte Lesezeit":"26\u00a0Minuten"},"schema":{"@context":"https:\/\/schema.org","@graph":[{"@type":"WebPage","@id":"https:\/\/eventkit.ch\/?page_id=700","url":"https:\/\/eventkit.ch\/?page_id=700","name":"Verkehr &amp; Transport - EventKit","isPartOf":{"@id":"https:\/\/eventkit.ch\/#website"},"primaryImageOfPage":{"@id":"https:\/\/eventkit.ch\/?page_id=700#primaryimage"},"image":{"@id":"https:\/\/eventkit.ch\/?page_id=700#primaryimage"},"thumbnailUrl":"https:\/\/eventkit.ch\/wp-content\/uploads\/2025\/11\/Verkehr-Transport-edited.png","datePublished":"2025-11-18T13:40:32+00:00","dateModified":"2026-04-07T14:42:04+00:00","breadcrumb":{"@id":"https:\/\/eventkit.ch\/?page_id=700#breadcrumb"},"inLanguage":"de","potentialAction":[{"@type":"ReadAction","target":["https:\/\/eventkit.ch\/?page_id=700"]}]},{"@type":"ImageObject","inLanguage":"de","@id":"https:\/\/eventkit.ch\/?page_id=700#primaryimage","url":"https:\/\/eventkit.ch\/wp-content\/uploads\/2025\/11\/Verkehr-Transport-edited.png","contentUrl":"https:\/\/eventkit.ch\/wp-content\/uploads\/2025\/11\/Verkehr-Transport-edited.png","width":720,"height":480,"caption":"\u00a9 Unsplash: Joshua Fernandez"},{"@type":"BreadcrumbList","@id":"https:\/\/eventkit.ch\/?page_id=700#breadcrumb","itemListElement":[{"@type":"ListItem","position":1,"name":"Home","item":"https:\/\/eventkit.ch\/"},{"@type":"ListItem","position":2,"name":"Themen","item":"https:\/\/eventkit.ch\/?page_id=684"},{"@type":"ListItem","position":3,"name":"Verkehr &amp; Transport"}]},{"@type":"WebSite","@id":"https:\/\/eventkit.ch\/#website","url":"https:\/\/eventkit.ch\/","name":"EventKit","description":"Nachhaltigkeit, die wirkt: Dein Event im Check.","publisher":{"@id":"https:\/\/eventkit.ch\/#organization"},"potentialAction":[{"@type":"SearchAction","target":{"@type":"EntryPoint","urlTemplate":"https:\/\/eventkit.ch\/?s={search_term_string}"},"query-input":{"@type":"PropertyValueSpecification","valueRequired":true,"valueName":"search_term_string"}}],"inLanguage":"de"},{"@type":"Organization","@id":"https:\/\/eventkit.ch\/#organization","name":"EventKit","url":"https:\/\/eventkit.ch\/","logo":{"@type":"ImageObject","inLanguage":"de","@id":"https:\/\/eventkit.ch\/#\/schema\/logo\/image\/","url":"https:\/\/eventkit.ch\/wp-content\/uploads\/2025\/11\/android-icon-144x144-1.png","contentUrl":"https:\/\/eventkit.ch\/wp-content\/uploads\/2025\/11\/android-icon-144x144-1.png","width":144,"height":144,"caption":"EventKit"},"image":{"@id":"https:\/\/eventkit.ch\/#\/schema\/logo\/image\/"}}]}},"_links":{"self":[{"href":"https:\/\/eventkit.ch\/index.php?rest_route=\/wp\/v2\/pages\/700","targetHints":{"allow":["GET"]}}],"collection":[{"href":"https:\/\/eventkit.ch\/index.php?rest_route=\/wp\/v2\/pages"}],"about":[{"href":"https:\/\/eventkit.ch\/index.php?rest_route=\/wp\/v2\/types\/page"}],"author":[{"embeddable":true,"href":"https:\/\/eventkit.ch\/index.php?rest_route=\/wp\/v2\/users\/1"}],"replies":[{"embeddable":true,"href":"https:\/\/eventkit.ch\/index.php?rest_route=%2Fwp%2Fv2%2Fcomments&post=700"}],"version-history":[{"count":91,"href":"https:\/\/eventkit.ch\/index.php?rest_route=\/wp\/v2\/pages\/700\/revisions"}],"predecessor-version":[{"id":3763,"href":"https:\/\/eventkit.ch\/index.php?rest_route=\/wp\/v2\/pages\/700\/revisions\/3763"}],"up":[{"embeddable":true,"href":"https:\/\/eventkit.ch\/index.php?rest_route=\/wp\/v2\/pages\/684"}],"wp:featuredmedia":[{"embeddable":true,"href":"https:\/\/eventkit.ch\/index.php?rest_route=\/wp\/v2\/media\/1123"}],"wp:attachment":[{"href":"https:\/\/eventkit.ch\/index.php?rest_route=%2Fwp%2Fv2%2Fmedia&parent=700"}],"curies":[{"name":"wp","href":"https:\/\/api.w.org\/{rel}","templated":true}]}}