{"id":688,"date":"2025-11-18T13:38:40","date_gmt":"2025-11-18T13:38:40","guid":{"rendered":"https:\/\/eventkit.ch\/?page_id=688"},"modified":"2026-04-15T14:53:03","modified_gmt":"2026-04-15T12:53:03","slug":"management-kommunikation","status":"publish","type":"page","link":"https:\/\/eventkit.ch\/?page_id=688","title":{"rendered":"Management &amp; Kommunikation"},"content":{"rendered":"<div class=\"wp-block-group alignfull is-layout-constrained wp-block-group-is-layout-constrained\" style=\"padding-top:var(--wp--preset--spacing--40);padding-bottom:var(--wp--preset--spacing--60)\"><figure class=\"wp-block-image aligncenter size-full\"><img decoding=\"async\" src=\"https:\/\/eventkit.ch\/wp-content\/uploads\/2025\/12\/Test-Icons_Eventkit_250922-07.svg\" alt=\"\" class=\"wp-image-1539\"\/><\/figure>\n\n<h1 class=\"has-text-align-center wp-block-post-title\">Management &amp; Kommunikation<\/h1>\n\n<p class=\"has-text-align-center is-style-subtitle\">Alles beginnt mit einer guten Planung und klaren Verantwortlichkeiten. Beides sind die Schl\u00fcssel zum Erfolg f\u00fcr die Nachhaltigkeit deiner Veranstaltung.<\/p><\/div><section class=\"wp-block-group alignfull has-green-light-background-color has-background has-15-font-size is-layout-constrained wp-block-group-is-layout-constrained\"><h2 class=\"wp-block-heading has-text-align-center\">Konzept erstellen, Verantwortung regeln<\/h2>\n\n<p class=\"has-text-align-center is-style-subtitle has-30-font-size\">Durchdacht und gut geplant &#8211; ein Mehrwert f\u00fcr alle Beteiligten<\/p>\n\n<div class=\"wp-bootstrap-blocks-row row\">\n\t\n<div class=\"col-12 col-md-5\">\n\t\t\t\n<p class=\"has-18-font-size\">Ein glaubw\u00fcrdiges Engagement f\u00fcr Nachhaltigkeit erfordert einen systematischen Ansatz: Das Thema sollte so fr\u00fch wie m\u00f6glich in die Planung einfliessen und Ziele in einem Konzept verankert sein. Mindestens eine Person muss verantwortlich sein und alle Schl\u00fcsselakteure m\u00fcssen rechtzeitig eingebunden werden.<\/p>\n\n<p><\/p>\n\n<h4 class=\"wp-block-heading has-secondary-font-family has-24-font-size\">In diesen Merkbl\u00e4ttern findest du vertiefende Informationen:<\/h4>\n\n<div class=\"wp-block-buttons is-layout-flex wp-block-buttons-is-layout-flex\"><div class=\"wp-block-button has-custom-width wp-block-button__width-75 is-style-btn-primary is-style-btn-primary--1\"><a class=\"wp-block-button__link has-general-font-family has-14-font-size has-custom-font-size wp-element-button\" href=\"https:\/\/eventkit.ch\/?resource=festlegung-der-ziele\" style=\"padding-right:0;padding-left:0\" target=\"_blank\" rel=\"noreferrer noopener\">Ziele festlegen<\/a><\/div>\n\n<div class=\"wp-block-button has-custom-width wp-block-button__width-75 is-style-btn-primary is-style-btn-primary--2\"><a class=\"wp-block-button__link has-general-font-family has-14-font-size has-custom-font-size wp-element-button\" href=\"https:\/\/eventkit.ch\/?resource=massnahmen-definieren\" style=\"padding-right:0;padding-left:0\" target=\"_blank\" rel=\"noreferrer noopener\">Massnahmen ausw\u00e4hlen<\/a><\/div><\/div>\n\n<p><\/p>\n\n<p><\/p>\n\n<h4 class=\"wp-block-heading has-secondary-font-family has-24-font-size\">Hilfreiche Links:<\/h4>\n\n<ul style=\"margin-top:0;margin-bottom:0\" class=\"wp-block-list is-style-borderd has-secondary-font-family\"><li style=\"border-style:none;border-width:0px;margin-top:var(--wp--preset--spacing--30);margin-bottom:var(--wp--preset--spacing--30)\"><a href=\"https:\/\/eventkit.ch\/wp-content\/uploads\/2026\/01\/260105-Zielwerte-EP2_fuer-Export.xlsx\" target=\"_blank\" rel=\"noreferrer noopener\">Download Kriterienliste Eventkit<\/a><\/li>\n\n<li><a href=\"https:\/\/www.hslu.ch\/de-ch\/wirtschaft\/ueber-uns\/institute\/itm\/themen\/sport-economics\/niv\/\" target=\"_blank\" rel=\"noreferrer noopener\">HS Luzern Leitfaden<\/a><\/li>\n\n<li style=\"border-style:none;border-width:0px;margin-top:var(--wp--preset--spacing--30);margin-bottom:var(--wp--preset--spacing--30)\"><a href=\"https:\/\/labor-tempelhof.org\/projektbausteine\/guidebook-veranstaltungsbranche\/\" target=\"_blank\" rel=\"noreferrer noopener\">F\u00fcr Open-Airs: Beispiel Berlin Tempelhof<\/a><\/li>\n\n<li style=\"border-style:none;border-width:0px;margin-top:var(--wp--preset--spacing--30);margin-bottom:var(--wp--preset--spacing--30)\"><a href=\"https:\/\/responsible-events-network.ch\/activites\/\" target=\"_blank\" rel=\"noreferrer noopener\">Responsible Events Network<\/a><\/li>\n\n<li style=\"border-style:none;border-width:0px;margin-top:var(--wp--preset--spacing--30);margin-bottom:var(--wp--preset--spacing--30)\"><a href=\"https:\/\/www.kvu.ch\/de\/adressen\" target=\"_blank\" rel=\"noreferrer noopener\">Kantonale Umweltschutz\u00e4mter<\/a><\/li><\/ul>\n\n<ul style=\"margin-top:0;margin-bottom:0\" class=\"wp-block-list is-style-borderd has-secondary-font-family\"><li style=\"border-style:none;border-width:0px;margin-top:var(--wp--preset--spacing--30);margin-bottom:var(--wp--preset--spacing--30)\">F\u00fcr den Bereich Kultur:<\/li>\n\n<li><a href=\"https:\/\/business.toolbox-agenda2030.ch\/de\/\" target=\"_blank\" rel=\"noreferrer noopener\">Tools und Tipps f\u00fcr mehr Nachhaltigkeit im Kulturschaffen<\/a><\/li>\n\n<li><a href=\"https:\/\/reflector.eco\/de\/green-guide\/\" target=\"_blank\" rel=\"noreferrer noopener\">Green Guide Reflector<\/a><\/li>\n\n<li><a href=\"https:\/\/tatenbank.org\/\" target=\"_blank\" rel=\"noreferrer noopener\">Tatenbank &#8211; Aktionsplattform f\u00fcr nachhaltige Kultur&nbsp;<\/a><\/li>\n\n<li><a href=\"https:\/\/tatenbank.org\/\" target=\"_blank\" rel=\"noreferrer noopener\">Individuellen Aktionsplan f\u00fcr Kulturbetriebe erstellen<\/a><\/li>\n\n<li><a href=\"http:\/\/www.museums.ch\/admin\/data\/files\/media\/file_de\/430\/vms_nachhaltigkeit_d_web.pdf?lm=1699971755\" target=\"_blank\" rel=\"noreferrer noopener\">VMS Publikation \u201e\u00d6kologische Nachhaltigkeit im Museum&#8220;<\/a><\/li>\n\n<li><a href=\"http:\/\/\" target=\"_blank\" rel=\"noreferrer noopener\">Happy Museum<\/a><\/li><\/ul>\n\t<\/div>\n\n<div class=\"col-12 col-md-7\">\n\t\t\t\n<figure class=\"wp-block-image size-full has-custom-border\"><img loading=\"lazy\" decoding=\"async\" width=\"2560\" height=\"1707\" src=\"https:\/\/eventkit.ch\/wp-content\/uploads\/2026\/02\/closeup-business-woman-hand-typing-laptop-keyboard-scaled.jpg\" alt=\"\" class=\"wp-image-3350\" style=\"border-radius:8px\" srcset=\"https:\/\/eventkit.ch\/wp-content\/uploads\/2026\/02\/closeup-business-woman-hand-typing-laptop-keyboard-scaled.jpg 2560w, https:\/\/eventkit.ch\/wp-content\/uploads\/2026\/02\/closeup-business-woman-hand-typing-laptop-keyboard-300x200.jpg 300w, https:\/\/eventkit.ch\/wp-content\/uploads\/2026\/02\/closeup-business-woman-hand-typing-laptop-keyboard-1024x683.jpg 1024w, https:\/\/eventkit.ch\/wp-content\/uploads\/2026\/02\/closeup-business-woman-hand-typing-laptop-keyboard-768x512.jpg 768w, https:\/\/eventkit.ch\/wp-content\/uploads\/2026\/02\/closeup-business-woman-hand-typing-laptop-keyboard-1536x1024.jpg 1536w, https:\/\/eventkit.ch\/wp-content\/uploads\/2026\/02\/closeup-business-woman-hand-typing-laptop-keyboard-2048x1365.jpg 2048w\" sizes=\"auto, (max-width: 2560px) 100vw, 2560px\" \/><figcaption class=\"wp-element-caption\">Freepik von @jannoon028<\/figcaption><\/figure>\n\n<h3 class=\"wp-block-heading has-secondary-font-family has-22-font-size\">Zugeh\u00f6rige Kriterien im Eventkit:<\/h3>\n\n<p>1.1. Eine verantwortliche Person f\u00fcr den Bereich Nachhaltigkeit ist bestimmt. Idealerweise ist sie im Kern-OK integriert.<\/p>\n\n<p>1.2. Ein Nachhaltigkeitskonzept ist vorhanden.<\/p>\n\t<\/div>\n<\/div><\/section><section class=\"wp-block-group alignfull has-orange-lighter-background-color has-background has-15-font-size is-layout-constrained wp-block-group-is-layout-constrained\"><h2 class=\"wp-block-heading has-text-align-center\">Messen und sich kontinuierlich verbessern<\/h2>\n\n<p class=\"has-text-align-center is-style-subtitle has-30-font-size\">Der Mehrwert vom Debriefing<\/p>\n\n<div class=\"wp-bootstrap-blocks-row row\">\n\t\n<div class=\"col-12 col-md-5\">\n\t\t\t\n<p class=\"has-18-font-size\">Die Bilanz einer Veranstaltung ist entscheidend, um den Erfolg der ergriffenen Massnahmen zu bewerten, Verbesserungsm\u00f6glichkeiten zu identifizieren und diese f\u00fcr zuk\u00fcnftige Ausgaben nutzbar zu machen.<\/p>\n\n<p><\/p>\n\n<h4 class=\"wp-block-heading has-secondary-font-family has-24-font-size\">In diesem Merkblatt findest du vertiefende Informationen:<\/h4>\n\n<p><\/p>\n\n<div class=\"wp-block-buttons is-layout-flex wp-block-buttons-is-layout-flex\"><div class=\"wp-block-button has-custom-width wp-block-button__width-75 is-style-btn-secondary is-style-btn-secondary--3\"><a class=\"wp-block-button__link has-14-font-size has-custom-font-size wp-element-button\" href=\"https:\/\/eventkit.ch\/?resource=bilanz-ziehen\" target=\"_blank\" rel=\"noreferrer noopener\">Bilanz ziehen<\/a><\/div><\/div>\n\n<p><\/p>\n\n<h4 class=\"wp-block-heading has-secondary-font-family has-24-font-size\">Hilfreiche Links:<\/h4>\n\n<ul class=\"wp-block-list is-style-borderd\"><li><a href=\"https:\/\/asvz.ch\/sites\/default\/files\/imce\/documents\/_GROSSANL%C3%84SSE\/SOLA-Stafette\/Nachhaltigkeitsbericht_SOLA_Stafette_2018_light.pdf\" target=\"_blank\" rel=\"noreferrer noopener\">Beispiel NH-Konzept SOLA 2018<\/a><\/li>\n\n<li><a href=\"https:\/\/www.bfs.admin.ch\/bfs\/de\/home\/statistiken\/nachhaltige-entwicklung\/cercle-indicateurs.html\" target=\"_blank\" rel=\"noreferrer noopener\">Cercle Indicateurs: Indikatoren nachhaltige Entwicklung<\/a><\/li><\/ul>\n\t<\/div>\n\n<div class=\"col-12 col-md-7\">\n\t\t\t\n<figure class=\"wp-block-image size-full has-custom-border\"><img loading=\"lazy\" decoding=\"async\" width=\"2560\" height=\"1707\" src=\"https:\/\/eventkit.ch\/wp-content\/uploads\/2025\/12\/IMG_2264-edited-scaled.jpg\" alt=\"\" class=\"wp-image-1920\" style=\"border-radius:8px\" srcset=\"https:\/\/eventkit.ch\/wp-content\/uploads\/2025\/12\/IMG_2264-edited-scaled.jpg 2560w, https:\/\/eventkit.ch\/wp-content\/uploads\/2025\/12\/IMG_2264-edited-300x200.jpg 300w, https:\/\/eventkit.ch\/wp-content\/uploads\/2025\/12\/IMG_2264-edited-1024x683.jpg 1024w, https:\/\/eventkit.ch\/wp-content\/uploads\/2025\/12\/IMG_2264-edited-768x512.jpg 768w, https:\/\/eventkit.ch\/wp-content\/uploads\/2025\/12\/IMG_2264-edited-1536x1024.jpg 1536w, https:\/\/eventkit.ch\/wp-content\/uploads\/2025\/12\/IMG_2264-edited-2048x1365.jpg 2048w\" sizes=\"auto, (max-width: 2560px) 100vw, 2560px\" \/><figcaption class=\"wp-element-caption\">\u00a9 pluswert &#8211; Christof Dietler<\/figcaption><\/figure>\n\n<h3 class=\"wp-block-heading has-secondary-font-family has-24-font-size\">Zugeh\u00f6rige Kriterien im Eventkit:<\/h3>\n\n<p>1.3. Umsetzung und Wirkung der Nachhaltigkeitsmassnahmen werden nach dem Event evaluiert.<\/p>\n\t<\/div>\n<\/div><\/section><section class=\"wp-block-group alignfull is-layout-constrained wp-block-group-is-layout-constrained\"><h2 class=\"wp-block-heading has-text-align-center\">Weitere Themen<\/h2>\n\n<p class=\"has-text-align-center is-style-subtitle\">zum Bereich Management &amp; Kommunikation<\/p>\n\n<div class=\"wp-block-columns is-layout-flex wp-container-core-columns-is-layout-28f84493 wp-block-columns-is-layout-flex\"><div class=\"wp-block-column is-layout-flow wp-block-column-is-layout-flow\"><div class=\"wp-block-group is-layout-constrained wp-block-group-is-layout-constrained\"><figure class=\"wp-block-image size-full has-custom-border\"><img loading=\"lazy\" decoding=\"async\" width=\"1102\" height=\"735\" src=\"https:\/\/eventkit.ch\/wp-content\/uploads\/2025\/12\/image.jpg\" alt=\"\" class=\"wp-image-1922\" style=\"border-radius:10px\" srcset=\"https:\/\/eventkit.ch\/wp-content\/uploads\/2025\/12\/image.jpg 1102w, https:\/\/eventkit.ch\/wp-content\/uploads\/2025\/12\/image-300x200.jpg 300w, https:\/\/eventkit.ch\/wp-content\/uploads\/2025\/12\/image-1024x683.jpg 1024w, https:\/\/eventkit.ch\/wp-content\/uploads\/2025\/12\/image-768x512.jpg 768w\" sizes=\"auto, (max-width: 1102px) 100vw, 1102px\" \/><figcaption class=\"wp-element-caption\">\u00a9 SOLA Basel<\/figcaption><\/figure>\n\n<p><\/p>\n\n<h3 class=\"wp-block-heading has-28-font-size\" style=\"margin-top:10px;margin-bottom:10px\">Intern informieren und motivieren<\/h3>\n\n<p><\/p>\n\n<p class=\"has-18-font-size\">Eine transparente Kommunikation und die Einbindung interner Beteiligter und Anspruchsgruppen wie z.B. Sponsoren st\u00e4rkt das Engagement f\u00fcr Nachhaltigkeit, verbessert das Verst\u00e4ndnis f\u00fcr Ziele und Massnahmen und erh\u00f6ht so die Relevanz und Koh\u00e4renz der umgesetzten Massnahmen.<\/p>\n\n<div class=\"wp-block-buttons is-layout-flex wp-block-buttons-is-layout-flex\"><div class=\"wp-block-button has-custom-width wp-block-button__width-100\"><a class=\"wp-block-button__link has-white-color has-primary-background-color has-text-color has-background has-link-color wp-element-button\" href=\"https:\/\/eventkit.ch\/?resource=kommunikation-und-wissenstransfer\" target=\"_blank\" rel=\"noreferrer noopener\">Kommunikation und Wissenstransfer<\/a><\/div>\n\n<div class=\"wp-block-button has-custom-width wp-block-button__width-100\"><a class=\"wp-block-button__link has-white-color has-primary-background-color has-text-color has-background has-link-color wp-element-button\" href=\"https:\/\/eventkit.ch\/?resource=kommunikation-der-nachhaltigkeitsverpflichtung\" target=\"_blank\" rel=\"noreferrer noopener\">Kommunikation der Nachhaltigkeitsverpflichtungen<\/a><\/div>\n\n<div class=\"wp-block-button has-custom-width wp-block-button__width-100\"><a class=\"wp-block-button__link has-white-color has-primary-background-color has-text-color has-background has-link-color wp-element-button\" href=\"https:\/\/eventkit.ch\/?resource=buendelung-des-engagements-im-organisationskomitee\" target=\"_blank\" rel=\"noreferrer noopener\">Bu\u0308ndelung Interesse des Organisationskomitees<\/a><\/div>\n\n<div class=\"wp-block-button has-custom-width wp-block-button__width-100\"><a class=\"wp-block-button__link has-white-color has-primary-background-color has-text-color has-background has-link-color wp-element-button\" href=\"https:\/\/eventkit.ch\/?resource=sensibilisierung-interner-beteiligter\" target=\"_blank\" rel=\"noreferrer noopener\">Sensibilisierung interner Beteiligter<\/a><\/div>\n\n<div class=\"wp-block-button has-custom-width wp-block-button__width-100\"><a class=\"wp-block-button__link has-white-color has-primary-background-color has-text-color has-background has-link-color wp-element-button\" href=\"https:\/\/eventkit.ch\/?resource=koordination-information-und-sensibilisierung-von-freiwilligen-helferinnen-und-helfern\" target=\"_blank\" rel=\"noreferrer noopener\">Freiwillige betreuen, informieren und sensibilisieren<\/a><\/div>\n\n<div class=\"wp-block-button has-custom-width wp-block-button__width-100\"><a class=\"wp-block-button__link has-white-color has-primary-background-color has-text-color has-background has-link-color wp-element-button\" href=\"https:\/\/eventkit.ch\/?resource=information-und-sensibilisierung-der-oeffentlichkeit\" target=\"_blank\" rel=\"noreferrer noopener\">Publikum informieren und sensibilisieren<\/a><\/div>\n\n<div class=\"wp-block-button has-custom-width wp-block-button__width-100\"><a class=\"wp-block-button__link has-white-color has-primary-background-color has-text-color has-background has-link-color wp-element-button\" href=\"https:\/\/eventkit.ch\/?resource=einbindung-der-sponsorinnen-in-den-nachhaltigkeitsgedanken\" target=\"_blank\" rel=\"noreferrer noopener\">Einbindung der Sponsoren<\/a><\/div><\/div>\n\n<p><\/p>\n\n<h4 class=\"wp-block-heading has-secondary-font-family has-24-font-size\">Hilfreiche Links:<\/h4>\n\n<ul class=\"wp-block-list is-style-borderd\"><li><a href=\"https:\/\/musikfestwochen.ch\/nachhaltigkeit\/\" target=\"_blank\" rel=\"noreferrer noopener\">Winterthurer Musikfestwochen<\/a><\/li><\/ul><\/div>\n\n<p><\/p><\/div>\n\n<div class=\"wp-block-column is-layout-flow wp-block-column-is-layout-flow\"><figure class=\"wp-block-image size-full has-custom-border\"><img loading=\"lazy\" decoding=\"async\" width=\"1772\" height=\"1181\" src=\"https:\/\/eventkit.ch\/wp-content\/uploads\/2026\/04\/Gletscherfoto_Christof_pluswert_reduziert.jpg\" alt=\"\" class=\"wp-image-3774\" style=\"border-radius:10px\" srcset=\"https:\/\/eventkit.ch\/wp-content\/uploads\/2026\/04\/Gletscherfoto_Christof_pluswert_reduziert.jpg 1772w, https:\/\/eventkit.ch\/wp-content\/uploads\/2026\/04\/Gletscherfoto_Christof_pluswert_reduziert-300x200.jpg 300w, https:\/\/eventkit.ch\/wp-content\/uploads\/2026\/04\/Gletscherfoto_Christof_pluswert_reduziert-1024x682.jpg 1024w, https:\/\/eventkit.ch\/wp-content\/uploads\/2026\/04\/Gletscherfoto_Christof_pluswert_reduziert-768x512.jpg 768w, https:\/\/eventkit.ch\/wp-content\/uploads\/2026\/04\/Gletscherfoto_Christof_pluswert_reduziert-1536x1024.jpg 1536w\" sizes=\"auto, (max-width: 1772px) 100vw, 1772px\" \/><figcaption class=\"wp-element-caption\">\u00a9 pluswert &#8211; Christof Dietler<\/figcaption><\/figure>\n\n<p><\/p>\n\n<h3 class=\"wp-block-heading has-28-font-size\">Treibhausgas-Emissionen messen und reduzieren<\/h3>\n\n<p><\/p>\n\n<p class=\"has-18-font-size\">Der Klimawandel gilt als eine der gr\u00f6\u00dften \u00f6kologischen Herausforderungen. Vor dem Hintergrund der bereits sichtbaren Auswirkungen des Klimawandels auf Sport- und Kulturevents werden der Klimaschutz und die Klimaanpassung in der Zukunft noch bedeutsamer. Priorit\u00e4t sollte dabei die Vermeidung der Treibhausgasemissionen haben.<\/p>\n\n<div class=\"wp-block-buttons is-layout-flex wp-block-buttons-is-layout-flex\"><div class=\"wp-block-button has-custom-width wp-block-button__width-100\"><a class=\"wp-block-button__link has-white-color has-secondary-background-color has-text-color has-background has-link-color wp-element-button\" href=\"https:\/\/eventkit.ch\/?page_id=1730\" target=\"_blank\" rel=\"noreferrer noopener\">Wirkung messen<\/a><\/div><\/div>\n\n<p><\/p>\n\n<h4 class=\"wp-block-heading has-secondary-font-family has-24-font-size\">Hilfreiche Links:<\/h4>\n\n<ul class=\"wp-block-list is-style-borderd\"><li><a href=\"https:\/\/www.myclimate.org\/de-ch\/\" target=\"_blank\" rel=\"noreferrer noopener\">Myclimate<\/a><\/li>\n\n<li><a href=\"https:\/\/www.firstclimate.com\/leistungen\/co2-fussabdruck-berechnen\" target=\"_blank\" rel=\"noreferrer noopener\">First Climate<\/a><\/li>\n\n<li><a href=\"https:\/\/klima-kollekte.de\/\" target=\"_blank\" rel=\"noreferrer noopener\">Atmosfair (Deutschland)<\/a><\/li>\n\n<li><a href=\"https:\/\/klima-kollekte.de\/\" target=\"_blank\" rel=\"noreferrer noopener\">Klima-Kollete (Deutschland)<\/a><\/li><\/ul><\/div><\/div><\/section><section class=\"wp-block-group alignfull has-secondary-20-background-color has-background has-secondary-font-family has-24-font-size is-layout-constrained wp-block-group-is-layout-constrained\"><div style=\"border-radius:150px; padding-top:var(--wp--preset--spacing--50);padding-bottom:var(--wp--preset--spacing--50);padding-left:var(--wp--preset--spacing--50);padding-right:var(--wp--preset--spacing--50);\" class=\"ico-picker-block aligncenter wp-elements-1f0f9589ebd850535e7013f4b49de024 wp-block-sub-icon-picker has-text-color has-white-color has-background has-primary-background-color has-24-font-size\">\n    <span class=\"icon-download\"><\/span>\n    <\/div>\n\n<h2 class=\"wp-block-heading has-text-align-center\">Download gesamte Kriterienliste<\/h2>\n\n<p class=\"has-text-align-center is-style-subtitle\">mit 58 Kriterien in 9 Themenbereichen<\/p>\n\n<div class=\"wp-block-buttons is-content-justification-center is-layout-flex wp-container-core-buttons-is-layout-a89b3969 wp-block-buttons-is-layout-flex\"><?xml encoding=\"utf-8\" ?><div class=\"wp-block-button is-style-btn-secondary is-style-btn-secondary--4\"><a class=\"wp-block-button__link wp-element-button has-core-icon\" href=\"https:\/\/eventkit.ch\/wp-content\/uploads\/2026\/03\/Zielwerte-Eventkit.pdf\" target=\"_blank\" rel=\"noreferrer noopener\" style='--core-icon: url(\"https:\/\/eventkit.ch\/wp-content\/themes\/eventkit-wp\/gutenberg-dev\/assets\/badge-icons\/file-text.svg\");'>Als PDF<\/a><\/div>\n\n\n<?xml encoding=\"utf-8\" ?><div class=\"wp-block-button is-style-btn-primary is-style-btn-primary--5\"><a class=\"wp-block-button__link wp-element-button has-core-icon\" href=\"https:\/\/eventkit.ch\/wp-content\/uploads\/2026\/03\/Zielwerte-Eventkit.xlsx\" target=\"_blank\" rel=\"noreferrer noopener\" style='--core-icon: url(\"https:\/\/eventkit.ch\/wp-content\/themes\/eventkit-wp\/gutenberg-dev\/assets\/badge-icons\/file-text.svg\");'>Als Excel<\/a><\/div>\n<\/div><\/section>","protected":false},"excerpt":{"rendered":"<p>Alles beginnt mit einer guten Planung und klaren Verantwortlichkeiten. Beides sind die Schl\u00fcssel zum Erfolg f\u00fcr die Nachhaltigkeit deiner Veranstaltung. Konzept erstellen, Verantwortung regeln Durchdacht und gut geplant &#8211; ein Mehrwert f\u00fcr alle Beteiligten Messen und sich kontinuierlich verbessern Der Mehrwert vom Debriefing Weitere Themen zum Bereich Management &amp; Kommunikation Intern informieren und motivieren Eine [&hellip;]<\/p>\n","protected":false},"author":1,"featured_media":3371,"parent":684,"menu_order":0,"comment_status":"closed","ping_status":"closed","template":"page-no-title","meta":{"_sitemap_exclude":false,"_sitemap_priority":"","_sitemap_frequency":"","footnotes":""},"class_list":["post-688","page","type-page","status-publish","has-post-thumbnail","hentry"],"yoast_head":"<!-- This site is optimized with the Yoast SEO plugin v27.3 - https:\/\/yoast.com\/product\/yoast-seo-wordpress\/ -->\n<title>Management &amp; Kommunikation - EventKit<\/title>\n<meta name=\"robots\" content=\"index, follow, max-snippet:-1, max-image-preview:large, max-video-preview:-1\" \/>\n<link rel=\"canonical\" href=\"https:\/\/eventkit.ch\/?page_id=688\" \/>\n<meta property=\"og:locale\" content=\"de_DE\" \/>\n<meta property=\"og:type\" content=\"article\" \/>\n<meta property=\"og:title\" content=\"Management &amp; Kommunikation - EventKit\" \/>\n<meta property=\"og:description\" content=\"Alles beginnt mit einer guten Planung und klaren Verantwortlichkeiten. Beides sind die Schl\u00fcssel zum Erfolg f\u00fcr die Nachhaltigkeit deiner Veranstaltung. Konzept erstellen, Verantwortung regeln Durchdacht und gut geplant &#8211; ein Mehrwert f\u00fcr alle Beteiligten Messen und sich kontinuierlich verbessern Der Mehrwert vom Debriefing Weitere Themen zum Bereich Management &amp; Kommunikation Intern informieren und motivieren Eine [&hellip;]\" \/>\n<meta property=\"og:url\" content=\"https:\/\/eventkit.ch\/?page_id=688\" \/>\n<meta property=\"og:site_name\" content=\"EventKit\" \/>\n<meta property=\"article:modified_time\" content=\"2026-04-15T12:53:03+00:00\" \/>\n<meta property=\"og:image\" content=\"https:\/\/eventkit.ch\/wp-content\/uploads\/2026\/02\/closeup-business-woman-hand-typing-laptop-keyboard-8-scaled.jpg\" \/>\n\t<meta property=\"og:image:width\" content=\"2560\" \/>\n\t<meta property=\"og:image:height\" content=\"1707\" \/>\n\t<meta property=\"og:image:type\" content=\"image\/jpeg\" \/>\n<meta name=\"twitter:card\" content=\"summary_large_image\" \/>\n<meta name=\"twitter:label1\" content=\"Gesch\u00e4tzte Lesezeit\" \/>\n\t<meta name=\"twitter:data1\" content=\"19\u00a0Minuten\" \/>\n<script type=\"application\/ld+json\" class=\"yoast-schema-graph\">{\"@context\":\"https:\\\/\\\/schema.org\",\"@graph\":[{\"@type\":\"WebPage\",\"@id\":\"https:\\\/\\\/eventkit.ch\\\/?page_id=688\",\"url\":\"https:\\\/\\\/eventkit.ch\\\/?page_id=688\",\"name\":\"Management &amp; Kommunikation - EventKit\",\"isPartOf\":{\"@id\":\"https:\\\/\\\/eventkit.ch\\\/#website\"},\"primaryImageOfPage\":{\"@id\":\"https:\\\/\\\/eventkit.ch\\\/?page_id=688#primaryimage\"},\"image\":{\"@id\":\"https:\\\/\\\/eventkit.ch\\\/?page_id=688#primaryimage\"},\"thumbnailUrl\":\"https:\\\/\\\/eventkit.ch\\\/wp-content\\\/uploads\\\/2026\\\/02\\\/closeup-business-woman-hand-typing-laptop-keyboard-8-scaled.jpg\",\"datePublished\":\"2025-11-18T13:38:40+00:00\",\"dateModified\":\"2026-04-15T12:53:03+00:00\",\"breadcrumb\":{\"@id\":\"https:\\\/\\\/eventkit.ch\\\/?page_id=688#breadcrumb\"},\"inLanguage\":\"de\",\"potentialAction\":[{\"@type\":\"ReadAction\",\"target\":[\"https:\\\/\\\/eventkit.ch\\\/?page_id=688\"]}]},{\"@type\":\"ImageObject\",\"inLanguage\":\"de\",\"@id\":\"https:\\\/\\\/eventkit.ch\\\/?page_id=688#primaryimage\",\"url\":\"https:\\\/\\\/eventkit.ch\\\/wp-content\\\/uploads\\\/2026\\\/02\\\/closeup-business-woman-hand-typing-laptop-keyboard-8-scaled.jpg\",\"contentUrl\":\"https:\\\/\\\/eventkit.ch\\\/wp-content\\\/uploads\\\/2026\\\/02\\\/closeup-business-woman-hand-typing-laptop-keyboard-8-scaled.jpg\",\"width\":2560,\"height\":1707,\"caption\":\"Freepik von @jannoon028\"},{\"@type\":\"BreadcrumbList\",\"@id\":\"https:\\\/\\\/eventkit.ch\\\/?page_id=688#breadcrumb\",\"itemListElement\":[{\"@type\":\"ListItem\",\"position\":1,\"name\":\"Home\",\"item\":\"https:\\\/\\\/eventkit.ch\\\/\"},{\"@type\":\"ListItem\",\"position\":2,\"name\":\"Themen\",\"item\":\"https:\\\/\\\/eventkit.ch\\\/?page_id=684\"},{\"@type\":\"ListItem\",\"position\":3,\"name\":\"Management &amp; Kommunikation\"}]},{\"@type\":\"WebSite\",\"@id\":\"https:\\\/\\\/eventkit.ch\\\/#website\",\"url\":\"https:\\\/\\\/eventkit.ch\\\/\",\"name\":\"EventKit\",\"description\":\"Nachhaltigkeit, die wirkt: Dein Event im Check.\",\"publisher\":{\"@id\":\"https:\\\/\\\/eventkit.ch\\\/#organization\"},\"potentialAction\":[{\"@type\":\"SearchAction\",\"target\":{\"@type\":\"EntryPoint\",\"urlTemplate\":\"https:\\\/\\\/eventkit.ch\\\/?s={search_term_string}\"},\"query-input\":{\"@type\":\"PropertyValueSpecification\",\"valueRequired\":true,\"valueName\":\"search_term_string\"}}],\"inLanguage\":\"de\"},{\"@type\":\"Organization\",\"@id\":\"https:\\\/\\\/eventkit.ch\\\/#organization\",\"name\":\"EventKit\",\"url\":\"https:\\\/\\\/eventkit.ch\\\/\",\"logo\":{\"@type\":\"ImageObject\",\"inLanguage\":\"de\",\"@id\":\"https:\\\/\\\/eventkit.ch\\\/#\\\/schema\\\/logo\\\/image\\\/\",\"url\":\"https:\\\/\\\/eventkit.ch\\\/wp-content\\\/uploads\\\/2025\\\/11\\\/android-icon-144x144-1.png\",\"contentUrl\":\"https:\\\/\\\/eventkit.ch\\\/wp-content\\\/uploads\\\/2025\\\/11\\\/android-icon-144x144-1.png\",\"width\":144,\"height\":144,\"caption\":\"EventKit\"},\"image\":{\"@id\":\"https:\\\/\\\/eventkit.ch\\\/#\\\/schema\\\/logo\\\/image\\\/\"}}]}<\/script>\n<!-- \/ Yoast SEO plugin. -->","yoast_head_json":{"title":"Management &amp; Kommunikation - EventKit","robots":{"index":"index","follow":"follow","max-snippet":"max-snippet:-1","max-image-preview":"max-image-preview:large","max-video-preview":"max-video-preview:-1"},"canonical":"https:\/\/eventkit.ch\/?page_id=688","og_locale":"de_DE","og_type":"article","og_title":"Management &amp; Kommunikation - EventKit","og_description":"Alles beginnt mit einer guten Planung und klaren Verantwortlichkeiten. Beides sind die Schl\u00fcssel zum Erfolg f\u00fcr die Nachhaltigkeit deiner Veranstaltung. Konzept erstellen, Verantwortung regeln Durchdacht und gut geplant &#8211; ein Mehrwert f\u00fcr alle Beteiligten Messen und sich kontinuierlich verbessern Der Mehrwert vom Debriefing Weitere Themen zum Bereich Management &amp; Kommunikation Intern informieren und motivieren Eine [&hellip;]","og_url":"https:\/\/eventkit.ch\/?page_id=688","og_site_name":"EventKit","article_modified_time":"2026-04-15T12:53:03+00:00","og_image":[{"width":2560,"height":1707,"url":"https:\/\/eventkit.ch\/wp-content\/uploads\/2026\/02\/closeup-business-woman-hand-typing-laptop-keyboard-8-scaled.jpg","type":"image\/jpeg"}],"twitter_card":"summary_large_image","twitter_misc":{"Gesch\u00e4tzte Lesezeit":"19\u00a0Minuten"},"schema":{"@context":"https:\/\/schema.org","@graph":[{"@type":"WebPage","@id":"https:\/\/eventkit.ch\/?page_id=688","url":"https:\/\/eventkit.ch\/?page_id=688","name":"Management &amp; Kommunikation - EventKit","isPartOf":{"@id":"https:\/\/eventkit.ch\/#website"},"primaryImageOfPage":{"@id":"https:\/\/eventkit.ch\/?page_id=688#primaryimage"},"image":{"@id":"https:\/\/eventkit.ch\/?page_id=688#primaryimage"},"thumbnailUrl":"https:\/\/eventkit.ch\/wp-content\/uploads\/2026\/02\/closeup-business-woman-hand-typing-laptop-keyboard-8-scaled.jpg","datePublished":"2025-11-18T13:38:40+00:00","dateModified":"2026-04-15T12:53:03+00:00","breadcrumb":{"@id":"https:\/\/eventkit.ch\/?page_id=688#breadcrumb"},"inLanguage":"de","potentialAction":[{"@type":"ReadAction","target":["https:\/\/eventkit.ch\/?page_id=688"]}]},{"@type":"ImageObject","inLanguage":"de","@id":"https:\/\/eventkit.ch\/?page_id=688#primaryimage","url":"https:\/\/eventkit.ch\/wp-content\/uploads\/2026\/02\/closeup-business-woman-hand-typing-laptop-keyboard-8-scaled.jpg","contentUrl":"https:\/\/eventkit.ch\/wp-content\/uploads\/2026\/02\/closeup-business-woman-hand-typing-laptop-keyboard-8-scaled.jpg","width":2560,"height":1707,"caption":"Freepik von @jannoon028"},{"@type":"BreadcrumbList","@id":"https:\/\/eventkit.ch\/?page_id=688#breadcrumb","itemListElement":[{"@type":"ListItem","position":1,"name":"Home","item":"https:\/\/eventkit.ch\/"},{"@type":"ListItem","position":2,"name":"Themen","item":"https:\/\/eventkit.ch\/?page_id=684"},{"@type":"ListItem","position":3,"name":"Management &amp; Kommunikation"}]},{"@type":"WebSite","@id":"https:\/\/eventkit.ch\/#website","url":"https:\/\/eventkit.ch\/","name":"EventKit","description":"Nachhaltigkeit, die wirkt: Dein Event im Check.","publisher":{"@id":"https:\/\/eventkit.ch\/#organization"},"potentialAction":[{"@type":"SearchAction","target":{"@type":"EntryPoint","urlTemplate":"https:\/\/eventkit.ch\/?s={search_term_string}"},"query-input":{"@type":"PropertyValueSpecification","valueRequired":true,"valueName":"search_term_string"}}],"inLanguage":"de"},{"@type":"Organization","@id":"https:\/\/eventkit.ch\/#organization","name":"EventKit","url":"https:\/\/eventkit.ch\/","logo":{"@type":"ImageObject","inLanguage":"de","@id":"https:\/\/eventkit.ch\/#\/schema\/logo\/image\/","url":"https:\/\/eventkit.ch\/wp-content\/uploads\/2025\/11\/android-icon-144x144-1.png","contentUrl":"https:\/\/eventkit.ch\/wp-content\/uploads\/2025\/11\/android-icon-144x144-1.png","width":144,"height":144,"caption":"EventKit"},"image":{"@id":"https:\/\/eventkit.ch\/#\/schema\/logo\/image\/"}}]}},"_links":{"self":[{"href":"https:\/\/eventkit.ch\/index.php?rest_route=\/wp\/v2\/pages\/688","targetHints":{"allow":["GET"]}}],"collection":[{"href":"https:\/\/eventkit.ch\/index.php?rest_route=\/wp\/v2\/pages"}],"about":[{"href":"https:\/\/eventkit.ch\/index.php?rest_route=\/wp\/v2\/types\/page"}],"author":[{"embeddable":true,"href":"https:\/\/eventkit.ch\/index.php?rest_route=\/wp\/v2\/users\/1"}],"replies":[{"embeddable":true,"href":"https:\/\/eventkit.ch\/index.php?rest_route=%2Fwp%2Fv2%2Fcomments&post=688"}],"version-history":[{"count":49,"href":"https:\/\/eventkit.ch\/index.php?rest_route=\/wp\/v2\/pages\/688\/revisions"}],"predecessor-version":[{"id":3779,"href":"https:\/\/eventkit.ch\/index.php?rest_route=\/wp\/v2\/pages\/688\/revisions\/3779"}],"up":[{"embeddable":true,"href":"https:\/\/eventkit.ch\/index.php?rest_route=\/wp\/v2\/pages\/684"}],"wp:featuredmedia":[{"embeddable":true,"href":"https:\/\/eventkit.ch\/index.php?rest_route=\/wp\/v2\/media\/3371"}],"wp:attachment":[{"href":"https:\/\/eventkit.ch\/index.php?rest_route=%2Fwp%2Fv2%2Fmedia&parent=688"}],"curies":[{"name":"wp","href":"https:\/\/api.w.org\/{rel}","templated":true}]}}